{"id":14354,"date":"2025-03-27T09:10:54","date_gmt":"2025-03-27T08:10:54","guid":{"rendered":"https:\/\/www.ferienwohnungen-garmischpartenkirchen.de\/?page_id=14354"},"modified":"2025-04-07T09:25:59","modified_gmt":"2025-04-07T07:25:59","slug":"schluesselloser-check-in","status":"publish","type":"page","link":"https:\/\/www.ferienwohnungen-garmischpartenkirchen.de\/de\/schluesselloser-check-in\/","title":{"rendered":"Schl\u00fcsselloser Check-in"},"content":{"rendered":"\t\t<div data-elementor-type=\"wp-page\" data-elementor-id=\"14354\" class=\"elementor elementor-14354\" data-elementor-post-type=\"page\">\n\t\t\t\t<div class=\"elementor-element elementor-element-9b82b51 e-con-full e-flex e-con e-parent\" data-id=\"9b82b51\" data-element_type=\"container\">\n\t\t\t\t<div class=\"elementor-element elementor-element-fcb3bdd elementor-widget elementor-widget-template\" data-id=\"fcb3bdd\" data-element_type=\"widget\" data-widget_type=\"template.default\">\n\t\t\t\t<div class=\"elementor-widget-container\">\n\t\t\t\t\t\t\t<div class=\"elementor-template\">\n\t\t\t\t\t<div data-elementor-type=\"container\" data-elementor-id=\"70\" class=\"elementor elementor-70\" data-elementor-post-type=\"elementor_library\">\n\t\t\t\t<div class=\"elementor-element elementor-element-1a03abe3 e-flex e-con-boxed e-con e-parent\" data-id=\"1a03abe3\" data-element_type=\"container\" data-settings=\"{&quot;background_background&quot;:&quot;classic&quot;}\">\n\t\t\t\t\t<div class=\"e-con-inner\">\n\t\t\t\t\t<\/div>\n\t\t\t\t<\/div>\n\t\t\t\t<\/div>\n\t\t\t\t<\/div>\n\t\t\t\t\t\t<\/div>\n\t\t\t\t<\/div>\n\t\t\t\t<\/div>\n\t\t<div class=\"elementor-element elementor-element-4bd51ed e-flex e-con-boxed e-con e-parent\" data-id=\"4bd51ed\" data-element_type=\"container\">\n\t\t\t\t\t<div class=\"e-con-inner\">\n\t\t\t\t<div class=\"elementor-element elementor-element-f4aff4d elementor-widget elementor-widget-shortcode\" data-id=\"f4aff4d\" data-element_type=\"widget\" data-widget_type=\"shortcode.default\">\n\t\t\t\t<div class=\"elementor-widget-container\">\n\t\t\t\t\t\t\t<div class=\"elementor-shortcode\"><div class=\"search\">\n    <div id=\"primary\" class=\"main-search\">\n        <main id=\"main\" class=\"site-main \" role=\"main\">\n            <div class=\"content-wrapper\">\n                <div class=\"searchform-wrapper\">\n                    <div class=\"property-wrapper\">\n                        <div class=\"left-colm\">\n                            <form id=\"searchform\" method=\"get\" action=\"https:\/\/www.ferienwohnungen-garmischpartenkirchen.de\/de\/suchen-buchen\/\" class=\"clearfix\" autocomplete=\"off\">\n                                <div class=\"form-group wrap-regions\">\n                                    <span class=\"icon-wrapper\"><img decoding=\"async\" src=\"\/wp-content\/themes\/mahr\/assets\/images\/form-ort.svg\"><\/span>\n                                    <!-- <select class=\"beon-select2\" name=\"region\"><option value=\"\">Ort<\/option><option value=\"6067\">Farchant<\/option><option value=\"6084\">Garmisch-Partenkirchen<\/option><option value=\"6069\">Grainau<\/option><\/select> -->\n                                    <select class=\"beon-select2\" name=\"region\">\n                                        <option value=\"\">Ort<\/option>\n                                        <option value=\"6067\" >Farchant<\/option><option value=\"6084\" >Garmisch-Partenkirchen<\/option><option value=\"6069\" >Grainau<\/option>                                    <\/select>\n                                <\/div>\n\n                                <div class=\"wrap-range\">\n                                    <div id=\"range\">\n\n                                        <div class=\"datepicker_combined\">\n                                            <span class=\"icon-wrapper\"><img decoding=\"async\" src=\"\/wp-content\/themes\/mahr\/assets\/images\/form-calander.svg\"><\/span>\n                                            <div class=\"combined_date_box\">\n                                                <div class=\"from-date-wrapper\">Reisezeitraum<\/div>\n                                                <div class=\"till-date-wrapper\"><\/div>\n                                            <\/div>\n                                        <\/div>\n                                    <\/div>\n                                    <div id=\"calender-wrapper\" class=\"form-tooltip\">\n                                        <div id=\"litepicker-wrapper\"><\/div>\n                                        <div id=\"nights-wrapper\">\n                                            <div class=\"night-label\">Reisedauer:<\/div>\n                                            <div id=\"calcNights\" class=\"calc-nights\">\n                                                <div class=\"nights_min-wrapper nightselect-wrapper\">\n                                                    <select id=\"nights_min\" name=\"nights_min\">\n                                                        <option value=\"0\"><\/option>\n                                                    <\/select>\n                                                <\/div>\n                                                <div class=\"nights_max-wrapper nightselect-wrapper\">\n                                                    <select id=\"nights_max\" name=\"nights_max\">\n                                                        <option value=\"0\"><\/option>\n                                                    <\/select>\n                                                <\/div>\n                                            <\/div>\n                                            <button id=\"calender_select\" type=\"button\">Daten \u00fcbernehmen<\/button>\n                                        <\/div>\n                                    <\/div>\n                                    <input type=\"hidden\" id=\"from\" value=\"\" placeholder=\"Von\" autocomplete=\"off\" name=\"from\">\n                                    <input type=\"hidden\" id=\"till\" value=\"\" placeholder=\"Bis\" autocomplete=\"off\" name=\"till\">\n                                <\/div>\n\n                                <div class=\"wrap-guests form-group\">\n                                    <span class=\"icon-wrapper\"><img decoding=\"async\" src=\"\/wp-content\/themes\/mahr\/assets\/images\/form-guest.svg\"><\/span>\n                                    <div id=\"guests\">G\u00e4ste<\/div>\n                                    <div class=\"toggleGuests form-tooltip\">\n                                        <div>\n                                            <input type=\"hidden\" id=\"adults\" name=\"adults\" autocomplete=\"off\" value=\"2\" step=\"1\" min=\"0\" max=\"\" readonly>\n                                            <label for=\"adults\">\n                                                <span>2<\/span>\n                                                <div> Erwachsene<\/div>\n                                            <\/label>\n                                            <button class=\"dec\" type=\"button\" data-name=\"adults\"><img decoding=\"async\" src=\"\/wp-content\/plugins\/beon-voffice\/assets\/images\/circle-minus-solid.svg\"><\/button>\n                                            <button class=\"inc\" type=\"button\" data-name=\"adults\"><img decoding=\"async\" src=\"\/wp-content\/plugins\/beon-voffice\/assets\/images\/circle-plus-solid.svg\"><\/button>\n                                        <\/div>\n                                        <div>\n                                            <input type=\"hidden\" id=\"children\" name=\"children\" autocomplete=\"off\" value=\"0\" step=\"1\" min=\"0\" max=\"\" readonly>\n                                            <label for=\"children\">\n                                                <span>0<\/span>\n                                                <div> Kinder bis 15 Jahren<\/div>\n                                            <\/label>\n                                            <button class=\"dec\" type=\"button\" data-name=\"children\"><img decoding=\"async\" src=\"\/wp-content\/plugins\/beon-voffice\/assets\/images\/circle-minus-solid.svg\"><\/button>\n                                            <button class=\"inc\" type=\"button\" data-name=\"children\"><img decoding=\"async\" src=\"\/wp-content\/plugins\/beon-voffice\/assets\/images\/circle-plus-solid.svg\"><\/button>\n                                        <\/div>\n                                        <div>\n                                            <input type=\"hidden\" id=\"babys\" name=\"babys\" autocomplete=\"off\" value=\"0\" step=\"1\" min=\"0\" max=\"1\" readonly>\n                                            <label for=\"babys\">\n                                                <span>0<\/span>\n                                                <div> Babies bis 1 Jahr<\/div>\n                                            <\/label>\n                                            <button class=\"dec\" type=\"button\" data-name=\"babys\"><img decoding=\"async\" src=\"\/wp-content\/plugins\/beon-voffice\/assets\/images\/circle-minus-solid.svg\"><\/button>\n                                            <button class=\"inc\" type=\"button\" data-name=\"babys\"><img decoding=\"async\" src=\"\/wp-content\/plugins\/beon-voffice\/assets\/images\/circle-plus-solid.svg\"><\/button>\n                                        <\/div>\n                                        <div>\n                                            <input type=\"hidden\" id=\"petsCount\" name=\"petsCount\" autocomplete=\"off\" value=\"0\" step=\"1\" min=\"0\" max=\"\" readonly>\n                                            <label for=\"petsCount\">\n                                                <span>0<\/span>\n                                                <div> Hunde<\/div>\n                                            <\/label>\n                                            <button class=\"dec\" type=\"button\" data-name=\"petsCount\"><img decoding=\"async\" src=\"\/wp-content\/plugins\/beon-voffice\/assets\/images\/circle-minus-solid.svg\"><\/button>\n                                            <button class=\"inc\" type=\"button\" data-name=\"petsCount\"><img decoding=\"async\" src=\"\/wp-content\/plugins\/beon-voffice\/assets\/images\/circle-plus-solid.svg\"><\/button>\n                                        <\/div>\n                                        <div class=\"guest-footer\">\n                                            <button type=\"button\" id=\"calcGuests\">Anwenden<\/button>\n                                        <\/div>\n                                    <\/div>\n                                <\/div>\n\n                                <div class=\"suchen-buchen-container\">\n                                    <input type=\"submit\" value=\"Suchen &amp; Buchen\">\n                                    <img decoding=\"async\" class=\"frontpage-submit-image\" src=\"\/wp-content\/themes\/mahr\/assets\/images\/noun-arrow.svg\" alt=\"Suchen\">\n                                <\/div>\n\n                                <!-- <img decoding=\"async\" class=\"frontpage-submit-image\" src=\"\/wp-content\/themes\/mahr\/assets\/images\/noun-arrow.svg\" alt=\"Suchen\"> -->\n                            <\/form>\n                            <button type=\"button\"  id=\"show_allfilter\">\n                                <h4>Filter<\/h3>\n                                <img decoding=\"async\" src=\"\/wp-content\/themes\/mahr\/assets\/images\/dropdown_arrow.svg\" alt=\"Arrow Down\">\n                            <\/button>\n                            <div class=\"filterpanel \">\n                                <div class=\"title-suche\">Filter<\/div>\n                                <div class=\"hide-filter hide-mobile-filter\">\n                                    <div class=\"wrap-filter\">\n                                        <div class=\"input-wrapper checkbox-wrapper\">\n\t\t\t  <label for=\"pets\">Haustierfreundlich<span class=\"checkbox-count\">(17)<\/span><input type=\"checkbox\" id=\"pets\" name=\"pets\" form=\"searchform\"><span class=\"checkmark\"><\/span><\/label>\n\t\t\t<\/div><div class=\"input-wrapper checkbox-wrapper\">\n\t\t\t  <label for=\"wifi\">WLAN<span class=\"checkbox-count\">(24)<\/span><input type=\"checkbox\" id=\"wifi\" name=\"wifi\" form=\"searchform\"><span class=\"checkmark\"><\/span><\/label>\n\t\t\t<\/div><div class=\"input-wrapper checkbox-wrapper\">\n\t\t\t  <label for=\"balcony\">Balkon<span class=\"checkbox-count\">(18)<\/span><input type=\"checkbox\" id=\"balcony\" name=\"balcony\" form=\"searchform\"><span class=\"checkmark\"><\/span><\/label>\n\t\t\t<\/div><div class=\"input-wrapper checkbox-wrapper\">\n\t\t\t  <label for=\"fireside\">Kaminofen<span class=\"checkbox-count\">(1)<\/span><input type=\"checkbox\" id=\"fireside\" name=\"fireside\" form=\"searchform\"><span class=\"checkmark\"><\/span><\/label>\n\t\t\t<\/div><div class=\"input-wrapper checkbox-wrapper\">\n\t\t\t  <label for=\"privateparking\">Privatparkplatz<span class=\"checkbox-count\">(16)<\/span><input type=\"checkbox\" id=\"privateparking\" name=\"privateparking\" form=\"searchform\"><span class=\"checkmark\"><\/span><\/label>\n\t\t\t<\/div><div class=\"input-wrapper checkbox-wrapper\">\n\t\t\t  <label for=\"terrace\">Terrasse<span class=\"checkbox-count\">(4)<\/span><input type=\"checkbox\" id=\"terrace\" name=\"terrace\" form=\"searchform\"><span class=\"checkmark\"><\/span><\/label>\n\t\t\t<\/div><div class=\"input-wrapper checkbox-wrapper beon-checkbox-disabled\">\n\t\t\t  <label for=\"sauna\">Sauna<span class=\"checkbox-count\">(0)<\/span><input disabled type=\"checkbox\" id=\"sauna\" name=\"sauna\" form=\"searchform\"><span class=\"checkmark\"><\/span><\/label>\n\t\t\t<\/div><div class=\"input-wrapper checkbox-wrapper beon-checkbox-disabled\">\n\t\t\t  <label for=\"e-ladstation\">E-Ladestation<span class=\"checkbox-count\">(0)<\/span><input disabled type=\"checkbox\" id=\"e-ladstation\" name=\"e-ladstation\" form=\"searchform\"><span class=\"checkmark\"><\/span><\/label>\n\t\t\t<\/div><div class=\"input-wrapper checkbox-wrapper\">\n\t\t\t  <label for=\"washer\">Waschmaschine<span class=\"checkbox-count\">(9)<\/span><input type=\"checkbox\" id=\"washer\" name=\"washer\" form=\"searchform\"><span class=\"checkmark\"><\/span><\/label>\n\t\t\t<\/div><div class=\"input-wrapper checkbox-wrapper\">\n\t\t\t  <label for=\"fahrrad\">Fahrradfreundlich <span class=\"checkbox-count\">(11)<\/span><input type=\"checkbox\" id=\"fahrrad\" name=\"fahrrad\" form=\"searchform\"><span class=\"checkmark\"><\/span><\/label>\n\t\t\t<\/div><div class=\"input-wrapper checkbox-wrapper\">\n\t\t\t  <label for=\"icheckin\">Check-In am Objekt<span class=\"checkbox-count\">(26)<\/span><input type=\"checkbox\" id=\"icheckin\" name=\"icheckin\" checked form=\"searchform\"><span class=\"checkmark\"><\/span><\/label>\n\t\t\t<\/div>                                    <\/div>\n                                <\/div>\n                            <\/div>\n                            <div class=\"directsearch\">\n                                <div class=\"title-suche\">Direkt Suche<\/div>\n                                <button class=\"objectid\"><div id=\"dropdown_search_units\"><select placeholder=\"Objektname\"><option value=\"\"><\/option><option value=https:\/\/www.ferienwohnungen-garmischpartenkirchen.de\/de\/unterkuenfte\/adlerhorst\/>Adlerhorst<\/a><\/option><option value=https:\/\/www.ferienwohnungen-garmischpartenkirchen.de\/de\/unterkuenfte\/akelei\/>Akelei<\/a><\/option><option value=https:\/\/www.ferienwohnungen-garmischpartenkirchen.de\/de\/unterkuenfte\/almrausch\/>Almrausch<\/a><\/option><option value=https:\/\/www.ferienwohnungen-garmischpartenkirchen.de\/de\/unterkuenfte\/almstueberl\/>Almst\u00fcberl<\/a><\/option><option value=https:\/\/www.ferienwohnungen-garmischpartenkirchen.de\/de\/unterkuenfte\/alpen-chalet\/>Alpen Chalet<\/a><\/option><option value=https:\/\/www.ferienwohnungen-garmischpartenkirchen.de\/de\/unterkuenfte\/alpen-loft\/>Alpen Loft<\/a><\/option><option value=https:\/\/www.ferienwohnungen-garmischpartenkirchen.de\/de\/unterkuenfte\/alpen-loggia\/>Alpen Loggia<\/a><\/option><option value=https:\/\/www.ferienwohnungen-garmischpartenkirchen.de\/de\/unterkuenfte\/alpenambiente\/>Alpenambiente<\/a><\/option><option value=https:\/\/www.ferienwohnungen-garmischpartenkirchen.de\/de\/unterkuenfte\/alpenblick\/>Alpenblick<\/a><\/option><option value=https:\/\/www.ferienwohnungen-garmischpartenkirchen.de\/de\/unterkuenfte\/alpenglueck\/>Alpengl\u00fcck<\/a><\/option><option value=https:\/\/www.ferienwohnungen-garmischpartenkirchen.de\/de\/unterkuenfte\/alpengluehen\/>Alpengl\u00fchen<\/a><\/option><option value=https:\/\/www.ferienwohnungen-garmischpartenkirchen.de\/de\/unterkuenfte\/alpenherz\/>Alpenherz<\/a><\/option><option value=https:\/\/www.ferienwohnungen-garmischpartenkirchen.de\/de\/unterkuenfte\/alpenhimmel\/>Alpenhimmel<\/a><\/option><option value=https:\/\/www.ferienwohnungen-garmischpartenkirchen.de\/de\/unterkuenfte\/alpenkieker\/>Alpenkieker<\/a><\/option><option value=https:\/\/www.ferienwohnungen-garmischpartenkirchen.de\/de\/unterkuenfte\/alpenkraehe\/>Alpenkr\u00e4he<\/a><\/option><option value=https:\/\/www.ferienwohnungen-garmischpartenkirchen.de\/de\/unterkuenfte\/alpenkraeuter\/>Alpenkr\u00e4uter<\/a><\/option><option value=https:\/\/www.ferienwohnungen-garmischpartenkirchen.de\/de\/unterkuenfte\/alpennest\/>Alpennest<\/a><\/option><option value=https:\/\/www.ferienwohnungen-garmischpartenkirchen.de\/de\/unterkuenfte\/alpenpanorama\/>Alpenpanorama<\/a><\/option><option value=https:\/\/www.ferienwohnungen-garmischpartenkirchen.de\/de\/unterkuenfte\/alpenpuls\/>AlpenPuls<\/a><\/option><option value=https:\/\/www.ferienwohnungen-garmischpartenkirchen.de\/de\/unterkuenfte\/alpenrose\/>Alpenrose<\/a><\/option><option value=https:\/\/www.ferienwohnungen-garmischpartenkirchen.de\/de\/unterkuenfte\/alpensinfonie\/>Alpensinfonie<\/a><\/option><option value=https:\/\/www.ferienwohnungen-garmischpartenkirchen.de\/de\/unterkuenfte\/alpensonne\/>Alpensonne<\/a><\/option><option value=https:\/\/www.ferienwohnungen-garmischpartenkirchen.de\/de\/unterkuenfte\/alpenzauber\/>Alpenzauber<\/a><\/option><option value=https:\/\/www.ferienwohnungen-garmischpartenkirchen.de\/de\/unterkuenfte\/alpspitzstubn\/>AlpspitzStubn<\/a><\/option><option value=https:\/\/www.ferienwohnungen-garmischpartenkirchen.de\/de\/unterkuenfte\/am-josefibrunnen\/>am Josefibrunnen<\/a><\/option><option value=https:\/\/www.ferienwohnungen-garmischpartenkirchen.de\/de\/unterkuenfte\/am-kreuzjoch\/>Am Kreuzjoch<\/a><\/option><option value=https:\/\/www.ferienwohnungen-garmischpartenkirchen.de\/de\/unterkuenfte\/amici\/>Amici<\/a><\/option><option value=https:\/\/www.ferienwohnungen-garmischpartenkirchen.de\/de\/unterkuenfte\/atempause\/>Atempause<\/a><\/option><option value=https:\/\/www.ferienwohnungen-garmischpartenkirchen.de\/de\/unterkuenfte\/ausblick\/>Ausblick<\/a><\/option><option value=https:\/\/www.ferienwohnungen-garmischpartenkirchen.de\/de\/unterkuenfte\/aussicht\/>Aussicht<\/a><\/option><option value=https:\/\/www.ferienwohnungen-garmischpartenkirchen.de\/de\/unterkuenfte\/auszeit-maisonette\/>Auszeit-Maisonette<\/a><\/option><option value=https:\/\/www.ferienwohnungen-garmischpartenkirchen.de\/de\/unterkuenfte\/bergglueck\/>Berggl\u00fcck<\/a><\/option><option value=https:\/\/www.ferienwohnungen-garmischpartenkirchen.de\/de\/unterkuenfte\/bergjuwel\/>Bergjuwel<\/a><\/option><option value=https:\/\/www.ferienwohnungen-garmischpartenkirchen.de\/de\/unterkuenfte\/bergluft\/>Bergluft<\/a><\/option><option value=https:\/\/www.ferienwohnungen-garmischpartenkirchen.de\/de\/unterkuenfte\/bergnah\/>Bergnah<\/a><\/option><option value=https:\/\/www.ferienwohnungen-garmischpartenkirchen.de\/de\/unterkuenfte\/bergnest\/>Bergnest<\/a><\/option><option value=https:\/\/www.ferienwohnungen-garmischpartenkirchen.de\/de\/unterkuenfte\/bergpanorama\/>Bergpanorama<\/a><\/option><option value=https:\/\/www.ferienwohnungen-garmischpartenkirchen.de\/de\/unterkuenfte\/bergwasser\/>Bergwasser<\/a><\/option><option value=https:\/\/www.ferienwohnungen-garmischpartenkirchen.de\/de\/unterkuenfte\/bergwiese\/>Bergwiese<\/a><\/option><option value=https:\/\/www.ferienwohnungen-garmischpartenkirchen.de\/de\/unterkuenfte\/bergzauber\/>Bergzauber<\/a><\/option><option value=https:\/\/www.ferienwohnungen-garmischpartenkirchen.de\/de\/unterkuenfte\/bergzeit\/>Bergzeit<\/a><\/option><option value=https:\/\/www.ferienwohnungen-garmischpartenkirchen.de\/de\/unterkuenfte\/bernadein\/>Bernadein<\/a><\/option><option value=https:\/\/www.ferienwohnungen-garmischpartenkirchen.de\/de\/unterkuenfte\/dreh\/>Dreh<\/a><\/option><option value=https:\/\/www.ferienwohnungen-garmischpartenkirchen.de\/de\/unterkuenfte\/dreitorspitzblick\/>Dreitorspitzblick<\/a><\/option><option value=https:\/\/www.ferienwohnungen-garmischpartenkirchen.de\/de\/unterkuenfte\/edelrose\/>Edelrose<\/a><\/option><option value=https:\/\/www.ferienwohnungen-garmischpartenkirchen.de\/de\/unterkuenfte\/enzian\/>Enzian<\/a><\/option><option value=https:\/\/www.ferienwohnungen-garmischpartenkirchen.de\/de\/unterkuenfte\/enziana\/>Enziana<\/a><\/option><option value=https:\/\/www.ferienwohnungen-garmischpartenkirchen.de\/de\/unterkuenfte\/falkenstein\/>Falkenstein<\/a><\/option><option value=https:\/\/www.ferienwohnungen-garmischpartenkirchen.de\/de\/unterkuenfte\/fernweh\/>Fernweh<\/a><\/option><option value=https:\/\/www.ferienwohnungen-garmischpartenkirchen.de\/de\/unterkuenfte\/flora\/>Flora<\/a><\/option><option value=https:\/\/www.ferienwohnungen-garmischpartenkirchen.de\/de\/unterkuenfte\/freizeit\/>FreiZeit<\/a><\/option><option value=https:\/\/www.ferienwohnungen-garmischpartenkirchen.de\/de\/unterkuenfte\/fruehlingserwachen\/>Fr\u00fchlingserwachen<\/a><\/option><option value=https:\/\/www.ferienwohnungen-garmischpartenkirchen.de\/de\/unterkuenfte\/fuchsbau\/>Fuchsbau<\/a><\/option><option value=https:\/\/www.ferienwohnungen-garmischpartenkirchen.de\/de\/unterkuenfte\/gipfelglueck\/>Gipfelgl\u00fcck<\/a><\/option><option value=https:\/\/www.ferienwohnungen-garmischpartenkirchen.de\/de\/unterkuenfte\/gipfelkind\/>Gipfelkind<\/a><\/option><option value=https:\/\/www.ferienwohnungen-garmischpartenkirchen.de\/de\/unterkuenfte\/gipfelstuermer\/>Gipfelst\u00fcrmer<\/a><\/option><option value=https:\/\/www.ferienwohnungen-garmischpartenkirchen.de\/de\/unterkuenfte\/gluecksgriff\/>Gl\u00fccksgriff<\/a><\/option><option value=https:\/\/www.ferienwohnungen-garmischpartenkirchen.de\/de\/unterkuenfte\/grossa-waxlstoa\/>gro\u00dfa Waxlstoa<\/a><\/option><option value=https:\/\/www.ferienwohnungen-garmischpartenkirchen.de\/de\/unterkuenfte\/harmonie\/>Harmonie<\/a><\/option><option value=https:\/\/www.ferienwohnungen-garmischpartenkirchen.de\/de\/unterkuenfte\/haus-am-katzenbach\/>Haus am Katzenbach<\/a><\/option><option value=https:\/\/www.ferienwohnungen-garmischpartenkirchen.de\/de\/unterkuenfte\/haus-am-leitenfeld\/>Haus am Leitenfeld<\/a><\/option><option value=https:\/\/www.ferienwohnungen-garmischpartenkirchen.de\/de\/unterkuenfte\/haus-kreuzbichl\/>Haus Kreuzbichl<\/a><\/option><option value=https:\/\/www.ferienwohnungen-garmischpartenkirchen.de\/de\/unterkuenfte\/hausberg\/>Hausberg<\/a><\/option><option value=https:\/\/www.ferienwohnungen-garmischpartenkirchen.de\/de\/unterkuenfte\/herbstgold\/>Herbstgold<\/a><\/option><option value=https:\/\/www.ferienwohnungen-garmischpartenkirchen.de\/de\/unterkuenfte\/heuboden\/>Heuboden<\/a><\/option><option value=https:\/\/www.ferienwohnungen-garmischpartenkirchen.de\/de\/unterkuenfte\/heukammerl\/>Heukammerl<\/a><\/option><option value=https:\/\/www.ferienwohnungen-garmischpartenkirchen.de\/de\/unterkuenfte\/himmelreich\/>Himmelreich<\/a><\/option><option value=https:\/\/www.ferienwohnungen-garmischpartenkirchen.de\/de\/unterkuenfte\/hoamatgfuehl\/>Hoamatgf\u00fchl<\/a><\/option><option value=https:\/\/www.ferienwohnungen-garmischpartenkirchen.de\/de\/unterkuenfte\/hochgefuehl\/>Hochgef\u00fchl<\/a><\/option><option value=https:\/\/www.ferienwohnungen-garmischpartenkirchen.de\/de\/unterkuenfte\/hochstimmung\/>Hochstimmung<\/a><\/option><option value=https:\/\/www.ferienwohnungen-garmischpartenkirchen.de\/de\/unterkuenfte\/horn\/>Horn<\/a><\/option><option value=https:\/\/www.ferienwohnungen-garmischpartenkirchen.de\/de\/unterkuenfte\/jubigrat\/>Jubigrat<\/a><\/option><option value=https:\/\/www.ferienwohnungen-garmischpartenkirchen.de\/de\/unterkuenfte\/kandahar\/>Kandahar<\/a><\/option><option value=https:\/\/www.ferienwohnungen-garmischpartenkirchen.de\/de\/unterkuenfte\/kleeblatt\/>Kleeblatt<\/a><\/option><option value=https:\/\/www.ferienwohnungen-garmischpartenkirchen.de\/de\/unterkuenfte\/kloana-waxlstoa\/>kloana Waxlstoa<\/a><\/option><option value=https:\/\/www.ferienwohnungen-garmischpartenkirchen.de\/de\/unterkuenfte\/koenigsblick\/>K\u00f6nigsblick<\/a><\/option><option value=https:\/\/www.ferienwohnungen-garmischpartenkirchen.de\/de\/unterkuenfte\/koenigstand\/>K\u00f6nigstand<\/a><\/option><option value=https:\/\/www.ferienwohnungen-garmischpartenkirchen.de\/de\/unterkuenfte\/kramer-lodge\/>Kramer Lodge<\/a><\/option><option value=https:\/\/www.ferienwohnungen-garmischpartenkirchen.de\/de\/unterkuenfte\/kreuzeck\/>Kreuzeck<\/a><\/option><option value=https:\/\/www.ferienwohnungen-garmischpartenkirchen.de\/de\/unterkuenfte\/lebensfreude\/>Lebensfreude<\/a><\/option><option value=https:\/\/www.ferienwohnungen-garmischpartenkirchen.de\/de\/unterkuenfte\/lebenslust\/>Lebenslust<\/a><\/option><option value=https:\/\/www.ferienwohnungen-garmischpartenkirchen.de\/de\/unterkuenfte\/lexn-lodge\/>Lex&#8217;n Lodge<\/a><\/option><option value=https:\/\/www.ferienwohnungen-garmischpartenkirchen.de\/de\/unterkuenfte\/lichtblick\/>Lichtblick<\/a><\/option><option value=https:\/\/www.ferienwohnungen-garmischpartenkirchen.de\/de\/unterkuenfte\/loisach-haeusl\/>Loisach H\u00e4usl<\/a><\/option><option value=https:\/\/www.ferienwohnungen-garmischpartenkirchen.de\/de\/unterkuenfte\/loewenzahn\/>L\u00f6wenzahn<\/a><\/option><option value=https:\/\/www.ferienwohnungen-garmischpartenkirchen.de\/de\/unterkuenfte\/ludwig-27\/>Ludwig 27<\/a><\/option><option value=https:\/\/www.ferienwohnungen-garmischpartenkirchen.de\/de\/unterkuenfte\/ludwigschloessl\/>Ludwigschl\u00f6ssl<\/a><\/option><option value=https:\/\/www.ferienwohnungen-garmischpartenkirchen.de\/de\/unterkuenfte\/maigloeckerl\/>Maigl\u00f6ckerl<\/a><\/option><option value=https:\/\/www.ferienwohnungen-garmischpartenkirchen.de\/de\/unterkuenfte\/mittendrin\/>Mittendrin<\/a><\/option><option value=https:\/\/www.ferienwohnungen-garmischpartenkirchen.de\/de\/unterkuenfte\/murmeltier\/>Murmeltier<\/a><\/option><option value=https:\/\/www.ferienwohnungen-garmischpartenkirchen.de\/de\/unterkuenfte\/olympia\/>Olympia<\/a><\/option><option value=https:\/\/www.ferienwohnungen-garmischpartenkirchen.de\/de\/unterkuenfte\/panorama\/>Panorama<\/a><\/option><option value=https:\/\/www.ferienwohnungen-garmischpartenkirchen.de\/de\/unterkuenfte\/panoramablick-303\/>Panoramablick 303<\/a><\/option><option value=https:\/\/www.ferienwohnungen-garmischpartenkirchen.de\/de\/unterkuenfte\/partnach\/>Partnach<\/a><\/option><option value=https:\/\/www.ferienwohnungen-garmischpartenkirchen.de\/de\/unterkuenfte\/partnachauen\/>Partnachauen<\/a><\/option><option value=https:\/\/www.ferienwohnungen-garmischpartenkirchen.de\/de\/unterkuenfte\/reiselust\/>Reiselust<\/a><\/option><option value=https:\/\/www.ferienwohnungen-garmischpartenkirchen.de\/de\/unterkuenfte\/riverside\/>Riverside<\/a><\/option><option value=https:\/\/www.ferienwohnungen-garmischpartenkirchen.de\/de\/unterkuenfte\/romantik\/>Romantik<\/a><\/option><option value=https:\/\/www.ferienwohnungen-garmischpartenkirchen.de\/de\/unterkuenfte\/rosengartl\/>Rosengartl<\/a><\/option><option value=https:\/\/www.ferienwohnungen-garmischpartenkirchen.de\/de\/unterkuenfte\/rundblick\/>Rundblick<\/a><\/option><option value=https:\/\/www.ferienwohnungen-garmischpartenkirchen.de\/de\/unterkuenfte\/sommerfrische\/>Sommerfrische<\/a><\/option><option value=https:\/\/www.ferienwohnungen-garmischpartenkirchen.de\/de\/unterkuenfte\/sonnenhang\/>Sonnenhang<\/a><\/option><option value=https:\/\/www.ferienwohnungen-garmischpartenkirchen.de\/de\/unterkuenfte\/sonnenschein\/>Sonnenschein<\/a><\/option><option value=https:\/\/www.ferienwohnungen-garmischpartenkirchen.de\/de\/unterkuenfte\/sonnensteig\/>Sonnensteig<\/a><\/option><option value=https:\/\/www.ferienwohnungen-garmischpartenkirchen.de\/de\/unterkuenfte\/steinwild\/>Steinwild<\/a><\/option><option value=https:\/\/www.ferienwohnungen-garmischpartenkirchen.de\/de\/unterkuenfte\/weitblick\/>Weitblick<\/a><\/option><option value=https:\/\/www.ferienwohnungen-garmischpartenkirchen.de\/de\/unterkuenfte\/werdenfels\/>Werdenfels<\/a><\/option><option value=https:\/\/www.ferienwohnungen-garmischpartenkirchen.de\/de\/unterkuenfte\/wiesenglueck\/>Wiesengl\u00fcck<\/a><\/option><option value=https:\/\/www.ferienwohnungen-garmischpartenkirchen.de\/de\/unterkuenfte\/winterruhe\/>Winterruhe<\/a><\/option><option value=https:\/\/www.ferienwohnungen-garmischpartenkirchen.de\/de\/unterkuenfte\/zirbe\/>Zirbe<\/a><\/option><option value=https:\/\/www.ferienwohnungen-garmischpartenkirchen.de\/de\/unterkuenfte\/zuckerhut\/>Zuckerhut<\/a><\/option><option value=https:\/\/www.ferienwohnungen-garmischpartenkirchen.de\/de\/unterkuenfte\/zum-draxla\/>zum Draxla<\/a><\/option><option value=https:\/\/www.ferienwohnungen-garmischpartenkirchen.de\/de\/unterkuenfte\/zwoade-hoamad\/>Zwoade Hoamad<\/a><\/option><\/select><\/div><\/button>\n                            <\/div>\n                        <\/div>\n                        <div class=\"seprator_line\"><\/div>\n                        <div class=\"right-colm\">\n                            <div class=\"overview\">\n                                <div class=\"overview_top\">\n                                    <h1>Zwoade Hoamad<\/h1>\n                                    <!-- <h1>Servus Urlaub!<\/h1> -->\n                                    <h3>\n                                        26 tolle Unterk\u00fcnfte entdecken                                    <\/h3>\n                                    <h4>\n                                        Tipp: Reisezeitraum w\u00e4hlen und genaue Preise und Angebote sehen!                                    <\/h4>\n                                    <div class=\"activeoptions-wrapper\"><div class=\"activeoptions-label\"> <\/div><div class=\"activeoptions\"><div class=\"parameter-wrapper\"><div class=\"parameter-label\">2 Erwachsene<\/div><a href=\"https:\/\/www.ferienwohnungen-garmischpartenkirchen.de\/de\/suchen-buchen\/?from&till&nights_min=0&nights_max=0&children=0&babys=0&petsCount=0&order=random&icheckin=on\" class=\"parameter-close\"><\/a><\/div><div class=\"parameter-wrapper\"><div class=\"parameter-label\">Check-In am Objekt<\/div><a href=\"https:\/\/www.ferienwohnungen-garmischpartenkirchen.de\/de\/suchen-buchen\/?from&till&nights_min=0&nights_max=0&adults=2&children=0&babys=0&petsCount=0&order=random\" class=\"parameter-close\"><\/a><\/div><\/div><\/div>                                <\/div>\n                                <div class=\"search_saperator\">\n                                    <span class=\"line\"><\/span>\n                                    <div class=\"spr_left\">\n                                        <div class=\"map-button-wrapper\">\n                                            <button type=\"button\" class=\"map-button\" id=\"open-map\">\n                                                <img decoding=\"async\" src=\"\/wp-content\/themes\/mahr\/assets\/images\/noun-map.svg\">\n                                                Kartenansicht                                            <\/button>\n                                        <\/div>\n                                        <div class=\"map-popup\" id=\"map-popup\">\n                                            <div class=\"map-content\">\n                                                <i class=\"eicon-close close-popup\"><\/i>\n                                                <div id=\"map\"><\/div>                                            <\/div>\n                                        <\/div>\n                                    <\/div>\n                                    <div class=\"spr_right\">\n                                        <div class=\"sort-wrapper\">\n                                            <select class=\"beon-auto-submit beon-select2\" name=\"order\" id=\"order\" form=\"searchform\">\n                                                <option value=\"random\" selected >Zuf\u00e4llig<\/option><option value=\"price\" >Preis aufsteigend<\/option><option value=\"-price\" >Preis absteigend<\/option><option value=\"rating\" >Am besten bewertet<\/option>                                            <\/select>\n                                        <\/div>\n                                    <\/div>\n                                <\/div>\n                                <!-- <ul>\n                                    <li>\n                                        <div class=\"sort-wrapper\">\n                                            <div class=\"karte-wrapper\">\n                                                <div class=\"map-button-wrapper\">\n                                                    <img decoding=\"async\" src=\"\/wp-content\/themes\/hello-theme-child-master\/assets\/images\/map.svg\">\n                                                    <button type=\"button\" class=\"map-button\" id=\"open-map\">Kartenansicht<\/button>\n                                                <\/div>\n                                                <div class=\"map-popup\" id=\"map-popup\">\n                                                    <div class=\"map-content\">\n                                                        <i class=\"eicon-close close-popup\"><\/i>\n                                                        <div id=\"map\"><\/div>                                                    <\/div>\n                                                <\/div>\n                                            <\/div>\n                                            <select class=\"beon-auto-submit beon-select2\" name=\"order\" id=\"order\" form=\"searchform\">\n                                                <option value=\"random\" selected>Zuf\u00e4llig<\/option><option value=\"price\">Preis aufsteigend<\/option><option value=\"-price\">Preis absteigend<\/option><option value=\"rating\">Am besten bewertet<\/option>                                            <\/select>\n                                        <\/div>\n                                    <\/li>\n\n                                <\/ul> -->\n                            <\/div>\n\n\n                            \n                                <div class=\"unit-wrapper\">\n                                    <div class=\"unitcontent-wrapper\">\n\t\t\t<div class=\"image-wrapper\">\n\t\t\t<a href=\"https:\/\/www.ferienwohnungen-garmischpartenkirchen.de\/de\/unterkuenfte\/flora\/?adults=2\">\n\t\t\t\t\t<div id=\"slider\" class=\"flexslider\">\n\t\t\t\t\t\t\t\t\t\t\t\t<ul class=\"slides\">\n\t\t\t\t\t\t\t\t\t\t\t\t\t\t\t<li>\n\t\t\t\t\t\t\t\t\t<img\n\t\t\t\t\t\t\t\t\tclass=\"lazy\"\n\t\t\t\t\t\t\t\t\tsrc=\"\"\n\t\t\t\t\t\t\t\t\tdata-src=\"https:\/\/www.ferienwohnungen-garmischpartenkirchen.de\/wp-content\/uploads\/2026\/04\/mf27437716-500x500.jpg\"\n\t\t\t\t\t\t\t\t\talt=\"\"\n\t\t\t\t\t\t\t\t\tloading=\"lazy\"\n\t\t\t\t\t\t\t\t\tdecoding=\"async\">\n\t\t\t\t\t\t\t\t\t<!-- <img decoding=\"async\" class=\"lazy\" src=\"\" data-src=\"\" alt=\"\" \/> -->\n\t\t\t\t\t\t\t\t<\/li>\n\t\t\t\t\t\t\t\t\t\t\t\t\t\t\t<li>\n\t\t\t\t\t\t\t\t\t<img\n\t\t\t\t\t\t\t\t\tclass=\"lazy\"\n\t\t\t\t\t\t\t\t\tsrc=\"\"\n\t\t\t\t\t\t\t\t\tdata-src=\"https:\/\/www.ferienwohnungen-garmischpartenkirchen.de\/wp-content\/uploads\/2026\/04\/mf27437715-500x500.jpg\"\n\t\t\t\t\t\t\t\t\talt=\"\"\n\t\t\t\t\t\t\t\t\tloading=\"lazy\"\n\t\t\t\t\t\t\t\t\tdecoding=\"async\">\n\t\t\t\t\t\t\t\t\t<!-- <img decoding=\"async\" class=\"lazy\" src=\"\" data-src=\"\" alt=\"\" \/> -->\n\t\t\t\t\t\t\t\t<\/li>\n\t\t\t\t\t\t\t\t\t\t\t\t\t\t\t<li>\n\t\t\t\t\t\t\t\t\t<img\n\t\t\t\t\t\t\t\t\tclass=\"lazy\"\n\t\t\t\t\t\t\t\t\tsrc=\"\"\n\t\t\t\t\t\t\t\t\tdata-src=\"https:\/\/www.ferienwohnungen-garmischpartenkirchen.de\/wp-content\/uploads\/2026\/04\/mf27437710-500x500.jpg\"\n\t\t\t\t\t\t\t\t\talt=\"\"\n\t\t\t\t\t\t\t\t\tloading=\"lazy\"\n\t\t\t\t\t\t\t\t\tdecoding=\"async\">\n\t\t\t\t\t\t\t\t\t<!-- <img decoding=\"async\" class=\"lazy\" src=\"\" data-src=\"\" alt=\"\" \/> -->\n\t\t\t\t\t\t\t\t<\/li>\n\t\t\t\t\t\t\t\t\t\t\t\t\t\t\t<li>\n\t\t\t\t\t\t\t\t\t<img\n\t\t\t\t\t\t\t\t\tclass=\"lazy\"\n\t\t\t\t\t\t\t\t\tsrc=\"\"\n\t\t\t\t\t\t\t\t\tdata-src=\"https:\/\/www.ferienwohnungen-garmischpartenkirchen.de\/wp-content\/uploads\/2026\/04\/mf27437711-500x500.jpg\"\n\t\t\t\t\t\t\t\t\talt=\"\"\n\t\t\t\t\t\t\t\t\tloading=\"lazy\"\n\t\t\t\t\t\t\t\t\tdecoding=\"async\">\n\t\t\t\t\t\t\t\t\t<!-- <img decoding=\"async\" class=\"lazy\" src=\"\" data-src=\"\" alt=\"\" \/> -->\n\t\t\t\t\t\t\t\t<\/li>\n\t\t\t\t\t\t\t\t\t\t\t\t\t\t\t<li>\n\t\t\t\t\t\t\t\t\t<img\n\t\t\t\t\t\t\t\t\tclass=\"lazy\"\n\t\t\t\t\t\t\t\t\tsrc=\"\"\n\t\t\t\t\t\t\t\t\tdata-src=\"https:\/\/www.ferienwohnungen-garmischpartenkirchen.de\/wp-content\/uploads\/2026\/04\/mf27437712-500x500.jpg\"\n\t\t\t\t\t\t\t\t\talt=\"\"\n\t\t\t\t\t\t\t\t\tloading=\"lazy\"\n\t\t\t\t\t\t\t\t\tdecoding=\"async\">\n\t\t\t\t\t\t\t\t\t<!-- <img decoding=\"async\" class=\"lazy\" src=\"\" data-src=\"\" alt=\"\" \/> -->\n\t\t\t\t\t\t\t\t<\/li>\n\t\t\t\t\t\t\t\t\t\t\t\t\t<\/ul>\n\t\t\t\t\t<\/div>\n\t\t\t\t<\/a>\n\t\t<\/div>\n\t\t<div class=\"info-wrapper\">\n\t\t<div class=\"info-body\">\n\t\t\t<span class=\"favouritebtn\"><button class=\"simplefavorite-button\" data-postid=\"16917\" data-siteid=\"1\" data-groupid=\"1\" data-favoritecount=\"1\" style=\"\">Favorite <i class=\"sf-icon-star-empty\"><\/i><\/button> <\/span>\n\t\t\t<div class=\"wrap-classification\">\n\t\t\t\t<h4 class=\"title-container\">\n\t\t\t\t\t<a href=\"https:\/\/www.ferienwohnungen-garmischpartenkirchen.de\/de\/unterkuenfte\/flora\/?adults=2\">Flora<\/a>\n\t\t\t\t<\/h4>\n\t\t\t<\/div>\n\t\t\t<p class=\"unit-region\">\n\t\t\t\t<span>Garmisch-Partenkirchen<\/span>\n\t\t\t<\/p>\n\t\t\t<div>\n\t\t\t\t\t\t\t<\/div>\n\t\t\t<div class=\"details-wrapper\">\n\t\t\t\t<ul>\n\t\t\t\t\t<li><span class=\"wrap-value\">4 G\u00e4ste<\/li>\t\t\t\t\t<span class=\"saperator\"><\/span>\n\t\t\t\t\t<li><span class=\"wrap-value\">1 Schlafzimmer<\/span><\/li>\t\t\t\t\t<!-- <li><span class=\"wrap-value\">1<\/span> Schlafzimmer<\/li> -->\n\t\t\t\t\t<span class=\"saperator\"><\/span>\n\t\t\t\t\t\t\t\t\t\t<li>\n\t\t\t\t\t\t<div class=\"info-footer\">\n\t\t\t\t\t\t\t<div class=\"price-container\">\n\t\t\t\t\t\t\t\t<!-- <a href=\"https:\/\/www.ferienwohnungen-garmischpartenkirchen.de\/de\/unterkuenfte\/flora\/?adults=2\" class=\"price-button\"><div class=\"showprice \"><span class=\"price\" data-price=\"6900\">69,00<\/span> <span class=\"currency\">&euro;<\/span> <\/div><\/a> -->\n\t\t\t\t\t\t\t\t\t\t\t\t\t\t\t\t<div class=\"showprice \"><span class=\"price\" data-price=\"6900\">69,00<\/span> <span class=\"currency\">&euro;<\/span> <\/div>\n\t\t\t\t\t\t\t<\/div>\n\t\t\t\t\t\t<\/div>\n\t\t\t\t\t<\/li>\n\t\t\t\t<\/ul>\n\t\t\t<\/div>\n\t\t<\/div>\n\t\t<!-- <div class=\"info-footer\">\n\t\t\t<div class=\"price-container\">\n\t\t\t\t<a href=\"https:\/\/www.ferienwohnungen-garmischpartenkirchen.de\/de\/unterkuenfte\/flora\/?adults=2\" class=\"price-button\"><div class=\"showprice \"><span class=\"price\" data-price=\"6900\">69,00<\/span> <span class=\"currency\">&euro;<\/span> <\/div><\/a>\n\t\t\t\t\t\t\t\t<div class=\"showprice \"><span class=\"price\" data-price=\"6900\">69,00<\/span> <span class=\"currency\">&euro;<\/span> <\/div>\n\t\t\t<\/div>\n\t\t<\/div> -->\n\t<\/div>\n<\/div><div class=\"unitcontent-wrapper unitcontent-alternatives-wrapper\">\n\t\t\t<div class=\"image-wrapper\">\n\t\t\t<a href=\"https:\/\/www.ferienwohnungen-garmischpartenkirchen.de\/de\/unterkuenfte\/alpenglueck\/?adults=2\">\n\t\t\t\t\t<div id=\"slider\" class=\"flexslider\">\n\t\t\t\t\t\t\t\t\t\t\t\t<ul class=\"slides\">\n\t\t\t\t\t\t\t\t\t\t\t\t\t\t\t<li>\n\t\t\t\t\t\t\t\t\t<img\n\t\t\t\t\t\t\t\t\tclass=\"lazy\"\n\t\t\t\t\t\t\t\t\tsrc=\"\"\n\t\t\t\t\t\t\t\t\tdata-src=\"https:\/\/www.ferienwohnungen-garmischpartenkirchen.de\/wp-content\/uploads\/2024\/06\/mf4338452-500x500.jpg\"\n\t\t\t\t\t\t\t\t\talt=\"Wohnzimmer mit gro\u00dfen Fenstern in Ferienwohnung in Garmisch-Partenkirchen\"\n\t\t\t\t\t\t\t\t\tloading=\"lazy\"\n\t\t\t\t\t\t\t\t\tdecoding=\"async\">\n\t\t\t\t\t\t\t\t\t<!-- <img decoding=\"async\" class=\"lazy\" src=\"\" data-src=\"\" alt=\"\" \/> -->\n\t\t\t\t\t\t\t\t<\/li>\n\t\t\t\t\t\t\t\t\t\t\t\t\t\t\t<li>\n\t\t\t\t\t\t\t\t\t<img\n\t\t\t\t\t\t\t\t\tclass=\"lazy\"\n\t\t\t\t\t\t\t\t\tsrc=\"\"\n\t\t\t\t\t\t\t\t\tdata-src=\"https:\/\/www.ferienwohnungen-garmischpartenkirchen.de\/wp-content\/uploads\/2024\/06\/mf4338430-500x500.jpg\"\n\t\t\t\t\t\t\t\t\talt=\"K\u00fcche mit Backofen und Fenstern in Ferienwohnung in Garmisch-Partenkirchen\"\n\t\t\t\t\t\t\t\t\tloading=\"lazy\"\n\t\t\t\t\t\t\t\t\tdecoding=\"async\">\n\t\t\t\t\t\t\t\t\t<!-- <img decoding=\"async\" class=\"lazy\" src=\"\" data-src=\"\" alt=\"\" \/> -->\n\t\t\t\t\t\t\t\t<\/li>\n\t\t\t\t\t\t\t\t\t\t\t\t\t\t\t<li>\n\t\t\t\t\t\t\t\t\t<img\n\t\t\t\t\t\t\t\t\tclass=\"lazy\"\n\t\t\t\t\t\t\t\t\tsrc=\"\"\n\t\t\t\t\t\t\t\t\tdata-src=\"https:\/\/www.ferienwohnungen-garmischpartenkirchen.de\/wp-content\/uploads\/2024\/06\/mf4338440-500x500.jpg\"\n\t\t\t\t\t\t\t\t\talt=\"Schlafzimmer mit vielen Kissen in Ferienwohnung in Garmisch-Partenkirchen\"\n\t\t\t\t\t\t\t\t\tloading=\"lazy\"\n\t\t\t\t\t\t\t\t\tdecoding=\"async\">\n\t\t\t\t\t\t\t\t\t<!-- <img decoding=\"async\" class=\"lazy\" src=\"\" data-src=\"\" alt=\"\" \/> -->\n\t\t\t\t\t\t\t\t<\/li>\n\t\t\t\t\t\t\t\t\t\t\t\t\t\t\t<li>\n\t\t\t\t\t\t\t\t\t<img\n\t\t\t\t\t\t\t\t\tclass=\"lazy\"\n\t\t\t\t\t\t\t\t\tsrc=\"\"\n\t\t\t\t\t\t\t\t\tdata-src=\"https:\/\/www.ferienwohnungen-garmischpartenkirchen.de\/wp-content\/uploads\/2024\/06\/mf4338442-500x500.jpg\"\n\t\t\t\t\t\t\t\t\talt=\"Badezimmer in grau in Ferienwohnung in Garmisch-Partenkirchen\"\n\t\t\t\t\t\t\t\t\tloading=\"lazy\"\n\t\t\t\t\t\t\t\t\tdecoding=\"async\">\n\t\t\t\t\t\t\t\t\t<!-- <img decoding=\"async\" class=\"lazy\" src=\"\" data-src=\"\" alt=\"\" \/> -->\n\t\t\t\t\t\t\t\t<\/li>\n\t\t\t\t\t\t\t\t\t\t\t\t\t\t\t<li>\n\t\t\t\t\t\t\t\t\t<img\n\t\t\t\t\t\t\t\t\tclass=\"lazy\"\n\t\t\t\t\t\t\t\t\tsrc=\"\"\n\t\t\t\t\t\t\t\t\tdata-src=\"https:\/\/www.ferienwohnungen-garmischpartenkirchen.de\/wp-content\/uploads\/2024\/06\/mf4338449-500x500.jpg\"\n\t\t\t\t\t\t\t\t\talt=\"Aussicht auf die Alpen in Ferienwohnung in Garmisch-Partenkirchen\"\n\t\t\t\t\t\t\t\t\tloading=\"lazy\"\n\t\t\t\t\t\t\t\t\tdecoding=\"async\">\n\t\t\t\t\t\t\t\t\t<!-- <img decoding=\"async\" class=\"lazy\" src=\"\" data-src=\"\" alt=\"\" \/> -->\n\t\t\t\t\t\t\t\t<\/li>\n\t\t\t\t\t\t\t\t\t\t\t\t\t<\/ul>\n\t\t\t\t\t<\/div>\n\t\t\t\t<\/a>\n\t\t<\/div>\n\t\t<div class=\"info-wrapper\">\n\t\t<div class=\"info-body\">\n\t\t\t<span class=\"favouritebtn\"><button class=\"simplefavorite-button\" data-postid=\"566\" data-siteid=\"1\" data-groupid=\"1\" data-favoritecount=\"27\" style=\"\">Favorite <i class=\"sf-icon-star-empty\"><\/i><\/button> <\/span>\n\t\t\t<div class=\"wrap-classification\">\n\t\t\t\t<h4 class=\"title-container\">\n\t\t\t\t\t<a href=\"https:\/\/www.ferienwohnungen-garmischpartenkirchen.de\/de\/unterkuenfte\/alpenglueck\/?adults=2\">Alpengl\u00fcck<\/a>\n\t\t\t\t<\/h4>\n\t\t\t<\/div>\n\t\t\t<p class=\"unit-region\">\n\t\t\t\t<span>Garmisch-Partenkirchen<\/span>\n\t\t\t<\/p>\n\t\t\t<div>\n\t\t\t\t\t\t\t\t\t<div class=\"additional-results-wrapper\">\n\t\t\t\t\t\t\t\t\t\t\t\t\t\t\t\t\t<\/div>\n\t\t\t\t\t\t\t<\/div>\n\t\t\t<div class=\"details-wrapper\">\n\t\t\t\t<ul>\n\t\t\t\t\t<li><span class=\"wrap-value\">4 G\u00e4ste<\/li>\t\t\t\t\t<span class=\"saperator\"><\/span>\n\t\t\t\t\t<li><span class=\"wrap-value\">1 Schlafzimmer<\/span><\/li>\t\t\t\t\t<!-- <li><span class=\"wrap-value\">1<\/span> Schlafzimmer<\/li> -->\n\t\t\t\t\t<span class=\"saperator\"><\/span>\n\t\t\t\t\t<li class=\"list_rating\"><span class=\"wrap-value\">4.6<\/span>&nbsp;<img decoding=\"async\" src=\"\/wp-content\/themes\/mahr\/assets\/images\/star-solid.svg\"\/><\/li> <span class=\"saperator\"><\/span>\t\t\t\t\t<li>\n\t\t\t\t\t\t<div class=\"info-footer\">\n\t\t\t\t\t\t\t<div class=\"price-container\">\n\t\t\t\t\t\t\t\t<!-- <a href=\"https:\/\/www.ferienwohnungen-garmischpartenkirchen.de\/de\/unterkuenfte\/alpenglueck\/?adults=2\" class=\"price-button\"><div class=\"showprice \"><span class=\"price\" data-price=\"4900\">49,00<\/span> <span class=\"currency\">&euro;<\/span> <\/div><\/a> -->\n\t\t\t\t\t\t\t\t\t\t\t\t\t\t\t\t<div class=\"showprice \"><span class=\"price\" data-price=\"4900\">49,00<\/span> <span class=\"currency\">&euro;<\/span> <\/div>\n\t\t\t\t\t\t\t<\/div>\n\t\t\t\t\t\t<\/div>\n\t\t\t\t\t<\/li>\n\t\t\t\t<\/ul>\n\t\t\t<\/div>\n\t\t<\/div>\n\t\t<!-- <div class=\"info-footer\">\n\t\t\t<div class=\"price-container\">\n\t\t\t\t<a href=\"https:\/\/www.ferienwohnungen-garmischpartenkirchen.de\/de\/unterkuenfte\/alpenglueck\/?adults=2\" class=\"price-button\"><div class=\"showprice \"><span class=\"price\" data-price=\"4900\">49,00<\/span> <span class=\"currency\">&euro;<\/span> <\/div><\/a>\n\t\t\t\t\t\t\t\t<div class=\"showprice \"><span class=\"price\" data-price=\"4900\">49,00<\/span> <span class=\"currency\">&euro;<\/span> <\/div>\n\t\t\t<\/div>\n\t\t<\/div> -->\n\t<\/div>\n<\/div><div class=\"unitcontent-wrapper unitcontent-alternatives-wrapper\">\n\t\t\t<div class=\"image-wrapper\">\n\t\t\t<a href=\"https:\/\/www.ferienwohnungen-garmischpartenkirchen.de\/de\/unterkuenfte\/heuboden\/?adults=2\">\n\t\t\t\t\t<div id=\"slider\" class=\"flexslider\">\n\t\t\t\t\t\t\t\t\t\t\t\t<ul class=\"slides\">\n\t\t\t\t\t\t\t\t\t\t\t\t\t\t\t<li>\n\t\t\t\t\t\t\t\t\t<img\n\t\t\t\t\t\t\t\t\tclass=\"lazy\"\n\t\t\t\t\t\t\t\t\tsrc=\"\"\n\t\t\t\t\t\t\t\t\tdata-src=\"https:\/\/www.ferienwohnungen-garmischpartenkirchen.de\/wp-content\/uploads\/2025\/12\/mf25290189-500x500.jpg\"\n\t\t\t\t\t\t\t\t\talt=\"\"\n\t\t\t\t\t\t\t\t\tloading=\"lazy\"\n\t\t\t\t\t\t\t\t\tdecoding=\"async\">\n\t\t\t\t\t\t\t\t\t<!-- <img decoding=\"async\" class=\"lazy\" src=\"\" data-src=\"\" alt=\"\" \/> -->\n\t\t\t\t\t\t\t\t<\/li>\n\t\t\t\t\t\t\t\t\t\t\t\t\t\t\t<li>\n\t\t\t\t\t\t\t\t\t<img\n\t\t\t\t\t\t\t\t\tclass=\"lazy\"\n\t\t\t\t\t\t\t\t\tsrc=\"\"\n\t\t\t\t\t\t\t\t\tdata-src=\"https:\/\/www.ferienwohnungen-garmischpartenkirchen.de\/wp-content\/uploads\/2025\/12\/mf25290188-500x500.jpg\"\n\t\t\t\t\t\t\t\t\talt=\"\"\n\t\t\t\t\t\t\t\t\tloading=\"lazy\"\n\t\t\t\t\t\t\t\t\tdecoding=\"async\">\n\t\t\t\t\t\t\t\t\t<!-- <img decoding=\"async\" class=\"lazy\" src=\"\" data-src=\"\" alt=\"\" \/> -->\n\t\t\t\t\t\t\t\t<\/li>\n\t\t\t\t\t\t\t\t\t\t\t\t\t\t\t<li>\n\t\t\t\t\t\t\t\t\t<img\n\t\t\t\t\t\t\t\t\tclass=\"lazy\"\n\t\t\t\t\t\t\t\t\tsrc=\"\"\n\t\t\t\t\t\t\t\t\tdata-src=\"https:\/\/www.ferienwohnungen-garmischpartenkirchen.de\/wp-content\/uploads\/2025\/12\/mf25290193-500x500.jpg\"\n\t\t\t\t\t\t\t\t\talt=\"\"\n\t\t\t\t\t\t\t\t\tloading=\"lazy\"\n\t\t\t\t\t\t\t\t\tdecoding=\"async\">\n\t\t\t\t\t\t\t\t\t<!-- <img decoding=\"async\" class=\"lazy\" src=\"\" data-src=\"\" alt=\"\" \/> -->\n\t\t\t\t\t\t\t\t<\/li>\n\t\t\t\t\t\t\t\t\t\t\t\t\t\t\t<li>\n\t\t\t\t\t\t\t\t\t<img\n\t\t\t\t\t\t\t\t\tclass=\"lazy\"\n\t\t\t\t\t\t\t\t\tsrc=\"\"\n\t\t\t\t\t\t\t\t\tdata-src=\"https:\/\/www.ferienwohnungen-garmischpartenkirchen.de\/wp-content\/uploads\/2025\/12\/mf25290192-500x500.jpg\"\n\t\t\t\t\t\t\t\t\talt=\"\"\n\t\t\t\t\t\t\t\t\tloading=\"lazy\"\n\t\t\t\t\t\t\t\t\tdecoding=\"async\">\n\t\t\t\t\t\t\t\t\t<!-- <img decoding=\"async\" class=\"lazy\" src=\"\" data-src=\"\" alt=\"\" \/> -->\n\t\t\t\t\t\t\t\t<\/li>\n\t\t\t\t\t\t\t\t\t\t\t\t\t\t\t<li>\n\t\t\t\t\t\t\t\t\t<img\n\t\t\t\t\t\t\t\t\tclass=\"lazy\"\n\t\t\t\t\t\t\t\t\tsrc=\"\"\n\t\t\t\t\t\t\t\t\tdata-src=\"https:\/\/www.ferienwohnungen-garmischpartenkirchen.de\/wp-content\/uploads\/2025\/12\/mf25290196-500x500.jpg\"\n\t\t\t\t\t\t\t\t\talt=\"\"\n\t\t\t\t\t\t\t\t\tloading=\"lazy\"\n\t\t\t\t\t\t\t\t\tdecoding=\"async\">\n\t\t\t\t\t\t\t\t\t<!-- <img decoding=\"async\" class=\"lazy\" src=\"\" data-src=\"\" alt=\"\" \/> -->\n\t\t\t\t\t\t\t\t<\/li>\n\t\t\t\t\t\t\t\t\t\t\t\t\t<\/ul>\n\t\t\t\t\t<\/div>\n\t\t\t\t<\/a>\n\t\t<\/div>\n\t\t<div class=\"info-wrapper\">\n\t\t<div class=\"info-body\">\n\t\t\t<span class=\"favouritebtn\"><button class=\"simplefavorite-button\" data-postid=\"15842\" data-siteid=\"1\" data-groupid=\"1\" data-favoritecount=\"12\" style=\"\">Favorite <i class=\"sf-icon-star-empty\"><\/i><\/button> <\/span>\n\t\t\t<div class=\"wrap-classification\">\n\t\t\t\t<h4 class=\"title-container\">\n\t\t\t\t\t<a href=\"https:\/\/www.ferienwohnungen-garmischpartenkirchen.de\/de\/unterkuenfte\/heuboden\/?adults=2\">Heuboden<\/a>\n\t\t\t\t<\/h4>\n\t\t\t<\/div>\n\t\t\t<p class=\"unit-region\">\n\t\t\t\t<span>Farchant<\/span>\n\t\t\t<\/p>\n\t\t\t<div>\n\t\t\t\t\t\t\t\t\t<div class=\"additional-results-wrapper\">\n\t\t\t\t\t\t\t\t\t\t\t\t\t\t\t\t\t<\/div>\n\t\t\t\t\t\t\t<\/div>\n\t\t\t<div class=\"details-wrapper\">\n\t\t\t\t<ul>\n\t\t\t\t\t<li><span class=\"wrap-value\">4 G\u00e4ste<\/li>\t\t\t\t\t<span class=\"saperator\"><\/span>\n\t\t\t\t\t<li><span class=\"wrap-value\">2 Schlafzimmer<\/span><\/li>\t\t\t\t\t<!-- <li><span class=\"wrap-value\">2<\/span> Schlafzimmer<\/li> -->\n\t\t\t\t\t<span class=\"saperator\"><\/span>\n\t\t\t\t\t<li class=\"list_rating\"><span class=\"wrap-value\">5<\/span>&nbsp;<img decoding=\"async\" src=\"\/wp-content\/themes\/mahr\/assets\/images\/star-solid.svg\"\/><\/li> <span class=\"saperator\"><\/span>\t\t\t\t\t<li>\n\t\t\t\t\t\t<div class=\"info-footer\">\n\t\t\t\t\t\t\t<div class=\"price-container\">\n\t\t\t\t\t\t\t\t<!-- <a href=\"https:\/\/www.ferienwohnungen-garmischpartenkirchen.de\/de\/unterkuenfte\/heuboden\/?adults=2\" class=\"price-button\"><div class=\"showprice \"><span class=\"price\" data-price=\"5900\">59,00<\/span> <span class=\"currency\">&euro;<\/span> <\/div><\/a> -->\n\t\t\t\t\t\t\t\t\t\t\t\t\t\t\t\t<div class=\"showprice \"><span class=\"price\" data-price=\"5900\">59,00<\/span> <span class=\"currency\">&euro;<\/span> <\/div>\n\t\t\t\t\t\t\t<\/div>\n\t\t\t\t\t\t<\/div>\n\t\t\t\t\t<\/li>\n\t\t\t\t<\/ul>\n\t\t\t<\/div>\n\t\t<\/div>\n\t\t<!-- <div class=\"info-footer\">\n\t\t\t<div class=\"price-container\">\n\t\t\t\t<a href=\"https:\/\/www.ferienwohnungen-garmischpartenkirchen.de\/de\/unterkuenfte\/heuboden\/?adults=2\" class=\"price-button\"><div class=\"showprice \"><span class=\"price\" data-price=\"5900\">59,00<\/span> <span class=\"currency\">&euro;<\/span> <\/div><\/a>\n\t\t\t\t\t\t\t\t<div class=\"showprice \"><span class=\"price\" data-price=\"5900\">59,00<\/span> <span class=\"currency\">&euro;<\/span> <\/div>\n\t\t\t<\/div>\n\t\t<\/div> -->\n\t<\/div>\n<\/div><div class=\"unitcontent-wrapper unitcontent-alternatives-wrapper\">\n\t\t\t<div class=\"image-wrapper\">\n\t\t\t<a href=\"https:\/\/www.ferienwohnungen-garmischpartenkirchen.de\/de\/unterkuenfte\/partnachauen\/?adults=2\">\n\t\t\t\t\t<div id=\"slider\" class=\"flexslider\">\n\t\t\t\t\t\t\t\t\t\t\t\t<ul class=\"slides\">\n\t\t\t\t\t\t\t\t\t\t\t\t\t\t\t<li>\n\t\t\t\t\t\t\t\t\t<img\n\t\t\t\t\t\t\t\t\tclass=\"lazy\"\n\t\t\t\t\t\t\t\t\tsrc=\"\"\n\t\t\t\t\t\t\t\t\tdata-src=\"https:\/\/www.ferienwohnungen-garmischpartenkirchen.de\/wp-content\/uploads\/2024\/06\/mf11958869-500x500.jpg\"\n\t\t\t\t\t\t\t\t\talt=\"Ferienwohnung in Garmisch-Partenkirchen mit sch\u00f6nem Wohnzimmer\"\n\t\t\t\t\t\t\t\t\tloading=\"lazy\"\n\t\t\t\t\t\t\t\t\tdecoding=\"async\">\n\t\t\t\t\t\t\t\t\t<!-- <img decoding=\"async\" class=\"lazy\" src=\"\" data-src=\"\" alt=\"\" \/> -->\n\t\t\t\t\t\t\t\t<\/li>\n\t\t\t\t\t\t\t\t\t\t\t\t\t\t\t<li>\n\t\t\t\t\t\t\t\t\t<img\n\t\t\t\t\t\t\t\t\tclass=\"lazy\"\n\t\t\t\t\t\t\t\t\tsrc=\"\"\n\t\t\t\t\t\t\t\t\tdata-src=\"https:\/\/www.ferienwohnungen-garmischpartenkirchen.de\/wp-content\/uploads\/2024\/06\/mf11958878-500x500.jpg\"\n\t\t\t\t\t\t\t\t\talt=\"Ferienwohnung in Garmisch-Partenkirchen mit ausgestatteter K\u00fcche\"\n\t\t\t\t\t\t\t\t\tloading=\"lazy\"\n\t\t\t\t\t\t\t\t\tdecoding=\"async\">\n\t\t\t\t\t\t\t\t\t<!-- <img decoding=\"async\" class=\"lazy\" src=\"\" data-src=\"\" alt=\"\" \/> -->\n\t\t\t\t\t\t\t\t<\/li>\n\t\t\t\t\t\t\t\t\t\t\t\t\t\t\t<li>\n\t\t\t\t\t\t\t\t\t<img\n\t\t\t\t\t\t\t\t\tclass=\"lazy\"\n\t\t\t\t\t\t\t\t\tsrc=\"\"\n\t\t\t\t\t\t\t\t\tdata-src=\"https:\/\/www.ferienwohnungen-garmischpartenkirchen.de\/wp-content\/uploads\/2024\/06\/mf11958886-500x500.jpg\"\n\t\t\t\t\t\t\t\t\talt=\"Ferienwohnung in Garmisch-Partenkirchen mit sch\u00f6ner Innenausstattung\"\n\t\t\t\t\t\t\t\t\tloading=\"lazy\"\n\t\t\t\t\t\t\t\t\tdecoding=\"async\">\n\t\t\t\t\t\t\t\t\t<!-- <img decoding=\"async\" class=\"lazy\" src=\"\" data-src=\"\" alt=\"\" \/> -->\n\t\t\t\t\t\t\t\t<\/li>\n\t\t\t\t\t\t\t\t\t\t\t\t\t\t\t<li>\n\t\t\t\t\t\t\t\t\t<img\n\t\t\t\t\t\t\t\t\tclass=\"lazy\"\n\t\t\t\t\t\t\t\t\tsrc=\"\"\n\t\t\t\t\t\t\t\t\tdata-src=\"https:\/\/www.ferienwohnungen-garmischpartenkirchen.de\/wp-content\/uploads\/2024\/06\/mf11958900-500x500.jpg\"\n\t\t\t\t\t\t\t\t\talt=\"Helles Badezimmer in Ferienwohnung in Garmisch-Partenkirchen\"\n\t\t\t\t\t\t\t\t\tloading=\"lazy\"\n\t\t\t\t\t\t\t\t\tdecoding=\"async\">\n\t\t\t\t\t\t\t\t\t<!-- <img decoding=\"async\" class=\"lazy\" src=\"\" data-src=\"\" alt=\"\" \/> -->\n\t\t\t\t\t\t\t\t<\/li>\n\t\t\t\t\t\t\t\t\t\t\t\t\t\t\t<li>\n\t\t\t\t\t\t\t\t\t<img\n\t\t\t\t\t\t\t\t\tclass=\"lazy\"\n\t\t\t\t\t\t\t\t\tsrc=\"\"\n\t\t\t\t\t\t\t\t\tdata-src=\"https:\/\/www.ferienwohnungen-garmischpartenkirchen.de\/wp-content\/uploads\/2024\/06\/mf11958922-500x500.jpg\"\n\t\t\t\t\t\t\t\t\talt=\"Ferienwohnung in Garmisch-Partenkirchen mit rustikalem Mobiliar\"\n\t\t\t\t\t\t\t\t\tloading=\"lazy\"\n\t\t\t\t\t\t\t\t\tdecoding=\"async\">\n\t\t\t\t\t\t\t\t\t<!-- <img decoding=\"async\" class=\"lazy\" src=\"\" data-src=\"\" alt=\"\" \/> -->\n\t\t\t\t\t\t\t\t<\/li>\n\t\t\t\t\t\t\t\t\t\t\t\t\t<\/ul>\n\t\t\t\t\t<\/div>\n\t\t\t\t<\/a>\n\t\t<\/div>\n\t\t<div class=\"info-wrapper\">\n\t\t<div class=\"info-body\">\n\t\t\t<span class=\"favouritebtn\"><button class=\"simplefavorite-button\" data-postid=\"584\" data-siteid=\"1\" data-groupid=\"1\" data-favoritecount=\"25\" style=\"\">Favorite <i class=\"sf-icon-star-empty\"><\/i><\/button> <\/span>\n\t\t\t<div class=\"wrap-classification\">\n\t\t\t\t<h4 class=\"title-container\">\n\t\t\t\t\t<a href=\"https:\/\/www.ferienwohnungen-garmischpartenkirchen.de\/de\/unterkuenfte\/partnachauen\/?adults=2\">Partnachauen<\/a>\n\t\t\t\t<\/h4>\n\t\t\t<\/div>\n\t\t\t<p class=\"unit-region\">\n\t\t\t\t<span>Garmisch-Partenkirchen<\/span>\n\t\t\t<\/p>\n\t\t\t<div>\n\t\t\t\t\t\t\t\t\t<div class=\"additional-results-wrapper\">\n\t\t\t\t\t\t\t\t\t\t\t\t\t\t\t\t\t<\/div>\n\t\t\t\t\t\t\t<\/div>\n\t\t\t<div class=\"details-wrapper\">\n\t\t\t\t<ul>\n\t\t\t\t\t<li><span class=\"wrap-value\">3 G\u00e4ste<\/li>\t\t\t\t\t<span class=\"saperator\"><\/span>\n\t\t\t\t\t<li><span class=\"wrap-value\">2 Schlafzimmer<\/span><\/li>\t\t\t\t\t<!-- <li><span class=\"wrap-value\">2<\/span> Schlafzimmer<\/li> -->\n\t\t\t\t\t<span class=\"saperator\"><\/span>\n\t\t\t\t\t<li class=\"list_rating\"><span class=\"wrap-value\">4.8<\/span>&nbsp;<img decoding=\"async\" src=\"\/wp-content\/themes\/mahr\/assets\/images\/star-solid.svg\"\/><\/li> <span class=\"saperator\"><\/span>\t\t\t\t\t<li>\n\t\t\t\t\t\t<div class=\"info-footer\">\n\t\t\t\t\t\t\t<div class=\"price-container\">\n\t\t\t\t\t\t\t\t<!-- <a href=\"https:\/\/www.ferienwohnungen-garmischpartenkirchen.de\/de\/unterkuenfte\/partnachauen\/?adults=2\" class=\"price-button\"><div class=\"showprice \"><span class=\"price\" data-price=\"6900\">69,00<\/span> <span class=\"currency\">&euro;<\/span> <\/div><\/a> -->\n\t\t\t\t\t\t\t\t\t\t\t\t\t\t\t\t<div class=\"showprice \"><span class=\"price\" data-price=\"6900\">69,00<\/span> <span class=\"currency\">&euro;<\/span> <\/div>\n\t\t\t\t\t\t\t<\/div>\n\t\t\t\t\t\t<\/div>\n\t\t\t\t\t<\/li>\n\t\t\t\t<\/ul>\n\t\t\t<\/div>\n\t\t<\/div>\n\t\t<!-- <div class=\"info-footer\">\n\t\t\t<div class=\"price-container\">\n\t\t\t\t<a href=\"https:\/\/www.ferienwohnungen-garmischpartenkirchen.de\/de\/unterkuenfte\/partnachauen\/?adults=2\" class=\"price-button\"><div class=\"showprice \"><span class=\"price\" data-price=\"6900\">69,00<\/span> <span class=\"currency\">&euro;<\/span> <\/div><\/a>\n\t\t\t\t\t\t\t\t<div class=\"showprice \"><span class=\"price\" data-price=\"6900\">69,00<\/span> <span class=\"currency\">&euro;<\/span> <\/div>\n\t\t\t<\/div>\n\t\t<\/div> -->\n\t<\/div>\n<\/div><div class=\"unitcontent-wrapper unitcontent-alternatives-wrapper\">\n\t\t\t<div class=\"image-wrapper\">\n\t\t\t<a href=\"https:\/\/www.ferienwohnungen-garmischpartenkirchen.de\/de\/unterkuenfte\/panoramablick-303\/?adults=2\">\n\t\t\t\t\t<div id=\"slider\" class=\"flexslider\">\n\t\t\t\t\t\t\t\t\t\t\t\t<ul class=\"slides\">\n\t\t\t\t\t\t\t\t\t\t\t\t\t\t\t<li>\n\t\t\t\t\t\t\t\t\t<img\n\t\t\t\t\t\t\t\t\tclass=\"lazy\"\n\t\t\t\t\t\t\t\t\tsrc=\"\"\n\t\t\t\t\t\t\t\t\tdata-src=\"https:\/\/www.ferienwohnungen-garmischpartenkirchen.de\/wp-content\/uploads\/2024\/06\/mf16500552-500x500.jpg\"\n\t\t\t\t\t\t\t\t\talt=\"Sitzecke im Wohnbereich in Ferienwohnung in Garmisch-Partenkirchen\"\n\t\t\t\t\t\t\t\t\tloading=\"lazy\"\n\t\t\t\t\t\t\t\t\tdecoding=\"async\">\n\t\t\t\t\t\t\t\t\t<!-- <img decoding=\"async\" class=\"lazy\" src=\"\" data-src=\"\" alt=\"\" \/> -->\n\t\t\t\t\t\t\t\t<\/li>\n\t\t\t\t\t\t\t\t\t\t\t\t\t\t\t<li>\n\t\t\t\t\t\t\t\t\t<img\n\t\t\t\t\t\t\t\t\tclass=\"lazy\"\n\t\t\t\t\t\t\t\t\tsrc=\"\"\n\t\t\t\t\t\t\t\t\tdata-src=\"https:\/\/www.ferienwohnungen-garmischpartenkirchen.de\/wp-content\/uploads\/2024\/06\/mf16500587-500x500.jpg\"\n\t\t\t\t\t\t\t\t\talt=\"Moderner Backofen in Ferienwohnung in Garmisch-Partenkirchen\"\n\t\t\t\t\t\t\t\t\tloading=\"lazy\"\n\t\t\t\t\t\t\t\t\tdecoding=\"async\">\n\t\t\t\t\t\t\t\t\t<!-- <img decoding=\"async\" class=\"lazy\" src=\"\" data-src=\"\" alt=\"\" \/> -->\n\t\t\t\t\t\t\t\t<\/li>\n\t\t\t\t\t\t\t\t\t\t\t\t\t\t\t<li>\n\t\t\t\t\t\t\t\t\t<img\n\t\t\t\t\t\t\t\t\tclass=\"lazy\"\n\t\t\t\t\t\t\t\t\tsrc=\"\"\n\t\t\t\t\t\t\t\t\tdata-src=\"https:\/\/www.ferienwohnungen-garmischpartenkirchen.de\/wp-content\/uploads\/2024\/06\/mf16500577-500x500.jpg\"\n\t\t\t\t\t\t\t\t\talt=\"Helles beleuchtetes Badezimmer in Ferienwohnung in Garmisch-Partenkirchen\"\n\t\t\t\t\t\t\t\t\tloading=\"lazy\"\n\t\t\t\t\t\t\t\t\tdecoding=\"async\">\n\t\t\t\t\t\t\t\t\t<!-- <img decoding=\"async\" class=\"lazy\" src=\"\" data-src=\"\" alt=\"\" \/> -->\n\t\t\t\t\t\t\t\t<\/li>\n\t\t\t\t\t\t\t\t\t\t\t\t\t\t\t<li>\n\t\t\t\t\t\t\t\t\t<img\n\t\t\t\t\t\t\t\t\tclass=\"lazy\"\n\t\t\t\t\t\t\t\t\tsrc=\"\"\n\t\t\t\t\t\t\t\t\tdata-src=\"https:\/\/www.ferienwohnungen-garmischpartenkirchen.de\/wp-content\/uploads\/2024\/06\/mf16500572-500x500.jpg\"\n\t\t\t\t\t\t\t\t\talt=\"Schlafzimmer mit Holzbett in Ferienwohnung in Garmisch-Partenkirchen\"\n\t\t\t\t\t\t\t\t\tloading=\"lazy\"\n\t\t\t\t\t\t\t\t\tdecoding=\"async\">\n\t\t\t\t\t\t\t\t\t<!-- <img decoding=\"async\" class=\"lazy\" src=\"\" data-src=\"\" alt=\"\" \/> -->\n\t\t\t\t\t\t\t\t<\/li>\n\t\t\t\t\t\t\t\t\t\t\t\t\t\t\t<li>\n\t\t\t\t\t\t\t\t\t<img\n\t\t\t\t\t\t\t\t\tclass=\"lazy\"\n\t\t\t\t\t\t\t\t\tsrc=\"\"\n\t\t\t\t\t\t\t\t\tdata-src=\"https:\/\/www.ferienwohnungen-garmischpartenkirchen.de\/wp-content\/uploads\/2024\/06\/mf16500609-500x500.jpg\"\n\t\t\t\t\t\t\t\t\talt=\"Gr\u00fcne B\u00e4ume und hohe Berge in Garmisch-Partenkirchen\"\n\t\t\t\t\t\t\t\t\tloading=\"lazy\"\n\t\t\t\t\t\t\t\t\tdecoding=\"async\">\n\t\t\t\t\t\t\t\t\t<!-- <img decoding=\"async\" class=\"lazy\" src=\"\" data-src=\"\" alt=\"\" \/> -->\n\t\t\t\t\t\t\t\t<\/li>\n\t\t\t\t\t\t\t\t\t\t\t\t\t<\/ul>\n\t\t\t\t\t<\/div>\n\t\t\t\t<\/a>\n\t\t<\/div>\n\t\t<div class=\"info-wrapper\">\n\t\t<div class=\"info-body\">\n\t\t\t<span class=\"favouritebtn\"><button class=\"simplefavorite-button\" data-postid=\"589\" data-siteid=\"1\" data-groupid=\"1\" data-favoritecount=\"29\" style=\"\">Favorite <i class=\"sf-icon-star-empty\"><\/i><\/button> <\/span>\n\t\t\t<div class=\"wrap-classification\">\n\t\t\t\t<h4 class=\"title-container\">\n\t\t\t\t\t<a href=\"https:\/\/www.ferienwohnungen-garmischpartenkirchen.de\/de\/unterkuenfte\/panoramablick-303\/?adults=2\">Panoramablick 303<\/a>\n\t\t\t\t<\/h4>\n\t\t\t<\/div>\n\t\t\t<p class=\"unit-region\">\n\t\t\t\t<span>Garmisch-Partenkirchen<\/span>\n\t\t\t<\/p>\n\t\t\t<div>\n\t\t\t\t\t\t\t\t\t<div class=\"additional-results-wrapper\">\n\t\t\t\t\t\t\t\t\t\t\t\t\t\t\t\t\t<\/div>\n\t\t\t\t\t\t\t<\/div>\n\t\t\t<div class=\"details-wrapper\">\n\t\t\t\t<ul>\n\t\t\t\t\t<li><span class=\"wrap-value\">2 G\u00e4ste<\/li>\t\t\t\t\t<span class=\"saperator\"><\/span>\n\t\t\t\t\t<li><span class=\"wrap-value\">1 Schlafzimmer<\/span><\/li>\t\t\t\t\t<!-- <li><span class=\"wrap-value\">1<\/span> Schlafzimmer<\/li> -->\n\t\t\t\t\t<span class=\"saperator\"><\/span>\n\t\t\t\t\t<li class=\"list_rating\"><span class=\"wrap-value\">4.9<\/span>&nbsp;<img decoding=\"async\" src=\"\/wp-content\/themes\/mahr\/assets\/images\/star-solid.svg\"\/><\/li> <span class=\"saperator\"><\/span>\t\t\t\t\t<li>\n\t\t\t\t\t\t<div class=\"info-footer\">\n\t\t\t\t\t\t\t<div class=\"price-container\">\n\t\t\t\t\t\t\t\t<!-- <a href=\"https:\/\/www.ferienwohnungen-garmischpartenkirchen.de\/de\/unterkuenfte\/panoramablick-303\/?adults=2\" class=\"price-button\"><div class=\"showprice \"><span class=\"price\" data-price=\"5500\">55,00<\/span> <span class=\"currency\">&euro;<\/span> <\/div><\/a> -->\n\t\t\t\t\t\t\t\t\t\t\t\t\t\t\t\t<div class=\"showprice \"><span class=\"price\" data-price=\"5500\">55,00<\/span> <span class=\"currency\">&euro;<\/span> <\/div>\n\t\t\t\t\t\t\t<\/div>\n\t\t\t\t\t\t<\/div>\n\t\t\t\t\t<\/li>\n\t\t\t\t<\/ul>\n\t\t\t<\/div>\n\t\t<\/div>\n\t\t<!-- <div class=\"info-footer\">\n\t\t\t<div class=\"price-container\">\n\t\t\t\t<a href=\"https:\/\/www.ferienwohnungen-garmischpartenkirchen.de\/de\/unterkuenfte\/panoramablick-303\/?adults=2\" class=\"price-button\"><div class=\"showprice \"><span class=\"price\" data-price=\"5500\">55,00<\/span> <span class=\"currency\">&euro;<\/span> <\/div><\/a>\n\t\t\t\t\t\t\t\t<div class=\"showprice \"><span class=\"price\" data-price=\"5500\">55,00<\/span> <span class=\"currency\">&euro;<\/span> <\/div>\n\t\t\t<\/div>\n\t\t<\/div> -->\n\t<\/div>\n<\/div><div class=\"unitcontent-wrapper\">\n\t\t\t<div class=\"image-wrapper\">\n\t\t\t<a href=\"https:\/\/www.ferienwohnungen-garmischpartenkirchen.de\/de\/unterkuenfte\/enziana\/?adults=2\">\n\t\t\t\t\t<div id=\"slider\" class=\"flexslider\">\n\t\t\t\t\t\t\t\t\t\t\t\t<ul class=\"slides\">\n\t\t\t\t\t\t\t\t\t\t\t\t\t\t\t<li>\n\t\t\t\t\t\t\t\t\t<img\n\t\t\t\t\t\t\t\t\tclass=\"lazy\"\n\t\t\t\t\t\t\t\t\tsrc=\"\"\n\t\t\t\t\t\t\t\t\tdata-src=\"https:\/\/www.ferienwohnungen-garmischpartenkirchen.de\/wp-content\/uploads\/2026\/04\/mf27437343-500x500.jpg\"\n\t\t\t\t\t\t\t\t\talt=\"\"\n\t\t\t\t\t\t\t\t\tloading=\"lazy\"\n\t\t\t\t\t\t\t\t\tdecoding=\"async\">\n\t\t\t\t\t\t\t\t\t<!-- <img decoding=\"async\" class=\"lazy\" src=\"\" data-src=\"\" alt=\"\" \/> -->\n\t\t\t\t\t\t\t\t<\/li>\n\t\t\t\t\t\t\t\t\t\t\t\t\t\t\t<li>\n\t\t\t\t\t\t\t\t\t<img\n\t\t\t\t\t\t\t\t\tclass=\"lazy\"\n\t\t\t\t\t\t\t\t\tsrc=\"\"\n\t\t\t\t\t\t\t\t\tdata-src=\"https:\/\/www.ferienwohnungen-garmischpartenkirchen.de\/wp-content\/uploads\/2026\/04\/mf27437372-500x500.jpg\"\n\t\t\t\t\t\t\t\t\talt=\"\"\n\t\t\t\t\t\t\t\t\tloading=\"lazy\"\n\t\t\t\t\t\t\t\t\tdecoding=\"async\">\n\t\t\t\t\t\t\t\t\t<!-- <img decoding=\"async\" class=\"lazy\" src=\"\" data-src=\"\" alt=\"\" \/> -->\n\t\t\t\t\t\t\t\t<\/li>\n\t\t\t\t\t\t\t\t\t\t\t\t\t\t\t<li>\n\t\t\t\t\t\t\t\t\t<img\n\t\t\t\t\t\t\t\t\tclass=\"lazy\"\n\t\t\t\t\t\t\t\t\tsrc=\"\"\n\t\t\t\t\t\t\t\t\tdata-src=\"https:\/\/www.ferienwohnungen-garmischpartenkirchen.de\/wp-content\/uploads\/2026\/04\/mf27437435-500x500.jpg\"\n\t\t\t\t\t\t\t\t\talt=\"\"\n\t\t\t\t\t\t\t\t\tloading=\"lazy\"\n\t\t\t\t\t\t\t\t\tdecoding=\"async\">\n\t\t\t\t\t\t\t\t\t<!-- <img decoding=\"async\" class=\"lazy\" src=\"\" data-src=\"\" alt=\"\" \/> -->\n\t\t\t\t\t\t\t\t<\/li>\n\t\t\t\t\t\t\t\t\t\t\t\t\t\t\t<li>\n\t\t\t\t\t\t\t\t\t<img\n\t\t\t\t\t\t\t\t\tclass=\"lazy\"\n\t\t\t\t\t\t\t\t\tsrc=\"\"\n\t\t\t\t\t\t\t\t\tdata-src=\"https:\/\/www.ferienwohnungen-garmischpartenkirchen.de\/wp-content\/uploads\/2026\/04\/mf27437436-500x500.jpg\"\n\t\t\t\t\t\t\t\t\talt=\"\"\n\t\t\t\t\t\t\t\t\tloading=\"lazy\"\n\t\t\t\t\t\t\t\t\tdecoding=\"async\">\n\t\t\t\t\t\t\t\t\t<!-- <img decoding=\"async\" class=\"lazy\" src=\"\" data-src=\"\" alt=\"\" \/> -->\n\t\t\t\t\t\t\t\t<\/li>\n\t\t\t\t\t\t\t\t\t\t\t\t\t\t\t<li>\n\t\t\t\t\t\t\t\t\t<img\n\t\t\t\t\t\t\t\t\tclass=\"lazy\"\n\t\t\t\t\t\t\t\t\tsrc=\"\"\n\t\t\t\t\t\t\t\t\tdata-src=\"https:\/\/www.ferienwohnungen-garmischpartenkirchen.de\/wp-content\/uploads\/2026\/04\/mf27437531-500x500.jpg\"\n\t\t\t\t\t\t\t\t\talt=\"\"\n\t\t\t\t\t\t\t\t\tloading=\"lazy\"\n\t\t\t\t\t\t\t\t\tdecoding=\"async\">\n\t\t\t\t\t\t\t\t\t<!-- <img decoding=\"async\" class=\"lazy\" src=\"\" data-src=\"\" alt=\"\" \/> -->\n\t\t\t\t\t\t\t\t<\/li>\n\t\t\t\t\t\t\t\t\t\t\t\t\t<\/ul>\n\t\t\t\t\t<\/div>\n\t\t\t\t<\/a>\n\t\t<\/div>\n\t\t<div class=\"info-wrapper\">\n\t\t<div class=\"info-body\">\n\t\t\t<span class=\"favouritebtn\"><button class=\"simplefavorite-button\" data-postid=\"16916\" data-siteid=\"1\" data-groupid=\"1\" data-favoritecount=\"1\" style=\"\">Favorite <i class=\"sf-icon-star-empty\"><\/i><\/button> <\/span>\n\t\t\t<div class=\"wrap-classification\">\n\t\t\t\t<h4 class=\"title-container\">\n\t\t\t\t\t<a href=\"https:\/\/www.ferienwohnungen-garmischpartenkirchen.de\/de\/unterkuenfte\/enziana\/?adults=2\">Enziana<\/a>\n\t\t\t\t<\/h4>\n\t\t\t<\/div>\n\t\t\t<p class=\"unit-region\">\n\t\t\t\t<span>Garmisch-Partenkirchen<\/span>\n\t\t\t<\/p>\n\t\t\t<div>\n\t\t\t\t\t\t\t<\/div>\n\t\t\t<div class=\"details-wrapper\">\n\t\t\t\t<ul>\n\t\t\t\t\t<li><span class=\"wrap-value\">3 G\u00e4ste<\/li>\t\t\t\t\t<span class=\"saperator\"><\/span>\n\t\t\t\t\t<li><span class=\"wrap-value\">1 Schlafzimmer<\/span><\/li>\t\t\t\t\t<!-- <li><span class=\"wrap-value\">1<\/span> Schlafzimmer<\/li> -->\n\t\t\t\t\t<span class=\"saperator\"><\/span>\n\t\t\t\t\t\t\t\t\t\t<li>\n\t\t\t\t\t\t<div class=\"info-footer\">\n\t\t\t\t\t\t\t<div class=\"price-container\">\n\t\t\t\t\t\t\t\t<!-- <a href=\"https:\/\/www.ferienwohnungen-garmischpartenkirchen.de\/de\/unterkuenfte\/enziana\/?adults=2\" class=\"price-button\"><div class=\"showprice \"><span class=\"price\" data-price=\"4900\">49,00<\/span> <span class=\"currency\">&euro;<\/span> <\/div><\/a> -->\n\t\t\t\t\t\t\t\t\t\t\t\t\t\t\t\t<div class=\"showprice \"><span class=\"price\" data-price=\"4900\">49,00<\/span> <span class=\"currency\">&euro;<\/span> <\/div>\n\t\t\t\t\t\t\t<\/div>\n\t\t\t\t\t\t<\/div>\n\t\t\t\t\t<\/li>\n\t\t\t\t<\/ul>\n\t\t\t<\/div>\n\t\t<\/div>\n\t\t<!-- <div class=\"info-footer\">\n\t\t\t<div class=\"price-container\">\n\t\t\t\t<a href=\"https:\/\/www.ferienwohnungen-garmischpartenkirchen.de\/de\/unterkuenfte\/enziana\/?adults=2\" class=\"price-button\"><div class=\"showprice \"><span class=\"price\" data-price=\"4900\">49,00<\/span> <span class=\"currency\">&euro;<\/span> <\/div><\/a>\n\t\t\t\t\t\t\t\t<div class=\"showprice \"><span class=\"price\" data-price=\"4900\">49,00<\/span> <span class=\"currency\">&euro;<\/span> <\/div>\n\t\t\t<\/div>\n\t\t<\/div> -->\n\t<\/div>\n<\/div><div class=\"unitcontent-wrapper unitcontent-alternatives-wrapper\">\n\t\t\t<div class=\"image-wrapper\">\n\t\t\t<a href=\"https:\/\/www.ferienwohnungen-garmischpartenkirchen.de\/de\/unterkuenfte\/alpenambiente\/?adults=2\">\n\t\t\t\t\t<div id=\"slider\" class=\"flexslider\">\n\t\t\t\t\t\t\t\t\t\t\t\t<ul class=\"slides\">\n\t\t\t\t\t\t\t\t\t\t\t\t\t\t\t<li>\n\t\t\t\t\t\t\t\t\t<img\n\t\t\t\t\t\t\t\t\tclass=\"lazy\"\n\t\t\t\t\t\t\t\t\tsrc=\"\"\n\t\t\t\t\t\t\t\t\tdata-src=\"https:\/\/www.ferienwohnungen-garmischpartenkirchen.de\/wp-content\/uploads\/2024\/06\/mf8335804-500x500.jpg\"\n\t\t\t\t\t\t\t\t\talt=\"Wohnbereich mit braunen Sessel und Sofa in Ferienwohnung in Garmisch-Patenkirchen\"\n\t\t\t\t\t\t\t\t\tloading=\"lazy\"\n\t\t\t\t\t\t\t\t\tdecoding=\"async\">\n\t\t\t\t\t\t\t\t\t<!-- <img decoding=\"async\" class=\"lazy\" src=\"\" data-src=\"\" alt=\"\" \/> -->\n\t\t\t\t\t\t\t\t<\/li>\n\t\t\t\t\t\t\t\t\t\t\t\t\t\t\t<li>\n\t\t\t\t\t\t\t\t\t<img\n\t\t\t\t\t\t\t\t\tclass=\"lazy\"\n\t\t\t\t\t\t\t\t\tsrc=\"\"\n\t\t\t\t\t\t\t\t\tdata-src=\"https:\/\/www.ferienwohnungen-garmischpartenkirchen.de\/wp-content\/uploads\/2024\/06\/mf8335813-500x500.jpg\"\n\t\t\t\t\t\t\t\t\talt=\"Brauner Sessel und braunes Sofa in Ferienwohnung in Garmisch-Patenkirchen\"\n\t\t\t\t\t\t\t\t\tloading=\"lazy\"\n\t\t\t\t\t\t\t\t\tdecoding=\"async\">\n\t\t\t\t\t\t\t\t\t<!-- <img decoding=\"async\" class=\"lazy\" src=\"\" data-src=\"\" alt=\"\" \/> -->\n\t\t\t\t\t\t\t\t<\/li>\n\t\t\t\t\t\t\t\t\t\t\t\t\t\t\t<li>\n\t\t\t\t\t\t\t\t\t<img\n\t\t\t\t\t\t\t\t\tclass=\"lazy\"\n\t\t\t\t\t\t\t\t\tsrc=\"\"\n\t\t\t\t\t\t\t\t\tdata-src=\"https:\/\/www.ferienwohnungen-garmischpartenkirchen.de\/wp-content\/uploads\/2024\/06\/mf8335830-500x500.jpg\"\n\t\t\t\t\t\t\t\t\talt=\"Bett mit Holzr\u00fcckwand und wei\u00dfen Kissen in Ferienwohnung in Garmisch-Patenkirchen\"\n\t\t\t\t\t\t\t\t\tloading=\"lazy\"\n\t\t\t\t\t\t\t\t\tdecoding=\"async\">\n\t\t\t\t\t\t\t\t\t<!-- <img decoding=\"async\" class=\"lazy\" src=\"\" data-src=\"\" alt=\"\" \/> -->\n\t\t\t\t\t\t\t\t<\/li>\n\t\t\t\t\t\t\t\t\t\t\t\t\t\t\t<li>\n\t\t\t\t\t\t\t\t\t<img\n\t\t\t\t\t\t\t\t\tclass=\"lazy\"\n\t\t\t\t\t\t\t\t\tsrc=\"\"\n\t\t\t\t\t\t\t\t\tdata-src=\"https:\/\/www.ferienwohnungen-garmischpartenkirchen.de\/wp-content\/uploads\/2024\/06\/mf8335840-500x500.jpg\"\n\t\t\t\t\t\t\t\t\talt=\"Spiegelschrank \u00fcber Doppelwaschbecken in Ferienwohnung in Garmisch-Patenkirchen\"\n\t\t\t\t\t\t\t\t\tloading=\"lazy\"\n\t\t\t\t\t\t\t\t\tdecoding=\"async\">\n\t\t\t\t\t\t\t\t\t<!-- <img decoding=\"async\" class=\"lazy\" src=\"\" data-src=\"\" alt=\"\" \/> -->\n\t\t\t\t\t\t\t\t<\/li>\n\t\t\t\t\t\t\t\t\t\t\t\t\t\t\t<li>\n\t\t\t\t\t\t\t\t\t<img\n\t\t\t\t\t\t\t\t\tclass=\"lazy\"\n\t\t\t\t\t\t\t\t\tsrc=\"\"\n\t\t\t\t\t\t\t\t\tdata-src=\"https:\/\/www.ferienwohnungen-garmischpartenkirchen.de\/wp-content\/uploads\/2024\/06\/mf8335850-500x500.jpg\"\n\t\t\t\t\t\t\t\t\talt=\"Blick von Ferienwohnung in Garmisch-Patenkirchen bis zu den Bergen\"\n\t\t\t\t\t\t\t\t\tloading=\"lazy\"\n\t\t\t\t\t\t\t\t\tdecoding=\"async\">\n\t\t\t\t\t\t\t\t\t<!-- <img decoding=\"async\" class=\"lazy\" src=\"\" data-src=\"\" alt=\"\" \/> -->\n\t\t\t\t\t\t\t\t<\/li>\n\t\t\t\t\t\t\t\t\t\t\t\t\t<\/ul>\n\t\t\t\t\t<\/div>\n\t\t\t\t<\/a>\n\t\t<\/div>\n\t\t<div class=\"info-wrapper\">\n\t\t<div class=\"info-body\">\n\t\t\t<span class=\"favouritebtn\"><button class=\"simplefavorite-button\" data-postid=\"578\" data-siteid=\"1\" data-groupid=\"1\" data-favoritecount=\"28\" style=\"\">Favorite <i class=\"sf-icon-star-empty\"><\/i><\/button> <\/span>\n\t\t\t<div class=\"wrap-classification\">\n\t\t\t\t<h4 class=\"title-container\">\n\t\t\t\t\t<a href=\"https:\/\/www.ferienwohnungen-garmischpartenkirchen.de\/de\/unterkuenfte\/alpenambiente\/?adults=2\">Alpenambiente<\/a>\n\t\t\t\t<\/h4>\n\t\t\t<\/div>\n\t\t\t<p class=\"unit-region\">\n\t\t\t\t<span>Garmisch-Partenkirchen<\/span>\n\t\t\t<\/p>\n\t\t\t<div>\n\t\t\t\t\t\t\t\t\t<div class=\"additional-results-wrapper\">\n\t\t\t\t\t\t\t\t\t\t\t\t\t\t\t\t\t<\/div>\n\t\t\t\t\t\t\t<\/div>\n\t\t\t<div class=\"details-wrapper\">\n\t\t\t\t<ul>\n\t\t\t\t\t<li><span class=\"wrap-value\">4 G\u00e4ste<\/li>\t\t\t\t\t<span class=\"saperator\"><\/span>\n\t\t\t\t\t<li><span class=\"wrap-value\">2 Schlafzimmer<\/span><\/li>\t\t\t\t\t<!-- <li><span class=\"wrap-value\">2<\/span> Schlafzimmer<\/li> -->\n\t\t\t\t\t<span class=\"saperator\"><\/span>\n\t\t\t\t\t<li class=\"list_rating\"><span class=\"wrap-value\">4.7<\/span>&nbsp;<img decoding=\"async\" src=\"\/wp-content\/themes\/mahr\/assets\/images\/star-solid.svg\"\/><\/li> <span class=\"saperator\"><\/span>\t\t\t\t\t<li>\n\t\t\t\t\t\t<div class=\"info-footer\">\n\t\t\t\t\t\t\t<div class=\"price-container\">\n\t\t\t\t\t\t\t\t<!-- <a href=\"https:\/\/www.ferienwohnungen-garmischpartenkirchen.de\/de\/unterkuenfte\/alpenambiente\/?adults=2\" class=\"price-button\"><div class=\"showprice \"><span class=\"price\" data-price=\"8900\">89,00<\/span> <span class=\"currency\">&euro;<\/span> <\/div><\/a> -->\n\t\t\t\t\t\t\t\t\t\t\t\t\t\t\t\t<div class=\"showprice \"><span class=\"price\" data-price=\"8900\">89,00<\/span> <span class=\"currency\">&euro;<\/span> <\/div>\n\t\t\t\t\t\t\t<\/div>\n\t\t\t\t\t\t<\/div>\n\t\t\t\t\t<\/li>\n\t\t\t\t<\/ul>\n\t\t\t<\/div>\n\t\t<\/div>\n\t\t<!-- <div class=\"info-footer\">\n\t\t\t<div class=\"price-container\">\n\t\t\t\t<a href=\"https:\/\/www.ferienwohnungen-garmischpartenkirchen.de\/de\/unterkuenfte\/alpenambiente\/?adults=2\" class=\"price-button\"><div class=\"showprice \"><span class=\"price\" data-price=\"8900\">89,00<\/span> <span class=\"currency\">&euro;<\/span> <\/div><\/a>\n\t\t\t\t\t\t\t\t<div class=\"showprice \"><span class=\"price\" data-price=\"8900\">89,00<\/span> <span class=\"currency\">&euro;<\/span> <\/div>\n\t\t\t<\/div>\n\t\t<\/div> -->\n\t<\/div>\n<\/div><div class=\"unitcontent-wrapper unitcontent-alternatives-wrapper\">\n\t\t\t<div class=\"image-wrapper\">\n\t\t\t<a href=\"https:\/\/www.ferienwohnungen-garmischpartenkirchen.de\/de\/unterkuenfte\/fuchsbau\/?adults=2\">\n\t\t\t\t\t<div id=\"slider\" class=\"flexslider\">\n\t\t\t\t\t\t\t\t\t\t\t\t<ul class=\"slides\">\n\t\t\t\t\t\t\t\t\t\t\t\t\t\t\t<li>\n\t\t\t\t\t\t\t\t\t<img\n\t\t\t\t\t\t\t\t\tclass=\"lazy\"\n\t\t\t\t\t\t\t\t\tsrc=\"\"\n\t\t\t\t\t\t\t\t\tdata-src=\"https:\/\/www.ferienwohnungen-garmischpartenkirchen.de\/wp-content\/uploads\/2024\/06\/mf10988484-500x500.jpg\"\n\t\t\t\t\t\t\t\t\talt=\"Ferienwohnung in Garmisch-Partenkirchen mit neuem Design\"\n\t\t\t\t\t\t\t\t\tloading=\"lazy\"\n\t\t\t\t\t\t\t\t\tdecoding=\"async\">\n\t\t\t\t\t\t\t\t\t<!-- <img decoding=\"async\" class=\"lazy\" src=\"\" data-src=\"\" alt=\"\" \/> -->\n\t\t\t\t\t\t\t\t<\/li>\n\t\t\t\t\t\t\t\t\t\t\t\t\t\t\t<li>\n\t\t\t\t\t\t\t\t\t<img\n\t\t\t\t\t\t\t\t\tclass=\"lazy\"\n\t\t\t\t\t\t\t\t\tsrc=\"\"\n\t\t\t\t\t\t\t\t\tdata-src=\"https:\/\/www.ferienwohnungen-garmischpartenkirchen.de\/wp-content\/uploads\/2024\/06\/mf10988498-500x500.jpg\"\n\t\t\t\t\t\t\t\t\talt=\"Ferienwohnung in Garmisch-Partenkirchen mit sch\u00f6nem Essbereich\"\n\t\t\t\t\t\t\t\t\tloading=\"lazy\"\n\t\t\t\t\t\t\t\t\tdecoding=\"async\">\n\t\t\t\t\t\t\t\t\t<!-- <img decoding=\"async\" class=\"lazy\" src=\"\" data-src=\"\" alt=\"\" \/> -->\n\t\t\t\t\t\t\t\t<\/li>\n\t\t\t\t\t\t\t\t\t\t\t\t\t\t\t<li>\n\t\t\t\t\t\t\t\t\t<img\n\t\t\t\t\t\t\t\t\tclass=\"lazy\"\n\t\t\t\t\t\t\t\t\tsrc=\"\"\n\t\t\t\t\t\t\t\t\tdata-src=\"https:\/\/www.ferienwohnungen-garmischpartenkirchen.de\/wp-content\/uploads\/2024\/06\/mf10988512-500x500.jpg\"\n\t\t\t\t\t\t\t\t\talt=\"Ferienwohnung in Garmisch-Partenkirchen mit gem\u00fctlichem Schlafzimmer\"\n\t\t\t\t\t\t\t\t\tloading=\"lazy\"\n\t\t\t\t\t\t\t\t\tdecoding=\"async\">\n\t\t\t\t\t\t\t\t\t<!-- <img decoding=\"async\" class=\"lazy\" src=\"\" data-src=\"\" alt=\"\" \/> -->\n\t\t\t\t\t\t\t\t<\/li>\n\t\t\t\t\t\t\t\t\t\t\t\t\t\t\t<li>\n\t\t\t\t\t\t\t\t\t<img\n\t\t\t\t\t\t\t\t\tclass=\"lazy\"\n\t\t\t\t\t\t\t\t\tsrc=\"\"\n\t\t\t\t\t\t\t\t\tdata-src=\"https:\/\/www.ferienwohnungen-garmischpartenkirchen.de\/wp-content\/uploads\/2024\/06\/mf10988525-500x500.jpg\"\n\t\t\t\t\t\t\t\t\talt=\"Ferienwohnung in Garmisch-Partenkirchen mit elegantem Badezimmer\"\n\t\t\t\t\t\t\t\t\tloading=\"lazy\"\n\t\t\t\t\t\t\t\t\tdecoding=\"async\">\n\t\t\t\t\t\t\t\t\t<!-- <img decoding=\"async\" class=\"lazy\" src=\"\" data-src=\"\" alt=\"\" \/> -->\n\t\t\t\t\t\t\t\t<\/li>\n\t\t\t\t\t\t\t\t\t\t\t\t\t\t\t<li>\n\t\t\t\t\t\t\t\t\t<img\n\t\t\t\t\t\t\t\t\tclass=\"lazy\"\n\t\t\t\t\t\t\t\t\tsrc=\"\"\n\t\t\t\t\t\t\t\t\tdata-src=\"https:\/\/www.ferienwohnungen-garmischpartenkirchen.de\/wp-content\/uploads\/2024\/06\/mf10988534-500x500.jpg\"\n\t\t\t\t\t\t\t\t\talt=\"Ausblick von Ferienwohnung in Garmisch-Partenkirchen\"\n\t\t\t\t\t\t\t\t\tloading=\"lazy\"\n\t\t\t\t\t\t\t\t\tdecoding=\"async\">\n\t\t\t\t\t\t\t\t\t<!-- <img decoding=\"async\" class=\"lazy\" src=\"\" data-src=\"\" alt=\"\" \/> -->\n\t\t\t\t\t\t\t\t<\/li>\n\t\t\t\t\t\t\t\t\t\t\t\t\t<\/ul>\n\t\t\t\t\t<\/div>\n\t\t\t\t<\/a>\n\t\t<\/div>\n\t\t<div class=\"info-wrapper\">\n\t\t<div class=\"info-body\">\n\t\t\t<span class=\"favouritebtn\"><button class=\"simplefavorite-button\" data-postid=\"585\" data-siteid=\"1\" data-groupid=\"1\" data-favoritecount=\"23\" style=\"\">Favorite <i class=\"sf-icon-star-empty\"><\/i><\/button> <\/span>\n\t\t\t<div class=\"wrap-classification\">\n\t\t\t\t<h4 class=\"title-container\">\n\t\t\t\t\t<a href=\"https:\/\/www.ferienwohnungen-garmischpartenkirchen.de\/de\/unterkuenfte\/fuchsbau\/?adults=2\">Fuchsbau<\/a>\n\t\t\t\t<\/h4>\n\t\t\t<\/div>\n\t\t\t<p class=\"unit-region\">\n\t\t\t\t<span>Garmisch-Partenkirchen<\/span>\n\t\t\t<\/p>\n\t\t\t<div>\n\t\t\t\t\t\t\t\t\t<div class=\"additional-results-wrapper\">\n\t\t\t\t\t\t\t\t\t\t\t\t\t\t\t\t\t<\/div>\n\t\t\t\t\t\t\t<\/div>\n\t\t\t<div class=\"details-wrapper\">\n\t\t\t\t<ul>\n\t\t\t\t\t<li><span class=\"wrap-value\">2 G\u00e4ste<\/li>\t\t\t\t\t<span class=\"saperator\"><\/span>\n\t\t\t\t\t<li><span class=\"wrap-value\">1 Schlafzimmer<\/span><\/li>\t\t\t\t\t<!-- <li><span class=\"wrap-value\">1<\/span> Schlafzimmer<\/li> -->\n\t\t\t\t\t<span class=\"saperator\"><\/span>\n\t\t\t\t\t<li class=\"list_rating\"><span class=\"wrap-value\">4.6<\/span>&nbsp;<img decoding=\"async\" src=\"\/wp-content\/themes\/mahr\/assets\/images\/star-solid.svg\"\/><\/li> <span class=\"saperator\"><\/span>\t\t\t\t\t<li>\n\t\t\t\t\t\t<div class=\"info-footer\">\n\t\t\t\t\t\t\t<div class=\"price-container\">\n\t\t\t\t\t\t\t\t<!-- <a href=\"https:\/\/www.ferienwohnungen-garmischpartenkirchen.de\/de\/unterkuenfte\/fuchsbau\/?adults=2\" class=\"price-button\"><div class=\"showprice \"><span class=\"price\" data-price=\"4900\">49,00<\/span> <span class=\"currency\">&euro;<\/span> <\/div><\/a> -->\n\t\t\t\t\t\t\t\t\t\t\t\t\t\t\t\t<div class=\"showprice \"><span class=\"price\" data-price=\"4900\">49,00<\/span> <span class=\"currency\">&euro;<\/span> <\/div>\n\t\t\t\t\t\t\t<\/div>\n\t\t\t\t\t\t<\/div>\n\t\t\t\t\t<\/li>\n\t\t\t\t<\/ul>\n\t\t\t<\/div>\n\t\t<\/div>\n\t\t<!-- <div class=\"info-footer\">\n\t\t\t<div class=\"price-container\">\n\t\t\t\t<a href=\"https:\/\/www.ferienwohnungen-garmischpartenkirchen.de\/de\/unterkuenfte\/fuchsbau\/?adults=2\" class=\"price-button\"><div class=\"showprice \"><span class=\"price\" data-price=\"4900\">49,00<\/span> <span class=\"currency\">&euro;<\/span> <\/div><\/a>\n\t\t\t\t\t\t\t\t<div class=\"showprice \"><span class=\"price\" data-price=\"4900\">49,00<\/span> <span class=\"currency\">&euro;<\/span> <\/div>\n\t\t\t<\/div>\n\t\t<\/div> -->\n\t<\/div>\n<\/div><div class=\"unitcontent-wrapper unitcontent-alternatives-wrapper\">\n\t\t\t<div class=\"image-wrapper\">\n\t\t\t<a href=\"https:\/\/www.ferienwohnungen-garmischpartenkirchen.de\/de\/unterkuenfte\/fruehlingserwachen\/?adults=2\">\n\t\t\t\t\t<div id=\"slider\" class=\"flexslider\">\n\t\t\t\t\t\t\t\t\t\t\t\t<ul class=\"slides\">\n\t\t\t\t\t\t\t\t\t\t\t\t\t\t\t<li>\n\t\t\t\t\t\t\t\t\t<img\n\t\t\t\t\t\t\t\t\tclass=\"lazy\"\n\t\t\t\t\t\t\t\t\tsrc=\"\"\n\t\t\t\t\t\t\t\t\tdata-src=\"https:\/\/www.ferienwohnungen-garmischpartenkirchen.de\/wp-content\/uploads\/2025\/12\/mf25273675-500x500.jpg\"\n\t\t\t\t\t\t\t\t\talt=\"\"\n\t\t\t\t\t\t\t\t\tloading=\"lazy\"\n\t\t\t\t\t\t\t\t\tdecoding=\"async\">\n\t\t\t\t\t\t\t\t\t<!-- <img decoding=\"async\" class=\"lazy\" src=\"\" data-src=\"\" alt=\"\" \/> -->\n\t\t\t\t\t\t\t\t<\/li>\n\t\t\t\t\t\t\t\t\t\t\t\t\t\t\t<li>\n\t\t\t\t\t\t\t\t\t<img\n\t\t\t\t\t\t\t\t\tclass=\"lazy\"\n\t\t\t\t\t\t\t\t\tsrc=\"\"\n\t\t\t\t\t\t\t\t\tdata-src=\"https:\/\/www.ferienwohnungen-garmischpartenkirchen.de\/wp-content\/uploads\/2025\/12\/mf25273687-500x500.jpg\"\n\t\t\t\t\t\t\t\t\talt=\"\"\n\t\t\t\t\t\t\t\t\tloading=\"lazy\"\n\t\t\t\t\t\t\t\t\tdecoding=\"async\">\n\t\t\t\t\t\t\t\t\t<!-- <img decoding=\"async\" class=\"lazy\" src=\"\" data-src=\"\" alt=\"\" \/> -->\n\t\t\t\t\t\t\t\t<\/li>\n\t\t\t\t\t\t\t\t\t\t\t\t\t\t\t<li>\n\t\t\t\t\t\t\t\t\t<img\n\t\t\t\t\t\t\t\t\tclass=\"lazy\"\n\t\t\t\t\t\t\t\t\tsrc=\"\"\n\t\t\t\t\t\t\t\t\tdata-src=\"https:\/\/www.ferienwohnungen-garmischpartenkirchen.de\/wp-content\/uploads\/2025\/12\/mf25273686-500x500.jpg\"\n\t\t\t\t\t\t\t\t\talt=\"\"\n\t\t\t\t\t\t\t\t\tloading=\"lazy\"\n\t\t\t\t\t\t\t\t\tdecoding=\"async\">\n\t\t\t\t\t\t\t\t\t<!-- <img decoding=\"async\" class=\"lazy\" src=\"\" data-src=\"\" alt=\"\" \/> -->\n\t\t\t\t\t\t\t\t<\/li>\n\t\t\t\t\t\t\t\t\t\t\t\t\t\t\t<li>\n\t\t\t\t\t\t\t\t\t<img\n\t\t\t\t\t\t\t\t\tclass=\"lazy\"\n\t\t\t\t\t\t\t\t\tsrc=\"\"\n\t\t\t\t\t\t\t\t\tdata-src=\"https:\/\/www.ferienwohnungen-garmischpartenkirchen.de\/wp-content\/uploads\/2025\/12\/mf25273692-500x500.jpg\"\n\t\t\t\t\t\t\t\t\talt=\"\"\n\t\t\t\t\t\t\t\t\tloading=\"lazy\"\n\t\t\t\t\t\t\t\t\tdecoding=\"async\">\n\t\t\t\t\t\t\t\t\t<!-- <img decoding=\"async\" class=\"lazy\" src=\"\" data-src=\"\" alt=\"\" \/> -->\n\t\t\t\t\t\t\t\t<\/li>\n\t\t\t\t\t\t\t\t\t\t\t\t\t\t\t<li>\n\t\t\t\t\t\t\t\t\t<img\n\t\t\t\t\t\t\t\t\tclass=\"lazy\"\n\t\t\t\t\t\t\t\t\tsrc=\"\"\n\t\t\t\t\t\t\t\t\tdata-src=\"https:\/\/www.ferienwohnungen-garmischpartenkirchen.de\/wp-content\/uploads\/2025\/12\/mf25273706-500x500.jpg\"\n\t\t\t\t\t\t\t\t\talt=\"\"\n\t\t\t\t\t\t\t\t\tloading=\"lazy\"\n\t\t\t\t\t\t\t\t\tdecoding=\"async\">\n\t\t\t\t\t\t\t\t\t<!-- <img decoding=\"async\" class=\"lazy\" src=\"\" data-src=\"\" alt=\"\" \/> -->\n\t\t\t\t\t\t\t\t<\/li>\n\t\t\t\t\t\t\t\t\t\t\t\t\t<\/ul>\n\t\t\t\t\t<\/div>\n\t\t\t\t<\/a>\n\t\t<\/div>\n\t\t<div class=\"info-wrapper\">\n\t\t<div class=\"info-body\">\n\t\t\t<span class=\"favouritebtn\"><button class=\"simplefavorite-button\" data-postid=\"15694\" data-siteid=\"1\" data-groupid=\"1\" data-favoritecount=\"8\" style=\"\">Favorite <i class=\"sf-icon-star-empty\"><\/i><\/button> <\/span>\n\t\t\t<div class=\"wrap-classification\">\n\t\t\t\t<h4 class=\"title-container\">\n\t\t\t\t\t<a href=\"https:\/\/www.ferienwohnungen-garmischpartenkirchen.de\/de\/unterkuenfte\/fruehlingserwachen\/?adults=2\">Fr\u00fchlingserwachen<\/a>\n\t\t\t\t<\/h4>\n\t\t\t<\/div>\n\t\t\t<p class=\"unit-region\">\n\t\t\t\t<span>Farchant<\/span>\n\t\t\t<\/p>\n\t\t\t<div>\n\t\t\t\t\t\t\t\t\t<div class=\"additional-results-wrapper\">\n\t\t\t\t\t\t\t\t\t\t\t\t\t\t\t\t\t<\/div>\n\t\t\t\t\t\t\t<\/div>\n\t\t\t<div class=\"details-wrapper\">\n\t\t\t\t<ul>\n\t\t\t\t\t<li><span class=\"wrap-value\">2 G\u00e4ste<\/li>\t\t\t\t\t<span class=\"saperator\"><\/span>\n\t\t\t\t\t<li><span class=\"wrap-value\">1 Schlafzimmer<\/span><\/li>\t\t\t\t\t<!-- <li><span class=\"wrap-value\">1<\/span> Schlafzimmer<\/li> -->\n\t\t\t\t\t<span class=\"saperator\"><\/span>\n\t\t\t\t\t<li class=\"list_rating\"><span class=\"wrap-value\">4.8<\/span>&nbsp;<img decoding=\"async\" src=\"\/wp-content\/themes\/mahr\/assets\/images\/star-solid.svg\"\/><\/li> <span class=\"saperator\"><\/span>\t\t\t\t\t<li>\n\t\t\t\t\t\t<div class=\"info-footer\">\n\t\t\t\t\t\t\t<div class=\"price-container\">\n\t\t\t\t\t\t\t\t<!-- <a href=\"https:\/\/www.ferienwohnungen-garmischpartenkirchen.de\/de\/unterkuenfte\/fruehlingserwachen\/?adults=2\" class=\"price-button\"><div class=\"showprice \"><span class=\"price\" data-price=\"2900\">29,00<\/span> <span class=\"currency\">&euro;<\/span> <\/div><\/a> -->\n\t\t\t\t\t\t\t\t\t\t\t\t\t\t\t\t<div class=\"showprice \"><span class=\"price\" data-price=\"2900\">29,00<\/span> <span class=\"currency\">&euro;<\/span> <\/div>\n\t\t\t\t\t\t\t<\/div>\n\t\t\t\t\t\t<\/div>\n\t\t\t\t\t<\/li>\n\t\t\t\t<\/ul>\n\t\t\t<\/div>\n\t\t<\/div>\n\t\t<!-- <div class=\"info-footer\">\n\t\t\t<div class=\"price-container\">\n\t\t\t\t<a href=\"https:\/\/www.ferienwohnungen-garmischpartenkirchen.de\/de\/unterkuenfte\/fruehlingserwachen\/?adults=2\" class=\"price-button\"><div class=\"showprice \"><span class=\"price\" data-price=\"2900\">29,00<\/span> <span class=\"currency\">&euro;<\/span> <\/div><\/a>\n\t\t\t\t\t\t\t\t<div class=\"showprice \"><span class=\"price\" data-price=\"2900\">29,00<\/span> <span class=\"currency\">&euro;<\/span> <\/div>\n\t\t\t<\/div>\n\t\t<\/div> -->\n\t<\/div>\n<\/div><div class=\"unitcontent-wrapper\">\n\t\t\t<div class=\"image-wrapper\">\n\t\t\t<a href=\"https:\/\/www.ferienwohnungen-garmischpartenkirchen.de\/de\/unterkuenfte\/gluecksgriff\/?adults=2\">\n\t\t\t\t\t<div id=\"slider\" class=\"flexslider\">\n\t\t\t\t\t\t\t\t\t\t\t\t<ul class=\"slides\">\n\t\t\t\t\t\t\t\t\t\t\t\t\t\t\t<li>\n\t\t\t\t\t\t\t\t\t<img\n\t\t\t\t\t\t\t\t\tclass=\"lazy\"\n\t\t\t\t\t\t\t\t\tsrc=\"\"\n\t\t\t\t\t\t\t\t\tdata-src=\"https:\/\/www.ferienwohnungen-garmischpartenkirchen.de\/wp-content\/uploads\/2024\/06\/mf8271041-500x500.jpg\"\n\t\t\t\t\t\t\t\t\talt=\"Sessel, Sitzbank und Schafsbild in Ferienwohnung in Garmisch-Patenkirchen\"\n\t\t\t\t\t\t\t\t\tloading=\"lazy\"\n\t\t\t\t\t\t\t\t\tdecoding=\"async\">\n\t\t\t\t\t\t\t\t\t<!-- <img decoding=\"async\" class=\"lazy\" src=\"\" data-src=\"\" alt=\"\" \/> -->\n\t\t\t\t\t\t\t\t<\/li>\n\t\t\t\t\t\t\t\t\t\t\t\t\t\t\t<li>\n\t\t\t\t\t\t\t\t\t<img\n\t\t\t\t\t\t\t\t\tclass=\"lazy\"\n\t\t\t\t\t\t\t\t\tsrc=\"\"\n\t\t\t\t\t\t\t\t\tdata-src=\"https:\/\/www.ferienwohnungen-garmischpartenkirchen.de\/wp-content\/uploads\/2024\/06\/mf8271029-500x500.jpg\"\n\t\t\t\t\t\t\t\t\talt=\"Kleines Sofa mit weichen Kissen in Ferienwohnung in Garmisch-Patenkirchen\"\n\t\t\t\t\t\t\t\t\tloading=\"lazy\"\n\t\t\t\t\t\t\t\t\tdecoding=\"async\">\n\t\t\t\t\t\t\t\t\t<!-- <img decoding=\"async\" class=\"lazy\" src=\"\" data-src=\"\" alt=\"\" \/> -->\n\t\t\t\t\t\t\t\t<\/li>\n\t\t\t\t\t\t\t\t\t\t\t\t\t\t\t<li>\n\t\t\t\t\t\t\t\t\t<img\n\t\t\t\t\t\t\t\t\tclass=\"lazy\"\n\t\t\t\t\t\t\t\t\tsrc=\"\"\n\t\t\t\t\t\t\t\t\tdata-src=\"https:\/\/www.ferienwohnungen-garmischpartenkirchen.de\/wp-content\/uploads\/2024\/06\/mf8271043-500x500.jpg\"\n\t\t\t\t\t\t\t\t\talt=\"K\u00fcchenzeile mit beleuchtetem Bild in Ferienwohnung in Garmisch-Patenkirchen\"\n\t\t\t\t\t\t\t\t\tloading=\"lazy\"\n\t\t\t\t\t\t\t\t\tdecoding=\"async\">\n\t\t\t\t\t\t\t\t\t<!-- <img decoding=\"async\" class=\"lazy\" src=\"\" data-src=\"\" alt=\"\" \/> -->\n\t\t\t\t\t\t\t\t<\/li>\n\t\t\t\t\t\t\t\t\t\t\t\t\t\t\t<li>\n\t\t\t\t\t\t\t\t\t<img\n\t\t\t\t\t\t\t\t\tclass=\"lazy\"\n\t\t\t\t\t\t\t\t\tsrc=\"\"\n\t\t\t\t\t\t\t\t\tdata-src=\"https:\/\/www.ferienwohnungen-garmischpartenkirchen.de\/wp-content\/uploads\/2024\/06\/mf8271063-500x500.jpg\"\n\t\t\t\t\t\t\t\t\talt=\"Boxspringbett mit rotem Stuhl in Ferienwohnung in Garmisch-Patenkirchen\"\n\t\t\t\t\t\t\t\t\tloading=\"lazy\"\n\t\t\t\t\t\t\t\t\tdecoding=\"async\">\n\t\t\t\t\t\t\t\t\t<!-- <img decoding=\"async\" class=\"lazy\" src=\"\" data-src=\"\" alt=\"\" \/> -->\n\t\t\t\t\t\t\t\t<\/li>\n\t\t\t\t\t\t\t\t\t\t\t\t\t\t\t<li>\n\t\t\t\t\t\t\t\t\t<img\n\t\t\t\t\t\t\t\t\tclass=\"lazy\"\n\t\t\t\t\t\t\t\t\tsrc=\"\"\n\t\t\t\t\t\t\t\t\tdata-src=\"https:\/\/www.ferienwohnungen-garmischpartenkirchen.de\/wp-content\/uploads\/2024\/06\/mf8271075-500x500.jpg\"\n\t\t\t\t\t\t\t\t\talt=\"Wasserhahn im Bad in Ferienwohnung in Garmisch-Patenkirchen\"\n\t\t\t\t\t\t\t\t\tloading=\"lazy\"\n\t\t\t\t\t\t\t\t\tdecoding=\"async\">\n\t\t\t\t\t\t\t\t\t<!-- <img decoding=\"async\" class=\"lazy\" src=\"\" data-src=\"\" alt=\"\" \/> -->\n\t\t\t\t\t\t\t\t<\/li>\n\t\t\t\t\t\t\t\t\t\t\t\t\t<\/ul>\n\t\t\t\t\t<\/div>\n\t\t\t\t<\/a>\n\t\t<\/div>\n\t\t<div class=\"info-wrapper\">\n\t\t<div class=\"info-body\">\n\t\t\t<span class=\"favouritebtn\"><button class=\"simplefavorite-button\" data-postid=\"581\" data-siteid=\"1\" data-groupid=\"1\" data-favoritecount=\"16\" style=\"\">Favorite <i class=\"sf-icon-star-empty\"><\/i><\/button> <\/span>\n\t\t\t<div class=\"wrap-classification\">\n\t\t\t\t<h4 class=\"title-container\">\n\t\t\t\t\t<a href=\"https:\/\/www.ferienwohnungen-garmischpartenkirchen.de\/de\/unterkuenfte\/gluecksgriff\/?adults=2\">Gl\u00fccksgriff<\/a>\n\t\t\t\t<\/h4>\n\t\t\t<\/div>\n\t\t\t<p class=\"unit-region\">\n\t\t\t\t<span>Garmisch-Partenkirchen<\/span>\n\t\t\t<\/p>\n\t\t\t<div>\n\t\t\t\t\t\t\t<\/div>\n\t\t\t<div class=\"details-wrapper\">\n\t\t\t\t<ul>\n\t\t\t\t\t<li><span class=\"wrap-value\">3 G\u00e4ste<\/li>\t\t\t\t\t<span class=\"saperator\"><\/span>\n\t\t\t\t\t<li><span class=\"wrap-value\">1 Schlafzimmer<\/span><\/li>\t\t\t\t\t<!-- <li><span class=\"wrap-value\">1<\/span> Schlafzimmer<\/li> -->\n\t\t\t\t\t<span class=\"saperator\"><\/span>\n\t\t\t\t\t<li class=\"list_rating\"><span class=\"wrap-value\">4.5<\/span>&nbsp;<img decoding=\"async\" src=\"\/wp-content\/themes\/mahr\/assets\/images\/star-solid.svg\"\/><\/li> <span class=\"saperator\"><\/span>\t\t\t\t\t<li>\n\t\t\t\t\t\t<div class=\"info-footer\">\n\t\t\t\t\t\t\t<div class=\"price-container\">\n\t\t\t\t\t\t\t\t<!-- <a href=\"https:\/\/www.ferienwohnungen-garmischpartenkirchen.de\/de\/unterkuenfte\/gluecksgriff\/?adults=2\" class=\"price-button\"><div class=\"showprice \"><span class=\"price\" data-price=\"5500\">55,00<\/span> <span class=\"currency\">&euro;<\/span> <\/div><\/a> -->\n\t\t\t\t\t\t\t\t\t\t\t\t\t\t\t\t<div class=\"showprice \"><span class=\"price\" data-price=\"5500\">55,00<\/span> <span class=\"currency\">&euro;<\/span> <\/div>\n\t\t\t\t\t\t\t<\/div>\n\t\t\t\t\t\t<\/div>\n\t\t\t\t\t<\/li>\n\t\t\t\t<\/ul>\n\t\t\t<\/div>\n\t\t<\/div>\n\t\t<!-- <div class=\"info-footer\">\n\t\t\t<div class=\"price-container\">\n\t\t\t\t<a href=\"https:\/\/www.ferienwohnungen-garmischpartenkirchen.de\/de\/unterkuenfte\/gluecksgriff\/?adults=2\" class=\"price-button\"><div class=\"showprice \"><span class=\"price\" data-price=\"5500\">55,00<\/span> <span class=\"currency\">&euro;<\/span> <\/div><\/a>\n\t\t\t\t\t\t\t\t<div class=\"showprice \"><span class=\"price\" data-price=\"5500\">55,00<\/span> <span class=\"currency\">&euro;<\/span> <\/div>\n\t\t\t<\/div>\n\t\t<\/div> -->\n\t<\/div>\n<\/div><div class=\"unitcontent-wrapper unitcontent-alternatives-wrapper\">\n\t\t\t<div class=\"image-wrapper\">\n\t\t\t<a href=\"https:\/\/www.ferienwohnungen-garmischpartenkirchen.de\/de\/unterkuenfte\/sommerfrische\/?adults=2\">\n\t\t\t\t\t<div id=\"slider\" class=\"flexslider\">\n\t\t\t\t\t\t\t\t\t\t\t\t<ul class=\"slides\">\n\t\t\t\t\t\t\t\t\t\t\t\t\t\t\t<li>\n\t\t\t\t\t\t\t\t\t<img\n\t\t\t\t\t\t\t\t\tclass=\"lazy\"\n\t\t\t\t\t\t\t\t\tsrc=\"\"\n\t\t\t\t\t\t\t\t\tdata-src=\"https:\/\/www.ferienwohnungen-garmischpartenkirchen.de\/wp-content\/uploads\/2025\/12\/mf25273750-500x500.jpg\"\n\t\t\t\t\t\t\t\t\talt=\"\"\n\t\t\t\t\t\t\t\t\tloading=\"lazy\"\n\t\t\t\t\t\t\t\t\tdecoding=\"async\">\n\t\t\t\t\t\t\t\t\t<!-- <img decoding=\"async\" class=\"lazy\" src=\"\" data-src=\"\" alt=\"\" \/> -->\n\t\t\t\t\t\t\t\t<\/li>\n\t\t\t\t\t\t\t\t\t\t\t\t\t\t\t<li>\n\t\t\t\t\t\t\t\t\t<img\n\t\t\t\t\t\t\t\t\tclass=\"lazy\"\n\t\t\t\t\t\t\t\t\tsrc=\"\"\n\t\t\t\t\t\t\t\t\tdata-src=\"https:\/\/www.ferienwohnungen-garmischpartenkirchen.de\/wp-content\/uploads\/2025\/12\/mf25273751-500x500.jpg\"\n\t\t\t\t\t\t\t\t\talt=\"\"\n\t\t\t\t\t\t\t\t\tloading=\"lazy\"\n\t\t\t\t\t\t\t\t\tdecoding=\"async\">\n\t\t\t\t\t\t\t\t\t<!-- <img decoding=\"async\" class=\"lazy\" src=\"\" data-src=\"\" alt=\"\" \/> -->\n\t\t\t\t\t\t\t\t<\/li>\n\t\t\t\t\t\t\t\t\t\t\t\t\t\t\t<li>\n\t\t\t\t\t\t\t\t\t<img\n\t\t\t\t\t\t\t\t\tclass=\"lazy\"\n\t\t\t\t\t\t\t\t\tsrc=\"\"\n\t\t\t\t\t\t\t\t\tdata-src=\"https:\/\/www.ferienwohnungen-garmischpartenkirchen.de\/wp-content\/uploads\/2025\/12\/mf25273752-500x500.jpg\"\n\t\t\t\t\t\t\t\t\talt=\"\"\n\t\t\t\t\t\t\t\t\tloading=\"lazy\"\n\t\t\t\t\t\t\t\t\tdecoding=\"async\">\n\t\t\t\t\t\t\t\t\t<!-- <img decoding=\"async\" class=\"lazy\" src=\"\" data-src=\"\" alt=\"\" \/> -->\n\t\t\t\t\t\t\t\t<\/li>\n\t\t\t\t\t\t\t\t\t\t\t\t\t\t\t<li>\n\t\t\t\t\t\t\t\t\t<img\n\t\t\t\t\t\t\t\t\tclass=\"lazy\"\n\t\t\t\t\t\t\t\t\tsrc=\"\"\n\t\t\t\t\t\t\t\t\tdata-src=\"https:\/\/www.ferienwohnungen-garmischpartenkirchen.de\/wp-content\/uploads\/2025\/12\/mf25273753-500x500.jpg\"\n\t\t\t\t\t\t\t\t\talt=\"\"\n\t\t\t\t\t\t\t\t\tloading=\"lazy\"\n\t\t\t\t\t\t\t\t\tdecoding=\"async\">\n\t\t\t\t\t\t\t\t\t<!-- <img decoding=\"async\" class=\"lazy\" src=\"\" data-src=\"\" alt=\"\" \/> -->\n\t\t\t\t\t\t\t\t<\/li>\n\t\t\t\t\t\t\t\t\t\t\t\t\t\t\t<li>\n\t\t\t\t\t\t\t\t\t<img\n\t\t\t\t\t\t\t\t\tclass=\"lazy\"\n\t\t\t\t\t\t\t\t\tsrc=\"\"\n\t\t\t\t\t\t\t\t\tdata-src=\"https:\/\/www.ferienwohnungen-garmischpartenkirchen.de\/wp-content\/uploads\/2025\/12\/mf25273754-500x500.jpg\"\n\t\t\t\t\t\t\t\t\talt=\"\"\n\t\t\t\t\t\t\t\t\tloading=\"lazy\"\n\t\t\t\t\t\t\t\t\tdecoding=\"async\">\n\t\t\t\t\t\t\t\t\t<!-- <img decoding=\"async\" class=\"lazy\" src=\"\" data-src=\"\" alt=\"\" \/> -->\n\t\t\t\t\t\t\t\t<\/li>\n\t\t\t\t\t\t\t\t\t\t\t\t\t<\/ul>\n\t\t\t\t\t<\/div>\n\t\t\t\t<\/a>\n\t\t<\/div>\n\t\t<div class=\"info-wrapper\">\n\t\t<div class=\"info-body\">\n\t\t\t<span class=\"favouritebtn\"><button class=\"simplefavorite-button\" data-postid=\"15695\" data-siteid=\"1\" data-groupid=\"1\" data-favoritecount=\"3\" style=\"\">Favorite <i class=\"sf-icon-star-empty\"><\/i><\/button> <\/span>\n\t\t\t<div class=\"wrap-classification\">\n\t\t\t\t<h4 class=\"title-container\">\n\t\t\t\t\t<a href=\"https:\/\/www.ferienwohnungen-garmischpartenkirchen.de\/de\/unterkuenfte\/sommerfrische\/?adults=2\">Sommerfrische<\/a>\n\t\t\t\t<\/h4>\n\t\t\t<\/div>\n\t\t\t<p class=\"unit-region\">\n\t\t\t\t<span>Farchant<\/span>\n\t\t\t<\/p>\n\t\t\t<div>\n\t\t\t\t\t\t\t\t\t<div class=\"additional-results-wrapper\">\n\t\t\t\t\t\t\t\t\t\t\t\t\t\t\t\t\t<\/div>\n\t\t\t\t\t\t\t<\/div>\n\t\t\t<div class=\"details-wrapper\">\n\t\t\t\t<ul>\n\t\t\t\t\t<li><span class=\"wrap-value\">2 G\u00e4ste<\/li>\t\t\t\t\t<span class=\"saperator\"><\/span>\n\t\t\t\t\t<li><span class=\"wrap-value\">1 Schlafzimmer<\/span><\/li>\t\t\t\t\t<!-- <li><span class=\"wrap-value\">1<\/span> Schlafzimmer<\/li> -->\n\t\t\t\t\t<span class=\"saperator\"><\/span>\n\t\t\t\t\t\t\t\t\t\t<li>\n\t\t\t\t\t\t<div class=\"info-footer\">\n\t\t\t\t\t\t\t<div class=\"price-container\">\n\t\t\t\t\t\t\t\t<!-- <a href=\"https:\/\/www.ferienwohnungen-garmischpartenkirchen.de\/de\/unterkuenfte\/sommerfrische\/?adults=2\" class=\"price-button\"><div class=\"showprice \"><span class=\"price\" data-price=\"2900\">29,00<\/span> <span class=\"currency\">&euro;<\/span> <\/div><\/a> -->\n\t\t\t\t\t\t\t\t\t\t\t\t\t\t\t\t<div class=\"showprice \"><span class=\"price\" data-price=\"2900\">29,00<\/span> <span class=\"currency\">&euro;<\/span> <\/div>\n\t\t\t\t\t\t\t<\/div>\n\t\t\t\t\t\t<\/div>\n\t\t\t\t\t<\/li>\n\t\t\t\t<\/ul>\n\t\t\t<\/div>\n\t\t<\/div>\n\t\t<!-- <div class=\"info-footer\">\n\t\t\t<div class=\"price-container\">\n\t\t\t\t<a href=\"https:\/\/www.ferienwohnungen-garmischpartenkirchen.de\/de\/unterkuenfte\/sommerfrische\/?adults=2\" class=\"price-button\"><div class=\"showprice \"><span class=\"price\" data-price=\"2900\">29,00<\/span> <span class=\"currency\">&euro;<\/span> <\/div><\/a>\n\t\t\t\t\t\t\t\t<div class=\"showprice \"><span class=\"price\" data-price=\"2900\">29,00<\/span> <span class=\"currency\">&euro;<\/span> <\/div>\n\t\t\t<\/div>\n\t\t<\/div> -->\n\t<\/div>\n<\/div><div class=\"unitcontent-wrapper unitcontent-alternatives-wrapper\">\n\t\t\t<div class=\"image-wrapper\">\n\t\t\t<a href=\"https:\/\/www.ferienwohnungen-garmischpartenkirchen.de\/de\/unterkuenfte\/alpenhimmel\/?adults=2\">\n\t\t\t\t\t<div id=\"slider\" class=\"flexslider\">\n\t\t\t\t\t\t\t\t\t\t\t\t<ul class=\"slides\">\n\t\t\t\t\t\t\t\t\t\t\t\t\t\t\t<li>\n\t\t\t\t\t\t\t\t\t<img\n\t\t\t\t\t\t\t\t\tclass=\"lazy\"\n\t\t\t\t\t\t\t\t\tsrc=\"\"\n\t\t\t\t\t\t\t\t\tdata-src=\"https:\/\/www.ferienwohnungen-garmischpartenkirchen.de\/wp-content\/uploads\/2025\/01\/mf19966021-500x500.jpg\"\n\t\t\t\t\t\t\t\t\talt=\"\"\n\t\t\t\t\t\t\t\t\tloading=\"lazy\"\n\t\t\t\t\t\t\t\t\tdecoding=\"async\">\n\t\t\t\t\t\t\t\t\t<!-- <img decoding=\"async\" class=\"lazy\" src=\"\" data-src=\"\" alt=\"\" \/> -->\n\t\t\t\t\t\t\t\t<\/li>\n\t\t\t\t\t\t\t\t\t\t\t\t\t\t\t<li>\n\t\t\t\t\t\t\t\t\t<img\n\t\t\t\t\t\t\t\t\tclass=\"lazy\"\n\t\t\t\t\t\t\t\t\tsrc=\"\"\n\t\t\t\t\t\t\t\t\tdata-src=\"https:\/\/www.ferienwohnungen-garmischpartenkirchen.de\/wp-content\/uploads\/2025\/01\/mf19966032-500x500.jpg\"\n\t\t\t\t\t\t\t\t\talt=\"\"\n\t\t\t\t\t\t\t\t\tloading=\"lazy\"\n\t\t\t\t\t\t\t\t\tdecoding=\"async\">\n\t\t\t\t\t\t\t\t\t<!-- <img decoding=\"async\" class=\"lazy\" src=\"\" data-src=\"\" alt=\"\" \/> -->\n\t\t\t\t\t\t\t\t<\/li>\n\t\t\t\t\t\t\t\t\t\t\t\t\t\t\t<li>\n\t\t\t\t\t\t\t\t\t<img\n\t\t\t\t\t\t\t\t\tclass=\"lazy\"\n\t\t\t\t\t\t\t\t\tsrc=\"\"\n\t\t\t\t\t\t\t\t\tdata-src=\"https:\/\/www.ferienwohnungen-garmischpartenkirchen.de\/wp-content\/uploads\/2025\/01\/mf19966042-500x500.jpg\"\n\t\t\t\t\t\t\t\t\talt=\"\"\n\t\t\t\t\t\t\t\t\tloading=\"lazy\"\n\t\t\t\t\t\t\t\t\tdecoding=\"async\">\n\t\t\t\t\t\t\t\t\t<!-- <img decoding=\"async\" class=\"lazy\" src=\"\" data-src=\"\" alt=\"\" \/> -->\n\t\t\t\t\t\t\t\t<\/li>\n\t\t\t\t\t\t\t\t\t\t\t\t\t\t\t<li>\n\t\t\t\t\t\t\t\t\t<img\n\t\t\t\t\t\t\t\t\tclass=\"lazy\"\n\t\t\t\t\t\t\t\t\tsrc=\"\"\n\t\t\t\t\t\t\t\t\tdata-src=\"https:\/\/www.ferienwohnungen-garmischpartenkirchen.de\/wp-content\/uploads\/2025\/01\/mf19966043-500x500.jpg\"\n\t\t\t\t\t\t\t\t\talt=\"\"\n\t\t\t\t\t\t\t\t\tloading=\"lazy\"\n\t\t\t\t\t\t\t\t\tdecoding=\"async\">\n\t\t\t\t\t\t\t\t\t<!-- <img decoding=\"async\" class=\"lazy\" src=\"\" data-src=\"\" alt=\"\" \/> -->\n\t\t\t\t\t\t\t\t<\/li>\n\t\t\t\t\t\t\t\t\t\t\t\t\t\t\t<li>\n\t\t\t\t\t\t\t\t\t<img\n\t\t\t\t\t\t\t\t\tclass=\"lazy\"\n\t\t\t\t\t\t\t\t\tsrc=\"\"\n\t\t\t\t\t\t\t\t\tdata-src=\"https:\/\/www.ferienwohnungen-garmischpartenkirchen.de\/wp-content\/uploads\/2025\/01\/mf19966063-500x500.jpg\"\n\t\t\t\t\t\t\t\t\talt=\"\"\n\t\t\t\t\t\t\t\t\tloading=\"lazy\"\n\t\t\t\t\t\t\t\t\tdecoding=\"async\">\n\t\t\t\t\t\t\t\t\t<!-- <img decoding=\"async\" class=\"lazy\" src=\"\" data-src=\"\" alt=\"\" \/> -->\n\t\t\t\t\t\t\t\t<\/li>\n\t\t\t\t\t\t\t\t\t\t\t\t\t<\/ul>\n\t\t\t\t\t<\/div>\n\t\t\t\t<\/a>\n\t\t<\/div>\n\t\t<div class=\"info-wrapper\">\n\t\t<div class=\"info-body\">\n\t\t\t<span class=\"favouritebtn\"><button class=\"simplefavorite-button\" data-postid=\"592\" data-siteid=\"1\" data-groupid=\"1\" data-favoritecount=\"41\" style=\"\">Favorite <i class=\"sf-icon-star-empty\"><\/i><\/button> <\/span>\n\t\t\t<div class=\"wrap-classification\">\n\t\t\t\t<h4 class=\"title-container\">\n\t\t\t\t\t<a href=\"https:\/\/www.ferienwohnungen-garmischpartenkirchen.de\/de\/unterkuenfte\/alpenhimmel\/?adults=2\">Alpenhimmel<\/a>\n\t\t\t\t<\/h4>\n\t\t\t<\/div>\n\t\t\t<p class=\"unit-region\">\n\t\t\t\t<span>Garmisch-Partenkirchen<\/span>\n\t\t\t<\/p>\n\t\t\t<div>\n\t\t\t\t\t\t\t\t\t<div class=\"additional-results-wrapper\">\n\t\t\t\t\t\t\t\t\t\t\t\t\t\t\t\t\t<\/div>\n\t\t\t\t\t\t\t<\/div>\n\t\t\t<div class=\"details-wrapper\">\n\t\t\t\t<ul>\n\t\t\t\t\t<li><span class=\"wrap-value\">4 G\u00e4ste<\/li>\t\t\t\t\t<span class=\"saperator\"><\/span>\n\t\t\t\t\t<li><span class=\"wrap-value\">1 Schlafzimmer<\/span><\/li>\t\t\t\t\t<!-- <li><span class=\"wrap-value\">1<\/span> Schlafzimmer<\/li> -->\n\t\t\t\t\t<span class=\"saperator\"><\/span>\n\t\t\t\t\t<li class=\"list_rating\"><span class=\"wrap-value\">4.6<\/span>&nbsp;<img decoding=\"async\" src=\"\/wp-content\/themes\/mahr\/assets\/images\/star-solid.svg\"\/><\/li> <span class=\"saperator\"><\/span>\t\t\t\t\t<li>\n\t\t\t\t\t\t<div class=\"info-footer\">\n\t\t\t\t\t\t\t<div class=\"price-container\">\n\t\t\t\t\t\t\t\t<!-- <a href=\"https:\/\/www.ferienwohnungen-garmischpartenkirchen.de\/de\/unterkuenfte\/alpenhimmel\/?adults=2\" class=\"price-button\"><div class=\"showprice \"><span class=\"price\" data-price=\"5900\">59,00<\/span> <span class=\"currency\">&euro;<\/span> <\/div><\/a> -->\n\t\t\t\t\t\t\t\t\t\t\t\t\t\t\t\t<div class=\"showprice \"><span class=\"price\" data-price=\"5900\">59,00<\/span> <span class=\"currency\">&euro;<\/span> <\/div>\n\t\t\t\t\t\t\t<\/div>\n\t\t\t\t\t\t<\/div>\n\t\t\t\t\t<\/li>\n\t\t\t\t<\/ul>\n\t\t\t<\/div>\n\t\t<\/div>\n\t\t<!-- <div class=\"info-footer\">\n\t\t\t<div class=\"price-container\">\n\t\t\t\t<a href=\"https:\/\/www.ferienwohnungen-garmischpartenkirchen.de\/de\/unterkuenfte\/alpenhimmel\/?adults=2\" class=\"price-button\"><div class=\"showprice \"><span class=\"price\" data-price=\"5900\">59,00<\/span> <span class=\"currency\">&euro;<\/span> <\/div><\/a>\n\t\t\t\t\t\t\t\t<div class=\"showprice \"><span class=\"price\" data-price=\"5900\">59,00<\/span> <span class=\"currency\">&euro;<\/span> <\/div>\n\t\t\t<\/div>\n\t\t<\/div> -->\n\t<\/div>\n<\/div><div class=\"unitcontent-wrapper unitcontent-alternatives-wrapper\">\n\t\t\t<div class=\"image-wrapper\">\n\t\t\t<a href=\"https:\/\/www.ferienwohnungen-garmischpartenkirchen.de\/de\/unterkuenfte\/lichtblick\/?adults=2\">\n\t\t\t\t\t<div id=\"slider\" class=\"flexslider\">\n\t\t\t\t\t\t\t\t\t\t\t\t<ul class=\"slides\">\n\t\t\t\t\t\t\t\t\t\t\t\t\t\t\t<li>\n\t\t\t\t\t\t\t\t\t<img\n\t\t\t\t\t\t\t\t\tclass=\"lazy\"\n\t\t\t\t\t\t\t\t\tsrc=\"\"\n\t\t\t\t\t\t\t\t\tdata-src=\"https:\/\/www.ferienwohnungen-garmischpartenkirchen.de\/wp-content\/uploads\/2024\/06\/mf3721754-500x500.jpg\"\n\t\t\t\t\t\t\t\t\talt=\"Sofa und Couchtisch in Ferienwohnung in Garmisch-Partenkirchen\"\n\t\t\t\t\t\t\t\t\tloading=\"lazy\"\n\t\t\t\t\t\t\t\t\tdecoding=\"async\">\n\t\t\t\t\t\t\t\t\t<!-- <img decoding=\"async\" class=\"lazy\" src=\"\" data-src=\"\" alt=\"\" \/> -->\n\t\t\t\t\t\t\t\t<\/li>\n\t\t\t\t\t\t\t\t\t\t\t\t\t\t\t<li>\n\t\t\t\t\t\t\t\t\t<img\n\t\t\t\t\t\t\t\t\tclass=\"lazy\"\n\t\t\t\t\t\t\t\t\tsrc=\"\"\n\t\t\t\t\t\t\t\t\tdata-src=\"https:\/\/www.ferienwohnungen-garmischpartenkirchen.de\/wp-content\/uploads\/2024\/06\/mf3721756-500x500.jpg\"\n\t\t\t\t\t\t\t\t\talt=\"K\u00fcche und Backofen in Ferienwohnung in Garmisch-Partenkirchen\"\n\t\t\t\t\t\t\t\t\tloading=\"lazy\"\n\t\t\t\t\t\t\t\t\tdecoding=\"async\">\n\t\t\t\t\t\t\t\t\t<!-- <img decoding=\"async\" class=\"lazy\" src=\"\" data-src=\"\" alt=\"\" \/> -->\n\t\t\t\t\t\t\t\t<\/li>\n\t\t\t\t\t\t\t\t\t\t\t\t\t\t\t<li>\n\t\t\t\t\t\t\t\t\t<img\n\t\t\t\t\t\t\t\t\tclass=\"lazy\"\n\t\t\t\t\t\t\t\t\tsrc=\"\"\n\t\t\t\t\t\t\t\t\tdata-src=\"https:\/\/www.ferienwohnungen-garmischpartenkirchen.de\/wp-content\/uploads\/2024\/06\/mf3721770-500x500.jpg\"\n\t\t\t\t\t\t\t\t\talt=\"Doppelbett und Fernseher in Ferienwohnung in Garmisch-Partenkirchen\"\n\t\t\t\t\t\t\t\t\tloading=\"lazy\"\n\t\t\t\t\t\t\t\t\tdecoding=\"async\">\n\t\t\t\t\t\t\t\t\t<!-- <img decoding=\"async\" class=\"lazy\" src=\"\" data-src=\"\" alt=\"\" \/> -->\n\t\t\t\t\t\t\t\t<\/li>\n\t\t\t\t\t\t\t\t\t\t\t\t\t\t\t<li>\n\t\t\t\t\t\t\t\t\t<img\n\t\t\t\t\t\t\t\t\tclass=\"lazy\"\n\t\t\t\t\t\t\t\t\tsrc=\"\"\n\t\t\t\t\t\t\t\t\tdata-src=\"https:\/\/www.ferienwohnungen-garmischpartenkirchen.de\/wp-content\/uploads\/2024\/06\/mf14954832-500x500.jpg\"\n\t\t\t\t\t\t\t\t\talt=\"Badezimmer mit Waschbecken und Spiegel in Ferienwohnung in Garmisch-Partenkirchen\"\n\t\t\t\t\t\t\t\t\tloading=\"lazy\"\n\t\t\t\t\t\t\t\t\tdecoding=\"async\">\n\t\t\t\t\t\t\t\t\t<!-- <img decoding=\"async\" class=\"lazy\" src=\"\" data-src=\"\" alt=\"\" \/> -->\n\t\t\t\t\t\t\t\t<\/li>\n\t\t\t\t\t\t\t\t\t\t\t\t\t\t\t<li>\n\t\t\t\t\t\t\t\t\t<img\n\t\t\t\t\t\t\t\t\tclass=\"lazy\"\n\t\t\t\t\t\t\t\t\tsrc=\"\"\n\t\t\t\t\t\t\t\t\tdata-src=\"https:\/\/www.ferienwohnungen-garmischpartenkirchen.de\/wp-content\/uploads\/2024\/06\/mf3721783-500x500.jpg\"\n\t\t\t\t\t\t\t\t\talt=\"Balkon mit Stuhl und Tisch in Ferienwohnung in Garmisch-Partenkirchen\"\n\t\t\t\t\t\t\t\t\tloading=\"lazy\"\n\t\t\t\t\t\t\t\t\tdecoding=\"async\">\n\t\t\t\t\t\t\t\t\t<!-- <img decoding=\"async\" class=\"lazy\" src=\"\" data-src=\"\" alt=\"\" \/> -->\n\t\t\t\t\t\t\t\t<\/li>\n\t\t\t\t\t\t\t\t\t\t\t\t\t<\/ul>\n\t\t\t\t\t<\/div>\n\t\t\t\t<\/a>\n\t\t<\/div>\n\t\t<div class=\"info-wrapper\">\n\t\t<div class=\"info-body\">\n\t\t\t<span class=\"favouritebtn\"><button class=\"simplefavorite-button\" data-postid=\"498\" data-siteid=\"1\" data-groupid=\"1\" data-favoritecount=\"23\" style=\"\">Favorite <i class=\"sf-icon-star-empty\"><\/i><\/button> <\/span>\n\t\t\t<div class=\"wrap-classification\">\n\t\t\t\t<h4 class=\"title-container\">\n\t\t\t\t\t<a href=\"https:\/\/www.ferienwohnungen-garmischpartenkirchen.de\/de\/unterkuenfte\/lichtblick\/?adults=2\">Lichtblick<\/a>\n\t\t\t\t<\/h4>\n\t\t\t<\/div>\n\t\t\t<p class=\"unit-region\">\n\t\t\t\t<span>Farchant<\/span>\n\t\t\t<\/p>\n\t\t\t<div>\n\t\t\t\t\t\t\t\t\t<div class=\"additional-results-wrapper\">\n\t\t\t\t\t\t\t\t\t\t\t\t\t\t\t\t\t<\/div>\n\t\t\t\t\t\t\t<\/div>\n\t\t\t<div class=\"details-wrapper\">\n\t\t\t\t<ul>\n\t\t\t\t\t<li><span class=\"wrap-value\">3 G\u00e4ste<\/li>\t\t\t\t\t<span class=\"saperator\"><\/span>\n\t\t\t\t\t<li><span class=\"wrap-value\">1 Schlafzimmer<\/span><\/li>\t\t\t\t\t<!-- <li><span class=\"wrap-value\">1<\/span> Schlafzimmer<\/li> -->\n\t\t\t\t\t<span class=\"saperator\"><\/span>\n\t\t\t\t\t<li class=\"list_rating\"><span class=\"wrap-value\">4.9<\/span>&nbsp;<img decoding=\"async\" src=\"\/wp-content\/themes\/mahr\/assets\/images\/star-solid.svg\"\/><\/li> <span class=\"saperator\"><\/span>\t\t\t\t\t<li>\n\t\t\t\t\t\t<div class=\"info-footer\">\n\t\t\t\t\t\t\t<div class=\"price-container\">\n\t\t\t\t\t\t\t\t<!-- <a href=\"https:\/\/www.ferienwohnungen-garmischpartenkirchen.de\/de\/unterkuenfte\/lichtblick\/?adults=2\" class=\"price-button\"><div class=\"showprice \"><span class=\"price\" data-price=\"4900\">49,00<\/span> <span class=\"currency\">&euro;<\/span> <\/div><\/a> -->\n\t\t\t\t\t\t\t\t\t\t\t\t\t\t\t\t<div class=\"showprice \"><span class=\"price\" data-price=\"4900\">49,00<\/span> <span class=\"currency\">&euro;<\/span> <\/div>\n\t\t\t\t\t\t\t<\/div>\n\t\t\t\t\t\t<\/div>\n\t\t\t\t\t<\/li>\n\t\t\t\t<\/ul>\n\t\t\t<\/div>\n\t\t<\/div>\n\t\t<!-- <div class=\"info-footer\">\n\t\t\t<div class=\"price-container\">\n\t\t\t\t<a href=\"https:\/\/www.ferienwohnungen-garmischpartenkirchen.de\/de\/unterkuenfte\/lichtblick\/?adults=2\" class=\"price-button\"><div class=\"showprice \"><span class=\"price\" data-price=\"4900\">49,00<\/span> <span class=\"currency\">&euro;<\/span> <\/div><\/a>\n\t\t\t\t\t\t\t\t<div class=\"showprice \"><span class=\"price\" data-price=\"4900\">49,00<\/span> <span class=\"currency\">&euro;<\/span> <\/div>\n\t\t\t<\/div>\n\t\t<\/div> -->\n\t<\/div>\n<\/div><div class=\"unitcontent-wrapper unitcontent-alternatives-wrapper\">\n\t\t\t<div class=\"image-wrapper\">\n\t\t\t<a href=\"https:\/\/www.ferienwohnungen-garmischpartenkirchen.de\/de\/unterkuenfte\/winterruhe\/?adults=2\">\n\t\t\t\t\t<div id=\"slider\" class=\"flexslider\">\n\t\t\t\t\t\t\t\t\t\t\t\t<ul class=\"slides\">\n\t\t\t\t\t\t\t\t\t\t\t\t\t\t\t<li>\n\t\t\t\t\t\t\t\t\t<img\n\t\t\t\t\t\t\t\t\tclass=\"lazy\"\n\t\t\t\t\t\t\t\t\tsrc=\"\"\n\t\t\t\t\t\t\t\t\tdata-src=\"https:\/\/www.ferienwohnungen-garmischpartenkirchen.de\/wp-content\/uploads\/2025\/12\/mf25269839-500x500.jpg\"\n\t\t\t\t\t\t\t\t\talt=\"\"\n\t\t\t\t\t\t\t\t\tloading=\"lazy\"\n\t\t\t\t\t\t\t\t\tdecoding=\"async\">\n\t\t\t\t\t\t\t\t\t<!-- <img decoding=\"async\" class=\"lazy\" src=\"\" data-src=\"\" alt=\"\" \/> -->\n\t\t\t\t\t\t\t\t<\/li>\n\t\t\t\t\t\t\t\t\t\t\t\t\t\t\t<li>\n\t\t\t\t\t\t\t\t\t<img\n\t\t\t\t\t\t\t\t\tclass=\"lazy\"\n\t\t\t\t\t\t\t\t\tsrc=\"\"\n\t\t\t\t\t\t\t\t\tdata-src=\"https:\/\/www.ferienwohnungen-garmischpartenkirchen.de\/wp-content\/uploads\/2025\/12\/mf25269838-500x500.jpg\"\n\t\t\t\t\t\t\t\t\talt=\"\"\n\t\t\t\t\t\t\t\t\tloading=\"lazy\"\n\t\t\t\t\t\t\t\t\tdecoding=\"async\">\n\t\t\t\t\t\t\t\t\t<!-- <img decoding=\"async\" class=\"lazy\" src=\"\" data-src=\"\" alt=\"\" \/> -->\n\t\t\t\t\t\t\t\t<\/li>\n\t\t\t\t\t\t\t\t\t\t\t\t\t\t\t<li>\n\t\t\t\t\t\t\t\t\t<img\n\t\t\t\t\t\t\t\t\tclass=\"lazy\"\n\t\t\t\t\t\t\t\t\tsrc=\"\"\n\t\t\t\t\t\t\t\t\tdata-src=\"https:\/\/www.ferienwohnungen-garmischpartenkirchen.de\/wp-content\/uploads\/2025\/12\/mf25269840-500x500.jpg\"\n\t\t\t\t\t\t\t\t\talt=\"\"\n\t\t\t\t\t\t\t\t\tloading=\"lazy\"\n\t\t\t\t\t\t\t\t\tdecoding=\"async\">\n\t\t\t\t\t\t\t\t\t<!-- <img decoding=\"async\" class=\"lazy\" src=\"\" data-src=\"\" alt=\"\" \/> -->\n\t\t\t\t\t\t\t\t<\/li>\n\t\t\t\t\t\t\t\t\t\t\t\t\t\t\t<li>\n\t\t\t\t\t\t\t\t\t<img\n\t\t\t\t\t\t\t\t\tclass=\"lazy\"\n\t\t\t\t\t\t\t\t\tsrc=\"\"\n\t\t\t\t\t\t\t\t\tdata-src=\"https:\/\/www.ferienwohnungen-garmischpartenkirchen.de\/wp-content\/uploads\/2025\/12\/mf25269841-500x500.jpg\"\n\t\t\t\t\t\t\t\t\talt=\"\"\n\t\t\t\t\t\t\t\t\tloading=\"lazy\"\n\t\t\t\t\t\t\t\t\tdecoding=\"async\">\n\t\t\t\t\t\t\t\t\t<!-- <img decoding=\"async\" class=\"lazy\" src=\"\" data-src=\"\" alt=\"\" \/> -->\n\t\t\t\t\t\t\t\t<\/li>\n\t\t\t\t\t\t\t\t\t\t\t\t\t\t\t<li>\n\t\t\t\t\t\t\t\t\t<img\n\t\t\t\t\t\t\t\t\tclass=\"lazy\"\n\t\t\t\t\t\t\t\t\tsrc=\"\"\n\t\t\t\t\t\t\t\t\tdata-src=\"https:\/\/www.ferienwohnungen-garmischpartenkirchen.de\/wp-content\/uploads\/2025\/12\/mf25269842-500x500.jpg\"\n\t\t\t\t\t\t\t\t\talt=\"\"\n\t\t\t\t\t\t\t\t\tloading=\"lazy\"\n\t\t\t\t\t\t\t\t\tdecoding=\"async\">\n\t\t\t\t\t\t\t\t\t<!-- <img decoding=\"async\" class=\"lazy\" src=\"\" data-src=\"\" alt=\"\" \/> -->\n\t\t\t\t\t\t\t\t<\/li>\n\t\t\t\t\t\t\t\t\t\t\t\t\t<\/ul>\n\t\t\t\t\t<\/div>\n\t\t\t\t<\/a>\n\t\t<\/div>\n\t\t<div class=\"info-wrapper\">\n\t\t<div class=\"info-body\">\n\t\t\t<span class=\"favouritebtn\"><button class=\"simplefavorite-button\" data-postid=\"15515\" data-siteid=\"1\" data-groupid=\"1\" data-favoritecount=\"3\" style=\"\">Favorite <i class=\"sf-icon-star-empty\"><\/i><\/button> <\/span>\n\t\t\t<div class=\"wrap-classification\">\n\t\t\t\t<h4 class=\"title-container\">\n\t\t\t\t\t<a href=\"https:\/\/www.ferienwohnungen-garmischpartenkirchen.de\/de\/unterkuenfte\/winterruhe\/?adults=2\">Winterruhe<\/a>\n\t\t\t\t<\/h4>\n\t\t\t<\/div>\n\t\t\t<p class=\"unit-region\">\n\t\t\t\t<span>Farchant<\/span>\n\t\t\t<\/p>\n\t\t\t<div>\n\t\t\t\t\t\t\t\t\t<div class=\"additional-results-wrapper\">\n\t\t\t\t\t\t\t\t\t\t\t\t\t\t\t\t\t<\/div>\n\t\t\t\t\t\t\t<\/div>\n\t\t\t<div class=\"details-wrapper\">\n\t\t\t\t<ul>\n\t\t\t\t\t<li><span class=\"wrap-value\">2 G\u00e4ste<\/li>\t\t\t\t\t<span class=\"saperator\"><\/span>\n\t\t\t\t\t<li><span class=\"wrap-value\">1 Schlafzimmer<\/span><\/li>\t\t\t\t\t<!-- <li><span class=\"wrap-value\">1<\/span> Schlafzimmer<\/li> -->\n\t\t\t\t\t<span class=\"saperator\"><\/span>\n\t\t\t\t\t\t\t\t\t\t<li>\n\t\t\t\t\t\t<div class=\"info-footer\">\n\t\t\t\t\t\t\t<div class=\"price-container\">\n\t\t\t\t\t\t\t\t<!-- <a href=\"https:\/\/www.ferienwohnungen-garmischpartenkirchen.de\/de\/unterkuenfte\/winterruhe\/?adults=2\" class=\"price-button\"><div class=\"showprice \"><span class=\"price\" data-price=\"2000\">20,00<\/span> <span class=\"currency\">&euro;<\/span> <\/div><\/a> -->\n\t\t\t\t\t\t\t\t\t\t\t\t\t\t\t\t<div class=\"showprice \"><span class=\"price\" data-price=\"2000\">20,00<\/span> <span class=\"currency\">&euro;<\/span> <\/div>\n\t\t\t\t\t\t\t<\/div>\n\t\t\t\t\t\t<\/div>\n\t\t\t\t\t<\/li>\n\t\t\t\t<\/ul>\n\t\t\t<\/div>\n\t\t<\/div>\n\t\t<!-- <div class=\"info-footer\">\n\t\t\t<div class=\"price-container\">\n\t\t\t\t<a href=\"https:\/\/www.ferienwohnungen-garmischpartenkirchen.de\/de\/unterkuenfte\/winterruhe\/?adults=2\" class=\"price-button\"><div class=\"showprice \"><span class=\"price\" data-price=\"2000\">20,00<\/span> <span class=\"currency\">&euro;<\/span> <\/div><\/a>\n\t\t\t\t\t\t\t\t<div class=\"showprice \"><span class=\"price\" data-price=\"2000\">20,00<\/span> <span class=\"currency\">&euro;<\/span> <\/div>\n\t\t\t<\/div>\n\t\t<\/div> -->\n\t<\/div>\n<\/div><div class=\"unitcontent-wrapper unitcontent-alternatives-wrapper\">\n\t\t\t<div class=\"image-wrapper\">\n\t\t\t<a href=\"https:\/\/www.ferienwohnungen-garmischpartenkirchen.de\/de\/unterkuenfte\/bergglueck\/?adults=2\">\n\t\t\t\t\t<div id=\"slider\" class=\"flexslider\">\n\t\t\t\t\t\t\t\t\t\t\t\t<ul class=\"slides\">\n\t\t\t\t\t\t\t\t\t\t\t\t\t\t\t<li>\n\t\t\t\t\t\t\t\t\t<img\n\t\t\t\t\t\t\t\t\tclass=\"lazy\"\n\t\t\t\t\t\t\t\t\tsrc=\"\"\n\t\t\t\t\t\t\t\t\tdata-src=\"https:\/\/www.ferienwohnungen-garmischpartenkirchen.de\/wp-content\/uploads\/2026\/02\/mf26156291-500x500.jpg\"\n\t\t\t\t\t\t\t\t\talt=\"\"\n\t\t\t\t\t\t\t\t\tloading=\"lazy\"\n\t\t\t\t\t\t\t\t\tdecoding=\"async\">\n\t\t\t\t\t\t\t\t\t<!-- <img decoding=\"async\" class=\"lazy\" src=\"\" data-src=\"\" alt=\"\" \/> -->\n\t\t\t\t\t\t\t\t<\/li>\n\t\t\t\t\t\t\t\t\t\t\t\t\t\t\t<li>\n\t\t\t\t\t\t\t\t\t<img\n\t\t\t\t\t\t\t\t\tclass=\"lazy\"\n\t\t\t\t\t\t\t\t\tsrc=\"\"\n\t\t\t\t\t\t\t\t\tdata-src=\"https:\/\/www.ferienwohnungen-garmischpartenkirchen.de\/wp-content\/uploads\/2026\/02\/mf26156313-500x500.jpg\"\n\t\t\t\t\t\t\t\t\talt=\"\"\n\t\t\t\t\t\t\t\t\tloading=\"lazy\"\n\t\t\t\t\t\t\t\t\tdecoding=\"async\">\n\t\t\t\t\t\t\t\t\t<!-- <img decoding=\"async\" class=\"lazy\" src=\"\" data-src=\"\" alt=\"\" \/> -->\n\t\t\t\t\t\t\t\t<\/li>\n\t\t\t\t\t\t\t\t\t\t\t\t\t\t\t<li>\n\t\t\t\t\t\t\t\t\t<img\n\t\t\t\t\t\t\t\t\tclass=\"lazy\"\n\t\t\t\t\t\t\t\t\tsrc=\"\"\n\t\t\t\t\t\t\t\t\tdata-src=\"https:\/\/www.ferienwohnungen-garmischpartenkirchen.de\/wp-content\/uploads\/2026\/02\/mf26156318-500x500.jpg\"\n\t\t\t\t\t\t\t\t\talt=\"\"\n\t\t\t\t\t\t\t\t\tloading=\"lazy\"\n\t\t\t\t\t\t\t\t\tdecoding=\"async\">\n\t\t\t\t\t\t\t\t\t<!-- <img decoding=\"async\" class=\"lazy\" src=\"\" data-src=\"\" alt=\"\" \/> -->\n\t\t\t\t\t\t\t\t<\/li>\n\t\t\t\t\t\t\t\t\t\t\t\t\t\t\t<li>\n\t\t\t\t\t\t\t\t\t<img\n\t\t\t\t\t\t\t\t\tclass=\"lazy\"\n\t\t\t\t\t\t\t\t\tsrc=\"\"\n\t\t\t\t\t\t\t\t\tdata-src=\"https:\/\/www.ferienwohnungen-garmischpartenkirchen.de\/wp-content\/uploads\/2026\/02\/mf26156309-500x500.jpg\"\n\t\t\t\t\t\t\t\t\talt=\"\"\n\t\t\t\t\t\t\t\t\tloading=\"lazy\"\n\t\t\t\t\t\t\t\t\tdecoding=\"async\">\n\t\t\t\t\t\t\t\t\t<!-- <img decoding=\"async\" class=\"lazy\" src=\"\" data-src=\"\" alt=\"\" \/> -->\n\t\t\t\t\t\t\t\t<\/li>\n\t\t\t\t\t\t\t\t\t\t\t\t\t\t\t<li>\n\t\t\t\t\t\t\t\t\t<img\n\t\t\t\t\t\t\t\t\tclass=\"lazy\"\n\t\t\t\t\t\t\t\t\tsrc=\"\"\n\t\t\t\t\t\t\t\t\tdata-src=\"https:\/\/www.ferienwohnungen-garmischpartenkirchen.de\/wp-content\/uploads\/2026\/02\/mf26156292-500x500.jpg\"\n\t\t\t\t\t\t\t\t\talt=\"\"\n\t\t\t\t\t\t\t\t\tloading=\"lazy\"\n\t\t\t\t\t\t\t\t\tdecoding=\"async\">\n\t\t\t\t\t\t\t\t\t<!-- <img decoding=\"async\" class=\"lazy\" src=\"\" data-src=\"\" alt=\"\" \/> -->\n\t\t\t\t\t\t\t\t<\/li>\n\t\t\t\t\t\t\t\t\t\t\t\t\t<\/ul>\n\t\t\t\t\t<\/div>\n\t\t\t\t<\/a>\n\t\t<\/div>\n\t\t<div class=\"info-wrapper\">\n\t\t<div class=\"info-body\">\n\t\t\t<span class=\"favouritebtn\"><button class=\"simplefavorite-button\" data-postid=\"16122\" data-siteid=\"1\" data-groupid=\"1\" data-favoritecount=\"5\" style=\"\">Favorite <i class=\"sf-icon-star-empty\"><\/i><\/button> <\/span>\n\t\t\t<div class=\"wrap-classification\">\n\t\t\t\t<h4 class=\"title-container\">\n\t\t\t\t\t<a href=\"https:\/\/www.ferienwohnungen-garmischpartenkirchen.de\/de\/unterkuenfte\/bergglueck\/?adults=2\">Berggl\u00fcck<\/a>\n\t\t\t\t<\/h4>\n\t\t\t<\/div>\n\t\t\t<p class=\"unit-region\">\n\t\t\t\t<span>Garmisch-Partenkirchen<\/span>\n\t\t\t<\/p>\n\t\t\t<div>\n\t\t\t\t\t\t\t\t\t<div class=\"additional-results-wrapper\">\n\t\t\t\t\t\t\t\t\t\t\t\t\t\t\t\t\t<\/div>\n\t\t\t\t\t\t\t<\/div>\n\t\t\t<div class=\"details-wrapper\">\n\t\t\t\t<ul>\n\t\t\t\t\t<li><span class=\"wrap-value\">4 G\u00e4ste<\/li>\t\t\t\t\t<span class=\"saperator\"><\/span>\n\t\t\t\t\t<li><span class=\"wrap-value\">2 Schlafzimmer<\/span><\/li>\t\t\t\t\t<!-- <li><span class=\"wrap-value\">2<\/span> Schlafzimmer<\/li> -->\n\t\t\t\t\t<span class=\"saperator\"><\/span>\n\t\t\t\t\t<li class=\"list_rating\"><span class=\"wrap-value\">4.7<\/span>&nbsp;<img decoding=\"async\" src=\"\/wp-content\/themes\/mahr\/assets\/images\/star-solid.svg\"\/><\/li> <span class=\"saperator\"><\/span>\t\t\t\t\t<li>\n\t\t\t\t\t\t<div class=\"info-footer\">\n\t\t\t\t\t\t\t<div class=\"price-container\">\n\t\t\t\t\t\t\t\t<!-- <a href=\"https:\/\/www.ferienwohnungen-garmischpartenkirchen.de\/de\/unterkuenfte\/bergglueck\/?adults=2\" class=\"price-button\"><div class=\"showprice \"><span class=\"price\" data-price=\"5900\">59,00<\/span> <span class=\"currency\">&euro;<\/span> <\/div><\/a> -->\n\t\t\t\t\t\t\t\t\t\t\t\t\t\t\t\t<div class=\"showprice \"><span class=\"price\" data-price=\"5900\">59,00<\/span> <span class=\"currency\">&euro;<\/span> <\/div>\n\t\t\t\t\t\t\t<\/div>\n\t\t\t\t\t\t<\/div>\n\t\t\t\t\t<\/li>\n\t\t\t\t<\/ul>\n\t\t\t<\/div>\n\t\t<\/div>\n\t\t<!-- <div class=\"info-footer\">\n\t\t\t<div class=\"price-container\">\n\t\t\t\t<a href=\"https:\/\/www.ferienwohnungen-garmischpartenkirchen.de\/de\/unterkuenfte\/bergglueck\/?adults=2\" class=\"price-button\"><div class=\"showprice \"><span class=\"price\" data-price=\"5900\">59,00<\/span> <span class=\"currency\">&euro;<\/span> <\/div><\/a>\n\t\t\t\t\t\t\t\t<div class=\"showprice \"><span class=\"price\" data-price=\"5900\">59,00<\/span> <span class=\"currency\">&euro;<\/span> <\/div>\n\t\t\t<\/div>\n\t\t<\/div> -->\n\t<\/div>\n<\/div><div class=\"unitcontent-wrapper unitcontent-alternatives-wrapper\">\n\t\t\t<div class=\"image-wrapper\">\n\t\t\t<a href=\"https:\/\/www.ferienwohnungen-garmischpartenkirchen.de\/de\/unterkuenfte\/ausblick\/?adults=2\">\n\t\t\t\t\t<div id=\"slider\" class=\"flexslider\">\n\t\t\t\t\t\t\t\t\t\t\t\t<ul class=\"slides\">\n\t\t\t\t\t\t\t\t\t\t\t\t\t\t\t<li>\n\t\t\t\t\t\t\t\t\t<img\n\t\t\t\t\t\t\t\t\tclass=\"lazy\"\n\t\t\t\t\t\t\t\t\tsrc=\"\"\n\t\t\t\t\t\t\t\t\tdata-src=\"https:\/\/www.ferienwohnungen-garmischpartenkirchen.de\/wp-content\/uploads\/2024\/06\/mf14861950-500x500.jpg\"\n\t\t\t\t\t\t\t\t\talt=\"Wohnzimmer mit Balkon in Ferienwohnung in Garmisch-Partenkirchen\"\n\t\t\t\t\t\t\t\t\tloading=\"lazy\"\n\t\t\t\t\t\t\t\t\tdecoding=\"async\">\n\t\t\t\t\t\t\t\t\t<!-- <img decoding=\"async\" class=\"lazy\" src=\"\" data-src=\"\" alt=\"\" \/> -->\n\t\t\t\t\t\t\t\t<\/li>\n\t\t\t\t\t\t\t\t\t\t\t\t\t\t\t<li>\n\t\t\t\t\t\t\t\t\t<img\n\t\t\t\t\t\t\t\t\tclass=\"lazy\"\n\t\t\t\t\t\t\t\t\tsrc=\"\"\n\t\t\t\t\t\t\t\t\tdata-src=\"https:\/\/www.ferienwohnungen-garmischpartenkirchen.de\/wp-content\/uploads\/2024\/06\/mf14861955-500x500.jpg\"\n\t\t\t\t\t\t\t\t\talt=\"Wohnzimmer mit braunem Sofa in Ferienwohnung in Garmisch-Partenkirchen\"\n\t\t\t\t\t\t\t\t\tloading=\"lazy\"\n\t\t\t\t\t\t\t\t\tdecoding=\"async\">\n\t\t\t\t\t\t\t\t\t<!-- <img decoding=\"async\" class=\"lazy\" src=\"\" data-src=\"\" alt=\"\" \/> -->\n\t\t\t\t\t\t\t\t<\/li>\n\t\t\t\t\t\t\t\t\t\t\t\t\t\t\t<li>\n\t\t\t\t\t\t\t\t\t<img\n\t\t\t\t\t\t\t\t\tclass=\"lazy\"\n\t\t\t\t\t\t\t\t\tsrc=\"\"\n\t\t\t\t\t\t\t\t\tdata-src=\"https:\/\/www.ferienwohnungen-garmischpartenkirchen.de\/wp-content\/uploads\/2024\/06\/mf3699505-500x500.jpg\"\n\t\t\t\t\t\t\t\t\talt=\"Doppelbett mit Nachttisch in Ferienwohnung in Garmisch-Partenkirchen\"\n\t\t\t\t\t\t\t\t\tloading=\"lazy\"\n\t\t\t\t\t\t\t\t\tdecoding=\"async\">\n\t\t\t\t\t\t\t\t\t<!-- <img decoding=\"async\" class=\"lazy\" src=\"\" data-src=\"\" alt=\"\" \/> -->\n\t\t\t\t\t\t\t\t<\/li>\n\t\t\t\t\t\t\t\t\t\t\t\t\t\t\t<li>\n\t\t\t\t\t\t\t\t\t<img\n\t\t\t\t\t\t\t\t\tclass=\"lazy\"\n\t\t\t\t\t\t\t\t\tsrc=\"\"\n\t\t\t\t\t\t\t\t\tdata-src=\"https:\/\/www.ferienwohnungen-garmischpartenkirchen.de\/wp-content\/uploads\/2024\/06\/mf3699522-500x500.jpg\"\n\t\t\t\t\t\t\t\t\talt=\"Balkon mit Stuhl und Tisch in Ferienwohnung in Garmisch-Partenkirchen\"\n\t\t\t\t\t\t\t\t\tloading=\"lazy\"\n\t\t\t\t\t\t\t\t\tdecoding=\"async\">\n\t\t\t\t\t\t\t\t\t<!-- <img decoding=\"async\" class=\"lazy\" src=\"\" data-src=\"\" alt=\"\" \/> -->\n\t\t\t\t\t\t\t\t<\/li>\n\t\t\t\t\t\t\t\t\t\t\t\t\t\t\t<li>\n\t\t\t\t\t\t\t\t\t<img\n\t\t\t\t\t\t\t\t\tclass=\"lazy\"\n\t\t\t\t\t\t\t\t\tsrc=\"\"\n\t\t\t\t\t\t\t\t\tdata-src=\"https:\/\/www.ferienwohnungen-garmischpartenkirchen.de\/wp-content\/uploads\/2024\/06\/mf3699526-500x500.jpg\"\n\t\t\t\t\t\t\t\t\talt=\"Wiese und Alpen in Ferienwohnung in Garmisch-Partenkirchen\"\n\t\t\t\t\t\t\t\t\tloading=\"lazy\"\n\t\t\t\t\t\t\t\t\tdecoding=\"async\">\n\t\t\t\t\t\t\t\t\t<!-- <img decoding=\"async\" class=\"lazy\" src=\"\" data-src=\"\" alt=\"\" \/> -->\n\t\t\t\t\t\t\t\t<\/li>\n\t\t\t\t\t\t\t\t\t\t\t\t\t<\/ul>\n\t\t\t\t\t<\/div>\n\t\t\t\t<\/a>\n\t\t<\/div>\n\t\t<div class=\"info-wrapper\">\n\t\t<div class=\"info-body\">\n\t\t\t<span class=\"favouritebtn\"><button class=\"simplefavorite-button\" data-postid=\"499\" data-siteid=\"1\" data-groupid=\"1\" data-favoritecount=\"187\" style=\"\">Favorite <i class=\"sf-icon-star-empty\"><\/i><\/button> <\/span>\n\t\t\t<div class=\"wrap-classification\">\n\t\t\t\t<h4 class=\"title-container\">\n\t\t\t\t\t<a href=\"https:\/\/www.ferienwohnungen-garmischpartenkirchen.de\/de\/unterkuenfte\/ausblick\/?adults=2\">Ausblick<\/a>\n\t\t\t\t<\/h4>\n\t\t\t<\/div>\n\t\t\t<p class=\"unit-region\">\n\t\t\t\t<span>Farchant<\/span>\n\t\t\t<\/p>\n\t\t\t<div>\n\t\t\t\t\t\t\t\t\t<div class=\"additional-results-wrapper\">\n\t\t\t\t\t\t\t\t\t\t\t\t\t\t\t\t\t<\/div>\n\t\t\t\t\t\t\t<\/div>\n\t\t\t<div class=\"details-wrapper\">\n\t\t\t\t<ul>\n\t\t\t\t\t<li><span class=\"wrap-value\">3 G\u00e4ste<\/li>\t\t\t\t\t<span class=\"saperator\"><\/span>\n\t\t\t\t\t<li><span class=\"wrap-value\">1 Schlafzimmer<\/span><\/li>\t\t\t\t\t<!-- <li><span class=\"wrap-value\">1<\/span> Schlafzimmer<\/li> -->\n\t\t\t\t\t<span class=\"saperator\"><\/span>\n\t\t\t\t\t<li class=\"list_rating\"><span class=\"wrap-value\">4.7<\/span>&nbsp;<img decoding=\"async\" src=\"\/wp-content\/themes\/mahr\/assets\/images\/star-solid.svg\"\/><\/li> <span class=\"saperator\"><\/span>\t\t\t\t\t<li>\n\t\t\t\t\t\t<div class=\"info-footer\">\n\t\t\t\t\t\t\t<div class=\"price-container\">\n\t\t\t\t\t\t\t\t<!-- <a href=\"https:\/\/www.ferienwohnungen-garmischpartenkirchen.de\/de\/unterkuenfte\/ausblick\/?adults=2\" class=\"price-button\"><div class=\"showprice \"><span class=\"price\" data-price=\"3900\">39,00<\/span> <span class=\"currency\">&euro;<\/span> <\/div><\/a> -->\n\t\t\t\t\t\t\t\t\t\t\t\t\t\t\t\t<div class=\"showprice \"><span class=\"price\" data-price=\"3900\">39,00<\/span> <span class=\"currency\">&euro;<\/span> <\/div>\n\t\t\t\t\t\t\t<\/div>\n\t\t\t\t\t\t<\/div>\n\t\t\t\t\t<\/li>\n\t\t\t\t<\/ul>\n\t\t\t<\/div>\n\t\t<\/div>\n\t\t<!-- <div class=\"info-footer\">\n\t\t\t<div class=\"price-container\">\n\t\t\t\t<a href=\"https:\/\/www.ferienwohnungen-garmischpartenkirchen.de\/de\/unterkuenfte\/ausblick\/?adults=2\" class=\"price-button\"><div class=\"showprice \"><span class=\"price\" data-price=\"3900\">39,00<\/span> <span class=\"currency\">&euro;<\/span> <\/div><\/a>\n\t\t\t\t\t\t\t\t<div class=\"showprice \"><span class=\"price\" data-price=\"3900\">39,00<\/span> <span class=\"currency\">&euro;<\/span> <\/div>\n\t\t\t<\/div>\n\t\t<\/div> -->\n\t<\/div>\n<\/div>                                <\/div>\n                                <div class=\"pagination-wrapper\">\n                                                                    <\/div>\n                                                        <div class=\"bewertung_block\">\n                                <img decoding=\"async\" src=\"\/wp-content\/themes\/mahr\/assets\/images\/icon22.png\">\n                                <h4>5546 Bewertungen<\/h4>\n                                <p>0 Unterkunft wurden im Schnitt mit 4.8 von 5 Sternen bewertet. <\/p>\n                            <\/div>\n                        <\/div>\n\n                    <\/div>\n\n                <\/div>\n            <\/div>\n        <\/main>\n    <\/div>\n<\/div>\n<!-- <div id=\"beon-spinner\">\n    <div class=\"beon-spinner-content\"><\/div>\n<\/div> -->\n<\/div>\n\t\t\t\t\t\t<\/div>\n\t\t\t\t<\/div>\n\t\t\t\t\t<\/div>\n\t\t\t\t<\/div>\n\t\t<div class=\"elementor-element elementor-element-84d84c2 e-flex e-con-boxed e-con e-parent\" data-id=\"84d84c2\" data-element_type=\"container\" data-settings=\"{&quot;background_background&quot;:&quot;classic&quot;}\">\n\t\t\t\t\t<div class=\"e-con-inner\">\n\t\t\t\t<div class=\"elementor-element elementor-element-8c3c97f elementor-widget elementor-widget-spacer\" data-id=\"8c3c97f\" data-element_type=\"widget\" data-widget_type=\"spacer.default\">\n\t\t\t\t<div class=\"elementor-widget-container\">\n\t\t\t\t\t\t\t<div class=\"elementor-spacer\">\n\t\t\t<div class=\"elementor-spacer-inner\"><\/div>\n\t\t<\/div>\n\t\t\t\t\t\t<\/div>\n\t\t\t\t<\/div>\n\t\t\t\t<div class=\"elementor-element elementor-element-420e0e9 lastseen_icon elementor-widget elementor-widget-heading\" data-id=\"420e0e9\" data-element_type=\"widget\" data-widget_type=\"heading.default\">\n\t\t\t\t<div class=\"elementor-widget-container\">\n\t\t\t\t\t<h2 class=\"elementor-heading-title elementor-size-default\">Schl\u00fcsselloser Check-in direkt am Objekt\n<br> <span>\nmit Mahr's Fewo-Vermittlung\n<\/span><\/h2>\t\t\t\t<\/div>\n\t\t\t\t<\/div>\n\t\t\t\t<div class=\"elementor-element elementor-element-54d99a3 elementor-widget elementor-widget-spacer\" data-id=\"54d99a3\" data-element_type=\"widget\" data-widget_type=\"spacer.default\">\n\t\t\t\t<div class=\"elementor-widget-container\">\n\t\t\t\t\t\t\t<div class=\"elementor-spacer\">\n\t\t\t<div class=\"elementor-spacer-inner\"><\/div>\n\t\t<\/div>\n\t\t\t\t\t\t<\/div>\n\t\t\t\t<\/div>\n\t\t\t\t<div class=\"elementor-element elementor-element-3e61bfe elementor-widget__width-initial elementor-widget-mobile__width-inherit elementor-widget elementor-widget-text-editor\" data-id=\"3e61bfe\" data-element_type=\"widget\" data-widget_type=\"text-editor.default\">\n\t\t\t\t<div class=\"elementor-widget-container\">\n\t\t\t\t\t\t\t\t\t<p>Wir erm\u00f6glichen Ihnen einen besonders komfortablen Urlaubsstart: Statt den Schl\u00fcssel pers\u00f6nlich abzuholen, checken Sie direkt an Ihrer Unterkunft ein \u2013 schnell, sicher und digital.<br \/>Mit einem internetf\u00e4higen Smartphone erhalten Sie kurz vor Anreise einen pers\u00f6nlichen Link, \u00fcber den Sie Haus- und Wohnungst\u00fcr bequem \u00f6ffnen k\u00f6nnen. Eine App m\u00fcssen Sie hierf\u00fcr nicht installieren.<\/p><p>Der Zugang ist flexibel und rund um die Uhr m\u00f6glich \u2013 bitte beachten Sie dabei unsere Check-in-Zeiten. So sparen Sie Zeit und genie\u00dfen vom ersten Moment an das gute Gef\u00fchl von echter Erholung.<\/p><p>Wir freuen uns darauf, Ihnen diese moderne M\u00f6glichkeit zu bieten \u2013 f\u00fcr einen entspannten Start in Ihren Urlaub bei uns!<\/p>\t\t\t\t\t\t\t\t<\/div>\n\t\t\t\t<\/div>\n\t\t\t\t<div class=\"elementor-element elementor-element-cc4d3b6 elementor-widget elementor-widget-spacer\" data-id=\"cc4d3b6\" data-element_type=\"widget\" data-widget_type=\"spacer.default\">\n\t\t\t\t<div class=\"elementor-widget-container\">\n\t\t\t\t\t\t\t<div class=\"elementor-spacer\">\n\t\t\t<div class=\"elementor-spacer-inner\"><\/div>\n\t\t<\/div>\n\t\t\t\t\t\t<\/div>\n\t\t\t\t<\/div>\n\t\t\t\t\t<\/div>\n\t\t\t\t<\/div>\n\t\t\t\t<\/div>\n\t\t","protected":false},"excerpt":{"rendered":"<p>Schl\u00fcsselloser Check-in direkt am Objekt mit Mahr&#8217;s Fewo-Vermittlung Wir erm\u00f6glichen Ihnen einen besonders komfortablen Urlaubsstart: Statt den Schl\u00fcssel pers\u00f6nlich abzuholen, checken Sie direkt an Ihrer Unterkunft ein \u2013 schnell, sicher und digital.Mit einem internetf\u00e4higen Smartphone erhalten Sie kurz vor Anreise einen pers\u00f6nlichen Link, \u00fcber den Sie Haus- und Wohnungst\u00fcr bequem \u00f6ffnen k\u00f6nnen. Eine App m\u00fcssen [&hellip;]<\/p>\n","protected":false},"author":1,"featured_media":14367,"parent":0,"menu_order":0,"comment_status":"closed","ping_status":"closed","template":"","meta":{"_acf_changed":false,"footnotes":""},"seitenarte":[15],"class_list":["post-14354","page","type-page","status-publish","has-post-thumbnail","hentry","seitenarte-landing-pages"],"acf":[],"yoast_head":"<!-- This site is optimized with the Yoast SEO plugin v26.6 - https:\/\/yoast.com\/wordpress\/plugins\/seo\/ -->\n<title>Schl\u00fcsselloser Check-in - Mahr GmbH<\/title>\n<meta name=\"robots\" content=\"index, follow, max-snippet:-1, max-image-preview:large, max-video-preview:-1\" \/>\n<link rel=\"canonical\" href=\"https:\/\/www.ferienwohnungen-garmischpartenkirchen.de\/de\/schluesselloser-check-in\/\" \/>\n<meta property=\"og:locale\" content=\"de_DE\" \/>\n<meta property=\"og:type\" content=\"article\" \/>\n<meta property=\"og:title\" content=\"Schl\u00fcsselloser Check-in - Mahr GmbH\" \/>\n<meta property=\"og:description\" content=\"Schl\u00fcsselloser Check-in direkt am Objekt mit Mahr&#8217;s Fewo-Vermittlung Wir erm\u00f6glichen Ihnen einen besonders komfortablen Urlaubsstart: Statt den Schl\u00fcssel pers\u00f6nlich abzuholen, checken Sie direkt an Ihrer Unterkunft ein \u2013 schnell, sicher und digital.Mit einem internetf\u00e4higen Smartphone erhalten Sie kurz vor Anreise einen pers\u00f6nlichen Link, \u00fcber den Sie Haus- und Wohnungst\u00fcr bequem \u00f6ffnen k\u00f6nnen. Eine App m\u00fcssen [&hellip;]\" \/>\n<meta property=\"og:url\" content=\"https:\/\/www.ferienwohnungen-garmischpartenkirchen.de\/de\/schluesselloser-check-in\/\" \/>\n<meta property=\"og:site_name\" content=\"Mahr GmbH\" \/>\n<meta property=\"article:modified_time\" content=\"2025-04-07T07:25:59+00:00\" \/>\n<meta property=\"og:image\" content=\"https:\/\/www.ferienwohnungen-garmischpartenkirchen.de\/wp-content\/uploads\/2025\/03\/IMG_1515-scaled.jpg\" \/>\n\t<meta property=\"og:image:width\" content=\"2560\" \/>\n\t<meta property=\"og:image:height\" content=\"1707\" \/>\n\t<meta property=\"og:image:type\" content=\"image\/jpeg\" \/>\n<meta name=\"twitter:card\" content=\"summary_large_image\" \/>\n<meta name=\"twitter:label1\" content=\"Gesch\u00e4tzte Lesezeit\" \/>\n\t<meta name=\"twitter:data1\" content=\"1\u00a0Minute\" \/>\n<script type=\"application\/ld+json\" class=\"yoast-schema-graph\">{\"@context\":\"https:\/\/schema.org\",\"@graph\":[{\"@type\":\"WebPage\",\"@id\":\"https:\/\/www.ferienwohnungen-garmischpartenkirchen.de\/de\/schluesselloser-check-in\/\",\"url\":\"https:\/\/www.ferienwohnungen-garmischpartenkirchen.de\/de\/schluesselloser-check-in\/\",\"name\":\"Schl\u00fcsselloser Check-in - Mahr GmbH\",\"isPartOf\":{\"@id\":\"https:\/\/www.ferienwohnungen-garmischpartenkirchen.de\/de\/#website\"},\"primaryImageOfPage\":{\"@id\":\"https:\/\/www.ferienwohnungen-garmischpartenkirchen.de\/de\/schluesselloser-check-in\/#primaryimage\"},\"image\":{\"@id\":\"https:\/\/www.ferienwohnungen-garmischpartenkirchen.de\/de\/schluesselloser-check-in\/#primaryimage\"},\"thumbnailUrl\":\"https:\/\/www.ferienwohnungen-garmischpartenkirchen.de\/wp-content\/uploads\/2025\/03\/IMG_1515-scaled.jpg\",\"datePublished\":\"2025-03-27T08:10:54+00:00\",\"dateModified\":\"2025-04-07T07:25:59+00:00\",\"breadcrumb\":{\"@id\":\"https:\/\/www.ferienwohnungen-garmischpartenkirchen.de\/de\/schluesselloser-check-in\/#breadcrumb\"},\"inLanguage\":\"de\",\"potentialAction\":[{\"@type\":\"ReadAction\",\"target\":[\"https:\/\/www.ferienwohnungen-garmischpartenkirchen.de\/de\/schluesselloser-check-in\/\"]}]},{\"@type\":\"ImageObject\",\"inLanguage\":\"de\",\"@id\":\"https:\/\/www.ferienwohnungen-garmischpartenkirchen.de\/de\/schluesselloser-check-in\/#primaryimage\",\"url\":\"https:\/\/www.ferienwohnungen-garmischpartenkirchen.de\/wp-content\/uploads\/2025\/03\/IMG_1515-scaled.jpg\",\"contentUrl\":\"https:\/\/www.ferienwohnungen-garmischpartenkirchen.de\/wp-content\/uploads\/2025\/03\/IMG_1515-scaled.jpg\",\"width\":2560,\"height\":1707},{\"@type\":\"BreadcrumbList\",\"@id\":\"https:\/\/www.ferienwohnungen-garmischpartenkirchen.de\/de\/schluesselloser-check-in\/#breadcrumb\",\"itemListElement\":[{\"@type\":\"ListItem\",\"position\":1,\"name\":\"Startseite\",\"item\":\"https:\/\/www.ferienwohnungen-garmischpartenkirchen.de\/de\/\"},{\"@type\":\"ListItem\",\"position\":2,\"name\":\"Schl\u00fcsselloser Check-in\"}]},{\"@type\":\"WebSite\",\"@id\":\"https:\/\/www.ferienwohnungen-garmischpartenkirchen.de\/de\/#website\",\"url\":\"https:\/\/www.ferienwohnungen-garmischpartenkirchen.de\/de\/\",\"name\":\"Mahr GmbH\",\"description\":\"\",\"publisher\":{\"@id\":\"https:\/\/www.ferienwohnungen-garmischpartenkirchen.de\/de\/#organization\"},\"potentialAction\":[{\"@type\":\"SearchAction\",\"target\":{\"@type\":\"EntryPoint\",\"urlTemplate\":\"https:\/\/www.ferienwohnungen-garmischpartenkirchen.de\/de\/?s={search_term_string}\"},\"query-input\":{\"@type\":\"PropertyValueSpecification\",\"valueRequired\":true,\"valueName\":\"search_term_string\"}}],\"inLanguage\":\"de\"},{\"@type\":\"Organization\",\"@id\":\"https:\/\/www.ferienwohnungen-garmischpartenkirchen.de\/de\/#organization\",\"name\":\"Mahr GmbH\",\"url\":\"https:\/\/www.ferienwohnungen-garmischpartenkirchen.de\/de\/\",\"logo\":{\"@type\":\"ImageObject\",\"inLanguage\":\"de\",\"@id\":\"https:\/\/www.ferienwohnungen-garmischpartenkirchen.de\/de\/#\/schema\/logo\/image\/\",\"url\":\"https:\/\/www.ferienwohnungen-garmischpartenkirchen.de\/wp-content\/uploads\/2024\/06\/Wortbildmarke_Negativ-1024x253-1.png\",\"contentUrl\":\"https:\/\/www.ferienwohnungen-garmischpartenkirchen.de\/wp-content\/uploads\/2024\/06\/Wortbildmarke_Negativ-1024x253-1.png\",\"width\":1024,\"height\":253,\"caption\":\"Mahr GmbH\"},\"image\":{\"@id\":\"https:\/\/www.ferienwohnungen-garmischpartenkirchen.de\/de\/#\/schema\/logo\/image\/\"}}]}<\/script>\n<!-- \/ Yoast SEO plugin. -->","yoast_head_json":{"title":"Schl\u00fcsselloser Check-in - Mahr GmbH","robots":{"index":"index","follow":"follow","max-snippet":"max-snippet:-1","max-image-preview":"max-image-preview:large","max-video-preview":"max-video-preview:-1"},"canonical":"https:\/\/www.ferienwohnungen-garmischpartenkirchen.de\/de\/schluesselloser-check-in\/","og_locale":"de_DE","og_type":"article","og_title":"Schl\u00fcsselloser Check-in - Mahr GmbH","og_description":"Schl\u00fcsselloser Check-in direkt am Objekt mit Mahr&#8217;s Fewo-Vermittlung Wir erm\u00f6glichen Ihnen einen besonders komfortablen Urlaubsstart: Statt den Schl\u00fcssel pers\u00f6nlich abzuholen, checken Sie direkt an Ihrer Unterkunft ein \u2013 schnell, sicher und digital.Mit einem internetf\u00e4higen Smartphone erhalten Sie kurz vor Anreise einen pers\u00f6nlichen Link, \u00fcber den Sie Haus- und Wohnungst\u00fcr bequem \u00f6ffnen k\u00f6nnen. Eine App m\u00fcssen [&hellip;]","og_url":"https:\/\/www.ferienwohnungen-garmischpartenkirchen.de\/de\/schluesselloser-check-in\/","og_site_name":"Mahr GmbH","article_modified_time":"2025-04-07T07:25:59+00:00","og_image":[{"width":2560,"height":1707,"url":"https:\/\/www.ferienwohnungen-garmischpartenkirchen.de\/wp-content\/uploads\/2025\/03\/IMG_1515-scaled.jpg","type":"image\/jpeg"}],"twitter_card":"summary_large_image","twitter_misc":{"Gesch\u00e4tzte Lesezeit":"1\u00a0Minute"},"schema":{"@context":"https:\/\/schema.org","@graph":[{"@type":"WebPage","@id":"https:\/\/www.ferienwohnungen-garmischpartenkirchen.de\/de\/schluesselloser-check-in\/","url":"https:\/\/www.ferienwohnungen-garmischpartenkirchen.de\/de\/schluesselloser-check-in\/","name":"Schl\u00fcsselloser Check-in - Mahr GmbH","isPartOf":{"@id":"https:\/\/www.ferienwohnungen-garmischpartenkirchen.de\/de\/#website"},"primaryImageOfPage":{"@id":"https:\/\/www.ferienwohnungen-garmischpartenkirchen.de\/de\/schluesselloser-check-in\/#primaryimage"},"image":{"@id":"https:\/\/www.ferienwohnungen-garmischpartenkirchen.de\/de\/schluesselloser-check-in\/#primaryimage"},"thumbnailUrl":"https:\/\/www.ferienwohnungen-garmischpartenkirchen.de\/wp-content\/uploads\/2025\/03\/IMG_1515-scaled.jpg","datePublished":"2025-03-27T08:10:54+00:00","dateModified":"2025-04-07T07:25:59+00:00","breadcrumb":{"@id":"https:\/\/www.ferienwohnungen-garmischpartenkirchen.de\/de\/schluesselloser-check-in\/#breadcrumb"},"inLanguage":"de","potentialAction":[{"@type":"ReadAction","target":["https:\/\/www.ferienwohnungen-garmischpartenkirchen.de\/de\/schluesselloser-check-in\/"]}]},{"@type":"ImageObject","inLanguage":"de","@id":"https:\/\/www.ferienwohnungen-garmischpartenkirchen.de\/de\/schluesselloser-check-in\/#primaryimage","url":"https:\/\/www.ferienwohnungen-garmischpartenkirchen.de\/wp-content\/uploads\/2025\/03\/IMG_1515-scaled.jpg","contentUrl":"https:\/\/www.ferienwohnungen-garmischpartenkirchen.de\/wp-content\/uploads\/2025\/03\/IMG_1515-scaled.jpg","width":2560,"height":1707},{"@type":"BreadcrumbList","@id":"https:\/\/www.ferienwohnungen-garmischpartenkirchen.de\/de\/schluesselloser-check-in\/#breadcrumb","itemListElement":[{"@type":"ListItem","position":1,"name":"Startseite","item":"https:\/\/www.ferienwohnungen-garmischpartenkirchen.de\/de\/"},{"@type":"ListItem","position":2,"name":"Schl\u00fcsselloser Check-in"}]},{"@type":"WebSite","@id":"https:\/\/www.ferienwohnungen-garmischpartenkirchen.de\/de\/#website","url":"https:\/\/www.ferienwohnungen-garmischpartenkirchen.de\/de\/","name":"Mahr GmbH","description":"","publisher":{"@id":"https:\/\/www.ferienwohnungen-garmischpartenkirchen.de\/de\/#organization"},"potentialAction":[{"@type":"SearchAction","target":{"@type":"EntryPoint","urlTemplate":"https:\/\/www.ferienwohnungen-garmischpartenkirchen.de\/de\/?s={search_term_string}"},"query-input":{"@type":"PropertyValueSpecification","valueRequired":true,"valueName":"search_term_string"}}],"inLanguage":"de"},{"@type":"Organization","@id":"https:\/\/www.ferienwohnungen-garmischpartenkirchen.de\/de\/#organization","name":"Mahr GmbH","url":"https:\/\/www.ferienwohnungen-garmischpartenkirchen.de\/de\/","logo":{"@type":"ImageObject","inLanguage":"de","@id":"https:\/\/www.ferienwohnungen-garmischpartenkirchen.de\/de\/#\/schema\/logo\/image\/","url":"https:\/\/www.ferienwohnungen-garmischpartenkirchen.de\/wp-content\/uploads\/2024\/06\/Wortbildmarke_Negativ-1024x253-1.png","contentUrl":"https:\/\/www.ferienwohnungen-garmischpartenkirchen.de\/wp-content\/uploads\/2024\/06\/Wortbildmarke_Negativ-1024x253-1.png","width":1024,"height":253,"caption":"Mahr GmbH"},"image":{"@id":"https:\/\/www.ferienwohnungen-garmischpartenkirchen.de\/de\/#\/schema\/logo\/image\/"}}]}},"_links":{"self":[{"href":"https:\/\/www.ferienwohnungen-garmischpartenkirchen.de\/de\/wp-json\/wp\/v2\/pages\/14354","targetHints":{"allow":["GET"]}}],"collection":[{"href":"https:\/\/www.ferienwohnungen-garmischpartenkirchen.de\/de\/wp-json\/wp\/v2\/pages"}],"about":[{"href":"https:\/\/www.ferienwohnungen-garmischpartenkirchen.de\/de\/wp-json\/wp\/v2\/types\/page"}],"author":[{"embeddable":true,"href":"https:\/\/www.ferienwohnungen-garmischpartenkirchen.de\/de\/wp-json\/wp\/v2\/users\/1"}],"replies":[{"embeddable":true,"href":"https:\/\/www.ferienwohnungen-garmischpartenkirchen.de\/de\/wp-json\/wp\/v2\/comments?post=14354"}],"version-history":[{"count":13,"href":"https:\/\/www.ferienwohnungen-garmischpartenkirchen.de\/de\/wp-json\/wp\/v2\/pages\/14354\/revisions"}],"predecessor-version":[{"id":14519,"href":"https:\/\/www.ferienwohnungen-garmischpartenkirchen.de\/de\/wp-json\/wp\/v2\/pages\/14354\/revisions\/14519"}],"wp:featuredmedia":[{"embeddable":true,"href":"https:\/\/www.ferienwohnungen-garmischpartenkirchen.de\/de\/wp-json\/wp\/v2\/media\/14367"}],"wp:attachment":[{"href":"https:\/\/www.ferienwohnungen-garmischpartenkirchen.de\/de\/wp-json\/wp\/v2\/media?parent=14354"}],"wp:term":[{"taxonomy":"seitenarte","embeddable":true,"href":"https:\/\/www.ferienwohnungen-garmischpartenkirchen.de\/de\/wp-json\/wp\/v2\/seitenarte?post=14354"}],"curies":[{"name":"wp","href":"https:\/\/api.w.org\/{rel}","templated":true}]}}