{"id":197,"date":"2024-06-11T12:04:46","date_gmt":"2024-06-11T10:04:46","guid":{"rendered":"https:\/\/www.ferienwohnungen-garmischpartenkirchen.de\/?page_id=197"},"modified":"2026-01-02T11:57:51","modified_gmt":"2026-01-02T10:57:51","slug":"suchen-buchen","status":"publish","type":"page","link":"https:\/\/www.ferienwohnungen-garmischpartenkirchen.de\/de\/suchen-buchen\/","title":{"rendered":"Servus Urlaub!"},"content":{"rendered":"\t\t<div data-elementor-type=\"wp-page\" data-elementor-id=\"197\" class=\"elementor elementor-197\" data-elementor-post-type=\"page\">\n\t\t\t\t<div class=\"elementor-element elementor-element-e8fc681 e-flex e-con-boxed e-con e-parent\" data-id=\"e8fc681\" data-element_type=\"container\">\n\t\t\t\t\t<div class=\"e-con-inner\">\n\t\t\t\t<div class=\"elementor-element elementor-element-ffe8e1c elementor-widget elementor-widget-shortcode\" data-id=\"ffe8e1c\" data-element_type=\"widget\" data-widget_type=\"shortcode.default\">\n\t\t\t\t<div class=\"elementor-widget-container\">\n\t\t\t\t\t\t\t<div class=\"elementor-shortcode\"> <div class=\"search\">\n    <div id=\"primary\" class=\"main-search\">\n        <main id=\"main\" class=\"site-main \" role=\"main\">\n            <div class=\"content-wrapper\">\n                <div class=\"searchform-wrapper\">\n                    <div class=\"property-wrapper\">\n                        <div class=\"left-colm\">\n                            <form id=\"searchform\" method=\"get\" action=\"https:\/\/www.ferienwohnungen-garmischpartenkirchen.de\/de\/suchen-buchen\/\" class=\"clearfix\" autocomplete=\"off\">\n                                <div class=\"form-group wrap-regions\">\n                                    <span class=\"icon-wrapper\"><img decoding=\"async\" src=\"\/wp-content\/themes\/mahr\/assets\/images\/form-ort.svg\"><\/span>\n                                    <!-- <select class=\"beon-select2\" name=\"region\"><option value=\"\">Ort<\/option><option value=\"6067\">Farchant<\/option><option value=\"6084\">Garmisch-Partenkirchen<\/option><option value=\"6069\">Grainau<\/option><\/select> -->\n                                    <select class=\"beon-select2\" name=\"region\">\n                                        <option value=\"\">Ort<\/option>\n                                        <option value=\"6067\" >Farchant<\/option><option value=\"6084\" >Garmisch-Partenkirchen<\/option><option value=\"6069\" >Grainau<\/option>                                    <\/select>\n                                <\/div>\n\n                                <div class=\"wrap-range\">\n                                    <div id=\"range\">\n\n                                        <div class=\"datepicker_combined\">\n                                            <span class=\"icon-wrapper\"><img decoding=\"async\" src=\"\/wp-content\/themes\/mahr\/assets\/images\/form-calander.svg\"><\/span>\n                                            <div class=\"combined_date_box\">\n                                                <div class=\"from-date-wrapper\">Reisezeitraum<\/div>\n                                                <div class=\"till-date-wrapper\"><\/div>\n                                            <\/div>\n                                        <\/div>\n                                    <\/div>\n                                    <div id=\"calender-wrapper\" class=\"form-tooltip\">\n                                        <div id=\"litepicker-wrapper\"><\/div>\n                                        <div id=\"nights-wrapper\">\n                                            <div class=\"night-label\">Reisedauer:<\/div>\n                                            <div id=\"calcNights\" class=\"calc-nights\">\n                                                <div class=\"nights_min-wrapper nightselect-wrapper\">\n                                                    <select id=\"nights_min\" name=\"nights_min\">\n                                                        <option value=\"0\"><\/option>\n                                                    <\/select>\n                                                <\/div>\n                                                <div class=\"nights_max-wrapper nightselect-wrapper\">\n                                                    <select id=\"nights_max\" name=\"nights_max\">\n                                                        <option value=\"0\"><\/option>\n                                                    <\/select>\n                                                <\/div>\n                                            <\/div>\n                                            <button id=\"calender_select\" type=\"button\">Daten \u00fcbernehmen<\/button>\n                                        <\/div>\n                                    <\/div>\n                                    <input type=\"hidden\" id=\"from\" value=\"\" placeholder=\"Von\" autocomplete=\"off\" name=\"from\">\n                                    <input type=\"hidden\" id=\"till\" value=\"\" placeholder=\"Bis\" autocomplete=\"off\" name=\"till\">\n                                <\/div>\n\n                                <div class=\"wrap-guests form-group\">\n                                    <span class=\"icon-wrapper\"><img decoding=\"async\" src=\"\/wp-content\/themes\/mahr\/assets\/images\/form-guest.svg\"><\/span>\n                                    <div id=\"guests\">G\u00e4ste<\/div>\n                                    <div class=\"toggleGuests form-tooltip\">\n                                        <div>\n                                            <input type=\"hidden\" id=\"adults\" name=\"adults\" autocomplete=\"off\" value=\"2\" step=\"1\" min=\"0\" max=\"\" readonly>\n                                            <label for=\"adults\">\n                                                <span>2<\/span>\n                                                <div> Erwachsene<\/div>\n                                            <\/label>\n                                            <button class=\"dec\" type=\"button\" data-name=\"adults\"><img decoding=\"async\" src=\"\/wp-content\/plugins\/beon-voffice\/assets\/images\/circle-minus-solid.svg\"><\/button>\n                                            <button class=\"inc\" type=\"button\" data-name=\"adults\"><img decoding=\"async\" src=\"\/wp-content\/plugins\/beon-voffice\/assets\/images\/circle-plus-solid.svg\"><\/button>\n                                        <\/div>\n                                        <div>\n                                            <input type=\"hidden\" id=\"children\" name=\"children\" autocomplete=\"off\" value=\"0\" step=\"1\" min=\"0\" max=\"\" readonly>\n                                            <label for=\"children\">\n                                                <span>0<\/span>\n                                                <div> Kinder bis 15 Jahren<\/div>\n                                            <\/label>\n                                            <button class=\"dec\" type=\"button\" data-name=\"children\"><img decoding=\"async\" src=\"\/wp-content\/plugins\/beon-voffice\/assets\/images\/circle-minus-solid.svg\"><\/button>\n                                            <button class=\"inc\" type=\"button\" data-name=\"children\"><img decoding=\"async\" src=\"\/wp-content\/plugins\/beon-voffice\/assets\/images\/circle-plus-solid.svg\"><\/button>\n                                        <\/div>\n                                        <div>\n                                            <input type=\"hidden\" id=\"babys\" name=\"babys\" autocomplete=\"off\" value=\"0\" step=\"1\" min=\"0\" max=\"1\" readonly>\n                                            <label for=\"babys\">\n                                                <span>0<\/span>\n                                                <div> Babies bis 1 Jahr<\/div>\n                                            <\/label>\n                                            <button class=\"dec\" type=\"button\" data-name=\"babys\"><img decoding=\"async\" src=\"\/wp-content\/plugins\/beon-voffice\/assets\/images\/circle-minus-solid.svg\"><\/button>\n                                            <button class=\"inc\" type=\"button\" data-name=\"babys\"><img decoding=\"async\" src=\"\/wp-content\/plugins\/beon-voffice\/assets\/images\/circle-plus-solid.svg\"><\/button>\n                                        <\/div>\n                                        <div>\n                                            <input type=\"hidden\" id=\"petsCount\" name=\"petsCount\" autocomplete=\"off\" value=\"0\" step=\"1\" min=\"0\" max=\"\" readonly>\n                                            <label for=\"petsCount\">\n                                                <span>0<\/span>\n                                                <div> Hunde<\/div>\n                                            <\/label>\n                                            <button class=\"dec\" type=\"button\" data-name=\"petsCount\"><img decoding=\"async\" src=\"\/wp-content\/plugins\/beon-voffice\/assets\/images\/circle-minus-solid.svg\"><\/button>\n                                            <button class=\"inc\" type=\"button\" data-name=\"petsCount\"><img decoding=\"async\" src=\"\/wp-content\/plugins\/beon-voffice\/assets\/images\/circle-plus-solid.svg\"><\/button>\n                                        <\/div>\n                                        <div class=\"guest-footer\">\n                                            <button type=\"button\" id=\"calcGuests\">Anwenden<\/button>\n                                        <\/div>\n                                    <\/div>\n                                <\/div>\n\n                                <div class=\"suchen-buchen-container\">\n                                    <input type=\"submit\" value=\"Suchen &amp; Buchen\">\n                                    <img decoding=\"async\" class=\"frontpage-submit-image\" src=\"\/wp-content\/themes\/mahr\/assets\/images\/noun-arrow.svg\" alt=\"Suchen\">\n                                <\/div>\n\n                                <!-- <img decoding=\"async\" class=\"frontpage-submit-image\" src=\"\/wp-content\/themes\/mahr\/assets\/images\/noun-arrow.svg\" alt=\"Suchen\"> -->\n                            <\/form>\n                            <button type=\"button\"  id=\"show_allfilter\">\n                                <h4>Filter<\/h3>\n                                <img decoding=\"async\" src=\"\/wp-content\/themes\/mahr\/assets\/images\/dropdown_arrow.svg\" alt=\"Arrow Down\">\n                            <\/button>\n                            <div class=\"filterpanel \">\n                                <div class=\"title-suche\">Filter<\/div>\n                                <div class=\"hide-filter hide-mobile-filter\">\n                                    <div class=\"wrap-filter\">\n                                        <div class=\"input-wrapper checkbox-wrapper\">\n\t\t\t  <label for=\"pets\">Haustierfreundlich<span class=\"checkbox-count\">(68)<\/span><input type=\"checkbox\" id=\"pets\" name=\"pets\" form=\"searchform\"><span class=\"checkmark\"><\/span><\/label>\n\t\t\t<\/div><div class=\"input-wrapper checkbox-wrapper\">\n\t\t\t  <label for=\"wifi\">WLAN<span class=\"checkbox-count\">(106)<\/span><input type=\"checkbox\" id=\"wifi\" name=\"wifi\" form=\"searchform\"><span class=\"checkmark\"><\/span><\/label>\n\t\t\t<\/div><div class=\"input-wrapper checkbox-wrapper\">\n\t\t\t  <label for=\"balcony\">Balkon<span class=\"checkbox-count\">(79)<\/span><input type=\"checkbox\" id=\"balcony\" name=\"balcony\" form=\"searchform\"><span class=\"checkmark\"><\/span><\/label>\n\t\t\t<\/div><div class=\"input-wrapper checkbox-wrapper\">\n\t\t\t  <label for=\"fireside\">Kaminofen<span class=\"checkbox-count\">(18)<\/span><input type=\"checkbox\" id=\"fireside\" name=\"fireside\" form=\"searchform\"><span class=\"checkmark\"><\/span><\/label>\n\t\t\t<\/div><div class=\"input-wrapper checkbox-wrapper\">\n\t\t\t  <label for=\"privateparking\">Privatparkplatz<span class=\"checkbox-count\">(94)<\/span><input type=\"checkbox\" id=\"privateparking\" name=\"privateparking\" form=\"searchform\"><span class=\"checkmark\"><\/span><\/label>\n\t\t\t<\/div><div class=\"input-wrapper checkbox-wrapper\">\n\t\t\t  <label for=\"terrace\">Terrasse<span class=\"checkbox-count\">(38)<\/span><input type=\"checkbox\" id=\"terrace\" name=\"terrace\" form=\"searchform\"><span class=\"checkmark\"><\/span><\/label>\n\t\t\t<\/div><div class=\"input-wrapper checkbox-wrapper\">\n\t\t\t  <label for=\"sauna\">Sauna<span class=\"checkbox-count\">(5)<\/span><input type=\"checkbox\" id=\"sauna\" name=\"sauna\" form=\"searchform\"><span class=\"checkmark\"><\/span><\/label>\n\t\t\t<\/div><div class=\"input-wrapper checkbox-wrapper\">\n\t\t\t  <label for=\"e-ladstation\">E-Ladestation<span class=\"checkbox-count\">(2)<\/span><input type=\"checkbox\" id=\"e-ladstation\" name=\"e-ladstation\" form=\"searchform\"><span class=\"checkmark\"><\/span><\/label>\n\t\t\t<\/div><div class=\"input-wrapper checkbox-wrapper\">\n\t\t\t  <label for=\"washer\">Waschmaschine<span class=\"checkbox-count\">(73)<\/span><input type=\"checkbox\" id=\"washer\" name=\"washer\" form=\"searchform\"><span class=\"checkmark\"><\/span><\/label>\n\t\t\t<\/div><div class=\"input-wrapper checkbox-wrapper\">\n\t\t\t  <label for=\"fahrrad\">Fahrradfreundlich <span class=\"checkbox-count\">(63)<\/span><input type=\"checkbox\" id=\"fahrrad\" name=\"fahrrad\" form=\"searchform\"><span class=\"checkmark\"><\/span><\/label>\n\t\t\t<\/div><div class=\"input-wrapper checkbox-wrapper\">\n\t\t\t  <label for=\"icheckin\">Check-In am Objekt<span class=\"checkbox-count\">(26)<\/span><input type=\"checkbox\" id=\"icheckin\" name=\"icheckin\" form=\"searchform\"><span class=\"checkmark\"><\/span><\/label>\n\t\t\t<\/div>                                    <\/div>\n                                <\/div>\n                            <\/div>\n                            <div class=\"directsearch\">\n                                <div class=\"title-suche\">Direkt Suche<\/div>\n                                <button class=\"objectid\"><div id=\"dropdown_search_units\"><select placeholder=\"Objektname\"><option value=\"\"><\/option><option value=https:\/\/www.ferienwohnungen-garmischpartenkirchen.de\/de\/unterkuenfte\/adlerhorst\/>Adlerhorst<\/a><\/option><option value=https:\/\/www.ferienwohnungen-garmischpartenkirchen.de\/de\/unterkuenfte\/akelei\/>Akelei<\/a><\/option><option value=https:\/\/www.ferienwohnungen-garmischpartenkirchen.de\/de\/unterkuenfte\/almrausch\/>Almrausch<\/a><\/option><option value=https:\/\/www.ferienwohnungen-garmischpartenkirchen.de\/de\/unterkuenfte\/almstueberl\/>Almst\u00fcberl<\/a><\/option><option value=https:\/\/www.ferienwohnungen-garmischpartenkirchen.de\/de\/unterkuenfte\/alpen-chalet\/>Alpen Chalet<\/a><\/option><option value=https:\/\/www.ferienwohnungen-garmischpartenkirchen.de\/de\/unterkuenfte\/alpen-loft\/>Alpen Loft<\/a><\/option><option value=https:\/\/www.ferienwohnungen-garmischpartenkirchen.de\/de\/unterkuenfte\/alpen-loggia\/>Alpen Loggia<\/a><\/option><option value=https:\/\/www.ferienwohnungen-garmischpartenkirchen.de\/de\/unterkuenfte\/alpenambiente\/>Alpenambiente<\/a><\/option><option value=https:\/\/www.ferienwohnungen-garmischpartenkirchen.de\/de\/unterkuenfte\/alpenblick\/>Alpenblick<\/a><\/option><option value=https:\/\/www.ferienwohnungen-garmischpartenkirchen.de\/de\/unterkuenfte\/alpenglueck\/>Alpengl\u00fcck<\/a><\/option><option value=https:\/\/www.ferienwohnungen-garmischpartenkirchen.de\/de\/unterkuenfte\/alpengluehen\/>Alpengl\u00fchen<\/a><\/option><option value=https:\/\/www.ferienwohnungen-garmischpartenkirchen.de\/de\/unterkuenfte\/alpenherz\/>Alpenherz<\/a><\/option><option value=https:\/\/www.ferienwohnungen-garmischpartenkirchen.de\/de\/unterkuenfte\/alpenhimmel\/>Alpenhimmel<\/a><\/option><option value=https:\/\/www.ferienwohnungen-garmischpartenkirchen.de\/de\/unterkuenfte\/alpenkieker\/>Alpenkieker<\/a><\/option><option value=https:\/\/www.ferienwohnungen-garmischpartenkirchen.de\/de\/unterkuenfte\/alpenkraehe\/>Alpenkr\u00e4he<\/a><\/option><option value=https:\/\/www.ferienwohnungen-garmischpartenkirchen.de\/de\/unterkuenfte\/alpenkraeuter\/>Alpenkr\u00e4uter<\/a><\/option><option value=https:\/\/www.ferienwohnungen-garmischpartenkirchen.de\/de\/unterkuenfte\/alpennest\/>Alpennest<\/a><\/option><option value=https:\/\/www.ferienwohnungen-garmischpartenkirchen.de\/de\/unterkuenfte\/alpenpanorama\/>Alpenpanorama<\/a><\/option><option value=https:\/\/www.ferienwohnungen-garmischpartenkirchen.de\/de\/unterkuenfte\/alpenpuls\/>AlpenPuls<\/a><\/option><option value=https:\/\/www.ferienwohnungen-garmischpartenkirchen.de\/de\/unterkuenfte\/alpenrose\/>Alpenrose<\/a><\/option><option value=https:\/\/www.ferienwohnungen-garmischpartenkirchen.de\/de\/unterkuenfte\/alpensinfonie\/>Alpensinfonie<\/a><\/option><option value=https:\/\/www.ferienwohnungen-garmischpartenkirchen.de\/de\/unterkuenfte\/alpensonne\/>Alpensonne<\/a><\/option><option value=https:\/\/www.ferienwohnungen-garmischpartenkirchen.de\/de\/unterkuenfte\/alpenzauber\/>Alpenzauber<\/a><\/option><option value=https:\/\/www.ferienwohnungen-garmischpartenkirchen.de\/de\/unterkuenfte\/alpspitzstubn\/>AlpspitzStubn<\/a><\/option><option value=https:\/\/www.ferienwohnungen-garmischpartenkirchen.de\/de\/unterkuenfte\/am-josefibrunnen\/>am Josefibrunnen<\/a><\/option><option value=https:\/\/www.ferienwohnungen-garmischpartenkirchen.de\/de\/unterkuenfte\/am-kreuzjoch\/>Am Kreuzjoch<\/a><\/option><option value=https:\/\/www.ferienwohnungen-garmischpartenkirchen.de\/de\/unterkuenfte\/amici\/>Amici<\/a><\/option><option value=https:\/\/www.ferienwohnungen-garmischpartenkirchen.de\/de\/unterkuenfte\/atempause\/>Atempause<\/a><\/option><option value=https:\/\/www.ferienwohnungen-garmischpartenkirchen.de\/de\/unterkuenfte\/ausblick\/>Ausblick<\/a><\/option><option value=https:\/\/www.ferienwohnungen-garmischpartenkirchen.de\/de\/unterkuenfte\/aussicht\/>Aussicht<\/a><\/option><option value=https:\/\/www.ferienwohnungen-garmischpartenkirchen.de\/de\/unterkuenfte\/auszeit-maisonette\/>Auszeit-Maisonette<\/a><\/option><option value=https:\/\/www.ferienwohnungen-garmischpartenkirchen.de\/de\/unterkuenfte\/bergglueck\/>Berggl\u00fcck<\/a><\/option><option value=https:\/\/www.ferienwohnungen-garmischpartenkirchen.de\/de\/unterkuenfte\/bergjuwel\/>Bergjuwel<\/a><\/option><option value=https:\/\/www.ferienwohnungen-garmischpartenkirchen.de\/de\/unterkuenfte\/bergluft\/>Bergluft<\/a><\/option><option value=https:\/\/www.ferienwohnungen-garmischpartenkirchen.de\/de\/unterkuenfte\/bergnah\/>Bergnah<\/a><\/option><option value=https:\/\/www.ferienwohnungen-garmischpartenkirchen.de\/de\/unterkuenfte\/bergnest\/>Bergnest<\/a><\/option><option value=https:\/\/www.ferienwohnungen-garmischpartenkirchen.de\/de\/unterkuenfte\/bergpanorama\/>Bergpanorama<\/a><\/option><option value=https:\/\/www.ferienwohnungen-garmischpartenkirchen.de\/de\/unterkuenfte\/bergwasser\/>Bergwasser<\/a><\/option><option value=https:\/\/www.ferienwohnungen-garmischpartenkirchen.de\/de\/unterkuenfte\/bergwiese\/>Bergwiese<\/a><\/option><option value=https:\/\/www.ferienwohnungen-garmischpartenkirchen.de\/de\/unterkuenfte\/bergzauber\/>Bergzauber<\/a><\/option><option value=https:\/\/www.ferienwohnungen-garmischpartenkirchen.de\/de\/unterkuenfte\/bergzeit\/>Bergzeit<\/a><\/option><option value=https:\/\/www.ferienwohnungen-garmischpartenkirchen.de\/de\/unterkuenfte\/bernadein\/>Bernadein<\/a><\/option><option value=https:\/\/www.ferienwohnungen-garmischpartenkirchen.de\/de\/unterkuenfte\/dreh\/>Dreh<\/a><\/option><option value=https:\/\/www.ferienwohnungen-garmischpartenkirchen.de\/de\/unterkuenfte\/dreitorspitzblick\/>Dreitorspitzblick<\/a><\/option><option value=https:\/\/www.ferienwohnungen-garmischpartenkirchen.de\/de\/unterkuenfte\/edelrose\/>Edelrose<\/a><\/option><option value=https:\/\/www.ferienwohnungen-garmischpartenkirchen.de\/de\/unterkuenfte\/enzian\/>Enzian<\/a><\/option><option value=https:\/\/www.ferienwohnungen-garmischpartenkirchen.de\/de\/unterkuenfte\/enziana\/>Enziana<\/a><\/option><option value=https:\/\/www.ferienwohnungen-garmischpartenkirchen.de\/de\/unterkuenfte\/falkenstein\/>Falkenstein<\/a><\/option><option value=https:\/\/www.ferienwohnungen-garmischpartenkirchen.de\/de\/unterkuenfte\/fernweh\/>Fernweh<\/a><\/option><option value=https:\/\/www.ferienwohnungen-garmischpartenkirchen.de\/de\/unterkuenfte\/flora\/>Flora<\/a><\/option><option value=https:\/\/www.ferienwohnungen-garmischpartenkirchen.de\/de\/unterkuenfte\/freizeit\/>FreiZeit<\/a><\/option><option value=https:\/\/www.ferienwohnungen-garmischpartenkirchen.de\/de\/unterkuenfte\/fruehlingserwachen\/>Fr\u00fchlingserwachen<\/a><\/option><option value=https:\/\/www.ferienwohnungen-garmischpartenkirchen.de\/de\/unterkuenfte\/fuchsbau\/>Fuchsbau<\/a><\/option><option value=https:\/\/www.ferienwohnungen-garmischpartenkirchen.de\/de\/unterkuenfte\/gipfelglueck\/>Gipfelgl\u00fcck<\/a><\/option><option value=https:\/\/www.ferienwohnungen-garmischpartenkirchen.de\/de\/unterkuenfte\/gipfelkind\/>Gipfelkind<\/a><\/option><option value=https:\/\/www.ferienwohnungen-garmischpartenkirchen.de\/de\/unterkuenfte\/gipfelstuermer\/>Gipfelst\u00fcrmer<\/a><\/option><option value=https:\/\/www.ferienwohnungen-garmischpartenkirchen.de\/de\/unterkuenfte\/gluecksgriff\/>Gl\u00fccksgriff<\/a><\/option><option value=https:\/\/www.ferienwohnungen-garmischpartenkirchen.de\/de\/unterkuenfte\/grossa-waxlstoa\/>gro\u00dfa Waxlstoa<\/a><\/option><option value=https:\/\/www.ferienwohnungen-garmischpartenkirchen.de\/de\/unterkuenfte\/harmonie\/>Harmonie<\/a><\/option><option value=https:\/\/www.ferienwohnungen-garmischpartenkirchen.de\/de\/unterkuenfte\/haus-am-katzenbach\/>Haus am Katzenbach<\/a><\/option><option value=https:\/\/www.ferienwohnungen-garmischpartenkirchen.de\/de\/unterkuenfte\/haus-am-leitenfeld\/>Haus am Leitenfeld<\/a><\/option><option value=https:\/\/www.ferienwohnungen-garmischpartenkirchen.de\/de\/unterkuenfte\/haus-kreuzbichl\/>Haus Kreuzbichl<\/a><\/option><option value=https:\/\/www.ferienwohnungen-garmischpartenkirchen.de\/de\/unterkuenfte\/hausberg\/>Hausberg<\/a><\/option><option value=https:\/\/www.ferienwohnungen-garmischpartenkirchen.de\/de\/unterkuenfte\/herbstgold\/>Herbstgold<\/a><\/option><option value=https:\/\/www.ferienwohnungen-garmischpartenkirchen.de\/de\/unterkuenfte\/heuboden\/>Heuboden<\/a><\/option><option value=https:\/\/www.ferienwohnungen-garmischpartenkirchen.de\/de\/unterkuenfte\/heukammerl\/>Heukammerl<\/a><\/option><option value=https:\/\/www.ferienwohnungen-garmischpartenkirchen.de\/de\/unterkuenfte\/himmelreich\/>Himmelreich<\/a><\/option><option value=https:\/\/www.ferienwohnungen-garmischpartenkirchen.de\/de\/unterkuenfte\/hoamatgfuehl\/>Hoamatgf\u00fchl<\/a><\/option><option value=https:\/\/www.ferienwohnungen-garmischpartenkirchen.de\/de\/unterkuenfte\/hochgefuehl\/>Hochgef\u00fchl<\/a><\/option><option value=https:\/\/www.ferienwohnungen-garmischpartenkirchen.de\/de\/unterkuenfte\/hochstimmung\/>Hochstimmung<\/a><\/option><option value=https:\/\/www.ferienwohnungen-garmischpartenkirchen.de\/de\/unterkuenfte\/horn\/>Horn<\/a><\/option><option value=https:\/\/www.ferienwohnungen-garmischpartenkirchen.de\/de\/unterkuenfte\/jubigrat\/>Jubigrat<\/a><\/option><option value=https:\/\/www.ferienwohnungen-garmischpartenkirchen.de\/de\/unterkuenfte\/kandahar\/>Kandahar<\/a><\/option><option value=https:\/\/www.ferienwohnungen-garmischpartenkirchen.de\/de\/unterkuenfte\/kleeblatt\/>Kleeblatt<\/a><\/option><option value=https:\/\/www.ferienwohnungen-garmischpartenkirchen.de\/de\/unterkuenfte\/kloana-waxlstoa\/>kloana Waxlstoa<\/a><\/option><option value=https:\/\/www.ferienwohnungen-garmischpartenkirchen.de\/de\/unterkuenfte\/koenigsblick\/>K\u00f6nigsblick<\/a><\/option><option value=https:\/\/www.ferienwohnungen-garmischpartenkirchen.de\/de\/unterkuenfte\/koenigstand\/>K\u00f6nigstand<\/a><\/option><option value=https:\/\/www.ferienwohnungen-garmischpartenkirchen.de\/de\/unterkuenfte\/kramer-lodge\/>Kramer Lodge<\/a><\/option><option value=https:\/\/www.ferienwohnungen-garmischpartenkirchen.de\/de\/unterkuenfte\/kreuzeck\/>Kreuzeck<\/a><\/option><option value=https:\/\/www.ferienwohnungen-garmischpartenkirchen.de\/de\/unterkuenfte\/lebensfreude\/>Lebensfreude<\/a><\/option><option value=https:\/\/www.ferienwohnungen-garmischpartenkirchen.de\/de\/unterkuenfte\/lebenslust\/>Lebenslust<\/a><\/option><option value=https:\/\/www.ferienwohnungen-garmischpartenkirchen.de\/de\/unterkuenfte\/lexn-lodge\/>Lex&#8217;n Lodge<\/a><\/option><option value=https:\/\/www.ferienwohnungen-garmischpartenkirchen.de\/de\/unterkuenfte\/lichtblick\/>Lichtblick<\/a><\/option><option value=https:\/\/www.ferienwohnungen-garmischpartenkirchen.de\/de\/unterkuenfte\/loisach-haeusl\/>Loisach H\u00e4usl<\/a><\/option><option value=https:\/\/www.ferienwohnungen-garmischpartenkirchen.de\/de\/unterkuenfte\/loewenzahn\/>L\u00f6wenzahn<\/a><\/option><option value=https:\/\/www.ferienwohnungen-garmischpartenkirchen.de\/de\/unterkuenfte\/ludwig-27\/>Ludwig 27<\/a><\/option><option value=https:\/\/www.ferienwohnungen-garmischpartenkirchen.de\/de\/unterkuenfte\/ludwigschloessl\/>Ludwigschl\u00f6ssl<\/a><\/option><option value=https:\/\/www.ferienwohnungen-garmischpartenkirchen.de\/de\/unterkuenfte\/maigloeckerl\/>Maigl\u00f6ckerl<\/a><\/option><option value=https:\/\/www.ferienwohnungen-garmischpartenkirchen.de\/de\/unterkuenfte\/mittendrin\/>Mittendrin<\/a><\/option><option value=https:\/\/www.ferienwohnungen-garmischpartenkirchen.de\/de\/unterkuenfte\/murmeltier\/>Murmeltier<\/a><\/option><option value=https:\/\/www.ferienwohnungen-garmischpartenkirchen.de\/de\/unterkuenfte\/olympia\/>Olympia<\/a><\/option><option value=https:\/\/www.ferienwohnungen-garmischpartenkirchen.de\/de\/unterkuenfte\/panorama\/>Panorama<\/a><\/option><option value=https:\/\/www.ferienwohnungen-garmischpartenkirchen.de\/de\/unterkuenfte\/panoramablick-303\/>Panoramablick 303<\/a><\/option><option value=https:\/\/www.ferienwohnungen-garmischpartenkirchen.de\/de\/unterkuenfte\/partnach\/>Partnach<\/a><\/option><option value=https:\/\/www.ferienwohnungen-garmischpartenkirchen.de\/de\/unterkuenfte\/partnachauen\/>Partnachauen<\/a><\/option><option value=https:\/\/www.ferienwohnungen-garmischpartenkirchen.de\/de\/unterkuenfte\/reiselust\/>Reiselust<\/a><\/option><option value=https:\/\/www.ferienwohnungen-garmischpartenkirchen.de\/de\/unterkuenfte\/riverside\/>Riverside<\/a><\/option><option value=https:\/\/www.ferienwohnungen-garmischpartenkirchen.de\/de\/unterkuenfte\/romantik\/>Romantik<\/a><\/option><option value=https:\/\/www.ferienwohnungen-garmischpartenkirchen.de\/de\/unterkuenfte\/rosengartl\/>Rosengartl<\/a><\/option><option value=https:\/\/www.ferienwohnungen-garmischpartenkirchen.de\/de\/unterkuenfte\/rundblick\/>Rundblick<\/a><\/option><option value=https:\/\/www.ferienwohnungen-garmischpartenkirchen.de\/de\/unterkuenfte\/sommerfrische\/>Sommerfrische<\/a><\/option><option value=https:\/\/www.ferienwohnungen-garmischpartenkirchen.de\/de\/unterkuenfte\/sonnenhang\/>Sonnenhang<\/a><\/option><option value=https:\/\/www.ferienwohnungen-garmischpartenkirchen.de\/de\/unterkuenfte\/sonnenschein\/>Sonnenschein<\/a><\/option><option value=https:\/\/www.ferienwohnungen-garmischpartenkirchen.de\/de\/unterkuenfte\/sonnensteig\/>Sonnensteig<\/a><\/option><option value=https:\/\/www.ferienwohnungen-garmischpartenkirchen.de\/de\/unterkuenfte\/steinwild\/>Steinwild<\/a><\/option><option value=https:\/\/www.ferienwohnungen-garmischpartenkirchen.de\/de\/unterkuenfte\/weitblick\/>Weitblick<\/a><\/option><option value=https:\/\/www.ferienwohnungen-garmischpartenkirchen.de\/de\/unterkuenfte\/werdenfels\/>Werdenfels<\/a><\/option><option value=https:\/\/www.ferienwohnungen-garmischpartenkirchen.de\/de\/unterkuenfte\/wiesenglueck\/>Wiesengl\u00fcck<\/a><\/option><option value=https:\/\/www.ferienwohnungen-garmischpartenkirchen.de\/de\/unterkuenfte\/winterruhe\/>Winterruhe<\/a><\/option><option value=https:\/\/www.ferienwohnungen-garmischpartenkirchen.de\/de\/unterkuenfte\/zirbe\/>Zirbe<\/a><\/option><option value=https:\/\/www.ferienwohnungen-garmischpartenkirchen.de\/de\/unterkuenfte\/zuckerhut\/>Zuckerhut<\/a><\/option><option value=https:\/\/www.ferienwohnungen-garmischpartenkirchen.de\/de\/unterkuenfte\/zum-draxla\/>zum Draxla<\/a><\/option><option value=https:\/\/www.ferienwohnungen-garmischpartenkirchen.de\/de\/unterkuenfte\/zwoade-hoamad\/>Zwoade Hoamad<\/a><\/option><\/select><\/div><\/button>\n                            <\/div>\n                        <\/div>\n                        <div class=\"seprator_line\"><\/div>\n                        <div class=\"right-colm\">\n                            <div class=\"overview\">\n                                <div class=\"overview_top\">\n                                    <h1>Zwoade Hoamad<\/h1>\n                                    <!-- <h1>Servus Urlaub!<\/h1> -->\n                                    <h3>\n                                        113 tolle Unterk\u00fcnfte entdecken                                    <\/h3>\n                                    <h4>\n                                        Tipp: Reisezeitraum w\u00e4hlen und genaue Preise und Angebote sehen!                                    <\/h4>\n                                    <div class=\"activeoptions-wrapper\"><div class=\"activeoptions-label\"> <\/div><div class=\"activeoptions\"><div class=\"parameter-wrapper\"><div class=\"parameter-label\">2 Erwachsene<\/div><a href=\"https:\/\/www.ferienwohnungen-garmischpartenkirchen.de\/de\/suchen-buchen\/?from&till&nights_min=0&nights_max=0&children=0&babys=0&petsCount=0&order=random\" class=\"parameter-close\"><\/a><\/div><\/div><\/div>                                <\/div>\n                                <div class=\"search_saperator\">\n                                    <span class=\"line\"><\/span>\n                                    <div class=\"spr_left\">\n                                        <div class=\"map-button-wrapper\">\n                                            <button type=\"button\" class=\"map-button\" id=\"open-map\">\n                                                <img decoding=\"async\" src=\"\/wp-content\/themes\/mahr\/assets\/images\/noun-map.svg\">\n                                                Kartenansicht                                            <\/button>\n                                        <\/div>\n                                        <div class=\"map-popup\" id=\"map-popup\">\n                                            <div class=\"map-content\">\n                                                <i class=\"eicon-close close-popup\"><\/i>\n                                                <div id=\"map\"><\/div>                                            <\/div>\n                                        <\/div>\n                                    <\/div>\n                                    <div class=\"spr_right\">\n                                        <div class=\"sort-wrapper\">\n                                            <select class=\"beon-auto-submit beon-select2\" name=\"order\" id=\"order\" form=\"searchform\">\n                                                <option value=\"random\" selected >Zuf\u00e4llig<\/option><option value=\"price\" >Preis aufsteigend<\/option><option value=\"-price\" >Preis absteigend<\/option><option value=\"rating\" >Am besten bewertet<\/option>                                            <\/select>\n                                        <\/div>\n                                    <\/div>\n                                <\/div>\n                                <!-- <ul>\n                                    <li>\n                                        <div class=\"sort-wrapper\">\n                                            <div class=\"karte-wrapper\">\n                                                <div class=\"map-button-wrapper\">\n                                                    <img decoding=\"async\" src=\"\/wp-content\/themes\/hello-theme-child-master\/assets\/images\/map.svg\">\n                                                    <button type=\"button\" class=\"map-button\" id=\"open-map\">Kartenansicht<\/button>\n                                                <\/div>\n                                                <div class=\"map-popup\" id=\"map-popup\">\n                                                    <div class=\"map-content\">\n                                                        <i class=\"eicon-close close-popup\"><\/i>\n                                                        <div id=\"map\"><\/div>                                                    <\/div>\n                                                <\/div>\n                                            <\/div>\n                                            <select class=\"beon-auto-submit beon-select2\" name=\"order\" id=\"order\" form=\"searchform\">\n                                                <option value=\"random\" selected>Zuf\u00e4llig<\/option><option value=\"price\">Preis aufsteigend<\/option><option value=\"-price\">Preis absteigend<\/option><option value=\"rating\">Am besten bewertet<\/option>                                            <\/select>\n                                        <\/div>\n                                    <\/li>\n\n                                <\/ul> -->\n                            <\/div>\n\n\n                            \n                                <div class=\"unit-wrapper\">\n                                    <div class=\"unitcontent-wrapper unitcontent-alternatives-wrapper\">\n\t\t\t<div class=\"image-wrapper\">\n\t\t\t<a href=\"https:\/\/www.ferienwohnungen-garmischpartenkirchen.de\/de\/unterkuenfte\/alpen-loggia\/?adults=2\">\n\t\t\t\t\t<div id=\"slider\" class=\"flexslider\">\n\t\t\t\t\t\t\t\t\t\t\t\t<ul class=\"slides\">\n\t\t\t\t\t\t\t\t\t\t\t\t\t\t\t<li>\n\t\t\t\t\t\t\t\t\t<img\n\t\t\t\t\t\t\t\t\tclass=\"lazy\"\n\t\t\t\t\t\t\t\t\tsrc=\"\"\n\t\t\t\t\t\t\t\t\tdata-src=\"https:\/\/www.ferienwohnungen-garmischpartenkirchen.de\/wp-content\/uploads\/2024\/06\/mf3625363-500x500.jpg\"\n\t\t\t\t\t\t\t\t\talt=\"Essbereich mit Teppich und Stehlampe in Ferienwohnung in Garmisch-Partenkirchen\"\n\t\t\t\t\t\t\t\t\tloading=\"lazy\"\n\t\t\t\t\t\t\t\t\tdecoding=\"async\">\n\t\t\t\t\t\t\t\t\t<!-- <img decoding=\"async\" class=\"lazy\" src=\"\" data-src=\"\" alt=\"\" \/> -->\n\t\t\t\t\t\t\t\t<\/li>\n\t\t\t\t\t\t\t\t\t\t\t\t\t\t\t<li>\n\t\t\t\t\t\t\t\t\t<img\n\t\t\t\t\t\t\t\t\tclass=\"lazy\"\n\t\t\t\t\t\t\t\t\tsrc=\"\"\n\t\t\t\t\t\t\t\t\tdata-src=\"https:\/\/www.ferienwohnungen-garmischpartenkirchen.de\/wp-content\/uploads\/2024\/06\/mf3625371-500x500.jpg\"\n\t\t\t\t\t\t\t\t\talt=\"K\u00fcchenzeile und Essbereich in Ferienwohnung in Garmisch-Partenkirchen\"\n\t\t\t\t\t\t\t\t\tloading=\"lazy\"\n\t\t\t\t\t\t\t\t\tdecoding=\"async\">\n\t\t\t\t\t\t\t\t\t<!-- <img decoding=\"async\" class=\"lazy\" src=\"\" data-src=\"\" alt=\"\" \/> -->\n\t\t\t\t\t\t\t\t<\/li>\n\t\t\t\t\t\t\t\t\t\t\t\t\t\t\t<li>\n\t\t\t\t\t\t\t\t\t<img\n\t\t\t\t\t\t\t\t\tclass=\"lazy\"\n\t\t\t\t\t\t\t\t\tsrc=\"\"\n\t\t\t\t\t\t\t\t\tdata-src=\"https:\/\/www.ferienwohnungen-garmischpartenkirchen.de\/wp-content\/uploads\/2024\/06\/mf3625383-500x500.jpg\"\n\t\t\t\t\t\t\t\t\talt=\"Doppelbett mit Sitzm\u00f6glichkeit und Kleiderschrank in Ferienwohnung in Garmisch-Partenkirchen\"\n\t\t\t\t\t\t\t\t\tloading=\"lazy\"\n\t\t\t\t\t\t\t\t\tdecoding=\"async\">\n\t\t\t\t\t\t\t\t\t<!-- <img decoding=\"async\" class=\"lazy\" src=\"\" data-src=\"\" alt=\"\" \/> -->\n\t\t\t\t\t\t\t\t<\/li>\n\t\t\t\t\t\t\t\t\t\t\t\t\t\t\t<li>\n\t\t\t\t\t\t\t\t\t<img\n\t\t\t\t\t\t\t\t\tclass=\"lazy\"\n\t\t\t\t\t\t\t\t\tsrc=\"\"\n\t\t\t\t\t\t\t\t\tdata-src=\"https:\/\/www.ferienwohnungen-garmischpartenkirchen.de\/wp-content\/uploads\/2024\/06\/mf3625397-500x500.jpg\"\n\t\t\t\t\t\t\t\t\talt=\"Waschbecken und Spiegel in Ferienwohnung in Garmisch-Partenkirchen\"\n\t\t\t\t\t\t\t\t\tloading=\"lazy\"\n\t\t\t\t\t\t\t\t\tdecoding=\"async\">\n\t\t\t\t\t\t\t\t\t<!-- <img decoding=\"async\" class=\"lazy\" src=\"\" data-src=\"\" alt=\"\" \/> -->\n\t\t\t\t\t\t\t\t<\/li>\n\t\t\t\t\t\t\t\t\t\t\t\t\t\t\t<li>\n\t\t\t\t\t\t\t\t\t<img\n\t\t\t\t\t\t\t\t\tclass=\"lazy\"\n\t\t\t\t\t\t\t\t\tsrc=\"\"\n\t\t\t\t\t\t\t\t\tdata-src=\"https:\/\/www.ferienwohnungen-garmischpartenkirchen.de\/wp-content\/uploads\/2024\/06\/mf3625413-500x500.jpg\"\n\t\t\t\t\t\t\t\t\talt=\"Alpen und Natur in Ferienwohnung in Garmisch-Partenkirchen\"\n\t\t\t\t\t\t\t\t\tloading=\"lazy\"\n\t\t\t\t\t\t\t\t\tdecoding=\"async\">\n\t\t\t\t\t\t\t\t\t<!-- <img decoding=\"async\" class=\"lazy\" src=\"\" data-src=\"\" alt=\"\" \/> -->\n\t\t\t\t\t\t\t\t<\/li>\n\t\t\t\t\t\t\t\t\t\t\t\t\t<\/ul>\n\t\t\t\t\t<\/div>\n\t\t\t\t<\/a>\n\t\t<\/div>\n\t\t<div class=\"info-wrapper\">\n\t\t<div class=\"info-body\">\n\t\t\t<span class=\"favouritebtn\"><button class=\"simplefavorite-button\" data-postid=\"500\" data-siteid=\"1\" data-groupid=\"1\" data-favoritecount=\"39\" style=\"\">Favorite <i class=\"sf-icon-star-empty\"><\/i><\/button> <\/span>\n\t\t\t<div class=\"wrap-classification\">\n\t\t\t\t<h4 class=\"title-container\">\n\t\t\t\t\t<a href=\"https:\/\/www.ferienwohnungen-garmischpartenkirchen.de\/de\/unterkuenfte\/alpen-loggia\/?adults=2\">Alpen Loggia<\/a>\n\t\t\t\t<\/h4>\n\t\t\t<\/div>\n\t\t\t<p class=\"unit-region\">\n\t\t\t\t<span>Garmisch-Partenkirchen<\/span>\n\t\t\t<\/p>\n\t\t\t<div>\n\t\t\t\t\t\t\t\t\t<div class=\"additional-results-wrapper\">\n\t\t\t\t\t\t\t\t\t\t\t\t\t\t\t\t\t<\/div>\n\t\t\t\t\t\t\t<\/div>\n\t\t\t<div class=\"details-wrapper\">\n\t\t\t\t<ul>\n\t\t\t\t\t<li><span class=\"wrap-value\">4 G\u00e4ste<\/li>\t\t\t\t\t<span class=\"saperator\"><\/span>\n\t\t\t\t\t<li><span class=\"wrap-value\">2 Schlafzimmer<\/span><\/li>\t\t\t\t\t<!-- <li><span class=\"wrap-value\">2<\/span> Schlafzimmer<\/li> -->\n\t\t\t\t\t<span class=\"saperator\"><\/span>\n\t\t\t\t\t<li class=\"list_rating\"><span class=\"wrap-value\">4.8<\/span>&nbsp;<img decoding=\"async\" src=\"\/wp-content\/themes\/mahr\/assets\/images\/star-solid.svg\"\/><\/li> <span class=\"saperator\"><\/span>\t\t\t\t\t<li>\n\t\t\t\t\t\t<div class=\"info-footer\">\n\t\t\t\t\t\t\t<div class=\"price-container\">\n\t\t\t\t\t\t\t\t<!-- <a href=\"https:\/\/www.ferienwohnungen-garmischpartenkirchen.de\/de\/unterkuenfte\/alpen-loggia\/?adults=2\" class=\"price-button\"><div class=\"showprice \"><span class=\"price\" data-price=\"10900\">109,00<\/span> <span class=\"currency\">&euro;<\/span> <\/div><\/a> -->\n\t\t\t\t\t\t\t\t\t\t\t\t\t\t\t\t<div class=\"showprice \"><span class=\"price\" data-price=\"10900\">109,00<\/span> <span class=\"currency\">&euro;<\/span> <\/div>\n\t\t\t\t\t\t\t<\/div>\n\t\t\t\t\t\t<\/div>\n\t\t\t\t\t<\/li>\n\t\t\t\t<\/ul>\n\t\t\t<\/div>\n\t\t<\/div>\n\t\t<!-- <div class=\"info-footer\">\n\t\t\t<div class=\"price-container\">\n\t\t\t\t<a href=\"https:\/\/www.ferienwohnungen-garmischpartenkirchen.de\/de\/unterkuenfte\/alpen-loggia\/?adults=2\" class=\"price-button\"><div class=\"showprice \"><span class=\"price\" data-price=\"10900\">109,00<\/span> <span class=\"currency\">&euro;<\/span> <\/div><\/a>\n\t\t\t\t\t\t\t\t<div class=\"showprice \"><span class=\"price\" data-price=\"10900\">109,00<\/span> <span class=\"currency\">&euro;<\/span> <\/div>\n\t\t\t<\/div>\n\t\t<\/div> -->\n\t<\/div>\n<\/div><div class=\"unitcontent-wrapper unitcontent-alternatives-wrapper\">\n\t\t\t<div class=\"image-wrapper\">\n\t\t\t<a href=\"https:\/\/www.ferienwohnungen-garmischpartenkirchen.de\/de\/unterkuenfte\/fruehlingserwachen\/?adults=2\">\n\t\t\t\t\t<div id=\"slider\" class=\"flexslider\">\n\t\t\t\t\t\t\t\t\t\t\t\t<ul class=\"slides\">\n\t\t\t\t\t\t\t\t\t\t\t\t\t\t\t<li>\n\t\t\t\t\t\t\t\t\t<img\n\t\t\t\t\t\t\t\t\tclass=\"lazy\"\n\t\t\t\t\t\t\t\t\tsrc=\"\"\n\t\t\t\t\t\t\t\t\tdata-src=\"https:\/\/www.ferienwohnungen-garmischpartenkirchen.de\/wp-content\/uploads\/2025\/12\/mf25273675-500x500.jpg\"\n\t\t\t\t\t\t\t\t\talt=\"\"\n\t\t\t\t\t\t\t\t\tloading=\"lazy\"\n\t\t\t\t\t\t\t\t\tdecoding=\"async\">\n\t\t\t\t\t\t\t\t\t<!-- <img decoding=\"async\" class=\"lazy\" src=\"\" data-src=\"\" alt=\"\" \/> -->\n\t\t\t\t\t\t\t\t<\/li>\n\t\t\t\t\t\t\t\t\t\t\t\t\t\t\t<li>\n\t\t\t\t\t\t\t\t\t<img\n\t\t\t\t\t\t\t\t\tclass=\"lazy\"\n\t\t\t\t\t\t\t\t\tsrc=\"\"\n\t\t\t\t\t\t\t\t\tdata-src=\"https:\/\/www.ferienwohnungen-garmischpartenkirchen.de\/wp-content\/uploads\/2025\/12\/mf25273687-500x500.jpg\"\n\t\t\t\t\t\t\t\t\talt=\"\"\n\t\t\t\t\t\t\t\t\tloading=\"lazy\"\n\t\t\t\t\t\t\t\t\tdecoding=\"async\">\n\t\t\t\t\t\t\t\t\t<!-- <img decoding=\"async\" class=\"lazy\" src=\"\" data-src=\"\" alt=\"\" \/> -->\n\t\t\t\t\t\t\t\t<\/li>\n\t\t\t\t\t\t\t\t\t\t\t\t\t\t\t<li>\n\t\t\t\t\t\t\t\t\t<img\n\t\t\t\t\t\t\t\t\tclass=\"lazy\"\n\t\t\t\t\t\t\t\t\tsrc=\"\"\n\t\t\t\t\t\t\t\t\tdata-src=\"https:\/\/www.ferienwohnungen-garmischpartenkirchen.de\/wp-content\/uploads\/2025\/12\/mf25273686-500x500.jpg\"\n\t\t\t\t\t\t\t\t\talt=\"\"\n\t\t\t\t\t\t\t\t\tloading=\"lazy\"\n\t\t\t\t\t\t\t\t\tdecoding=\"async\">\n\t\t\t\t\t\t\t\t\t<!-- <img decoding=\"async\" class=\"lazy\" src=\"\" data-src=\"\" alt=\"\" \/> -->\n\t\t\t\t\t\t\t\t<\/li>\n\t\t\t\t\t\t\t\t\t\t\t\t\t\t\t<li>\n\t\t\t\t\t\t\t\t\t<img\n\t\t\t\t\t\t\t\t\tclass=\"lazy\"\n\t\t\t\t\t\t\t\t\tsrc=\"\"\n\t\t\t\t\t\t\t\t\tdata-src=\"https:\/\/www.ferienwohnungen-garmischpartenkirchen.de\/wp-content\/uploads\/2025\/12\/mf25273692-500x500.jpg\"\n\t\t\t\t\t\t\t\t\talt=\"\"\n\t\t\t\t\t\t\t\t\tloading=\"lazy\"\n\t\t\t\t\t\t\t\t\tdecoding=\"async\">\n\t\t\t\t\t\t\t\t\t<!-- <img decoding=\"async\" class=\"lazy\" src=\"\" data-src=\"\" alt=\"\" \/> -->\n\t\t\t\t\t\t\t\t<\/li>\n\t\t\t\t\t\t\t\t\t\t\t\t\t\t\t<li>\n\t\t\t\t\t\t\t\t\t<img\n\t\t\t\t\t\t\t\t\tclass=\"lazy\"\n\t\t\t\t\t\t\t\t\tsrc=\"\"\n\t\t\t\t\t\t\t\t\tdata-src=\"https:\/\/www.ferienwohnungen-garmischpartenkirchen.de\/wp-content\/uploads\/2025\/12\/mf25273706-500x500.jpg\"\n\t\t\t\t\t\t\t\t\talt=\"\"\n\t\t\t\t\t\t\t\t\tloading=\"lazy\"\n\t\t\t\t\t\t\t\t\tdecoding=\"async\">\n\t\t\t\t\t\t\t\t\t<!-- <img decoding=\"async\" class=\"lazy\" src=\"\" data-src=\"\" alt=\"\" \/> -->\n\t\t\t\t\t\t\t\t<\/li>\n\t\t\t\t\t\t\t\t\t\t\t\t\t<\/ul>\n\t\t\t\t\t<\/div>\n\t\t\t\t<\/a>\n\t\t<\/div>\n\t\t<div class=\"info-wrapper\">\n\t\t<div class=\"info-body\">\n\t\t\t<span class=\"favouritebtn\"><button class=\"simplefavorite-button\" data-postid=\"15694\" data-siteid=\"1\" data-groupid=\"1\" data-favoritecount=\"8\" style=\"\">Favorite <i class=\"sf-icon-star-empty\"><\/i><\/button> <\/span>\n\t\t\t<div class=\"wrap-classification\">\n\t\t\t\t<h4 class=\"title-container\">\n\t\t\t\t\t<a href=\"https:\/\/www.ferienwohnungen-garmischpartenkirchen.de\/de\/unterkuenfte\/fruehlingserwachen\/?adults=2\">Fr\u00fchlingserwachen<\/a>\n\t\t\t\t<\/h4>\n\t\t\t<\/div>\n\t\t\t<p class=\"unit-region\">\n\t\t\t\t<span>Farchant<\/span>\n\t\t\t<\/p>\n\t\t\t<div>\n\t\t\t\t\t\t\t\t\t<div class=\"additional-results-wrapper\">\n\t\t\t\t\t\t\t\t\t\t\t\t\t\t\t\t\t<\/div>\n\t\t\t\t\t\t\t<\/div>\n\t\t\t<div class=\"details-wrapper\">\n\t\t\t\t<ul>\n\t\t\t\t\t<li><span class=\"wrap-value\">2 G\u00e4ste<\/li>\t\t\t\t\t<span class=\"saperator\"><\/span>\n\t\t\t\t\t<li><span class=\"wrap-value\">1 Schlafzimmer<\/span><\/li>\t\t\t\t\t<!-- <li><span class=\"wrap-value\">1<\/span> Schlafzimmer<\/li> -->\n\t\t\t\t\t<span class=\"saperator\"><\/span>\n\t\t\t\t\t<li class=\"list_rating\"><span class=\"wrap-value\">4.8<\/span>&nbsp;<img decoding=\"async\" src=\"\/wp-content\/themes\/mahr\/assets\/images\/star-solid.svg\"\/><\/li> <span class=\"saperator\"><\/span>\t\t\t\t\t<li>\n\t\t\t\t\t\t<div class=\"info-footer\">\n\t\t\t\t\t\t\t<div class=\"price-container\">\n\t\t\t\t\t\t\t\t<!-- <a href=\"https:\/\/www.ferienwohnungen-garmischpartenkirchen.de\/de\/unterkuenfte\/fruehlingserwachen\/?adults=2\" class=\"price-button\"><div class=\"showprice \"><span class=\"price\" data-price=\"2900\">29,00<\/span> <span class=\"currency\">&euro;<\/span> <\/div><\/a> -->\n\t\t\t\t\t\t\t\t\t\t\t\t\t\t\t\t<div class=\"showprice \"><span class=\"price\" data-price=\"2900\">29,00<\/span> <span class=\"currency\">&euro;<\/span> <\/div>\n\t\t\t\t\t\t\t<\/div>\n\t\t\t\t\t\t<\/div>\n\t\t\t\t\t<\/li>\n\t\t\t\t<\/ul>\n\t\t\t<\/div>\n\t\t<\/div>\n\t\t<!-- <div class=\"info-footer\">\n\t\t\t<div class=\"price-container\">\n\t\t\t\t<a href=\"https:\/\/www.ferienwohnungen-garmischpartenkirchen.de\/de\/unterkuenfte\/fruehlingserwachen\/?adults=2\" class=\"price-button\"><div class=\"showprice \"><span class=\"price\" data-price=\"2900\">29,00<\/span> <span class=\"currency\">&euro;<\/span> <\/div><\/a>\n\t\t\t\t\t\t\t\t<div class=\"showprice \"><span class=\"price\" data-price=\"2900\">29,00<\/span> <span class=\"currency\">&euro;<\/span> <\/div>\n\t\t\t<\/div>\n\t\t<\/div> -->\n\t<\/div>\n<\/div><div class=\"unitcontent-wrapper unitcontent-alternatives-wrapper\">\n\t\t\t<div class=\"image-wrapper\">\n\t\t\t<a href=\"https:\/\/www.ferienwohnungen-garmischpartenkirchen.de\/de\/unterkuenfte\/amici\/?adults=2\">\n\t\t\t\t\t<div id=\"slider\" class=\"flexslider\">\n\t\t\t\t\t\t\t\t\t\t\t\t<ul class=\"slides\">\n\t\t\t\t\t\t\t\t\t\t\t\t\t\t\t<li>\n\t\t\t\t\t\t\t\t\t<img\n\t\t\t\t\t\t\t\t\tclass=\"lazy\"\n\t\t\t\t\t\t\t\t\tsrc=\"\"\n\t\t\t\t\t\t\t\t\tdata-src=\"https:\/\/www.ferienwohnungen-garmischpartenkirchen.de\/wp-content\/uploads\/2025\/10\/mf24314111-500x500.jpg\"\n\t\t\t\t\t\t\t\t\talt=\"\"\n\t\t\t\t\t\t\t\t\tloading=\"lazy\"\n\t\t\t\t\t\t\t\t\tdecoding=\"async\">\n\t\t\t\t\t\t\t\t\t<!-- <img decoding=\"async\" class=\"lazy\" src=\"\" data-src=\"\" alt=\"\" \/> -->\n\t\t\t\t\t\t\t\t<\/li>\n\t\t\t\t\t\t\t\t\t\t\t\t\t\t\t<li>\n\t\t\t\t\t\t\t\t\t<img\n\t\t\t\t\t\t\t\t\tclass=\"lazy\"\n\t\t\t\t\t\t\t\t\tsrc=\"\"\n\t\t\t\t\t\t\t\t\tdata-src=\"https:\/\/www.ferienwohnungen-garmischpartenkirchen.de\/wp-content\/uploads\/2025\/10\/mf24314127-500x500.jpg\"\n\t\t\t\t\t\t\t\t\talt=\"\"\n\t\t\t\t\t\t\t\t\tloading=\"lazy\"\n\t\t\t\t\t\t\t\t\tdecoding=\"async\">\n\t\t\t\t\t\t\t\t\t<!-- <img decoding=\"async\" class=\"lazy\" src=\"\" data-src=\"\" alt=\"\" \/> -->\n\t\t\t\t\t\t\t\t<\/li>\n\t\t\t\t\t\t\t\t\t\t\t\t\t\t\t<li>\n\t\t\t\t\t\t\t\t\t<img\n\t\t\t\t\t\t\t\t\tclass=\"lazy\"\n\t\t\t\t\t\t\t\t\tsrc=\"\"\n\t\t\t\t\t\t\t\t\tdata-src=\"https:\/\/www.ferienwohnungen-garmischpartenkirchen.de\/wp-content\/uploads\/2024\/06\/mf5653295-500x500.jpg\"\n\t\t\t\t\t\t\t\t\talt=\"Badezimmer mit gro\u00dfer Dusche in Ferienwohnung in Garmisch-Partenkirchen\"\n\t\t\t\t\t\t\t\t\tloading=\"lazy\"\n\t\t\t\t\t\t\t\t\tdecoding=\"async\">\n\t\t\t\t\t\t\t\t\t<!-- <img decoding=\"async\" class=\"lazy\" src=\"\" data-src=\"\" alt=\"\" \/> -->\n\t\t\t\t\t\t\t\t<\/li>\n\t\t\t\t\t\t\t\t\t\t\t\t\t\t\t<li>\n\t\t\t\t\t\t\t\t\t<img\n\t\t\t\t\t\t\t\t\tclass=\"lazy\"\n\t\t\t\t\t\t\t\t\tsrc=\"\"\n\t\t\t\t\t\t\t\t\tdata-src=\"https:\/\/www.ferienwohnungen-garmischpartenkirchen.de\/wp-content\/uploads\/2025\/10\/mf24314116-500x500.jpg\"\n\t\t\t\t\t\t\t\t\talt=\"\"\n\t\t\t\t\t\t\t\t\tloading=\"lazy\"\n\t\t\t\t\t\t\t\t\tdecoding=\"async\">\n\t\t\t\t\t\t\t\t\t<!-- <img decoding=\"async\" class=\"lazy\" src=\"\" data-src=\"\" alt=\"\" \/> -->\n\t\t\t\t\t\t\t\t<\/li>\n\t\t\t\t\t\t\t\t\t\t\t\t\t\t\t<li>\n\t\t\t\t\t\t\t\t\t<img\n\t\t\t\t\t\t\t\t\tclass=\"lazy\"\n\t\t\t\t\t\t\t\t\tsrc=\"\"\n\t\t\t\t\t\t\t\t\tdata-src=\"https:\/\/www.ferienwohnungen-garmischpartenkirchen.de\/wp-content\/uploads\/2024\/06\/mf5230573-500x500.jpg\"\n\t\t\t\t\t\t\t\t\talt=\"Ausblick in Ferienwohnung in Garmisch-Partenkirchen\"\n\t\t\t\t\t\t\t\t\tloading=\"lazy\"\n\t\t\t\t\t\t\t\t\tdecoding=\"async\">\n\t\t\t\t\t\t\t\t\t<!-- <img decoding=\"async\" class=\"lazy\" src=\"\" data-src=\"\" alt=\"\" \/> -->\n\t\t\t\t\t\t\t\t<\/li>\n\t\t\t\t\t\t\t\t\t\t\t\t\t<\/ul>\n\t\t\t\t\t<\/div>\n\t\t\t\t<\/a>\n\t\t<\/div>\n\t\t<div class=\"info-wrapper\">\n\t\t<div class=\"info-body\">\n\t\t\t<span class=\"favouritebtn\"><button class=\"simplefavorite-button\" data-postid=\"528\" data-siteid=\"1\" data-groupid=\"1\" data-favoritecount=\"33\" style=\"\">Favorite <i class=\"sf-icon-star-empty\"><\/i><\/button> <\/span>\n\t\t\t<div class=\"wrap-classification\">\n\t\t\t\t<h4 class=\"title-container\">\n\t\t\t\t\t<a href=\"https:\/\/www.ferienwohnungen-garmischpartenkirchen.de\/de\/unterkuenfte\/amici\/?adults=2\">Amici<\/a>\n\t\t\t\t<\/h4>\n\t\t\t<\/div>\n\t\t\t<p class=\"unit-region\">\n\t\t\t\t<span>Garmisch-Partenkirchen<\/span>\n\t\t\t<\/p>\n\t\t\t<div>\n\t\t\t\t\t\t\t\t\t<div class=\"additional-results-wrapper\">\n\t\t\t\t\t\t\t\t\t\t\t\t\t\t\t\t\t<\/div>\n\t\t\t\t\t\t\t<\/div>\n\t\t\t<div class=\"details-wrapper\">\n\t\t\t\t<ul>\n\t\t\t\t\t<li><span class=\"wrap-value\">4 G\u00e4ste<\/li>\t\t\t\t\t<span class=\"saperator\"><\/span>\n\t\t\t\t\t<li><span class=\"wrap-value\">1 Schlafzimmer<\/span><\/li>\t\t\t\t\t<!-- <li><span class=\"wrap-value\">1<\/span> Schlafzimmer<\/li> -->\n\t\t\t\t\t<span class=\"saperator\"><\/span>\n\t\t\t\t\t<li class=\"list_rating\"><span class=\"wrap-value\">4.5<\/span>&nbsp;<img decoding=\"async\" src=\"\/wp-content\/themes\/mahr\/assets\/images\/star-solid.svg\"\/><\/li> <span class=\"saperator\"><\/span>\t\t\t\t\t<li>\n\t\t\t\t\t\t<div class=\"info-footer\">\n\t\t\t\t\t\t\t<div class=\"price-container\">\n\t\t\t\t\t\t\t\t<!-- <a href=\"https:\/\/www.ferienwohnungen-garmischpartenkirchen.de\/de\/unterkuenfte\/amici\/?adults=2\" class=\"price-button\"><div class=\"showprice \"><span class=\"price\" data-price=\"5900\">59,00<\/span> <span class=\"currency\">&euro;<\/span> <\/div><\/a> -->\n\t\t\t\t\t\t\t\t\t\t\t\t\t\t\t\t<div class=\"showprice \"><span class=\"price\" data-price=\"5900\">59,00<\/span> <span class=\"currency\">&euro;<\/span> <\/div>\n\t\t\t\t\t\t\t<\/div>\n\t\t\t\t\t\t<\/div>\n\t\t\t\t\t<\/li>\n\t\t\t\t<\/ul>\n\t\t\t<\/div>\n\t\t<\/div>\n\t\t<!-- <div class=\"info-footer\">\n\t\t\t<div class=\"price-container\">\n\t\t\t\t<a href=\"https:\/\/www.ferienwohnungen-garmischpartenkirchen.de\/de\/unterkuenfte\/amici\/?adults=2\" class=\"price-button\"><div class=\"showprice \"><span class=\"price\" data-price=\"5900\">59,00<\/span> <span class=\"currency\">&euro;<\/span> <\/div><\/a>\n\t\t\t\t\t\t\t\t<div class=\"showprice \"><span class=\"price\" data-price=\"5900\">59,00<\/span> <span class=\"currency\">&euro;<\/span> <\/div>\n\t\t\t<\/div>\n\t\t<\/div> -->\n\t<\/div>\n<\/div><div class=\"unitcontent-wrapper unitcontent-alternatives-wrapper\">\n\t\t\t<div class=\"image-wrapper\">\n\t\t\t<a href=\"https:\/\/www.ferienwohnungen-garmischpartenkirchen.de\/de\/unterkuenfte\/alpspitzstubn\/?adults=2\">\n\t\t\t\t\t<div id=\"slider\" class=\"flexslider\">\n\t\t\t\t\t\t\t\t\t\t\t\t<ul class=\"slides\">\n\t\t\t\t\t\t\t\t\t\t\t\t\t\t\t<li>\n\t\t\t\t\t\t\t\t\t<img\n\t\t\t\t\t\t\t\t\tclass=\"lazy\"\n\t\t\t\t\t\t\t\t\tsrc=\"\"\n\t\t\t\t\t\t\t\t\tdata-src=\"https:\/\/www.ferienwohnungen-garmischpartenkirchen.de\/wp-content\/uploads\/2025\/06\/mf22520930-500x500.jpg\"\n\t\t\t\t\t\t\t\t\talt=\"\"\n\t\t\t\t\t\t\t\t\tloading=\"lazy\"\n\t\t\t\t\t\t\t\t\tdecoding=\"async\">\n\t\t\t\t\t\t\t\t\t<!-- <img decoding=\"async\" class=\"lazy\" src=\"\" data-src=\"\" alt=\"\" \/> -->\n\t\t\t\t\t\t\t\t<\/li>\n\t\t\t\t\t\t\t\t\t\t\t\t\t\t\t<li>\n\t\t\t\t\t\t\t\t\t<img\n\t\t\t\t\t\t\t\t\tclass=\"lazy\"\n\t\t\t\t\t\t\t\t\tsrc=\"\"\n\t\t\t\t\t\t\t\t\tdata-src=\"https:\/\/www.ferienwohnungen-garmischpartenkirchen.de\/wp-content\/uploads\/2025\/06\/mf22520958-500x500.jpg\"\n\t\t\t\t\t\t\t\t\talt=\"\"\n\t\t\t\t\t\t\t\t\tloading=\"lazy\"\n\t\t\t\t\t\t\t\t\tdecoding=\"async\">\n\t\t\t\t\t\t\t\t\t<!-- <img decoding=\"async\" class=\"lazy\" src=\"\" data-src=\"\" alt=\"\" \/> -->\n\t\t\t\t\t\t\t\t<\/li>\n\t\t\t\t\t\t\t\t\t\t\t\t\t\t\t<li>\n\t\t\t\t\t\t\t\t\t<img\n\t\t\t\t\t\t\t\t\tclass=\"lazy\"\n\t\t\t\t\t\t\t\t\tsrc=\"\"\n\t\t\t\t\t\t\t\t\tdata-src=\"https:\/\/www.ferienwohnungen-garmischpartenkirchen.de\/wp-content\/uploads\/2025\/06\/mf22520942-500x500.jpg\"\n\t\t\t\t\t\t\t\t\talt=\"\"\n\t\t\t\t\t\t\t\t\tloading=\"lazy\"\n\t\t\t\t\t\t\t\t\tdecoding=\"async\">\n\t\t\t\t\t\t\t\t\t<!-- <img decoding=\"async\" class=\"lazy\" src=\"\" data-src=\"\" alt=\"\" \/> -->\n\t\t\t\t\t\t\t\t<\/li>\n\t\t\t\t\t\t\t\t\t\t\t\t\t\t\t<li>\n\t\t\t\t\t\t\t\t\t<img\n\t\t\t\t\t\t\t\t\tclass=\"lazy\"\n\t\t\t\t\t\t\t\t\tsrc=\"\"\n\t\t\t\t\t\t\t\t\tdata-src=\"https:\/\/www.ferienwohnungen-garmischpartenkirchen.de\/wp-content\/uploads\/2025\/06\/mf22520948-500x500.jpg\"\n\t\t\t\t\t\t\t\t\talt=\"\"\n\t\t\t\t\t\t\t\t\tloading=\"lazy\"\n\t\t\t\t\t\t\t\t\tdecoding=\"async\">\n\t\t\t\t\t\t\t\t\t<!-- <img decoding=\"async\" class=\"lazy\" src=\"\" data-src=\"\" alt=\"\" \/> -->\n\t\t\t\t\t\t\t\t<\/li>\n\t\t\t\t\t\t\t\t\t\t\t\t\t\t\t<li>\n\t\t\t\t\t\t\t\t\t<img\n\t\t\t\t\t\t\t\t\tclass=\"lazy\"\n\t\t\t\t\t\t\t\t\tsrc=\"\"\n\t\t\t\t\t\t\t\t\tdata-src=\"https:\/\/www.ferienwohnungen-garmischpartenkirchen.de\/wp-content\/uploads\/2025\/06\/mf22520969-500x500.jpg\"\n\t\t\t\t\t\t\t\t\talt=\"\"\n\t\t\t\t\t\t\t\t\tloading=\"lazy\"\n\t\t\t\t\t\t\t\t\tdecoding=\"async\">\n\t\t\t\t\t\t\t\t\t<!-- <img decoding=\"async\" class=\"lazy\" src=\"\" data-src=\"\" alt=\"\" \/> -->\n\t\t\t\t\t\t\t\t<\/li>\n\t\t\t\t\t\t\t\t\t\t\t\t\t<\/ul>\n\t\t\t\t\t<\/div>\n\t\t\t\t<\/a>\n\t\t<\/div>\n\t\t<div class=\"info-wrapper\">\n\t\t<div class=\"info-body\">\n\t\t\t<span class=\"favouritebtn\"><button class=\"simplefavorite-button\" data-postid=\"13941\" data-siteid=\"1\" data-groupid=\"1\" data-favoritecount=\"14\" style=\"\">Favorite <i class=\"sf-icon-star-empty\"><\/i><\/button> <\/span>\n\t\t\t<div class=\"wrap-classification\">\n\t\t\t\t<h4 class=\"title-container\">\n\t\t\t\t\t<a href=\"https:\/\/www.ferienwohnungen-garmischpartenkirchen.de\/de\/unterkuenfte\/alpspitzstubn\/?adults=2\">AlpspitzStubn<\/a>\n\t\t\t\t<\/h4>\n\t\t\t<\/div>\n\t\t\t<p class=\"unit-region\">\n\t\t\t\t<span>Grainau<\/span>\n\t\t\t<\/p>\n\t\t\t<div>\n\t\t\t\t\t\t\t\t\t<div class=\"additional-results-wrapper\">\n\t\t\t\t\t\t\t\t\t\t\t\t\t\t\t\t\t<\/div>\n\t\t\t\t\t\t\t<\/div>\n\t\t\t<div class=\"details-wrapper\">\n\t\t\t\t<ul>\n\t\t\t\t\t<li><span class=\"wrap-value\">4 G\u00e4ste<\/li>\t\t\t\t\t<span class=\"saperator\"><\/span>\n\t\t\t\t\t<li><span class=\"wrap-value\">1 Schlafzimmer<\/span><\/li>\t\t\t\t\t<!-- <li><span class=\"wrap-value\">1<\/span> Schlafzimmer<\/li> -->\n\t\t\t\t\t<span class=\"saperator\"><\/span>\n\t\t\t\t\t<li class=\"list_rating\"><span class=\"wrap-value\">4.9<\/span>&nbsp;<img decoding=\"async\" src=\"\/wp-content\/themes\/mahr\/assets\/images\/star-solid.svg\"\/><\/li> <span class=\"saperator\"><\/span>\t\t\t\t\t<li>\n\t\t\t\t\t\t<div class=\"info-footer\">\n\t\t\t\t\t\t\t<div class=\"price-container\">\n\t\t\t\t\t\t\t\t<!-- <a href=\"https:\/\/www.ferienwohnungen-garmischpartenkirchen.de\/de\/unterkuenfte\/alpspitzstubn\/?adults=2\" class=\"price-button\"><div class=\"showprice \"><span class=\"price\" data-price=\"6900\">69,00<\/span> <span class=\"currency\">&euro;<\/span> <\/div><\/a> -->\n\t\t\t\t\t\t\t\t\t\t\t\t\t\t\t\t<div class=\"showprice \"><span class=\"price\" data-price=\"6900\">69,00<\/span> <span class=\"currency\">&euro;<\/span> <\/div>\n\t\t\t\t\t\t\t<\/div>\n\t\t\t\t\t\t<\/div>\n\t\t\t\t\t<\/li>\n\t\t\t\t<\/ul>\n\t\t\t<\/div>\n\t\t<\/div>\n\t\t<!-- <div class=\"info-footer\">\n\t\t\t<div class=\"price-container\">\n\t\t\t\t<a href=\"https:\/\/www.ferienwohnungen-garmischpartenkirchen.de\/de\/unterkuenfte\/alpspitzstubn\/?adults=2\" class=\"price-button\"><div class=\"showprice \"><span class=\"price\" data-price=\"6900\">69,00<\/span> <span class=\"currency\">&euro;<\/span> <\/div><\/a>\n\t\t\t\t\t\t\t\t<div class=\"showprice \"><span class=\"price\" data-price=\"6900\">69,00<\/span> <span class=\"currency\">&euro;<\/span> <\/div>\n\t\t\t<\/div>\n\t\t<\/div> -->\n\t<\/div>\n<\/div><div class=\"unitcontent-wrapper unitcontent-alternatives-wrapper\">\n\t\t\t<div class=\"image-wrapper\">\n\t\t\t<a href=\"https:\/\/www.ferienwohnungen-garmischpartenkirchen.de\/de\/unterkuenfte\/heuboden\/?adults=2\">\n\t\t\t\t\t<div id=\"slider\" class=\"flexslider\">\n\t\t\t\t\t\t\t\t\t\t\t\t<ul class=\"slides\">\n\t\t\t\t\t\t\t\t\t\t\t\t\t\t\t<li>\n\t\t\t\t\t\t\t\t\t<img\n\t\t\t\t\t\t\t\t\tclass=\"lazy\"\n\t\t\t\t\t\t\t\t\tsrc=\"\"\n\t\t\t\t\t\t\t\t\tdata-src=\"https:\/\/www.ferienwohnungen-garmischpartenkirchen.de\/wp-content\/uploads\/2025\/12\/mf25290189-500x500.jpg\"\n\t\t\t\t\t\t\t\t\talt=\"\"\n\t\t\t\t\t\t\t\t\tloading=\"lazy\"\n\t\t\t\t\t\t\t\t\tdecoding=\"async\">\n\t\t\t\t\t\t\t\t\t<!-- <img decoding=\"async\" class=\"lazy\" src=\"\" data-src=\"\" alt=\"\" \/> -->\n\t\t\t\t\t\t\t\t<\/li>\n\t\t\t\t\t\t\t\t\t\t\t\t\t\t\t<li>\n\t\t\t\t\t\t\t\t\t<img\n\t\t\t\t\t\t\t\t\tclass=\"lazy\"\n\t\t\t\t\t\t\t\t\tsrc=\"\"\n\t\t\t\t\t\t\t\t\tdata-src=\"https:\/\/www.ferienwohnungen-garmischpartenkirchen.de\/wp-content\/uploads\/2025\/12\/mf25290188-500x500.jpg\"\n\t\t\t\t\t\t\t\t\talt=\"\"\n\t\t\t\t\t\t\t\t\tloading=\"lazy\"\n\t\t\t\t\t\t\t\t\tdecoding=\"async\">\n\t\t\t\t\t\t\t\t\t<!-- <img decoding=\"async\" class=\"lazy\" src=\"\" data-src=\"\" alt=\"\" \/> -->\n\t\t\t\t\t\t\t\t<\/li>\n\t\t\t\t\t\t\t\t\t\t\t\t\t\t\t<li>\n\t\t\t\t\t\t\t\t\t<img\n\t\t\t\t\t\t\t\t\tclass=\"lazy\"\n\t\t\t\t\t\t\t\t\tsrc=\"\"\n\t\t\t\t\t\t\t\t\tdata-src=\"https:\/\/www.ferienwohnungen-garmischpartenkirchen.de\/wp-content\/uploads\/2025\/12\/mf25290193-500x500.jpg\"\n\t\t\t\t\t\t\t\t\talt=\"\"\n\t\t\t\t\t\t\t\t\tloading=\"lazy\"\n\t\t\t\t\t\t\t\t\tdecoding=\"async\">\n\t\t\t\t\t\t\t\t\t<!-- <img decoding=\"async\" class=\"lazy\" src=\"\" data-src=\"\" alt=\"\" \/> -->\n\t\t\t\t\t\t\t\t<\/li>\n\t\t\t\t\t\t\t\t\t\t\t\t\t\t\t<li>\n\t\t\t\t\t\t\t\t\t<img\n\t\t\t\t\t\t\t\t\tclass=\"lazy\"\n\t\t\t\t\t\t\t\t\tsrc=\"\"\n\t\t\t\t\t\t\t\t\tdata-src=\"https:\/\/www.ferienwohnungen-garmischpartenkirchen.de\/wp-content\/uploads\/2025\/12\/mf25290192-500x500.jpg\"\n\t\t\t\t\t\t\t\t\talt=\"\"\n\t\t\t\t\t\t\t\t\tloading=\"lazy\"\n\t\t\t\t\t\t\t\t\tdecoding=\"async\">\n\t\t\t\t\t\t\t\t\t<!-- <img decoding=\"async\" class=\"lazy\" src=\"\" data-src=\"\" alt=\"\" \/> -->\n\t\t\t\t\t\t\t\t<\/li>\n\t\t\t\t\t\t\t\t\t\t\t\t\t\t\t<li>\n\t\t\t\t\t\t\t\t\t<img\n\t\t\t\t\t\t\t\t\tclass=\"lazy\"\n\t\t\t\t\t\t\t\t\tsrc=\"\"\n\t\t\t\t\t\t\t\t\tdata-src=\"https:\/\/www.ferienwohnungen-garmischpartenkirchen.de\/wp-content\/uploads\/2025\/12\/mf25290196-500x500.jpg\"\n\t\t\t\t\t\t\t\t\talt=\"\"\n\t\t\t\t\t\t\t\t\tloading=\"lazy\"\n\t\t\t\t\t\t\t\t\tdecoding=\"async\">\n\t\t\t\t\t\t\t\t\t<!-- <img decoding=\"async\" class=\"lazy\" src=\"\" data-src=\"\" alt=\"\" \/> -->\n\t\t\t\t\t\t\t\t<\/li>\n\t\t\t\t\t\t\t\t\t\t\t\t\t<\/ul>\n\t\t\t\t\t<\/div>\n\t\t\t\t<\/a>\n\t\t<\/div>\n\t\t<div class=\"info-wrapper\">\n\t\t<div class=\"info-body\">\n\t\t\t<span class=\"favouritebtn\"><button class=\"simplefavorite-button\" data-postid=\"15842\" data-siteid=\"1\" data-groupid=\"1\" data-favoritecount=\"12\" style=\"\">Favorite <i class=\"sf-icon-star-empty\"><\/i><\/button> <\/span>\n\t\t\t<div class=\"wrap-classification\">\n\t\t\t\t<h4 class=\"title-container\">\n\t\t\t\t\t<a href=\"https:\/\/www.ferienwohnungen-garmischpartenkirchen.de\/de\/unterkuenfte\/heuboden\/?adults=2\">Heuboden<\/a>\n\t\t\t\t<\/h4>\n\t\t\t<\/div>\n\t\t\t<p class=\"unit-region\">\n\t\t\t\t<span>Farchant<\/span>\n\t\t\t<\/p>\n\t\t\t<div>\n\t\t\t\t\t\t\t\t\t<div class=\"additional-results-wrapper\">\n\t\t\t\t\t\t\t\t\t\t\t\t\t\t\t\t\t<\/div>\n\t\t\t\t\t\t\t<\/div>\n\t\t\t<div class=\"details-wrapper\">\n\t\t\t\t<ul>\n\t\t\t\t\t<li><span class=\"wrap-value\">4 G\u00e4ste<\/li>\t\t\t\t\t<span class=\"saperator\"><\/span>\n\t\t\t\t\t<li><span class=\"wrap-value\">2 Schlafzimmer<\/span><\/li>\t\t\t\t\t<!-- <li><span class=\"wrap-value\">2<\/span> Schlafzimmer<\/li> -->\n\t\t\t\t\t<span class=\"saperator\"><\/span>\n\t\t\t\t\t<li class=\"list_rating\"><span class=\"wrap-value\">5<\/span>&nbsp;<img decoding=\"async\" src=\"\/wp-content\/themes\/mahr\/assets\/images\/star-solid.svg\"\/><\/li> <span class=\"saperator\"><\/span>\t\t\t\t\t<li>\n\t\t\t\t\t\t<div class=\"info-footer\">\n\t\t\t\t\t\t\t<div class=\"price-container\">\n\t\t\t\t\t\t\t\t<!-- <a href=\"https:\/\/www.ferienwohnungen-garmischpartenkirchen.de\/de\/unterkuenfte\/heuboden\/?adults=2\" class=\"price-button\"><div class=\"showprice \"><span class=\"price\" data-price=\"5900\">59,00<\/span> <span class=\"currency\">&euro;<\/span> <\/div><\/a> -->\n\t\t\t\t\t\t\t\t\t\t\t\t\t\t\t\t<div class=\"showprice \"><span class=\"price\" data-price=\"5900\">59,00<\/span> <span class=\"currency\">&euro;<\/span> <\/div>\n\t\t\t\t\t\t\t<\/div>\n\t\t\t\t\t\t<\/div>\n\t\t\t\t\t<\/li>\n\t\t\t\t<\/ul>\n\t\t\t<\/div>\n\t\t<\/div>\n\t\t<!-- <div class=\"info-footer\">\n\t\t\t<div class=\"price-container\">\n\t\t\t\t<a href=\"https:\/\/www.ferienwohnungen-garmischpartenkirchen.de\/de\/unterkuenfte\/heuboden\/?adults=2\" class=\"price-button\"><div class=\"showprice \"><span class=\"price\" data-price=\"5900\">59,00<\/span> <span class=\"currency\">&euro;<\/span> <\/div><\/a>\n\t\t\t\t\t\t\t\t<div class=\"showprice \"><span class=\"price\" data-price=\"5900\">59,00<\/span> <span class=\"currency\">&euro;<\/span> <\/div>\n\t\t\t<\/div>\n\t\t<\/div> -->\n\t<\/div>\n<\/div><div class=\"unitcontent-wrapper unitcontent-alternatives-wrapper\">\n\t\t\t<div class=\"image-wrapper\">\n\t\t\t<a href=\"https:\/\/www.ferienwohnungen-garmischpartenkirchen.de\/de\/unterkuenfte\/zwoade-hoamad\/?adults=2\">\n\t\t\t\t\t<div id=\"slider\" class=\"flexslider\">\n\t\t\t\t\t\t\t\t\t\t\t\t<ul class=\"slides\">\n\t\t\t\t\t\t\t\t\t\t\t\t\t\t\t<li>\n\t\t\t\t\t\t\t\t\t<img\n\t\t\t\t\t\t\t\t\tclass=\"lazy\"\n\t\t\t\t\t\t\t\t\tsrc=\"\"\n\t\t\t\t\t\t\t\t\tdata-src=\"https:\/\/www.ferienwohnungen-garmischpartenkirchen.de\/wp-content\/uploads\/2026\/02\/mf26198189-500x500.jpg\"\n\t\t\t\t\t\t\t\t\talt=\"\"\n\t\t\t\t\t\t\t\t\tloading=\"lazy\"\n\t\t\t\t\t\t\t\t\tdecoding=\"async\">\n\t\t\t\t\t\t\t\t\t<!-- <img decoding=\"async\" class=\"lazy\" src=\"\" data-src=\"\" alt=\"\" \/> -->\n\t\t\t\t\t\t\t\t<\/li>\n\t\t\t\t\t\t\t\t\t\t\t\t\t\t\t<li>\n\t\t\t\t\t\t\t\t\t<img\n\t\t\t\t\t\t\t\t\tclass=\"lazy\"\n\t\t\t\t\t\t\t\t\tsrc=\"\"\n\t\t\t\t\t\t\t\t\tdata-src=\"https:\/\/www.ferienwohnungen-garmischpartenkirchen.de\/wp-content\/uploads\/2026\/02\/mf26198203-500x500.jpg\"\n\t\t\t\t\t\t\t\t\talt=\"\"\n\t\t\t\t\t\t\t\t\tloading=\"lazy\"\n\t\t\t\t\t\t\t\t\tdecoding=\"async\">\n\t\t\t\t\t\t\t\t\t<!-- <img decoding=\"async\" class=\"lazy\" src=\"\" data-src=\"\" alt=\"\" \/> -->\n\t\t\t\t\t\t\t\t<\/li>\n\t\t\t\t\t\t\t\t\t\t\t\t\t\t\t<li>\n\t\t\t\t\t\t\t\t\t<img\n\t\t\t\t\t\t\t\t\tclass=\"lazy\"\n\t\t\t\t\t\t\t\t\tsrc=\"\"\n\t\t\t\t\t\t\t\t\tdata-src=\"https:\/\/www.ferienwohnungen-garmischpartenkirchen.de\/wp-content\/uploads\/2026\/02\/mf26198209-500x500.jpg\"\n\t\t\t\t\t\t\t\t\talt=\"\"\n\t\t\t\t\t\t\t\t\tloading=\"lazy\"\n\t\t\t\t\t\t\t\t\tdecoding=\"async\">\n\t\t\t\t\t\t\t\t\t<!-- <img decoding=\"async\" class=\"lazy\" src=\"\" data-src=\"\" alt=\"\" \/> -->\n\t\t\t\t\t\t\t\t<\/li>\n\t\t\t\t\t\t\t\t\t\t\t\t\t\t\t<li>\n\t\t\t\t\t\t\t\t\t<img\n\t\t\t\t\t\t\t\t\tclass=\"lazy\"\n\t\t\t\t\t\t\t\t\tsrc=\"\"\n\t\t\t\t\t\t\t\t\tdata-src=\"https:\/\/www.ferienwohnungen-garmischpartenkirchen.de\/wp-content\/uploads\/2026\/02\/mf26198193-500x500.jpg\"\n\t\t\t\t\t\t\t\t\talt=\"\"\n\t\t\t\t\t\t\t\t\tloading=\"lazy\"\n\t\t\t\t\t\t\t\t\tdecoding=\"async\">\n\t\t\t\t\t\t\t\t\t<!-- <img decoding=\"async\" class=\"lazy\" src=\"\" data-src=\"\" alt=\"\" \/> -->\n\t\t\t\t\t\t\t\t<\/li>\n\t\t\t\t\t\t\t\t\t\t\t\t\t\t\t<li>\n\t\t\t\t\t\t\t\t\t<img\n\t\t\t\t\t\t\t\t\tclass=\"lazy\"\n\t\t\t\t\t\t\t\t\tsrc=\"\"\n\t\t\t\t\t\t\t\t\tdata-src=\"https:\/\/www.ferienwohnungen-garmischpartenkirchen.de\/wp-content\/uploads\/2026\/02\/mf26198212-500x500.jpg\"\n\t\t\t\t\t\t\t\t\talt=\"\"\n\t\t\t\t\t\t\t\t\tloading=\"lazy\"\n\t\t\t\t\t\t\t\t\tdecoding=\"async\">\n\t\t\t\t\t\t\t\t\t<!-- <img decoding=\"async\" class=\"lazy\" src=\"\" data-src=\"\" alt=\"\" \/> -->\n\t\t\t\t\t\t\t\t<\/li>\n\t\t\t\t\t\t\t\t\t\t\t\t\t<\/ul>\n\t\t\t\t\t<\/div>\n\t\t\t\t<\/a>\n\t\t<\/div>\n\t\t<div class=\"info-wrapper\">\n\t\t<div class=\"info-body\">\n\t\t\t<span class=\"favouritebtn\"><button class=\"simplefavorite-button\" data-postid=\"16379\" data-siteid=\"1\" data-groupid=\"1\" data-favoritecount=\"3\" style=\"\">Favorite <i class=\"sf-icon-star-empty\"><\/i><\/button> <\/span>\n\t\t\t<div class=\"wrap-classification\">\n\t\t\t\t<h4 class=\"title-container\">\n\t\t\t\t\t<a href=\"https:\/\/www.ferienwohnungen-garmischpartenkirchen.de\/de\/unterkuenfte\/zwoade-hoamad\/?adults=2\">Zwoade Hoamad<\/a>\n\t\t\t\t<\/h4>\n\t\t\t<\/div>\n\t\t\t<p class=\"unit-region\">\n\t\t\t\t<span>Farchant<\/span>\n\t\t\t<\/p>\n\t\t\t<div>\n\t\t\t\t\t\t\t\t\t<div class=\"additional-results-wrapper\">\n\t\t\t\t\t\t\t\t\t\t\t\t\t\t\t\t\t<\/div>\n\t\t\t\t\t\t\t<\/div>\n\t\t\t<div class=\"details-wrapper\">\n\t\t\t\t<ul>\n\t\t\t\t\t<li><span class=\"wrap-value\">2 G\u00e4ste<\/li>\t\t\t\t\t<span class=\"saperator\"><\/span>\n\t\t\t\t\t<li><span class=\"wrap-value\">1 Schlafzimmer<\/span><\/li>\t\t\t\t\t<!-- <li><span class=\"wrap-value\">1<\/span> Schlafzimmer<\/li> -->\n\t\t\t\t\t<span class=\"saperator\"><\/span>\n\t\t\t\t\t\t\t\t\t\t<li>\n\t\t\t\t\t\t<div class=\"info-footer\">\n\t\t\t\t\t\t\t<div class=\"price-container\">\n\t\t\t\t\t\t\t\t<!-- <a href=\"https:\/\/www.ferienwohnungen-garmischpartenkirchen.de\/de\/unterkuenfte\/zwoade-hoamad\/?adults=2\" class=\"price-button\"><div class=\"showprice \"><span class=\"price\" data-price=\"5500\">55,00<\/span> <span class=\"currency\">&euro;<\/span> <\/div><\/a> -->\n\t\t\t\t\t\t\t\t\t\t\t\t\t\t\t\t<div class=\"showprice \"><span class=\"price\" data-price=\"5500\">55,00<\/span> <span class=\"currency\">&euro;<\/span> <\/div>\n\t\t\t\t\t\t\t<\/div>\n\t\t\t\t\t\t<\/div>\n\t\t\t\t\t<\/li>\n\t\t\t\t<\/ul>\n\t\t\t<\/div>\n\t\t<\/div>\n\t\t<!-- <div class=\"info-footer\">\n\t\t\t<div class=\"price-container\">\n\t\t\t\t<a href=\"https:\/\/www.ferienwohnungen-garmischpartenkirchen.de\/de\/unterkuenfte\/zwoade-hoamad\/?adults=2\" class=\"price-button\"><div class=\"showprice \"><span class=\"price\" data-price=\"5500\">55,00<\/span> <span class=\"currency\">&euro;<\/span> <\/div><\/a>\n\t\t\t\t\t\t\t\t<div class=\"showprice \"><span class=\"price\" data-price=\"5500\">55,00<\/span> <span class=\"currency\">&euro;<\/span> <\/div>\n\t\t\t<\/div>\n\t\t<\/div> -->\n\t<\/div>\n<\/div><div class=\"unitcontent-wrapper unitcontent-alternatives-wrapper\">\n\t\t\t<div class=\"image-wrapper\">\n\t\t\t<a href=\"https:\/\/www.ferienwohnungen-garmischpartenkirchen.de\/de\/unterkuenfte\/hochstimmung\/?adults=2\">\n\t\t\t\t\t<div id=\"slider\" class=\"flexslider\">\n\t\t\t\t\t\t\t\t\t\t\t\t<ul class=\"slides\">\n\t\t\t\t\t\t\t\t\t\t\t\t\t\t\t<li>\n\t\t\t\t\t\t\t\t\t<img\n\t\t\t\t\t\t\t\t\tclass=\"lazy\"\n\t\t\t\t\t\t\t\t\tsrc=\"\"\n\t\t\t\t\t\t\t\t\tdata-src=\"https:\/\/www.ferienwohnungen-garmischpartenkirchen.de\/wp-content\/uploads\/2024\/06\/mf3721454-500x500.jpg\"\n\t\t\t\t\t\t\t\t\talt=\"Balkon und Sessel und Sofa in Ferienwohnung in Garmisch-Partenkirchen\"\n\t\t\t\t\t\t\t\t\tloading=\"lazy\"\n\t\t\t\t\t\t\t\t\tdecoding=\"async\">\n\t\t\t\t\t\t\t\t\t<!-- <img decoding=\"async\" class=\"lazy\" src=\"\" data-src=\"\" alt=\"\" \/> -->\n\t\t\t\t\t\t\t\t<\/li>\n\t\t\t\t\t\t\t\t\t\t\t\t\t\t\t<li>\n\t\t\t\t\t\t\t\t\t<img\n\t\t\t\t\t\t\t\t\tclass=\"lazy\"\n\t\t\t\t\t\t\t\t\tsrc=\"\"\n\t\t\t\t\t\t\t\t\tdata-src=\"https:\/\/www.ferienwohnungen-garmischpartenkirchen.de\/wp-content\/uploads\/2024\/06\/mf3721448-500x500.jpg\"\n\t\t\t\t\t\t\t\t\talt=\"Esstisch mit Fenster in Ferienwohnung in Garmisch-Partenkirchen\"\n\t\t\t\t\t\t\t\t\tloading=\"lazy\"\n\t\t\t\t\t\t\t\t\tdecoding=\"async\">\n\t\t\t\t\t\t\t\t\t<!-- <img decoding=\"async\" class=\"lazy\" src=\"\" data-src=\"\" alt=\"\" \/> -->\n\t\t\t\t\t\t\t\t<\/li>\n\t\t\t\t\t\t\t\t\t\t\t\t\t\t\t<li>\n\t\t\t\t\t\t\t\t\t<img\n\t\t\t\t\t\t\t\t\tclass=\"lazy\"\n\t\t\t\t\t\t\t\t\tsrc=\"\"\n\t\t\t\t\t\t\t\t\tdata-src=\"https:\/\/www.ferienwohnungen-garmischpartenkirchen.de\/wp-content\/uploads\/2024\/06\/mf3721468-500x500.jpg\"\n\t\t\t\t\t\t\t\t\talt=\"K\u00fcche mit einer Holz-Optik Arbeitsfl\u00e4che in Ferienwohnung in Garmisch-Partenkirchen\"\n\t\t\t\t\t\t\t\t\tloading=\"lazy\"\n\t\t\t\t\t\t\t\t\tdecoding=\"async\">\n\t\t\t\t\t\t\t\t\t<!-- <img decoding=\"async\" class=\"lazy\" src=\"\" data-src=\"\" alt=\"\" \/> -->\n\t\t\t\t\t\t\t\t<\/li>\n\t\t\t\t\t\t\t\t\t\t\t\t\t\t\t<li>\n\t\t\t\t\t\t\t\t\t<img\n\t\t\t\t\t\t\t\t\tclass=\"lazy\"\n\t\t\t\t\t\t\t\t\tsrc=\"\"\n\t\t\t\t\t\t\t\t\tdata-src=\"https:\/\/www.ferienwohnungen-garmischpartenkirchen.de\/wp-content\/uploads\/2024\/06\/mf3721466-500x500.jpg\"\n\t\t\t\t\t\t\t\t\talt=\"Essbereich mit Fernseher in Ferienwohnung in Garmisch-Partenkirchen\"\n\t\t\t\t\t\t\t\t\tloading=\"lazy\"\n\t\t\t\t\t\t\t\t\tdecoding=\"async\">\n\t\t\t\t\t\t\t\t\t<!-- <img decoding=\"async\" class=\"lazy\" src=\"\" data-src=\"\" alt=\"\" \/> -->\n\t\t\t\t\t\t\t\t<\/li>\n\t\t\t\t\t\t\t\t\t\t\t\t\t\t\t<li>\n\t\t\t\t\t\t\t\t\t<img\n\t\t\t\t\t\t\t\t\tclass=\"lazy\"\n\t\t\t\t\t\t\t\t\tsrc=\"\"\n\t\t\t\t\t\t\t\t\tdata-src=\"https:\/\/www.ferienwohnungen-garmischpartenkirchen.de\/wp-content\/uploads\/2024\/06\/mf3721461-500x500.jpg\"\n\t\t\t\t\t\t\t\t\talt=\"Doppelbett mit Nachttisch in Ferienwohnung in Garmisch-Partenkirchen\"\n\t\t\t\t\t\t\t\t\tloading=\"lazy\"\n\t\t\t\t\t\t\t\t\tdecoding=\"async\">\n\t\t\t\t\t\t\t\t\t<!-- <img decoding=\"async\" class=\"lazy\" src=\"\" data-src=\"\" alt=\"\" \/> -->\n\t\t\t\t\t\t\t\t<\/li>\n\t\t\t\t\t\t\t\t\t\t\t\t\t<\/ul>\n\t\t\t\t\t<\/div>\n\t\t\t\t<\/a>\n\t\t<\/div>\n\t\t<div class=\"info-wrapper\">\n\t\t<div class=\"info-body\">\n\t\t\t<span class=\"favouritebtn\"><button class=\"simplefavorite-button\" data-postid=\"504\" data-siteid=\"1\" data-groupid=\"1\" data-favoritecount=\"26\" style=\"\">Favorite <i class=\"sf-icon-star-empty\"><\/i><\/button> <\/span>\n\t\t\t<div class=\"wrap-classification\">\n\t\t\t\t<h4 class=\"title-container\">\n\t\t\t\t\t<a href=\"https:\/\/www.ferienwohnungen-garmischpartenkirchen.de\/de\/unterkuenfte\/hochstimmung\/?adults=2\">Hochstimmung<\/a>\n\t\t\t\t<\/h4>\n\t\t\t<\/div>\n\t\t\t<p class=\"unit-region\">\n\t\t\t\t<span>Farchant<\/span>\n\t\t\t<\/p>\n\t\t\t<div>\n\t\t\t\t\t\t\t\t\t<div class=\"additional-results-wrapper\">\n\t\t\t\t\t\t\t\t\t\t\t\t\t\t\t\t\t<\/div>\n\t\t\t\t\t\t\t<\/div>\n\t\t\t<div class=\"details-wrapper\">\n\t\t\t\t<ul>\n\t\t\t\t\t<li><span class=\"wrap-value\">4 G\u00e4ste<\/li>\t\t\t\t\t<span class=\"saperator\"><\/span>\n\t\t\t\t\t<li><span class=\"wrap-value\">2 Schlafzimmer<\/span><\/li>\t\t\t\t\t<!-- <li><span class=\"wrap-value\">2<\/span> Schlafzimmer<\/li> -->\n\t\t\t\t\t<span class=\"saperator\"><\/span>\n\t\t\t\t\t<li class=\"list_rating\"><span class=\"wrap-value\">5<\/span>&nbsp;<img decoding=\"async\" src=\"\/wp-content\/themes\/mahr\/assets\/images\/star-solid.svg\"\/><\/li> <span class=\"saperator\"><\/span>\t\t\t\t\t<li>\n\t\t\t\t\t\t<div class=\"info-footer\">\n\t\t\t\t\t\t\t<div class=\"price-container\">\n\t\t\t\t\t\t\t\t<!-- <a href=\"https:\/\/www.ferienwohnungen-garmischpartenkirchen.de\/de\/unterkuenfte\/hochstimmung\/?adults=2\" class=\"price-button\"><div class=\"showprice \"><span class=\"price\" data-price=\"9900\">99,00<\/span> <span class=\"currency\">&euro;<\/span> <\/div><\/a> -->\n\t\t\t\t\t\t\t\t\t\t\t\t\t\t\t\t<div class=\"showprice \"><span class=\"price\" data-price=\"9900\">99,00<\/span> <span class=\"currency\">&euro;<\/span> <\/div>\n\t\t\t\t\t\t\t<\/div>\n\t\t\t\t\t\t<\/div>\n\t\t\t\t\t<\/li>\n\t\t\t\t<\/ul>\n\t\t\t<\/div>\n\t\t<\/div>\n\t\t<!-- <div class=\"info-footer\">\n\t\t\t<div class=\"price-container\">\n\t\t\t\t<a href=\"https:\/\/www.ferienwohnungen-garmischpartenkirchen.de\/de\/unterkuenfte\/hochstimmung\/?adults=2\" class=\"price-button\"><div class=\"showprice \"><span class=\"price\" data-price=\"9900\">99,00<\/span> <span class=\"currency\">&euro;<\/span> <\/div><\/a>\n\t\t\t\t\t\t\t\t<div class=\"showprice \"><span class=\"price\" data-price=\"9900\">99,00<\/span> <span class=\"currency\">&euro;<\/span> <\/div>\n\t\t\t<\/div>\n\t\t<\/div> -->\n\t<\/div>\n<\/div><div class=\"unitcontent-wrapper unitcontent-alternatives-wrapper\">\n\t\t\t<div class=\"image-wrapper\">\n\t\t\t<a href=\"https:\/\/www.ferienwohnungen-garmischpartenkirchen.de\/de\/unterkuenfte\/bergglueck\/?adults=2\">\n\t\t\t\t\t<div id=\"slider\" class=\"flexslider\">\n\t\t\t\t\t\t\t\t\t\t\t\t<ul class=\"slides\">\n\t\t\t\t\t\t\t\t\t\t\t\t\t\t\t<li>\n\t\t\t\t\t\t\t\t\t<img\n\t\t\t\t\t\t\t\t\tclass=\"lazy\"\n\t\t\t\t\t\t\t\t\tsrc=\"\"\n\t\t\t\t\t\t\t\t\tdata-src=\"https:\/\/www.ferienwohnungen-garmischpartenkirchen.de\/wp-content\/uploads\/2026\/02\/mf26156291-500x500.jpg\"\n\t\t\t\t\t\t\t\t\talt=\"\"\n\t\t\t\t\t\t\t\t\tloading=\"lazy\"\n\t\t\t\t\t\t\t\t\tdecoding=\"async\">\n\t\t\t\t\t\t\t\t\t<!-- <img decoding=\"async\" class=\"lazy\" src=\"\" data-src=\"\" alt=\"\" \/> -->\n\t\t\t\t\t\t\t\t<\/li>\n\t\t\t\t\t\t\t\t\t\t\t\t\t\t\t<li>\n\t\t\t\t\t\t\t\t\t<img\n\t\t\t\t\t\t\t\t\tclass=\"lazy\"\n\t\t\t\t\t\t\t\t\tsrc=\"\"\n\t\t\t\t\t\t\t\t\tdata-src=\"https:\/\/www.ferienwohnungen-garmischpartenkirchen.de\/wp-content\/uploads\/2026\/02\/mf26156313-500x500.jpg\"\n\t\t\t\t\t\t\t\t\talt=\"\"\n\t\t\t\t\t\t\t\t\tloading=\"lazy\"\n\t\t\t\t\t\t\t\t\tdecoding=\"async\">\n\t\t\t\t\t\t\t\t\t<!-- <img decoding=\"async\" class=\"lazy\" src=\"\" data-src=\"\" alt=\"\" \/> -->\n\t\t\t\t\t\t\t\t<\/li>\n\t\t\t\t\t\t\t\t\t\t\t\t\t\t\t<li>\n\t\t\t\t\t\t\t\t\t<img\n\t\t\t\t\t\t\t\t\tclass=\"lazy\"\n\t\t\t\t\t\t\t\t\tsrc=\"\"\n\t\t\t\t\t\t\t\t\tdata-src=\"https:\/\/www.ferienwohnungen-garmischpartenkirchen.de\/wp-content\/uploads\/2026\/02\/mf26156318-500x500.jpg\"\n\t\t\t\t\t\t\t\t\talt=\"\"\n\t\t\t\t\t\t\t\t\tloading=\"lazy\"\n\t\t\t\t\t\t\t\t\tdecoding=\"async\">\n\t\t\t\t\t\t\t\t\t<!-- <img decoding=\"async\" class=\"lazy\" src=\"\" data-src=\"\" alt=\"\" \/> -->\n\t\t\t\t\t\t\t\t<\/li>\n\t\t\t\t\t\t\t\t\t\t\t\t\t\t\t<li>\n\t\t\t\t\t\t\t\t\t<img\n\t\t\t\t\t\t\t\t\tclass=\"lazy\"\n\t\t\t\t\t\t\t\t\tsrc=\"\"\n\t\t\t\t\t\t\t\t\tdata-src=\"https:\/\/www.ferienwohnungen-garmischpartenkirchen.de\/wp-content\/uploads\/2026\/02\/mf26156309-500x500.jpg\"\n\t\t\t\t\t\t\t\t\talt=\"\"\n\t\t\t\t\t\t\t\t\tloading=\"lazy\"\n\t\t\t\t\t\t\t\t\tdecoding=\"async\">\n\t\t\t\t\t\t\t\t\t<!-- <img decoding=\"async\" class=\"lazy\" src=\"\" data-src=\"\" alt=\"\" \/> -->\n\t\t\t\t\t\t\t\t<\/li>\n\t\t\t\t\t\t\t\t\t\t\t\t\t\t\t<li>\n\t\t\t\t\t\t\t\t\t<img\n\t\t\t\t\t\t\t\t\tclass=\"lazy\"\n\t\t\t\t\t\t\t\t\tsrc=\"\"\n\t\t\t\t\t\t\t\t\tdata-src=\"https:\/\/www.ferienwohnungen-garmischpartenkirchen.de\/wp-content\/uploads\/2026\/02\/mf26156292-500x500.jpg\"\n\t\t\t\t\t\t\t\t\talt=\"\"\n\t\t\t\t\t\t\t\t\tloading=\"lazy\"\n\t\t\t\t\t\t\t\t\tdecoding=\"async\">\n\t\t\t\t\t\t\t\t\t<!-- <img decoding=\"async\" class=\"lazy\" src=\"\" data-src=\"\" alt=\"\" \/> -->\n\t\t\t\t\t\t\t\t<\/li>\n\t\t\t\t\t\t\t\t\t\t\t\t\t<\/ul>\n\t\t\t\t\t<\/div>\n\t\t\t\t<\/a>\n\t\t<\/div>\n\t\t<div class=\"info-wrapper\">\n\t\t<div class=\"info-body\">\n\t\t\t<span class=\"favouritebtn\"><button class=\"simplefavorite-button\" data-postid=\"16122\" data-siteid=\"1\" data-groupid=\"1\" data-favoritecount=\"5\" style=\"\">Favorite <i class=\"sf-icon-star-empty\"><\/i><\/button> <\/span>\n\t\t\t<div class=\"wrap-classification\">\n\t\t\t\t<h4 class=\"title-container\">\n\t\t\t\t\t<a href=\"https:\/\/www.ferienwohnungen-garmischpartenkirchen.de\/de\/unterkuenfte\/bergglueck\/?adults=2\">Berggl\u00fcck<\/a>\n\t\t\t\t<\/h4>\n\t\t\t<\/div>\n\t\t\t<p class=\"unit-region\">\n\t\t\t\t<span>Garmisch-Partenkirchen<\/span>\n\t\t\t<\/p>\n\t\t\t<div>\n\t\t\t\t\t\t\t\t\t<div class=\"additional-results-wrapper\">\n\t\t\t\t\t\t\t\t\t\t\t\t\t\t\t\t\t<\/div>\n\t\t\t\t\t\t\t<\/div>\n\t\t\t<div class=\"details-wrapper\">\n\t\t\t\t<ul>\n\t\t\t\t\t<li><span class=\"wrap-value\">4 G\u00e4ste<\/li>\t\t\t\t\t<span class=\"saperator\"><\/span>\n\t\t\t\t\t<li><span class=\"wrap-value\">2 Schlafzimmer<\/span><\/li>\t\t\t\t\t<!-- <li><span class=\"wrap-value\">2<\/span> Schlafzimmer<\/li> -->\n\t\t\t\t\t<span class=\"saperator\"><\/span>\n\t\t\t\t\t<li class=\"list_rating\"><span class=\"wrap-value\">4.7<\/span>&nbsp;<img decoding=\"async\" src=\"\/wp-content\/themes\/mahr\/assets\/images\/star-solid.svg\"\/><\/li> <span class=\"saperator\"><\/span>\t\t\t\t\t<li>\n\t\t\t\t\t\t<div class=\"info-footer\">\n\t\t\t\t\t\t\t<div class=\"price-container\">\n\t\t\t\t\t\t\t\t<!-- <a href=\"https:\/\/www.ferienwohnungen-garmischpartenkirchen.de\/de\/unterkuenfte\/bergglueck\/?adults=2\" class=\"price-button\"><div class=\"showprice \"><span class=\"price\" data-price=\"5900\">59,00<\/span> <span class=\"currency\">&euro;<\/span> <\/div><\/a> -->\n\t\t\t\t\t\t\t\t\t\t\t\t\t\t\t\t<div class=\"showprice \"><span class=\"price\" data-price=\"5900\">59,00<\/span> <span class=\"currency\">&euro;<\/span> <\/div>\n\t\t\t\t\t\t\t<\/div>\n\t\t\t\t\t\t<\/div>\n\t\t\t\t\t<\/li>\n\t\t\t\t<\/ul>\n\t\t\t<\/div>\n\t\t<\/div>\n\t\t<!-- <div class=\"info-footer\">\n\t\t\t<div class=\"price-container\">\n\t\t\t\t<a href=\"https:\/\/www.ferienwohnungen-garmischpartenkirchen.de\/de\/unterkuenfte\/bergglueck\/?adults=2\" class=\"price-button\"><div class=\"showprice \"><span class=\"price\" data-price=\"5900\">59,00<\/span> <span class=\"currency\">&euro;<\/span> <\/div><\/a>\n\t\t\t\t\t\t\t\t<div class=\"showprice \"><span class=\"price\" data-price=\"5900\">59,00<\/span> <span class=\"currency\">&euro;<\/span> <\/div>\n\t\t\t<\/div>\n\t\t<\/div> -->\n\t<\/div>\n<\/div><div class=\"unitcontent-wrapper unitcontent-alternatives-wrapper\">\n\t\t\t<div class=\"image-wrapper\">\n\t\t\t<a href=\"https:\/\/www.ferienwohnungen-garmischpartenkirchen.de\/de\/unterkuenfte\/alpenhimmel\/?adults=2\">\n\t\t\t\t\t<div id=\"slider\" class=\"flexslider\">\n\t\t\t\t\t\t\t\t\t\t\t\t<ul class=\"slides\">\n\t\t\t\t\t\t\t\t\t\t\t\t\t\t\t<li>\n\t\t\t\t\t\t\t\t\t<img\n\t\t\t\t\t\t\t\t\tclass=\"lazy\"\n\t\t\t\t\t\t\t\t\tsrc=\"\"\n\t\t\t\t\t\t\t\t\tdata-src=\"https:\/\/www.ferienwohnungen-garmischpartenkirchen.de\/wp-content\/uploads\/2025\/01\/mf19966021-500x500.jpg\"\n\t\t\t\t\t\t\t\t\talt=\"\"\n\t\t\t\t\t\t\t\t\tloading=\"lazy\"\n\t\t\t\t\t\t\t\t\tdecoding=\"async\">\n\t\t\t\t\t\t\t\t\t<!-- <img decoding=\"async\" class=\"lazy\" src=\"\" data-src=\"\" alt=\"\" \/> -->\n\t\t\t\t\t\t\t\t<\/li>\n\t\t\t\t\t\t\t\t\t\t\t\t\t\t\t<li>\n\t\t\t\t\t\t\t\t\t<img\n\t\t\t\t\t\t\t\t\tclass=\"lazy\"\n\t\t\t\t\t\t\t\t\tsrc=\"\"\n\t\t\t\t\t\t\t\t\tdata-src=\"https:\/\/www.ferienwohnungen-garmischpartenkirchen.de\/wp-content\/uploads\/2025\/01\/mf19966032-500x500.jpg\"\n\t\t\t\t\t\t\t\t\talt=\"\"\n\t\t\t\t\t\t\t\t\tloading=\"lazy\"\n\t\t\t\t\t\t\t\t\tdecoding=\"async\">\n\t\t\t\t\t\t\t\t\t<!-- <img decoding=\"async\" class=\"lazy\" src=\"\" data-src=\"\" alt=\"\" \/> -->\n\t\t\t\t\t\t\t\t<\/li>\n\t\t\t\t\t\t\t\t\t\t\t\t\t\t\t<li>\n\t\t\t\t\t\t\t\t\t<img\n\t\t\t\t\t\t\t\t\tclass=\"lazy\"\n\t\t\t\t\t\t\t\t\tsrc=\"\"\n\t\t\t\t\t\t\t\t\tdata-src=\"https:\/\/www.ferienwohnungen-garmischpartenkirchen.de\/wp-content\/uploads\/2025\/01\/mf19966042-500x500.jpg\"\n\t\t\t\t\t\t\t\t\talt=\"\"\n\t\t\t\t\t\t\t\t\tloading=\"lazy\"\n\t\t\t\t\t\t\t\t\tdecoding=\"async\">\n\t\t\t\t\t\t\t\t\t<!-- <img decoding=\"async\" class=\"lazy\" src=\"\" data-src=\"\" alt=\"\" \/> -->\n\t\t\t\t\t\t\t\t<\/li>\n\t\t\t\t\t\t\t\t\t\t\t\t\t\t\t<li>\n\t\t\t\t\t\t\t\t\t<img\n\t\t\t\t\t\t\t\t\tclass=\"lazy\"\n\t\t\t\t\t\t\t\t\tsrc=\"\"\n\t\t\t\t\t\t\t\t\tdata-src=\"https:\/\/www.ferienwohnungen-garmischpartenkirchen.de\/wp-content\/uploads\/2025\/01\/mf19966043-500x500.jpg\"\n\t\t\t\t\t\t\t\t\talt=\"\"\n\t\t\t\t\t\t\t\t\tloading=\"lazy\"\n\t\t\t\t\t\t\t\t\tdecoding=\"async\">\n\t\t\t\t\t\t\t\t\t<!-- <img decoding=\"async\" class=\"lazy\" src=\"\" data-src=\"\" alt=\"\" \/> -->\n\t\t\t\t\t\t\t\t<\/li>\n\t\t\t\t\t\t\t\t\t\t\t\t\t\t\t<li>\n\t\t\t\t\t\t\t\t\t<img\n\t\t\t\t\t\t\t\t\tclass=\"lazy\"\n\t\t\t\t\t\t\t\t\tsrc=\"\"\n\t\t\t\t\t\t\t\t\tdata-src=\"https:\/\/www.ferienwohnungen-garmischpartenkirchen.de\/wp-content\/uploads\/2025\/01\/mf19966063-500x500.jpg\"\n\t\t\t\t\t\t\t\t\talt=\"\"\n\t\t\t\t\t\t\t\t\tloading=\"lazy\"\n\t\t\t\t\t\t\t\t\tdecoding=\"async\">\n\t\t\t\t\t\t\t\t\t<!-- <img decoding=\"async\" class=\"lazy\" src=\"\" data-src=\"\" alt=\"\" \/> -->\n\t\t\t\t\t\t\t\t<\/li>\n\t\t\t\t\t\t\t\t\t\t\t\t\t<\/ul>\n\t\t\t\t\t<\/div>\n\t\t\t\t<\/a>\n\t\t<\/div>\n\t\t<div class=\"info-wrapper\">\n\t\t<div class=\"info-body\">\n\t\t\t<span class=\"favouritebtn\"><button class=\"simplefavorite-button\" data-postid=\"592\" data-siteid=\"1\" data-groupid=\"1\" data-favoritecount=\"41\" style=\"\">Favorite <i class=\"sf-icon-star-empty\"><\/i><\/button> <\/span>\n\t\t\t<div class=\"wrap-classification\">\n\t\t\t\t<h4 class=\"title-container\">\n\t\t\t\t\t<a href=\"https:\/\/www.ferienwohnungen-garmischpartenkirchen.de\/de\/unterkuenfte\/alpenhimmel\/?adults=2\">Alpenhimmel<\/a>\n\t\t\t\t<\/h4>\n\t\t\t<\/div>\n\t\t\t<p class=\"unit-region\">\n\t\t\t\t<span>Garmisch-Partenkirchen<\/span>\n\t\t\t<\/p>\n\t\t\t<div>\n\t\t\t\t\t\t\t\t\t<div class=\"additional-results-wrapper\">\n\t\t\t\t\t\t\t\t\t\t\t\t\t\t\t\t\t<\/div>\n\t\t\t\t\t\t\t<\/div>\n\t\t\t<div class=\"details-wrapper\">\n\t\t\t\t<ul>\n\t\t\t\t\t<li><span class=\"wrap-value\">4 G\u00e4ste<\/li>\t\t\t\t\t<span class=\"saperator\"><\/span>\n\t\t\t\t\t<li><span class=\"wrap-value\">1 Schlafzimmer<\/span><\/li>\t\t\t\t\t<!-- <li><span class=\"wrap-value\">1<\/span> Schlafzimmer<\/li> -->\n\t\t\t\t\t<span class=\"saperator\"><\/span>\n\t\t\t\t\t<li class=\"list_rating\"><span class=\"wrap-value\">4.6<\/span>&nbsp;<img decoding=\"async\" src=\"\/wp-content\/themes\/mahr\/assets\/images\/star-solid.svg\"\/><\/li> <span class=\"saperator\"><\/span>\t\t\t\t\t<li>\n\t\t\t\t\t\t<div class=\"info-footer\">\n\t\t\t\t\t\t\t<div class=\"price-container\">\n\t\t\t\t\t\t\t\t<!-- <a href=\"https:\/\/www.ferienwohnungen-garmischpartenkirchen.de\/de\/unterkuenfte\/alpenhimmel\/?adults=2\" class=\"price-button\"><div class=\"showprice \"><span class=\"price\" data-price=\"5900\">59,00<\/span> <span class=\"currency\">&euro;<\/span> <\/div><\/a> -->\n\t\t\t\t\t\t\t\t\t\t\t\t\t\t\t\t<div class=\"showprice \"><span class=\"price\" data-price=\"5900\">59,00<\/span> <span class=\"currency\">&euro;<\/span> <\/div>\n\t\t\t\t\t\t\t<\/div>\n\t\t\t\t\t\t<\/div>\n\t\t\t\t\t<\/li>\n\t\t\t\t<\/ul>\n\t\t\t<\/div>\n\t\t<\/div>\n\t\t<!-- <div class=\"info-footer\">\n\t\t\t<div class=\"price-container\">\n\t\t\t\t<a href=\"https:\/\/www.ferienwohnungen-garmischpartenkirchen.de\/de\/unterkuenfte\/alpenhimmel\/?adults=2\" class=\"price-button\"><div class=\"showprice \"><span class=\"price\" data-price=\"5900\">59,00<\/span> <span class=\"currency\">&euro;<\/span> <\/div><\/a>\n\t\t\t\t\t\t\t\t<div class=\"showprice \"><span class=\"price\" data-price=\"5900\">59,00<\/span> <span class=\"currency\">&euro;<\/span> <\/div>\n\t\t\t<\/div>\n\t\t<\/div> -->\n\t<\/div>\n<\/div><div class=\"unitcontent-wrapper unitcontent-alternatives-wrapper\">\n\t\t\t<div class=\"image-wrapper\">\n\t\t\t<a href=\"https:\/\/www.ferienwohnungen-garmischpartenkirchen.de\/de\/unterkuenfte\/bernadein\/?adults=2\">\n\t\t\t\t\t<div id=\"slider\" class=\"flexslider\">\n\t\t\t\t\t\t\t\t\t\t\t\t<ul class=\"slides\">\n\t\t\t\t\t\t\t\t\t\t\t\t\t\t\t<li>\n\t\t\t\t\t\t\t\t\t<img\n\t\t\t\t\t\t\t\t\tclass=\"lazy\"\n\t\t\t\t\t\t\t\t\tsrc=\"\"\n\t\t\t\t\t\t\t\t\tdata-src=\"https:\/\/www.ferienwohnungen-garmischpartenkirchen.de\/wp-content\/uploads\/2024\/06\/mf6890430-500x500.jpg\"\n\t\t\t\t\t\t\t\t\talt=\"Wohnzimmer mit wei\u00dfen W\u00e4nden in Ferienwohnung in Garmisch-Partenkirchen\"\n\t\t\t\t\t\t\t\t\tloading=\"lazy\"\n\t\t\t\t\t\t\t\t\tdecoding=\"async\">\n\t\t\t\t\t\t\t\t\t<!-- <img decoding=\"async\" class=\"lazy\" src=\"\" data-src=\"\" alt=\"\" \/> -->\n\t\t\t\t\t\t\t\t<\/li>\n\t\t\t\t\t\t\t\t\t\t\t\t\t\t\t<li>\n\t\t\t\t\t\t\t\t\t<img\n\t\t\t\t\t\t\t\t\tclass=\"lazy\"\n\t\t\t\t\t\t\t\t\tsrc=\"\"\n\t\t\t\t\t\t\t\t\tdata-src=\"https:\/\/www.ferienwohnungen-garmischpartenkirchen.de\/wp-content\/uploads\/2024\/06\/mf6890445-500x500.jpg\"\n\t\t\t\t\t\t\t\t\talt=\"Essbereich mit einer gro\u00dfen Lampe in Ferienwohnung in Garmisch-Partenkirchen\"\n\t\t\t\t\t\t\t\t\tloading=\"lazy\"\n\t\t\t\t\t\t\t\t\tdecoding=\"async\">\n\t\t\t\t\t\t\t\t\t<!-- <img decoding=\"async\" class=\"lazy\" src=\"\" data-src=\"\" alt=\"\" \/> -->\n\t\t\t\t\t\t\t\t<\/li>\n\t\t\t\t\t\t\t\t\t\t\t\t\t\t\t<li>\n\t\t\t\t\t\t\t\t\t<img\n\t\t\t\t\t\t\t\t\tclass=\"lazy\"\n\t\t\t\t\t\t\t\t\tsrc=\"\"\n\t\t\t\t\t\t\t\t\tdata-src=\"https:\/\/www.ferienwohnungen-garmischpartenkirchen.de\/wp-content\/uploads\/2024\/06\/mf6890455-500x500.jpg\"\n\t\t\t\t\t\t\t\t\talt=\"Schlafzimmer mit zwei Fenstern in Ferienwohnung in Garmisch-Partenkirchen\"\n\t\t\t\t\t\t\t\t\tloading=\"lazy\"\n\t\t\t\t\t\t\t\t\tdecoding=\"async\">\n\t\t\t\t\t\t\t\t\t<!-- <img decoding=\"async\" class=\"lazy\" src=\"\" data-src=\"\" alt=\"\" \/> -->\n\t\t\t\t\t\t\t\t<\/li>\n\t\t\t\t\t\t\t\t\t\t\t\t\t\t\t<li>\n\t\t\t\t\t\t\t\t\t<img\n\t\t\t\t\t\t\t\t\tclass=\"lazy\"\n\t\t\t\t\t\t\t\t\tsrc=\"\"\n\t\t\t\t\t\t\t\t\tdata-src=\"https:\/\/www.ferienwohnungen-garmischpartenkirchen.de\/wp-content\/uploads\/2024\/06\/mf6890462-500x500.jpg\"\n\t\t\t\t\t\t\t\t\talt=\"wei\u00df gefliestes Badezimmer in Ferienwohnung in Garmisch-Partenkirchen\"\n\t\t\t\t\t\t\t\t\tloading=\"lazy\"\n\t\t\t\t\t\t\t\t\tdecoding=\"async\">\n\t\t\t\t\t\t\t\t\t<!-- <img decoding=\"async\" class=\"lazy\" src=\"\" data-src=\"\" alt=\"\" \/> -->\n\t\t\t\t\t\t\t\t<\/li>\n\t\t\t\t\t\t\t\t\t\t\t\t\t\t\t<li>\n\t\t\t\t\t\t\t\t\t<img\n\t\t\t\t\t\t\t\t\tclass=\"lazy\"\n\t\t\t\t\t\t\t\t\tsrc=\"\"\n\t\t\t\t\t\t\t\t\tdata-src=\"https:\/\/www.ferienwohnungen-garmischpartenkirchen.de\/wp-content\/uploads\/2024\/06\/mf6890474-500x500.jpg\"\n\t\t\t\t\t\t\t\t\talt=\"Balkonaussicht in Ferienwohnung in Garmisch-Partenkirchen\"\n\t\t\t\t\t\t\t\t\tloading=\"lazy\"\n\t\t\t\t\t\t\t\t\tdecoding=\"async\">\n\t\t\t\t\t\t\t\t\t<!-- <img decoding=\"async\" class=\"lazy\" src=\"\" data-src=\"\" alt=\"\" \/> -->\n\t\t\t\t\t\t\t\t<\/li>\n\t\t\t\t\t\t\t\t\t\t\t\t\t<\/ul>\n\t\t\t\t\t<\/div>\n\t\t\t\t<\/a>\n\t\t<\/div>\n\t\t<div class=\"info-wrapper\">\n\t\t<div class=\"info-body\">\n\t\t\t<span class=\"favouritebtn\"><button class=\"simplefavorite-button\" data-postid=\"572\" data-siteid=\"1\" data-groupid=\"1\" data-favoritecount=\"29\" style=\"\">Favorite <i class=\"sf-icon-star-empty\"><\/i><\/button> <\/span>\n\t\t\t<div class=\"wrap-classification\">\n\t\t\t\t<h4 class=\"title-container\">\n\t\t\t\t\t<a href=\"https:\/\/www.ferienwohnungen-garmischpartenkirchen.de\/de\/unterkuenfte\/bernadein\/?adults=2\">Bernadein<\/a>\n\t\t\t\t<\/h4>\n\t\t\t<\/div>\n\t\t\t<p class=\"unit-region\">\n\t\t\t\t<span>Garmisch-Partenkirchen<\/span>\n\t\t\t<\/p>\n\t\t\t<div>\n\t\t\t\t\t\t\t\t\t<div class=\"additional-results-wrapper\">\n\t\t\t\t\t\t\t\t\t\t\t\t\t\t\t\t\t<\/div>\n\t\t\t\t\t\t\t<\/div>\n\t\t\t<div class=\"details-wrapper\">\n\t\t\t\t<ul>\n\t\t\t\t\t<li><span class=\"wrap-value\">4 G\u00e4ste<\/li>\t\t\t\t\t<span class=\"saperator\"><\/span>\n\t\t\t\t\t<li><span class=\"wrap-value\">1 Schlafzimmer<\/span><\/li>\t\t\t\t\t<!-- <li><span class=\"wrap-value\">1<\/span> Schlafzimmer<\/li> -->\n\t\t\t\t\t<span class=\"saperator\"><\/span>\n\t\t\t\t\t<li class=\"list_rating\"><span class=\"wrap-value\">4.8<\/span>&nbsp;<img decoding=\"async\" src=\"\/wp-content\/themes\/mahr\/assets\/images\/star-solid.svg\"\/><\/li> <span class=\"saperator\"><\/span>\t\t\t\t\t<li>\n\t\t\t\t\t\t<div class=\"info-footer\">\n\t\t\t\t\t\t\t<div class=\"price-container\">\n\t\t\t\t\t\t\t\t<!-- <a href=\"https:\/\/www.ferienwohnungen-garmischpartenkirchen.de\/de\/unterkuenfte\/bernadein\/?adults=2\" class=\"price-button\"><div class=\"showprice \"><span class=\"price\" data-price=\"5900\">59,00<\/span> <span class=\"currency\">&euro;<\/span> <\/div><\/a> -->\n\t\t\t\t\t\t\t\t\t\t\t\t\t\t\t\t<div class=\"showprice \"><span class=\"price\" data-price=\"5900\">59,00<\/span> <span class=\"currency\">&euro;<\/span> <\/div>\n\t\t\t\t\t\t\t<\/div>\n\t\t\t\t\t\t<\/div>\n\t\t\t\t\t<\/li>\n\t\t\t\t<\/ul>\n\t\t\t<\/div>\n\t\t<\/div>\n\t\t<!-- <div class=\"info-footer\">\n\t\t\t<div class=\"price-container\">\n\t\t\t\t<a href=\"https:\/\/www.ferienwohnungen-garmischpartenkirchen.de\/de\/unterkuenfte\/bernadein\/?adults=2\" class=\"price-button\"><div class=\"showprice \"><span class=\"price\" data-price=\"5900\">59,00<\/span> <span class=\"currency\">&euro;<\/span> <\/div><\/a>\n\t\t\t\t\t\t\t\t<div class=\"showprice \"><span class=\"price\" data-price=\"5900\">59,00<\/span> <span class=\"currency\">&euro;<\/span> <\/div>\n\t\t\t<\/div>\n\t\t<\/div> -->\n\t<\/div>\n<\/div><div class=\"unitcontent-wrapper unitcontent-alternatives-wrapper\">\n\t\t\t<div class=\"image-wrapper\">\n\t\t\t<a href=\"https:\/\/www.ferienwohnungen-garmischpartenkirchen.de\/de\/unterkuenfte\/jubigrat\/?adults=2\">\n\t\t\t\t\t<div id=\"slider\" class=\"flexslider\">\n\t\t\t\t\t\t\t\t\t\t\t\t<ul class=\"slides\">\n\t\t\t\t\t\t\t\t\t\t\t\t\t\t\t<li>\n\t\t\t\t\t\t\t\t\t<img\n\t\t\t\t\t\t\t\t\tclass=\"lazy\"\n\t\t\t\t\t\t\t\t\tsrc=\"\"\n\t\t\t\t\t\t\t\t\tdata-src=\"https:\/\/www.ferienwohnungen-garmischpartenkirchen.de\/wp-content\/uploads\/2024\/06\/mf7618075-500x500.jpg\"\n\t\t\t\t\t\t\t\t\talt=\"K\u00fcchenbereich in grau-braun in Ferienwohnung in Garmisch-Partenkirchen\"\n\t\t\t\t\t\t\t\t\tloading=\"lazy\"\n\t\t\t\t\t\t\t\t\tdecoding=\"async\">\n\t\t\t\t\t\t\t\t\t<!-- <img decoding=\"async\" class=\"lazy\" src=\"\" data-src=\"\" alt=\"\" \/> -->\n\t\t\t\t\t\t\t\t<\/li>\n\t\t\t\t\t\t\t\t\t\t\t\t\t\t\t<li>\n\t\t\t\t\t\t\t\t\t<img\n\t\t\t\t\t\t\t\t\tclass=\"lazy\"\n\t\t\t\t\t\t\t\t\tsrc=\"\"\n\t\t\t\t\t\t\t\t\tdata-src=\"https:\/\/www.ferienwohnungen-garmischpartenkirchen.de\/wp-content\/uploads\/2024\/06\/mf7618098-500x500.jpg\"\n\t\t\t\t\t\t\t\t\talt=\"Schlafzimmer mit Fenster in Ferienwohnung in Garmisch-Partenkirchen\"\n\t\t\t\t\t\t\t\t\tloading=\"lazy\"\n\t\t\t\t\t\t\t\t\tdecoding=\"async\">\n\t\t\t\t\t\t\t\t\t<!-- <img decoding=\"async\" class=\"lazy\" src=\"\" data-src=\"\" alt=\"\" \/> -->\n\t\t\t\t\t\t\t\t<\/li>\n\t\t\t\t\t\t\t\t\t\t\t\t\t\t\t<li>\n\t\t\t\t\t\t\t\t\t<img\n\t\t\t\t\t\t\t\t\tclass=\"lazy\"\n\t\t\t\t\t\t\t\t\tsrc=\"\"\n\t\t\t\t\t\t\t\t\tdata-src=\"https:\/\/www.ferienwohnungen-garmischpartenkirchen.de\/wp-content\/uploads\/2024\/06\/mf7618106-500x500.jpg\"\n\t\t\t\t\t\t\t\t\talt=\"Schlafbereich in Holz t\u00f6nen in Ferienwohnung in Garmisch-Partenkirchen\"\n\t\t\t\t\t\t\t\t\tloading=\"lazy\"\n\t\t\t\t\t\t\t\t\tdecoding=\"async\">\n\t\t\t\t\t\t\t\t\t<!-- <img decoding=\"async\" class=\"lazy\" src=\"\" data-src=\"\" alt=\"\" \/> -->\n\t\t\t\t\t\t\t\t<\/li>\n\t\t\t\t\t\t\t\t\t\t\t\t\t\t\t<li>\n\t\t\t\t\t\t\t\t\t<img\n\t\t\t\t\t\t\t\t\tclass=\"lazy\"\n\t\t\t\t\t\t\t\t\tsrc=\"\"\n\t\t\t\t\t\t\t\t\tdata-src=\"https:\/\/www.ferienwohnungen-garmischpartenkirchen.de\/wp-content\/uploads\/2024\/06\/mf7618115-500x500.jpg\"\n\t\t\t\t\t\t\t\t\talt=\"Badezimmer mit offener Dusche in Ferienwohnung in Garmisch-Partenkirchen\"\n\t\t\t\t\t\t\t\t\tloading=\"lazy\"\n\t\t\t\t\t\t\t\t\tdecoding=\"async\">\n\t\t\t\t\t\t\t\t\t<!-- <img decoding=\"async\" class=\"lazy\" src=\"\" data-src=\"\" alt=\"\" \/> -->\n\t\t\t\t\t\t\t\t<\/li>\n\t\t\t\t\t\t\t\t\t\t\t\t\t\t\t<li>\n\t\t\t\t\t\t\t\t\t<img\n\t\t\t\t\t\t\t\t\tclass=\"lazy\"\n\t\t\t\t\t\t\t\t\tsrc=\"\"\n\t\t\t\t\t\t\t\t\tdata-src=\"https:\/\/www.ferienwohnungen-garmischpartenkirchen.de\/wp-content\/uploads\/2024\/06\/mf9750679-500x500.jpg\"\n\t\t\t\t\t\t\t\t\talt=\"blick auf die Alpen in Garmisch-Partenkirchen\"\n\t\t\t\t\t\t\t\t\tloading=\"lazy\"\n\t\t\t\t\t\t\t\t\tdecoding=\"async\">\n\t\t\t\t\t\t\t\t\t<!-- <img decoding=\"async\" class=\"lazy\" src=\"\" data-src=\"\" alt=\"\" \/> -->\n\t\t\t\t\t\t\t\t<\/li>\n\t\t\t\t\t\t\t\t\t\t\t\t\t<\/ul>\n\t\t\t\t\t<\/div>\n\t\t\t\t<\/a>\n\t\t<\/div>\n\t\t<div class=\"info-wrapper\">\n\t\t<div class=\"info-body\">\n\t\t\t<span class=\"favouritebtn\"><button class=\"simplefavorite-button\" data-postid=\"576\" data-siteid=\"1\" data-groupid=\"1\" data-favoritecount=\"44\" style=\"\">Favorite <i class=\"sf-icon-star-empty\"><\/i><\/button> <\/span>\n\t\t\t<div class=\"wrap-classification\">\n\t\t\t\t<h4 class=\"title-container\">\n\t\t\t\t\t<a href=\"https:\/\/www.ferienwohnungen-garmischpartenkirchen.de\/de\/unterkuenfte\/jubigrat\/?adults=2\">Jubigrat<\/a>\n\t\t\t\t<\/h4>\n\t\t\t<\/div>\n\t\t\t<p class=\"unit-region\">\n\t\t\t\t<span>Garmisch-Partenkirchen<\/span>\n\t\t\t<\/p>\n\t\t\t<div>\n\t\t\t\t\t\t\t\t\t<div class=\"additional-results-wrapper\">\n\t\t\t\t\t\t\t\t\t\t\t\t\t\t\t\t\t<\/div>\n\t\t\t\t\t\t\t<\/div>\n\t\t\t<div class=\"details-wrapper\">\n\t\t\t\t<ul>\n\t\t\t\t\t<li><span class=\"wrap-value\">4 G\u00e4ste<\/li>\t\t\t\t\t<span class=\"saperator\"><\/span>\n\t\t\t\t\t<li><span class=\"wrap-value\">2 Schlafzimmer<\/span><\/li>\t\t\t\t\t<!-- <li><span class=\"wrap-value\">2<\/span> Schlafzimmer<\/li> -->\n\t\t\t\t\t<span class=\"saperator\"><\/span>\n\t\t\t\t\t<li class=\"list_rating\"><span class=\"wrap-value\">4.7<\/span>&nbsp;<img decoding=\"async\" src=\"\/wp-content\/themes\/mahr\/assets\/images\/star-solid.svg\"\/><\/li> <span class=\"saperator\"><\/span>\t\t\t\t\t<li>\n\t\t\t\t\t\t<div class=\"info-footer\">\n\t\t\t\t\t\t\t<div class=\"price-container\">\n\t\t\t\t\t\t\t\t<!-- <a href=\"https:\/\/www.ferienwohnungen-garmischpartenkirchen.de\/de\/unterkuenfte\/jubigrat\/?adults=2\" class=\"price-button\"><div class=\"showprice \"><span class=\"price\" data-price=\"7900\">79,00<\/span> <span class=\"currency\">&euro;<\/span> <\/div><\/a> -->\n\t\t\t\t\t\t\t\t\t\t\t\t\t\t\t\t<div class=\"showprice \"><span class=\"price\" data-price=\"7900\">79,00<\/span> <span class=\"currency\">&euro;<\/span> <\/div>\n\t\t\t\t\t\t\t<\/div>\n\t\t\t\t\t\t<\/div>\n\t\t\t\t\t<\/li>\n\t\t\t\t<\/ul>\n\t\t\t<\/div>\n\t\t<\/div>\n\t\t<!-- <div class=\"info-footer\">\n\t\t\t<div class=\"price-container\">\n\t\t\t\t<a href=\"https:\/\/www.ferienwohnungen-garmischpartenkirchen.de\/de\/unterkuenfte\/jubigrat\/?adults=2\" class=\"price-button\"><div class=\"showprice \"><span class=\"price\" data-price=\"7900\">79,00<\/span> <span class=\"currency\">&euro;<\/span> <\/div><\/a>\n\t\t\t\t\t\t\t\t<div class=\"showprice \"><span class=\"price\" data-price=\"7900\">79,00<\/span> <span class=\"currency\">&euro;<\/span> <\/div>\n\t\t\t<\/div>\n\t\t<\/div> -->\n\t<\/div>\n<\/div><div class=\"unitcontent-wrapper unitcontent-alternatives-wrapper\">\n\t\t\t<div class=\"image-wrapper\">\n\t\t\t<a href=\"https:\/\/www.ferienwohnungen-garmischpartenkirchen.de\/de\/unterkuenfte\/lexn-lodge\/?adults=2\">\n\t\t\t\t\t<div id=\"slider\" class=\"flexslider\">\n\t\t\t\t\t\t\t\t\t\t\t\t<ul class=\"slides\">\n\t\t\t\t\t\t\t\t\t\t\t\t\t\t\t<li>\n\t\t\t\t\t\t\t\t\t<img\n\t\t\t\t\t\t\t\t\tclass=\"lazy\"\n\t\t\t\t\t\t\t\t\tsrc=\"\"\n\t\t\t\t\t\t\t\t\tdata-src=\"https:\/\/www.ferienwohnungen-garmischpartenkirchen.de\/wp-content\/uploads\/2024\/09\/mf18246858-500x500.jpg\"\n\t\t\t\t\t\t\t\t\talt=\"\"\n\t\t\t\t\t\t\t\t\tloading=\"lazy\"\n\t\t\t\t\t\t\t\t\tdecoding=\"async\">\n\t\t\t\t\t\t\t\t\t<!-- <img decoding=\"async\" class=\"lazy\" src=\"\" data-src=\"\" alt=\"\" \/> -->\n\t\t\t\t\t\t\t\t<\/li>\n\t\t\t\t\t\t\t\t\t\t\t\t\t\t\t<li>\n\t\t\t\t\t\t\t\t\t<img\n\t\t\t\t\t\t\t\t\tclass=\"lazy\"\n\t\t\t\t\t\t\t\t\tsrc=\"\"\n\t\t\t\t\t\t\t\t\tdata-src=\"https:\/\/www.ferienwohnungen-garmischpartenkirchen.de\/wp-content\/uploads\/2024\/09\/mf18246832-500x500.jpg\"\n\t\t\t\t\t\t\t\t\talt=\"\"\n\t\t\t\t\t\t\t\t\tloading=\"lazy\"\n\t\t\t\t\t\t\t\t\tdecoding=\"async\">\n\t\t\t\t\t\t\t\t\t<!-- <img decoding=\"async\" class=\"lazy\" src=\"\" data-src=\"\" alt=\"\" \/> -->\n\t\t\t\t\t\t\t\t<\/li>\n\t\t\t\t\t\t\t\t\t\t\t\t\t\t\t<li>\n\t\t\t\t\t\t\t\t\t<img\n\t\t\t\t\t\t\t\t\tclass=\"lazy\"\n\t\t\t\t\t\t\t\t\tsrc=\"\"\n\t\t\t\t\t\t\t\t\tdata-src=\"https:\/\/www.ferienwohnungen-garmischpartenkirchen.de\/wp-content\/uploads\/2026\/04\/mf27058894-500x500.jpg\"\n\t\t\t\t\t\t\t\t\talt=\"\"\n\t\t\t\t\t\t\t\t\tloading=\"lazy\"\n\t\t\t\t\t\t\t\t\tdecoding=\"async\">\n\t\t\t\t\t\t\t\t\t<!-- <img decoding=\"async\" class=\"lazy\" src=\"\" data-src=\"\" alt=\"\" \/> -->\n\t\t\t\t\t\t\t\t<\/li>\n\t\t\t\t\t\t\t\t\t\t\t\t\t\t\t<li>\n\t\t\t\t\t\t\t\t\t<img\n\t\t\t\t\t\t\t\t\tclass=\"lazy\"\n\t\t\t\t\t\t\t\t\tsrc=\"\"\n\t\t\t\t\t\t\t\t\tdata-src=\"https:\/\/www.ferienwohnungen-garmischpartenkirchen.de\/wp-content\/uploads\/2024\/09\/mf18246833-500x500.jpg\"\n\t\t\t\t\t\t\t\t\talt=\"\"\n\t\t\t\t\t\t\t\t\tloading=\"lazy\"\n\t\t\t\t\t\t\t\t\tdecoding=\"async\">\n\t\t\t\t\t\t\t\t\t<!-- <img decoding=\"async\" class=\"lazy\" src=\"\" data-src=\"\" alt=\"\" \/> -->\n\t\t\t\t\t\t\t\t<\/li>\n\t\t\t\t\t\t\t\t\t\t\t\t\t\t\t<li>\n\t\t\t\t\t\t\t\t\t<img\n\t\t\t\t\t\t\t\t\tclass=\"lazy\"\n\t\t\t\t\t\t\t\t\tsrc=\"\"\n\t\t\t\t\t\t\t\t\tdata-src=\"https:\/\/www.ferienwohnungen-garmischpartenkirchen.de\/wp-content\/uploads\/2024\/09\/mf18246834-500x500.jpg\"\n\t\t\t\t\t\t\t\t\talt=\"\"\n\t\t\t\t\t\t\t\t\tloading=\"lazy\"\n\t\t\t\t\t\t\t\t\tdecoding=\"async\">\n\t\t\t\t\t\t\t\t\t<!-- <img decoding=\"async\" class=\"lazy\" src=\"\" data-src=\"\" alt=\"\" \/> -->\n\t\t\t\t\t\t\t\t<\/li>\n\t\t\t\t\t\t\t\t\t\t\t\t\t<\/ul>\n\t\t\t\t\t<\/div>\n\t\t\t\t<\/a>\n\t\t<\/div>\n\t\t<div class=\"info-wrapper\">\n\t\t<div class=\"info-body\">\n\t\t\t<span class=\"favouritebtn\"><button class=\"simplefavorite-button\" data-postid=\"596\" data-siteid=\"1\" data-groupid=\"1\" data-favoritecount=\"25\" style=\"\">Favorite <i class=\"sf-icon-star-empty\"><\/i><\/button> <\/span>\n\t\t\t<div class=\"wrap-classification\">\n\t\t\t\t<h4 class=\"title-container\">\n\t\t\t\t\t<a href=\"https:\/\/www.ferienwohnungen-garmischpartenkirchen.de\/de\/unterkuenfte\/lexn-lodge\/?adults=2\">Lex&#8217;n Lodge<\/a>\n\t\t\t\t<\/h4>\n\t\t\t<\/div>\n\t\t\t<p class=\"unit-region\">\n\t\t\t\t<span>Garmisch-Partenkirchen<\/span>\n\t\t\t<\/p>\n\t\t\t<div>\n\t\t\t\t\t\t\t\t\t<div class=\"additional-results-wrapper\">\n\t\t\t\t\t\t\t\t\t\t\t\t\t\t\t\t\t<\/div>\n\t\t\t\t\t\t\t<\/div>\n\t\t\t<div class=\"details-wrapper\">\n\t\t\t\t<ul>\n\t\t\t\t\t<li><span class=\"wrap-value\">4 G\u00e4ste<\/li>\t\t\t\t\t<span class=\"saperator\"><\/span>\n\t\t\t\t\t<li><span class=\"wrap-value\">1 Schlafzimmer<\/span><\/li>\t\t\t\t\t<!-- <li><span class=\"wrap-value\">1<\/span> Schlafzimmer<\/li> -->\n\t\t\t\t\t<span class=\"saperator\"><\/span>\n\t\t\t\t\t<li class=\"list_rating\"><span class=\"wrap-value\">4.6<\/span>&nbsp;<img decoding=\"async\" src=\"\/wp-content\/themes\/mahr\/assets\/images\/star-solid.svg\"\/><\/li> <span class=\"saperator\"><\/span>\t\t\t\t\t<li>\n\t\t\t\t\t\t<div class=\"info-footer\">\n\t\t\t\t\t\t\t<div class=\"price-container\">\n\t\t\t\t\t\t\t\t<!-- <a href=\"https:\/\/www.ferienwohnungen-garmischpartenkirchen.de\/de\/unterkuenfte\/lexn-lodge\/?adults=2\" class=\"price-button\"><div class=\"showprice \"><span class=\"price\" data-price=\"8900\">89,00<\/span> <span class=\"currency\">&euro;<\/span> <\/div><\/a> -->\n\t\t\t\t\t\t\t\t\t\t\t\t\t\t\t\t<div class=\"showprice \"><span class=\"price\" data-price=\"8900\">89,00<\/span> <span class=\"currency\">&euro;<\/span> <\/div>\n\t\t\t\t\t\t\t<\/div>\n\t\t\t\t\t\t<\/div>\n\t\t\t\t\t<\/li>\n\t\t\t\t<\/ul>\n\t\t\t<\/div>\n\t\t<\/div>\n\t\t<!-- <div class=\"info-footer\">\n\t\t\t<div class=\"price-container\">\n\t\t\t\t<a href=\"https:\/\/www.ferienwohnungen-garmischpartenkirchen.de\/de\/unterkuenfte\/lexn-lodge\/?adults=2\" class=\"price-button\"><div class=\"showprice \"><span class=\"price\" data-price=\"8900\">89,00<\/span> <span class=\"currency\">&euro;<\/span> <\/div><\/a>\n\t\t\t\t\t\t\t\t<div class=\"showprice \"><span class=\"price\" data-price=\"8900\">89,00<\/span> <span class=\"currency\">&euro;<\/span> <\/div>\n\t\t\t<\/div>\n\t\t<\/div> -->\n\t<\/div>\n<\/div><div class=\"unitcontent-wrapper unitcontent-alternatives-wrapper\">\n\t\t\t<div class=\"image-wrapper\">\n\t\t\t<a href=\"https:\/\/www.ferienwohnungen-garmischpartenkirchen.de\/de\/unterkuenfte\/zuckerhut\/?adults=2\">\n\t\t\t\t\t<div id=\"slider\" class=\"flexslider\">\n\t\t\t\t\t\t\t\t\t\t\t\t<ul class=\"slides\">\n\t\t\t\t\t\t\t\t\t\t\t\t\t\t\t<li>\n\t\t\t\t\t\t\t\t\t<img\n\t\t\t\t\t\t\t\t\tclass=\"lazy\"\n\t\t\t\t\t\t\t\t\tsrc=\"\"\n\t\t\t\t\t\t\t\t\tdata-src=\"https:\/\/www.ferienwohnungen-garmischpartenkirchen.de\/wp-content\/uploads\/2026\/03\/mf26474469-500x500.jpg\"\n\t\t\t\t\t\t\t\t\talt=\"\"\n\t\t\t\t\t\t\t\t\tloading=\"lazy\"\n\t\t\t\t\t\t\t\t\tdecoding=\"async\">\n\t\t\t\t\t\t\t\t\t<!-- <img decoding=\"async\" class=\"lazy\" src=\"\" data-src=\"\" alt=\"\" \/> -->\n\t\t\t\t\t\t\t\t<\/li>\n\t\t\t\t\t\t\t\t\t\t\t\t\t\t\t<li>\n\t\t\t\t\t\t\t\t\t<img\n\t\t\t\t\t\t\t\t\tclass=\"lazy\"\n\t\t\t\t\t\t\t\t\tsrc=\"\"\n\t\t\t\t\t\t\t\t\tdata-src=\"https:\/\/www.ferienwohnungen-garmischpartenkirchen.de\/wp-content\/uploads\/2026\/03\/mf26474488-500x500.jpg\"\n\t\t\t\t\t\t\t\t\talt=\"\"\n\t\t\t\t\t\t\t\t\tloading=\"lazy\"\n\t\t\t\t\t\t\t\t\tdecoding=\"async\">\n\t\t\t\t\t\t\t\t\t<!-- <img decoding=\"async\" class=\"lazy\" src=\"\" data-src=\"\" alt=\"\" \/> -->\n\t\t\t\t\t\t\t\t<\/li>\n\t\t\t\t\t\t\t\t\t\t\t\t\t\t\t<li>\n\t\t\t\t\t\t\t\t\t<img\n\t\t\t\t\t\t\t\t\tclass=\"lazy\"\n\t\t\t\t\t\t\t\t\tsrc=\"\"\n\t\t\t\t\t\t\t\t\tdata-src=\"https:\/\/www.ferienwohnungen-garmischpartenkirchen.de\/wp-content\/uploads\/2026\/03\/mf26474498-500x500.jpg\"\n\t\t\t\t\t\t\t\t\talt=\"\"\n\t\t\t\t\t\t\t\t\tloading=\"lazy\"\n\t\t\t\t\t\t\t\t\tdecoding=\"async\">\n\t\t\t\t\t\t\t\t\t<!-- <img decoding=\"async\" class=\"lazy\" src=\"\" data-src=\"\" alt=\"\" \/> -->\n\t\t\t\t\t\t\t\t<\/li>\n\t\t\t\t\t\t\t\t\t\t\t\t\t\t\t<li>\n\t\t\t\t\t\t\t\t\t<img\n\t\t\t\t\t\t\t\t\tclass=\"lazy\"\n\t\t\t\t\t\t\t\t\tsrc=\"\"\n\t\t\t\t\t\t\t\t\tdata-src=\"https:\/\/www.ferienwohnungen-garmischpartenkirchen.de\/wp-content\/uploads\/2026\/03\/mf26474485-500x500.jpg\"\n\t\t\t\t\t\t\t\t\talt=\"\"\n\t\t\t\t\t\t\t\t\tloading=\"lazy\"\n\t\t\t\t\t\t\t\t\tdecoding=\"async\">\n\t\t\t\t\t\t\t\t\t<!-- <img decoding=\"async\" class=\"lazy\" src=\"\" data-src=\"\" alt=\"\" \/> -->\n\t\t\t\t\t\t\t\t<\/li>\n\t\t\t\t\t\t\t\t\t\t\t\t\t\t\t<li>\n\t\t\t\t\t\t\t\t\t<img\n\t\t\t\t\t\t\t\t\tclass=\"lazy\"\n\t\t\t\t\t\t\t\t\tsrc=\"\"\n\t\t\t\t\t\t\t\t\tdata-src=\"https:\/\/www.ferienwohnungen-garmischpartenkirchen.de\/wp-content\/uploads\/2026\/03\/mf26474489-500x500.jpg\"\n\t\t\t\t\t\t\t\t\talt=\"\"\n\t\t\t\t\t\t\t\t\tloading=\"lazy\"\n\t\t\t\t\t\t\t\t\tdecoding=\"async\">\n\t\t\t\t\t\t\t\t\t<!-- <img decoding=\"async\" class=\"lazy\" src=\"\" data-src=\"\" alt=\"\" \/> -->\n\t\t\t\t\t\t\t\t<\/li>\n\t\t\t\t\t\t\t\t\t\t\t\t\t<\/ul>\n\t\t\t\t\t<\/div>\n\t\t\t\t<\/a>\n\t\t<\/div>\n\t\t<div class=\"info-wrapper\">\n\t\t<div class=\"info-body\">\n\t\t\t<span class=\"favouritebtn\"><button class=\"simplefavorite-button\" data-postid=\"16541\" data-siteid=\"1\" data-groupid=\"1\" data-favoritecount=\"6\" style=\"\">Favorite <i class=\"sf-icon-star-empty\"><\/i><\/button> <\/span>\n\t\t\t<div class=\"wrap-classification\">\n\t\t\t\t<h4 class=\"title-container\">\n\t\t\t\t\t<a href=\"https:\/\/www.ferienwohnungen-garmischpartenkirchen.de\/de\/unterkuenfte\/zuckerhut\/?adults=2\">Zuckerhut<\/a>\n\t\t\t\t<\/h4>\n\t\t\t<\/div>\n\t\t\t<p class=\"unit-region\">\n\t\t\t\t<span>Garmisch-Partenkirchen<\/span>\n\t\t\t<\/p>\n\t\t\t<div>\n\t\t\t\t\t\t\t\t\t<div class=\"additional-results-wrapper\">\n\t\t\t\t\t\t\t\t\t\t\t\t\t\t\t\t\t<\/div>\n\t\t\t\t\t\t\t<\/div>\n\t\t\t<div class=\"details-wrapper\">\n\t\t\t\t<ul>\n\t\t\t\t\t<li><span class=\"wrap-value\">4 G\u00e4ste<\/li>\t\t\t\t\t<span class=\"saperator\"><\/span>\n\t\t\t\t\t<li><span class=\"wrap-value\">2 Schlafzimmer<\/span><\/li>\t\t\t\t\t<!-- <li><span class=\"wrap-value\">2<\/span> Schlafzimmer<\/li> -->\n\t\t\t\t\t<span class=\"saperator\"><\/span>\n\t\t\t\t\t\t\t\t\t\t<li>\n\t\t\t\t\t\t<div class=\"info-footer\">\n\t\t\t\t\t\t\t<div class=\"price-container\">\n\t\t\t\t\t\t\t\t<!-- <a href=\"https:\/\/www.ferienwohnungen-garmischpartenkirchen.de\/de\/unterkuenfte\/zuckerhut\/?adults=2\" class=\"price-button\"><div class=\"showprice \"><span class=\"price\" data-price=\"7500\">75,00<\/span> <span class=\"currency\">&euro;<\/span> <\/div><\/a> -->\n\t\t\t\t\t\t\t\t\t\t\t\t\t\t\t\t<div class=\"showprice \"><span class=\"price\" data-price=\"7500\">75,00<\/span> <span class=\"currency\">&euro;<\/span> <\/div>\n\t\t\t\t\t\t\t<\/div>\n\t\t\t\t\t\t<\/div>\n\t\t\t\t\t<\/li>\n\t\t\t\t<\/ul>\n\t\t\t<\/div>\n\t\t<\/div>\n\t\t<!-- <div class=\"info-footer\">\n\t\t\t<div class=\"price-container\">\n\t\t\t\t<a href=\"https:\/\/www.ferienwohnungen-garmischpartenkirchen.de\/de\/unterkuenfte\/zuckerhut\/?adults=2\" class=\"price-button\"><div class=\"showprice \"><span class=\"price\" data-price=\"7500\">75,00<\/span> <span class=\"currency\">&euro;<\/span> <\/div><\/a>\n\t\t\t\t\t\t\t\t<div class=\"showprice \"><span class=\"price\" data-price=\"7500\">75,00<\/span> <span class=\"currency\">&euro;<\/span> <\/div>\n\t\t\t<\/div>\n\t\t<\/div> -->\n\t<\/div>\n<\/div><div class=\"unitcontent-wrapper unitcontent-alternatives-wrapper\">\n\t\t\t<div class=\"image-wrapper\">\n\t\t\t<a href=\"https:\/\/www.ferienwohnungen-garmischpartenkirchen.de\/de\/unterkuenfte\/bergnest\/?adults=2\">\n\t\t\t\t\t<div id=\"slider\" class=\"flexslider\">\n\t\t\t\t\t\t\t\t\t\t\t\t<ul class=\"slides\">\n\t\t\t\t\t\t\t\t\t\t\t\t\t\t\t<li>\n\t\t\t\t\t\t\t\t\t<img\n\t\t\t\t\t\t\t\t\tclass=\"lazy\"\n\t\t\t\t\t\t\t\t\tsrc=\"\"\n\t\t\t\t\t\t\t\t\tdata-src=\"https:\/\/www.ferienwohnungen-garmischpartenkirchen.de\/wp-content\/uploads\/2024\/06\/mf13000502-500x500.jpg\"\n\t\t\t\t\t\t\t\t\talt=\"Ferienwohnung in Garmisch-Partenkirchen mit eleganter Ausstattung\"\n\t\t\t\t\t\t\t\t\tloading=\"lazy\"\n\t\t\t\t\t\t\t\t\tdecoding=\"async\">\n\t\t\t\t\t\t\t\t\t<!-- <img decoding=\"async\" class=\"lazy\" src=\"\" data-src=\"\" alt=\"\" \/> -->\n\t\t\t\t\t\t\t\t<\/li>\n\t\t\t\t\t\t\t\t\t\t\t\t\t\t\t<li>\n\t\t\t\t\t\t\t\t\t<img\n\t\t\t\t\t\t\t\t\tclass=\"lazy\"\n\t\t\t\t\t\t\t\t\tsrc=\"\"\n\t\t\t\t\t\t\t\t\tdata-src=\"https:\/\/www.ferienwohnungen-garmischpartenkirchen.de\/wp-content\/uploads\/2024\/06\/mf13000516-500x500.jpg\"\n\t\t\t\t\t\t\t\t\talt=\"Ferienwohnung in Garmisch-Partenkirchen mit modernem Interieur\"\n\t\t\t\t\t\t\t\t\tloading=\"lazy\"\n\t\t\t\t\t\t\t\t\tdecoding=\"async\">\n\t\t\t\t\t\t\t\t\t<!-- <img decoding=\"async\" class=\"lazy\" src=\"\" data-src=\"\" alt=\"\" \/> -->\n\t\t\t\t\t\t\t\t<\/li>\n\t\t\t\t\t\t\t\t\t\t\t\t\t\t\t<li>\n\t\t\t\t\t\t\t\t\t<img\n\t\t\t\t\t\t\t\t\tclass=\"lazy\"\n\t\t\t\t\t\t\t\t\tsrc=\"\"\n\t\t\t\t\t\t\t\t\tdata-src=\"https:\/\/www.ferienwohnungen-garmischpartenkirchen.de\/wp-content\/uploads\/2024\/06\/mf10373674-500x500.jpg\"\n\t\t\t\t\t\t\t\t\talt=\"Ferienwohnung in Garmisch-Partenkirchen mit stilvoller Einrichtung\"\n\t\t\t\t\t\t\t\t\tloading=\"lazy\"\n\t\t\t\t\t\t\t\t\tdecoding=\"async\">\n\t\t\t\t\t\t\t\t\t<!-- <img decoding=\"async\" class=\"lazy\" src=\"\" data-src=\"\" alt=\"\" \/> -->\n\t\t\t\t\t\t\t\t<\/li>\n\t\t\t\t\t\t\t\t\t\t\t\t\t\t\t<li>\n\t\t\t\t\t\t\t\t\t<img\n\t\t\t\t\t\t\t\t\tclass=\"lazy\"\n\t\t\t\t\t\t\t\t\tsrc=\"\"\n\t\t\t\t\t\t\t\t\tdata-src=\"https:\/\/www.ferienwohnungen-garmischpartenkirchen.de\/wp-content\/uploads\/2024\/06\/mf13000534-500x500.jpg\"\n\t\t\t\t\t\t\t\t\talt=\"Ferienwohnung in Garmisch-Partenkirchen mit funktionellem Design\"\n\t\t\t\t\t\t\t\t\tloading=\"lazy\"\n\t\t\t\t\t\t\t\t\tdecoding=\"async\">\n\t\t\t\t\t\t\t\t\t<!-- <img decoding=\"async\" class=\"lazy\" src=\"\" data-src=\"\" alt=\"\" \/> -->\n\t\t\t\t\t\t\t\t<\/li>\n\t\t\t\t\t\t\t\t\t\t\t\t\t\t\t<li>\n\t\t\t\t\t\t\t\t\t<img\n\t\t\t\t\t\t\t\t\tclass=\"lazy\"\n\t\t\t\t\t\t\t\t\tsrc=\"\"\n\t\t\t\t\t\t\t\t\tdata-src=\"https:\/\/www.ferienwohnungen-garmischpartenkirchen.de\/wp-content\/uploads\/2024\/06\/mf13000543-500x500.jpg\"\n\t\t\t\t\t\t\t\t\talt=\"Die Zugspitze zwischen gr\u00fcnen B\u00e4umen in Garmisch-Partenkirchen\"\n\t\t\t\t\t\t\t\t\tloading=\"lazy\"\n\t\t\t\t\t\t\t\t\tdecoding=\"async\">\n\t\t\t\t\t\t\t\t\t<!-- <img decoding=\"async\" class=\"lazy\" src=\"\" data-src=\"\" alt=\"\" \/> -->\n\t\t\t\t\t\t\t\t<\/li>\n\t\t\t\t\t\t\t\t\t\t\t\t\t<\/ul>\n\t\t\t\t\t<\/div>\n\t\t\t\t<\/a>\n\t\t<\/div>\n\t\t<div class=\"info-wrapper\">\n\t\t<div class=\"info-body\">\n\t\t\t<span class=\"favouritebtn\"><button class=\"simplefavorite-button\" data-postid=\"583\" data-siteid=\"1\" data-groupid=\"1\" data-favoritecount=\"51\" style=\"\">Favorite <i class=\"sf-icon-star-empty\"><\/i><\/button> <\/span>\n\t\t\t<div class=\"wrap-classification\">\n\t\t\t\t<h4 class=\"title-container\">\n\t\t\t\t\t<a href=\"https:\/\/www.ferienwohnungen-garmischpartenkirchen.de\/de\/unterkuenfte\/bergnest\/?adults=2\">Bergnest<\/a>\n\t\t\t\t<\/h4>\n\t\t\t<\/div>\n\t\t\t<p class=\"unit-region\">\n\t\t\t\t<span>Garmisch-Partenkirchen<\/span>\n\t\t\t<\/p>\n\t\t\t<div>\n\t\t\t\t\t\t\t\t\t<div class=\"additional-results-wrapper\">\n\t\t\t\t\t\t\t\t\t\t\t\t\t\t\t\t\t<\/div>\n\t\t\t\t\t\t\t<\/div>\n\t\t\t<div class=\"details-wrapper\">\n\t\t\t\t<ul>\n\t\t\t\t\t<li><span class=\"wrap-value\">4 G\u00e4ste<\/li>\t\t\t\t\t<span class=\"saperator\"><\/span>\n\t\t\t\t\t<li><span class=\"wrap-value\">2 Schlafzimmer<\/span><\/li>\t\t\t\t\t<!-- <li><span class=\"wrap-value\">2<\/span> Schlafzimmer<\/li> -->\n\t\t\t\t\t<span class=\"saperator\"><\/span>\n\t\t\t\t\t<li class=\"list_rating\"><span class=\"wrap-value\">4.8<\/span>&nbsp;<img decoding=\"async\" src=\"\/wp-content\/themes\/mahr\/assets\/images\/star-solid.svg\"\/><\/li> <span class=\"saperator\"><\/span>\t\t\t\t\t<li>\n\t\t\t\t\t\t<div class=\"info-footer\">\n\t\t\t\t\t\t\t<div class=\"price-container\">\n\t\t\t\t\t\t\t\t<!-- <a href=\"https:\/\/www.ferienwohnungen-garmischpartenkirchen.de\/de\/unterkuenfte\/bergnest\/?adults=2\" class=\"price-button\"><div class=\"showprice \"><span class=\"price\" data-price=\"7900\">79,00<\/span> <span class=\"currency\">&euro;<\/span> <\/div><\/a> -->\n\t\t\t\t\t\t\t\t\t\t\t\t\t\t\t\t<div class=\"showprice \"><span class=\"price\" data-price=\"7900\">79,00<\/span> <span class=\"currency\">&euro;<\/span> <\/div>\n\t\t\t\t\t\t\t<\/div>\n\t\t\t\t\t\t<\/div>\n\t\t\t\t\t<\/li>\n\t\t\t\t<\/ul>\n\t\t\t<\/div>\n\t\t<\/div>\n\t\t<!-- <div class=\"info-footer\">\n\t\t\t<div class=\"price-container\">\n\t\t\t\t<a href=\"https:\/\/www.ferienwohnungen-garmischpartenkirchen.de\/de\/unterkuenfte\/bergnest\/?adults=2\" class=\"price-button\"><div class=\"showprice \"><span class=\"price\" data-price=\"7900\">79,00<\/span> <span class=\"currency\">&euro;<\/span> <\/div><\/a>\n\t\t\t\t\t\t\t\t<div class=\"showprice \"><span class=\"price\" data-price=\"7900\">79,00<\/span> <span class=\"currency\">&euro;<\/span> <\/div>\n\t\t\t<\/div>\n\t\t<\/div> -->\n\t<\/div>\n<\/div><div class=\"unitcontent-wrapper unitcontent-alternatives-wrapper\">\n\t\t\t<div class=\"image-wrapper\">\n\t\t\t<a href=\"https:\/\/www.ferienwohnungen-garmischpartenkirchen.de\/de\/unterkuenfte\/olympia\/?adults=2\">\n\t\t\t\t\t<div id=\"slider\" class=\"flexslider\">\n\t\t\t\t\t\t\t\t\t\t\t\t<ul class=\"slides\">\n\t\t\t\t\t\t\t\t\t\t\t\t\t\t\t<li>\n\t\t\t\t\t\t\t\t\t<img\n\t\t\t\t\t\t\t\t\tclass=\"lazy\"\n\t\t\t\t\t\t\t\t\tsrc=\"\"\n\t\t\t\t\t\t\t\t\tdata-src=\"https:\/\/www.ferienwohnungen-garmischpartenkirchen.de\/wp-content\/uploads\/2024\/06\/mf3722071-500x500.jpg\"\n\t\t\t\t\t\t\t\t\talt=\"Wohnbereich mit orangenen Vorh\u00e4ngen und einem Couchtisch in Ferienwohnung in Garmisch-Partenkirchen\"\n\t\t\t\t\t\t\t\t\tloading=\"lazy\"\n\t\t\t\t\t\t\t\t\tdecoding=\"async\">\n\t\t\t\t\t\t\t\t\t<!-- <img decoding=\"async\" class=\"lazy\" src=\"\" data-src=\"\" alt=\"\" \/> -->\n\t\t\t\t\t\t\t\t<\/li>\n\t\t\t\t\t\t\t\t\t\t\t\t\t\t\t<li>\n\t\t\t\t\t\t\t\t\t<img\n\t\t\t\t\t\t\t\t\tclass=\"lazy\"\n\t\t\t\t\t\t\t\t\tsrc=\"\"\n\t\t\t\t\t\t\t\t\tdata-src=\"https:\/\/www.ferienwohnungen-garmischpartenkirchen.de\/wp-content\/uploads\/2024\/06\/mf3722072-500x500.jpg\"\n\t\t\t\t\t\t\t\t\talt=\"graues Sofa mit Kissen und einem Bild an der Wand in Ferienwohnung in Garmisch-Partenkirchen\"\n\t\t\t\t\t\t\t\t\tloading=\"lazy\"\n\t\t\t\t\t\t\t\t\tdecoding=\"async\">\n\t\t\t\t\t\t\t\t\t<!-- <img decoding=\"async\" class=\"lazy\" src=\"\" data-src=\"\" alt=\"\" \/> -->\n\t\t\t\t\t\t\t\t<\/li>\n\t\t\t\t\t\t\t\t\t\t\t\t\t\t\t<li>\n\t\t\t\t\t\t\t\t\t<img\n\t\t\t\t\t\t\t\t\tclass=\"lazy\"\n\t\t\t\t\t\t\t\t\tsrc=\"\"\n\t\t\t\t\t\t\t\t\tdata-src=\"https:\/\/www.ferienwohnungen-garmischpartenkirchen.de\/wp-content\/uploads\/2024\/06\/mf3722076-500x500.jpg\"\n\t\t\t\t\t\t\t\t\talt=\"Bad mit einer Stein-Optik Wand und einem Spiegel in Ferienwohnung in Garmisch-Partenkirchen\"\n\t\t\t\t\t\t\t\t\tloading=\"lazy\"\n\t\t\t\t\t\t\t\t\tdecoding=\"async\">\n\t\t\t\t\t\t\t\t\t<!-- <img decoding=\"async\" class=\"lazy\" src=\"\" data-src=\"\" alt=\"\" \/> -->\n\t\t\t\t\t\t\t\t<\/li>\n\t\t\t\t\t\t\t\t\t\t\t\t\t\t\t<li>\n\t\t\t\t\t\t\t\t\t<img\n\t\t\t\t\t\t\t\t\tclass=\"lazy\"\n\t\t\t\t\t\t\t\t\tsrc=\"\"\n\t\t\t\t\t\t\t\t\tdata-src=\"https:\/\/www.ferienwohnungen-garmischpartenkirchen.de\/wp-content\/uploads\/2024\/06\/mf3722079-500x500.jpg\"\n\t\t\t\t\t\t\t\t\talt=\"Doppelbettzimmer mit einem Fernseher und einem Kleiderschrank in wei\u00df in Ferienwohnung in Garmisch-Partenkirchen\"\n\t\t\t\t\t\t\t\t\tloading=\"lazy\"\n\t\t\t\t\t\t\t\t\tdecoding=\"async\">\n\t\t\t\t\t\t\t\t\t<!-- <img decoding=\"async\" class=\"lazy\" src=\"\" data-src=\"\" alt=\"\" \/> -->\n\t\t\t\t\t\t\t\t<\/li>\n\t\t\t\t\t\t\t\t\t\t\t\t\t\t\t<li>\n\t\t\t\t\t\t\t\t\t<img\n\t\t\t\t\t\t\t\t\tclass=\"lazy\"\n\t\t\t\t\t\t\t\t\tsrc=\"\"\n\t\t\t\t\t\t\t\t\tdata-src=\"https:\/\/www.ferienwohnungen-garmischpartenkirchen.de\/wp-content\/uploads\/2024\/06\/mf3722088-500x500.jpg\"\n\t\t\t\t\t\t\t\t\talt=\"Aussicht auf die Umgebung in Ferienwohnung in Garmisch-Partenkirchen\"\n\t\t\t\t\t\t\t\t\tloading=\"lazy\"\n\t\t\t\t\t\t\t\t\tdecoding=\"async\">\n\t\t\t\t\t\t\t\t\t<!-- <img decoding=\"async\" class=\"lazy\" src=\"\" data-src=\"\" alt=\"\" \/> -->\n\t\t\t\t\t\t\t\t<\/li>\n\t\t\t\t\t\t\t\t\t\t\t\t\t<\/ul>\n\t\t\t\t\t<\/div>\n\t\t\t\t<\/a>\n\t\t<\/div>\n\t\t<div class=\"info-wrapper\">\n\t\t<div class=\"info-body\">\n\t\t\t<span class=\"favouritebtn\"><button class=\"simplefavorite-button\" data-postid=\"549\" data-siteid=\"1\" data-groupid=\"1\" data-favoritecount=\"35\" style=\"\">Favorite <i class=\"sf-icon-star-empty\"><\/i><\/button> <\/span>\n\t\t\t<div class=\"wrap-classification\">\n\t\t\t\t<h4 class=\"title-container\">\n\t\t\t\t\t<a href=\"https:\/\/www.ferienwohnungen-garmischpartenkirchen.de\/de\/unterkuenfte\/olympia\/?adults=2\">Olympia<\/a>\n\t\t\t\t<\/h4>\n\t\t\t<\/div>\n\t\t\t<p class=\"unit-region\">\n\t\t\t\t<span>Garmisch-Partenkirchen<\/span>\n\t\t\t<\/p>\n\t\t\t<div>\n\t\t\t\t\t\t\t\t\t<div class=\"additional-results-wrapper\">\n\t\t\t\t\t\t\t\t\t\t\t\t\t\t\t\t\t<\/div>\n\t\t\t\t\t\t\t<\/div>\n\t\t\t<div class=\"details-wrapper\">\n\t\t\t\t<ul>\n\t\t\t\t\t<li><span class=\"wrap-value\">4 G\u00e4ste<\/li>\t\t\t\t\t<span class=\"saperator\"><\/span>\n\t\t\t\t\t<li><span class=\"wrap-value\">2 Schlafzimmer<\/span><\/li>\t\t\t\t\t<!-- <li><span class=\"wrap-value\">2<\/span> Schlafzimmer<\/li> -->\n\t\t\t\t\t<span class=\"saperator\"><\/span>\n\t\t\t\t\t<li class=\"list_rating\"><span class=\"wrap-value\">4.7<\/span>&nbsp;<img decoding=\"async\" src=\"\/wp-content\/themes\/mahr\/assets\/images\/star-solid.svg\"\/><\/li> <span class=\"saperator\"><\/span>\t\t\t\t\t<li>\n\t\t\t\t\t\t<div class=\"info-footer\">\n\t\t\t\t\t\t\t<div class=\"price-container\">\n\t\t\t\t\t\t\t\t<!-- <a href=\"https:\/\/www.ferienwohnungen-garmischpartenkirchen.de\/de\/unterkuenfte\/olympia\/?adults=2\" class=\"price-button\"><div class=\"showprice \"><span class=\"price\" data-price=\"7900\">79,00<\/span> <span class=\"currency\">&euro;<\/span> <\/div><\/a> -->\n\t\t\t\t\t\t\t\t\t\t\t\t\t\t\t\t<div class=\"showprice \"><span class=\"price\" data-price=\"7900\">79,00<\/span> <span class=\"currency\">&euro;<\/span> <\/div>\n\t\t\t\t\t\t\t<\/div>\n\t\t\t\t\t\t<\/div>\n\t\t\t\t\t<\/li>\n\t\t\t\t<\/ul>\n\t\t\t<\/div>\n\t\t<\/div>\n\t\t<!-- <div class=\"info-footer\">\n\t\t\t<div class=\"price-container\">\n\t\t\t\t<a href=\"https:\/\/www.ferienwohnungen-garmischpartenkirchen.de\/de\/unterkuenfte\/olympia\/?adults=2\" class=\"price-button\"><div class=\"showprice \"><span class=\"price\" data-price=\"7900\">79,00<\/span> <span class=\"currency\">&euro;<\/span> <\/div><\/a>\n\t\t\t\t\t\t\t\t<div class=\"showprice \"><span class=\"price\" data-price=\"7900\">79,00<\/span> <span class=\"currency\">&euro;<\/span> <\/div>\n\t\t\t<\/div>\n\t\t<\/div> -->\n\t<\/div>\n<\/div><div class=\"unitcontent-wrapper unitcontent-alternatives-wrapper\">\n\t\t\t<div class=\"image-wrapper\">\n\t\t\t<a href=\"https:\/\/www.ferienwohnungen-garmischpartenkirchen.de\/de\/unterkuenfte\/lebenslust\/?adults=2\">\n\t\t\t\t\t<div id=\"slider\" class=\"flexslider\">\n\t\t\t\t\t\t\t\t\t\t\t\t<ul class=\"slides\">\n\t\t\t\t\t\t\t\t\t\t\t\t\t\t\t<li>\n\t\t\t\t\t\t\t\t\t<img\n\t\t\t\t\t\t\t\t\tclass=\"lazy\"\n\t\t\t\t\t\t\t\t\tsrc=\"\"\n\t\t\t\t\t\t\t\t\tdata-src=\"https:\/\/www.ferienwohnungen-garmischpartenkirchen.de\/wp-content\/uploads\/2024\/06\/mf3721728-500x500.jpg\"\n\t\t\t\t\t\t\t\t\talt=\"Sofa und Fernseher in Ferienwohnung in Garmisch-Partenkirchen\"\n\t\t\t\t\t\t\t\t\tloading=\"lazy\"\n\t\t\t\t\t\t\t\t\tdecoding=\"async\">\n\t\t\t\t\t\t\t\t\t<!-- <img decoding=\"async\" class=\"lazy\" src=\"\" data-src=\"\" alt=\"\" \/> -->\n\t\t\t\t\t\t\t\t<\/li>\n\t\t\t\t\t\t\t\t\t\t\t\t\t\t\t<li>\n\t\t\t\t\t\t\t\t\t<img\n\t\t\t\t\t\t\t\t\tclass=\"lazy\"\n\t\t\t\t\t\t\t\t\tsrc=\"\"\n\t\t\t\t\t\t\t\t\tdata-src=\"https:\/\/www.ferienwohnungen-garmischpartenkirchen.de\/wp-content\/uploads\/2024\/06\/mf3721744-500x500.jpg\"\n\t\t\t\t\t\t\t\t\talt=\"Barhocker mit Sofa in Ferienwohnung in Garmisch-Partenkirchen\"\n\t\t\t\t\t\t\t\t\tloading=\"lazy\"\n\t\t\t\t\t\t\t\t\tdecoding=\"async\">\n\t\t\t\t\t\t\t\t\t<!-- <img decoding=\"async\" class=\"lazy\" src=\"\" data-src=\"\" alt=\"\" \/> -->\n\t\t\t\t\t\t\t\t<\/li>\n\t\t\t\t\t\t\t\t\t\t\t\t\t\t\t<li>\n\t\t\t\t\t\t\t\t\t<img\n\t\t\t\t\t\t\t\t\tclass=\"lazy\"\n\t\t\t\t\t\t\t\t\tsrc=\"\"\n\t\t\t\t\t\t\t\t\tdata-src=\"https:\/\/www.ferienwohnungen-garmischpartenkirchen.de\/wp-content\/uploads\/2024\/06\/mf3721736-500x500.jpg\"\n\t\t\t\t\t\t\t\t\talt=\"Doppelbett mit Kleiderschrank in Ferienwohnung in Garmisch-Partenkirchen\"\n\t\t\t\t\t\t\t\t\tloading=\"lazy\"\n\t\t\t\t\t\t\t\t\tdecoding=\"async\">\n\t\t\t\t\t\t\t\t\t<!-- <img decoding=\"async\" class=\"lazy\" src=\"\" data-src=\"\" alt=\"\" \/> -->\n\t\t\t\t\t\t\t\t<\/li>\n\t\t\t\t\t\t\t\t\t\t\t\t\t\t\t<li>\n\t\t\t\t\t\t\t\t\t<img\n\t\t\t\t\t\t\t\t\tclass=\"lazy\"\n\t\t\t\t\t\t\t\t\tsrc=\"\"\n\t\t\t\t\t\t\t\t\tdata-src=\"https:\/\/www.ferienwohnungen-garmischpartenkirchen.de\/wp-content\/uploads\/2024\/06\/mf3721739-500x500.jpg\"\n\t\t\t\t\t\t\t\t\talt=\"Waschbecken mit Spiegel in Ferienwohnung in Garmisch-Partenkirchen\"\n\t\t\t\t\t\t\t\t\tloading=\"lazy\"\n\t\t\t\t\t\t\t\t\tdecoding=\"async\">\n\t\t\t\t\t\t\t\t\t<!-- <img decoding=\"async\" class=\"lazy\" src=\"\" data-src=\"\" alt=\"\" \/> -->\n\t\t\t\t\t\t\t\t<\/li>\n\t\t\t\t\t\t\t\t\t\t\t\t\t\t\t<li>\n\t\t\t\t\t\t\t\t\t<img\n\t\t\t\t\t\t\t\t\tclass=\"lazy\"\n\t\t\t\t\t\t\t\t\tsrc=\"\"\n\t\t\t\t\t\t\t\t\tdata-src=\"https:\/\/www.ferienwohnungen-garmischpartenkirchen.de\/wp-content\/uploads\/2024\/06\/mf3721725-500x500.jpg\"\n\t\t\t\t\t\t\t\t\talt=\"zwei Einzelbetten mit Kleiderschrank in Ferienwohnung in Garmisch-Partenkirchen\"\n\t\t\t\t\t\t\t\t\tloading=\"lazy\"\n\t\t\t\t\t\t\t\t\tdecoding=\"async\">\n\t\t\t\t\t\t\t\t\t<!-- <img decoding=\"async\" class=\"lazy\" src=\"\" data-src=\"\" alt=\"\" \/> -->\n\t\t\t\t\t\t\t\t<\/li>\n\t\t\t\t\t\t\t\t\t\t\t\t\t<\/ul>\n\t\t\t\t\t<\/div>\n\t\t\t\t<\/a>\n\t\t<\/div>\n\t\t<div class=\"info-wrapper\">\n\t\t<div class=\"info-body\">\n\t\t\t<span class=\"favouritebtn\"><button class=\"simplefavorite-button\" data-postid=\"501\" data-siteid=\"1\" data-groupid=\"1\" data-favoritecount=\"151\" style=\"\">Favorite <i class=\"sf-icon-star-empty\"><\/i><\/button> <\/span>\n\t\t\t<div class=\"wrap-classification\">\n\t\t\t\t<h4 class=\"title-container\">\n\t\t\t\t\t<a href=\"https:\/\/www.ferienwohnungen-garmischpartenkirchen.de\/de\/unterkuenfte\/lebenslust\/?adults=2\">Lebenslust<\/a>\n\t\t\t\t<\/h4>\n\t\t\t<\/div>\n\t\t\t<p class=\"unit-region\">\n\t\t\t\t<span>Farchant<\/span>\n\t\t\t<\/p>\n\t\t\t<div>\n\t\t\t\t\t\t\t\t\t<div class=\"additional-results-wrapper\">\n\t\t\t\t\t\t\t\t\t\t\t\t\t\t\t\t\t<\/div>\n\t\t\t\t\t\t\t<\/div>\n\t\t\t<div class=\"details-wrapper\">\n\t\t\t\t<ul>\n\t\t\t\t\t<li><span class=\"wrap-value\">4 G\u00e4ste<\/li>\t\t\t\t\t<span class=\"saperator\"><\/span>\n\t\t\t\t\t<li><span class=\"wrap-value\">2 Schlafzimmer<\/span><\/li>\t\t\t\t\t<!-- <li><span class=\"wrap-value\">2<\/span> Schlafzimmer<\/li> -->\n\t\t\t\t\t<span class=\"saperator\"><\/span>\n\t\t\t\t\t<li class=\"list_rating\"><span class=\"wrap-value\">4.9<\/span>&nbsp;<img decoding=\"async\" src=\"\/wp-content\/themes\/mahr\/assets\/images\/star-solid.svg\"\/><\/li> <span class=\"saperator\"><\/span>\t\t\t\t\t<li>\n\t\t\t\t\t\t<div class=\"info-footer\">\n\t\t\t\t\t\t\t<div class=\"price-container\">\n\t\t\t\t\t\t\t\t<!-- <a href=\"https:\/\/www.ferienwohnungen-garmischpartenkirchen.de\/de\/unterkuenfte\/lebenslust\/?adults=2\" class=\"price-button\"><div class=\"showprice \"><span class=\"price\" data-price=\"8900\">89,00<\/span> <span class=\"currency\">&euro;<\/span> <\/div><\/a> -->\n\t\t\t\t\t\t\t\t\t\t\t\t\t\t\t\t<div class=\"showprice \"><span class=\"price\" data-price=\"8900\">89,00<\/span> <span class=\"currency\">&euro;<\/span> <\/div>\n\t\t\t\t\t\t\t<\/div>\n\t\t\t\t\t\t<\/div>\n\t\t\t\t\t<\/li>\n\t\t\t\t<\/ul>\n\t\t\t<\/div>\n\t\t<\/div>\n\t\t<!-- <div class=\"info-footer\">\n\t\t\t<div class=\"price-container\">\n\t\t\t\t<a href=\"https:\/\/www.ferienwohnungen-garmischpartenkirchen.de\/de\/unterkuenfte\/lebenslust\/?adults=2\" class=\"price-button\"><div class=\"showprice \"><span class=\"price\" data-price=\"8900\">89,00<\/span> <span class=\"currency\">&euro;<\/span> <\/div><\/a>\n\t\t\t\t\t\t\t\t<div class=\"showprice \"><span class=\"price\" data-price=\"8900\">89,00<\/span> <span class=\"currency\">&euro;<\/span> <\/div>\n\t\t\t<\/div>\n\t\t<\/div> -->\n\t<\/div>\n<\/div>                                <\/div>\n                                <div class=\"pagination-wrapper\">\n                                                                    <\/div>\n                                                        <div class=\"bewertung_block\">\n                                <img decoding=\"async\" src=\"\/wp-content\/themes\/mahr\/assets\/images\/icon22.png\">\n                                <h4>5546 Bewertungen<\/h4>\n                                <p>0 Unterkunft wurden im Schnitt mit 4.8 von 5 Sternen bewertet. <\/p>\n                            <\/div>\n                        <\/div>\n\n                    <\/div>\n\n                <\/div>\n            <\/div>\n        <\/main>\n    <\/div>\n<\/div>\n<!-- <div id=\"beon-spinner\">\n    <div class=\"beon-spinner-content\"><\/div>\n<\/div> -->\n<\/div>\n\t\t\t\t\t\t<\/div>\n\t\t\t\t<\/div>\n\t\t\t\t\t<\/div>\n\t\t\t\t<\/div>\n\t\t<div class=\"elementor-element elementor-element-8697820 e-flex e-con-boxed e-con e-parent\" data-id=\"8697820\" data-element_type=\"container\" data-settings=\"{&quot;background_background&quot;:&quot;classic&quot;}\">\n\t\t\t\t\t<div class=\"e-con-inner\">\n\t\t\t\t<div class=\"elementor-element elementor-element-f0bde5e elementor-widget elementor-widget-spacer\" data-id=\"f0bde5e\" data-element_type=\"widget\" data-widget_type=\"spacer.default\">\n\t\t\t\t<div class=\"elementor-widget-container\">\n\t\t\t\t\t\t\t<div class=\"elementor-spacer\">\n\t\t\t<div class=\"elementor-spacer-inner\"><\/div>\n\t\t<\/div>\n\t\t\t\t\t\t<\/div>\n\t\t\t\t<\/div>\n\t\t\t\t<div class=\"elementor-element elementor-element-15be20c lastseen_icon elementor-widget__width-auto elementor-widget elementor-widget-heading\" data-id=\"15be20c\" data-element_type=\"widget\" data-widget_type=\"heading.default\">\n\t\t\t\t<div class=\"elementor-widget-container\">\n\t\t\t\t\t<h2 class=\"elementor-heading-title elementor-size-default\">Zuletzt angesehene<br> <span class=\"beon_subheading_h2\">Unterk\u00fcnfte<\/span><\/h2>\t\t\t\t<\/div>\n\t\t\t\t<\/div>\n\t\t\t\t<div class=\"elementor-element elementor-element-98ef394 elementor-widget__width-initial elementor-widget-tablet__width-inherit elementor-widget elementor-widget-text-editor\" data-id=\"98ef394\" data-element_type=\"widget\" data-widget_type=\"text-editor.default\">\n\t\t\t\t<div class=\"elementor-widget-container\">\n\t\t\t\t\t\t\t\t\t<p>Sie sind sich noch nicht sicher? Hier sehen Sie Ihre zuletzt angesehenen Favoriten. Finden Sie hier Ihre perfekte Unterkunft f\u00fcr einen traumhaften Urlaub in Garmisch-Partenkirchen.<\/p>\t\t\t\t\t\t\t\t<\/div>\n\t\t\t\t<\/div>\n\t\t\t\t<div class=\"elementor-element elementor-element-ecdf6cb elementor-widget elementor-widget-shortcode\" data-id=\"ecdf6cb\" data-element_type=\"widget\" data-widget_type=\"shortcode.default\">\n\t\t\t\t<div class=\"elementor-widget-container\">\n\t\t\t\t\t\t\t<div class=\"elementor-shortcode\">    <div class=\"em_unitslider-wrapper\">\n        <div class=\"swiper em_beon-unit-slider\">\n            <div class=\"swiper-wrapper\">\n                                    <div class=\"swiper-slide\">\n                            <div class=\"unit-card\">\n\n                    <div class=\"swiper unit-image-slider\">\n                <div class=\"swiper-wrapper\">\n                                            <div class=\"swiper-slide\">\n                            <img loading=\"lazy\"\n                                src=\"https:\/\/www.ferienwohnungen-garmischpartenkirchen.de\/wp-content\/uploads\/2024\/06\/mf13000502-500x500.jpg\"\n                                alt=\"Ferienwohnung in Garmisch-Partenkirchen mit eleganter Ausstattung\"\n                                width=\"500\"\n                                height=\"500\"\n                                loading=\"lazy\"\n                                decoding=\"async\">\n                        <\/div>\n                                            <div class=\"swiper-slide\">\n                            <img loading=\"lazy\"\n                                src=\"https:\/\/www.ferienwohnungen-garmischpartenkirchen.de\/wp-content\/uploads\/2024\/06\/mf13000516-500x500.jpg\"\n                                alt=\"Ferienwohnung in Garmisch-Partenkirchen mit modernem Interieur\"\n                                width=\"500\"\n                                height=\"500\"\n                                loading=\"lazy\"\n                                decoding=\"async\">\n                        <\/div>\n                                            <div class=\"swiper-slide\">\n                            <img loading=\"lazy\"\n                                src=\"https:\/\/www.ferienwohnungen-garmischpartenkirchen.de\/wp-content\/uploads\/2024\/06\/mf10373674-500x500.jpg\"\n                                alt=\"Ferienwohnung in Garmisch-Partenkirchen mit stilvoller Einrichtung\"\n                                width=\"500\"\n                                height=\"500\"\n                                loading=\"lazy\"\n                                decoding=\"async\">\n                        <\/div>\n                                    <\/div>\n                <div class=\"swiper-gallery-button-prev\"><\/div>\n                <div class=\"swiper-gallery-button-next\"><\/div>\n            <\/div>\n        \n        <div class=\"info-wrapper\">\n            <div class=\"info-body\">\n                <div class=\"flex heading-wrapper\">\n                    <h4 class=\"unit-title\">\n                        <span>\n                            <a href=\"https:\/\/www.ferienwohnungen-garmischpartenkirchen.de\/de\/unterkuenfte\/bergnest\/\">\n                                Bergnest                            <\/a>\n                        <\/span>\n                    <\/h4>\n\n                    <div class=\"wrap-classification\">\n                        <p class=\"unit-region\">\n                            Garmisch-Partenkirchen                        <\/p>\n                    <\/div>\n                <\/div>\n                <div class=\"details-wrapper\">\n                    <ul>\n                        <li>\n                            <span class=\"wrap-value\">\n                                4 G\u00e4ste                            <\/span>\n                        <\/li>\n\n                        <span class=\"saperator\"><\/span>\n\n                        <li>\n                            <span class=\"wrap-value\">\n                                2 Schlafzimmer                            <\/span>\n                        <\/li>\n                        <span class=\"saperator\"><\/span>\n                        <li>\n                            <span class=\"price\" data-price=\"7900\">79,00<\/span> <span class=\"currency\">&euro;<\/span>                         <\/li>\n                    <\/ul>\n                <\/div>\n\n            <\/div>\n        <\/div>\n    <\/div>\n                    <\/div>\n                            <\/div>\n            <div class=\"swiper-button-prev em_beon-unit-slider__prev\"><\/div>\n            <div class=\"swiper-button-next em_beon-unit-slider__next\"><\/div>\n        <\/div>\n    <\/div>\n    <\/div>\n\t\t\t\t\t\t<\/div>\n\t\t\t\t<\/div>\n\t\t\t\t<div class=\"elementor-element elementor-element-10f0bcc elementor-widget elementor-widget-spacer\" data-id=\"10f0bcc\" data-element_type=\"widget\" data-widget_type=\"spacer.default\">\n\t\t\t\t<div class=\"elementor-widget-container\">\n\t\t\t\t\t\t\t<div class=\"elementor-spacer\">\n\t\t\t<div class=\"elementor-spacer-inner\"><\/div>\n\t\t<\/div>\n\t\t\t\t\t\t<\/div>\n\t\t\t\t<\/div>\n\t\t\t\t\t<\/div>\n\t\t\t\t<\/div>\n\t\t\t\t<\/div>\n\t\t","protected":false},"excerpt":{"rendered":"<p>Zuletzt angesehene Unterk\u00fcnfte Sie sind sich noch nicht sicher? Hier sehen Sie Ihre zuletzt angesehenen Favoriten. Finden Sie hier Ihre perfekte Unterkunft f\u00fcr einen traumhaften Urlaub in Garmisch-Partenkirchen.<\/p>\n","protected":false},"author":1,"featured_media":0,"parent":0,"menu_order":0,"comment_status":"closed","ping_status":"closed","template":"","meta":{"_acf_changed":false,"footnotes":""},"seitenarte":[],"class_list":["post-197","page","type-page","status-publish","hentry"],"acf":[],"yoast_head":"<!-- This site is optimized with the Yoast SEO plugin v26.6 - https:\/\/yoast.com\/wordpress\/plugins\/seo\/ -->\n<title>Servus Urlaub! - Mahr GmbH<\/title>\n<meta name=\"description\" content=\"Hier entdecken Sie unsere gro\u00dfe Auswahl an exklusiven Unterk\u00fcnften in Garmisch-Partenkirchen und Umgebung. \u00dcberzeugen Sie sich selbst.\" \/>\n<meta name=\"robots\" content=\"index, follow, max-snippet:-1, max-image-preview:large, max-video-preview:-1\" \/>\n<link rel=\"canonical\" href=\"https:\/\/www.ferienwohnungen-garmischpartenkirchen.de\/de\/suchen-buchen\/\" \/>\n<meta property=\"og:locale\" content=\"de_DE\" \/>\n<meta property=\"og:type\" content=\"article\" \/>\n<meta property=\"og:title\" content=\"Servus Urlaub! - Mahr GmbH\" \/>\n<meta property=\"og:description\" content=\"Hier entdecken Sie unsere gro\u00dfe Auswahl an exklusiven Unterk\u00fcnften in Garmisch-Partenkirchen und Umgebung. \u00dcberzeugen Sie sich selbst.\" \/>\n<meta property=\"og:url\" content=\"https:\/\/www.ferienwohnungen-garmischpartenkirchen.de\/de\/suchen-buchen\/\" \/>\n<meta property=\"og:site_name\" content=\"Mahr GmbH\" \/>\n<meta property=\"article:modified_time\" content=\"2026-01-02T10:57:51+00:00\" \/>\n<meta name=\"twitter:card\" content=\"summary_large_image\" \/>\n<meta name=\"twitter:label1\" content=\"Gesch\u00e4tzte Lesezeit\" \/>\n\t<meta name=\"twitter:data1\" content=\"1\u00a0Minute\" \/>\n<script type=\"application\/ld+json\" class=\"yoast-schema-graph\">{\"@context\":\"https:\/\/schema.org\",\"@graph\":[{\"@type\":\"WebPage\",\"@id\":\"https:\/\/www.ferienwohnungen-garmischpartenkirchen.de\/de\/suchen-buchen\/\",\"url\":\"https:\/\/www.ferienwohnungen-garmischpartenkirchen.de\/de\/suchen-buchen\/\",\"name\":\"Servus Urlaub! - Mahr GmbH\",\"isPartOf\":{\"@id\":\"https:\/\/www.ferienwohnungen-garmischpartenkirchen.de\/de\/#website\"},\"datePublished\":\"2024-06-11T10:04:46+00:00\",\"dateModified\":\"2026-01-02T10:57:51+00:00\",\"description\":\"Hier entdecken Sie unsere gro\u00dfe Auswahl an exklusiven Unterk\u00fcnften in Garmisch-Partenkirchen und Umgebung. \u00dcberzeugen Sie sich selbst.\",\"breadcrumb\":{\"@id\":\"https:\/\/www.ferienwohnungen-garmischpartenkirchen.de\/de\/suchen-buchen\/#breadcrumb\"},\"inLanguage\":\"de\",\"potentialAction\":[{\"@type\":\"ReadAction\",\"target\":[\"https:\/\/www.ferienwohnungen-garmischpartenkirchen.de\/de\/suchen-buchen\/\"]}]},{\"@type\":\"BreadcrumbList\",\"@id\":\"https:\/\/www.ferienwohnungen-garmischpartenkirchen.de\/de\/suchen-buchen\/#breadcrumb\",\"itemListElement\":[{\"@type\":\"ListItem\",\"position\":1,\"name\":\"Startseite\",\"item\":\"https:\/\/www.ferienwohnungen-garmischpartenkirchen.de\/de\/\"},{\"@type\":\"ListItem\",\"position\":2,\"name\":\"Servus Urlaub!\"}]},{\"@type\":\"WebSite\",\"@id\":\"https:\/\/www.ferienwohnungen-garmischpartenkirchen.de\/de\/#website\",\"url\":\"https:\/\/www.ferienwohnungen-garmischpartenkirchen.de\/de\/\",\"name\":\"Mahr GmbH\",\"description\":\"\",\"publisher\":{\"@id\":\"https:\/\/www.ferienwohnungen-garmischpartenkirchen.de\/de\/#organization\"},\"potentialAction\":[{\"@type\":\"SearchAction\",\"target\":{\"@type\":\"EntryPoint\",\"urlTemplate\":\"https:\/\/www.ferienwohnungen-garmischpartenkirchen.de\/de\/?s={search_term_string}\"},\"query-input\":{\"@type\":\"PropertyValueSpecification\",\"valueRequired\":true,\"valueName\":\"search_term_string\"}}],\"inLanguage\":\"de\"},{\"@type\":\"Organization\",\"@id\":\"https:\/\/www.ferienwohnungen-garmischpartenkirchen.de\/de\/#organization\",\"name\":\"Mahr GmbH\",\"url\":\"https:\/\/www.ferienwohnungen-garmischpartenkirchen.de\/de\/\",\"logo\":{\"@type\":\"ImageObject\",\"inLanguage\":\"de\",\"@id\":\"https:\/\/www.ferienwohnungen-garmischpartenkirchen.de\/de\/#\/schema\/logo\/image\/\",\"url\":\"https:\/\/www.ferienwohnungen-garmischpartenkirchen.de\/wp-content\/uploads\/2024\/06\/Wortbildmarke_Negativ-1024x253-1.png\",\"contentUrl\":\"https:\/\/www.ferienwohnungen-garmischpartenkirchen.de\/wp-content\/uploads\/2024\/06\/Wortbildmarke_Negativ-1024x253-1.png\",\"width\":1024,\"height\":253,\"caption\":\"Mahr GmbH\"},\"image\":{\"@id\":\"https:\/\/www.ferienwohnungen-garmischpartenkirchen.de\/de\/#\/schema\/logo\/image\/\"}}]}<\/script>\n<!-- \/ Yoast SEO plugin. -->","yoast_head_json":{"title":"Servus Urlaub! - Mahr GmbH","description":"Hier entdecken Sie unsere gro\u00dfe Auswahl an exklusiven Unterk\u00fcnften in Garmisch-Partenkirchen und Umgebung. \u00dcberzeugen Sie sich selbst.","robots":{"index":"index","follow":"follow","max-snippet":"max-snippet:-1","max-image-preview":"max-image-preview:large","max-video-preview":"max-video-preview:-1"},"canonical":"https:\/\/www.ferienwohnungen-garmischpartenkirchen.de\/de\/suchen-buchen\/","og_locale":"de_DE","og_type":"article","og_title":"Servus Urlaub! - Mahr GmbH","og_description":"Hier entdecken Sie unsere gro\u00dfe Auswahl an exklusiven Unterk\u00fcnften in Garmisch-Partenkirchen und Umgebung. \u00dcberzeugen Sie sich selbst.","og_url":"https:\/\/www.ferienwohnungen-garmischpartenkirchen.de\/de\/suchen-buchen\/","og_site_name":"Mahr GmbH","article_modified_time":"2026-01-02T10:57:51+00:00","twitter_card":"summary_large_image","twitter_misc":{"Gesch\u00e4tzte Lesezeit":"1\u00a0Minute"},"schema":{"@context":"https:\/\/schema.org","@graph":[{"@type":"WebPage","@id":"https:\/\/www.ferienwohnungen-garmischpartenkirchen.de\/de\/suchen-buchen\/","url":"https:\/\/www.ferienwohnungen-garmischpartenkirchen.de\/de\/suchen-buchen\/","name":"Servus Urlaub! - Mahr GmbH","isPartOf":{"@id":"https:\/\/www.ferienwohnungen-garmischpartenkirchen.de\/de\/#website"},"datePublished":"2024-06-11T10:04:46+00:00","dateModified":"2026-01-02T10:57:51+00:00","description":"Hier entdecken Sie unsere gro\u00dfe Auswahl an exklusiven Unterk\u00fcnften in Garmisch-Partenkirchen und Umgebung. \u00dcberzeugen Sie sich selbst.","breadcrumb":{"@id":"https:\/\/www.ferienwohnungen-garmischpartenkirchen.de\/de\/suchen-buchen\/#breadcrumb"},"inLanguage":"de","potentialAction":[{"@type":"ReadAction","target":["https:\/\/www.ferienwohnungen-garmischpartenkirchen.de\/de\/suchen-buchen\/"]}]},{"@type":"BreadcrumbList","@id":"https:\/\/www.ferienwohnungen-garmischpartenkirchen.de\/de\/suchen-buchen\/#breadcrumb","itemListElement":[{"@type":"ListItem","position":1,"name":"Startseite","item":"https:\/\/www.ferienwohnungen-garmischpartenkirchen.de\/de\/"},{"@type":"ListItem","position":2,"name":"Servus Urlaub!"}]},{"@type":"WebSite","@id":"https:\/\/www.ferienwohnungen-garmischpartenkirchen.de\/de\/#website","url":"https:\/\/www.ferienwohnungen-garmischpartenkirchen.de\/de\/","name":"Mahr GmbH","description":"","publisher":{"@id":"https:\/\/www.ferienwohnungen-garmischpartenkirchen.de\/de\/#organization"},"potentialAction":[{"@type":"SearchAction","target":{"@type":"EntryPoint","urlTemplate":"https:\/\/www.ferienwohnungen-garmischpartenkirchen.de\/de\/?s={search_term_string}"},"query-input":{"@type":"PropertyValueSpecification","valueRequired":true,"valueName":"search_term_string"}}],"inLanguage":"de"},{"@type":"Organization","@id":"https:\/\/www.ferienwohnungen-garmischpartenkirchen.de\/de\/#organization","name":"Mahr GmbH","url":"https:\/\/www.ferienwohnungen-garmischpartenkirchen.de\/de\/","logo":{"@type":"ImageObject","inLanguage":"de","@id":"https:\/\/www.ferienwohnungen-garmischpartenkirchen.de\/de\/#\/schema\/logo\/image\/","url":"https:\/\/www.ferienwohnungen-garmischpartenkirchen.de\/wp-content\/uploads\/2024\/06\/Wortbildmarke_Negativ-1024x253-1.png","contentUrl":"https:\/\/www.ferienwohnungen-garmischpartenkirchen.de\/wp-content\/uploads\/2024\/06\/Wortbildmarke_Negativ-1024x253-1.png","width":1024,"height":253,"caption":"Mahr GmbH"},"image":{"@id":"https:\/\/www.ferienwohnungen-garmischpartenkirchen.de\/de\/#\/schema\/logo\/image\/"}}]}},"_links":{"self":[{"href":"https:\/\/www.ferienwohnungen-garmischpartenkirchen.de\/de\/wp-json\/wp\/v2\/pages\/197","targetHints":{"allow":["GET"]}}],"collection":[{"href":"https:\/\/www.ferienwohnungen-garmischpartenkirchen.de\/de\/wp-json\/wp\/v2\/pages"}],"about":[{"href":"https:\/\/www.ferienwohnungen-garmischpartenkirchen.de\/de\/wp-json\/wp\/v2\/types\/page"}],"author":[{"embeddable":true,"href":"https:\/\/www.ferienwohnungen-garmischpartenkirchen.de\/de\/wp-json\/wp\/v2\/users\/1"}],"replies":[{"embeddable":true,"href":"https:\/\/www.ferienwohnungen-garmischpartenkirchen.de\/de\/wp-json\/wp\/v2\/comments?post=197"}],"version-history":[{"count":76,"href":"https:\/\/www.ferienwohnungen-garmischpartenkirchen.de\/de\/wp-json\/wp\/v2\/pages\/197\/revisions"}],"predecessor-version":[{"id":16035,"href":"https:\/\/www.ferienwohnungen-garmischpartenkirchen.de\/de\/wp-json\/wp\/v2\/pages\/197\/revisions\/16035"}],"wp:attachment":[{"href":"https:\/\/www.ferienwohnungen-garmischpartenkirchen.de\/de\/wp-json\/wp\/v2\/media?parent=197"}],"wp:term":[{"taxonomy":"seitenarte","embeddable":true,"href":"https:\/\/www.ferienwohnungen-garmischpartenkirchen.de\/de\/wp-json\/wp\/v2\/seitenarte?post=197"}],"curies":[{"name":"wp","href":"https:\/\/api.w.org\/{rel}","templated":true}]}}