{"id":387,"date":"2024-06-11T15:27:54","date_gmt":"2024-06-11T13:27:54","guid":{"rendered":"https:\/\/www.ferienwohnungen-garmischpartenkirchen.de\/?page_id=387"},"modified":"2026-04-14T09:49:50","modified_gmt":"2026-04-14T07:49:50","slug":"apartmenthaeuser","status":"publish","type":"page","link":"https:\/\/www.ferienwohnungen-garmischpartenkirchen.de\/de\/apartmenthaeuser\/","title":{"rendered":"Apartmenth\u00e4user"},"content":{"rendered":"\t\t<div data-elementor-type=\"wp-page\" data-elementor-id=\"387\" class=\"elementor elementor-387\" data-elementor-post-type=\"page\">\n\t\t\t\t<div class=\"elementor-element elementor-element-7f69353 e-con-full e-flex e-con e-parent\" data-id=\"7f69353\" data-element_type=\"container\">\n\t\t\t\t<div class=\"elementor-element elementor-element-edd9e37 elementor-widget elementor-widget-template\" data-id=\"edd9e37\" data-element_type=\"widget\" data-widget_type=\"template.default\">\n\t\t\t\t<div class=\"elementor-widget-container\">\n\t\t\t\t\t\t\t<div class=\"elementor-template\">\n\t\t\t\t\t<div data-elementor-type=\"container\" data-elementor-id=\"70\" class=\"elementor elementor-70\" data-elementor-post-type=\"elementor_library\">\n\t\t\t\t<div class=\"elementor-element elementor-element-1a03abe3 e-flex e-con-boxed e-con e-parent\" data-id=\"1a03abe3\" data-element_type=\"container\" data-settings=\"{&quot;background_background&quot;:&quot;classic&quot;}\">\n\t\t\t\t\t<div class=\"e-con-inner\">\n\t\t\t\t\t<\/div>\n\t\t\t\t<\/div>\n\t\t\t\t<\/div>\n\t\t\t\t<\/div>\n\t\t\t\t\t\t<\/div>\n\t\t\t\t<\/div>\n\t\t\t\t<\/div>\n\t\t<div class=\"elementor-element elementor-element-585b015 e-flex e-con-boxed e-con e-parent\" data-id=\"585b015\" data-element_type=\"container\">\n\t\t\t\t\t<div class=\"e-con-inner\">\n\t\t\t\t<div class=\"elementor-element elementor-element-799d5a5 elementor-widget__width-auto elementor-widget-mobile__width-inherit elementor-widget elementor-widget-heading\" data-id=\"799d5a5\" data-element_type=\"widget\" data-widget_type=\"heading.default\">\n\t\t\t\t<div class=\"elementor-widget-container\">\n\t\t\t\t\t<h2 class=\"elementor-heading-title elementor-size-default\"><p class=\"beon_heading\">Ihr perfektes Ferienhaus f\u00fcr Gruppenreisen\n<\/p> <span class=\"beon_subheading_h2\">\nmit Mahr's Fewo-Vermittlung\n<\/span><\/h2>\t\t\t\t<\/div>\n\t\t\t\t<\/div>\n\t\t\t\t<div class=\"elementor-element elementor-element-44a11ce elementor-widget__width-initial elementor-widget-mobile__width-inherit elementor-widget elementor-widget-text-editor\" data-id=\"44a11ce\" data-element_type=\"widget\" data-widget_type=\"text-editor.default\">\n\t\t\t\t<div class=\"elementor-widget-container\">\n\t\t\t\t\t\t\t\t\t<div class=\"sp\"><div class=\"inspectLayerContent block inspectRow\"><div class=\"content\"><div class=\"sp\"><div class=\"inspectLayerContent block inspectRow\"><div class=\"content\"><div class=\"sp\"><div class=\"inspectLayerContent block inspectRow\"><div class=\"content\"><p class=\"p1\">Willkommen in unseren ger\u00e4umigen Ferienh\u00e4usern mit mehreren Wohneinheiten \u2013 die ideale Unterkunft f\u00fcr Reisen mit mehreren Familien, Freunden, Reisegruppen oder Sportteams. Genie\u00dfen Sie den gemeinsamen Urlaub unter einem Dach, w\u00e4hrend jeder in seiner eigenen, privaten Wohnung wohnt. Perfekt f\u00fcr gemeinsame Erlebnisse und gleichzeitig gen\u00fcgend R\u00fcckzugsm\u00f6glichkeiten. Unsere Ferienwohnungen k\u00f6nnen sowohl einzeln als auch im gesamten Haus gebucht werden. Entdecken Sie den Komfort und die Flexibilit\u00e4t unserer Ferienh\u00e4user und erleben Sie unvergessliche Momente zusammen!<\/p><\/div><\/div><\/div><\/div><\/div><\/div><\/div><\/div><\/div>\t\t\t\t\t\t\t\t<\/div>\n\t\t\t\t<\/div>\n\t\t\t\t\t<\/div>\n\t\t\t\t<\/div>\n\t\t<div class=\"elementor-element elementor-element-6f7b1a3 e-flex e-con-boxed e-con e-parent\" data-id=\"6f7b1a3\" data-element_type=\"container\">\n\t\t\t\t\t<div class=\"e-con-inner\">\n\t\t\t\t<div class=\"elementor-element elementor-element-08e3836 elementor-grid-3 elementor-grid-tablet-2 elementor-grid-mobile-1 elementor-widget elementor-widget-loop-grid\" data-id=\"08e3836\" data-element_type=\"widget\" data-settings=\"{&quot;template_id&quot;:65,&quot;columns&quot;:3,&quot;row_gap&quot;:{&quot;unit&quot;:&quot;rem&quot;,&quot;size&quot;:3,&quot;sizes&quot;:[]},&quot;row_gap_laptop&quot;:{&quot;unit&quot;:&quot;rem&quot;,&quot;size&quot;:&quot;&quot;,&quot;sizes&quot;:[]},&quot;row_gap_tablet&quot;:{&quot;unit&quot;:&quot;rem&quot;,&quot;size&quot;:&quot;&quot;,&quot;sizes&quot;:[]},&quot;row_gap_mobile&quot;:{&quot;unit&quot;:&quot;rem&quot;,&quot;size&quot;:&quot;&quot;,&quot;sizes&quot;:[]},&quot;_skin&quot;:&quot;post&quot;,&quot;columns_tablet&quot;:&quot;2&quot;,&quot;columns_mobile&quot;:&quot;1&quot;,&quot;edit_handle_selector&quot;:&quot;[data-elementor-type=\\&quot;loop-item\\&quot;]&quot;,&quot;row_gap_widescreen&quot;:{&quot;unit&quot;:&quot;px&quot;,&quot;size&quot;:&quot;&quot;,&quot;sizes&quot;:[]}}\" data-widget_type=\"loop-grid.post\">\n\t\t\t\t<div class=\"elementor-widget-container\">\n\t\t\t\t\t\t\t<div class=\"elementor-loop-container elementor-grid\" role=\"list\">\n\t\t<style id=\"loop-65\">.elementor-65 .elementor-element.elementor-element-51cda73a{--display:flex;--flex-direction:column;--container-widget-width:calc( ( 1 - var( --container-widget-flex-grow ) ) * 100% );--container-widget-height:initial;--container-widget-flex-grow:0;--container-widget-align-self:initial;--flex-wrap-mobile:wrap;--align-items:stretch;--gap:10px 10px;--row-gap:10px;--column-gap:10px;--margin-top:0px;--margin-bottom:0px;--margin-left:0px;--margin-right:0px;--padding-top:0px;--padding-bottom:0px;--padding-left:0px;--padding-right:0px;}.elementor-65 .elementor-element.elementor-element-5def7b3 > .elementor-widget-container{margin:0px 0px 0px 0px;padding:0px 0px 0px 0px;}.elementor-65 .elementor-element.elementor-element-5def7b3 img{border-radius:10px 10px 10px 10px;}.elementor-65 .elementor-element.elementor-element-7a0f2f27 > .elementor-widget-container{margin:5px 0px 0px 0px;padding:0px 0px 0px 0px;}.elementor-65 .elementor-element.elementor-element-7a0f2f27 .elementor-heading-title{font-family:\"Outfit\", Sans-serif;font-size:25px;font-weight:700;color:var( --e-global-color-text );}.elementor-65 .elementor-element.elementor-element-617e3414 > .elementor-widget-container{margin:5px 0px 10px 0px;padding:0px 0px 0px 0px;}.elementor-65 .elementor-element.elementor-element-617e3414 .elementor-heading-title{font-family:\"Roboto slab\", Sans-serif;font-size:16px;font-weight:400;color:var( --e-global-color-secondary );}.elementor-65 .elementor-element.elementor-element-f44d6d5 > .elementor-widget-container{margin:5px 0px 10px 0px;padding:0px 0px 0px 0px;}.elementor-65 .elementor-element.elementor-element-f44d6d5 .elementor-heading-title{font-family:\"Roboto slab\", Sans-serif;font-size:16px;font-weight:400;color:var( --e-global-color-secondary );}.elementor-65 .elementor-element.elementor-element-31dee265{--display:flex;--flex-direction:row;--container-widget-width:calc( ( 1 - var( --container-widget-flex-grow ) ) * 100% );--container-widget-height:100%;--container-widget-flex-grow:1;--container-widget-align-self:stretch;--flex-wrap-mobile:wrap;--justify-content:space-between;--align-items:stretch;--gap:10px 10px;--row-gap:10px;--column-gap:10px;border-style:groove;--border-style:groove;border-width:1px 0px 0px 0px;--border-top-width:1px;--border-right-width:0px;--border-bottom-width:0px;--border-left-width:0px;border-color:var( --e-global-color-secondary );--border-color:var( --e-global-color-secondary );--margin-top:0px;--margin-bottom:0px;--margin-left:0px;--margin-right:0px;--padding-top:10px;--padding-bottom:0px;--padding-left:0px;--padding-right:0px;}.elementor-65 .elementor-element.elementor-element-341ba9a2 > .elementor-widget-container{margin:0px 0px 0px 0px;padding:0px 0px 0px 0px;}.elementor-65 .elementor-element.elementor-element-341ba9a2{font-family:\"Outfit\", Sans-serif;font-weight:400;color:var( --e-global-color-text );}.elementor-65 .elementor-element.elementor-element-74d8f1aa .elementor-button{background-color:#EA554100;font-family:\"Outfit\", Sans-serif;font-size:16px;font-weight:400;text-transform:uppercase;fill:var( --e-global-color-text );color:var( --e-global-color-text );padding:05px 10px 5px 10px;}.elementor-65 .elementor-element.elementor-element-74d8f1aa > .elementor-widget-container{margin:0px 0px 0px 0px;padding:0px 0px 0px 0px;}@media(max-width:1024px){.elementor-65 .elementor-element.elementor-element-31dee265{--justify-content:center;--align-items:center;--container-widget-width:calc( ( 1 - var( --container-widget-flex-grow ) ) * 100% );--gap:10px 10px;--row-gap:10px;--column-gap:10px;}}@media(max-width:767px){.elementor-65 .elementor-element.elementor-element-31dee265{--width:100%;--justify-content:space-between;--align-items:center;--container-widget-width:calc( ( 1 - var( --container-widget-flex-grow ) ) * 100% );--gap:0px 0px;--row-gap:0px;--column-gap:0px;--padding-top:0px;--padding-bottom:0px;--padding-left:20px;--padding-right:0px;}}\/* Start custom CSS for image, class: .elementor-element-5def7b3 *\/.beon-img_heigh-68-percent {\n    position: relative;\n    width: 100%;\n    aspect-ratio: 1.46 \/ 1;\n}\n.beon-img_heigh-68-percent a {\n    display: inline;\n}\n.beon-img_heigh-68-percent img {\n\tobject-fit: cover;\n\theight: 100%;\n\twidth: 100%;\n}\n@media (max-width: 767px) {\n    .beon-img_heigh-68-percent {\n        aspect-ratio: unset;\n        height: 240px;\n    }\n}\/* End custom CSS *\/\n\/* Start custom CSS for heading, class: .elementor-element-7a0f2f27 *\/.facility_title a:hover{\n    color:#EA5541 !important;\n}\n.facility_title a{\n    font-weight: 700 !important;\n}\/* End custom CSS *\/\n\/* Start custom CSS for text-editor, class: .elementor-element-341ba9a2 *\/.beon_obj_count p{\n    margin-bottom: 0px;\n}\/* End custom CSS *\/<\/style>\t\t<div data-elementor-type=\"loop-item\" data-elementor-id=\"65\" class=\"elementor elementor-65 e-loop-item e-loop-item-16596 post-16596 facility type-facility status-publish has-post-thumbnail hentry\" data-elementor-post-type=\"elementor_library\" data-custom-edit-handle=\"1\">\n\t\t\t<div class=\"elementor-element elementor-element-51cda73a e-con-full e-flex e-con e-parent\" data-id=\"51cda73a\" data-element_type=\"container\" data-settings=\"{&quot;background_background&quot;:&quot;classic&quot;}\">\n\t\t\t\t<div class=\"elementor-element elementor-element-5def7b3 beon-img_heigh-68-percent elementor-widget elementor-widget-image\" data-id=\"5def7b3\" data-element_type=\"widget\" data-widget_type=\"image.default\">\n\t\t\t\t<div class=\"elementor-widget-container\">\n\t\t\t\t\t\t\t\t\t\t\t\t\t\t\t\t<a href=\"https:\/\/www.ferienwohnungen-garmischpartenkirchen.de\/de\/apartmenthaeuser\/haus-alpenstern-farchant\/\">\n\t\t\t\t\t\t\t<img fetchpriority=\"high\" decoding=\"async\" width=\"500\" height=\"500\" src=\"https:\/\/www.ferienwohnungen-garmischpartenkirchen.de\/wp-content\/uploads\/2026\/03\/mf26957686-500x500.jpg\" class=\"attachment-medium size-medium wp-image-16597\" alt=\"\" srcset=\"https:\/\/www.ferienwohnungen-garmischpartenkirchen.de\/wp-content\/uploads\/2026\/03\/mf26957686-500x500.jpg 500w, https:\/\/www.ferienwohnungen-garmischpartenkirchen.de\/wp-content\/uploads\/2026\/03\/mf26957686-150x150.jpg 150w\" sizes=\"(max-width: 500px) 100vw, 500px\" \/>\t\t\t\t\t\t\t\t<\/a>\n\t\t\t\t\t\t\t\t\t\t\t\t\t\t\t<\/div>\n\t\t\t\t<\/div>\n\t\t\t\t<div class=\"elementor-element elementor-element-7a0f2f27 facility_title elementor-widget elementor-widget-heading\" data-id=\"7a0f2f27\" data-element_type=\"widget\" data-widget_type=\"heading.default\">\n\t\t\t\t<div class=\"elementor-widget-container\">\n\t\t\t\t\t<h3 class=\"elementor-heading-title elementor-size-default\"><a href=\"https:\/\/www.ferienwohnungen-garmischpartenkirchen.de\/de\/apartmenthaeuser\/haus-alpenstern-farchant\/\">Haus Alpenstern Farchant<\/a><\/h3>\t\t\t\t<\/div>\n\t\t\t\t<\/div>\n\t\t\t\t<div class=\"elementor-element elementor-element-617e3414 elementor-widget elementor-widget-heading\" data-id=\"617e3414\" data-element_type=\"widget\" data-widget_type=\"heading.default\">\n\t\t\t\t<div class=\"elementor-widget-container\">\n\t\t\t\t\t<h5 class=\"elementor-heading-title elementor-size-default\">Farchant<\/h5>\t\t\t\t<\/div>\n\t\t\t\t<\/div>\n\t\t\t\t<div class=\"elementor-element elementor-element-f44d6d5 elementor-widget elementor-widget-heading\" data-id=\"f44d6d5\" data-element_type=\"widget\" data-widget_type=\"heading.default\">\n\t\t\t\t<div class=\"elementor-widget-container\">\n\t\t\t\t\t<h5 class=\"elementor-heading-title elementor-size-default\"><\/h5>\t\t\t\t<\/div>\n\t\t\t\t<\/div>\n\t\t<div class=\"elementor-element elementor-element-31dee265 e-con-full e-flex e-con e-child\" data-id=\"31dee265\" data-element_type=\"container\" data-settings=\"{&quot;background_background&quot;:&quot;classic&quot;}\">\n\t\t\t\t<div class=\"elementor-element elementor-element-341ba9a2 beon_obj_count elementor-widget elementor-widget-text-editor\" data-id=\"341ba9a2\" data-element_type=\"widget\" data-widget_type=\"text-editor.default\">\n\t\t\t\t<div class=\"elementor-widget-container\">\n\t\t\t\t\t\t\t\t\t<p>2 Objekte<\/p>\t\t\t\t\t\t\t\t<\/div>\n\t\t\t\t<\/div>\n\t\t\t\t<div class=\"elementor-element elementor-element-74d8f1aa elementor-align-right elementor-widget elementor-widget-button\" data-id=\"74d8f1aa\" data-element_type=\"widget\" data-widget_type=\"button.default\">\n\t\t\t\t<div class=\"elementor-widget-container\">\n\t\t\t\t\t\t\t\t\t<div class=\"elementor-button-wrapper\">\n\t\t\t\t\t<a class=\"elementor-button elementor-button-link elementor-size-md\" href=\"https:\/\/www.ferienwohnungen-garmischpartenkirchen.de\/de\/apartmenthaeuser\/haus-alpenstern-farchant\/\">\n\t\t\t\t\t\t<span class=\"elementor-button-content-wrapper\">\n\t\t\t\t\t\t\t\t\t<span class=\"elementor-button-text\">entdecken<\/span>\n\t\t\t\t\t<\/span>\n\t\t\t\t\t<\/a>\n\t\t\t\t<\/div>\n\t\t\t\t\t\t\t\t<\/div>\n\t\t\t\t<\/div>\n\t\t\t\t<\/div>\n\t\t\t\t<\/div>\n\t\t\t\t<\/div>\n\t\t\t\t<div data-elementor-type=\"loop-item\" data-elementor-id=\"65\" class=\"elementor elementor-65 e-loop-item e-loop-item-16462 post-16462 facility type-facility status-publish has-post-thumbnail hentry\" data-elementor-post-type=\"elementor_library\" data-custom-edit-handle=\"1\">\n\t\t\t<div class=\"elementor-element elementor-element-51cda73a e-con-full e-flex e-con e-parent\" data-id=\"51cda73a\" data-element_type=\"container\" data-settings=\"{&quot;background_background&quot;:&quot;classic&quot;}\">\n\t\t\t\t<div class=\"elementor-element elementor-element-5def7b3 beon-img_heigh-68-percent elementor-widget elementor-widget-image\" data-id=\"5def7b3\" data-element_type=\"widget\" data-widget_type=\"image.default\">\n\t\t\t\t<div class=\"elementor-widget-container\">\n\t\t\t\t\t\t\t\t\t\t\t\t\t\t\t\t<a href=\"https:\/\/www.ferienwohnungen-garmischpartenkirchen.de\/de\/apartmenthaeuser\/talacker18\/\">\n\t\t\t\t\t\t\t<img decoding=\"async\" width=\"500\" height=\"500\" src=\"https:\/\/www.ferienwohnungen-garmischpartenkirchen.de\/wp-content\/uploads\/2026\/03\/mf26687574-500x500.jpg\" class=\"attachment-medium size-medium wp-image-16592\" alt=\"\" srcset=\"https:\/\/www.ferienwohnungen-garmischpartenkirchen.de\/wp-content\/uploads\/2026\/03\/mf26687574-500x500.jpg 500w, https:\/\/www.ferienwohnungen-garmischpartenkirchen.de\/wp-content\/uploads\/2026\/03\/mf26687574-150x150.jpg 150w\" sizes=\"(max-width: 500px) 100vw, 500px\" \/>\t\t\t\t\t\t\t\t<\/a>\n\t\t\t\t\t\t\t\t\t\t\t\t\t\t\t<\/div>\n\t\t\t\t<\/div>\n\t\t\t\t<div class=\"elementor-element elementor-element-7a0f2f27 facility_title elementor-widget elementor-widget-heading\" data-id=\"7a0f2f27\" data-element_type=\"widget\" data-widget_type=\"heading.default\">\n\t\t\t\t<div class=\"elementor-widget-container\">\n\t\t\t\t\t<h3 class=\"elementor-heading-title elementor-size-default\"><a href=\"https:\/\/www.ferienwohnungen-garmischpartenkirchen.de\/de\/apartmenthaeuser\/talacker18\/\">Talacker18<\/a><\/h3>\t\t\t\t<\/div>\n\t\t\t\t<\/div>\n\t\t\t\t<div class=\"elementor-element elementor-element-617e3414 elementor-widget elementor-widget-heading\" data-id=\"617e3414\" data-element_type=\"widget\" data-widget_type=\"heading.default\">\n\t\t\t\t<div class=\"elementor-widget-container\">\n\t\t\t\t\t<h5 class=\"elementor-heading-title elementor-size-default\">Garmisch-Partenkirchen<\/h5>\t\t\t\t<\/div>\n\t\t\t\t<\/div>\n\t\t\t\t<div class=\"elementor-element elementor-element-f44d6d5 elementor-widget elementor-widget-heading\" data-id=\"f44d6d5\" data-element_type=\"widget\" data-widget_type=\"heading.default\">\n\t\t\t\t<div class=\"elementor-widget-container\">\n\t\t\t\t\t<h5 class=\"elementor-heading-title elementor-size-default\"><\/h5>\t\t\t\t<\/div>\n\t\t\t\t<\/div>\n\t\t<div class=\"elementor-element elementor-element-31dee265 e-con-full e-flex e-con e-child\" data-id=\"31dee265\" data-element_type=\"container\" data-settings=\"{&quot;background_background&quot;:&quot;classic&quot;}\">\n\t\t\t\t<div class=\"elementor-element elementor-element-341ba9a2 beon_obj_count elementor-widget elementor-widget-text-editor\" data-id=\"341ba9a2\" data-element_type=\"widget\" data-widget_type=\"text-editor.default\">\n\t\t\t\t<div class=\"elementor-widget-container\">\n\t\t\t\t\t\t\t\t\t<p>2 Objekte<\/p>\t\t\t\t\t\t\t\t<\/div>\n\t\t\t\t<\/div>\n\t\t\t\t<div class=\"elementor-element elementor-element-74d8f1aa elementor-align-right elementor-widget elementor-widget-button\" data-id=\"74d8f1aa\" data-element_type=\"widget\" data-widget_type=\"button.default\">\n\t\t\t\t<div class=\"elementor-widget-container\">\n\t\t\t\t\t\t\t\t\t<div class=\"elementor-button-wrapper\">\n\t\t\t\t\t<a class=\"elementor-button elementor-button-link elementor-size-md\" href=\"https:\/\/www.ferienwohnungen-garmischpartenkirchen.de\/de\/apartmenthaeuser\/talacker18\/\">\n\t\t\t\t\t\t<span class=\"elementor-button-content-wrapper\">\n\t\t\t\t\t\t\t\t\t<span class=\"elementor-button-text\">entdecken<\/span>\n\t\t\t\t\t<\/span>\n\t\t\t\t\t<\/a>\n\t\t\t\t<\/div>\n\t\t\t\t\t\t\t\t<\/div>\n\t\t\t\t<\/div>\n\t\t\t\t<\/div>\n\t\t\t\t<\/div>\n\t\t\t\t<\/div>\n\t\t\t\t<div data-elementor-type=\"loop-item\" data-elementor-id=\"65\" class=\"elementor elementor-65 e-loop-item e-loop-item-15512 post-15512 facility type-facility status-publish has-post-thumbnail hentry\" data-elementor-post-type=\"elementor_library\" data-custom-edit-handle=\"1\">\n\t\t\t<div class=\"elementor-element elementor-element-51cda73a e-con-full e-flex e-con e-parent\" data-id=\"51cda73a\" data-element_type=\"container\" data-settings=\"{&quot;background_background&quot;:&quot;classic&quot;}\">\n\t\t\t\t<div class=\"elementor-element elementor-element-5def7b3 beon-img_heigh-68-percent elementor-widget elementor-widget-image\" data-id=\"5def7b3\" data-element_type=\"widget\" data-widget_type=\"image.default\">\n\t\t\t\t<div class=\"elementor-widget-container\">\n\t\t\t\t\t\t\t\t\t\t\t\t\t\t\t\t<a href=\"https:\/\/www.ferienwohnungen-garmischpartenkirchen.de\/de\/apartmenthaeuser\/heu22\/\">\n\t\t\t\t\t\t\t<img decoding=\"async\" width=\"500\" height=\"500\" src=\"https:\/\/www.ferienwohnungen-garmischpartenkirchen.de\/wp-content\/uploads\/2026\/03\/mf26687551-500x500.jpg\" class=\"attachment-medium size-medium wp-image-16590\" alt=\"\" srcset=\"https:\/\/www.ferienwohnungen-garmischpartenkirchen.de\/wp-content\/uploads\/2026\/03\/mf26687551-500x500.jpg 500w, https:\/\/www.ferienwohnungen-garmischpartenkirchen.de\/wp-content\/uploads\/2026\/03\/mf26687551-150x150.jpg 150w\" sizes=\"(max-width: 500px) 100vw, 500px\" \/>\t\t\t\t\t\t\t\t<\/a>\n\t\t\t\t\t\t\t\t\t\t\t\t\t\t\t<\/div>\n\t\t\t\t<\/div>\n\t\t\t\t<div class=\"elementor-element elementor-element-7a0f2f27 facility_title elementor-widget elementor-widget-heading\" data-id=\"7a0f2f27\" data-element_type=\"widget\" data-widget_type=\"heading.default\">\n\t\t\t\t<div class=\"elementor-widget-container\">\n\t\t\t\t\t<h3 class=\"elementor-heading-title elementor-size-default\"><a href=\"https:\/\/www.ferienwohnungen-garmischpartenkirchen.de\/de\/apartmenthaeuser\/heu22\/\">Heu22<\/a><\/h3>\t\t\t\t<\/div>\n\t\t\t\t<\/div>\n\t\t\t\t<div class=\"elementor-element elementor-element-617e3414 elementor-widget elementor-widget-heading\" data-id=\"617e3414\" data-element_type=\"widget\" data-widget_type=\"heading.default\">\n\t\t\t\t<div class=\"elementor-widget-container\">\n\t\t\t\t\t<h5 class=\"elementor-heading-title elementor-size-default\">Farchant<\/h5>\t\t\t\t<\/div>\n\t\t\t\t<\/div>\n\t\t\t\t<div class=\"elementor-element elementor-element-f44d6d5 elementor-widget elementor-widget-heading\" data-id=\"f44d6d5\" data-element_type=\"widget\" data-widget_type=\"heading.default\">\n\t\t\t\t<div class=\"elementor-widget-container\">\n\t\t\t\t\t<h5 class=\"elementor-heading-title elementor-size-default\">Bis zu 14 G\u00e4ste<\/h5>\t\t\t\t<\/div>\n\t\t\t\t<\/div>\n\t\t<div class=\"elementor-element elementor-element-31dee265 e-con-full e-flex e-con e-child\" data-id=\"31dee265\" data-element_type=\"container\" data-settings=\"{&quot;background_background&quot;:&quot;classic&quot;}\">\n\t\t\t\t<div class=\"elementor-element elementor-element-341ba9a2 beon_obj_count elementor-widget elementor-widget-text-editor\" data-id=\"341ba9a2\" data-element_type=\"widget\" data-widget_type=\"text-editor.default\">\n\t\t\t\t<div class=\"elementor-widget-container\">\n\t\t\t\t\t\t\t\t\t<p>6 Objekte<\/p>\t\t\t\t\t\t\t\t<\/div>\n\t\t\t\t<\/div>\n\t\t\t\t<div class=\"elementor-element elementor-element-74d8f1aa elementor-align-right elementor-widget elementor-widget-button\" data-id=\"74d8f1aa\" data-element_type=\"widget\" data-widget_type=\"button.default\">\n\t\t\t\t<div class=\"elementor-widget-container\">\n\t\t\t\t\t\t\t\t\t<div class=\"elementor-button-wrapper\">\n\t\t\t\t\t<a class=\"elementor-button elementor-button-link elementor-size-md\" href=\"https:\/\/www.ferienwohnungen-garmischpartenkirchen.de\/de\/apartmenthaeuser\/heu22\/\">\n\t\t\t\t\t\t<span class=\"elementor-button-content-wrapper\">\n\t\t\t\t\t\t\t\t\t<span class=\"elementor-button-text\">entdecken<\/span>\n\t\t\t\t\t<\/span>\n\t\t\t\t\t<\/a>\n\t\t\t\t<\/div>\n\t\t\t\t\t\t\t\t<\/div>\n\t\t\t\t<\/div>\n\t\t\t\t<\/div>\n\t\t\t\t<\/div>\n\t\t\t\t<\/div>\n\t\t\t\t<div data-elementor-type=\"loop-item\" data-elementor-id=\"65\" class=\"elementor elementor-65 e-loop-item e-loop-item-15106 post-15106 facility type-facility status-publish has-post-thumbnail hentry\" data-elementor-post-type=\"elementor_library\" data-custom-edit-handle=\"1\">\n\t\t\t<div class=\"elementor-element elementor-element-51cda73a e-con-full e-flex e-con e-parent\" data-id=\"51cda73a\" data-element_type=\"container\" data-settings=\"{&quot;background_background&quot;:&quot;classic&quot;}\">\n\t\t\t\t<div class=\"elementor-element elementor-element-5def7b3 beon-img_heigh-68-percent elementor-widget elementor-widget-image\" data-id=\"5def7b3\" data-element_type=\"widget\" data-widget_type=\"image.default\">\n\t\t\t\t<div class=\"elementor-widget-container\">\n\t\t\t\t\t\t\t\t\t\t\t\t\t\t\t\t<a href=\"https:\/\/www.ferienwohnungen-garmischpartenkirchen.de\/de\/apartmenthaeuser\/haus-dreitorspitz\/\">\n\t\t\t\t\t\t\t<img loading=\"lazy\" decoding=\"async\" width=\"500\" height=\"500\" src=\"https:\/\/www.ferienwohnungen-garmischpartenkirchen.de\/wp-content\/uploads\/2025\/09\/mf23984088-500x500.jpg\" class=\"attachment-medium size-medium wp-image-15107\" alt=\"\" srcset=\"https:\/\/www.ferienwohnungen-garmischpartenkirchen.de\/wp-content\/uploads\/2025\/09\/mf23984088-500x500.jpg 500w, https:\/\/www.ferienwohnungen-garmischpartenkirchen.de\/wp-content\/uploads\/2025\/09\/mf23984088-150x150.jpg 150w\" sizes=\"(max-width: 500px) 100vw, 500px\" \/>\t\t\t\t\t\t\t\t<\/a>\n\t\t\t\t\t\t\t\t\t\t\t\t\t\t\t<\/div>\n\t\t\t\t<\/div>\n\t\t\t\t<div class=\"elementor-element elementor-element-7a0f2f27 facility_title elementor-widget elementor-widget-heading\" data-id=\"7a0f2f27\" data-element_type=\"widget\" data-widget_type=\"heading.default\">\n\t\t\t\t<div class=\"elementor-widget-container\">\n\t\t\t\t\t<h3 class=\"elementor-heading-title elementor-size-default\"><a href=\"https:\/\/www.ferienwohnungen-garmischpartenkirchen.de\/de\/apartmenthaeuser\/haus-dreitorspitz\/\">Haus Dreitorspitz<\/a><\/h3>\t\t\t\t<\/div>\n\t\t\t\t<\/div>\n\t\t\t\t<div class=\"elementor-element elementor-element-617e3414 elementor-widget elementor-widget-heading\" data-id=\"617e3414\" data-element_type=\"widget\" data-widget_type=\"heading.default\">\n\t\t\t\t<div class=\"elementor-widget-container\">\n\t\t\t\t\t<h5 class=\"elementor-heading-title elementor-size-default\">Garmisch-Partenkirchen<\/h5>\t\t\t\t<\/div>\n\t\t\t\t<\/div>\n\t\t\t\t<div class=\"elementor-element elementor-element-f44d6d5 elementor-widget elementor-widget-heading\" data-id=\"f44d6d5\" data-element_type=\"widget\" data-widget_type=\"heading.default\">\n\t\t\t\t<div class=\"elementor-widget-container\">\n\t\t\t\t\t<h5 class=\"elementor-heading-title elementor-size-default\">Bis zu 12 G\u00e4ste<\/h5>\t\t\t\t<\/div>\n\t\t\t\t<\/div>\n\t\t<div class=\"elementor-element elementor-element-31dee265 e-con-full e-flex e-con e-child\" data-id=\"31dee265\" data-element_type=\"container\" data-settings=\"{&quot;background_background&quot;:&quot;classic&quot;}\">\n\t\t\t\t<div class=\"elementor-element elementor-element-341ba9a2 beon_obj_count elementor-widget elementor-widget-text-editor\" data-id=\"341ba9a2\" data-element_type=\"widget\" data-widget_type=\"text-editor.default\">\n\t\t\t\t<div class=\"elementor-widget-container\">\n\t\t\t\t\t\t\t\t\t<p>3 Objekte<\/p>\t\t\t\t\t\t\t\t<\/div>\n\t\t\t\t<\/div>\n\t\t\t\t<div class=\"elementor-element elementor-element-74d8f1aa elementor-align-right elementor-widget elementor-widget-button\" data-id=\"74d8f1aa\" data-element_type=\"widget\" data-widget_type=\"button.default\">\n\t\t\t\t<div class=\"elementor-widget-container\">\n\t\t\t\t\t\t\t\t\t<div class=\"elementor-button-wrapper\">\n\t\t\t\t\t<a class=\"elementor-button elementor-button-link elementor-size-md\" href=\"https:\/\/www.ferienwohnungen-garmischpartenkirchen.de\/de\/apartmenthaeuser\/haus-dreitorspitz\/\">\n\t\t\t\t\t\t<span class=\"elementor-button-content-wrapper\">\n\t\t\t\t\t\t\t\t\t<span class=\"elementor-button-text\">entdecken<\/span>\n\t\t\t\t\t<\/span>\n\t\t\t\t\t<\/a>\n\t\t\t\t<\/div>\n\t\t\t\t\t\t\t\t<\/div>\n\t\t\t\t<\/div>\n\t\t\t\t<\/div>\n\t\t\t\t<\/div>\n\t\t\t\t<\/div>\n\t\t\t\t<div data-elementor-type=\"loop-item\" data-elementor-id=\"65\" class=\"elementor elementor-65 e-loop-item e-loop-item-14375 post-14375 facility type-facility status-publish has-post-thumbnail hentry\" data-elementor-post-type=\"elementor_library\" data-custom-edit-handle=\"1\">\n\t\t\t<div class=\"elementor-element elementor-element-51cda73a e-con-full e-flex e-con e-parent\" data-id=\"51cda73a\" data-element_type=\"container\" data-settings=\"{&quot;background_background&quot;:&quot;classic&quot;}\">\n\t\t\t\t<div class=\"elementor-element elementor-element-5def7b3 beon-img_heigh-68-percent elementor-widget elementor-widget-image\" data-id=\"5def7b3\" data-element_type=\"widget\" data-widget_type=\"image.default\">\n\t\t\t\t<div class=\"elementor-widget-container\">\n\t\t\t\t\t\t\t\t\t\t\t\t\t\t\t\t<a href=\"https:\/\/www.ferienwohnungen-garmischpartenkirchen.de\/de\/apartmenthaeuser\/haus-sunnawind\/\">\n\t\t\t\t\t\t\t<img loading=\"lazy\" decoding=\"async\" width=\"500\" height=\"500\" src=\"https:\/\/www.ferienwohnungen-garmischpartenkirchen.de\/wp-content\/uploads\/2026\/03\/mf26687506-500x500.jpg\" class=\"attachment-medium size-medium wp-image-16586\" alt=\"\" srcset=\"https:\/\/www.ferienwohnungen-garmischpartenkirchen.de\/wp-content\/uploads\/2026\/03\/mf26687506-500x500.jpg 500w, https:\/\/www.ferienwohnungen-garmischpartenkirchen.de\/wp-content\/uploads\/2026\/03\/mf26687506-150x150.jpg 150w\" sizes=\"(max-width: 500px) 100vw, 500px\" \/>\t\t\t\t\t\t\t\t<\/a>\n\t\t\t\t\t\t\t\t\t\t\t\t\t\t\t<\/div>\n\t\t\t\t<\/div>\n\t\t\t\t<div class=\"elementor-element elementor-element-7a0f2f27 facility_title elementor-widget elementor-widget-heading\" data-id=\"7a0f2f27\" data-element_type=\"widget\" data-widget_type=\"heading.default\">\n\t\t\t\t<div class=\"elementor-widget-container\">\n\t\t\t\t\t<h3 class=\"elementor-heading-title elementor-size-default\"><a href=\"https:\/\/www.ferienwohnungen-garmischpartenkirchen.de\/de\/apartmenthaeuser\/haus-sunnawind\/\">Haus Sunnawind<\/a><\/h3>\t\t\t\t<\/div>\n\t\t\t\t<\/div>\n\t\t\t\t<div class=\"elementor-element elementor-element-617e3414 elementor-widget elementor-widget-heading\" data-id=\"617e3414\" data-element_type=\"widget\" data-widget_type=\"heading.default\">\n\t\t\t\t<div class=\"elementor-widget-container\">\n\t\t\t\t\t<h5 class=\"elementor-heading-title elementor-size-default\">Garmisch-Partenkirchen<\/h5>\t\t\t\t<\/div>\n\t\t\t\t<\/div>\n\t\t\t\t<div class=\"elementor-element elementor-element-f44d6d5 elementor-widget elementor-widget-heading\" data-id=\"f44d6d5\" data-element_type=\"widget\" data-widget_type=\"heading.default\">\n\t\t\t\t<div class=\"elementor-widget-container\">\n\t\t\t\t\t<h5 class=\"elementor-heading-title elementor-size-default\">Bis zu 8 G\u00e4ste<\/h5>\t\t\t\t<\/div>\n\t\t\t\t<\/div>\n\t\t<div class=\"elementor-element elementor-element-31dee265 e-con-full e-flex e-con e-child\" data-id=\"31dee265\" data-element_type=\"container\" data-settings=\"{&quot;background_background&quot;:&quot;classic&quot;}\">\n\t\t\t\t<div class=\"elementor-element elementor-element-341ba9a2 beon_obj_count elementor-widget elementor-widget-text-editor\" data-id=\"341ba9a2\" data-element_type=\"widget\" data-widget_type=\"text-editor.default\">\n\t\t\t\t<div class=\"elementor-widget-container\">\n\t\t\t\t\t\t\t\t\t<p>2 Objekte<\/p>\t\t\t\t\t\t\t\t<\/div>\n\t\t\t\t<\/div>\n\t\t\t\t<div class=\"elementor-element elementor-element-74d8f1aa elementor-align-right elementor-widget elementor-widget-button\" data-id=\"74d8f1aa\" data-element_type=\"widget\" data-widget_type=\"button.default\">\n\t\t\t\t<div class=\"elementor-widget-container\">\n\t\t\t\t\t\t\t\t\t<div class=\"elementor-button-wrapper\">\n\t\t\t\t\t<a class=\"elementor-button elementor-button-link elementor-size-md\" href=\"https:\/\/www.ferienwohnungen-garmischpartenkirchen.de\/de\/apartmenthaeuser\/haus-sunnawind\/\">\n\t\t\t\t\t\t<span class=\"elementor-button-content-wrapper\">\n\t\t\t\t\t\t\t\t\t<span class=\"elementor-button-text\">entdecken<\/span>\n\t\t\t\t\t<\/span>\n\t\t\t\t\t<\/a>\n\t\t\t\t<\/div>\n\t\t\t\t\t\t\t\t<\/div>\n\t\t\t\t<\/div>\n\t\t\t\t<\/div>\n\t\t\t\t<\/div>\n\t\t\t\t<\/div>\n\t\t\t\t<div data-elementor-type=\"loop-item\" data-elementor-id=\"65\" class=\"elementor elementor-65 e-loop-item e-loop-item-13305 post-13305 facility type-facility status-publish has-post-thumbnail hentry\" data-elementor-post-type=\"elementor_library\" data-custom-edit-handle=\"1\">\n\t\t\t<div class=\"elementor-element elementor-element-51cda73a e-con-full e-flex e-con e-parent\" data-id=\"51cda73a\" data-element_type=\"container\" data-settings=\"{&quot;background_background&quot;:&quot;classic&quot;}\">\n\t\t\t\t<div class=\"elementor-element elementor-element-5def7b3 beon-img_heigh-68-percent elementor-widget elementor-widget-image\" data-id=\"5def7b3\" data-element_type=\"widget\" data-widget_type=\"image.default\">\n\t\t\t\t<div class=\"elementor-widget-container\">\n\t\t\t\t\t\t\t\t\t\t\t\t\t\t\t\t<a href=\"https:\/\/www.ferienwohnungen-garmischpartenkirchen.de\/de\/apartmenthaeuser\/haus-birkenhof\/\">\n\t\t\t\t\t\t\t<img loading=\"lazy\" decoding=\"async\" width=\"500\" height=\"500\" src=\"https:\/\/www.ferienwohnungen-garmischpartenkirchen.de\/wp-content\/uploads\/2024\/08\/mf17698761-500x500.jpg\" class=\"attachment-medium size-medium wp-image-13350\" alt=\"\" srcset=\"https:\/\/www.ferienwohnungen-garmischpartenkirchen.de\/wp-content\/uploads\/2024\/08\/mf17698761-500x500.jpg 500w, https:\/\/www.ferienwohnungen-garmischpartenkirchen.de\/wp-content\/uploads\/2024\/08\/mf17698761-150x150.jpg 150w\" sizes=\"(max-width: 500px) 100vw, 500px\" \/>\t\t\t\t\t\t\t\t<\/a>\n\t\t\t\t\t\t\t\t\t\t\t\t\t\t\t<\/div>\n\t\t\t\t<\/div>\n\t\t\t\t<div class=\"elementor-element elementor-element-7a0f2f27 facility_title elementor-widget elementor-widget-heading\" data-id=\"7a0f2f27\" data-element_type=\"widget\" data-widget_type=\"heading.default\">\n\t\t\t\t<div class=\"elementor-widget-container\">\n\t\t\t\t\t<h3 class=\"elementor-heading-title elementor-size-default\"><a href=\"https:\/\/www.ferienwohnungen-garmischpartenkirchen.de\/de\/apartmenthaeuser\/haus-birkenhof\/\">Haus Birkenhof<\/a><\/h3>\t\t\t\t<\/div>\n\t\t\t\t<\/div>\n\t\t\t\t<div class=\"elementor-element elementor-element-617e3414 elementor-widget elementor-widget-heading\" data-id=\"617e3414\" data-element_type=\"widget\" data-widget_type=\"heading.default\">\n\t\t\t\t<div class=\"elementor-widget-container\">\n\t\t\t\t\t<h5 class=\"elementor-heading-title elementor-size-default\">Garmisch-Partenkirchen<\/h5>\t\t\t\t<\/div>\n\t\t\t\t<\/div>\n\t\t\t\t<div class=\"elementor-element elementor-element-f44d6d5 elementor-widget elementor-widget-heading\" data-id=\"f44d6d5\" data-element_type=\"widget\" data-widget_type=\"heading.default\">\n\t\t\t\t<div class=\"elementor-widget-container\">\n\t\t\t\t\t<h5 class=\"elementor-heading-title elementor-size-default\">Bis zu 13 G\u00e4ste<\/h5>\t\t\t\t<\/div>\n\t\t\t\t<\/div>\n\t\t<div class=\"elementor-element elementor-element-31dee265 e-con-full e-flex e-con e-child\" data-id=\"31dee265\" data-element_type=\"container\" data-settings=\"{&quot;background_background&quot;:&quot;classic&quot;}\">\n\t\t\t\t<div class=\"elementor-element elementor-element-341ba9a2 beon_obj_count elementor-widget elementor-widget-text-editor\" data-id=\"341ba9a2\" data-element_type=\"widget\" data-widget_type=\"text-editor.default\">\n\t\t\t\t<div class=\"elementor-widget-container\">\n\t\t\t\t\t\t\t\t\t<p>3 Objekte<\/p>\t\t\t\t\t\t\t\t<\/div>\n\t\t\t\t<\/div>\n\t\t\t\t<div class=\"elementor-element elementor-element-74d8f1aa elementor-align-right elementor-widget elementor-widget-button\" data-id=\"74d8f1aa\" data-element_type=\"widget\" data-widget_type=\"button.default\">\n\t\t\t\t<div class=\"elementor-widget-container\">\n\t\t\t\t\t\t\t\t\t<div class=\"elementor-button-wrapper\">\n\t\t\t\t\t<a class=\"elementor-button elementor-button-link elementor-size-md\" href=\"https:\/\/www.ferienwohnungen-garmischpartenkirchen.de\/de\/apartmenthaeuser\/haus-birkenhof\/\">\n\t\t\t\t\t\t<span class=\"elementor-button-content-wrapper\">\n\t\t\t\t\t\t\t\t\t<span class=\"elementor-button-text\">entdecken<\/span>\n\t\t\t\t\t<\/span>\n\t\t\t\t\t<\/a>\n\t\t\t\t<\/div>\n\t\t\t\t\t\t\t\t<\/div>\n\t\t\t\t<\/div>\n\t\t\t\t<\/div>\n\t\t\t\t<\/div>\n\t\t\t\t<\/div>\n\t\t\t\t<div data-elementor-type=\"loop-item\" data-elementor-id=\"65\" class=\"elementor elementor-65 e-loop-item e-loop-item-14111 post-14111 facility type-facility status-publish has-post-thumbnail hentry\" data-elementor-post-type=\"elementor_library\" data-custom-edit-handle=\"1\">\n\t\t\t<div class=\"elementor-element elementor-element-51cda73a e-con-full e-flex e-con e-parent\" data-id=\"51cda73a\" data-element_type=\"container\" data-settings=\"{&quot;background_background&quot;:&quot;classic&quot;}\">\n\t\t\t\t<div class=\"elementor-element elementor-element-5def7b3 beon-img_heigh-68-percent elementor-widget elementor-widget-image\" data-id=\"5def7b3\" data-element_type=\"widget\" data-widget_type=\"image.default\">\n\t\t\t\t<div class=\"elementor-widget-container\">\n\t\t\t\t\t\t\t\t\t\t\t\t\t\t\t\t<a href=\"https:\/\/www.ferienwohnungen-garmischpartenkirchen.de\/de\/apartmenthaeuser\/haus-alpenstern\/\">\n\t\t\t\t\t\t\t<img loading=\"lazy\" decoding=\"async\" width=\"500\" height=\"500\" src=\"https:\/\/www.ferienwohnungen-garmischpartenkirchen.de\/wp-content\/uploads\/2025\/02\/mf20541542-500x500.jpg\" class=\"attachment-medium size-medium wp-image-14248\" alt=\"\" srcset=\"https:\/\/www.ferienwohnungen-garmischpartenkirchen.de\/wp-content\/uploads\/2025\/02\/mf20541542-500x500.jpg 500w, https:\/\/www.ferienwohnungen-garmischpartenkirchen.de\/wp-content\/uploads\/2025\/02\/mf20541542-150x150.jpg 150w\" sizes=\"(max-width: 500px) 100vw, 500px\" \/>\t\t\t\t\t\t\t\t<\/a>\n\t\t\t\t\t\t\t\t\t\t\t\t\t\t\t<\/div>\n\t\t\t\t<\/div>\n\t\t\t\t<div class=\"elementor-element elementor-element-7a0f2f27 facility_title elementor-widget elementor-widget-heading\" data-id=\"7a0f2f27\" data-element_type=\"widget\" data-widget_type=\"heading.default\">\n\t\t\t\t<div class=\"elementor-widget-container\">\n\t\t\t\t\t<h3 class=\"elementor-heading-title elementor-size-default\"><a href=\"https:\/\/www.ferienwohnungen-garmischpartenkirchen.de\/de\/apartmenthaeuser\/haus-alpenstern\/\">Haus Alpenstern Grainau<\/a><\/h3>\t\t\t\t<\/div>\n\t\t\t\t<\/div>\n\t\t\t\t<div class=\"elementor-element elementor-element-617e3414 elementor-widget elementor-widget-heading\" data-id=\"617e3414\" data-element_type=\"widget\" data-widget_type=\"heading.default\">\n\t\t\t\t<div class=\"elementor-widget-container\">\n\t\t\t\t\t<h5 class=\"elementor-heading-title elementor-size-default\">Grainau<\/h5>\t\t\t\t<\/div>\n\t\t\t\t<\/div>\n\t\t\t\t<div class=\"elementor-element elementor-element-f44d6d5 elementor-widget elementor-widget-heading\" data-id=\"f44d6d5\" data-element_type=\"widget\" data-widget_type=\"heading.default\">\n\t\t\t\t<div class=\"elementor-widget-container\">\n\t\t\t\t\t<h5 class=\"elementor-heading-title elementor-size-default\">Bis zu 9 G\u00e4ste<\/h5>\t\t\t\t<\/div>\n\t\t\t\t<\/div>\n\t\t<div class=\"elementor-element elementor-element-31dee265 e-con-full e-flex e-con e-child\" data-id=\"31dee265\" data-element_type=\"container\" data-settings=\"{&quot;background_background&quot;:&quot;classic&quot;}\">\n\t\t\t\t<div class=\"elementor-element elementor-element-341ba9a2 beon_obj_count elementor-widget elementor-widget-text-editor\" data-id=\"341ba9a2\" data-element_type=\"widget\" data-widget_type=\"text-editor.default\">\n\t\t\t\t<div class=\"elementor-widget-container\">\n\t\t\t\t\t\t\t\t\t<p>3 Objekte<\/p>\t\t\t\t\t\t\t\t<\/div>\n\t\t\t\t<\/div>\n\t\t\t\t<div class=\"elementor-element elementor-element-74d8f1aa elementor-align-right elementor-widget elementor-widget-button\" data-id=\"74d8f1aa\" data-element_type=\"widget\" data-widget_type=\"button.default\">\n\t\t\t\t<div class=\"elementor-widget-container\">\n\t\t\t\t\t\t\t\t\t<div class=\"elementor-button-wrapper\">\n\t\t\t\t\t<a class=\"elementor-button elementor-button-link elementor-size-md\" href=\"https:\/\/www.ferienwohnungen-garmischpartenkirchen.de\/de\/apartmenthaeuser\/haus-alpenstern\/\">\n\t\t\t\t\t\t<span class=\"elementor-button-content-wrapper\">\n\t\t\t\t\t\t\t\t\t<span class=\"elementor-button-text\">entdecken<\/span>\n\t\t\t\t\t<\/span>\n\t\t\t\t\t<\/a>\n\t\t\t\t<\/div>\n\t\t\t\t\t\t\t\t<\/div>\n\t\t\t\t<\/div>\n\t\t\t\t<\/div>\n\t\t\t\t<\/div>\n\t\t\t\t<\/div>\n\t\t\t\t<div data-elementor-type=\"loop-item\" data-elementor-id=\"65\" class=\"elementor elementor-65 e-loop-item e-loop-item-574 post-574 facility type-facility status-publish has-post-thumbnail hentry\" data-elementor-post-type=\"elementor_library\" data-custom-edit-handle=\"1\">\n\t\t\t<div class=\"elementor-element elementor-element-51cda73a e-con-full e-flex e-con e-parent\" data-id=\"51cda73a\" data-element_type=\"container\" data-settings=\"{&quot;background_background&quot;:&quot;classic&quot;}\">\n\t\t\t\t<div class=\"elementor-element elementor-element-5def7b3 beon-img_heigh-68-percent elementor-widget elementor-widget-image\" data-id=\"5def7b3\" data-element_type=\"widget\" data-widget_type=\"image.default\">\n\t\t\t\t<div class=\"elementor-widget-container\">\n\t\t\t\t\t\t\t\t\t\t\t\t\t\t\t\t<a href=\"https:\/\/www.ferienwohnungen-garmischpartenkirchen.de\/de\/apartmenthaeuser\/haus-waxenstein\/\">\n\t\t\t\t\t\t\t<img loading=\"lazy\" decoding=\"async\" width=\"500\" height=\"500\" src=\"https:\/\/www.ferienwohnungen-garmischpartenkirchen.de\/wp-content\/uploads\/2026\/03\/mf26687530-500x500.jpg\" class=\"attachment-medium size-medium wp-image-16584\" alt=\"\" srcset=\"https:\/\/www.ferienwohnungen-garmischpartenkirchen.de\/wp-content\/uploads\/2026\/03\/mf26687530-500x500.jpg 500w, https:\/\/www.ferienwohnungen-garmischpartenkirchen.de\/wp-content\/uploads\/2026\/03\/mf26687530-150x150.jpg 150w\" sizes=\"(max-width: 500px) 100vw, 500px\" \/>\t\t\t\t\t\t\t\t<\/a>\n\t\t\t\t\t\t\t\t\t\t\t\t\t\t\t<\/div>\n\t\t\t\t<\/div>\n\t\t\t\t<div class=\"elementor-element elementor-element-7a0f2f27 facility_title elementor-widget elementor-widget-heading\" data-id=\"7a0f2f27\" data-element_type=\"widget\" data-widget_type=\"heading.default\">\n\t\t\t\t<div class=\"elementor-widget-container\">\n\t\t\t\t\t<h3 class=\"elementor-heading-title elementor-size-default\"><a href=\"https:\/\/www.ferienwohnungen-garmischpartenkirchen.de\/de\/apartmenthaeuser\/haus-waxenstein\/\">Haus Waxenstein<\/a><\/h3>\t\t\t\t<\/div>\n\t\t\t\t<\/div>\n\t\t\t\t<div class=\"elementor-element elementor-element-617e3414 elementor-widget elementor-widget-heading\" data-id=\"617e3414\" data-element_type=\"widget\" data-widget_type=\"heading.default\">\n\t\t\t\t<div class=\"elementor-widget-container\">\n\t\t\t\t\t<h5 class=\"elementor-heading-title elementor-size-default\">Garmisch-Partenkirchen<\/h5>\t\t\t\t<\/div>\n\t\t\t\t<\/div>\n\t\t\t\t<div class=\"elementor-element elementor-element-f44d6d5 elementor-widget elementor-widget-heading\" data-id=\"f44d6d5\" data-element_type=\"widget\" data-widget_type=\"heading.default\">\n\t\t\t\t<div class=\"elementor-widget-container\">\n\t\t\t\t\t<h5 class=\"elementor-heading-title elementor-size-default\">Bis zu 8 G\u00e4ste<\/h5>\t\t\t\t<\/div>\n\t\t\t\t<\/div>\n\t\t<div class=\"elementor-element elementor-element-31dee265 e-con-full e-flex e-con e-child\" data-id=\"31dee265\" data-element_type=\"container\" data-settings=\"{&quot;background_background&quot;:&quot;classic&quot;}\">\n\t\t\t\t<div class=\"elementor-element elementor-element-341ba9a2 beon_obj_count elementor-widget elementor-widget-text-editor\" data-id=\"341ba9a2\" data-element_type=\"widget\" data-widget_type=\"text-editor.default\">\n\t\t\t\t<div class=\"elementor-widget-container\">\n\t\t\t\t\t\t\t\t\t<p>2 Objekte<\/p>\t\t\t\t\t\t\t\t<\/div>\n\t\t\t\t<\/div>\n\t\t\t\t<div class=\"elementor-element elementor-element-74d8f1aa elementor-align-right elementor-widget elementor-widget-button\" data-id=\"74d8f1aa\" data-element_type=\"widget\" data-widget_type=\"button.default\">\n\t\t\t\t<div class=\"elementor-widget-container\">\n\t\t\t\t\t\t\t\t\t<div class=\"elementor-button-wrapper\">\n\t\t\t\t\t<a class=\"elementor-button elementor-button-link elementor-size-md\" href=\"https:\/\/www.ferienwohnungen-garmischpartenkirchen.de\/de\/apartmenthaeuser\/haus-waxenstein\/\">\n\t\t\t\t\t\t<span class=\"elementor-button-content-wrapper\">\n\t\t\t\t\t\t\t\t\t<span class=\"elementor-button-text\">entdecken<\/span>\n\t\t\t\t\t<\/span>\n\t\t\t\t\t<\/a>\n\t\t\t\t<\/div>\n\t\t\t\t\t\t\t\t<\/div>\n\t\t\t\t<\/div>\n\t\t\t\t<\/div>\n\t\t\t\t<\/div>\n\t\t\t\t<\/div>\n\t\t\t\t<div data-elementor-type=\"loop-item\" data-elementor-id=\"65\" class=\"elementor elementor-65 e-loop-item e-loop-item-561 post-561 facility type-facility status-publish has-post-thumbnail hentry\" data-elementor-post-type=\"elementor_library\" data-custom-edit-handle=\"1\">\n\t\t\t<div class=\"elementor-element elementor-element-51cda73a e-con-full e-flex e-con e-parent\" data-id=\"51cda73a\" data-element_type=\"container\" data-settings=\"{&quot;background_background&quot;:&quot;classic&quot;}\">\n\t\t\t\t<div class=\"elementor-element elementor-element-5def7b3 beon-img_heigh-68-percent elementor-widget elementor-widget-image\" data-id=\"5def7b3\" data-element_type=\"widget\" data-widget_type=\"image.default\">\n\t\t\t\t<div class=\"elementor-widget-container\">\n\t\t\t\t\t\t\t\t\t\t\t\t\t\t\t\t<a href=\"https:\/\/www.ferienwohnungen-garmischpartenkirchen.de\/de\/apartmenthaeuser\/haus-ludwig\/\">\n\t\t\t\t\t\t\t<img loading=\"lazy\" decoding=\"async\" width=\"500\" height=\"500\" src=\"https:\/\/www.ferienwohnungen-garmischpartenkirchen.de\/wp-content\/uploads\/2024\/06\/mf4436207-500x500.jpg\" class=\"attachment-medium size-medium wp-image-2769\" alt=\"Au\u00dfenansicht von Ferienwohnung in Garmisch-Partenkirchen\" srcset=\"https:\/\/www.ferienwohnungen-garmischpartenkirchen.de\/wp-content\/uploads\/2024\/06\/mf4436207-500x500.jpg 500w, https:\/\/www.ferienwohnungen-garmischpartenkirchen.de\/wp-content\/uploads\/2024\/06\/mf4436207-150x150.jpg 150w\" sizes=\"(max-width: 500px) 100vw, 500px\" \/>\t\t\t\t\t\t\t\t<\/a>\n\t\t\t\t\t\t\t\t\t\t\t\t\t\t\t<\/div>\n\t\t\t\t<\/div>\n\t\t\t\t<div class=\"elementor-element elementor-element-7a0f2f27 facility_title elementor-widget elementor-widget-heading\" data-id=\"7a0f2f27\" data-element_type=\"widget\" data-widget_type=\"heading.default\">\n\t\t\t\t<div class=\"elementor-widget-container\">\n\t\t\t\t\t<h3 class=\"elementor-heading-title elementor-size-default\"><a href=\"https:\/\/www.ferienwohnungen-garmischpartenkirchen.de\/de\/apartmenthaeuser\/haus-ludwig\/\">Haus Ludwig<\/a><\/h3>\t\t\t\t<\/div>\n\t\t\t\t<\/div>\n\t\t\t\t<div class=\"elementor-element elementor-element-617e3414 elementor-widget elementor-widget-heading\" data-id=\"617e3414\" data-element_type=\"widget\" data-widget_type=\"heading.default\">\n\t\t\t\t<div class=\"elementor-widget-container\">\n\t\t\t\t\t<h5 class=\"elementor-heading-title elementor-size-default\">Garmisch-Partenkirchen<\/h5>\t\t\t\t<\/div>\n\t\t\t\t<\/div>\n\t\t\t\t<div class=\"elementor-element elementor-element-f44d6d5 elementor-widget elementor-widget-heading\" data-id=\"f44d6d5\" data-element_type=\"widget\" data-widget_type=\"heading.default\">\n\t\t\t\t<div class=\"elementor-widget-container\">\n\t\t\t\t\t<h5 class=\"elementor-heading-title elementor-size-default\">Bis zu 28 G\u00e4ste<\/h5>\t\t\t\t<\/div>\n\t\t\t\t<\/div>\n\t\t<div class=\"elementor-element elementor-element-31dee265 e-con-full e-flex e-con e-child\" data-id=\"31dee265\" data-element_type=\"container\" data-settings=\"{&quot;background_background&quot;:&quot;classic&quot;}\">\n\t\t\t\t<div class=\"elementor-element elementor-element-341ba9a2 beon_obj_count elementor-widget elementor-widget-text-editor\" data-id=\"341ba9a2\" data-element_type=\"widget\" data-widget_type=\"text-editor.default\">\n\t\t\t\t<div class=\"elementor-widget-container\">\n\t\t\t\t\t\t\t\t\t<p>4 Objekte<\/p>\t\t\t\t\t\t\t\t<\/div>\n\t\t\t\t<\/div>\n\t\t\t\t<div class=\"elementor-element elementor-element-74d8f1aa elementor-align-right elementor-widget elementor-widget-button\" data-id=\"74d8f1aa\" data-element_type=\"widget\" data-widget_type=\"button.default\">\n\t\t\t\t<div class=\"elementor-widget-container\">\n\t\t\t\t\t\t\t\t\t<div class=\"elementor-button-wrapper\">\n\t\t\t\t\t<a class=\"elementor-button elementor-button-link elementor-size-md\" href=\"https:\/\/www.ferienwohnungen-garmischpartenkirchen.de\/de\/apartmenthaeuser\/haus-ludwig\/\">\n\t\t\t\t\t\t<span class=\"elementor-button-content-wrapper\">\n\t\t\t\t\t\t\t\t\t<span class=\"elementor-button-text\">entdecken<\/span>\n\t\t\t\t\t<\/span>\n\t\t\t\t\t<\/a>\n\t\t\t\t<\/div>\n\t\t\t\t\t\t\t\t<\/div>\n\t\t\t\t<\/div>\n\t\t\t\t<\/div>\n\t\t\t\t<\/div>\n\t\t\t\t<\/div>\n\t\t\t\t<div data-elementor-type=\"loop-item\" data-elementor-id=\"65\" class=\"elementor elementor-65 e-loop-item e-loop-item-558 post-558 facility type-facility status-publish has-post-thumbnail hentry\" data-elementor-post-type=\"elementor_library\" data-custom-edit-handle=\"1\">\n\t\t\t<div class=\"elementor-element elementor-element-51cda73a e-con-full e-flex e-con e-parent\" data-id=\"51cda73a\" data-element_type=\"container\" data-settings=\"{&quot;background_background&quot;:&quot;classic&quot;}\">\n\t\t\t\t<div class=\"elementor-element elementor-element-5def7b3 beon-img_heigh-68-percent elementor-widget elementor-widget-image\" data-id=\"5def7b3\" data-element_type=\"widget\" data-widget_type=\"image.default\">\n\t\t\t\t<div class=\"elementor-widget-container\">\n\t\t\t\t\t\t\t\t\t\t\t\t\t\t\t\t<a href=\"https:\/\/www.ferienwohnungen-garmischpartenkirchen.de\/de\/apartmenthaeuser\/haus-am-kreuzeck\/\">\n\t\t\t\t\t\t\t<img loading=\"lazy\" decoding=\"async\" width=\"500\" height=\"500\" src=\"https:\/\/www.ferienwohnungen-garmischpartenkirchen.de\/wp-content\/uploads\/2024\/06\/mf4437086-500x500.jpg\" class=\"attachment-medium size-medium wp-image-2678\" alt=\"Haus von au\u00dfen in Ferienwohnung in Garmisch-Partenkirchen\" srcset=\"https:\/\/www.ferienwohnungen-garmischpartenkirchen.de\/wp-content\/uploads\/2024\/06\/mf4437086-500x500.jpg 500w, https:\/\/www.ferienwohnungen-garmischpartenkirchen.de\/wp-content\/uploads\/2024\/06\/mf4437086-150x150.jpg 150w\" sizes=\"(max-width: 500px) 100vw, 500px\" \/>\t\t\t\t\t\t\t\t<\/a>\n\t\t\t\t\t\t\t\t\t\t\t\t\t\t\t<\/div>\n\t\t\t\t<\/div>\n\t\t\t\t<div class=\"elementor-element elementor-element-7a0f2f27 facility_title elementor-widget elementor-widget-heading\" data-id=\"7a0f2f27\" data-element_type=\"widget\" data-widget_type=\"heading.default\">\n\t\t\t\t<div class=\"elementor-widget-container\">\n\t\t\t\t\t<h3 class=\"elementor-heading-title elementor-size-default\"><a href=\"https:\/\/www.ferienwohnungen-garmischpartenkirchen.de\/de\/apartmenthaeuser\/haus-am-kreuzeck\/\">Haus am Kreuzeck<\/a><\/h3>\t\t\t\t<\/div>\n\t\t\t\t<\/div>\n\t\t\t\t<div class=\"elementor-element elementor-element-617e3414 elementor-widget elementor-widget-heading\" data-id=\"617e3414\" data-element_type=\"widget\" data-widget_type=\"heading.default\">\n\t\t\t\t<div class=\"elementor-widget-container\">\n\t\t\t\t\t<h5 class=\"elementor-heading-title elementor-size-default\">Garmisch-Partenkirchen<\/h5>\t\t\t\t<\/div>\n\t\t\t\t<\/div>\n\t\t\t\t<div class=\"elementor-element elementor-element-f44d6d5 elementor-widget elementor-widget-heading\" data-id=\"f44d6d5\" data-element_type=\"widget\" data-widget_type=\"heading.default\">\n\t\t\t\t<div class=\"elementor-widget-container\">\n\t\t\t\t\t<h5 class=\"elementor-heading-title elementor-size-default\">Bis zu 15 G\u00e4ste<\/h5>\t\t\t\t<\/div>\n\t\t\t\t<\/div>\n\t\t<div class=\"elementor-element elementor-element-31dee265 e-con-full e-flex e-con e-child\" data-id=\"31dee265\" data-element_type=\"container\" data-settings=\"{&quot;background_background&quot;:&quot;classic&quot;}\">\n\t\t\t\t<div class=\"elementor-element elementor-element-341ba9a2 beon_obj_count elementor-widget elementor-widget-text-editor\" data-id=\"341ba9a2\" data-element_type=\"widget\" data-widget_type=\"text-editor.default\">\n\t\t\t\t<div class=\"elementor-widget-container\">\n\t\t\t\t\t\t\t\t\t<p>2 Objekte<\/p>\t\t\t\t\t\t\t\t<\/div>\n\t\t\t\t<\/div>\n\t\t\t\t<div class=\"elementor-element elementor-element-74d8f1aa elementor-align-right elementor-widget elementor-widget-button\" data-id=\"74d8f1aa\" data-element_type=\"widget\" data-widget_type=\"button.default\">\n\t\t\t\t<div class=\"elementor-widget-container\">\n\t\t\t\t\t\t\t\t\t<div class=\"elementor-button-wrapper\">\n\t\t\t\t\t<a class=\"elementor-button elementor-button-link elementor-size-md\" href=\"https:\/\/www.ferienwohnungen-garmischpartenkirchen.de\/de\/apartmenthaeuser\/haus-am-kreuzeck\/\">\n\t\t\t\t\t\t<span class=\"elementor-button-content-wrapper\">\n\t\t\t\t\t\t\t\t\t<span class=\"elementor-button-text\">entdecken<\/span>\n\t\t\t\t\t<\/span>\n\t\t\t\t\t<\/a>\n\t\t\t\t<\/div>\n\t\t\t\t\t\t\t\t<\/div>\n\t\t\t\t<\/div>\n\t\t\t\t<\/div>\n\t\t\t\t<\/div>\n\t\t\t\t<\/div>\n\t\t\t\t<div data-elementor-type=\"loop-item\" data-elementor-id=\"65\" class=\"elementor elementor-65 e-loop-item e-loop-item-556 post-556 facility type-facility status-publish has-post-thumbnail hentry\" data-elementor-post-type=\"elementor_library\" data-custom-edit-handle=\"1\">\n\t\t\t<div class=\"elementor-element elementor-element-51cda73a e-con-full e-flex e-con e-parent\" data-id=\"51cda73a\" data-element_type=\"container\" data-settings=\"{&quot;background_background&quot;:&quot;classic&quot;}\">\n\t\t\t\t<div class=\"elementor-element elementor-element-5def7b3 beon-img_heigh-68-percent elementor-widget elementor-widget-image\" data-id=\"5def7b3\" data-element_type=\"widget\" data-widget_type=\"image.default\">\n\t\t\t\t<div class=\"elementor-widget-container\">\n\t\t\t\t\t\t\t\t\t\t\t\t\t\t\t\t<a href=\"https:\/\/www.ferienwohnungen-garmischpartenkirchen.de\/de\/apartmenthaeuser\/an-der-loisachbruecke\/\">\n\t\t\t\t\t\t\t<img loading=\"lazy\" decoding=\"async\" width=\"500\" height=\"500\" src=\"https:\/\/www.ferienwohnungen-garmischpartenkirchen.de\/wp-content\/uploads\/2024\/06\/mf3871088-500x500.jpg\" class=\"attachment-medium size-medium wp-image-2633\" alt=\"Haus Ansicht von au\u00dfen von Ferienwohnung in Garmisch-Partenkirchen\" srcset=\"https:\/\/www.ferienwohnungen-garmischpartenkirchen.de\/wp-content\/uploads\/2024\/06\/mf3871088-500x500.jpg 500w, https:\/\/www.ferienwohnungen-garmischpartenkirchen.de\/wp-content\/uploads\/2024\/06\/mf3871088-150x150.jpg 150w\" sizes=\"(max-width: 500px) 100vw, 500px\" \/>\t\t\t\t\t\t\t\t<\/a>\n\t\t\t\t\t\t\t\t\t\t\t\t\t\t\t<\/div>\n\t\t\t\t<\/div>\n\t\t\t\t<div class=\"elementor-element elementor-element-7a0f2f27 facility_title elementor-widget elementor-widget-heading\" data-id=\"7a0f2f27\" data-element_type=\"widget\" data-widget_type=\"heading.default\">\n\t\t\t\t<div class=\"elementor-widget-container\">\n\t\t\t\t\t<h3 class=\"elementor-heading-title elementor-size-default\"><a href=\"https:\/\/www.ferienwohnungen-garmischpartenkirchen.de\/de\/apartmenthaeuser\/an-der-loisachbruecke\/\">An der Loisachbr\u00fccke<\/a><\/h3>\t\t\t\t<\/div>\n\t\t\t\t<\/div>\n\t\t\t\t<div class=\"elementor-element elementor-element-617e3414 elementor-widget elementor-widget-heading\" data-id=\"617e3414\" data-element_type=\"widget\" data-widget_type=\"heading.default\">\n\t\t\t\t<div class=\"elementor-widget-container\">\n\t\t\t\t\t<h5 class=\"elementor-heading-title elementor-size-default\">Farchant<\/h5>\t\t\t\t<\/div>\n\t\t\t\t<\/div>\n\t\t\t\t<div class=\"elementor-element elementor-element-f44d6d5 elementor-widget elementor-widget-heading\" data-id=\"f44d6d5\" data-element_type=\"widget\" data-widget_type=\"heading.default\">\n\t\t\t\t<div class=\"elementor-widget-container\">\n\t\t\t\t\t<h5 class=\"elementor-heading-title elementor-size-default\">Bis zu 12 G\u00e4ste<\/h5>\t\t\t\t<\/div>\n\t\t\t\t<\/div>\n\t\t<div class=\"elementor-element elementor-element-31dee265 e-con-full e-flex e-con e-child\" data-id=\"31dee265\" data-element_type=\"container\" data-settings=\"{&quot;background_background&quot;:&quot;classic&quot;}\">\n\t\t\t\t<div class=\"elementor-element elementor-element-341ba9a2 beon_obj_count elementor-widget elementor-widget-text-editor\" data-id=\"341ba9a2\" data-element_type=\"widget\" data-widget_type=\"text-editor.default\">\n\t\t\t\t<div class=\"elementor-widget-container\">\n\t\t\t\t\t\t\t\t\t<p>2 Objekte<\/p>\t\t\t\t\t\t\t\t<\/div>\n\t\t\t\t<\/div>\n\t\t\t\t<div class=\"elementor-element elementor-element-74d8f1aa elementor-align-right elementor-widget elementor-widget-button\" data-id=\"74d8f1aa\" data-element_type=\"widget\" data-widget_type=\"button.default\">\n\t\t\t\t<div class=\"elementor-widget-container\">\n\t\t\t\t\t\t\t\t\t<div class=\"elementor-button-wrapper\">\n\t\t\t\t\t<a class=\"elementor-button elementor-button-link elementor-size-md\" href=\"https:\/\/www.ferienwohnungen-garmischpartenkirchen.de\/de\/apartmenthaeuser\/an-der-loisachbruecke\/\">\n\t\t\t\t\t\t<span class=\"elementor-button-content-wrapper\">\n\t\t\t\t\t\t\t\t\t<span class=\"elementor-button-text\">entdecken<\/span>\n\t\t\t\t\t<\/span>\n\t\t\t\t\t<\/a>\n\t\t\t\t<\/div>\n\t\t\t\t\t\t\t\t<\/div>\n\t\t\t\t<\/div>\n\t\t\t\t<\/div>\n\t\t\t\t<\/div>\n\t\t\t\t<\/div>\n\t\t\t\t<div data-elementor-type=\"loop-item\" data-elementor-id=\"65\" class=\"elementor elementor-65 e-loop-item e-loop-item-554 post-554 facility type-facility status-publish has-post-thumbnail hentry\" data-elementor-post-type=\"elementor_library\" data-custom-edit-handle=\"1\">\n\t\t\t<div class=\"elementor-element elementor-element-51cda73a e-con-full e-flex e-con e-parent\" data-id=\"51cda73a\" data-element_type=\"container\" data-settings=\"{&quot;background_background&quot;:&quot;classic&quot;}\">\n\t\t\t\t<div class=\"elementor-element elementor-element-5def7b3 beon-img_heigh-68-percent elementor-widget elementor-widget-image\" data-id=\"5def7b3\" data-element_type=\"widget\" data-widget_type=\"image.default\">\n\t\t\t\t<div class=\"elementor-widget-container\">\n\t\t\t\t\t\t\t\t\t\t\t\t\t\t\t\t<a href=\"https:\/\/www.ferienwohnungen-garmischpartenkirchen.de\/de\/apartmenthaeuser\/landhaus-almzauber\/\">\n\t\t\t\t\t\t\t<img loading=\"lazy\" decoding=\"async\" width=\"500\" height=\"500\" src=\"https:\/\/www.ferienwohnungen-garmischpartenkirchen.de\/wp-content\/uploads\/2024\/06\/mf3699120-500x500.jpg\" class=\"attachment-medium size-medium wp-image-2597\" alt=\"Au\u00dfenanlage von Ferienwohnung in Garmisch-Partenkirchen\" srcset=\"https:\/\/www.ferienwohnungen-garmischpartenkirchen.de\/wp-content\/uploads\/2024\/06\/mf3699120-500x500.jpg 500w, https:\/\/www.ferienwohnungen-garmischpartenkirchen.de\/wp-content\/uploads\/2024\/06\/mf3699120-150x150.jpg 150w\" sizes=\"(max-width: 500px) 100vw, 500px\" \/>\t\t\t\t\t\t\t\t<\/a>\n\t\t\t\t\t\t\t\t\t\t\t\t\t\t\t<\/div>\n\t\t\t\t<\/div>\n\t\t\t\t<div class=\"elementor-element elementor-element-7a0f2f27 facility_title elementor-widget elementor-widget-heading\" data-id=\"7a0f2f27\" data-element_type=\"widget\" data-widget_type=\"heading.default\">\n\t\t\t\t<div class=\"elementor-widget-container\">\n\t\t\t\t\t<h3 class=\"elementor-heading-title elementor-size-default\"><a href=\"https:\/\/www.ferienwohnungen-garmischpartenkirchen.de\/de\/apartmenthaeuser\/landhaus-almzauber\/\">Landhaus Almzauber<\/a><\/h3>\t\t\t\t<\/div>\n\t\t\t\t<\/div>\n\t\t\t\t<div class=\"elementor-element elementor-element-617e3414 elementor-widget elementor-widget-heading\" data-id=\"617e3414\" data-element_type=\"widget\" data-widget_type=\"heading.default\">\n\t\t\t\t<div class=\"elementor-widget-container\">\n\t\t\t\t\t<h5 class=\"elementor-heading-title elementor-size-default\">Grainau<\/h5>\t\t\t\t<\/div>\n\t\t\t\t<\/div>\n\t\t\t\t<div class=\"elementor-element elementor-element-f44d6d5 elementor-widget elementor-widget-heading\" data-id=\"f44d6d5\" data-element_type=\"widget\" data-widget_type=\"heading.default\">\n\t\t\t\t<div class=\"elementor-widget-container\">\n\t\t\t\t\t<h5 class=\"elementor-heading-title elementor-size-default\">Bis zu 12 G\u00e4ste<\/h5>\t\t\t\t<\/div>\n\t\t\t\t<\/div>\n\t\t<div class=\"elementor-element elementor-element-31dee265 e-con-full e-flex e-con e-child\" data-id=\"31dee265\" data-element_type=\"container\" data-settings=\"{&quot;background_background&quot;:&quot;classic&quot;}\">\n\t\t\t\t<div class=\"elementor-element elementor-element-341ba9a2 beon_obj_count elementor-widget elementor-widget-text-editor\" data-id=\"341ba9a2\" data-element_type=\"widget\" data-widget_type=\"text-editor.default\">\n\t\t\t\t<div class=\"elementor-widget-container\">\n\t\t\t\t\t\t\t\t\t<p>5 Objekte<\/p>\t\t\t\t\t\t\t\t<\/div>\n\t\t\t\t<\/div>\n\t\t\t\t<div class=\"elementor-element elementor-element-74d8f1aa elementor-align-right elementor-widget elementor-widget-button\" data-id=\"74d8f1aa\" data-element_type=\"widget\" data-widget_type=\"button.default\">\n\t\t\t\t<div class=\"elementor-widget-container\">\n\t\t\t\t\t\t\t\t\t<div class=\"elementor-button-wrapper\">\n\t\t\t\t\t<a class=\"elementor-button elementor-button-link elementor-size-md\" href=\"https:\/\/www.ferienwohnungen-garmischpartenkirchen.de\/de\/apartmenthaeuser\/landhaus-almzauber\/\">\n\t\t\t\t\t\t<span class=\"elementor-button-content-wrapper\">\n\t\t\t\t\t\t\t\t\t<span class=\"elementor-button-text\">entdecken<\/span>\n\t\t\t\t\t<\/span>\n\t\t\t\t\t<\/a>\n\t\t\t\t<\/div>\n\t\t\t\t\t\t\t\t<\/div>\n\t\t\t\t<\/div>\n\t\t\t\t<\/div>\n\t\t\t\t<\/div>\n\t\t\t\t<\/div>\n\t\t\t\t<div data-elementor-type=\"loop-item\" data-elementor-id=\"65\" class=\"elementor elementor-65 e-loop-item e-loop-item-553 post-553 facility type-facility status-publish has-post-thumbnail hentry\" data-elementor-post-type=\"elementor_library\" data-custom-edit-handle=\"1\">\n\t\t\t<div class=\"elementor-element elementor-element-51cda73a e-con-full e-flex e-con e-parent\" data-id=\"51cda73a\" data-element_type=\"container\" data-settings=\"{&quot;background_background&quot;:&quot;classic&quot;}\">\n\t\t\t\t<div class=\"elementor-element elementor-element-5def7b3 beon-img_heigh-68-percent elementor-widget elementor-widget-image\" data-id=\"5def7b3\" data-element_type=\"widget\" data-widget_type=\"image.default\">\n\t\t\t\t<div class=\"elementor-widget-container\">\n\t\t\t\t\t\t\t\t\t\t\t\t\t\t\t\t<a href=\"https:\/\/www.ferienwohnungen-garmischpartenkirchen.de\/de\/apartmenthaeuser\/landhaus-schoenanger\/\">\n\t\t\t\t\t\t\t<img loading=\"lazy\" decoding=\"async\" width=\"500\" height=\"500\" src=\"https:\/\/www.ferienwohnungen-garmischpartenkirchen.de\/wp-content\/uploads\/2024\/06\/mf3760404-500x500.jpg\" class=\"attachment-medium size-medium wp-image-2596\" alt=\"Au\u00dfenanlage von der Wohnung von Ferienwohnung in Garmisch-Partenkirchen\" srcset=\"https:\/\/www.ferienwohnungen-garmischpartenkirchen.de\/wp-content\/uploads\/2024\/06\/mf3760404-500x500.jpg 500w, https:\/\/www.ferienwohnungen-garmischpartenkirchen.de\/wp-content\/uploads\/2024\/06\/mf3760404-150x150.jpg 150w\" sizes=\"(max-width: 500px) 100vw, 500px\" \/>\t\t\t\t\t\t\t\t<\/a>\n\t\t\t\t\t\t\t\t\t\t\t\t\t\t\t<\/div>\n\t\t\t\t<\/div>\n\t\t\t\t<div class=\"elementor-element elementor-element-7a0f2f27 facility_title elementor-widget elementor-widget-heading\" data-id=\"7a0f2f27\" data-element_type=\"widget\" data-widget_type=\"heading.default\">\n\t\t\t\t<div class=\"elementor-widget-container\">\n\t\t\t\t\t<h3 class=\"elementor-heading-title elementor-size-default\"><a href=\"https:\/\/www.ferienwohnungen-garmischpartenkirchen.de\/de\/apartmenthaeuser\/landhaus-schoenanger\/\">Landhaus Sch\u00f6nanger<\/a><\/h3>\t\t\t\t<\/div>\n\t\t\t\t<\/div>\n\t\t\t\t<div class=\"elementor-element elementor-element-617e3414 elementor-widget elementor-widget-heading\" data-id=\"617e3414\" data-element_type=\"widget\" data-widget_type=\"heading.default\">\n\t\t\t\t<div class=\"elementor-widget-container\">\n\t\t\t\t\t<h5 class=\"elementor-heading-title elementor-size-default\">Grainau<\/h5>\t\t\t\t<\/div>\n\t\t\t\t<\/div>\n\t\t\t\t<div class=\"elementor-element elementor-element-f44d6d5 elementor-widget elementor-widget-heading\" data-id=\"f44d6d5\" data-element_type=\"widget\" data-widget_type=\"heading.default\">\n\t\t\t\t<div class=\"elementor-widget-container\">\n\t\t\t\t\t<h5 class=\"elementor-heading-title elementor-size-default\">Bis zu 23 G\u00e4ste<\/h5>\t\t\t\t<\/div>\n\t\t\t\t<\/div>\n\t\t<div class=\"elementor-element elementor-element-31dee265 e-con-full e-flex e-con e-child\" data-id=\"31dee265\" data-element_type=\"container\" data-settings=\"{&quot;background_background&quot;:&quot;classic&quot;}\">\n\t\t\t\t<div class=\"elementor-element elementor-element-341ba9a2 beon_obj_count elementor-widget elementor-widget-text-editor\" data-id=\"341ba9a2\" data-element_type=\"widget\" data-widget_type=\"text-editor.default\">\n\t\t\t\t<div class=\"elementor-widget-container\">\n\t\t\t\t\t\t\t\t\t<p>6 Objekte<\/p>\t\t\t\t\t\t\t\t<\/div>\n\t\t\t\t<\/div>\n\t\t\t\t<div class=\"elementor-element elementor-element-74d8f1aa elementor-align-right elementor-widget elementor-widget-button\" data-id=\"74d8f1aa\" data-element_type=\"widget\" data-widget_type=\"button.default\">\n\t\t\t\t<div class=\"elementor-widget-container\">\n\t\t\t\t\t\t\t\t\t<div class=\"elementor-button-wrapper\">\n\t\t\t\t\t<a class=\"elementor-button elementor-button-link elementor-size-md\" href=\"https:\/\/www.ferienwohnungen-garmischpartenkirchen.de\/de\/apartmenthaeuser\/landhaus-schoenanger\/\">\n\t\t\t\t\t\t<span class=\"elementor-button-content-wrapper\">\n\t\t\t\t\t\t\t\t\t<span class=\"elementor-button-text\">entdecken<\/span>\n\t\t\t\t\t<\/span>\n\t\t\t\t\t<\/a>\n\t\t\t\t<\/div>\n\t\t\t\t\t\t\t\t<\/div>\n\t\t\t\t<\/div>\n\t\t\t\t<\/div>\n\t\t\t\t<\/div>\n\t\t\t\t<\/div>\n\t\t\t\t<div data-elementor-type=\"loop-item\" data-elementor-id=\"65\" class=\"elementor elementor-65 e-loop-item e-loop-item-552 post-552 facility type-facility status-publish has-post-thumbnail hentry\" data-elementor-post-type=\"elementor_library\" data-custom-edit-handle=\"1\">\n\t\t\t<div class=\"elementor-element elementor-element-51cda73a e-con-full e-flex e-con e-parent\" data-id=\"51cda73a\" data-element_type=\"container\" data-settings=\"{&quot;background_background&quot;:&quot;classic&quot;}\">\n\t\t\t\t<div class=\"elementor-element elementor-element-5def7b3 beon-img_heigh-68-percent elementor-widget elementor-widget-image\" data-id=\"5def7b3\" data-element_type=\"widget\" data-widget_type=\"image.default\">\n\t\t\t\t<div class=\"elementor-widget-container\">\n\t\t\t\t\t\t\t\t\t\t\t\t\t\t\t\t<a href=\"https:\/\/www.ferienwohnungen-garmischpartenkirchen.de\/de\/apartmenthaeuser\/haus-alpspitzblick\/\">\n\t\t\t\t\t\t\t<img loading=\"lazy\" decoding=\"async\" width=\"500\" height=\"500\" src=\"https:\/\/www.ferienwohnungen-garmischpartenkirchen.de\/wp-content\/uploads\/2024\/06\/mf3871058-500x500.jpg\" class=\"attachment-medium size-medium wp-image-2594\" alt=\"Umgebung von Ferienwohnung in Garmisch-Partenkirchen\" srcset=\"https:\/\/www.ferienwohnungen-garmischpartenkirchen.de\/wp-content\/uploads\/2024\/06\/mf3871058-500x500.jpg 500w, https:\/\/www.ferienwohnungen-garmischpartenkirchen.de\/wp-content\/uploads\/2024\/06\/mf3871058-150x150.jpg 150w\" sizes=\"(max-width: 500px) 100vw, 500px\" \/>\t\t\t\t\t\t\t\t<\/a>\n\t\t\t\t\t\t\t\t\t\t\t\t\t\t\t<\/div>\n\t\t\t\t<\/div>\n\t\t\t\t<div class=\"elementor-element elementor-element-7a0f2f27 facility_title elementor-widget elementor-widget-heading\" data-id=\"7a0f2f27\" data-element_type=\"widget\" data-widget_type=\"heading.default\">\n\t\t\t\t<div class=\"elementor-widget-container\">\n\t\t\t\t\t<h3 class=\"elementor-heading-title elementor-size-default\"><a href=\"https:\/\/www.ferienwohnungen-garmischpartenkirchen.de\/de\/apartmenthaeuser\/haus-alpspitzblick\/\">Haus Alpspitzblick<\/a><\/h3>\t\t\t\t<\/div>\n\t\t\t\t<\/div>\n\t\t\t\t<div class=\"elementor-element elementor-element-617e3414 elementor-widget elementor-widget-heading\" data-id=\"617e3414\" data-element_type=\"widget\" data-widget_type=\"heading.default\">\n\t\t\t\t<div class=\"elementor-widget-container\">\n\t\t\t\t\t<h5 class=\"elementor-heading-title elementor-size-default\">Farchant<\/h5>\t\t\t\t<\/div>\n\t\t\t\t<\/div>\n\t\t\t\t<div class=\"elementor-element elementor-element-f44d6d5 elementor-widget elementor-widget-heading\" data-id=\"f44d6d5\" data-element_type=\"widget\" data-widget_type=\"heading.default\">\n\t\t\t\t<div class=\"elementor-widget-container\">\n\t\t\t\t\t<h5 class=\"elementor-heading-title elementor-size-default\">Bis zu 10 G\u00e4ste<\/h5>\t\t\t\t<\/div>\n\t\t\t\t<\/div>\n\t\t<div class=\"elementor-element elementor-element-31dee265 e-con-full e-flex e-con e-child\" data-id=\"31dee265\" data-element_type=\"container\" data-settings=\"{&quot;background_background&quot;:&quot;classic&quot;}\">\n\t\t\t\t<div class=\"elementor-element elementor-element-341ba9a2 beon_obj_count elementor-widget elementor-widget-text-editor\" data-id=\"341ba9a2\" data-element_type=\"widget\" data-widget_type=\"text-editor.default\">\n\t\t\t\t<div class=\"elementor-widget-container\">\n\t\t\t\t\t\t\t\t\t<p>3 Objekte<\/p>\t\t\t\t\t\t\t\t<\/div>\n\t\t\t\t<\/div>\n\t\t\t\t<div class=\"elementor-element elementor-element-74d8f1aa elementor-align-right elementor-widget elementor-widget-button\" data-id=\"74d8f1aa\" data-element_type=\"widget\" data-widget_type=\"button.default\">\n\t\t\t\t<div class=\"elementor-widget-container\">\n\t\t\t\t\t\t\t\t\t<div class=\"elementor-button-wrapper\">\n\t\t\t\t\t<a class=\"elementor-button elementor-button-link elementor-size-md\" href=\"https:\/\/www.ferienwohnungen-garmischpartenkirchen.de\/de\/apartmenthaeuser\/haus-alpspitzblick\/\">\n\t\t\t\t\t\t<span class=\"elementor-button-content-wrapper\">\n\t\t\t\t\t\t\t\t\t<span class=\"elementor-button-text\">entdecken<\/span>\n\t\t\t\t\t<\/span>\n\t\t\t\t\t<\/a>\n\t\t\t\t<\/div>\n\t\t\t\t\t\t\t\t<\/div>\n\t\t\t\t<\/div>\n\t\t\t\t<\/div>\n\t\t\t\t<\/div>\n\t\t\t\t<\/div>\n\t\t\t\t<div data-elementor-type=\"loop-item\" data-elementor-id=\"65\" class=\"elementor elementor-65 e-loop-item e-loop-item-551 post-551 facility type-facility status-publish has-post-thumbnail hentry\" data-elementor-post-type=\"elementor_library\" data-custom-edit-handle=\"1\">\n\t\t\t<div class=\"elementor-element elementor-element-51cda73a e-con-full e-flex e-con e-parent\" data-id=\"51cda73a\" data-element_type=\"container\" data-settings=\"{&quot;background_background&quot;:&quot;classic&quot;}\">\n\t\t\t\t<div class=\"elementor-element elementor-element-5def7b3 beon-img_heigh-68-percent elementor-widget elementor-widget-image\" data-id=\"5def7b3\" data-element_type=\"widget\" data-widget_type=\"image.default\">\n\t\t\t\t<div class=\"elementor-widget-container\">\n\t\t\t\t\t\t\t\t\t\t\t\t\t\t\t\t<a href=\"https:\/\/www.ferienwohnungen-garmischpartenkirchen.de\/de\/apartmenthaeuser\/alpen-residenz\/\">\n\t\t\t\t\t\t\t<img loading=\"lazy\" decoding=\"async\" width=\"500\" height=\"500\" src=\"https:\/\/www.ferienwohnungen-garmischpartenkirchen.de\/wp-content\/uploads\/2024\/06\/mf3740723-500x500.jpg\" class=\"attachment-medium size-medium wp-image-2588\" alt=\"Au\u00dfenansicht mit Balkon und Garten von Ferienwohnung in Garmisch-Partenkirchen\" srcset=\"https:\/\/www.ferienwohnungen-garmischpartenkirchen.de\/wp-content\/uploads\/2024\/06\/mf3740723-500x500.jpg 500w, https:\/\/www.ferienwohnungen-garmischpartenkirchen.de\/wp-content\/uploads\/2024\/06\/mf3740723-150x150.jpg 150w\" sizes=\"(max-width: 500px) 100vw, 500px\" \/>\t\t\t\t\t\t\t\t<\/a>\n\t\t\t\t\t\t\t\t\t\t\t\t\t\t\t<\/div>\n\t\t\t\t<\/div>\n\t\t\t\t<div class=\"elementor-element elementor-element-7a0f2f27 facility_title elementor-widget elementor-widget-heading\" data-id=\"7a0f2f27\" data-element_type=\"widget\" data-widget_type=\"heading.default\">\n\t\t\t\t<div class=\"elementor-widget-container\">\n\t\t\t\t\t<h3 class=\"elementor-heading-title elementor-size-default\"><a href=\"https:\/\/www.ferienwohnungen-garmischpartenkirchen.de\/de\/apartmenthaeuser\/alpen-residenz\/\">Alpen Residenz<\/a><\/h3>\t\t\t\t<\/div>\n\t\t\t\t<\/div>\n\t\t\t\t<div class=\"elementor-element elementor-element-617e3414 elementor-widget elementor-widget-heading\" data-id=\"617e3414\" data-element_type=\"widget\" data-widget_type=\"heading.default\">\n\t\t\t\t<div class=\"elementor-widget-container\">\n\t\t\t\t\t<h5 class=\"elementor-heading-title elementor-size-default\">Farchant<\/h5>\t\t\t\t<\/div>\n\t\t\t\t<\/div>\n\t\t\t\t<div class=\"elementor-element elementor-element-f44d6d5 elementor-widget elementor-widget-heading\" data-id=\"f44d6d5\" data-element_type=\"widget\" data-widget_type=\"heading.default\">\n\t\t\t\t<div class=\"elementor-widget-container\">\n\t\t\t\t\t<h5 class=\"elementor-heading-title elementor-size-default\">Bis zu 22 G\u00e4ste<\/h5>\t\t\t\t<\/div>\n\t\t\t\t<\/div>\n\t\t<div class=\"elementor-element elementor-element-31dee265 e-con-full e-flex e-con e-child\" data-id=\"31dee265\" data-element_type=\"container\" data-settings=\"{&quot;background_background&quot;:&quot;classic&quot;}\">\n\t\t\t\t<div class=\"elementor-element elementor-element-341ba9a2 beon_obj_count elementor-widget elementor-widget-text-editor\" data-id=\"341ba9a2\" data-element_type=\"widget\" data-widget_type=\"text-editor.default\">\n\t\t\t\t<div class=\"elementor-widget-container\">\n\t\t\t\t\t\t\t\t\t<p>5 Objekte<\/p>\t\t\t\t\t\t\t\t<\/div>\n\t\t\t\t<\/div>\n\t\t\t\t<div class=\"elementor-element elementor-element-74d8f1aa elementor-align-right elementor-widget elementor-widget-button\" data-id=\"74d8f1aa\" data-element_type=\"widget\" data-widget_type=\"button.default\">\n\t\t\t\t<div class=\"elementor-widget-container\">\n\t\t\t\t\t\t\t\t\t<div class=\"elementor-button-wrapper\">\n\t\t\t\t\t<a class=\"elementor-button elementor-button-link elementor-size-md\" href=\"https:\/\/www.ferienwohnungen-garmischpartenkirchen.de\/de\/apartmenthaeuser\/alpen-residenz\/\">\n\t\t\t\t\t\t<span class=\"elementor-button-content-wrapper\">\n\t\t\t\t\t\t\t\t\t<span class=\"elementor-button-text\">entdecken<\/span>\n\t\t\t\t\t<\/span>\n\t\t\t\t\t<\/a>\n\t\t\t\t<\/div>\n\t\t\t\t\t\t\t\t<\/div>\n\t\t\t\t<\/div>\n\t\t\t\t<\/div>\n\t\t\t\t<\/div>\n\t\t\t\t<\/div>\n\t\t\t\t<\/div>\n\t\t\n\t\t\t\t\t\t<\/div>\n\t\t\t\t<\/div>\n\t\t\t\t\t<\/div>\n\t\t\t\t<\/div>\n\t\t\t\t<\/div>\n\t\t","protected":false},"excerpt":{"rendered":"<p>Ihr perfektes Ferienhaus f\u00fcr Gruppenreisen mit Mahr&#8217;s Fewo-Vermittlung Willkommen in unseren ger\u00e4umigen Ferienh\u00e4usern mit mehreren Wohneinheiten \u2013 die ideale Unterkunft f\u00fcr Reisen mit mehreren Familien, Freunden, Reisegruppen oder Sportteams. Genie\u00dfen Sie den gemeinsamen Urlaub unter einem Dach, w\u00e4hrend jeder in seiner eigenen, privaten Wohnung wohnt. Perfekt f\u00fcr gemeinsame Erlebnisse und gleichzeitig gen\u00fcgend R\u00fcckzugsm\u00f6glichkeiten. Unsere Ferienwohnungen [&hellip;]<\/p>\n","protected":false},"author":1,"featured_media":0,"parent":0,"menu_order":0,"comment_status":"closed","ping_status":"closed","template":"","meta":{"_acf_changed":false,"footnotes":""},"seitenarte":[],"class_list":["post-387","page","type-page","status-publish","hentry"],"acf":[],"yoast_head":"<!-- This site is optimized with the Yoast SEO plugin v26.6 - https:\/\/yoast.com\/wordpress\/plugins\/seo\/ -->\n<title>Apartmenth\u00e4user - Mahr GmbH<\/title>\n<meta name=\"description\" content=\"Hier finden Sie unsere Auswahl an exklusiven Apartmenth\u00e4user in Garmisch-Partenkirchen. \u00dcberzeugen Sie sich selbst von unserem Angebot:\" \/>\n<meta name=\"robots\" content=\"index, follow, max-snippet:-1, max-image-preview:large, max-video-preview:-1\" \/>\n<link rel=\"canonical\" href=\"https:\/\/www.ferienwohnungen-garmischpartenkirchen.de\/de\/apartmenthaeuser\/\" \/>\n<meta property=\"og:locale\" content=\"de_DE\" \/>\n<meta property=\"og:type\" content=\"article\" \/>\n<meta property=\"og:title\" content=\"Apartmenth\u00e4user - Mahr GmbH\" \/>\n<meta property=\"og:description\" content=\"Hier finden Sie unsere Auswahl an exklusiven Apartmenth\u00e4user in Garmisch-Partenkirchen. \u00dcberzeugen Sie sich selbst von unserem Angebot:\" \/>\n<meta property=\"og:url\" content=\"https:\/\/www.ferienwohnungen-garmischpartenkirchen.de\/de\/apartmenthaeuser\/\" \/>\n<meta property=\"og:site_name\" content=\"Mahr GmbH\" \/>\n<meta property=\"article:modified_time\" content=\"2026-04-14T07:49:50+00:00\" \/>\n<meta name=\"twitter:card\" content=\"summary_large_image\" \/>\n<meta name=\"twitter:label1\" content=\"Gesch\u00e4tzte Lesezeit\" \/>\n\t<meta name=\"twitter:data1\" content=\"8\u00a0Minuten\" \/>\n<script type=\"application\/ld+json\" class=\"yoast-schema-graph\">{\"@context\":\"https:\/\/schema.org\",\"@graph\":[{\"@type\":\"WebPage\",\"@id\":\"https:\/\/www.ferienwohnungen-garmischpartenkirchen.de\/de\/apartmenthaeuser\/\",\"url\":\"https:\/\/www.ferienwohnungen-garmischpartenkirchen.de\/de\/apartmenthaeuser\/\",\"name\":\"Apartmenth\u00e4user - Mahr GmbH\",\"isPartOf\":{\"@id\":\"https:\/\/www.ferienwohnungen-garmischpartenkirchen.de\/de\/#website\"},\"datePublished\":\"2024-06-11T13:27:54+00:00\",\"dateModified\":\"2026-04-14T07:49:50+00:00\",\"description\":\"Hier finden Sie unsere Auswahl an exklusiven Apartmenth\u00e4user in Garmisch-Partenkirchen. \u00dcberzeugen Sie sich selbst von unserem Angebot:\",\"breadcrumb\":{\"@id\":\"https:\/\/www.ferienwohnungen-garmischpartenkirchen.de\/de\/apartmenthaeuser\/#breadcrumb\"},\"inLanguage\":\"de\",\"potentialAction\":[{\"@type\":\"ReadAction\",\"target\":[\"https:\/\/www.ferienwohnungen-garmischpartenkirchen.de\/de\/apartmenthaeuser\/\"]}]},{\"@type\":\"BreadcrumbList\",\"@id\":\"https:\/\/www.ferienwohnungen-garmischpartenkirchen.de\/de\/apartmenthaeuser\/#breadcrumb\",\"itemListElement\":[{\"@type\":\"ListItem\",\"position\":1,\"name\":\"Startseite\",\"item\":\"https:\/\/www.ferienwohnungen-garmischpartenkirchen.de\/de\/\"},{\"@type\":\"ListItem\",\"position\":2,\"name\":\"Apartmenth\u00e4user\"}]},{\"@type\":\"WebSite\",\"@id\":\"https:\/\/www.ferienwohnungen-garmischpartenkirchen.de\/de\/#website\",\"url\":\"https:\/\/www.ferienwohnungen-garmischpartenkirchen.de\/de\/\",\"name\":\"Mahr GmbH\",\"description\":\"\",\"publisher\":{\"@id\":\"https:\/\/www.ferienwohnungen-garmischpartenkirchen.de\/de\/#organization\"},\"potentialAction\":[{\"@type\":\"SearchAction\",\"target\":{\"@type\":\"EntryPoint\",\"urlTemplate\":\"https:\/\/www.ferienwohnungen-garmischpartenkirchen.de\/de\/?s={search_term_string}\"},\"query-input\":{\"@type\":\"PropertyValueSpecification\",\"valueRequired\":true,\"valueName\":\"search_term_string\"}}],\"inLanguage\":\"de\"},{\"@type\":\"Organization\",\"@id\":\"https:\/\/www.ferienwohnungen-garmischpartenkirchen.de\/de\/#organization\",\"name\":\"Mahr GmbH\",\"url\":\"https:\/\/www.ferienwohnungen-garmischpartenkirchen.de\/de\/\",\"logo\":{\"@type\":\"ImageObject\",\"inLanguage\":\"de\",\"@id\":\"https:\/\/www.ferienwohnungen-garmischpartenkirchen.de\/de\/#\/schema\/logo\/image\/\",\"url\":\"https:\/\/www.ferienwohnungen-garmischpartenkirchen.de\/wp-content\/uploads\/2024\/06\/Wortbildmarke_Negativ-1024x253-1.png\",\"contentUrl\":\"https:\/\/www.ferienwohnungen-garmischpartenkirchen.de\/wp-content\/uploads\/2024\/06\/Wortbildmarke_Negativ-1024x253-1.png\",\"width\":1024,\"height\":253,\"caption\":\"Mahr GmbH\"},\"image\":{\"@id\":\"https:\/\/www.ferienwohnungen-garmischpartenkirchen.de\/de\/#\/schema\/logo\/image\/\"}}]}<\/script>\n<!-- \/ Yoast SEO plugin. -->","yoast_head_json":{"title":"Apartmenth\u00e4user - Mahr GmbH","description":"Hier finden Sie unsere Auswahl an exklusiven Apartmenth\u00e4user in Garmisch-Partenkirchen. \u00dcberzeugen Sie sich selbst von unserem Angebot:","robots":{"index":"index","follow":"follow","max-snippet":"max-snippet:-1","max-image-preview":"max-image-preview:large","max-video-preview":"max-video-preview:-1"},"canonical":"https:\/\/www.ferienwohnungen-garmischpartenkirchen.de\/de\/apartmenthaeuser\/","og_locale":"de_DE","og_type":"article","og_title":"Apartmenth\u00e4user - Mahr GmbH","og_description":"Hier finden Sie unsere Auswahl an exklusiven Apartmenth\u00e4user in Garmisch-Partenkirchen. \u00dcberzeugen Sie sich selbst von unserem Angebot:","og_url":"https:\/\/www.ferienwohnungen-garmischpartenkirchen.de\/de\/apartmenthaeuser\/","og_site_name":"Mahr GmbH","article_modified_time":"2026-04-14T07:49:50+00:00","twitter_card":"summary_large_image","twitter_misc":{"Gesch\u00e4tzte Lesezeit":"8\u00a0Minuten"},"schema":{"@context":"https:\/\/schema.org","@graph":[{"@type":"WebPage","@id":"https:\/\/www.ferienwohnungen-garmischpartenkirchen.de\/de\/apartmenthaeuser\/","url":"https:\/\/www.ferienwohnungen-garmischpartenkirchen.de\/de\/apartmenthaeuser\/","name":"Apartmenth\u00e4user - Mahr GmbH","isPartOf":{"@id":"https:\/\/www.ferienwohnungen-garmischpartenkirchen.de\/de\/#website"},"datePublished":"2024-06-11T13:27:54+00:00","dateModified":"2026-04-14T07:49:50+00:00","description":"Hier finden Sie unsere Auswahl an exklusiven Apartmenth\u00e4user in Garmisch-Partenkirchen. \u00dcberzeugen Sie sich selbst von unserem Angebot:","breadcrumb":{"@id":"https:\/\/www.ferienwohnungen-garmischpartenkirchen.de\/de\/apartmenthaeuser\/#breadcrumb"},"inLanguage":"de","potentialAction":[{"@type":"ReadAction","target":["https:\/\/www.ferienwohnungen-garmischpartenkirchen.de\/de\/apartmenthaeuser\/"]}]},{"@type":"BreadcrumbList","@id":"https:\/\/www.ferienwohnungen-garmischpartenkirchen.de\/de\/apartmenthaeuser\/#breadcrumb","itemListElement":[{"@type":"ListItem","position":1,"name":"Startseite","item":"https:\/\/www.ferienwohnungen-garmischpartenkirchen.de\/de\/"},{"@type":"ListItem","position":2,"name":"Apartmenth\u00e4user"}]},{"@type":"WebSite","@id":"https:\/\/www.ferienwohnungen-garmischpartenkirchen.de\/de\/#website","url":"https:\/\/www.ferienwohnungen-garmischpartenkirchen.de\/de\/","name":"Mahr GmbH","description":"","publisher":{"@id":"https:\/\/www.ferienwohnungen-garmischpartenkirchen.de\/de\/#organization"},"potentialAction":[{"@type":"SearchAction","target":{"@type":"EntryPoint","urlTemplate":"https:\/\/www.ferienwohnungen-garmischpartenkirchen.de\/de\/?s={search_term_string}"},"query-input":{"@type":"PropertyValueSpecification","valueRequired":true,"valueName":"search_term_string"}}],"inLanguage":"de"},{"@type":"Organization","@id":"https:\/\/www.ferienwohnungen-garmischpartenkirchen.de\/de\/#organization","name":"Mahr GmbH","url":"https:\/\/www.ferienwohnungen-garmischpartenkirchen.de\/de\/","logo":{"@type":"ImageObject","inLanguage":"de","@id":"https:\/\/www.ferienwohnungen-garmischpartenkirchen.de\/de\/#\/schema\/logo\/image\/","url":"https:\/\/www.ferienwohnungen-garmischpartenkirchen.de\/wp-content\/uploads\/2024\/06\/Wortbildmarke_Negativ-1024x253-1.png","contentUrl":"https:\/\/www.ferienwohnungen-garmischpartenkirchen.de\/wp-content\/uploads\/2024\/06\/Wortbildmarke_Negativ-1024x253-1.png","width":1024,"height":253,"caption":"Mahr GmbH"},"image":{"@id":"https:\/\/www.ferienwohnungen-garmischpartenkirchen.de\/de\/#\/schema\/logo\/image\/"}}]}},"_links":{"self":[{"href":"https:\/\/www.ferienwohnungen-garmischpartenkirchen.de\/de\/wp-json\/wp\/v2\/pages\/387","targetHints":{"allow":["GET"]}}],"collection":[{"href":"https:\/\/www.ferienwohnungen-garmischpartenkirchen.de\/de\/wp-json\/wp\/v2\/pages"}],"about":[{"href":"https:\/\/www.ferienwohnungen-garmischpartenkirchen.de\/de\/wp-json\/wp\/v2\/types\/page"}],"author":[{"embeddable":true,"href":"https:\/\/www.ferienwohnungen-garmischpartenkirchen.de\/de\/wp-json\/wp\/v2\/users\/1"}],"replies":[{"embeddable":true,"href":"https:\/\/www.ferienwohnungen-garmischpartenkirchen.de\/de\/wp-json\/wp\/v2\/comments?post=387"}],"version-history":[{"count":46,"href":"https:\/\/www.ferienwohnungen-garmischpartenkirchen.de\/de\/wp-json\/wp\/v2\/pages\/387\/revisions"}],"predecessor-version":[{"id":16840,"href":"https:\/\/www.ferienwohnungen-garmischpartenkirchen.de\/de\/wp-json\/wp\/v2\/pages\/387\/revisions\/16840"}],"wp:attachment":[{"href":"https:\/\/www.ferienwohnungen-garmischpartenkirchen.de\/de\/wp-json\/wp\/v2\/media?parent=387"}],"wp:term":[{"taxonomy":"seitenarte","embeddable":true,"href":"https:\/\/www.ferienwohnungen-garmischpartenkirchen.de\/de\/wp-json\/wp\/v2\/seitenarte?post=387"}],"curies":[{"name":"wp","href":"https:\/\/api.w.org\/{rel}","templated":true}]}}