{"id":4286,"date":"2024-06-12T09:55:58","date_gmt":"2024-06-12T07:55:58","guid":{"rendered":"https:\/\/www.ferienwohnungen-garmischpartenkirchen.de\/?page_id=4286"},"modified":"2024-08-14T15:07:02","modified_gmt":"2024-08-14T13:07:02","slug":"wellnessurlaub-in-garmisch","status":"publish","type":"page","link":"https:\/\/www.ferienwohnungen-garmischpartenkirchen.de\/de\/wellnessurlaub-in-garmisch\/","title":{"rendered":"Wellnessurlaub in Garmisch"},"content":{"rendered":"\t\t<div data-elementor-type=\"wp-page\" data-elementor-id=\"4286\" class=\"elementor elementor-4286\" data-elementor-post-type=\"page\">\n\t\t\t\t<div class=\"elementor-element elementor-element-0d1c37e e-con-full e-flex e-con e-parent\" data-id=\"0d1c37e\" data-element_type=\"container\">\n\t\t<div class=\"elementor-element elementor-element-30dac0d e-flex e-con-boxed e-con e-child\" data-id=\"30dac0d\" data-element_type=\"container\" data-settings=\"{&quot;background_background&quot;:&quot;classic&quot;}\">\n\t\t\t\t\t<div class=\"e-con-inner\">\n\t\t\t\t\t<\/div>\n\t\t\t\t<\/div>\n\t\t\t\t<\/div>\n\t\t<div class=\"elementor-element elementor-element-8b38c79 e-flex e-con-boxed e-con e-parent\" data-id=\"8b38c79\" data-element_type=\"container\">\n\t\t\t\t\t<div class=\"e-con-inner\">\n\t\t\t\t<div class=\"elementor-element elementor-element-56acc0b elementor-widget elementor-widget-shortcode\" data-id=\"56acc0b\" data-element_type=\"widget\" data-widget_type=\"shortcode.default\">\n\t\t\t\t<div class=\"elementor-widget-container\">\n\t\t\t\t\t\t\t<div class=\"elementor-shortcode\"><div class=\"search\">\n    <div id=\"primary\" class=\"main-search\">\n        <main id=\"main\" class=\"site-main \" role=\"main\">\n            <div class=\"content-wrapper\">\n                <div class=\"searchform-wrapper\">\n                    <div class=\"property-wrapper\">\n                        <div class=\"left-colm\">\n                            <form id=\"searchform\" method=\"get\" action=\"https:\/\/www.ferienwohnungen-garmischpartenkirchen.de\/de\/suchen-buchen\/\" class=\"clearfix\" autocomplete=\"off\">\n                                <div class=\"form-group wrap-regions\">\n                                    <span class=\"icon-wrapper\"><img decoding=\"async\" src=\"\/wp-content\/themes\/mahr\/assets\/images\/form-ort.svg\"><\/span>\n                                    <!-- <select class=\"beon-select2\" name=\"region\"><option value=\"\">Ort<\/option><option value=\"6067\">Farchant<\/option><option value=\"6084\">Garmisch-Partenkirchen<\/option><option value=\"6069\">Grainau<\/option><\/select> -->\n                                    <select class=\"beon-select2\" name=\"region\">\n                                        <option value=\"\">Ort<\/option>\n                                        <option value=\"6067\" >Farchant<\/option><option value=\"6084\" >Garmisch-Partenkirchen<\/option><option value=\"6069\" >Grainau<\/option>                                    <\/select>\n                                <\/div>\n\n                                <div class=\"wrap-range\">\n                                    <div id=\"range\">\n\n                                        <div class=\"datepicker_combined\">\n                                            <span class=\"icon-wrapper\"><img decoding=\"async\" src=\"\/wp-content\/themes\/mahr\/assets\/images\/form-calander.svg\"><\/span>\n                                            <div class=\"combined_date_box\">\n                                                <div class=\"from-date-wrapper\">Reisezeitraum<\/div>\n                                                <div class=\"till-date-wrapper\"><\/div>\n                                            <\/div>\n                                        <\/div>\n                                    <\/div>\n                                    <div id=\"calender-wrapper\" class=\"form-tooltip\">\n                                        <div id=\"litepicker-wrapper\"><\/div>\n                                        <div id=\"nights-wrapper\">\n                                            <div class=\"night-label\">Reisedauer:<\/div>\n                                            <div id=\"calcNights\" class=\"calc-nights\">\n                                                <div class=\"nights_min-wrapper nightselect-wrapper\">\n                                                    <select id=\"nights_min\" name=\"nights_min\">\n                                                        <option value=\"0\"><\/option>\n                                                    <\/select>\n                                                <\/div>\n                                                <div class=\"nights_max-wrapper nightselect-wrapper\">\n                                                    <select id=\"nights_max\" name=\"nights_max\">\n                                                        <option value=\"0\"><\/option>\n                                                    <\/select>\n                                                <\/div>\n                                            <\/div>\n                                            <button id=\"calender_select\" type=\"button\">Daten \u00fcbernehmen<\/button>\n                                        <\/div>\n                                    <\/div>\n                                    <input type=\"hidden\" id=\"from\" value=\"\" placeholder=\"Von\" autocomplete=\"off\" name=\"from\">\n                                    <input type=\"hidden\" id=\"till\" value=\"\" placeholder=\"Bis\" autocomplete=\"off\" name=\"till\">\n                                <\/div>\n\n                                <div class=\"wrap-guests form-group\">\n                                    <span class=\"icon-wrapper\"><img decoding=\"async\" src=\"\/wp-content\/themes\/mahr\/assets\/images\/form-guest.svg\"><\/span>\n                                    <div id=\"guests\">G\u00e4ste<\/div>\n                                    <div class=\"toggleGuests form-tooltip\">\n                                        <div>\n                                            <input type=\"hidden\" id=\"adults\" name=\"adults\" autocomplete=\"off\" value=\"2\" step=\"1\" min=\"0\" max=\"\" readonly>\n                                            <label for=\"adults\">\n                                                <span>2<\/span>\n                                                <div> Erwachsene<\/div>\n                                            <\/label>\n                                            <button class=\"dec\" type=\"button\" data-name=\"adults\"><img decoding=\"async\" src=\"\/wp-content\/plugins\/beon-voffice\/assets\/images\/circle-minus-solid.svg\"><\/button>\n                                            <button class=\"inc\" type=\"button\" data-name=\"adults\"><img decoding=\"async\" src=\"\/wp-content\/plugins\/beon-voffice\/assets\/images\/circle-plus-solid.svg\"><\/button>\n                                        <\/div>\n                                        <div>\n                                            <input type=\"hidden\" id=\"children\" name=\"children\" autocomplete=\"off\" value=\"0\" step=\"1\" min=\"0\" max=\"\" readonly>\n                                            <label for=\"children\">\n                                                <span>0<\/span>\n                                                <div> Kinder bis 15 Jahren<\/div>\n                                            <\/label>\n                                            <button class=\"dec\" type=\"button\" data-name=\"children\"><img decoding=\"async\" src=\"\/wp-content\/plugins\/beon-voffice\/assets\/images\/circle-minus-solid.svg\"><\/button>\n                                            <button class=\"inc\" type=\"button\" data-name=\"children\"><img decoding=\"async\" src=\"\/wp-content\/plugins\/beon-voffice\/assets\/images\/circle-plus-solid.svg\"><\/button>\n                                        <\/div>\n                                        <div>\n                                            <input type=\"hidden\" id=\"babys\" name=\"babys\" autocomplete=\"off\" value=\"0\" step=\"1\" min=\"0\" max=\"1\" readonly>\n                                            <label for=\"babys\">\n                                                <span>0<\/span>\n                                                <div> Babies bis 1 Jahr<\/div>\n                                            <\/label>\n                                            <button class=\"dec\" type=\"button\" data-name=\"babys\"><img decoding=\"async\" src=\"\/wp-content\/plugins\/beon-voffice\/assets\/images\/circle-minus-solid.svg\"><\/button>\n                                            <button class=\"inc\" type=\"button\" data-name=\"babys\"><img decoding=\"async\" src=\"\/wp-content\/plugins\/beon-voffice\/assets\/images\/circle-plus-solid.svg\"><\/button>\n                                        <\/div>\n                                        <div>\n                                            <input type=\"hidden\" id=\"petsCount\" name=\"petsCount\" autocomplete=\"off\" value=\"0\" step=\"1\" min=\"0\" max=\"\" readonly>\n                                            <label for=\"petsCount\">\n                                                <span>0<\/span>\n                                                <div> Hunde<\/div>\n                                            <\/label>\n                                            <button class=\"dec\" type=\"button\" data-name=\"petsCount\"><img decoding=\"async\" src=\"\/wp-content\/plugins\/beon-voffice\/assets\/images\/circle-minus-solid.svg\"><\/button>\n                                            <button class=\"inc\" type=\"button\" data-name=\"petsCount\"><img decoding=\"async\" src=\"\/wp-content\/plugins\/beon-voffice\/assets\/images\/circle-plus-solid.svg\"><\/button>\n                                        <\/div>\n                                        <div class=\"guest-footer\">\n                                            <button type=\"button\" id=\"calcGuests\">Anwenden<\/button>\n                                        <\/div>\n                                    <\/div>\n                                <\/div>\n\n                                <div class=\"suchen-buchen-container\">\n                                    <input type=\"submit\" value=\"Suchen &amp; Buchen\">\n                                    <img decoding=\"async\" class=\"frontpage-submit-image\" src=\"\/wp-content\/themes\/mahr\/assets\/images\/noun-arrow.svg\" alt=\"Suchen\">\n                                <\/div>\n\n                                <!-- <img decoding=\"async\" class=\"frontpage-submit-image\" src=\"\/wp-content\/themes\/mahr\/assets\/images\/noun-arrow.svg\" alt=\"Suchen\"> -->\n                            <\/form>\n                            <button type=\"button\"  id=\"show_allfilter\">\n                                <h4>Filter<\/h3>\n                                <img decoding=\"async\" src=\"\/wp-content\/themes\/mahr\/assets\/images\/dropdown_arrow.svg\" alt=\"Arrow Down\">\n                            <\/button>\n                            <div class=\"filterpanel \">\n                                <div class=\"title-suche\">Filter<\/div>\n                                <div class=\"hide-filter hide-mobile-filter\">\n                                    <div class=\"wrap-filter\">\n                                        <div class=\"input-wrapper checkbox-wrapper\">\n\t\t\t  <label for=\"pets\">Haustierfreundlich<span class=\"checkbox-count\">(6)<\/span><input type=\"checkbox\" id=\"pets\" name=\"pets\" form=\"searchform\"><span class=\"checkmark\"><\/span><\/label>\n\t\t\t<\/div><div class=\"input-wrapper checkbox-wrapper\">\n\t\t\t  <label for=\"wifi\">WLAN<span class=\"checkbox-count\">(8)<\/span><input type=\"checkbox\" id=\"wifi\" name=\"wifi\" form=\"searchform\"><span class=\"checkmark\"><\/span><\/label>\n\t\t\t<\/div><div class=\"input-wrapper checkbox-wrapper\">\n\t\t\t  <label for=\"balcony\">Balkon<span class=\"checkbox-count\">(5)<\/span><input type=\"checkbox\" id=\"balcony\" name=\"balcony\" form=\"searchform\"><span class=\"checkmark\"><\/span><\/label>\n\t\t\t<\/div><div class=\"input-wrapper checkbox-wrapper\">\n\t\t\t  <label for=\"fireside\">Kaminofen<span class=\"checkbox-count\">(2)<\/span><input type=\"checkbox\" id=\"fireside\" name=\"fireside\" form=\"searchform\"><span class=\"checkmark\"><\/span><\/label>\n\t\t\t<\/div><div class=\"input-wrapper checkbox-wrapper\">\n\t\t\t  <label for=\"privateparking\">Privatparkplatz<span class=\"checkbox-count\">(8)<\/span><input type=\"checkbox\" id=\"privateparking\" name=\"privateparking\" form=\"searchform\"><span class=\"checkmark\"><\/span><\/label>\n\t\t\t<\/div><div class=\"input-wrapper checkbox-wrapper\">\n\t\t\t  <label for=\"terrace\">Terrasse<span class=\"checkbox-count\">(4)<\/span><input type=\"checkbox\" id=\"terrace\" name=\"terrace\" form=\"searchform\"><span class=\"checkmark\"><\/span><\/label>\n\t\t\t<\/div><div class=\"input-wrapper checkbox-wrapper\">\n\t\t\t  <label for=\"sauna\">Sauna<span class=\"checkbox-count\">(2)<\/span><input type=\"checkbox\" id=\"sauna\" name=\"sauna\" form=\"searchform\"><span class=\"checkmark\"><\/span><\/label>\n\t\t\t<\/div><div class=\"input-wrapper checkbox-wrapper\">\n\t\t\t  <label for=\"e-ladstation\">E-Ladestation<span class=\"checkbox-count\">(1)<\/span><input type=\"checkbox\" id=\"e-ladstation\" name=\"e-ladstation\" form=\"searchform\"><span class=\"checkmark\"><\/span><\/label>\n\t\t\t<\/div><div class=\"input-wrapper checkbox-wrapper\">\n\t\t\t  <label for=\"washer\">Waschmaschine<span class=\"checkbox-count\">(8)<\/span><input type=\"checkbox\" id=\"washer\" name=\"washer\" form=\"searchform\"><span class=\"checkmark\"><\/span><\/label>\n\t\t\t<\/div><div class=\"input-wrapper checkbox-wrapper\">\n\t\t\t  <label for=\"fahrrad\">Fahrradfreundlich <span class=\"checkbox-count\">(8)<\/span><input type=\"checkbox\" id=\"fahrrad\" name=\"fahrrad\" form=\"searchform\"><span class=\"checkmark\"><\/span><\/label>\n\t\t\t<\/div><input type=\"hidden\" id=\"wellness\" name=\"wellness\" value=\"on\" form=\"searchform\"><div class=\"input-wrapper checkbox-wrapper\">\n\t\t\t  <label for=\"icheckin\">Check-In am Objekt<span class=\"checkbox-count\">(1)<\/span><input type=\"checkbox\" id=\"icheckin\" name=\"icheckin\" form=\"searchform\"><span class=\"checkmark\"><\/span><\/label>\n\t\t\t<\/div>                                    <\/div>\n                                <\/div>\n                            <\/div>\n                            <div class=\"directsearch\">\n                                <div class=\"title-suche\">Direkt Suche<\/div>\n                                <button class=\"objectid\"><div id=\"dropdown_search_units\"><select placeholder=\"Objektname\"><option value=\"\"><\/option><option value=https:\/\/www.ferienwohnungen-garmischpartenkirchen.de\/de\/unterkuenfte\/adlerhorst\/>Adlerhorst<\/a><\/option><option value=https:\/\/www.ferienwohnungen-garmischpartenkirchen.de\/de\/unterkuenfte\/akelei\/>Akelei<\/a><\/option><option value=https:\/\/www.ferienwohnungen-garmischpartenkirchen.de\/de\/unterkuenfte\/almrausch\/>Almrausch<\/a><\/option><option value=https:\/\/www.ferienwohnungen-garmischpartenkirchen.de\/de\/unterkuenfte\/almstueberl\/>Almst\u00fcberl<\/a><\/option><option value=https:\/\/www.ferienwohnungen-garmischpartenkirchen.de\/de\/unterkuenfte\/alpen-chalet\/>Alpen Chalet<\/a><\/option><option value=https:\/\/www.ferienwohnungen-garmischpartenkirchen.de\/de\/unterkuenfte\/alpen-loft\/>Alpen Loft<\/a><\/option><option value=https:\/\/www.ferienwohnungen-garmischpartenkirchen.de\/de\/unterkuenfte\/alpen-loggia\/>Alpen Loggia<\/a><\/option><option value=https:\/\/www.ferienwohnungen-garmischpartenkirchen.de\/de\/unterkuenfte\/alpenambiente\/>Alpenambiente<\/a><\/option><option value=https:\/\/www.ferienwohnungen-garmischpartenkirchen.de\/de\/unterkuenfte\/alpenblick\/>Alpenblick<\/a><\/option><option value=https:\/\/www.ferienwohnungen-garmischpartenkirchen.de\/de\/unterkuenfte\/alpenglueck\/>Alpengl\u00fcck<\/a><\/option><option value=https:\/\/www.ferienwohnungen-garmischpartenkirchen.de\/de\/unterkuenfte\/alpengluehen\/>Alpengl\u00fchen<\/a><\/option><option value=https:\/\/www.ferienwohnungen-garmischpartenkirchen.de\/de\/unterkuenfte\/alpenherz\/>Alpenherz<\/a><\/option><option value=https:\/\/www.ferienwohnungen-garmischpartenkirchen.de\/de\/unterkuenfte\/alpenhimmel\/>Alpenhimmel<\/a><\/option><option value=https:\/\/www.ferienwohnungen-garmischpartenkirchen.de\/de\/unterkuenfte\/alpenkieker\/>Alpenkieker<\/a><\/option><option value=https:\/\/www.ferienwohnungen-garmischpartenkirchen.de\/de\/unterkuenfte\/alpenkraehe\/>Alpenkr\u00e4he<\/a><\/option><option value=https:\/\/www.ferienwohnungen-garmischpartenkirchen.de\/de\/unterkuenfte\/alpenkraeuter\/>Alpenkr\u00e4uter<\/a><\/option><option value=https:\/\/www.ferienwohnungen-garmischpartenkirchen.de\/de\/unterkuenfte\/alpennest\/>Alpennest<\/a><\/option><option value=https:\/\/www.ferienwohnungen-garmischpartenkirchen.de\/de\/unterkuenfte\/alpenpanorama\/>Alpenpanorama<\/a><\/option><option value=https:\/\/www.ferienwohnungen-garmischpartenkirchen.de\/de\/unterkuenfte\/alpenpuls\/>AlpenPuls<\/a><\/option><option value=https:\/\/www.ferienwohnungen-garmischpartenkirchen.de\/de\/unterkuenfte\/alpenrose\/>Alpenrose<\/a><\/option><option value=https:\/\/www.ferienwohnungen-garmischpartenkirchen.de\/de\/unterkuenfte\/alpensinfonie\/>Alpensinfonie<\/a><\/option><option value=https:\/\/www.ferienwohnungen-garmischpartenkirchen.de\/de\/unterkuenfte\/alpensonne\/>Alpensonne<\/a><\/option><option value=https:\/\/www.ferienwohnungen-garmischpartenkirchen.de\/de\/unterkuenfte\/alpenzauber\/>Alpenzauber<\/a><\/option><option value=https:\/\/www.ferienwohnungen-garmischpartenkirchen.de\/de\/unterkuenfte\/alpspitzstubn\/>AlpspitzStubn<\/a><\/option><option value=https:\/\/www.ferienwohnungen-garmischpartenkirchen.de\/de\/unterkuenfte\/am-josefibrunnen\/>am Josefibrunnen<\/a><\/option><option value=https:\/\/www.ferienwohnungen-garmischpartenkirchen.de\/de\/unterkuenfte\/am-kreuzjoch\/>Am Kreuzjoch<\/a><\/option><option value=https:\/\/www.ferienwohnungen-garmischpartenkirchen.de\/de\/unterkuenfte\/amici\/>Amici<\/a><\/option><option value=https:\/\/www.ferienwohnungen-garmischpartenkirchen.de\/de\/unterkuenfte\/atempause\/>Atempause<\/a><\/option><option value=https:\/\/www.ferienwohnungen-garmischpartenkirchen.de\/de\/unterkuenfte\/ausblick\/>Ausblick<\/a><\/option><option value=https:\/\/www.ferienwohnungen-garmischpartenkirchen.de\/de\/unterkuenfte\/aussicht\/>Aussicht<\/a><\/option><option value=https:\/\/www.ferienwohnungen-garmischpartenkirchen.de\/de\/unterkuenfte\/auszeit-maisonette\/>Auszeit-Maisonette<\/a><\/option><option value=https:\/\/www.ferienwohnungen-garmischpartenkirchen.de\/de\/unterkuenfte\/bergglueck\/>Berggl\u00fcck<\/a><\/option><option value=https:\/\/www.ferienwohnungen-garmischpartenkirchen.de\/de\/unterkuenfte\/bergjuwel\/>Bergjuwel<\/a><\/option><option value=https:\/\/www.ferienwohnungen-garmischpartenkirchen.de\/de\/unterkuenfte\/bergluft\/>Bergluft<\/a><\/option><option value=https:\/\/www.ferienwohnungen-garmischpartenkirchen.de\/de\/unterkuenfte\/bergnah\/>Bergnah<\/a><\/option><option value=https:\/\/www.ferienwohnungen-garmischpartenkirchen.de\/de\/unterkuenfte\/bergnest\/>Bergnest<\/a><\/option><option value=https:\/\/www.ferienwohnungen-garmischpartenkirchen.de\/de\/unterkuenfte\/bergpanorama\/>Bergpanorama<\/a><\/option><option value=https:\/\/www.ferienwohnungen-garmischpartenkirchen.de\/de\/unterkuenfte\/bergwasser\/>Bergwasser<\/a><\/option><option value=https:\/\/www.ferienwohnungen-garmischpartenkirchen.de\/de\/unterkuenfte\/bergwiese\/>Bergwiese<\/a><\/option><option value=https:\/\/www.ferienwohnungen-garmischpartenkirchen.de\/de\/unterkuenfte\/bergzauber\/>Bergzauber<\/a><\/option><option value=https:\/\/www.ferienwohnungen-garmischpartenkirchen.de\/de\/unterkuenfte\/bergzeit\/>Bergzeit<\/a><\/option><option value=https:\/\/www.ferienwohnungen-garmischpartenkirchen.de\/de\/unterkuenfte\/bernadein\/>Bernadein<\/a><\/option><option value=https:\/\/www.ferienwohnungen-garmischpartenkirchen.de\/de\/unterkuenfte\/dreh\/>Dreh<\/a><\/option><option value=https:\/\/www.ferienwohnungen-garmischpartenkirchen.de\/de\/unterkuenfte\/dreitorspitzblick\/>Dreitorspitzblick<\/a><\/option><option value=https:\/\/www.ferienwohnungen-garmischpartenkirchen.de\/de\/unterkuenfte\/edelrose\/>Edelrose<\/a><\/option><option value=https:\/\/www.ferienwohnungen-garmischpartenkirchen.de\/de\/unterkuenfte\/enzian\/>Enzian<\/a><\/option><option value=https:\/\/www.ferienwohnungen-garmischpartenkirchen.de\/de\/unterkuenfte\/enziana\/>Enziana<\/a><\/option><option value=https:\/\/www.ferienwohnungen-garmischpartenkirchen.de\/de\/unterkuenfte\/falkenstein\/>Falkenstein<\/a><\/option><option value=https:\/\/www.ferienwohnungen-garmischpartenkirchen.de\/de\/unterkuenfte\/fernweh\/>Fernweh<\/a><\/option><option value=https:\/\/www.ferienwohnungen-garmischpartenkirchen.de\/de\/unterkuenfte\/flora\/>Flora<\/a><\/option><option value=https:\/\/www.ferienwohnungen-garmischpartenkirchen.de\/de\/unterkuenfte\/freizeit\/>FreiZeit<\/a><\/option><option value=https:\/\/www.ferienwohnungen-garmischpartenkirchen.de\/de\/unterkuenfte\/fruehlingserwachen\/>Fr\u00fchlingserwachen<\/a><\/option><option value=https:\/\/www.ferienwohnungen-garmischpartenkirchen.de\/de\/unterkuenfte\/fuchsbau\/>Fuchsbau<\/a><\/option><option value=https:\/\/www.ferienwohnungen-garmischpartenkirchen.de\/de\/unterkuenfte\/gipfelglueck\/>Gipfelgl\u00fcck<\/a><\/option><option value=https:\/\/www.ferienwohnungen-garmischpartenkirchen.de\/de\/unterkuenfte\/gipfelkind\/>Gipfelkind<\/a><\/option><option value=https:\/\/www.ferienwohnungen-garmischpartenkirchen.de\/de\/unterkuenfte\/gipfelstuermer\/>Gipfelst\u00fcrmer<\/a><\/option><option value=https:\/\/www.ferienwohnungen-garmischpartenkirchen.de\/de\/unterkuenfte\/gluecksgriff\/>Gl\u00fccksgriff<\/a><\/option><option value=https:\/\/www.ferienwohnungen-garmischpartenkirchen.de\/de\/unterkuenfte\/grossa-waxlstoa\/>gro\u00dfa Waxlstoa<\/a><\/option><option value=https:\/\/www.ferienwohnungen-garmischpartenkirchen.de\/de\/unterkuenfte\/harmonie\/>Harmonie<\/a><\/option><option value=https:\/\/www.ferienwohnungen-garmischpartenkirchen.de\/de\/unterkuenfte\/haus-am-katzenbach\/>Haus am Katzenbach<\/a><\/option><option value=https:\/\/www.ferienwohnungen-garmischpartenkirchen.de\/de\/unterkuenfte\/haus-am-leitenfeld\/>Haus am Leitenfeld<\/a><\/option><option value=https:\/\/www.ferienwohnungen-garmischpartenkirchen.de\/de\/unterkuenfte\/haus-kreuzbichl\/>Haus Kreuzbichl<\/a><\/option><option value=https:\/\/www.ferienwohnungen-garmischpartenkirchen.de\/de\/unterkuenfte\/hausberg\/>Hausberg<\/a><\/option><option value=https:\/\/www.ferienwohnungen-garmischpartenkirchen.de\/de\/unterkuenfte\/herbstgold\/>Herbstgold<\/a><\/option><option value=https:\/\/www.ferienwohnungen-garmischpartenkirchen.de\/de\/unterkuenfte\/heuboden\/>Heuboden<\/a><\/option><option value=https:\/\/www.ferienwohnungen-garmischpartenkirchen.de\/de\/unterkuenfte\/heukammerl\/>Heukammerl<\/a><\/option><option value=https:\/\/www.ferienwohnungen-garmischpartenkirchen.de\/de\/unterkuenfte\/himmelreich\/>Himmelreich<\/a><\/option><option value=https:\/\/www.ferienwohnungen-garmischpartenkirchen.de\/de\/unterkuenfte\/hoamatgfuehl\/>Hoamatgf\u00fchl<\/a><\/option><option value=https:\/\/www.ferienwohnungen-garmischpartenkirchen.de\/de\/unterkuenfte\/hochgefuehl\/>Hochgef\u00fchl<\/a><\/option><option value=https:\/\/www.ferienwohnungen-garmischpartenkirchen.de\/de\/unterkuenfte\/hochstimmung\/>Hochstimmung<\/a><\/option><option value=https:\/\/www.ferienwohnungen-garmischpartenkirchen.de\/de\/unterkuenfte\/horn\/>Horn<\/a><\/option><option value=https:\/\/www.ferienwohnungen-garmischpartenkirchen.de\/de\/unterkuenfte\/jubigrat\/>Jubigrat<\/a><\/option><option value=https:\/\/www.ferienwohnungen-garmischpartenkirchen.de\/de\/unterkuenfte\/kandahar\/>Kandahar<\/a><\/option><option value=https:\/\/www.ferienwohnungen-garmischpartenkirchen.de\/de\/unterkuenfte\/kleeblatt\/>Kleeblatt<\/a><\/option><option value=https:\/\/www.ferienwohnungen-garmischpartenkirchen.de\/de\/unterkuenfte\/kloana-waxlstoa\/>kloana Waxlstoa<\/a><\/option><option value=https:\/\/www.ferienwohnungen-garmischpartenkirchen.de\/de\/unterkuenfte\/koenigsblick\/>K\u00f6nigsblick<\/a><\/option><option value=https:\/\/www.ferienwohnungen-garmischpartenkirchen.de\/de\/unterkuenfte\/koenigstand\/>K\u00f6nigstand<\/a><\/option><option value=https:\/\/www.ferienwohnungen-garmischpartenkirchen.de\/de\/unterkuenfte\/kramer-lodge\/>Kramer Lodge<\/a><\/option><option value=https:\/\/www.ferienwohnungen-garmischpartenkirchen.de\/de\/unterkuenfte\/kreuzeck\/>Kreuzeck<\/a><\/option><option value=https:\/\/www.ferienwohnungen-garmischpartenkirchen.de\/de\/unterkuenfte\/lebensfreude\/>Lebensfreude<\/a><\/option><option value=https:\/\/www.ferienwohnungen-garmischpartenkirchen.de\/de\/unterkuenfte\/lebenslust\/>Lebenslust<\/a><\/option><option value=https:\/\/www.ferienwohnungen-garmischpartenkirchen.de\/de\/unterkuenfte\/lexn-lodge\/>Lex&#8217;n Lodge<\/a><\/option><option value=https:\/\/www.ferienwohnungen-garmischpartenkirchen.de\/de\/unterkuenfte\/lichtblick\/>Lichtblick<\/a><\/option><option value=https:\/\/www.ferienwohnungen-garmischpartenkirchen.de\/de\/unterkuenfte\/loisach-haeusl\/>Loisach H\u00e4usl<\/a><\/option><option value=https:\/\/www.ferienwohnungen-garmischpartenkirchen.de\/de\/unterkuenfte\/loewenzahn\/>L\u00f6wenzahn<\/a><\/option><option value=https:\/\/www.ferienwohnungen-garmischpartenkirchen.de\/de\/unterkuenfte\/ludwig-27\/>Ludwig 27<\/a><\/option><option value=https:\/\/www.ferienwohnungen-garmischpartenkirchen.de\/de\/unterkuenfte\/ludwigschloessl\/>Ludwigschl\u00f6ssl<\/a><\/option><option value=https:\/\/www.ferienwohnungen-garmischpartenkirchen.de\/de\/unterkuenfte\/maigloeckerl\/>Maigl\u00f6ckerl<\/a><\/option><option value=https:\/\/www.ferienwohnungen-garmischpartenkirchen.de\/de\/unterkuenfte\/mittendrin\/>Mittendrin<\/a><\/option><option value=https:\/\/www.ferienwohnungen-garmischpartenkirchen.de\/de\/unterkuenfte\/murmeltier\/>Murmeltier<\/a><\/option><option value=https:\/\/www.ferienwohnungen-garmischpartenkirchen.de\/de\/unterkuenfte\/olympia\/>Olympia<\/a><\/option><option value=https:\/\/www.ferienwohnungen-garmischpartenkirchen.de\/de\/unterkuenfte\/panorama\/>Panorama<\/a><\/option><option value=https:\/\/www.ferienwohnungen-garmischpartenkirchen.de\/de\/unterkuenfte\/panoramablick-303\/>Panoramablick 303<\/a><\/option><option value=https:\/\/www.ferienwohnungen-garmischpartenkirchen.de\/de\/unterkuenfte\/partnach\/>Partnach<\/a><\/option><option value=https:\/\/www.ferienwohnungen-garmischpartenkirchen.de\/de\/unterkuenfte\/partnachauen\/>Partnachauen<\/a><\/option><option value=https:\/\/www.ferienwohnungen-garmischpartenkirchen.de\/de\/unterkuenfte\/reiselust\/>Reiselust<\/a><\/option><option value=https:\/\/www.ferienwohnungen-garmischpartenkirchen.de\/de\/unterkuenfte\/riverside\/>Riverside<\/a><\/option><option value=https:\/\/www.ferienwohnungen-garmischpartenkirchen.de\/de\/unterkuenfte\/romantik\/>Romantik<\/a><\/option><option value=https:\/\/www.ferienwohnungen-garmischpartenkirchen.de\/de\/unterkuenfte\/rosengartl\/>Rosengartl<\/a><\/option><option value=https:\/\/www.ferienwohnungen-garmischpartenkirchen.de\/de\/unterkuenfte\/rundblick\/>Rundblick<\/a><\/option><option value=https:\/\/www.ferienwohnungen-garmischpartenkirchen.de\/de\/unterkuenfte\/sommerfrische\/>Sommerfrische<\/a><\/option><option value=https:\/\/www.ferienwohnungen-garmischpartenkirchen.de\/de\/unterkuenfte\/sonnenhang\/>Sonnenhang<\/a><\/option><option value=https:\/\/www.ferienwohnungen-garmischpartenkirchen.de\/de\/unterkuenfte\/sonnenschein\/>Sonnenschein<\/a><\/option><option value=https:\/\/www.ferienwohnungen-garmischpartenkirchen.de\/de\/unterkuenfte\/sonnensteig\/>Sonnensteig<\/a><\/option><option value=https:\/\/www.ferienwohnungen-garmischpartenkirchen.de\/de\/unterkuenfte\/steinwild\/>Steinwild<\/a><\/option><option value=https:\/\/www.ferienwohnungen-garmischpartenkirchen.de\/de\/unterkuenfte\/weitblick\/>Weitblick<\/a><\/option><option value=https:\/\/www.ferienwohnungen-garmischpartenkirchen.de\/de\/unterkuenfte\/werdenfels\/>Werdenfels<\/a><\/option><option value=https:\/\/www.ferienwohnungen-garmischpartenkirchen.de\/de\/unterkuenfte\/wiesenglueck\/>Wiesengl\u00fcck<\/a><\/option><option value=https:\/\/www.ferienwohnungen-garmischpartenkirchen.de\/de\/unterkuenfte\/winterruhe\/>Winterruhe<\/a><\/option><option value=https:\/\/www.ferienwohnungen-garmischpartenkirchen.de\/de\/unterkuenfte\/zirbe\/>Zirbe<\/a><\/option><option value=https:\/\/www.ferienwohnungen-garmischpartenkirchen.de\/de\/unterkuenfte\/zuckerhut\/>Zuckerhut<\/a><\/option><option value=https:\/\/www.ferienwohnungen-garmischpartenkirchen.de\/de\/unterkuenfte\/zum-draxla\/>zum Draxla<\/a><\/option><option value=https:\/\/www.ferienwohnungen-garmischpartenkirchen.de\/de\/unterkuenfte\/zwoade-hoamad\/>Zwoade Hoamad<\/a><\/option><\/select><\/div><\/button>\n                            <\/div>\n                        <\/div>\n                        <div class=\"seprator_line\"><\/div>\n                        <div class=\"right-colm\">\n                            <div class=\"overview\">\n                                <div class=\"overview_top\">\n                                    <h1>Zwoade Hoamad<\/h1>\n                                    <!-- <h1>Servus Urlaub!<\/h1> -->\n                                    <h3>\n                                        8 tolle Unterk\u00fcnfte entdecken                                    <\/h3>\n                                    <h4>\n                                        Tipp: Reisezeitraum w\u00e4hlen und genaue Preise und Angebote sehen!                                    <\/h4>\n                                    <div class=\"activeoptions-wrapper\"><div class=\"activeoptions-label\"> <\/div><div class=\"activeoptions\"><div class=\"parameter-wrapper\"><div class=\"parameter-label\">2 Erwachsene<\/div><a href=\"https:\/\/www.ferienwohnungen-garmischpartenkirchen.de\/de\/suchen-buchen\/?from&till&nights_min=0&nights_max=0&children=0&babys=0&petsCount=0&order=random&wellness=on\" class=\"parameter-close\"><\/a><\/div><div class=\"parameter-wrapper\"><div class=\"parameter-label\">Wellness<\/div><a href=\"https:\/\/www.ferienwohnungen-garmischpartenkirchen.de\/de\/suchen-buchen\/?from&till&nights_min=0&nights_max=0&adults=2&children=0&babys=0&petsCount=0&order=random\" class=\"parameter-close\"><\/a><\/div><\/div><\/div>                                <\/div>\n                                <div class=\"search_saperator\">\n                                    <span class=\"line\"><\/span>\n                                    <div class=\"spr_left\">\n                                        <div class=\"map-button-wrapper\">\n                                            <button type=\"button\" class=\"map-button\" id=\"open-map\">\n                                                <img decoding=\"async\" src=\"\/wp-content\/themes\/mahr\/assets\/images\/noun-map.svg\">\n                                                Kartenansicht                                            <\/button>\n                                        <\/div>\n                                        <div class=\"map-popup\" id=\"map-popup\">\n                                            <div class=\"map-content\">\n                                                <i class=\"eicon-close close-popup\"><\/i>\n                                                <div id=\"map\"><\/div>                                            <\/div>\n                                        <\/div>\n                                    <\/div>\n                                    <div class=\"spr_right\">\n                                        <div class=\"sort-wrapper\">\n                                            <select class=\"beon-auto-submit beon-select2\" name=\"order\" id=\"order\" form=\"searchform\">\n                                                <option value=\"random\" selected >Zuf\u00e4llig<\/option><option value=\"price\" >Preis aufsteigend<\/option><option value=\"-price\" >Preis absteigend<\/option><option value=\"rating\" >Am besten bewertet<\/option>                                            <\/select>\n                                        <\/div>\n                                    <\/div>\n                                <\/div>\n                                <!-- <ul>\n                                    <li>\n                                        <div class=\"sort-wrapper\">\n                                            <div class=\"karte-wrapper\">\n                                                <div class=\"map-button-wrapper\">\n                                                    <img decoding=\"async\" src=\"\/wp-content\/themes\/hello-theme-child-master\/assets\/images\/map.svg\">\n                                                    <button type=\"button\" class=\"map-button\" id=\"open-map\">Kartenansicht<\/button>\n                                                <\/div>\n                                                <div class=\"map-popup\" id=\"map-popup\">\n                                                    <div class=\"map-content\">\n                                                        <i class=\"eicon-close close-popup\"><\/i>\n                                                        <div id=\"map\"><\/div>                                                    <\/div>\n                                                <\/div>\n                                            <\/div>\n                                            <select class=\"beon-auto-submit beon-select2\" name=\"order\" id=\"order\" form=\"searchform\">\n                                                <option value=\"random\" selected>Zuf\u00e4llig<\/option><option value=\"price\">Preis aufsteigend<\/option><option value=\"-price\">Preis absteigend<\/option><option value=\"rating\">Am besten bewertet<\/option>                                            <\/select>\n                                        <\/div>\n                                    <\/li>\n\n                                <\/ul> -->\n                            <\/div>\n\n\n                            \n                                <div class=\"unit-wrapper\">\n                                    <div class=\"unitcontent-wrapper unitcontent-alternatives-wrapper\">\n\t\t\t<div class=\"image-wrapper\">\n\t\t\t<a href=\"https:\/\/www.ferienwohnungen-garmischpartenkirchen.de\/de\/unterkuenfte\/enzian\/?adults=2\">\n\t\t\t\t\t<div id=\"slider\" class=\"flexslider\">\n\t\t\t\t\t\t\t\t\t\t\t\t<ul class=\"slides\">\n\t\t\t\t\t\t\t\t\t\t\t\t\t\t\t<li>\n\t\t\t\t\t\t\t\t\t<img\n\t\t\t\t\t\t\t\t\tclass=\"lazy\"\n\t\t\t\t\t\t\t\t\tsrc=\"\"\n\t\t\t\t\t\t\t\t\tdata-src=\"https:\/\/www.ferienwohnungen-garmischpartenkirchen.de\/wp-content\/uploads\/2024\/06\/mf3709444-500x500.jpg\"\n\t\t\t\t\t\t\t\t\talt=\"Wohnbereich mit Doppelbett und Sofa in Ferienwohnung in Garmisch-Partenkirchen\"\n\t\t\t\t\t\t\t\t\tloading=\"lazy\"\n\t\t\t\t\t\t\t\t\tdecoding=\"async\">\n\t\t\t\t\t\t\t\t\t<!-- <img decoding=\"async\" class=\"lazy\" src=\"\" data-src=\"\" alt=\"\" \/> -->\n\t\t\t\t\t\t\t\t<\/li>\n\t\t\t\t\t\t\t\t\t\t\t\t\t\t\t<li>\n\t\t\t\t\t\t\t\t\t<img\n\t\t\t\t\t\t\t\t\tclass=\"lazy\"\n\t\t\t\t\t\t\t\t\tsrc=\"\"\n\t\t\t\t\t\t\t\t\tdata-src=\"https:\/\/www.ferienwohnungen-garmischpartenkirchen.de\/wp-content\/uploads\/2024\/06\/mf3709436-500x500.jpg\"\n\t\t\t\t\t\t\t\t\talt=\"K\u00fcche aus Holt in Ferienwohnung in Garmisch-Partenkirchen\"\n\t\t\t\t\t\t\t\t\tloading=\"lazy\"\n\t\t\t\t\t\t\t\t\tdecoding=\"async\">\n\t\t\t\t\t\t\t\t\t<!-- <img decoding=\"async\" class=\"lazy\" src=\"\" data-src=\"\" alt=\"\" \/> -->\n\t\t\t\t\t\t\t\t<\/li>\n\t\t\t\t\t\t\t\t\t\t\t\t\t\t\t<li>\n\t\t\t\t\t\t\t\t\t<img\n\t\t\t\t\t\t\t\t\tclass=\"lazy\"\n\t\t\t\t\t\t\t\t\tsrc=\"\"\n\t\t\t\t\t\t\t\t\tdata-src=\"https:\/\/www.ferienwohnungen-garmischpartenkirchen.de\/wp-content\/uploads\/2024\/06\/mf3709430-500x500.jpg\"\n\t\t\t\t\t\t\t\t\talt=\"Badezimmer mit Dusche in Ferienwohnung in Garmisch-Partenkirchen\"\n\t\t\t\t\t\t\t\t\tloading=\"lazy\"\n\t\t\t\t\t\t\t\t\tdecoding=\"async\">\n\t\t\t\t\t\t\t\t\t<!-- <img decoding=\"async\" class=\"lazy\" src=\"\" data-src=\"\" alt=\"\" \/> -->\n\t\t\t\t\t\t\t\t<\/li>\n\t\t\t\t\t\t\t\t\t\t\t\t\t\t\t<li>\n\t\t\t\t\t\t\t\t\t<img\n\t\t\t\t\t\t\t\t\tclass=\"lazy\"\n\t\t\t\t\t\t\t\t\tsrc=\"\"\n\t\t\t\t\t\t\t\t\tdata-src=\"https:\/\/www.ferienwohnungen-garmischpartenkirchen.de\/wp-content\/uploads\/2024\/06\/mf3709441-500x500.jpg\"\n\t\t\t\t\t\t\t\t\talt=\"Herzdekoration in Ferienwohnung in Garmisch-Partenkirchen\"\n\t\t\t\t\t\t\t\t\tloading=\"lazy\"\n\t\t\t\t\t\t\t\t\tdecoding=\"async\">\n\t\t\t\t\t\t\t\t\t<!-- <img decoding=\"async\" class=\"lazy\" src=\"\" data-src=\"\" alt=\"\" \/> -->\n\t\t\t\t\t\t\t\t<\/li>\n\t\t\t\t\t\t\t\t\t\t\t\t\t\t\t<li>\n\t\t\t\t\t\t\t\t\t<img\n\t\t\t\t\t\t\t\t\tclass=\"lazy\"\n\t\t\t\t\t\t\t\t\tsrc=\"\"\n\t\t\t\t\t\t\t\t\tdata-src=\"https:\/\/www.ferienwohnungen-garmischpartenkirchen.de\/wp-content\/uploads\/2024\/06\/mf3709425-500x500.jpg\"\n\t\t\t\t\t\t\t\t\talt=\"Balkon mit St\u00fchlen in Ferienwohnung in Garmisch-Partenkirchen\"\n\t\t\t\t\t\t\t\t\tloading=\"lazy\"\n\t\t\t\t\t\t\t\t\tdecoding=\"async\">\n\t\t\t\t\t\t\t\t\t<!-- <img decoding=\"async\" class=\"lazy\" src=\"\" data-src=\"\" alt=\"\" \/> -->\n\t\t\t\t\t\t\t\t<\/li>\n\t\t\t\t\t\t\t\t\t\t\t\t\t<\/ul>\n\t\t\t\t\t<\/div>\n\t\t\t\t<\/a>\n\t\t<\/div>\n\t\t<div class=\"info-wrapper\">\n\t\t<div class=\"info-body\">\n\t\t\t<span class=\"favouritebtn\"><button class=\"simplefavorite-button\" data-postid=\"519\" data-siteid=\"1\" data-groupid=\"1\" data-favoritecount=\"9\" style=\"\">Favorite <i class=\"sf-icon-star-empty\"><\/i><\/button> <\/span>\n\t\t\t<div class=\"wrap-classification\">\n\t\t\t\t<h4 class=\"title-container\">\n\t\t\t\t\t<a href=\"https:\/\/www.ferienwohnungen-garmischpartenkirchen.de\/de\/unterkuenfte\/enzian\/?adults=2\">Enzian<\/a>\n\t\t\t\t<\/h4>\n\t\t\t<\/div>\n\t\t\t<p class=\"unit-region\">\n\t\t\t\t<span>Grainau<\/span>\n\t\t\t<\/p>\n\t\t\t<div>\n\t\t\t\t\t\t\t\t\t<div class=\"additional-results-wrapper\">\n\t\t\t\t\t\t\t\t\t\t\t\t\t\t\t\t\t<\/div>\n\t\t\t\t\t\t\t<\/div>\n\t\t\t<div class=\"details-wrapper\">\n\t\t\t\t<ul>\n\t\t\t\t\t<li><span class=\"wrap-value\">2 G\u00e4ste<\/li>\t\t\t\t\t<span class=\"saperator\"><\/span>\n\t\t\t\t\t<li><span class=\"wrap-value\">1 Schlafzimmer<\/span><\/li>\t\t\t\t\t<!-- <li><span class=\"wrap-value\">1<\/span> Schlafzimmer<\/li> -->\n\t\t\t\t\t<span class=\"saperator\"><\/span>\n\t\t\t\t\t<li class=\"list_rating\"><span class=\"wrap-value\">4.7<\/span>&nbsp;<img decoding=\"async\" src=\"\/wp-content\/themes\/mahr\/assets\/images\/star-solid.svg\"\/><\/li> <span class=\"saperator\"><\/span>\t\t\t\t\t<li>\n\t\t\t\t\t\t<div class=\"info-footer\">\n\t\t\t\t\t\t\t<div class=\"price-container\">\n\t\t\t\t\t\t\t\t<!-- <a href=\"https:\/\/www.ferienwohnungen-garmischpartenkirchen.de\/de\/unterkuenfte\/enzian\/?adults=2\" class=\"price-button\"><div class=\"showprice \"><span class=\"price\" data-price=\"5900\">59,00<\/span> <span class=\"currency\">&euro;<\/span> <\/div><\/a> -->\n\t\t\t\t\t\t\t\t\t\t\t\t\t\t\t\t<div class=\"showprice \"><span class=\"price\" data-price=\"5900\">59,00<\/span> <span class=\"currency\">&euro;<\/span> <\/div>\n\t\t\t\t\t\t\t<\/div>\n\t\t\t\t\t\t<\/div>\n\t\t\t\t\t<\/li>\n\t\t\t\t<\/ul>\n\t\t\t<\/div>\n\t\t<\/div>\n\t\t<!-- <div class=\"info-footer\">\n\t\t\t<div class=\"price-container\">\n\t\t\t\t<a href=\"https:\/\/www.ferienwohnungen-garmischpartenkirchen.de\/de\/unterkuenfte\/enzian\/?adults=2\" class=\"price-button\"><div class=\"showprice \"><span class=\"price\" data-price=\"5900\">59,00<\/span> <span class=\"currency\">&euro;<\/span> <\/div><\/a>\n\t\t\t\t\t\t\t\t<div class=\"showprice \"><span class=\"price\" data-price=\"5900\">59,00<\/span> <span class=\"currency\">&euro;<\/span> <\/div>\n\t\t\t<\/div>\n\t\t<\/div> -->\n\t<\/div>\n<\/div><div class=\"unitcontent-wrapper unitcontent-alternatives-wrapper\">\n\t\t\t<div class=\"image-wrapper\">\n\t\t\t<a href=\"https:\/\/www.ferienwohnungen-garmischpartenkirchen.de\/de\/unterkuenfte\/edelrose\/?adults=2\">\n\t\t\t\t\t<div id=\"slider\" class=\"flexslider\">\n\t\t\t\t\t\t\t\t\t\t\t\t<ul class=\"slides\">\n\t\t\t\t\t\t\t\t\t\t\t\t\t\t\t<li>\n\t\t\t\t\t\t\t\t\t<img\n\t\t\t\t\t\t\t\t\tclass=\"lazy\"\n\t\t\t\t\t\t\t\t\tsrc=\"\"\n\t\t\t\t\t\t\t\t\tdata-src=\"https:\/\/www.ferienwohnungen-garmischpartenkirchen.de\/wp-content\/uploads\/2024\/06\/mf3709321-500x500.jpg\"\n\t\t\t\t\t\t\t\t\talt=\"Sofa in rot in Ferienwohnung in Garmisch-Partenkirchen\"\n\t\t\t\t\t\t\t\t\tloading=\"lazy\"\n\t\t\t\t\t\t\t\t\tdecoding=\"async\">\n\t\t\t\t\t\t\t\t\t<!-- <img decoding=\"async\" class=\"lazy\" src=\"\" data-src=\"\" alt=\"\" \/> -->\n\t\t\t\t\t\t\t\t<\/li>\n\t\t\t\t\t\t\t\t\t\t\t\t\t\t\t<li>\n\t\t\t\t\t\t\t\t\t<img\n\t\t\t\t\t\t\t\t\tclass=\"lazy\"\n\t\t\t\t\t\t\t\t\tsrc=\"\"\n\t\t\t\t\t\t\t\t\tdata-src=\"https:\/\/www.ferienwohnungen-garmischpartenkirchen.de\/wp-content\/uploads\/2024\/06\/mf3709305-500x500.jpg\"\n\t\t\t\t\t\t\t\t\talt=\"Doppelbett mit Fernseher in Ferienwohnung in Garmisch-Partenkirchen\"\n\t\t\t\t\t\t\t\t\tloading=\"lazy\"\n\t\t\t\t\t\t\t\t\tdecoding=\"async\">\n\t\t\t\t\t\t\t\t\t<!-- <img decoding=\"async\" class=\"lazy\" src=\"\" data-src=\"\" alt=\"\" \/> -->\n\t\t\t\t\t\t\t\t<\/li>\n\t\t\t\t\t\t\t\t\t\t\t\t\t\t\t<li>\n\t\t\t\t\t\t\t\t\t<img\n\t\t\t\t\t\t\t\t\tclass=\"lazy\"\n\t\t\t\t\t\t\t\t\tsrc=\"\"\n\t\t\t\t\t\t\t\t\tdata-src=\"https:\/\/www.ferienwohnungen-garmischpartenkirchen.de\/wp-content\/uploads\/2024\/06\/mf3709310-500x500.jpg\"\n\t\t\t\t\t\t\t\t\talt=\"Badezimmer mit Dusche in Ferienwohnung in Garmisch-Partenkirchen\"\n\t\t\t\t\t\t\t\t\tloading=\"lazy\"\n\t\t\t\t\t\t\t\t\tdecoding=\"async\">\n\t\t\t\t\t\t\t\t\t<!-- <img decoding=\"async\" class=\"lazy\" src=\"\" data-src=\"\" alt=\"\" \/> -->\n\t\t\t\t\t\t\t\t<\/li>\n\t\t\t\t\t\t\t\t\t\t\t\t\t\t\t<li>\n\t\t\t\t\t\t\t\t\t<img\n\t\t\t\t\t\t\t\t\tclass=\"lazy\"\n\t\t\t\t\t\t\t\t\tsrc=\"\"\n\t\t\t\t\t\t\t\t\tdata-src=\"https:\/\/www.ferienwohnungen-garmischpartenkirchen.de\/wp-content\/uploads\/2024\/06\/mf3709328-500x500.jpg\"\n\t\t\t\t\t\t\t\t\talt=\"Doppelbett mit Fernseher in Ferienwohnung in Garmisch-Partenkirchen\"\n\t\t\t\t\t\t\t\t\tloading=\"lazy\"\n\t\t\t\t\t\t\t\t\tdecoding=\"async\">\n\t\t\t\t\t\t\t\t\t<!-- <img decoding=\"async\" class=\"lazy\" src=\"\" data-src=\"\" alt=\"\" \/> -->\n\t\t\t\t\t\t\t\t<\/li>\n\t\t\t\t\t\t\t\t\t\t\t\t\t\t\t<li>\n\t\t\t\t\t\t\t\t\t<img\n\t\t\t\t\t\t\t\t\tclass=\"lazy\"\n\t\t\t\t\t\t\t\t\tsrc=\"\"\n\t\t\t\t\t\t\t\t\tdata-src=\"https:\/\/www.ferienwohnungen-garmischpartenkirchen.de\/wp-content\/uploads\/2024\/06\/mf3709302-500x500.jpg\"\n\t\t\t\t\t\t\t\t\talt=\"Balkon mit Tisch in Ferienwohnung in Garmisch-Partenkirchen\"\n\t\t\t\t\t\t\t\t\tloading=\"lazy\"\n\t\t\t\t\t\t\t\t\tdecoding=\"async\">\n\t\t\t\t\t\t\t\t\t<!-- <img decoding=\"async\" class=\"lazy\" src=\"\" data-src=\"\" alt=\"\" \/> -->\n\t\t\t\t\t\t\t\t<\/li>\n\t\t\t\t\t\t\t\t\t\t\t\t\t<\/ul>\n\t\t\t\t\t<\/div>\n\t\t\t\t<\/a>\n\t\t<\/div>\n\t\t<div class=\"info-wrapper\">\n\t\t<div class=\"info-body\">\n\t\t\t<span class=\"favouritebtn\"><button class=\"simplefavorite-button\" data-postid=\"517\" data-siteid=\"1\" data-groupid=\"1\" data-favoritecount=\"7\" style=\"\">Favorite <i class=\"sf-icon-star-empty\"><\/i><\/button> <\/span>\n\t\t\t<div class=\"wrap-classification\">\n\t\t\t\t<h4 class=\"title-container\">\n\t\t\t\t\t<a href=\"https:\/\/www.ferienwohnungen-garmischpartenkirchen.de\/de\/unterkuenfte\/edelrose\/?adults=2\">Edelrose<\/a>\n\t\t\t\t<\/h4>\n\t\t\t<\/div>\n\t\t\t<p class=\"unit-region\">\n\t\t\t\t<span>Grainau<\/span>\n\t\t\t<\/p>\n\t\t\t<div>\n\t\t\t\t\t\t\t\t\t<div class=\"additional-results-wrapper\">\n\t\t\t\t\t\t\t\t\t\t\t\t\t\t\t\t\t<\/div>\n\t\t\t\t\t\t\t<\/div>\n\t\t\t<div class=\"details-wrapper\">\n\t\t\t\t<ul>\n\t\t\t\t\t<li><span class=\"wrap-value\">4 G\u00e4ste<\/li>\t\t\t\t\t<span class=\"saperator\"><\/span>\n\t\t\t\t\t<li><span class=\"wrap-value\">2 Schlafzimmer<\/span><\/li>\t\t\t\t\t<!-- <li><span class=\"wrap-value\">2<\/span> Schlafzimmer<\/li> -->\n\t\t\t\t\t<span class=\"saperator\"><\/span>\n\t\t\t\t\t<li class=\"list_rating\"><span class=\"wrap-value\">4.8<\/span>&nbsp;<img decoding=\"async\" src=\"\/wp-content\/themes\/mahr\/assets\/images\/star-solid.svg\"\/><\/li> <span class=\"saperator\"><\/span>\t\t\t\t\t<li>\n\t\t\t\t\t\t<div class=\"info-footer\">\n\t\t\t\t\t\t\t<div class=\"price-container\">\n\t\t\t\t\t\t\t\t<!-- <a href=\"https:\/\/www.ferienwohnungen-garmischpartenkirchen.de\/de\/unterkuenfte\/edelrose\/?adults=2\" class=\"price-button\"><div class=\"showprice \"><span class=\"price\" data-price=\"12900\">129,00<\/span> <span class=\"currency\">&euro;<\/span> <\/div><\/a> -->\n\t\t\t\t\t\t\t\t\t\t\t\t\t\t\t\t<div class=\"showprice \"><span class=\"price\" data-price=\"12900\">129,00<\/span> <span class=\"currency\">&euro;<\/span> <\/div>\n\t\t\t\t\t\t\t<\/div>\n\t\t\t\t\t\t<\/div>\n\t\t\t\t\t<\/li>\n\t\t\t\t<\/ul>\n\t\t\t<\/div>\n\t\t<\/div>\n\t\t<!-- <div class=\"info-footer\">\n\t\t\t<div class=\"price-container\">\n\t\t\t\t<a href=\"https:\/\/www.ferienwohnungen-garmischpartenkirchen.de\/de\/unterkuenfte\/edelrose\/?adults=2\" class=\"price-button\"><div class=\"showprice \"><span class=\"price\" data-price=\"12900\">129,00<\/span> <span class=\"currency\">&euro;<\/span> <\/div><\/a>\n\t\t\t\t\t\t\t\t<div class=\"showprice \"><span class=\"price\" data-price=\"12900\">129,00<\/span> <span class=\"currency\">&euro;<\/span> <\/div>\n\t\t\t<\/div>\n\t\t<\/div> -->\n\t<\/div>\n<\/div><div class=\"unitcontent-wrapper unitcontent-alternatives-wrapper\">\n\t\t\t<div class=\"image-wrapper\">\n\t\t\t<a href=\"https:\/\/www.ferienwohnungen-garmischpartenkirchen.de\/de\/unterkuenfte\/alpenrose\/?adults=2\">\n\t\t\t\t\t<div id=\"slider\" class=\"flexslider\">\n\t\t\t\t\t\t\t\t\t\t\t\t<ul class=\"slides\">\n\t\t\t\t\t\t\t\t\t\t\t\t\t\t\t<li>\n\t\t\t\t\t\t\t\t\t<img\n\t\t\t\t\t\t\t\t\tclass=\"lazy\"\n\t\t\t\t\t\t\t\t\tsrc=\"\"\n\t\t\t\t\t\t\t\t\tdata-src=\"https:\/\/www.ferienwohnungen-garmischpartenkirchen.de\/wp-content\/uploads\/2024\/06\/mf10978121-500x500.jpg\"\n\t\t\t\t\t\t\t\t\talt=\"Wohnzimmer mit rotem Hocker in Ferienwohnung in Garmisch-Partenkirchen\"\n\t\t\t\t\t\t\t\t\tloading=\"lazy\"\n\t\t\t\t\t\t\t\t\tdecoding=\"async\">\n\t\t\t\t\t\t\t\t\t<!-- <img decoding=\"async\" class=\"lazy\" src=\"\" data-src=\"\" alt=\"\" \/> -->\n\t\t\t\t\t\t\t\t<\/li>\n\t\t\t\t\t\t\t\t\t\t\t\t\t\t\t<li>\n\t\t\t\t\t\t\t\t\t<img\n\t\t\t\t\t\t\t\t\tclass=\"lazy\"\n\t\t\t\t\t\t\t\t\tsrc=\"\"\n\t\t\t\t\t\t\t\t\tdata-src=\"https:\/\/www.ferienwohnungen-garmischpartenkirchen.de\/wp-content\/uploads\/2024\/06\/mf3699191-500x500.jpg\"\n\t\t\t\t\t\t\t\t\talt=\"Doppelbett mit Holzdesign und Gondel in Ferienwohnung in Garmisch-Partenkirchen\"\n\t\t\t\t\t\t\t\t\tloading=\"lazy\"\n\t\t\t\t\t\t\t\t\tdecoding=\"async\">\n\t\t\t\t\t\t\t\t\t<!-- <img decoding=\"async\" class=\"lazy\" src=\"\" data-src=\"\" alt=\"\" \/> -->\n\t\t\t\t\t\t\t\t<\/li>\n\t\t\t\t\t\t\t\t\t\t\t\t\t\t\t<li>\n\t\t\t\t\t\t\t\t\t<img\n\t\t\t\t\t\t\t\t\tclass=\"lazy\"\n\t\t\t\t\t\t\t\t\tsrc=\"\"\n\t\t\t\t\t\t\t\t\tdata-src=\"https:\/\/www.ferienwohnungen-garmischpartenkirchen.de\/wp-content\/uploads\/2024\/06\/mf10978132-500x500.jpg\"\n\t\t\t\t\t\t\t\t\talt=\"Wohnbereich mit Sitzbank und Hockern in Ferienwohnung in Garmisch-Partenkirchen\"\n\t\t\t\t\t\t\t\t\tloading=\"lazy\"\n\t\t\t\t\t\t\t\t\tdecoding=\"async\">\n\t\t\t\t\t\t\t\t\t<!-- <img decoding=\"async\" class=\"lazy\" src=\"\" data-src=\"\" alt=\"\" \/> -->\n\t\t\t\t\t\t\t\t<\/li>\n\t\t\t\t\t\t\t\t\t\t\t\t\t\t\t<li>\n\t\t\t\t\t\t\t\t\t<img\n\t\t\t\t\t\t\t\t\tclass=\"lazy\"\n\t\t\t\t\t\t\t\t\tsrc=\"\"\n\t\t\t\t\t\t\t\t\tdata-src=\"https:\/\/www.ferienwohnungen-garmischpartenkirchen.de\/wp-content\/uploads\/2024\/06\/mf3699194-500x500.jpg\"\n\t\t\t\t\t\t\t\t\talt=\"Badezimmer mit Dusche in Ferienwohnung in Garmisch-Partenkirchen\"\n\t\t\t\t\t\t\t\t\tloading=\"lazy\"\n\t\t\t\t\t\t\t\t\tdecoding=\"async\">\n\t\t\t\t\t\t\t\t\t<!-- <img decoding=\"async\" class=\"lazy\" src=\"\" data-src=\"\" alt=\"\" \/> -->\n\t\t\t\t\t\t\t\t<\/li>\n\t\t\t\t\t\t\t\t\t\t\t\t\t\t\t<li>\n\t\t\t\t\t\t\t\t\t<img\n\t\t\t\t\t\t\t\t\tclass=\"lazy\"\n\t\t\t\t\t\t\t\t\tsrc=\"\"\n\t\t\t\t\t\t\t\t\tdata-src=\"https:\/\/www.ferienwohnungen-garmischpartenkirchen.de\/wp-content\/uploads\/2024\/06\/mf10978129-500x500.jpg\"\n\t\t\t\t\t\t\t\t\talt=\"Garten in Ferienwohnung in Garmisch-Partenkirchen\"\n\t\t\t\t\t\t\t\t\tloading=\"lazy\"\n\t\t\t\t\t\t\t\t\tdecoding=\"async\">\n\t\t\t\t\t\t\t\t\t<!-- <img decoding=\"async\" class=\"lazy\" src=\"\" data-src=\"\" alt=\"\" \/> -->\n\t\t\t\t\t\t\t\t<\/li>\n\t\t\t\t\t\t\t\t\t\t\t\t\t<\/ul>\n\t\t\t\t\t<\/div>\n\t\t\t\t<\/a>\n\t\t<\/div>\n\t\t<div class=\"info-wrapper\">\n\t\t<div class=\"info-body\">\n\t\t\t<span class=\"favouritebtn\"><button class=\"simplefavorite-button\" data-postid=\"555\" data-siteid=\"1\" data-groupid=\"1\" data-favoritecount=\"18\" style=\"\">Favorite <i class=\"sf-icon-star-empty\"><\/i><\/button> <\/span>\n\t\t\t<div class=\"wrap-classification\">\n\t\t\t\t<h4 class=\"title-container\">\n\t\t\t\t\t<a href=\"https:\/\/www.ferienwohnungen-garmischpartenkirchen.de\/de\/unterkuenfte\/alpenrose\/?adults=2\">Alpenrose<\/a>\n\t\t\t\t<\/h4>\n\t\t\t<\/div>\n\t\t\t<p class=\"unit-region\">\n\t\t\t\t<span>Grainau<\/span>\n\t\t\t<\/p>\n\t\t\t<div>\n\t\t\t\t\t\t\t\t\t<div class=\"additional-results-wrapper\">\n\t\t\t\t\t\t\t\t\t\t\t\t\t\t\t\t\t<\/div>\n\t\t\t\t\t\t\t<\/div>\n\t\t\t<div class=\"details-wrapper\">\n\t\t\t\t<ul>\n\t\t\t\t\t<li><span class=\"wrap-value\">4 G\u00e4ste<\/li>\t\t\t\t\t<span class=\"saperator\"><\/span>\n\t\t\t\t\t<li><span class=\"wrap-value\">1 Schlafzimmer<\/span><\/li>\t\t\t\t\t<!-- <li><span class=\"wrap-value\">1<\/span> Schlafzimmer<\/li> -->\n\t\t\t\t\t<span class=\"saperator\"><\/span>\n\t\t\t\t\t<li class=\"list_rating\"><span class=\"wrap-value\">4.9<\/span>&nbsp;<img decoding=\"async\" src=\"\/wp-content\/themes\/mahr\/assets\/images\/star-solid.svg\"\/><\/li> <span class=\"saperator\"><\/span>\t\t\t\t\t<li>\n\t\t\t\t\t\t<div class=\"info-footer\">\n\t\t\t\t\t\t\t<div class=\"price-container\">\n\t\t\t\t\t\t\t\t<!-- <a href=\"https:\/\/www.ferienwohnungen-garmischpartenkirchen.de\/de\/unterkuenfte\/alpenrose\/?adults=2\" class=\"price-button\"><div class=\"showprice \"><span class=\"price\" data-price=\"10900\">109,00<\/span> <span class=\"currency\">&euro;<\/span> <\/div><\/a> -->\n\t\t\t\t\t\t\t\t\t\t\t\t\t\t\t\t<div class=\"showprice \"><span class=\"price\" data-price=\"10900\">109,00<\/span> <span class=\"currency\">&euro;<\/span> <\/div>\n\t\t\t\t\t\t\t<\/div>\n\t\t\t\t\t\t<\/div>\n\t\t\t\t\t<\/li>\n\t\t\t\t<\/ul>\n\t\t\t<\/div>\n\t\t<\/div>\n\t\t<!-- <div class=\"info-footer\">\n\t\t\t<div class=\"price-container\">\n\t\t\t\t<a href=\"https:\/\/www.ferienwohnungen-garmischpartenkirchen.de\/de\/unterkuenfte\/alpenrose\/?adults=2\" class=\"price-button\"><div class=\"showprice \"><span class=\"price\" data-price=\"10900\">109,00<\/span> <span class=\"currency\">&euro;<\/span> <\/div><\/a>\n\t\t\t\t\t\t\t\t<div class=\"showprice \"><span class=\"price\" data-price=\"10900\">109,00<\/span> <span class=\"currency\">&euro;<\/span> <\/div>\n\t\t\t<\/div>\n\t\t<\/div> -->\n\t<\/div>\n<\/div><div class=\"unitcontent-wrapper unitcontent-alternatives-wrapper\">\n\t\t\t<div class=\"image-wrapper\">\n\t\t\t<a href=\"https:\/\/www.ferienwohnungen-garmischpartenkirchen.de\/de\/unterkuenfte\/loewenzahn\/?adults=2\">\n\t\t\t\t\t<div id=\"slider\" class=\"flexslider\">\n\t\t\t\t\t\t\t\t\t\t\t\t<ul class=\"slides\">\n\t\t\t\t\t\t\t\t\t\t\t\t\t\t\t<li>\n\t\t\t\t\t\t\t\t\t<img\n\t\t\t\t\t\t\t\t\tclass=\"lazy\"\n\t\t\t\t\t\t\t\t\tsrc=\"\"\n\t\t\t\t\t\t\t\t\tdata-src=\"https:\/\/www.ferienwohnungen-garmischpartenkirchen.de\/wp-content\/uploads\/2024\/06\/mf3721853-500x500.jpg\"\n\t\t\t\t\t\t\t\t\talt=\"Sofa mit Fernseher in Ferienwohnung in Garmisch-Partenkirchen\"\n\t\t\t\t\t\t\t\t\tloading=\"lazy\"\n\t\t\t\t\t\t\t\t\tdecoding=\"async\">\n\t\t\t\t\t\t\t\t\t<!-- <img decoding=\"async\" class=\"lazy\" src=\"\" data-src=\"\" alt=\"\" \/> -->\n\t\t\t\t\t\t\t\t<\/li>\n\t\t\t\t\t\t\t\t\t\t\t\t\t\t\t<li>\n\t\t\t\t\t\t\t\t\t<img\n\t\t\t\t\t\t\t\t\tclass=\"lazy\"\n\t\t\t\t\t\t\t\t\tsrc=\"\"\n\t\t\t\t\t\t\t\t\tdata-src=\"https:\/\/www.ferienwohnungen-garmischpartenkirchen.de\/wp-content\/uploads\/2024\/06\/mf3721848-500x500.jpg\"\n\t\t\t\t\t\t\t\t\talt=\"K\u00fcche mit Mikrowelle in Ferienwohnung in Garmisch-Partenkirchen\"\n\t\t\t\t\t\t\t\t\tloading=\"lazy\"\n\t\t\t\t\t\t\t\t\tdecoding=\"async\">\n\t\t\t\t\t\t\t\t\t<!-- <img decoding=\"async\" class=\"lazy\" src=\"\" data-src=\"\" alt=\"\" \/> -->\n\t\t\t\t\t\t\t\t<\/li>\n\t\t\t\t\t\t\t\t\t\t\t\t\t\t\t<li>\n\t\t\t\t\t\t\t\t\t<img\n\t\t\t\t\t\t\t\t\tclass=\"lazy\"\n\t\t\t\t\t\t\t\t\tsrc=\"\"\n\t\t\t\t\t\t\t\t\tdata-src=\"https:\/\/www.ferienwohnungen-garmischpartenkirchen.de\/wp-content\/uploads\/2024\/06\/mf10984345-500x500.jpg\"\n\t\t\t\t\t\t\t\t\talt=\"Doppelbett in Ferienwohnung in Garmisch-Partenkirchen\"\n\t\t\t\t\t\t\t\t\tloading=\"lazy\"\n\t\t\t\t\t\t\t\t\tdecoding=\"async\">\n\t\t\t\t\t\t\t\t\t<!-- <img decoding=\"async\" class=\"lazy\" src=\"\" data-src=\"\" alt=\"\" \/> -->\n\t\t\t\t\t\t\t\t<\/li>\n\t\t\t\t\t\t\t\t\t\t\t\t\t\t\t<li>\n\t\t\t\t\t\t\t\t\t<img\n\t\t\t\t\t\t\t\t\tclass=\"lazy\"\n\t\t\t\t\t\t\t\t\tsrc=\"\"\n\t\t\t\t\t\t\t\t\tdata-src=\"https:\/\/www.ferienwohnungen-garmischpartenkirchen.de\/wp-content\/uploads\/2024\/06\/mf3721844-500x500.jpg\"\n\t\t\t\t\t\t\t\t\talt=\"Badezimmer mit Waschbecken in Ferienwohnung in Garmisch-Partenkirchen\"\n\t\t\t\t\t\t\t\t\tloading=\"lazy\"\n\t\t\t\t\t\t\t\t\tdecoding=\"async\">\n\t\t\t\t\t\t\t\t\t<!-- <img decoding=\"async\" class=\"lazy\" src=\"\" data-src=\"\" alt=\"\" \/> -->\n\t\t\t\t\t\t\t\t<\/li>\n\t\t\t\t\t\t\t\t\t\t\t\t\t\t\t<li>\n\t\t\t\t\t\t\t\t\t<img\n\t\t\t\t\t\t\t\t\tclass=\"lazy\"\n\t\t\t\t\t\t\t\t\tsrc=\"\"\n\t\t\t\t\t\t\t\t\tdata-src=\"https:\/\/www.ferienwohnungen-garmischpartenkirchen.de\/wp-content\/uploads\/2024\/06\/mf3721870-500x500.jpg\"\n\t\t\t\t\t\t\t\t\talt=\"Terrasse mit Tisch in Ferienwohnung in Garmisch-Partenkirchen\"\n\t\t\t\t\t\t\t\t\tloading=\"lazy\"\n\t\t\t\t\t\t\t\t\tdecoding=\"async\">\n\t\t\t\t\t\t\t\t\t<!-- <img decoding=\"async\" class=\"lazy\" src=\"\" data-src=\"\" alt=\"\" \/> -->\n\t\t\t\t\t\t\t\t<\/li>\n\t\t\t\t\t\t\t\t\t\t\t\t\t<\/ul>\n\t\t\t\t\t<\/div>\n\t\t\t\t<\/a>\n\t\t<\/div>\n\t\t<div class=\"info-wrapper\">\n\t\t<div class=\"info-body\">\n\t\t\t<span class=\"favouritebtn\"><button class=\"simplefavorite-button\" data-postid=\"522\" data-siteid=\"1\" data-groupid=\"1\" data-favoritecount=\"17\" style=\"\">Favorite <i class=\"sf-icon-star-empty\"><\/i><\/button> <\/span>\n\t\t\t<div class=\"wrap-classification\">\n\t\t\t\t<h4 class=\"title-container\">\n\t\t\t\t\t<a href=\"https:\/\/www.ferienwohnungen-garmischpartenkirchen.de\/de\/unterkuenfte\/loewenzahn\/?adults=2\">L\u00f6wenzahn<\/a>\n\t\t\t\t<\/h4>\n\t\t\t<\/div>\n\t\t\t<p class=\"unit-region\">\n\t\t\t\t<span>Grainau<\/span>\n\t\t\t<\/p>\n\t\t\t<div>\n\t\t\t\t\t\t\t\t\t<div class=\"additional-results-wrapper\">\n\t\t\t\t\t\t\t\t\t\t\t\t\t\t\t\t\t<\/div>\n\t\t\t\t\t\t\t<\/div>\n\t\t\t<div class=\"details-wrapper\">\n\t\t\t\t<ul>\n\t\t\t\t\t<li><span class=\"wrap-value\">3 G\u00e4ste<\/li>\t\t\t\t\t<span class=\"saperator\"><\/span>\n\t\t\t\t\t<li><span class=\"wrap-value\">2 Schlafzimmer<\/span><\/li>\t\t\t\t\t<!-- <li><span class=\"wrap-value\">2<\/span> Schlafzimmer<\/li> -->\n\t\t\t\t\t<span class=\"saperator\"><\/span>\n\t\t\t\t\t<li class=\"list_rating\"><span class=\"wrap-value\">4.7<\/span>&nbsp;<img decoding=\"async\" src=\"\/wp-content\/themes\/mahr\/assets\/images\/star-solid.svg\"\/><\/li> <span class=\"saperator\"><\/span>\t\t\t\t\t<li>\n\t\t\t\t\t\t<div class=\"info-footer\">\n\t\t\t\t\t\t\t<div class=\"price-container\">\n\t\t\t\t\t\t\t\t<!-- <a href=\"https:\/\/www.ferienwohnungen-garmischpartenkirchen.de\/de\/unterkuenfte\/loewenzahn\/?adults=2\" class=\"price-button\"><div class=\"showprice \"><span class=\"price\" data-price=\"8900\">89,00<\/span> <span class=\"currency\">&euro;<\/span> <\/div><\/a> -->\n\t\t\t\t\t\t\t\t\t\t\t\t\t\t\t\t<div class=\"showprice \"><span class=\"price\" data-price=\"8900\">89,00<\/span> <span class=\"currency\">&euro;<\/span> <\/div>\n\t\t\t\t\t\t\t<\/div>\n\t\t\t\t\t\t<\/div>\n\t\t\t\t\t<\/li>\n\t\t\t\t<\/ul>\n\t\t\t<\/div>\n\t\t<\/div>\n\t\t<!-- <div class=\"info-footer\">\n\t\t\t<div class=\"price-container\">\n\t\t\t\t<a href=\"https:\/\/www.ferienwohnungen-garmischpartenkirchen.de\/de\/unterkuenfte\/loewenzahn\/?adults=2\" class=\"price-button\"><div class=\"showprice \"><span class=\"price\" data-price=\"8900\">89,00<\/span> <span class=\"currency\">&euro;<\/span> <\/div><\/a>\n\t\t\t\t\t\t\t\t<div class=\"showprice \"><span class=\"price\" data-price=\"8900\">89,00<\/span> <span class=\"currency\">&euro;<\/span> <\/div>\n\t\t\t<\/div>\n\t\t<\/div> -->\n\t<\/div>\n<\/div><div class=\"unitcontent-wrapper unitcontent-alternatives-wrapper\">\n\t\t\t<div class=\"image-wrapper\">\n\t\t\t<a href=\"https:\/\/www.ferienwohnungen-garmischpartenkirchen.de\/de\/unterkuenfte\/maigloeckerl\/?adults=2\">\n\t\t\t\t\t<div id=\"slider\" class=\"flexslider\">\n\t\t\t\t\t\t\t\t\t\t\t\t<ul class=\"slides\">\n\t\t\t\t\t\t\t\t\t\t\t\t\t\t\t<li>\n\t\t\t\t\t\t\t\t\t<img\n\t\t\t\t\t\t\t\t\tclass=\"lazy\"\n\t\t\t\t\t\t\t\t\tsrc=\"\"\n\t\t\t\t\t\t\t\t\tdata-src=\"https:\/\/www.ferienwohnungen-garmischpartenkirchen.de\/wp-content\/uploads\/2024\/06\/mf3721910-500x500.jpg\"\n\t\t\t\t\t\t\t\t\talt=\"Wohnzimmer mit Sofa in Ferienwohnung in Garmisch-Partenkirchen\"\n\t\t\t\t\t\t\t\t\tloading=\"lazy\"\n\t\t\t\t\t\t\t\t\tdecoding=\"async\">\n\t\t\t\t\t\t\t\t\t<!-- <img decoding=\"async\" class=\"lazy\" src=\"\" data-src=\"\" alt=\"\" \/> -->\n\t\t\t\t\t\t\t\t<\/li>\n\t\t\t\t\t\t\t\t\t\t\t\t\t\t\t<li>\n\t\t\t\t\t\t\t\t\t<img\n\t\t\t\t\t\t\t\t\tclass=\"lazy\"\n\t\t\t\t\t\t\t\t\tsrc=\"\"\n\t\t\t\t\t\t\t\t\tdata-src=\"https:\/\/www.ferienwohnungen-garmischpartenkirchen.de\/wp-content\/uploads\/2024\/06\/mf3721892-500x500.jpg\"\n\t\t\t\t\t\t\t\t\talt=\"Doppelbettzimmer mit rotem Hirsch Umriss in Ferienwohnung in Garmisch-Partenkirchen\"\n\t\t\t\t\t\t\t\t\tloading=\"lazy\"\n\t\t\t\t\t\t\t\t\tdecoding=\"async\">\n\t\t\t\t\t\t\t\t\t<!-- <img decoding=\"async\" class=\"lazy\" src=\"\" data-src=\"\" alt=\"\" \/> -->\n\t\t\t\t\t\t\t\t<\/li>\n\t\t\t\t\t\t\t\t\t\t\t\t\t\t\t<li>\n\t\t\t\t\t\t\t\t\t<img\n\t\t\t\t\t\t\t\t\tclass=\"lazy\"\n\t\t\t\t\t\t\t\t\tsrc=\"\"\n\t\t\t\t\t\t\t\t\tdata-src=\"https:\/\/www.ferienwohnungen-garmischpartenkirchen.de\/wp-content\/uploads\/2024\/06\/mf3721898-500x500.jpg\"\n\t\t\t\t\t\t\t\t\talt=\"Badezimmer mit Badewanne in Ferienwohnung in Garmisch-Partenkirchen\"\n\t\t\t\t\t\t\t\t\tloading=\"lazy\"\n\t\t\t\t\t\t\t\t\tdecoding=\"async\">\n\t\t\t\t\t\t\t\t\t<!-- <img decoding=\"async\" class=\"lazy\" src=\"\" data-src=\"\" alt=\"\" \/> -->\n\t\t\t\t\t\t\t\t<\/li>\n\t\t\t\t\t\t\t\t\t\t\t\t\t\t\t<li>\n\t\t\t\t\t\t\t\t\t<img\n\t\t\t\t\t\t\t\t\tclass=\"lazy\"\n\t\t\t\t\t\t\t\t\tsrc=\"\"\n\t\t\t\t\t\t\t\t\tdata-src=\"https:\/\/www.ferienwohnungen-garmischpartenkirchen.de\/wp-content\/uploads\/2024\/06\/mf3721908-500x500.jpg\"\n\t\t\t\t\t\t\t\t\talt=\"Essbereich mit St\u00fchlen in Ferienwohnung in Garmisch-Partenkirchen\"\n\t\t\t\t\t\t\t\t\tloading=\"lazy\"\n\t\t\t\t\t\t\t\t\tdecoding=\"async\">\n\t\t\t\t\t\t\t\t\t<!-- <img decoding=\"async\" class=\"lazy\" src=\"\" data-src=\"\" alt=\"\" \/> -->\n\t\t\t\t\t\t\t\t<\/li>\n\t\t\t\t\t\t\t\t\t\t\t\t\t\t\t<li>\n\t\t\t\t\t\t\t\t\t<img\n\t\t\t\t\t\t\t\t\tclass=\"lazy\"\n\t\t\t\t\t\t\t\t\tsrc=\"\"\n\t\t\t\t\t\t\t\t\tdata-src=\"https:\/\/www.ferienwohnungen-garmischpartenkirchen.de\/wp-content\/uploads\/2024\/06\/mf3721921-500x500.jpg\"\n\t\t\t\t\t\t\t\t\talt=\"Terrasse mit Garten in Ferienwohnung in Garmisch-Partenkirchen\"\n\t\t\t\t\t\t\t\t\tloading=\"lazy\"\n\t\t\t\t\t\t\t\t\tdecoding=\"async\">\n\t\t\t\t\t\t\t\t\t<!-- <img decoding=\"async\" class=\"lazy\" src=\"\" data-src=\"\" alt=\"\" \/> -->\n\t\t\t\t\t\t\t\t<\/li>\n\t\t\t\t\t\t\t\t\t\t\t\t\t<\/ul>\n\t\t\t\t\t<\/div>\n\t\t\t\t<\/a>\n\t\t<\/div>\n\t\t<div class=\"info-wrapper\">\n\t\t<div class=\"info-body\">\n\t\t\t<span class=\"favouritebtn\"><button class=\"simplefavorite-button\" data-postid=\"521\" data-siteid=\"1\" data-groupid=\"1\" data-favoritecount=\"13\" style=\"\">Favorite <i class=\"sf-icon-star-empty\"><\/i><\/button> <\/span>\n\t\t\t<div class=\"wrap-classification\">\n\t\t\t\t<h4 class=\"title-container\">\n\t\t\t\t\t<a href=\"https:\/\/www.ferienwohnungen-garmischpartenkirchen.de\/de\/unterkuenfte\/maigloeckerl\/?adults=2\">Maigl\u00f6ckerl<\/a>\n\t\t\t\t<\/h4>\n\t\t\t<\/div>\n\t\t\t<p class=\"unit-region\">\n\t\t\t\t<span>Grainau<\/span>\n\t\t\t<\/p>\n\t\t\t<div>\n\t\t\t\t\t\t\t\t\t<div class=\"additional-results-wrapper\">\n\t\t\t\t\t\t\t\t\t\t\t\t\t\t\t\t\t<\/div>\n\t\t\t\t\t\t\t<\/div>\n\t\t\t<div class=\"details-wrapper\">\n\t\t\t\t<ul>\n\t\t\t\t\t<li><span class=\"wrap-value\">4 G\u00e4ste<\/li>\t\t\t\t\t<span class=\"saperator\"><\/span>\n\t\t\t\t\t<li><span class=\"wrap-value\">2 Schlafzimmer<\/span><\/li>\t\t\t\t\t<!-- <li><span class=\"wrap-value\">2<\/span> Schlafzimmer<\/li> -->\n\t\t\t\t\t<span class=\"saperator\"><\/span>\n\t\t\t\t\t<li class=\"list_rating\"><span class=\"wrap-value\">4.8<\/span>&nbsp;<img decoding=\"async\" src=\"\/wp-content\/themes\/mahr\/assets\/images\/star-solid.svg\"\/><\/li> <span class=\"saperator\"><\/span>\t\t\t\t\t<li>\n\t\t\t\t\t\t<div class=\"info-footer\">\n\t\t\t\t\t\t\t<div class=\"price-container\">\n\t\t\t\t\t\t\t\t<!-- <a href=\"https:\/\/www.ferienwohnungen-garmischpartenkirchen.de\/de\/unterkuenfte\/maigloeckerl\/?adults=2\" class=\"price-button\"><div class=\"showprice \"><span class=\"price\" data-price=\"11900\">119,00<\/span> <span class=\"currency\">&euro;<\/span> <\/div><\/a> -->\n\t\t\t\t\t\t\t\t\t\t\t\t\t\t\t\t<div class=\"showprice \"><span class=\"price\" data-price=\"11900\">119,00<\/span> <span class=\"currency\">&euro;<\/span> <\/div>\n\t\t\t\t\t\t\t<\/div>\n\t\t\t\t\t\t<\/div>\n\t\t\t\t\t<\/li>\n\t\t\t\t<\/ul>\n\t\t\t<\/div>\n\t\t<\/div>\n\t\t<!-- <div class=\"info-footer\">\n\t\t\t<div class=\"price-container\">\n\t\t\t\t<a href=\"https:\/\/www.ferienwohnungen-garmischpartenkirchen.de\/de\/unterkuenfte\/maigloeckerl\/?adults=2\" class=\"price-button\"><div class=\"showprice \"><span class=\"price\" data-price=\"11900\">119,00<\/span> <span class=\"currency\">&euro;<\/span> <\/div><\/a>\n\t\t\t\t\t\t\t\t<div class=\"showprice \"><span class=\"price\" data-price=\"11900\">119,00<\/span> <span class=\"currency\">&euro;<\/span> <\/div>\n\t\t\t<\/div>\n\t\t<\/div> -->\n\t<\/div>\n<\/div><div class=\"unitcontent-wrapper unitcontent-alternatives-wrapper\">\n\t\t\t<div class=\"image-wrapper\">\n\t\t\t<a href=\"https:\/\/www.ferienwohnungen-garmischpartenkirchen.de\/de\/unterkuenfte\/alpen-chalet\/?adults=2\">\n\t\t\t\t\t<div id=\"slider\" class=\"flexslider\">\n\t\t\t\t\t\t\t\t\t\t\t\t<ul class=\"slides\">\n\t\t\t\t\t\t\t\t\t\t\t\t\t\t\t<li>\n\t\t\t\t\t\t\t\t\t<img\n\t\t\t\t\t\t\t\t\tclass=\"lazy\"\n\t\t\t\t\t\t\t\t\tsrc=\"\"\n\t\t\t\t\t\t\t\t\tdata-src=\"https:\/\/www.ferienwohnungen-garmischpartenkirchen.de\/wp-content\/uploads\/2024\/06\/mf3698909-500x500.jpg\"\n\t\t\t\t\t\t\t\t\talt=\"schwarzes Sofa in Ferienwohnung in Garmisch-Partenkirchen\"\n\t\t\t\t\t\t\t\t\tloading=\"lazy\"\n\t\t\t\t\t\t\t\t\tdecoding=\"async\">\n\t\t\t\t\t\t\t\t\t<!-- <img decoding=\"async\" class=\"lazy\" src=\"\" data-src=\"\" alt=\"\" \/> -->\n\t\t\t\t\t\t\t\t<\/li>\n\t\t\t\t\t\t\t\t\t\t\t\t\t\t\t<li>\n\t\t\t\t\t\t\t\t\t<img\n\t\t\t\t\t\t\t\t\tclass=\"lazy\"\n\t\t\t\t\t\t\t\t\tsrc=\"\"\n\t\t\t\t\t\t\t\t\tdata-src=\"https:\/\/www.ferienwohnungen-garmischpartenkirchen.de\/wp-content\/uploads\/2024\/06\/mf3698940-500x500.jpg\"\n\t\t\t\t\t\t\t\t\talt=\"Garten in Ferienwohnung in Garmisch-Partenkirchen\"\n\t\t\t\t\t\t\t\t\tloading=\"lazy\"\n\t\t\t\t\t\t\t\t\tdecoding=\"async\">\n\t\t\t\t\t\t\t\t\t<!-- <img decoding=\"async\" class=\"lazy\" src=\"\" data-src=\"\" alt=\"\" \/> -->\n\t\t\t\t\t\t\t\t<\/li>\n\t\t\t\t\t\t\t\t\t\t\t\t\t\t\t<li>\n\t\t\t\t\t\t\t\t\t<img\n\t\t\t\t\t\t\t\t\tclass=\"lazy\"\n\t\t\t\t\t\t\t\t\tsrc=\"\"\n\t\t\t\t\t\t\t\t\tdata-src=\"https:\/\/www.ferienwohnungen-garmischpartenkirchen.de\/wp-content\/uploads\/2024\/06\/mf10327805-500x500.jpg\"\n\t\t\t\t\t\t\t\t\talt=\"Liegen und Sauna in Ferienwohnung in Garmisch-Partenkirchen\"\n\t\t\t\t\t\t\t\t\tloading=\"lazy\"\n\t\t\t\t\t\t\t\t\tdecoding=\"async\">\n\t\t\t\t\t\t\t\t\t<!-- <img decoding=\"async\" class=\"lazy\" src=\"\" data-src=\"\" alt=\"\" \/> -->\n\t\t\t\t\t\t\t\t<\/li>\n\t\t\t\t\t\t\t\t\t\t\t\t\t\t\t<li>\n\t\t\t\t\t\t\t\t\t<img\n\t\t\t\t\t\t\t\t\tclass=\"lazy\"\n\t\t\t\t\t\t\t\t\tsrc=\"\"\n\t\t\t\t\t\t\t\t\tdata-src=\"https:\/\/www.ferienwohnungen-garmischpartenkirchen.de\/wp-content\/uploads\/2024\/06\/mf3698893-500x500.jpg\"\n\t\t\t\t\t\t\t\t\talt=\"Doppelzimmer mit Fernseher in Ferienwohnung in Garmisch-Partenkirchen\"\n\t\t\t\t\t\t\t\t\tloading=\"lazy\"\n\t\t\t\t\t\t\t\t\tdecoding=\"async\">\n\t\t\t\t\t\t\t\t\t<!-- <img decoding=\"async\" class=\"lazy\" src=\"\" data-src=\"\" alt=\"\" \/> -->\n\t\t\t\t\t\t\t\t<\/li>\n\t\t\t\t\t\t\t\t\t\t\t\t\t\t\t<li>\n\t\t\t\t\t\t\t\t\t<img\n\t\t\t\t\t\t\t\t\tclass=\"lazy\"\n\t\t\t\t\t\t\t\t\tsrc=\"\"\n\t\t\t\t\t\t\t\t\tdata-src=\"https:\/\/www.ferienwohnungen-garmischpartenkirchen.de\/wp-content\/uploads\/2024\/06\/mf3698904-500x500.jpg\"\n\t\t\t\t\t\t\t\t\talt=\"Wohnzimmer mit Sessel in Ferienwohnung in Garmisch-Partenkirchen\"\n\t\t\t\t\t\t\t\t\tloading=\"lazy\"\n\t\t\t\t\t\t\t\t\tdecoding=\"async\">\n\t\t\t\t\t\t\t\t\t<!-- <img decoding=\"async\" class=\"lazy\" src=\"\" data-src=\"\" alt=\"\" \/> -->\n\t\t\t\t\t\t\t\t<\/li>\n\t\t\t\t\t\t\t\t\t\t\t\t\t<\/ul>\n\t\t\t\t\t<\/div>\n\t\t\t\t<\/a>\n\t\t<\/div>\n\t\t<div class=\"info-wrapper\">\n\t\t<div class=\"info-body\">\n\t\t\t<span class=\"favouritebtn\"><button class=\"simplefavorite-button\" data-postid=\"523\" data-siteid=\"1\" data-groupid=\"1\" data-favoritecount=\"12\" style=\"\">Favorite <i class=\"sf-icon-star-empty\"><\/i><\/button> <\/span>\n\t\t\t<div class=\"wrap-classification\">\n\t\t\t\t<h4 class=\"title-container\">\n\t\t\t\t\t<a href=\"https:\/\/www.ferienwohnungen-garmischpartenkirchen.de\/de\/unterkuenfte\/alpen-chalet\/?adults=2\">Alpen Chalet<\/a>\n\t\t\t\t<\/h4>\n\t\t\t<\/div>\n\t\t\t<p class=\"unit-region\">\n\t\t\t\t<span>Garmisch-Partenkirchen<\/span>\n\t\t\t<\/p>\n\t\t\t<div>\n\t\t\t\t\t\t\t\t\t<div class=\"additional-results-wrapper\">\n\t\t\t\t\t\t\t\t\t\t\t\t\t\t\t\t\t<\/div>\n\t\t\t\t\t\t\t<\/div>\n\t\t\t<div class=\"details-wrapper\">\n\t\t\t\t<ul>\n\t\t\t\t\t<li><span class=\"wrap-value\">9 G\u00e4ste<\/li>\t\t\t\t\t<span class=\"saperator\"><\/span>\n\t\t\t\t\t<li><span class=\"wrap-value\">4 Schlafzimmer<\/span><\/li>\t\t\t\t\t<!-- <li><span class=\"wrap-value\">4<\/span> Schlafzimmer<\/li> -->\n\t\t\t\t\t<span class=\"saperator\"><\/span>\n\t\t\t\t\t<li class=\"list_rating\"><span class=\"wrap-value\">4.8<\/span>&nbsp;<img decoding=\"async\" src=\"\/wp-content\/themes\/mahr\/assets\/images\/star-solid.svg\"\/><\/li> <span class=\"saperator\"><\/span>\t\t\t\t\t<li>\n\t\t\t\t\t\t<div class=\"info-footer\">\n\t\t\t\t\t\t\t<div class=\"price-container\">\n\t\t\t\t\t\t\t\t<!-- <a href=\"https:\/\/www.ferienwohnungen-garmischpartenkirchen.de\/de\/unterkuenfte\/alpen-chalet\/?adults=2\" class=\"price-button\"><div class=\"showprice \"><span class=\"price\" data-price=\"23900\">239,00<\/span> <span class=\"currency\">&euro;<\/span> <\/div><\/a> -->\n\t\t\t\t\t\t\t\t\t\t\t\t\t\t\t\t<div class=\"showprice \"><span class=\"price\" data-price=\"23900\">239,00<\/span> <span class=\"currency\">&euro;<\/span> <\/div>\n\t\t\t\t\t\t\t<\/div>\n\t\t\t\t\t\t<\/div>\n\t\t\t\t\t<\/li>\n\t\t\t\t<\/ul>\n\t\t\t<\/div>\n\t\t<\/div>\n\t\t<!-- <div class=\"info-footer\">\n\t\t\t<div class=\"price-container\">\n\t\t\t\t<a href=\"https:\/\/www.ferienwohnungen-garmischpartenkirchen.de\/de\/unterkuenfte\/alpen-chalet\/?adults=2\" class=\"price-button\"><div class=\"showprice \"><span class=\"price\" data-price=\"23900\">239,00<\/span> <span class=\"currency\">&euro;<\/span> <\/div><\/a>\n\t\t\t\t\t\t\t\t<div class=\"showprice \"><span class=\"price\" data-price=\"23900\">239,00<\/span> <span class=\"currency\">&euro;<\/span> <\/div>\n\t\t\t<\/div>\n\t\t<\/div> -->\n\t<\/div>\n<\/div><div class=\"unitcontent-wrapper unitcontent-alternatives-wrapper\">\n\t\t\t<div class=\"image-wrapper\">\n\t\t\t<a href=\"https:\/\/www.ferienwohnungen-garmischpartenkirchen.de\/de\/unterkuenfte\/alpenblick\/?adults=2\">\n\t\t\t\t\t<div id=\"slider\" class=\"flexslider\">\n\t\t\t\t\t\t\t\t\t\t\t\t<ul class=\"slides\">\n\t\t\t\t\t\t\t\t\t\t\t\t\t\t\t<li>\n\t\t\t\t\t\t\t\t\t<img\n\t\t\t\t\t\t\t\t\tclass=\"lazy\"\n\t\t\t\t\t\t\t\t\tsrc=\"\"\n\t\t\t\t\t\t\t\t\tdata-src=\"https:\/\/www.ferienwohnungen-garmischpartenkirchen.de\/wp-content\/uploads\/2024\/06\/mf3625512-500x500.jpg\"\n\t\t\t\t\t\t\t\t\talt=\"Wohnzimmer mit Sessel in Ferienwohnung in Garmisch-Partenkirchen\"\n\t\t\t\t\t\t\t\t\tloading=\"lazy\"\n\t\t\t\t\t\t\t\t\tdecoding=\"async\">\n\t\t\t\t\t\t\t\t\t<!-- <img decoding=\"async\" class=\"lazy\" src=\"\" data-src=\"\" alt=\"\" \/> -->\n\t\t\t\t\t\t\t\t<\/li>\n\t\t\t\t\t\t\t\t\t\t\t\t\t\t\t<li>\n\t\t\t\t\t\t\t\t\t<img\n\t\t\t\t\t\t\t\t\tclass=\"lazy\"\n\t\t\t\t\t\t\t\t\tsrc=\"\"\n\t\t\t\t\t\t\t\t\tdata-src=\"https:\/\/www.ferienwohnungen-garmischpartenkirchen.de\/wp-content\/uploads\/2024\/06\/mf3625495-500x500.jpg\"\n\t\t\t\t\t\t\t\t\talt=\"Doppelbett mit Schr\u00e4ge in Ferienwohnung in Garmisch-Partenkirchen\"\n\t\t\t\t\t\t\t\t\tloading=\"lazy\"\n\t\t\t\t\t\t\t\t\tdecoding=\"async\">\n\t\t\t\t\t\t\t\t\t<!-- <img decoding=\"async\" class=\"lazy\" src=\"\" data-src=\"\" alt=\"\" \/> -->\n\t\t\t\t\t\t\t\t<\/li>\n\t\t\t\t\t\t\t\t\t\t\t\t\t\t\t<li>\n\t\t\t\t\t\t\t\t\t<img\n\t\t\t\t\t\t\t\t\tclass=\"lazy\"\n\t\t\t\t\t\t\t\t\tsrc=\"\"\n\t\t\t\t\t\t\t\t\tdata-src=\"https:\/\/www.ferienwohnungen-garmischpartenkirchen.de\/wp-content\/uploads\/2024\/06\/mf3625511-500x500.jpg\"\n\t\t\t\t\t\t\t\t\talt=\"Wohnzimmer mit Hockern und Fernsehre in Ferienwohnung in Garmisch-Partenkirchen\"\n\t\t\t\t\t\t\t\t\tloading=\"lazy\"\n\t\t\t\t\t\t\t\t\tdecoding=\"async\">\n\t\t\t\t\t\t\t\t\t<!-- <img decoding=\"async\" class=\"lazy\" src=\"\" data-src=\"\" alt=\"\" \/> -->\n\t\t\t\t\t\t\t\t<\/li>\n\t\t\t\t\t\t\t\t\t\t\t\t\t\t\t<li>\n\t\t\t\t\t\t\t\t\t<img\n\t\t\t\t\t\t\t\t\tclass=\"lazy\"\n\t\t\t\t\t\t\t\t\tsrc=\"\"\n\t\t\t\t\t\t\t\t\tdata-src=\"https:\/\/www.ferienwohnungen-garmischpartenkirchen.de\/wp-content\/uploads\/2024\/06\/mf3625528-500x500.jpg\"\n\t\t\t\t\t\t\t\t\talt=\"Aussicht in Ferienwohnung in Garmisch-Partenkirchen\"\n\t\t\t\t\t\t\t\t\tloading=\"lazy\"\n\t\t\t\t\t\t\t\t\tdecoding=\"async\">\n\t\t\t\t\t\t\t\t\t<!-- <img decoding=\"async\" class=\"lazy\" src=\"\" data-src=\"\" alt=\"\" \/> -->\n\t\t\t\t\t\t\t\t<\/li>\n\t\t\t\t\t\t\t\t\t\t\t\t\t\t\t<li>\n\t\t\t\t\t\t\t\t\t<img\n\t\t\t\t\t\t\t\t\tclass=\"lazy\"\n\t\t\t\t\t\t\t\t\tsrc=\"\"\n\t\t\t\t\t\t\t\t\tdata-src=\"https:\/\/www.ferienwohnungen-garmischpartenkirchen.de\/wp-content\/uploads\/2024\/06\/mf3625517-500x500.jpg\"\n\t\t\t\t\t\t\t\t\talt=\"Sauna in Ferienwohnung in Garmisch-Partenkirchen\"\n\t\t\t\t\t\t\t\t\tloading=\"lazy\"\n\t\t\t\t\t\t\t\t\tdecoding=\"async\">\n\t\t\t\t\t\t\t\t\t<!-- <img decoding=\"async\" class=\"lazy\" src=\"\" data-src=\"\" alt=\"\" \/> -->\n\t\t\t\t\t\t\t\t<\/li>\n\t\t\t\t\t\t\t\t\t\t\t\t\t<\/ul>\n\t\t\t\t\t<\/div>\n\t\t\t\t<\/a>\n\t\t<\/div>\n\t\t<div class=\"info-wrapper\">\n\t\t<div class=\"info-body\">\n\t\t\t<span class=\"favouritebtn\"><button class=\"simplefavorite-button\" data-postid=\"529\" data-siteid=\"1\" data-groupid=\"1\" data-favoritecount=\"17\" style=\"\">Favorite <i class=\"sf-icon-star-empty\"><\/i><\/button> <\/span>\n\t\t\t<div class=\"wrap-classification\">\n\t\t\t\t<h4 class=\"title-container\">\n\t\t\t\t\t<a href=\"https:\/\/www.ferienwohnungen-garmischpartenkirchen.de\/de\/unterkuenfte\/alpenblick\/?adults=2\">Alpenblick<\/a>\n\t\t\t\t<\/h4>\n\t\t\t<\/div>\n\t\t\t<p class=\"unit-region\">\n\t\t\t\t<span>Garmisch-Partenkirchen<\/span>\n\t\t\t<\/p>\n\t\t\t<div>\n\t\t\t\t\t\t\t\t\t<div class=\"additional-results-wrapper\">\n\t\t\t\t\t\t\t\t\t\t\t\t\t\t\t\t\t<\/div>\n\t\t\t\t\t\t\t<\/div>\n\t\t\t<div class=\"details-wrapper\">\n\t\t\t\t<ul>\n\t\t\t\t\t<li><span class=\"wrap-value\">6 G\u00e4ste<\/li>\t\t\t\t\t<span class=\"saperator\"><\/span>\n\t\t\t\t\t<li><span class=\"wrap-value\">3 Schlafzimmer<\/span><\/li>\t\t\t\t\t<!-- <li><span class=\"wrap-value\">3<\/span> Schlafzimmer<\/li> -->\n\t\t\t\t\t<span class=\"saperator\"><\/span>\n\t\t\t\t\t<li class=\"list_rating\"><span class=\"wrap-value\">4.9<\/span>&nbsp;<img decoding=\"async\" src=\"\/wp-content\/themes\/mahr\/assets\/images\/star-solid.svg\"\/><\/li> <span class=\"saperator\"><\/span>\t\t\t\t\t<li>\n\t\t\t\t\t\t<div class=\"info-footer\">\n\t\t\t\t\t\t\t<div class=\"price-container\">\n\t\t\t\t\t\t\t\t<!-- <a href=\"https:\/\/www.ferienwohnungen-garmischpartenkirchen.de\/de\/unterkuenfte\/alpenblick\/?adults=2\" class=\"price-button\"><div class=\"showprice \"><span class=\"price\" data-price=\"14900\">149,00<\/span> <span class=\"currency\">&euro;<\/span> <\/div><\/a> -->\n\t\t\t\t\t\t\t\t\t\t\t\t\t\t\t\t<div class=\"showprice \"><span class=\"price\" data-price=\"14900\">149,00<\/span> <span class=\"currency\">&euro;<\/span> <\/div>\n\t\t\t\t\t\t\t<\/div>\n\t\t\t\t\t\t<\/div>\n\t\t\t\t\t<\/li>\n\t\t\t\t<\/ul>\n\t\t\t<\/div>\n\t\t<\/div>\n\t\t<!-- <div class=\"info-footer\">\n\t\t\t<div class=\"price-container\">\n\t\t\t\t<a href=\"https:\/\/www.ferienwohnungen-garmischpartenkirchen.de\/de\/unterkuenfte\/alpenblick\/?adults=2\" class=\"price-button\"><div class=\"showprice \"><span class=\"price\" data-price=\"14900\">149,00<\/span> <span class=\"currency\">&euro;<\/span> <\/div><\/a>\n\t\t\t\t\t\t\t\t<div class=\"showprice \"><span class=\"price\" data-price=\"14900\">149,00<\/span> <span class=\"currency\">&euro;<\/span> <\/div>\n\t\t\t<\/div>\n\t\t<\/div> -->\n\t<\/div>\n<\/div><div class=\"unitcontent-wrapper unitcontent-alternatives-wrapper\">\n\t\t\t<div class=\"image-wrapper\">\n\t\t\t<a href=\"https:\/\/www.ferienwohnungen-garmischpartenkirchen.de\/de\/unterkuenfte\/akelei\/?adults=2\">\n\t\t\t\t\t<div id=\"slider\" class=\"flexslider\">\n\t\t\t\t\t\t\t\t\t\t\t\t<ul class=\"slides\">\n\t\t\t\t\t\t\t\t\t\t\t\t\t\t\t<li>\n\t\t\t\t\t\t\t\t\t<img\n\t\t\t\t\t\t\t\t\tclass=\"lazy\"\n\t\t\t\t\t\t\t\t\tsrc=\"\"\n\t\t\t\t\t\t\t\t\tdata-src=\"https:\/\/www.ferienwohnungen-garmischpartenkirchen.de\/wp-content\/uploads\/2024\/06\/mf3709168-500x500.jpg\"\n\t\t\t\t\t\t\t\t\talt=\"Wohnzimmer mit Stehlampe in Ferienwohnung in Garmisch-Partenkirchen\"\n\t\t\t\t\t\t\t\t\tloading=\"lazy\"\n\t\t\t\t\t\t\t\t\tdecoding=\"async\">\n\t\t\t\t\t\t\t\t\t<!-- <img decoding=\"async\" class=\"lazy\" src=\"\" data-src=\"\" alt=\"\" \/> -->\n\t\t\t\t\t\t\t\t<\/li>\n\t\t\t\t\t\t\t\t\t\t\t\t\t\t\t<li>\n\t\t\t\t\t\t\t\t\t<img\n\t\t\t\t\t\t\t\t\tclass=\"lazy\"\n\t\t\t\t\t\t\t\t\tsrc=\"\"\n\t\t\t\t\t\t\t\t\tdata-src=\"https:\/\/www.ferienwohnungen-garmischpartenkirchen.de\/wp-content\/uploads\/2024\/06\/mf9565255-500x500.jpg\"\n\t\t\t\t\t\t\t\t\talt=\"Esszimmer mit Tisch und St\u00fchlen in Ferienwohnung in Garmisch-Partenkirchen\"\n\t\t\t\t\t\t\t\t\tloading=\"lazy\"\n\t\t\t\t\t\t\t\t\tdecoding=\"async\">\n\t\t\t\t\t\t\t\t\t<!-- <img decoding=\"async\" class=\"lazy\" src=\"\" data-src=\"\" alt=\"\" \/> -->\n\t\t\t\t\t\t\t\t<\/li>\n\t\t\t\t\t\t\t\t\t\t\t\t\t\t\t<li>\n\t\t\t\t\t\t\t\t\t<img\n\t\t\t\t\t\t\t\t\tclass=\"lazy\"\n\t\t\t\t\t\t\t\t\tsrc=\"\"\n\t\t\t\t\t\t\t\t\tdata-src=\"https:\/\/www.ferienwohnungen-garmischpartenkirchen.de\/wp-content\/uploads\/2024\/06\/mf3709178-500x500.jpg\"\n\t\t\t\t\t\t\t\t\talt=\"K\u00fcche mit Herd und Backofen in Ferienwohnung in Garmisch-Partenkirchen\"\n\t\t\t\t\t\t\t\t\tloading=\"lazy\"\n\t\t\t\t\t\t\t\t\tdecoding=\"async\">\n\t\t\t\t\t\t\t\t\t<!-- <img decoding=\"async\" class=\"lazy\" src=\"\" data-src=\"\" alt=\"\" \/> -->\n\t\t\t\t\t\t\t\t<\/li>\n\t\t\t\t\t\t\t\t\t\t\t\t\t\t\t<li>\n\t\t\t\t\t\t\t\t\t<img\n\t\t\t\t\t\t\t\t\tclass=\"lazy\"\n\t\t\t\t\t\t\t\t\tsrc=\"\"\n\t\t\t\t\t\t\t\t\tdata-src=\"https:\/\/www.ferienwohnungen-garmischpartenkirchen.de\/wp-content\/uploads\/2024\/06\/mf3709197-500x500.jpg\"\n\t\t\t\t\t\t\t\t\talt=\"Doppelbett mit Dachfenster in Ferienwohnung in Garmisch-Partenkirchen\"\n\t\t\t\t\t\t\t\t\tloading=\"lazy\"\n\t\t\t\t\t\t\t\t\tdecoding=\"async\">\n\t\t\t\t\t\t\t\t\t<!-- <img decoding=\"async\" class=\"lazy\" src=\"\" data-src=\"\" alt=\"\" \/> -->\n\t\t\t\t\t\t\t\t<\/li>\n\t\t\t\t\t\t\t\t\t\t\t\t\t\t\t<li>\n\t\t\t\t\t\t\t\t\t<img\n\t\t\t\t\t\t\t\t\tclass=\"lazy\"\n\t\t\t\t\t\t\t\t\tsrc=\"\"\n\t\t\t\t\t\t\t\t\tdata-src=\"https:\/\/www.ferienwohnungen-garmischpartenkirchen.de\/wp-content\/uploads\/2024\/06\/mf3709208-500x500.jpg\"\n\t\t\t\t\t\t\t\t\talt=\"Balkon mit Sitz in Ferienwohnung in Garmisch-Partenkirchen\"\n\t\t\t\t\t\t\t\t\tloading=\"lazy\"\n\t\t\t\t\t\t\t\t\tdecoding=\"async\">\n\t\t\t\t\t\t\t\t\t<!-- <img decoding=\"async\" class=\"lazy\" src=\"\" data-src=\"\" alt=\"\" \/> -->\n\t\t\t\t\t\t\t\t<\/li>\n\t\t\t\t\t\t\t\t\t\t\t\t\t<\/ul>\n\t\t\t\t\t<\/div>\n\t\t\t\t<\/a>\n\t\t<\/div>\n\t\t<div class=\"info-wrapper\">\n\t\t<div class=\"info-body\">\n\t\t\t<span class=\"favouritebtn\"><button class=\"simplefavorite-button\" data-postid=\"539\" data-siteid=\"1\" data-groupid=\"1\" data-favoritecount=\"6\" style=\"\">Favorite <i class=\"sf-icon-star-empty\"><\/i><\/button> <\/span>\n\t\t\t<div class=\"wrap-classification\">\n\t\t\t\t<h4 class=\"title-container\">\n\t\t\t\t\t<a href=\"https:\/\/www.ferienwohnungen-garmischpartenkirchen.de\/de\/unterkuenfte\/akelei\/?adults=2\">Akelei<\/a>\n\t\t\t\t<\/h4>\n\t\t\t<\/div>\n\t\t\t<p class=\"unit-region\">\n\t\t\t\t<span>Grainau<\/span>\n\t\t\t<\/p>\n\t\t\t<div>\n\t\t\t\t\t\t\t\t\t<div class=\"additional-results-wrapper\">\n\t\t\t\t\t\t\t\t\t\t\t\t\t\t\t\t\t<\/div>\n\t\t\t\t\t\t\t<\/div>\n\t\t\t<div class=\"details-wrapper\">\n\t\t\t\t<ul>\n\t\t\t\t\t<li><span class=\"wrap-value\">6 G\u00e4ste<\/li>\t\t\t\t\t<span class=\"saperator\"><\/span>\n\t\t\t\t\t<li><span class=\"wrap-value\">2 Schlafzimmer<\/span><\/li>\t\t\t\t\t<!-- <li><span class=\"wrap-value\">2<\/span> Schlafzimmer<\/li> -->\n\t\t\t\t\t<span class=\"saperator\"><\/span>\n\t\t\t\t\t<li class=\"list_rating\"><span class=\"wrap-value\">4.8<\/span>&nbsp;<img decoding=\"async\" src=\"\/wp-content\/themes\/mahr\/assets\/images\/star-solid.svg\"\/><\/li> <span class=\"saperator\"><\/span>\t\t\t\t\t<li>\n\t\t\t\t\t\t<div class=\"info-footer\">\n\t\t\t\t\t\t\t<div class=\"price-container\">\n\t\t\t\t\t\t\t\t<!-- <a href=\"https:\/\/www.ferienwohnungen-garmischpartenkirchen.de\/de\/unterkuenfte\/akelei\/?adults=2\" class=\"price-button\"><div class=\"showprice \"><span class=\"price\" data-price=\"10900\">109,00<\/span> <span class=\"currency\">&euro;<\/span> <\/div><\/a> -->\n\t\t\t\t\t\t\t\t\t\t\t\t\t\t\t\t<div class=\"showprice \"><span class=\"price\" data-price=\"10900\">109,00<\/span> <span class=\"currency\">&euro;<\/span> <\/div>\n\t\t\t\t\t\t\t<\/div>\n\t\t\t\t\t\t<\/div>\n\t\t\t\t\t<\/li>\n\t\t\t\t<\/ul>\n\t\t\t<\/div>\n\t\t<\/div>\n\t\t<!-- <div class=\"info-footer\">\n\t\t\t<div class=\"price-container\">\n\t\t\t\t<a href=\"https:\/\/www.ferienwohnungen-garmischpartenkirchen.de\/de\/unterkuenfte\/akelei\/?adults=2\" class=\"price-button\"><div class=\"showprice \"><span class=\"price\" data-price=\"10900\">109,00<\/span> <span class=\"currency\">&euro;<\/span> <\/div><\/a>\n\t\t\t\t\t\t\t\t<div class=\"showprice \"><span class=\"price\" data-price=\"10900\">109,00<\/span> <span class=\"currency\">&euro;<\/span> <\/div>\n\t\t\t<\/div>\n\t\t<\/div> -->\n\t<\/div>\n<\/div>                                <\/div>\n                                <div class=\"pagination-wrapper\">\n                                                                    <\/div>\n                                                        <div class=\"bewertung_block\">\n                                <img decoding=\"async\" src=\"\/wp-content\/themes\/mahr\/assets\/images\/icon22.png\">\n                                <h4>5546 Bewertungen<\/h4>\n                                <p>0 Unterkunft wurden im Schnitt mit 4.8 von 5 Sternen bewertet. <\/p>\n                            <\/div>\n                        <\/div>\n\n                    <\/div>\n\n                <\/div>\n            <\/div>\n        <\/main>\n    <\/div>\n<\/div>\n<!-- <div id=\"beon-spinner\">\n    <div class=\"beon-spinner-content\"><\/div>\n<\/div> -->\n<\/div>\n\t\t\t\t\t\t<\/div>\n\t\t\t\t<\/div>\n\t\t\t\t\t<\/div>\n\t\t\t\t<\/div>\n\t\t<div class=\"elementor-element elementor-element-d552fdf e-flex e-con-boxed e-con e-parent\" data-id=\"d552fdf\" data-element_type=\"container\" data-settings=\"{&quot;background_background&quot;:&quot;classic&quot;}\">\n\t\t\t\t\t<div class=\"e-con-inner\">\n\t\t\t\t<div class=\"elementor-element elementor-element-047d624 elementor-widget elementor-widget-spacer\" data-id=\"047d624\" data-element_type=\"widget\" data-widget_type=\"spacer.default\">\n\t\t\t\t<div class=\"elementor-widget-container\">\n\t\t\t\t\t\t\t<div class=\"elementor-spacer\">\n\t\t\t<div class=\"elementor-spacer-inner\"><\/div>\n\t\t<\/div>\n\t\t\t\t\t\t<\/div>\n\t\t\t\t<\/div>\n\t\t\t\t<div class=\"elementor-element elementor-element-0dce01b lastseen_icon elementor-widget elementor-widget-heading\" data-id=\"0dce01b\" data-element_type=\"widget\" data-widget_type=\"heading.default\">\n\t\t\t\t<div class=\"elementor-widget-container\">\n\t\t\t\t\t<h2 class=\"elementor-heading-title elementor-size-default\">Wellnesurlaub\n<br> <span class=\"beon_subheading_h2\">\nmit Mahr's Fewo-Vermittlung\n<\/span><\/h2>\t\t\t\t<\/div>\n\t\t\t\t<\/div>\n\t\t\t\t<div class=\"elementor-element elementor-element-25cd346 elementor-widget__width-initial elementor-widget-mobile__width-inherit elementor-widget elementor-widget-text-editor\" data-id=\"25cd346\" data-element_type=\"widget\" data-widget_type=\"text-editor.default\">\n\t\t\t\t<div class=\"elementor-widget-container\">\n\t\t\t\t\t\t\t\t\t<div class=\"sp\"><div class=\"inspectLayerContent block inspectRow\"><div class=\"content\"><div class=\"sp\"><div class=\"inspectLayerContent block inspectRow\"><div class=\"content\"><div class=\"sp\"><div class=\"inspectLayerContent block inspectRow\"><div class=\"content\"><div class=\"sp\"><div class=\"inspectLayerContent block inspectRow\"><div class=\"content\"><p>Erleben Sie ultimative Entspannung und Erholung in unseren liebevoll eingerichteten Ferienwohnungen und H\u00e4usern, die mit Wellness-Einrichtungen wie einer eigenen Sauna oder einem Dampfbad ausgestattet sind.<\/p><p>Von der ersten Minute an werden Sie die beruhigende und wohltuende Atmosph\u00e4re unserer Wellness-Wohnungen sp\u00fcren. Ob Sie sich nach einem aktiven Tag in der Natur in der W\u00e4rme der Sauna entspannen oder die reinigenden D\u00e4mpfe des Dampfbades genie\u00dfen m\u00f6chten \u2013 hier finden Sie den idealen Ort, um K\u00f6rper und Geist in Einklang zu bringen.<\/p><p>Lassen Sie den Alltagsstress hinter sich und tauchen Sie ein in eine Welt voller Ruhe und Entspannung, wo Ihr Wohlbefinden an erster Stelle steht.<\/p><p>Wir laden Sie ein, in unseren Ferienwohnungen einen unvergesslichen Urlaub zu erleben, der Ihre Batterien wieder aufl\u00e4dt und Sie mit neuer Lebensfreude erf\u00fcllt. Willkommen in Ihrem pers\u00f6nlichen Entspannungsparadies!<\/p><\/div><\/div><\/div><\/div><\/div><\/div><\/div><\/div><\/div><\/div><\/div><\/div>\t\t\t\t\t\t\t\t<\/div>\n\t\t\t\t<\/div>\n\t\t\t\t<div class=\"elementor-element elementor-element-3bcb48a elementor-widget elementor-widget-spacer\" data-id=\"3bcb48a\" data-element_type=\"widget\" data-widget_type=\"spacer.default\">\n\t\t\t\t<div class=\"elementor-widget-container\">\n\t\t\t\t\t\t\t<div class=\"elementor-spacer\">\n\t\t\t<div class=\"elementor-spacer-inner\"><\/div>\n\t\t<\/div>\n\t\t\t\t\t\t<\/div>\n\t\t\t\t<\/div>\n\t\t\t\t\t<\/div>\n\t\t\t\t<\/div>\n\t\t\t\t<\/div>\n\t\t","protected":false},"excerpt":{"rendered":"<p>Wellnesurlaub mit Mahr&#8217;s Fewo-Vermittlung Erleben Sie ultimative Entspannung und Erholung in unseren liebevoll eingerichteten Ferienwohnungen und H\u00e4usern, die mit Wellness-Einrichtungen wie einer eigenen Sauna oder einem Dampfbad ausgestattet sind. Von der ersten Minute an werden Sie die beruhigende und wohltuende Atmosph\u00e4re unserer Wellness-Wohnungen sp\u00fcren. Ob Sie sich nach einem aktiven Tag in der Natur in [&hellip;]<\/p>\n","protected":false},"author":1,"featured_media":7499,"parent":0,"menu_order":0,"comment_status":"closed","ping_status":"closed","template":"","meta":{"_acf_changed":false,"footnotes":""},"seitenarte":[15],"class_list":["post-4286","page","type-page","status-publish","has-post-thumbnail","hentry","seitenarte-landing-pages"],"acf":[],"yoast_head":"<!-- This site is optimized with the Yoast SEO plugin v26.6 - https:\/\/yoast.com\/wordpress\/plugins\/seo\/ -->\n<title>Wellnessurlaub in Garmisch - Mahr GmbH<\/title>\n<meta name=\"description\" content=\"Garmisch ist ideal um runterzukommen und den Alltag einmal ganz hinter sich zu lassen. Hier klicken f\u00fcr weitere Informationen.\" \/>\n<meta name=\"robots\" content=\"index, follow, max-snippet:-1, max-image-preview:large, max-video-preview:-1\" \/>\n<link rel=\"canonical\" href=\"https:\/\/www.ferienwohnungen-garmischpartenkirchen.de\/de\/wellnessurlaub-in-garmisch\/\" \/>\n<meta property=\"og:locale\" content=\"de_DE\" \/>\n<meta property=\"og:type\" content=\"article\" \/>\n<meta property=\"og:title\" content=\"Wellnessurlaub in Garmisch - Mahr GmbH\" \/>\n<meta property=\"og:description\" content=\"Garmisch ist ideal um runterzukommen und den Alltag einmal ganz hinter sich zu lassen. Hier klicken f\u00fcr weitere Informationen.\" \/>\n<meta property=\"og:url\" content=\"https:\/\/www.ferienwohnungen-garmischpartenkirchen.de\/de\/wellnessurlaub-in-garmisch\/\" \/>\n<meta property=\"og:site_name\" content=\"Mahr GmbH\" \/>\n<meta property=\"article:modified_time\" content=\"2024-08-14T13:07:02+00:00\" \/>\n<meta property=\"og:image\" content=\"https:\/\/www.ferienwohnungen-garmischpartenkirchen.de\/wp-content\/uploads\/2024\/07\/bench-6761310_640.jpg\" \/>\n\t<meta property=\"og:image:width\" content=\"640\" \/>\n\t<meta property=\"og:image:height\" content=\"427\" \/>\n\t<meta property=\"og:image:type\" content=\"image\/jpeg\" \/>\n<meta name=\"twitter:card\" content=\"summary_large_image\" \/>\n<meta name=\"twitter:label1\" content=\"Gesch\u00e4tzte Lesezeit\" \/>\n\t<meta name=\"twitter:data1\" content=\"1\u00a0Minute\" \/>\n<script type=\"application\/ld+json\" class=\"yoast-schema-graph\">{\"@context\":\"https:\/\/schema.org\",\"@graph\":[{\"@type\":\"WebPage\",\"@id\":\"https:\/\/www.ferienwohnungen-garmischpartenkirchen.de\/de\/wellnessurlaub-in-garmisch\/\",\"url\":\"https:\/\/www.ferienwohnungen-garmischpartenkirchen.de\/de\/wellnessurlaub-in-garmisch\/\",\"name\":\"Wellnessurlaub in Garmisch - Mahr GmbH\",\"isPartOf\":{\"@id\":\"https:\/\/www.ferienwohnungen-garmischpartenkirchen.de\/de\/#website\"},\"primaryImageOfPage\":{\"@id\":\"https:\/\/www.ferienwohnungen-garmischpartenkirchen.de\/de\/wellnessurlaub-in-garmisch\/#primaryimage\"},\"image\":{\"@id\":\"https:\/\/www.ferienwohnungen-garmischpartenkirchen.de\/de\/wellnessurlaub-in-garmisch\/#primaryimage\"},\"thumbnailUrl\":\"https:\/\/www.ferienwohnungen-garmischpartenkirchen.de\/wp-content\/uploads\/2024\/07\/bench-6761310_640.jpg\",\"datePublished\":\"2024-06-12T07:55:58+00:00\",\"dateModified\":\"2024-08-14T13:07:02+00:00\",\"description\":\"Garmisch ist ideal um runterzukommen und den Alltag einmal ganz hinter sich zu lassen. Hier klicken f\u00fcr weitere Informationen.\",\"breadcrumb\":{\"@id\":\"https:\/\/www.ferienwohnungen-garmischpartenkirchen.de\/de\/wellnessurlaub-in-garmisch\/#breadcrumb\"},\"inLanguage\":\"de\",\"potentialAction\":[{\"@type\":\"ReadAction\",\"target\":[\"https:\/\/www.ferienwohnungen-garmischpartenkirchen.de\/de\/wellnessurlaub-in-garmisch\/\"]}]},{\"@type\":\"ImageObject\",\"inLanguage\":\"de\",\"@id\":\"https:\/\/www.ferienwohnungen-garmischpartenkirchen.de\/de\/wellnessurlaub-in-garmisch\/#primaryimage\",\"url\":\"https:\/\/www.ferienwohnungen-garmischpartenkirchen.de\/wp-content\/uploads\/2024\/07\/bench-6761310_640.jpg\",\"contentUrl\":\"https:\/\/www.ferienwohnungen-garmischpartenkirchen.de\/wp-content\/uploads\/2024\/07\/bench-6761310_640.jpg\",\"width\":640,\"height\":427,\"caption\":\"Wellnessurlaub in Garmisch-Partenkirchen\"},{\"@type\":\"BreadcrumbList\",\"@id\":\"https:\/\/www.ferienwohnungen-garmischpartenkirchen.de\/de\/wellnessurlaub-in-garmisch\/#breadcrumb\",\"itemListElement\":[{\"@type\":\"ListItem\",\"position\":1,\"name\":\"Startseite\",\"item\":\"https:\/\/www.ferienwohnungen-garmischpartenkirchen.de\/de\/\"},{\"@type\":\"ListItem\",\"position\":2,\"name\":\"Wellnessurlaub in Garmisch\"}]},{\"@type\":\"WebSite\",\"@id\":\"https:\/\/www.ferienwohnungen-garmischpartenkirchen.de\/de\/#website\",\"url\":\"https:\/\/www.ferienwohnungen-garmischpartenkirchen.de\/de\/\",\"name\":\"Mahr GmbH\",\"description\":\"\",\"publisher\":{\"@id\":\"https:\/\/www.ferienwohnungen-garmischpartenkirchen.de\/de\/#organization\"},\"potentialAction\":[{\"@type\":\"SearchAction\",\"target\":{\"@type\":\"EntryPoint\",\"urlTemplate\":\"https:\/\/www.ferienwohnungen-garmischpartenkirchen.de\/de\/?s={search_term_string}\"},\"query-input\":{\"@type\":\"PropertyValueSpecification\",\"valueRequired\":true,\"valueName\":\"search_term_string\"}}],\"inLanguage\":\"de\"},{\"@type\":\"Organization\",\"@id\":\"https:\/\/www.ferienwohnungen-garmischpartenkirchen.de\/de\/#organization\",\"name\":\"Mahr GmbH\",\"url\":\"https:\/\/www.ferienwohnungen-garmischpartenkirchen.de\/de\/\",\"logo\":{\"@type\":\"ImageObject\",\"inLanguage\":\"de\",\"@id\":\"https:\/\/www.ferienwohnungen-garmischpartenkirchen.de\/de\/#\/schema\/logo\/image\/\",\"url\":\"https:\/\/www.ferienwohnungen-garmischpartenkirchen.de\/wp-content\/uploads\/2024\/06\/Wortbildmarke_Negativ-1024x253-1.png\",\"contentUrl\":\"https:\/\/www.ferienwohnungen-garmischpartenkirchen.de\/wp-content\/uploads\/2024\/06\/Wortbildmarke_Negativ-1024x253-1.png\",\"width\":1024,\"height\":253,\"caption\":\"Mahr GmbH\"},\"image\":{\"@id\":\"https:\/\/www.ferienwohnungen-garmischpartenkirchen.de\/de\/#\/schema\/logo\/image\/\"}}]}<\/script>\n<!-- \/ Yoast SEO plugin. -->","yoast_head_json":{"title":"Wellnessurlaub in Garmisch - Mahr GmbH","description":"Garmisch ist ideal um runterzukommen und den Alltag einmal ganz hinter sich zu lassen. Hier klicken f\u00fcr weitere Informationen.","robots":{"index":"index","follow":"follow","max-snippet":"max-snippet:-1","max-image-preview":"max-image-preview:large","max-video-preview":"max-video-preview:-1"},"canonical":"https:\/\/www.ferienwohnungen-garmischpartenkirchen.de\/de\/wellnessurlaub-in-garmisch\/","og_locale":"de_DE","og_type":"article","og_title":"Wellnessurlaub in Garmisch - Mahr GmbH","og_description":"Garmisch ist ideal um runterzukommen und den Alltag einmal ganz hinter sich zu lassen. Hier klicken f\u00fcr weitere Informationen.","og_url":"https:\/\/www.ferienwohnungen-garmischpartenkirchen.de\/de\/wellnessurlaub-in-garmisch\/","og_site_name":"Mahr GmbH","article_modified_time":"2024-08-14T13:07:02+00:00","og_image":[{"width":640,"height":427,"url":"https:\/\/www.ferienwohnungen-garmischpartenkirchen.de\/wp-content\/uploads\/2024\/07\/bench-6761310_640.jpg","type":"image\/jpeg"}],"twitter_card":"summary_large_image","twitter_misc":{"Gesch\u00e4tzte Lesezeit":"1\u00a0Minute"},"schema":{"@context":"https:\/\/schema.org","@graph":[{"@type":"WebPage","@id":"https:\/\/www.ferienwohnungen-garmischpartenkirchen.de\/de\/wellnessurlaub-in-garmisch\/","url":"https:\/\/www.ferienwohnungen-garmischpartenkirchen.de\/de\/wellnessurlaub-in-garmisch\/","name":"Wellnessurlaub in Garmisch - Mahr GmbH","isPartOf":{"@id":"https:\/\/www.ferienwohnungen-garmischpartenkirchen.de\/de\/#website"},"primaryImageOfPage":{"@id":"https:\/\/www.ferienwohnungen-garmischpartenkirchen.de\/de\/wellnessurlaub-in-garmisch\/#primaryimage"},"image":{"@id":"https:\/\/www.ferienwohnungen-garmischpartenkirchen.de\/de\/wellnessurlaub-in-garmisch\/#primaryimage"},"thumbnailUrl":"https:\/\/www.ferienwohnungen-garmischpartenkirchen.de\/wp-content\/uploads\/2024\/07\/bench-6761310_640.jpg","datePublished":"2024-06-12T07:55:58+00:00","dateModified":"2024-08-14T13:07:02+00:00","description":"Garmisch ist ideal um runterzukommen und den Alltag einmal ganz hinter sich zu lassen. Hier klicken f\u00fcr weitere Informationen.","breadcrumb":{"@id":"https:\/\/www.ferienwohnungen-garmischpartenkirchen.de\/de\/wellnessurlaub-in-garmisch\/#breadcrumb"},"inLanguage":"de","potentialAction":[{"@type":"ReadAction","target":["https:\/\/www.ferienwohnungen-garmischpartenkirchen.de\/de\/wellnessurlaub-in-garmisch\/"]}]},{"@type":"ImageObject","inLanguage":"de","@id":"https:\/\/www.ferienwohnungen-garmischpartenkirchen.de\/de\/wellnessurlaub-in-garmisch\/#primaryimage","url":"https:\/\/www.ferienwohnungen-garmischpartenkirchen.de\/wp-content\/uploads\/2024\/07\/bench-6761310_640.jpg","contentUrl":"https:\/\/www.ferienwohnungen-garmischpartenkirchen.de\/wp-content\/uploads\/2024\/07\/bench-6761310_640.jpg","width":640,"height":427,"caption":"Wellnessurlaub in Garmisch-Partenkirchen"},{"@type":"BreadcrumbList","@id":"https:\/\/www.ferienwohnungen-garmischpartenkirchen.de\/de\/wellnessurlaub-in-garmisch\/#breadcrumb","itemListElement":[{"@type":"ListItem","position":1,"name":"Startseite","item":"https:\/\/www.ferienwohnungen-garmischpartenkirchen.de\/de\/"},{"@type":"ListItem","position":2,"name":"Wellnessurlaub in Garmisch"}]},{"@type":"WebSite","@id":"https:\/\/www.ferienwohnungen-garmischpartenkirchen.de\/de\/#website","url":"https:\/\/www.ferienwohnungen-garmischpartenkirchen.de\/de\/","name":"Mahr GmbH","description":"","publisher":{"@id":"https:\/\/www.ferienwohnungen-garmischpartenkirchen.de\/de\/#organization"},"potentialAction":[{"@type":"SearchAction","target":{"@type":"EntryPoint","urlTemplate":"https:\/\/www.ferienwohnungen-garmischpartenkirchen.de\/de\/?s={search_term_string}"},"query-input":{"@type":"PropertyValueSpecification","valueRequired":true,"valueName":"search_term_string"}}],"inLanguage":"de"},{"@type":"Organization","@id":"https:\/\/www.ferienwohnungen-garmischpartenkirchen.de\/de\/#organization","name":"Mahr GmbH","url":"https:\/\/www.ferienwohnungen-garmischpartenkirchen.de\/de\/","logo":{"@type":"ImageObject","inLanguage":"de","@id":"https:\/\/www.ferienwohnungen-garmischpartenkirchen.de\/de\/#\/schema\/logo\/image\/","url":"https:\/\/www.ferienwohnungen-garmischpartenkirchen.de\/wp-content\/uploads\/2024\/06\/Wortbildmarke_Negativ-1024x253-1.png","contentUrl":"https:\/\/www.ferienwohnungen-garmischpartenkirchen.de\/wp-content\/uploads\/2024\/06\/Wortbildmarke_Negativ-1024x253-1.png","width":1024,"height":253,"caption":"Mahr GmbH"},"image":{"@id":"https:\/\/www.ferienwohnungen-garmischpartenkirchen.de\/de\/#\/schema\/logo\/image\/"}}]}},"_links":{"self":[{"href":"https:\/\/www.ferienwohnungen-garmischpartenkirchen.de\/de\/wp-json\/wp\/v2\/pages\/4286","targetHints":{"allow":["GET"]}}],"collection":[{"href":"https:\/\/www.ferienwohnungen-garmischpartenkirchen.de\/de\/wp-json\/wp\/v2\/pages"}],"about":[{"href":"https:\/\/www.ferienwohnungen-garmischpartenkirchen.de\/de\/wp-json\/wp\/v2\/types\/page"}],"author":[{"embeddable":true,"href":"https:\/\/www.ferienwohnungen-garmischpartenkirchen.de\/de\/wp-json\/wp\/v2\/users\/1"}],"replies":[{"embeddable":true,"href":"https:\/\/www.ferienwohnungen-garmischpartenkirchen.de\/de\/wp-json\/wp\/v2\/comments?post=4286"}],"version-history":[{"count":77,"href":"https:\/\/www.ferienwohnungen-garmischpartenkirchen.de\/de\/wp-json\/wp\/v2\/pages\/4286\/revisions"}],"predecessor-version":[{"id":13723,"href":"https:\/\/www.ferienwohnungen-garmischpartenkirchen.de\/de\/wp-json\/wp\/v2\/pages\/4286\/revisions\/13723"}],"wp:featuredmedia":[{"embeddable":true,"href":"https:\/\/www.ferienwohnungen-garmischpartenkirchen.de\/de\/wp-json\/wp\/v2\/media\/7499"}],"wp:attachment":[{"href":"https:\/\/www.ferienwohnungen-garmischpartenkirchen.de\/de\/wp-json\/wp\/v2\/media?parent=4286"}],"wp:term":[{"taxonomy":"seitenarte","embeddable":true,"href":"https:\/\/www.ferienwohnungen-garmischpartenkirchen.de\/de\/wp-json\/wp\/v2\/seitenarte?post=4286"}],"curies":[{"name":"wp","href":"https:\/\/api.w.org\/{rel}","templated":true}]}}