{"id":4296,"date":"2024-06-12T10:00:39","date_gmt":"2024-06-12T08:00:39","guid":{"rendered":"https:\/\/www.ferienwohnungen-garmischpartenkirchen.de\/?page_id=4296"},"modified":"2025-12-23T18:14:01","modified_gmt":"2025-12-23T17:14:01","slug":"objekte-mit-kamin-ofen","status":"publish","type":"page","link":"https:\/\/www.ferienwohnungen-garmischpartenkirchen.de\/de\/objekte-mit-kamin-ofen\/","title":{"rendered":"Objekte mit Kamin\/Ofen"},"content":{"rendered":"\t\t<div data-elementor-type=\"wp-page\" data-elementor-id=\"4296\" class=\"elementor elementor-4296\" data-elementor-post-type=\"page\">\n\t\t\t\t<div class=\"elementor-element elementor-element-8785851 e-con-full e-flex e-con e-parent\" data-id=\"8785851\" data-element_type=\"container\">\n\t\t<div class=\"elementor-element elementor-element-5550e49 e-flex e-con-boxed e-con e-child\" data-id=\"5550e49\" data-element_type=\"container\" data-settings=\"{&quot;background_background&quot;:&quot;classic&quot;}\">\n\t\t\t\t\t<div class=\"e-con-inner\">\n\t\t\t\t\t<\/div>\n\t\t\t\t<\/div>\n\t\t\t\t<\/div>\n\t\t<div class=\"elementor-element elementor-element-ccb7bf0 e-flex e-con-boxed e-con e-parent\" data-id=\"ccb7bf0\" data-element_type=\"container\">\n\t\t\t\t\t<div class=\"e-con-inner\">\n\t\t\t\t<div class=\"elementor-element elementor-element-031c561 elementor-widget elementor-widget-shortcode\" data-id=\"031c561\" data-element_type=\"widget\" data-widget_type=\"shortcode.default\">\n\t\t\t\t<div class=\"elementor-widget-container\">\n\t\t\t\t\t\t\t<div class=\"elementor-shortcode\"><div class=\"search\">\n    <div id=\"primary\" class=\"main-search\">\n        <main id=\"main\" class=\"site-main \" role=\"main\">\n            <div class=\"content-wrapper\">\n                <div class=\"searchform-wrapper\">\n                    <div class=\"property-wrapper\">\n                        <div class=\"left-colm\">\n                            <form id=\"searchform\" method=\"get\" action=\"https:\/\/www.ferienwohnungen-garmischpartenkirchen.de\/de\/suchen-buchen\/\" class=\"clearfix\" autocomplete=\"off\">\n                                <div class=\"form-group wrap-regions\">\n                                    <span class=\"icon-wrapper\"><img decoding=\"async\" src=\"\/wp-content\/themes\/mahr\/assets\/images\/form-ort.svg\"><\/span>\n                                    <!-- <select class=\"beon-select2\" name=\"region\"><option value=\"\">Ort<\/option><option value=\"6067\">Farchant<\/option><option value=\"6084\">Garmisch-Partenkirchen<\/option><option value=\"6069\">Grainau<\/option><\/select> -->\n                                    <select class=\"beon-select2\" name=\"region\">\n                                        <option value=\"\">Ort<\/option>\n                                        <option value=\"6067\" >Farchant<\/option><option value=\"6084\" >Garmisch-Partenkirchen<\/option><option value=\"6069\" >Grainau<\/option>                                    <\/select>\n                                <\/div>\n\n                                <div class=\"wrap-range\">\n                                    <div id=\"range\">\n\n                                        <div class=\"datepicker_combined\">\n                                            <span class=\"icon-wrapper\"><img decoding=\"async\" src=\"\/wp-content\/themes\/mahr\/assets\/images\/form-calander.svg\"><\/span>\n                                            <div class=\"combined_date_box\">\n                                                <div class=\"from-date-wrapper\">Reisezeitraum<\/div>\n                                                <div class=\"till-date-wrapper\"><\/div>\n                                            <\/div>\n                                        <\/div>\n                                    <\/div>\n                                    <div id=\"calender-wrapper\" class=\"form-tooltip\">\n                                        <div id=\"litepicker-wrapper\"><\/div>\n                                        <div id=\"nights-wrapper\">\n                                            <div class=\"night-label\">Reisedauer:<\/div>\n                                            <div id=\"calcNights\" class=\"calc-nights\">\n                                                <div class=\"nights_min-wrapper nightselect-wrapper\">\n                                                    <select id=\"nights_min\" name=\"nights_min\">\n                                                        <option value=\"0\"><\/option>\n                                                    <\/select>\n                                                <\/div>\n                                                <div class=\"nights_max-wrapper nightselect-wrapper\">\n                                                    <select id=\"nights_max\" name=\"nights_max\">\n                                                        <option value=\"0\"><\/option>\n                                                    <\/select>\n                                                <\/div>\n                                            <\/div>\n                                            <button id=\"calender_select\" type=\"button\">Daten \u00fcbernehmen<\/button>\n                                        <\/div>\n                                    <\/div>\n                                    <input type=\"hidden\" id=\"from\" value=\"\" placeholder=\"Von\" autocomplete=\"off\" name=\"from\">\n                                    <input type=\"hidden\" id=\"till\" value=\"\" placeholder=\"Bis\" autocomplete=\"off\" name=\"till\">\n                                <\/div>\n\n                                <div class=\"wrap-guests form-group\">\n                                    <span class=\"icon-wrapper\"><img decoding=\"async\" src=\"\/wp-content\/themes\/mahr\/assets\/images\/form-guest.svg\"><\/span>\n                                    <div id=\"guests\">G\u00e4ste<\/div>\n                                    <div class=\"toggleGuests form-tooltip\">\n                                        <div>\n                                            <input type=\"hidden\" id=\"adults\" name=\"adults\" autocomplete=\"off\" value=\"2\" step=\"1\" min=\"0\" max=\"\" readonly>\n                                            <label for=\"adults\">\n                                                <span>2<\/span>\n                                                <div> Erwachsene<\/div>\n                                            <\/label>\n                                            <button class=\"dec\" type=\"button\" data-name=\"adults\"><img decoding=\"async\" src=\"\/wp-content\/plugins\/beon-voffice\/assets\/images\/circle-minus-solid.svg\"><\/button>\n                                            <button class=\"inc\" type=\"button\" data-name=\"adults\"><img decoding=\"async\" src=\"\/wp-content\/plugins\/beon-voffice\/assets\/images\/circle-plus-solid.svg\"><\/button>\n                                        <\/div>\n                                        <div>\n                                            <input type=\"hidden\" id=\"children\" name=\"children\" autocomplete=\"off\" value=\"0\" step=\"1\" min=\"0\" max=\"\" readonly>\n                                            <label for=\"children\">\n                                                <span>0<\/span>\n                                                <div> Kinder bis 15 Jahren<\/div>\n                                            <\/label>\n                                            <button class=\"dec\" type=\"button\" data-name=\"children\"><img decoding=\"async\" src=\"\/wp-content\/plugins\/beon-voffice\/assets\/images\/circle-minus-solid.svg\"><\/button>\n                                            <button class=\"inc\" type=\"button\" data-name=\"children\"><img decoding=\"async\" src=\"\/wp-content\/plugins\/beon-voffice\/assets\/images\/circle-plus-solid.svg\"><\/button>\n                                        <\/div>\n                                        <div>\n                                            <input type=\"hidden\" id=\"babys\" name=\"babys\" autocomplete=\"off\" value=\"0\" step=\"1\" min=\"0\" max=\"1\" readonly>\n                                            <label for=\"babys\">\n                                                <span>0<\/span>\n                                                <div> Babies bis 1 Jahr<\/div>\n                                            <\/label>\n                                            <button class=\"dec\" type=\"button\" data-name=\"babys\"><img decoding=\"async\" src=\"\/wp-content\/plugins\/beon-voffice\/assets\/images\/circle-minus-solid.svg\"><\/button>\n                                            <button class=\"inc\" type=\"button\" data-name=\"babys\"><img decoding=\"async\" src=\"\/wp-content\/plugins\/beon-voffice\/assets\/images\/circle-plus-solid.svg\"><\/button>\n                                        <\/div>\n                                        <div>\n                                            <input type=\"hidden\" id=\"petsCount\" name=\"petsCount\" autocomplete=\"off\" value=\"0\" step=\"1\" min=\"0\" max=\"\" readonly>\n                                            <label for=\"petsCount\">\n                                                <span>0<\/span>\n                                                <div> Hunde<\/div>\n                                            <\/label>\n                                            <button class=\"dec\" type=\"button\" data-name=\"petsCount\"><img decoding=\"async\" src=\"\/wp-content\/plugins\/beon-voffice\/assets\/images\/circle-minus-solid.svg\"><\/button>\n                                            <button class=\"inc\" type=\"button\" data-name=\"petsCount\"><img decoding=\"async\" src=\"\/wp-content\/plugins\/beon-voffice\/assets\/images\/circle-plus-solid.svg\"><\/button>\n                                        <\/div>\n                                        <div class=\"guest-footer\">\n                                            <button type=\"button\" id=\"calcGuests\">Anwenden<\/button>\n                                        <\/div>\n                                    <\/div>\n                                <\/div>\n\n                                <div class=\"suchen-buchen-container\">\n                                    <input type=\"submit\" value=\"Suchen &amp; Buchen\">\n                                    <img decoding=\"async\" class=\"frontpage-submit-image\" src=\"\/wp-content\/themes\/mahr\/assets\/images\/noun-arrow.svg\" alt=\"Suchen\">\n                                <\/div>\n\n                                <!-- <img decoding=\"async\" class=\"frontpage-submit-image\" src=\"\/wp-content\/themes\/mahr\/assets\/images\/noun-arrow.svg\" alt=\"Suchen\"> -->\n                            <\/form>\n                            <button type=\"button\"  id=\"show_allfilter\">\n                                <h4>Filter<\/h3>\n                                <img decoding=\"async\" src=\"\/wp-content\/themes\/mahr\/assets\/images\/dropdown_arrow.svg\" alt=\"Arrow Down\">\n                            <\/button>\n                            <div class=\"filterpanel \">\n                                <div class=\"title-suche\">Filter<\/div>\n                                <div class=\"hide-filter hide-mobile-filter\">\n                                    <div class=\"wrap-filter\">\n                                        <div class=\"input-wrapper checkbox-wrapper\">\n\t\t\t  <label for=\"pets\">Haustierfreundlich<span class=\"checkbox-count\">(9)<\/span><input type=\"checkbox\" id=\"pets\" name=\"pets\" form=\"searchform\"><span class=\"checkmark\"><\/span><\/label>\n\t\t\t<\/div><div class=\"input-wrapper checkbox-wrapper\">\n\t\t\t  <label for=\"wifi\">WLAN<span class=\"checkbox-count\">(18)<\/span><input type=\"checkbox\" id=\"wifi\" name=\"wifi\" form=\"searchform\"><span class=\"checkmark\"><\/span><\/label>\n\t\t\t<\/div><div class=\"input-wrapper checkbox-wrapper\">\n\t\t\t  <label for=\"balcony\">Balkon<span class=\"checkbox-count\">(15)<\/span><input type=\"checkbox\" id=\"balcony\" name=\"balcony\" form=\"searchform\"><span class=\"checkmark\"><\/span><\/label>\n\t\t\t<\/div><div class=\"input-wrapper checkbox-wrapper\">\n\t\t\t  <label for=\"fireside\">Kaminofen<span class=\"checkbox-count\">(18)<\/span><input type=\"checkbox\" id=\"fireside\" name=\"fireside\" checked form=\"searchform\"><span class=\"checkmark\"><\/span><\/label>\n\t\t\t<\/div><div class=\"input-wrapper checkbox-wrapper\">\n\t\t\t  <label for=\"privateparking\">Privatparkplatz<span class=\"checkbox-count\">(18)<\/span><input type=\"checkbox\" id=\"privateparking\" name=\"privateparking\" form=\"searchform\"><span class=\"checkmark\"><\/span><\/label>\n\t\t\t<\/div><div class=\"input-wrapper checkbox-wrapper\">\n\t\t\t  <label for=\"terrace\">Terrasse<span class=\"checkbox-count\">(9)<\/span><input type=\"checkbox\" id=\"terrace\" name=\"terrace\" form=\"searchform\"><span class=\"checkmark\"><\/span><\/label>\n\t\t\t<\/div><div class=\"input-wrapper checkbox-wrapper\">\n\t\t\t  <label for=\"sauna\">Sauna<span class=\"checkbox-count\">(3)<\/span><input type=\"checkbox\" id=\"sauna\" name=\"sauna\" form=\"searchform\"><span class=\"checkmark\"><\/span><\/label>\n\t\t\t<\/div><div class=\"input-wrapper checkbox-wrapper\">\n\t\t\t  <label for=\"e-ladstation\">E-Ladestation<span class=\"checkbox-count\">(2)<\/span><input type=\"checkbox\" id=\"e-ladstation\" name=\"e-ladstation\" form=\"searchform\"><span class=\"checkmark\"><\/span><\/label>\n\t\t\t<\/div><div class=\"input-wrapper checkbox-wrapper\">\n\t\t\t  <label for=\"washer\">Waschmaschine<span class=\"checkbox-count\">(15)<\/span><input type=\"checkbox\" id=\"washer\" name=\"washer\" form=\"searchform\"><span class=\"checkmark\"><\/span><\/label>\n\t\t\t<\/div><div class=\"input-wrapper checkbox-wrapper\">\n\t\t\t  <label for=\"fahrrad\">Fahrradfreundlich <span class=\"checkbox-count\">(12)<\/span><input type=\"checkbox\" id=\"fahrrad\" name=\"fahrrad\" form=\"searchform\"><span class=\"checkmark\"><\/span><\/label>\n\t\t\t<\/div><div class=\"input-wrapper checkbox-wrapper\">\n\t\t\t  <label for=\"icheckin\">Check-In am Objekt<span class=\"checkbox-count\">(1)<\/span><input type=\"checkbox\" id=\"icheckin\" name=\"icheckin\" form=\"searchform\"><span class=\"checkmark\"><\/span><\/label>\n\t\t\t<\/div>                                    <\/div>\n                                <\/div>\n                            <\/div>\n                            <div class=\"directsearch\">\n                                <div class=\"title-suche\">Direkt Suche<\/div>\n                                <button class=\"objectid\"><div id=\"dropdown_search_units\"><select placeholder=\"Objektname\"><option value=\"\"><\/option><option value=https:\/\/www.ferienwohnungen-garmischpartenkirchen.de\/de\/unterkuenfte\/adlerhorst\/>Adlerhorst<\/a><\/option><option value=https:\/\/www.ferienwohnungen-garmischpartenkirchen.de\/de\/unterkuenfte\/akelei\/>Akelei<\/a><\/option><option value=https:\/\/www.ferienwohnungen-garmischpartenkirchen.de\/de\/unterkuenfte\/almrausch\/>Almrausch<\/a><\/option><option value=https:\/\/www.ferienwohnungen-garmischpartenkirchen.de\/de\/unterkuenfte\/almstueberl\/>Almst\u00fcberl<\/a><\/option><option value=https:\/\/www.ferienwohnungen-garmischpartenkirchen.de\/de\/unterkuenfte\/alpen-chalet\/>Alpen Chalet<\/a><\/option><option value=https:\/\/www.ferienwohnungen-garmischpartenkirchen.de\/de\/unterkuenfte\/alpen-loft\/>Alpen Loft<\/a><\/option><option value=https:\/\/www.ferienwohnungen-garmischpartenkirchen.de\/de\/unterkuenfte\/alpen-loggia\/>Alpen Loggia<\/a><\/option><option value=https:\/\/www.ferienwohnungen-garmischpartenkirchen.de\/de\/unterkuenfte\/alpenambiente\/>Alpenambiente<\/a><\/option><option value=https:\/\/www.ferienwohnungen-garmischpartenkirchen.de\/de\/unterkuenfte\/alpenblick\/>Alpenblick<\/a><\/option><option value=https:\/\/www.ferienwohnungen-garmischpartenkirchen.de\/de\/unterkuenfte\/alpenglueck\/>Alpengl\u00fcck<\/a><\/option><option value=https:\/\/www.ferienwohnungen-garmischpartenkirchen.de\/de\/unterkuenfte\/alpengluehen\/>Alpengl\u00fchen<\/a><\/option><option value=https:\/\/www.ferienwohnungen-garmischpartenkirchen.de\/de\/unterkuenfte\/alpenherz\/>Alpenherz<\/a><\/option><option value=https:\/\/www.ferienwohnungen-garmischpartenkirchen.de\/de\/unterkuenfte\/alpenhimmel\/>Alpenhimmel<\/a><\/option><option value=https:\/\/www.ferienwohnungen-garmischpartenkirchen.de\/de\/unterkuenfte\/alpenkieker\/>Alpenkieker<\/a><\/option><option value=https:\/\/www.ferienwohnungen-garmischpartenkirchen.de\/de\/unterkuenfte\/alpenkraehe\/>Alpenkr\u00e4he<\/a><\/option><option value=https:\/\/www.ferienwohnungen-garmischpartenkirchen.de\/de\/unterkuenfte\/alpenkraeuter\/>Alpenkr\u00e4uter<\/a><\/option><option value=https:\/\/www.ferienwohnungen-garmischpartenkirchen.de\/de\/unterkuenfte\/alpennest\/>Alpennest<\/a><\/option><option value=https:\/\/www.ferienwohnungen-garmischpartenkirchen.de\/de\/unterkuenfte\/alpenpanorama\/>Alpenpanorama<\/a><\/option><option value=https:\/\/www.ferienwohnungen-garmischpartenkirchen.de\/de\/unterkuenfte\/alpenpuls\/>AlpenPuls<\/a><\/option><option value=https:\/\/www.ferienwohnungen-garmischpartenkirchen.de\/de\/unterkuenfte\/alpenrose\/>Alpenrose<\/a><\/option><option value=https:\/\/www.ferienwohnungen-garmischpartenkirchen.de\/de\/unterkuenfte\/alpensinfonie\/>Alpensinfonie<\/a><\/option><option value=https:\/\/www.ferienwohnungen-garmischpartenkirchen.de\/de\/unterkuenfte\/alpensonne\/>Alpensonne<\/a><\/option><option value=https:\/\/www.ferienwohnungen-garmischpartenkirchen.de\/de\/unterkuenfte\/alpenzauber\/>Alpenzauber<\/a><\/option><option value=https:\/\/www.ferienwohnungen-garmischpartenkirchen.de\/de\/unterkuenfte\/alpspitzstubn\/>AlpspitzStubn<\/a><\/option><option value=https:\/\/www.ferienwohnungen-garmischpartenkirchen.de\/de\/unterkuenfte\/am-josefibrunnen\/>am Josefibrunnen<\/a><\/option><option value=https:\/\/www.ferienwohnungen-garmischpartenkirchen.de\/de\/unterkuenfte\/am-kreuzjoch\/>Am Kreuzjoch<\/a><\/option><option value=https:\/\/www.ferienwohnungen-garmischpartenkirchen.de\/de\/unterkuenfte\/amici\/>Amici<\/a><\/option><option value=https:\/\/www.ferienwohnungen-garmischpartenkirchen.de\/de\/unterkuenfte\/atempause\/>Atempause<\/a><\/option><option value=https:\/\/www.ferienwohnungen-garmischpartenkirchen.de\/de\/unterkuenfte\/ausblick\/>Ausblick<\/a><\/option><option value=https:\/\/www.ferienwohnungen-garmischpartenkirchen.de\/de\/unterkuenfte\/aussicht\/>Aussicht<\/a><\/option><option value=https:\/\/www.ferienwohnungen-garmischpartenkirchen.de\/de\/unterkuenfte\/auszeit-maisonette\/>Auszeit-Maisonette<\/a><\/option><option value=https:\/\/www.ferienwohnungen-garmischpartenkirchen.de\/de\/unterkuenfte\/bergglueck\/>Berggl\u00fcck<\/a><\/option><option value=https:\/\/www.ferienwohnungen-garmischpartenkirchen.de\/de\/unterkuenfte\/bergjuwel\/>Bergjuwel<\/a><\/option><option value=https:\/\/www.ferienwohnungen-garmischpartenkirchen.de\/de\/unterkuenfte\/bergluft\/>Bergluft<\/a><\/option><option value=https:\/\/www.ferienwohnungen-garmischpartenkirchen.de\/de\/unterkuenfte\/bergnah\/>Bergnah<\/a><\/option><option value=https:\/\/www.ferienwohnungen-garmischpartenkirchen.de\/de\/unterkuenfte\/bergnest\/>Bergnest<\/a><\/option><option value=https:\/\/www.ferienwohnungen-garmischpartenkirchen.de\/de\/unterkuenfte\/bergpanorama\/>Bergpanorama<\/a><\/option><option value=https:\/\/www.ferienwohnungen-garmischpartenkirchen.de\/de\/unterkuenfte\/bergwasser\/>Bergwasser<\/a><\/option><option value=https:\/\/www.ferienwohnungen-garmischpartenkirchen.de\/de\/unterkuenfte\/bergwiese\/>Bergwiese<\/a><\/option><option value=https:\/\/www.ferienwohnungen-garmischpartenkirchen.de\/de\/unterkuenfte\/bergzauber\/>Bergzauber<\/a><\/option><option value=https:\/\/www.ferienwohnungen-garmischpartenkirchen.de\/de\/unterkuenfte\/bergzeit\/>Bergzeit<\/a><\/option><option value=https:\/\/www.ferienwohnungen-garmischpartenkirchen.de\/de\/unterkuenfte\/bernadein\/>Bernadein<\/a><\/option><option value=https:\/\/www.ferienwohnungen-garmischpartenkirchen.de\/de\/unterkuenfte\/dreh\/>Dreh<\/a><\/option><option value=https:\/\/www.ferienwohnungen-garmischpartenkirchen.de\/de\/unterkuenfte\/dreitorspitzblick\/>Dreitorspitzblick<\/a><\/option><option value=https:\/\/www.ferienwohnungen-garmischpartenkirchen.de\/de\/unterkuenfte\/edelrose\/>Edelrose<\/a><\/option><option value=https:\/\/www.ferienwohnungen-garmischpartenkirchen.de\/de\/unterkuenfte\/enzian\/>Enzian<\/a><\/option><option value=https:\/\/www.ferienwohnungen-garmischpartenkirchen.de\/de\/unterkuenfte\/falkenstein\/>Falkenstein<\/a><\/option><option value=https:\/\/www.ferienwohnungen-garmischpartenkirchen.de\/de\/unterkuenfte\/fernweh\/>Fernweh<\/a><\/option><option value=https:\/\/www.ferienwohnungen-garmischpartenkirchen.de\/de\/unterkuenfte\/freizeit\/>FreiZeit<\/a><\/option><option value=https:\/\/www.ferienwohnungen-garmischpartenkirchen.de\/de\/unterkuenfte\/fruehlingserwachen\/>Fr\u00fchlingserwachen<\/a><\/option><option value=https:\/\/www.ferienwohnungen-garmischpartenkirchen.de\/de\/unterkuenfte\/fuchsbau\/>Fuchsbau<\/a><\/option><option value=https:\/\/www.ferienwohnungen-garmischpartenkirchen.de\/de\/unterkuenfte\/gipfelglueck\/>Gipfelgl\u00fcck<\/a><\/option><option value=https:\/\/www.ferienwohnungen-garmischpartenkirchen.de\/de\/unterkuenfte\/gipfelkind\/>Gipfelkind<\/a><\/option><option value=https:\/\/www.ferienwohnungen-garmischpartenkirchen.de\/de\/unterkuenfte\/gipfelstuermer\/>Gipfelst\u00fcrmer<\/a><\/option><option value=https:\/\/www.ferienwohnungen-garmischpartenkirchen.de\/de\/unterkuenfte\/gluecksgriff\/>Gl\u00fccksgriff<\/a><\/option><option value=https:\/\/www.ferienwohnungen-garmischpartenkirchen.de\/de\/unterkuenfte\/grossa-waxlstoa\/>gro\u00dfa Waxlstoa<\/a><\/option><option value=https:\/\/www.ferienwohnungen-garmischpartenkirchen.de\/de\/unterkuenfte\/harmonie\/>Harmonie<\/a><\/option><option value=https:\/\/www.ferienwohnungen-garmischpartenkirchen.de\/de\/unterkuenfte\/haus-am-katzenbach\/>Haus am Katzenbach<\/a><\/option><option value=https:\/\/www.ferienwohnungen-garmischpartenkirchen.de\/de\/unterkuenfte\/haus-am-leitenfeld\/>Haus am Leitenfeld<\/a><\/option><option value=https:\/\/www.ferienwohnungen-garmischpartenkirchen.de\/de\/unterkuenfte\/haus-kreuzbichl\/>Haus Kreuzbichl<\/a><\/option><option value=https:\/\/www.ferienwohnungen-garmischpartenkirchen.de\/de\/unterkuenfte\/hausberg\/>Hausberg<\/a><\/option><option value=https:\/\/www.ferienwohnungen-garmischpartenkirchen.de\/de\/unterkuenfte\/herbstgold\/>Herbstgold<\/a><\/option><option value=https:\/\/www.ferienwohnungen-garmischpartenkirchen.de\/de\/unterkuenfte\/heuboden\/>Heuboden<\/a><\/option><option value=https:\/\/www.ferienwohnungen-garmischpartenkirchen.de\/de\/unterkuenfte\/heukammerl\/>Heukammerl<\/a><\/option><option value=https:\/\/www.ferienwohnungen-garmischpartenkirchen.de\/de\/unterkuenfte\/himmelreich\/>Himmelreich<\/a><\/option><option value=https:\/\/www.ferienwohnungen-garmischpartenkirchen.de\/de\/unterkuenfte\/hoamatgfuehl\/>Hoamatgf\u00fchl<\/a><\/option><option value=https:\/\/www.ferienwohnungen-garmischpartenkirchen.de\/de\/unterkuenfte\/hochgefuehl\/>Hochgef\u00fchl<\/a><\/option><option value=https:\/\/www.ferienwohnungen-garmischpartenkirchen.de\/de\/unterkuenfte\/hochstimmung\/>Hochstimmung<\/a><\/option><option value=https:\/\/www.ferienwohnungen-garmischpartenkirchen.de\/de\/unterkuenfte\/horn\/>Horn<\/a><\/option><option value=https:\/\/www.ferienwohnungen-garmischpartenkirchen.de\/de\/unterkuenfte\/jubigrat\/>Jubigrat<\/a><\/option><option value=https:\/\/www.ferienwohnungen-garmischpartenkirchen.de\/de\/unterkuenfte\/kandahar\/>Kandahar<\/a><\/option><option value=https:\/\/www.ferienwohnungen-garmischpartenkirchen.de\/de\/unterkuenfte\/kleeblatt\/>Kleeblatt<\/a><\/option><option value=https:\/\/www.ferienwohnungen-garmischpartenkirchen.de\/de\/unterkuenfte\/kloana-waxlstoa\/>kloana Waxlstoa<\/a><\/option><option value=https:\/\/www.ferienwohnungen-garmischpartenkirchen.de\/de\/unterkuenfte\/koenigsblick\/>K\u00f6nigsblick<\/a><\/option><option value=https:\/\/www.ferienwohnungen-garmischpartenkirchen.de\/de\/unterkuenfte\/koenigstand\/>K\u00f6nigstand<\/a><\/option><option value=https:\/\/www.ferienwohnungen-garmischpartenkirchen.de\/de\/unterkuenfte\/kramer-lodge\/>Kramer Lodge<\/a><\/option><option value=https:\/\/www.ferienwohnungen-garmischpartenkirchen.de\/de\/unterkuenfte\/kreuzeck\/>Kreuzeck<\/a><\/option><option value=https:\/\/www.ferienwohnungen-garmischpartenkirchen.de\/de\/unterkuenfte\/lebensfreude\/>Lebensfreude<\/a><\/option><option value=https:\/\/www.ferienwohnungen-garmischpartenkirchen.de\/de\/unterkuenfte\/lebenslust\/>Lebenslust<\/a><\/option><option value=https:\/\/www.ferienwohnungen-garmischpartenkirchen.de\/de\/unterkuenfte\/lexn-lodge\/>Lex&#8217;n Lodge<\/a><\/option><option value=https:\/\/www.ferienwohnungen-garmischpartenkirchen.de\/de\/unterkuenfte\/lichtblick\/>Lichtblick<\/a><\/option><option value=https:\/\/www.ferienwohnungen-garmischpartenkirchen.de\/de\/unterkuenfte\/loisach-haeusl\/>Loisach H\u00e4usl<\/a><\/option><option value=https:\/\/www.ferienwohnungen-garmischpartenkirchen.de\/de\/unterkuenfte\/loewenzahn\/>L\u00f6wenzahn<\/a><\/option><option value=https:\/\/www.ferienwohnungen-garmischpartenkirchen.de\/de\/unterkuenfte\/ludwig-27\/>Ludwig 27<\/a><\/option><option value=https:\/\/www.ferienwohnungen-garmischpartenkirchen.de\/de\/unterkuenfte\/ludwigschloessl\/>Ludwigschl\u00f6ssl<\/a><\/option><option value=https:\/\/www.ferienwohnungen-garmischpartenkirchen.de\/de\/unterkuenfte\/maigloeckerl\/>Maigl\u00f6ckerl<\/a><\/option><option value=https:\/\/www.ferienwohnungen-garmischpartenkirchen.de\/de\/unterkuenfte\/mittendrin\/>Mittendrin<\/a><\/option><option value=https:\/\/www.ferienwohnungen-garmischpartenkirchen.de\/de\/unterkuenfte\/murmeltier\/>Murmeltier<\/a><\/option><option value=https:\/\/www.ferienwohnungen-garmischpartenkirchen.de\/de\/unterkuenfte\/olympia\/>Olympia<\/a><\/option><option value=https:\/\/www.ferienwohnungen-garmischpartenkirchen.de\/de\/unterkuenfte\/panorama\/>Panorama<\/a><\/option><option value=https:\/\/www.ferienwohnungen-garmischpartenkirchen.de\/de\/unterkuenfte\/panoramablick-303\/>Panoramablick 303<\/a><\/option><option value=https:\/\/www.ferienwohnungen-garmischpartenkirchen.de\/de\/unterkuenfte\/partnach\/>Partnach<\/a><\/option><option value=https:\/\/www.ferienwohnungen-garmischpartenkirchen.de\/de\/unterkuenfte\/partnachauen\/>Partnachauen<\/a><\/option><option value=https:\/\/www.ferienwohnungen-garmischpartenkirchen.de\/de\/unterkuenfte\/reiselust\/>Reiselust<\/a><\/option><option value=https:\/\/www.ferienwohnungen-garmischpartenkirchen.de\/de\/unterkuenfte\/riverside\/>Riverside<\/a><\/option><option value=https:\/\/www.ferienwohnungen-garmischpartenkirchen.de\/de\/unterkuenfte\/romantik\/>Romantik<\/a><\/option><option value=https:\/\/www.ferienwohnungen-garmischpartenkirchen.de\/de\/unterkuenfte\/rosengartl\/>Rosengartl<\/a><\/option><option value=https:\/\/www.ferienwohnungen-garmischpartenkirchen.de\/de\/unterkuenfte\/rundblick\/>Rundblick<\/a><\/option><option value=https:\/\/www.ferienwohnungen-garmischpartenkirchen.de\/de\/unterkuenfte\/sommerfrische\/>Sommerfrische<\/a><\/option><option value=https:\/\/www.ferienwohnungen-garmischpartenkirchen.de\/de\/unterkuenfte\/sonnenhang\/>Sonnenhang<\/a><\/option><option value=https:\/\/www.ferienwohnungen-garmischpartenkirchen.de\/de\/unterkuenfte\/sonnenschein\/>Sonnenschein<\/a><\/option><option value=https:\/\/www.ferienwohnungen-garmischpartenkirchen.de\/de\/unterkuenfte\/sonnensteig\/>Sonnensteig<\/a><\/option><option value=https:\/\/www.ferienwohnungen-garmischpartenkirchen.de\/de\/unterkuenfte\/steinwild\/>Steinwild<\/a><\/option><option value=https:\/\/www.ferienwohnungen-garmischpartenkirchen.de\/de\/unterkuenfte\/weitblick\/>Weitblick<\/a><\/option><option value=https:\/\/www.ferienwohnungen-garmischpartenkirchen.de\/de\/unterkuenfte\/werdenfels\/>Werdenfels<\/a><\/option><option value=https:\/\/www.ferienwohnungen-garmischpartenkirchen.de\/de\/unterkuenfte\/wiesenglueck\/>Wiesengl\u00fcck<\/a><\/option><option value=https:\/\/www.ferienwohnungen-garmischpartenkirchen.de\/de\/unterkuenfte\/winterruhe\/>Winterruhe<\/a><\/option><option value=https:\/\/www.ferienwohnungen-garmischpartenkirchen.de\/de\/unterkuenfte\/zirbe\/>Zirbe<\/a><\/option><option value=https:\/\/www.ferienwohnungen-garmischpartenkirchen.de\/de\/unterkuenfte\/zuckerhut\/>Zuckerhut<\/a><\/option><option value=https:\/\/www.ferienwohnungen-garmischpartenkirchen.de\/de\/unterkuenfte\/zum-draxla\/>zum Draxla<\/a><\/option><option value=https:\/\/www.ferienwohnungen-garmischpartenkirchen.de\/de\/unterkuenfte\/zwoade-hoamad\/>Zwoade Hoamad<\/a><\/option><\/select><\/div><\/button>\n                            <\/div>\n                        <\/div>\n                        <div class=\"seprator_line\"><\/div>\n                        <div class=\"right-colm\">\n                            <div class=\"overview\">\n                                <div class=\"overview_top\">\n                                    <h1>Zwoade Hoamad<\/h1>\n                                    <!-- <h1>Servus Urlaub!<\/h1> -->\n                                    <h3>\n                                        18 tolle Unterk\u00fcnfte entdecken                                    <\/h3>\n                                    <h4>\n                                        Tipp: Reisezeitraum w\u00e4hlen und genaue Preise und Angebote sehen!                                    <\/h4>\n                                    <div class=\"activeoptions-wrapper\"><div class=\"activeoptions-label\"> <\/div><div class=\"activeoptions\"><div class=\"parameter-wrapper\"><div class=\"parameter-label\">2 Erwachsene<\/div><a href=\"https:\/\/www.ferienwohnungen-garmischpartenkirchen.de\/de\/suchen-buchen\/?from&till&nights_min=0&nights_max=0&children=0&babys=0&petsCount=0&order=random&fireside=on\" class=\"parameter-close\"><\/a><\/div><div class=\"parameter-wrapper\"><div class=\"parameter-label\">Kaminofen<\/div><a href=\"https:\/\/www.ferienwohnungen-garmischpartenkirchen.de\/de\/suchen-buchen\/?from&till&nights_min=0&nights_max=0&adults=2&children=0&babys=0&petsCount=0&order=random\" class=\"parameter-close\"><\/a><\/div><\/div><\/div>                                <\/div>\n                                <div class=\"search_saperator\">\n                                    <span class=\"line\"><\/span>\n                                    <div class=\"spr_left\">\n                                        <div class=\"map-button-wrapper\">\n                                            <button type=\"button\" class=\"map-button\" id=\"open-map\">\n                                                <img decoding=\"async\" src=\"\/wp-content\/themes\/mahr\/assets\/images\/noun-map.svg\">\n                                                Kartenansicht                                            <\/button>\n                                        <\/div>\n                                        <div class=\"map-popup\" id=\"map-popup\">\n                                            <div class=\"map-content\">\n                                                <i class=\"eicon-close close-popup\"><\/i>\n                                                <div id=\"map\"><\/div>                                            <\/div>\n                                        <\/div>\n                                    <\/div>\n                                    <div class=\"spr_right\">\n                                        <div class=\"sort-wrapper\">\n                                            <select class=\"beon-auto-submit beon-select2\" name=\"order\" id=\"order\" form=\"searchform\">\n                                                <option value=\"random\" selected >Zuf\u00e4llig<\/option><option value=\"price\" >Preis aufsteigend<\/option><option value=\"-price\" >Preis absteigend<\/option><option value=\"rating\" >Am besten bewertet<\/option>                                            <\/select>\n                                        <\/div>\n                                    <\/div>\n                                <\/div>\n                                <!-- <ul>\n                                    <li>\n                                        <div class=\"sort-wrapper\">\n                                            <div class=\"karte-wrapper\">\n                                                <div class=\"map-button-wrapper\">\n                                                    <img decoding=\"async\" src=\"\/wp-content\/themes\/hello-theme-child-master\/assets\/images\/map.svg\">\n                                                    <button type=\"button\" class=\"map-button\" id=\"open-map\">Kartenansicht<\/button>\n                                                <\/div>\n                                                <div class=\"map-popup\" id=\"map-popup\">\n                                                    <div class=\"map-content\">\n                                                        <i class=\"eicon-close close-popup\"><\/i>\n                                                        <div id=\"map\"><\/div>                                                    <\/div>\n                                                <\/div>\n                                            <\/div>\n                                            <select class=\"beon-auto-submit beon-select2\" name=\"order\" id=\"order\" form=\"searchform\">\n                                                <option value=\"random\" selected>Zuf\u00e4llig<\/option><option value=\"price\">Preis aufsteigend<\/option><option value=\"-price\">Preis absteigend<\/option><option value=\"rating\">Am besten bewertet<\/option>                                            <\/select>\n                                        <\/div>\n                                    <\/li>\n\n                                <\/ul> -->\n                            <\/div>\n\n\n                            \n                                <div class=\"unit-wrapper\">\n                                    <div class=\"unitcontent-wrapper unitcontent-alternatives-wrapper\">\n\t\t\t<div class=\"image-wrapper\">\n\t\t\t<a href=\"https:\/\/www.ferienwohnungen-garmischpartenkirchen.de\/de\/unterkuenfte\/alpensinfonie\/?adults=2\">\n\t\t\t\t\t<div id=\"slider\" class=\"flexslider\">\n\t\t\t\t\t\t\t\t\t\t\t\t<ul class=\"slides\">\n\t\t\t\t\t\t\t\t\t\t\t\t\t\t\t<li>\n\t\t\t\t\t\t\t\t\t<img\n\t\t\t\t\t\t\t\t\tclass=\"lazy\"\n\t\t\t\t\t\t\t\t\tsrc=\"\"\n\t\t\t\t\t\t\t\t\tdata-src=\"https:\/\/www.ferienwohnungen-garmischpartenkirchen.de\/wp-content\/uploads\/2024\/06\/mf3699273-500x500.jpg\"\n\t\t\t\t\t\t\t\t\talt=\"Wohnzimmer in Ferienwohnung in Garmisch-Partenkirchen\"\n\t\t\t\t\t\t\t\t\tloading=\"lazy\"\n\t\t\t\t\t\t\t\t\tdecoding=\"async\">\n\t\t\t\t\t\t\t\t\t<!-- <img decoding=\"async\" class=\"lazy\" src=\"\" data-src=\"\" alt=\"\" \/> -->\n\t\t\t\t\t\t\t\t<\/li>\n\t\t\t\t\t\t\t\t\t\t\t\t\t\t\t<li>\n\t\t\t\t\t\t\t\t\t<img\n\t\t\t\t\t\t\t\t\tclass=\"lazy\"\n\t\t\t\t\t\t\t\t\tsrc=\"\"\n\t\t\t\t\t\t\t\t\tdata-src=\"https:\/\/www.ferienwohnungen-garmischpartenkirchen.de\/wp-content\/uploads\/2024\/06\/mf3699296-500x500.jpg\"\n\t\t\t\t\t\t\t\t\talt=\"Doppelbett in Ferienwohnung in Garmisch-Partenkirchen\"\n\t\t\t\t\t\t\t\t\tloading=\"lazy\"\n\t\t\t\t\t\t\t\t\tdecoding=\"async\">\n\t\t\t\t\t\t\t\t\t<!-- <img decoding=\"async\" class=\"lazy\" src=\"\" data-src=\"\" alt=\"\" \/> -->\n\t\t\t\t\t\t\t\t<\/li>\n\t\t\t\t\t\t\t\t\t\t\t\t\t\t\t<li>\n\t\t\t\t\t\t\t\t\t<img\n\t\t\t\t\t\t\t\t\tclass=\"lazy\"\n\t\t\t\t\t\t\t\t\tsrc=\"\"\n\t\t\t\t\t\t\t\t\tdata-src=\"https:\/\/www.ferienwohnungen-garmischpartenkirchen.de\/wp-content\/uploads\/2024\/06\/mf3699291-500x500.jpg\"\n\t\t\t\t\t\t\t\t\talt=\"Esszimmer in Ferienwohnung in Garmisch-Partenkirchen\"\n\t\t\t\t\t\t\t\t\tloading=\"lazy\"\n\t\t\t\t\t\t\t\t\tdecoding=\"async\">\n\t\t\t\t\t\t\t\t\t<!-- <img decoding=\"async\" class=\"lazy\" src=\"\" data-src=\"\" alt=\"\" \/> -->\n\t\t\t\t\t\t\t\t<\/li>\n\t\t\t\t\t\t\t\t\t\t\t\t\t\t\t<li>\n\t\t\t\t\t\t\t\t\t<img\n\t\t\t\t\t\t\t\t\tclass=\"lazy\"\n\t\t\t\t\t\t\t\t\tsrc=\"\"\n\t\t\t\t\t\t\t\t\tdata-src=\"https:\/\/www.ferienwohnungen-garmischpartenkirchen.de\/wp-content\/uploads\/2024\/06\/mf3699287-500x500.jpg\"\n\t\t\t\t\t\t\t\t\talt=\"K\u00fcche in wei\u00df in Ferienwohnung in Garmisch-Partenkirchen\"\n\t\t\t\t\t\t\t\t\tloading=\"lazy\"\n\t\t\t\t\t\t\t\t\tdecoding=\"async\">\n\t\t\t\t\t\t\t\t\t<!-- <img decoding=\"async\" class=\"lazy\" src=\"\" data-src=\"\" alt=\"\" \/> -->\n\t\t\t\t\t\t\t\t<\/li>\n\t\t\t\t\t\t\t\t\t\t\t\t\t\t\t<li>\n\t\t\t\t\t\t\t\t\t<img\n\t\t\t\t\t\t\t\t\tclass=\"lazy\"\n\t\t\t\t\t\t\t\t\tsrc=\"\"\n\t\t\t\t\t\t\t\t\tdata-src=\"https:\/\/www.ferienwohnungen-garmischpartenkirchen.de\/wp-content\/uploads\/2024\/06\/mf3699309-500x500.jpg\"\n\t\t\t\t\t\t\t\t\talt=\"Dusche im Badezimmer in Ferienwohnung in Garmisch-Partenkirchen\"\n\t\t\t\t\t\t\t\t\tloading=\"lazy\"\n\t\t\t\t\t\t\t\t\tdecoding=\"async\">\n\t\t\t\t\t\t\t\t\t<!-- <img decoding=\"async\" class=\"lazy\" src=\"\" data-src=\"\" alt=\"\" \/> -->\n\t\t\t\t\t\t\t\t<\/li>\n\t\t\t\t\t\t\t\t\t\t\t\t\t<\/ul>\n\t\t\t\t\t<\/div>\n\t\t\t\t<\/a>\n\t\t<\/div>\n\t\t<div class=\"info-wrapper\">\n\t\t<div class=\"info-body\">\n\t\t\t<span class=\"favouritebtn\"><button class=\"simplefavorite-button\" data-postid=\"537\" data-siteid=\"1\" data-groupid=\"1\" data-favoritecount=\"21\" style=\"\">Favorite <i class=\"sf-icon-star-empty\"><\/i><\/button> <\/span>\n\t\t\t<div class=\"wrap-classification\">\n\t\t\t\t<h4 class=\"title-container\">\n\t\t\t\t\t<a href=\"https:\/\/www.ferienwohnungen-garmischpartenkirchen.de\/de\/unterkuenfte\/alpensinfonie\/?adults=2\">Alpensinfonie<\/a>\n\t\t\t\t<\/h4>\n\t\t\t<\/div>\n\t\t\t<p class=\"unit-region\">\n\t\t\t\t<span>Garmisch-Partenkirchen<\/span>\n\t\t\t<\/p>\n\t\t\t<div>\n\t\t\t\t\t\t\t\t\t<div class=\"additional-results-wrapper\">\n\t\t\t\t\t\t\t\t\t\t\t\t\t\t\t\t\t<\/div>\n\t\t\t\t\t\t\t<\/div>\n\t\t\t<div class=\"details-wrapper\">\n\t\t\t\t<ul>\n\t\t\t\t\t<li><span class=\"wrap-value\">4 G\u00e4ste<\/li>\t\t\t\t\t<span class=\"saperator\"><\/span>\n\t\t\t\t\t<li><span class=\"wrap-value\">2 Schlafzimmer<\/span><\/li>\t\t\t\t\t<!-- <li><span class=\"wrap-value\">2<\/span> Schlafzimmer<\/li> -->\n\t\t\t\t\t<span class=\"saperator\"><\/span>\n\t\t\t\t\t<li class=\"list_rating\"><span class=\"wrap-value\">4.8<\/span>&nbsp;<img decoding=\"async\" src=\"\/wp-content\/themes\/mahr\/assets\/images\/star-solid.svg\"\/><\/li> <span class=\"saperator\"><\/span>\t\t\t\t\t<li>\n\t\t\t\t\t\t<div class=\"info-footer\">\n\t\t\t\t\t\t\t<div class=\"price-container\">\n\t\t\t\t\t\t\t\t<!-- <a href=\"https:\/\/www.ferienwohnungen-garmischpartenkirchen.de\/de\/unterkuenfte\/alpensinfonie\/?adults=2\" class=\"price-button\"><div class=\"showprice \"><span class=\"price\" data-price=\"14900\">149,00<\/span> <span class=\"currency\">&euro;<\/span> <\/div><\/a> -->\n\t\t\t\t\t\t\t\t\t\t\t\t\t\t\t\t<div class=\"showprice \"><span class=\"price\" data-price=\"14900\">149,00<\/span> <span class=\"currency\">&euro;<\/span> <\/div>\n\t\t\t\t\t\t\t<\/div>\n\t\t\t\t\t\t<\/div>\n\t\t\t\t\t<\/li>\n\t\t\t\t<\/ul>\n\t\t\t<\/div>\n\t\t<\/div>\n\t\t<!-- <div class=\"info-footer\">\n\t\t\t<div class=\"price-container\">\n\t\t\t\t<a href=\"https:\/\/www.ferienwohnungen-garmischpartenkirchen.de\/de\/unterkuenfte\/alpensinfonie\/?adults=2\" class=\"price-button\"><div class=\"showprice \"><span class=\"price\" data-price=\"14900\">149,00<\/span> <span class=\"currency\">&euro;<\/span> <\/div><\/a>\n\t\t\t\t\t\t\t\t<div class=\"showprice \"><span class=\"price\" data-price=\"14900\">149,00<\/span> <span class=\"currency\">&euro;<\/span> <\/div>\n\t\t\t<\/div>\n\t\t<\/div> -->\n\t<\/div>\n<\/div><div class=\"unitcontent-wrapper unitcontent-alternatives-wrapper\">\n\t\t\t<div class=\"image-wrapper\">\n\t\t\t<a href=\"https:\/\/www.ferienwohnungen-garmischpartenkirchen.de\/de\/unterkuenfte\/auszeit-maisonette\/?adults=2\">\n\t\t\t\t\t<div id=\"slider\" class=\"flexslider\">\n\t\t\t\t\t\t\t\t\t\t\t\t<ul class=\"slides\">\n\t\t\t\t\t\t\t\t\t\t\t\t\t\t\t<li>\n\t\t\t\t\t\t\t\t\t<img\n\t\t\t\t\t\t\t\t\tclass=\"lazy\"\n\t\t\t\t\t\t\t\t\tsrc=\"\"\n\t\t\t\t\t\t\t\t\tdata-src=\"https:\/\/www.ferienwohnungen-garmischpartenkirchen.de\/wp-content\/uploads\/2024\/06\/mf3699643-500x500.jpg\"\n\t\t\t\t\t\t\t\t\talt=\"Kamin in Ferienwohnung in Garmisch-Partenkirchen\"\n\t\t\t\t\t\t\t\t\tloading=\"lazy\"\n\t\t\t\t\t\t\t\t\tdecoding=\"async\">\n\t\t\t\t\t\t\t\t\t<!-- <img decoding=\"async\" class=\"lazy\" src=\"\" data-src=\"\" alt=\"\" \/> -->\n\t\t\t\t\t\t\t\t<\/li>\n\t\t\t\t\t\t\t\t\t\t\t\t\t\t\t<li>\n\t\t\t\t\t\t\t\t\t<img\n\t\t\t\t\t\t\t\t\tclass=\"lazy\"\n\t\t\t\t\t\t\t\t\tsrc=\"\"\n\t\t\t\t\t\t\t\t\tdata-src=\"https:\/\/www.ferienwohnungen-garmischpartenkirchen.de\/wp-content\/uploads\/2024\/06\/mf3699645-500x500.jpg\"\n\t\t\t\t\t\t\t\t\talt=\"K\u00fcche in grau in Ferienwohnung in Garmisch-Partenkirchen\"\n\t\t\t\t\t\t\t\t\tloading=\"lazy\"\n\t\t\t\t\t\t\t\t\tdecoding=\"async\">\n\t\t\t\t\t\t\t\t\t<!-- <img decoding=\"async\" class=\"lazy\" src=\"\" data-src=\"\" alt=\"\" \/> -->\n\t\t\t\t\t\t\t\t<\/li>\n\t\t\t\t\t\t\t\t\t\t\t\t\t\t\t<li>\n\t\t\t\t\t\t\t\t\t<img\n\t\t\t\t\t\t\t\t\tclass=\"lazy\"\n\t\t\t\t\t\t\t\t\tsrc=\"\"\n\t\t\t\t\t\t\t\t\tdata-src=\"https:\/\/www.ferienwohnungen-garmischpartenkirchen.de\/wp-content\/uploads\/2024\/06\/mf3699642-500x500.jpg\"\n\t\t\t\t\t\t\t\t\talt=\"graues Sofa mit buntem Teppich in Ferienwohnung in Garmisch-Partenkirchen\"\n\t\t\t\t\t\t\t\t\tloading=\"lazy\"\n\t\t\t\t\t\t\t\t\tdecoding=\"async\">\n\t\t\t\t\t\t\t\t\t<!-- <img decoding=\"async\" class=\"lazy\" src=\"\" data-src=\"\" alt=\"\" \/> -->\n\t\t\t\t\t\t\t\t<\/li>\n\t\t\t\t\t\t\t\t\t\t\t\t\t\t\t<li>\n\t\t\t\t\t\t\t\t\t<img\n\t\t\t\t\t\t\t\t\tclass=\"lazy\"\n\t\t\t\t\t\t\t\t\tsrc=\"\"\n\t\t\t\t\t\t\t\t\tdata-src=\"https:\/\/www.ferienwohnungen-garmischpartenkirchen.de\/wp-content\/uploads\/2024\/06\/mf3699630-500x500.jpg\"\n\t\t\t\t\t\t\t\t\talt=\"Wohnbereich mit Sofa, Essbereich und K\u00fcche in Ferienwohnung in Garmisch-Partenkirchen\"\n\t\t\t\t\t\t\t\t\tloading=\"lazy\"\n\t\t\t\t\t\t\t\t\tdecoding=\"async\">\n\t\t\t\t\t\t\t\t\t<!-- <img decoding=\"async\" class=\"lazy\" src=\"\" data-src=\"\" alt=\"\" \/> -->\n\t\t\t\t\t\t\t\t<\/li>\n\t\t\t\t\t\t\t\t\t\t\t\t\t\t\t<li>\n\t\t\t\t\t\t\t\t\t<img\n\t\t\t\t\t\t\t\t\tclass=\"lazy\"\n\t\t\t\t\t\t\t\t\tsrc=\"\"\n\t\t\t\t\t\t\t\t\tdata-src=\"https:\/\/www.ferienwohnungen-garmischpartenkirchen.de\/wp-content\/uploads\/2024\/06\/mf3699635-500x500.jpg\"\n\t\t\t\t\t\t\t\t\talt=\"Alpen mit Schnee in Ferienwohnung in Garmisch-Partenkirchen\"\n\t\t\t\t\t\t\t\t\tloading=\"lazy\"\n\t\t\t\t\t\t\t\t\tdecoding=\"async\">\n\t\t\t\t\t\t\t\t\t<!-- <img decoding=\"async\" class=\"lazy\" src=\"\" data-src=\"\" alt=\"\" \/> -->\n\t\t\t\t\t\t\t\t<\/li>\n\t\t\t\t\t\t\t\t\t\t\t\t\t<\/ul>\n\t\t\t\t\t<\/div>\n\t\t\t\t<\/a>\n\t\t<\/div>\n\t\t<div class=\"info-wrapper\">\n\t\t<div class=\"info-body\">\n\t\t\t<span class=\"favouritebtn\"><button class=\"simplefavorite-button\" data-postid=\"515\" data-siteid=\"1\" data-groupid=\"1\" data-favoritecount=\"17\" style=\"\">Favorite <i class=\"sf-icon-star-empty\"><\/i><\/button> <\/span>\n\t\t\t<div class=\"wrap-classification\">\n\t\t\t\t<h4 class=\"title-container\">\n\t\t\t\t\t<a href=\"https:\/\/www.ferienwohnungen-garmischpartenkirchen.de\/de\/unterkuenfte\/auszeit-maisonette\/?adults=2\">Auszeit-Maisonette<\/a>\n\t\t\t\t<\/h4>\n\t\t\t<\/div>\n\t\t\t<p class=\"unit-region\">\n\t\t\t\t<span>Garmisch-Partenkirchen<\/span>\n\t\t\t<\/p>\n\t\t\t<div>\n\t\t\t\t\t\t\t\t\t<div class=\"additional-results-wrapper\">\n\t\t\t\t\t\t\t\t\t\t\t\t\t\t\t\t\t<\/div>\n\t\t\t\t\t\t\t<\/div>\n\t\t\t<div class=\"details-wrapper\">\n\t\t\t\t<ul>\n\t\t\t\t\t<li><span class=\"wrap-value\">4 G\u00e4ste<\/li>\t\t\t\t\t<span class=\"saperator\"><\/span>\n\t\t\t\t\t<li><span class=\"wrap-value\">1 Schlafzimmer<\/span><\/li>\t\t\t\t\t<!-- <li><span class=\"wrap-value\">1<\/span> Schlafzimmer<\/li> -->\n\t\t\t\t\t<span class=\"saperator\"><\/span>\n\t\t\t\t\t<li class=\"list_rating\"><span class=\"wrap-value\">4.9<\/span>&nbsp;<img decoding=\"async\" src=\"\/wp-content\/themes\/mahr\/assets\/images\/star-solid.svg\"\/><\/li> <span class=\"saperator\"><\/span>\t\t\t\t\t<li>\n\t\t\t\t\t\t<div class=\"info-footer\">\n\t\t\t\t\t\t\t<div class=\"price-container\">\n\t\t\t\t\t\t\t\t<!-- <a href=\"https:\/\/www.ferienwohnungen-garmischpartenkirchen.de\/de\/unterkuenfte\/auszeit-maisonette\/?adults=2\" class=\"price-button\"><div class=\"showprice \"><span class=\"price\" data-price=\"7900\">79,00<\/span> <span class=\"currency\">&euro;<\/span> <\/div><\/a> -->\n\t\t\t\t\t\t\t\t\t\t\t\t\t\t\t\t<div class=\"showprice \"><span class=\"price\" data-price=\"7900\">79,00<\/span> <span class=\"currency\">&euro;<\/span> <\/div>\n\t\t\t\t\t\t\t<\/div>\n\t\t\t\t\t\t<\/div>\n\t\t\t\t\t<\/li>\n\t\t\t\t<\/ul>\n\t\t\t<\/div>\n\t\t<\/div>\n\t\t<!-- <div class=\"info-footer\">\n\t\t\t<div class=\"price-container\">\n\t\t\t\t<a href=\"https:\/\/www.ferienwohnungen-garmischpartenkirchen.de\/de\/unterkuenfte\/auszeit-maisonette\/?adults=2\" class=\"price-button\"><div class=\"showprice \"><span class=\"price\" data-price=\"7900\">79,00<\/span> <span class=\"currency\">&euro;<\/span> <\/div><\/a>\n\t\t\t\t\t\t\t\t<div class=\"showprice \"><span class=\"price\" data-price=\"7900\">79,00<\/span> <span class=\"currency\">&euro;<\/span> <\/div>\n\t\t\t<\/div>\n\t\t<\/div> -->\n\t<\/div>\n<\/div><div class=\"unitcontent-wrapper unitcontent-alternatives-wrapper\">\n\t\t\t<div class=\"image-wrapper\">\n\t\t\t<a href=\"https:\/\/www.ferienwohnungen-garmischpartenkirchen.de\/de\/unterkuenfte\/alpen-loggia\/?adults=2\">\n\t\t\t\t\t<div id=\"slider\" class=\"flexslider\">\n\t\t\t\t\t\t\t\t\t\t\t\t<ul class=\"slides\">\n\t\t\t\t\t\t\t\t\t\t\t\t\t\t\t<li>\n\t\t\t\t\t\t\t\t\t<img\n\t\t\t\t\t\t\t\t\tclass=\"lazy\"\n\t\t\t\t\t\t\t\t\tsrc=\"\"\n\t\t\t\t\t\t\t\t\tdata-src=\"https:\/\/www.ferienwohnungen-garmischpartenkirchen.de\/wp-content\/uploads\/2024\/06\/mf3625363-500x500.jpg\"\n\t\t\t\t\t\t\t\t\talt=\"Essbereich mit Teppich und Stehlampe in Ferienwohnung in Garmisch-Partenkirchen\"\n\t\t\t\t\t\t\t\t\tloading=\"lazy\"\n\t\t\t\t\t\t\t\t\tdecoding=\"async\">\n\t\t\t\t\t\t\t\t\t<!-- <img decoding=\"async\" class=\"lazy\" src=\"\" data-src=\"\" alt=\"\" \/> -->\n\t\t\t\t\t\t\t\t<\/li>\n\t\t\t\t\t\t\t\t\t\t\t\t\t\t\t<li>\n\t\t\t\t\t\t\t\t\t<img\n\t\t\t\t\t\t\t\t\tclass=\"lazy\"\n\t\t\t\t\t\t\t\t\tsrc=\"\"\n\t\t\t\t\t\t\t\t\tdata-src=\"https:\/\/www.ferienwohnungen-garmischpartenkirchen.de\/wp-content\/uploads\/2024\/06\/mf3625371-500x500.jpg\"\n\t\t\t\t\t\t\t\t\talt=\"K\u00fcchenzeile und Essbereich in Ferienwohnung in Garmisch-Partenkirchen\"\n\t\t\t\t\t\t\t\t\tloading=\"lazy\"\n\t\t\t\t\t\t\t\t\tdecoding=\"async\">\n\t\t\t\t\t\t\t\t\t<!-- <img decoding=\"async\" class=\"lazy\" src=\"\" data-src=\"\" alt=\"\" \/> -->\n\t\t\t\t\t\t\t\t<\/li>\n\t\t\t\t\t\t\t\t\t\t\t\t\t\t\t<li>\n\t\t\t\t\t\t\t\t\t<img\n\t\t\t\t\t\t\t\t\tclass=\"lazy\"\n\t\t\t\t\t\t\t\t\tsrc=\"\"\n\t\t\t\t\t\t\t\t\tdata-src=\"https:\/\/www.ferienwohnungen-garmischpartenkirchen.de\/wp-content\/uploads\/2024\/06\/mf3625383-500x500.jpg\"\n\t\t\t\t\t\t\t\t\talt=\"Doppelbett mit Sitzm\u00f6glichkeit und Kleiderschrank in Ferienwohnung in Garmisch-Partenkirchen\"\n\t\t\t\t\t\t\t\t\tloading=\"lazy\"\n\t\t\t\t\t\t\t\t\tdecoding=\"async\">\n\t\t\t\t\t\t\t\t\t<!-- <img decoding=\"async\" class=\"lazy\" src=\"\" data-src=\"\" alt=\"\" \/> -->\n\t\t\t\t\t\t\t\t<\/li>\n\t\t\t\t\t\t\t\t\t\t\t\t\t\t\t<li>\n\t\t\t\t\t\t\t\t\t<img\n\t\t\t\t\t\t\t\t\tclass=\"lazy\"\n\t\t\t\t\t\t\t\t\tsrc=\"\"\n\t\t\t\t\t\t\t\t\tdata-src=\"https:\/\/www.ferienwohnungen-garmischpartenkirchen.de\/wp-content\/uploads\/2024\/06\/mf3625397-500x500.jpg\"\n\t\t\t\t\t\t\t\t\talt=\"Waschbecken und Spiegel in Ferienwohnung in Garmisch-Partenkirchen\"\n\t\t\t\t\t\t\t\t\tloading=\"lazy\"\n\t\t\t\t\t\t\t\t\tdecoding=\"async\">\n\t\t\t\t\t\t\t\t\t<!-- <img decoding=\"async\" class=\"lazy\" src=\"\" data-src=\"\" alt=\"\" \/> -->\n\t\t\t\t\t\t\t\t<\/li>\n\t\t\t\t\t\t\t\t\t\t\t\t\t\t\t<li>\n\t\t\t\t\t\t\t\t\t<img\n\t\t\t\t\t\t\t\t\tclass=\"lazy\"\n\t\t\t\t\t\t\t\t\tsrc=\"\"\n\t\t\t\t\t\t\t\t\tdata-src=\"https:\/\/www.ferienwohnungen-garmischpartenkirchen.de\/wp-content\/uploads\/2024\/06\/mf3625413-500x500.jpg\"\n\t\t\t\t\t\t\t\t\talt=\"Alpen und Natur in Ferienwohnung in Garmisch-Partenkirchen\"\n\t\t\t\t\t\t\t\t\tloading=\"lazy\"\n\t\t\t\t\t\t\t\t\tdecoding=\"async\">\n\t\t\t\t\t\t\t\t\t<!-- <img decoding=\"async\" class=\"lazy\" src=\"\" data-src=\"\" alt=\"\" \/> -->\n\t\t\t\t\t\t\t\t<\/li>\n\t\t\t\t\t\t\t\t\t\t\t\t\t<\/ul>\n\t\t\t\t\t<\/div>\n\t\t\t\t<\/a>\n\t\t<\/div>\n\t\t<div class=\"info-wrapper\">\n\t\t<div class=\"info-body\">\n\t\t\t<span class=\"favouritebtn\"><button class=\"simplefavorite-button\" data-postid=\"500\" data-siteid=\"1\" data-groupid=\"1\" data-favoritecount=\"37\" style=\"\">Favorite <i class=\"sf-icon-star-empty\"><\/i><\/button> <\/span>\n\t\t\t<div class=\"wrap-classification\">\n\t\t\t\t<h4 class=\"title-container\">\n\t\t\t\t\t<a href=\"https:\/\/www.ferienwohnungen-garmischpartenkirchen.de\/de\/unterkuenfte\/alpen-loggia\/?adults=2\">Alpen Loggia<\/a>\n\t\t\t\t<\/h4>\n\t\t\t<\/div>\n\t\t\t<p class=\"unit-region\">\n\t\t\t\t<span>Garmisch-Partenkirchen<\/span>\n\t\t\t<\/p>\n\t\t\t<div>\n\t\t\t\t\t\t\t\t\t<div class=\"additional-results-wrapper\">\n\t\t\t\t\t\t\t\t\t\t\t\t\t\t\t\t\t<\/div>\n\t\t\t\t\t\t\t<\/div>\n\t\t\t<div class=\"details-wrapper\">\n\t\t\t\t<ul>\n\t\t\t\t\t<li><span class=\"wrap-value\">4 G\u00e4ste<\/li>\t\t\t\t\t<span class=\"saperator\"><\/span>\n\t\t\t\t\t<li><span class=\"wrap-value\">2 Schlafzimmer<\/span><\/li>\t\t\t\t\t<!-- <li><span class=\"wrap-value\">2<\/span> Schlafzimmer<\/li> -->\n\t\t\t\t\t<span class=\"saperator\"><\/span>\n\t\t\t\t\t<li class=\"list_rating\"><span class=\"wrap-value\">4.8<\/span>&nbsp;<img decoding=\"async\" src=\"\/wp-content\/themes\/mahr\/assets\/images\/star-solid.svg\"\/><\/li> <span class=\"saperator\"><\/span>\t\t\t\t\t<li>\n\t\t\t\t\t\t<div class=\"info-footer\">\n\t\t\t\t\t\t\t<div class=\"price-container\">\n\t\t\t\t\t\t\t\t<!-- <a href=\"https:\/\/www.ferienwohnungen-garmischpartenkirchen.de\/de\/unterkuenfte\/alpen-loggia\/?adults=2\" class=\"price-button\"><div class=\"showprice \"><span class=\"price\" data-price=\"10900\">109,00<\/span> <span class=\"currency\">&euro;<\/span> <\/div><\/a> -->\n\t\t\t\t\t\t\t\t\t\t\t\t\t\t\t\t<div class=\"showprice \"><span class=\"price\" data-price=\"10900\">109,00<\/span> <span class=\"currency\">&euro;<\/span> <\/div>\n\t\t\t\t\t\t\t<\/div>\n\t\t\t\t\t\t<\/div>\n\t\t\t\t\t<\/li>\n\t\t\t\t<\/ul>\n\t\t\t<\/div>\n\t\t<\/div>\n\t\t<!-- <div class=\"info-footer\">\n\t\t\t<div class=\"price-container\">\n\t\t\t\t<a href=\"https:\/\/www.ferienwohnungen-garmischpartenkirchen.de\/de\/unterkuenfte\/alpen-loggia\/?adults=2\" class=\"price-button\"><div class=\"showprice \"><span class=\"price\" data-price=\"10900\">109,00<\/span> <span class=\"currency\">&euro;<\/span> <\/div><\/a>\n\t\t\t\t\t\t\t\t<div class=\"showprice \"><span class=\"price\" data-price=\"10900\">109,00<\/span> <span class=\"currency\">&euro;<\/span> <\/div>\n\t\t\t<\/div>\n\t\t<\/div> -->\n\t<\/div>\n<\/div><div class=\"unitcontent-wrapper unitcontent-alternatives-wrapper\">\n\t\t\t<div class=\"image-wrapper\">\n\t\t\t<a href=\"https:\/\/www.ferienwohnungen-garmischpartenkirchen.de\/de\/unterkuenfte\/koenigstand\/?adults=2\">\n\t\t\t\t\t<div id=\"slider\" class=\"flexslider\">\n\t\t\t\t\t\t\t\t\t\t\t\t<ul class=\"slides\">\n\t\t\t\t\t\t\t\t\t\t\t\t\t\t\t<li>\n\t\t\t\t\t\t\t\t\t<img\n\t\t\t\t\t\t\t\t\tclass=\"lazy\"\n\t\t\t\t\t\t\t\t\tsrc=\"\"\n\t\t\t\t\t\t\t\t\tdata-src=\"https:\/\/www.ferienwohnungen-garmischpartenkirchen.de\/wp-content\/uploads\/2024\/06\/mf11565492-500x500.jpg\"\n\t\t\t\t\t\t\t\t\talt=\"Sofa mit Kissen in Ferienwohnung in Garmisch-Partenkirchen\"\n\t\t\t\t\t\t\t\t\tloading=\"lazy\"\n\t\t\t\t\t\t\t\t\tdecoding=\"async\">\n\t\t\t\t\t\t\t\t\t<!-- <img decoding=\"async\" class=\"lazy\" src=\"\" data-src=\"\" alt=\"\" \/> -->\n\t\t\t\t\t\t\t\t<\/li>\n\t\t\t\t\t\t\t\t\t\t\t\t\t\t\t<li>\n\t\t\t\t\t\t\t\t\t<img\n\t\t\t\t\t\t\t\t\tclass=\"lazy\"\n\t\t\t\t\t\t\t\t\tsrc=\"\"\n\t\t\t\t\t\t\t\t\tdata-src=\"https:\/\/www.ferienwohnungen-garmischpartenkirchen.de\/wp-content\/uploads\/2024\/06\/mf11565496-500x500.jpg\"\n\t\t\t\t\t\t\t\t\talt=\"Esstisch in Ferienwohnung in Garmisch-Partenkirchen\"\n\t\t\t\t\t\t\t\t\tloading=\"lazy\"\n\t\t\t\t\t\t\t\t\tdecoding=\"async\">\n\t\t\t\t\t\t\t\t\t<!-- <img decoding=\"async\" class=\"lazy\" src=\"\" data-src=\"\" alt=\"\" \/> -->\n\t\t\t\t\t\t\t\t<\/li>\n\t\t\t\t\t\t\t\t\t\t\t\t\t\t\t<li>\n\t\t\t\t\t\t\t\t\t<img\n\t\t\t\t\t\t\t\t\tclass=\"lazy\"\n\t\t\t\t\t\t\t\t\tsrc=\"\"\n\t\t\t\t\t\t\t\t\tdata-src=\"https:\/\/www.ferienwohnungen-garmischpartenkirchen.de\/wp-content\/uploads\/2024\/06\/mf11565504-500x500.jpg\"\n\t\t\t\t\t\t\t\t\talt=\"Doppelbett in Ferienwohnung in Garmisch-Partenkirchen\"\n\t\t\t\t\t\t\t\t\tloading=\"lazy\"\n\t\t\t\t\t\t\t\t\tdecoding=\"async\">\n\t\t\t\t\t\t\t\t\t<!-- <img decoding=\"async\" class=\"lazy\" src=\"\" data-src=\"\" alt=\"\" \/> -->\n\t\t\t\t\t\t\t\t<\/li>\n\t\t\t\t\t\t\t\t\t\t\t\t\t\t\t<li>\n\t\t\t\t\t\t\t\t\t<img\n\t\t\t\t\t\t\t\t\tclass=\"lazy\"\n\t\t\t\t\t\t\t\t\tsrc=\"\"\n\t\t\t\t\t\t\t\t\tdata-src=\"https:\/\/www.ferienwohnungen-garmischpartenkirchen.de\/wp-content\/uploads\/2024\/06\/mf5977939-500x500.jpg\"\n\t\t\t\t\t\t\t\t\talt=\"Garten in Ferienwohnung in Garmisch-Partenkirchen\"\n\t\t\t\t\t\t\t\t\tloading=\"lazy\"\n\t\t\t\t\t\t\t\t\tdecoding=\"async\">\n\t\t\t\t\t\t\t\t\t<!-- <img decoding=\"async\" class=\"lazy\" src=\"\" data-src=\"\" alt=\"\" \/> -->\n\t\t\t\t\t\t\t\t<\/li>\n\t\t\t\t\t\t\t\t\t\t\t\t\t\t\t<li>\n\t\t\t\t\t\t\t\t\t<img\n\t\t\t\t\t\t\t\t\tclass=\"lazy\"\n\t\t\t\t\t\t\t\t\tsrc=\"\"\n\t\t\t\t\t\t\t\t\tdata-src=\"https:\/\/www.ferienwohnungen-garmischpartenkirchen.de\/wp-content\/uploads\/2024\/06\/mf11565487-500x500.jpg\"\n\t\t\t\t\t\t\t\t\talt=\"Sofa mit Stehlampe in Ferienwohnung in Garmisch-Partenkirchen\"\n\t\t\t\t\t\t\t\t\tloading=\"lazy\"\n\t\t\t\t\t\t\t\t\tdecoding=\"async\">\n\t\t\t\t\t\t\t\t\t<!-- <img decoding=\"async\" class=\"lazy\" src=\"\" data-src=\"\" alt=\"\" \/> -->\n\t\t\t\t\t\t\t\t<\/li>\n\t\t\t\t\t\t\t\t\t\t\t\t\t<\/ul>\n\t\t\t\t\t<\/div>\n\t\t\t\t<\/a>\n\t\t<\/div>\n\t\t<div class=\"info-wrapper\">\n\t\t<div class=\"info-body\">\n\t\t\t<span class=\"favouritebtn\"><button class=\"simplefavorite-button\" data-postid=\"513\" data-siteid=\"1\" data-groupid=\"1\" data-favoritecount=\"13\" style=\"\">Favorite <i class=\"sf-icon-star-empty\"><\/i><\/button> <\/span>\n\t\t\t<div class=\"wrap-classification\">\n\t\t\t\t<h4 class=\"title-container\">\n\t\t\t\t\t<a href=\"https:\/\/www.ferienwohnungen-garmischpartenkirchen.de\/de\/unterkuenfte\/koenigstand\/?adults=2\">K\u00f6nigstand<\/a>\n\t\t\t\t<\/h4>\n\t\t\t<\/div>\n\t\t\t<p class=\"unit-region\">\n\t\t\t\t<span>Garmisch-Partenkirchen<\/span>\n\t\t\t<\/p>\n\t\t\t<div>\n\t\t\t\t\t\t\t\t\t<div class=\"additional-results-wrapper\">\n\t\t\t\t\t\t\t\t\t\t\t\t\t\t\t\t\t<\/div>\n\t\t\t\t\t\t\t<\/div>\n\t\t\t<div class=\"details-wrapper\">\n\t\t\t\t<ul>\n\t\t\t\t\t<li><span class=\"wrap-value\">4 G\u00e4ste<\/li>\t\t\t\t\t<span class=\"saperator\"><\/span>\n\t\t\t\t\t<li><span class=\"wrap-value\">2 Schlafzimmer<\/span><\/li>\t\t\t\t\t<!-- <li><span class=\"wrap-value\">2<\/span> Schlafzimmer<\/li> -->\n\t\t\t\t\t<span class=\"saperator\"><\/span>\n\t\t\t\t\t<li class=\"list_rating\"><span class=\"wrap-value\">4.8<\/span>&nbsp;<img decoding=\"async\" src=\"\/wp-content\/themes\/mahr\/assets\/images\/star-solid.svg\"\/><\/li> <span class=\"saperator\"><\/span>\t\t\t\t\t<li>\n\t\t\t\t\t\t<div class=\"info-footer\">\n\t\t\t\t\t\t\t<div class=\"price-container\">\n\t\t\t\t\t\t\t\t<!-- <a href=\"https:\/\/www.ferienwohnungen-garmischpartenkirchen.de\/de\/unterkuenfte\/koenigstand\/?adults=2\" class=\"price-button\"><div class=\"showprice \"><span class=\"price\" data-price=\"7900\">79,00<\/span> <span class=\"currency\">&euro;<\/span> <\/div><\/a> -->\n\t\t\t\t\t\t\t\t\t\t\t\t\t\t\t\t<div class=\"showprice \"><span class=\"price\" data-price=\"7900\">79,00<\/span> <span class=\"currency\">&euro;<\/span> <\/div>\n\t\t\t\t\t\t\t<\/div>\n\t\t\t\t\t\t<\/div>\n\t\t\t\t\t<\/li>\n\t\t\t\t<\/ul>\n\t\t\t<\/div>\n\t\t<\/div>\n\t\t<!-- <div class=\"info-footer\">\n\t\t\t<div class=\"price-container\">\n\t\t\t\t<a href=\"https:\/\/www.ferienwohnungen-garmischpartenkirchen.de\/de\/unterkuenfte\/koenigstand\/?adults=2\" class=\"price-button\"><div class=\"showprice \"><span class=\"price\" data-price=\"7900\">79,00<\/span> <span class=\"currency\">&euro;<\/span> <\/div><\/a>\n\t\t\t\t\t\t\t\t<div class=\"showprice \"><span class=\"price\" data-price=\"7900\">79,00<\/span> <span class=\"currency\">&euro;<\/span> <\/div>\n\t\t\t<\/div>\n\t\t<\/div> -->\n\t<\/div>\n<\/div><div class=\"unitcontent-wrapper unitcontent-alternatives-wrapper\">\n\t\t\t<div class=\"image-wrapper\">\n\t\t\t<a href=\"https:\/\/www.ferienwohnungen-garmischpartenkirchen.de\/de\/unterkuenfte\/fuchsbau\/?adults=2\">\n\t\t\t\t\t<div id=\"slider\" class=\"flexslider\">\n\t\t\t\t\t\t\t\t\t\t\t\t<ul class=\"slides\">\n\t\t\t\t\t\t\t\t\t\t\t\t\t\t\t<li>\n\t\t\t\t\t\t\t\t\t<img\n\t\t\t\t\t\t\t\t\tclass=\"lazy\"\n\t\t\t\t\t\t\t\t\tsrc=\"\"\n\t\t\t\t\t\t\t\t\tdata-src=\"https:\/\/www.ferienwohnungen-garmischpartenkirchen.de\/wp-content\/uploads\/2024\/06\/mf10988484-500x500.jpg\"\n\t\t\t\t\t\t\t\t\talt=\"Ferienwohnung in Garmisch-Partenkirchen mit neuem Design\"\n\t\t\t\t\t\t\t\t\tloading=\"lazy\"\n\t\t\t\t\t\t\t\t\tdecoding=\"async\">\n\t\t\t\t\t\t\t\t\t<!-- <img decoding=\"async\" class=\"lazy\" src=\"\" data-src=\"\" alt=\"\" \/> -->\n\t\t\t\t\t\t\t\t<\/li>\n\t\t\t\t\t\t\t\t\t\t\t\t\t\t\t<li>\n\t\t\t\t\t\t\t\t\t<img\n\t\t\t\t\t\t\t\t\tclass=\"lazy\"\n\t\t\t\t\t\t\t\t\tsrc=\"\"\n\t\t\t\t\t\t\t\t\tdata-src=\"https:\/\/www.ferienwohnungen-garmischpartenkirchen.de\/wp-content\/uploads\/2024\/06\/mf10988498-500x500.jpg\"\n\t\t\t\t\t\t\t\t\talt=\"Ferienwohnung in Garmisch-Partenkirchen mit sch\u00f6nem Essbereich\"\n\t\t\t\t\t\t\t\t\tloading=\"lazy\"\n\t\t\t\t\t\t\t\t\tdecoding=\"async\">\n\t\t\t\t\t\t\t\t\t<!-- <img decoding=\"async\" class=\"lazy\" src=\"\" data-src=\"\" alt=\"\" \/> -->\n\t\t\t\t\t\t\t\t<\/li>\n\t\t\t\t\t\t\t\t\t\t\t\t\t\t\t<li>\n\t\t\t\t\t\t\t\t\t<img\n\t\t\t\t\t\t\t\t\tclass=\"lazy\"\n\t\t\t\t\t\t\t\t\tsrc=\"\"\n\t\t\t\t\t\t\t\t\tdata-src=\"https:\/\/www.ferienwohnungen-garmischpartenkirchen.de\/wp-content\/uploads\/2024\/06\/mf10988512-500x500.jpg\"\n\t\t\t\t\t\t\t\t\talt=\"Ferienwohnung in Garmisch-Partenkirchen mit gem\u00fctlichem Schlafzimmer\"\n\t\t\t\t\t\t\t\t\tloading=\"lazy\"\n\t\t\t\t\t\t\t\t\tdecoding=\"async\">\n\t\t\t\t\t\t\t\t\t<!-- <img decoding=\"async\" class=\"lazy\" src=\"\" data-src=\"\" alt=\"\" \/> -->\n\t\t\t\t\t\t\t\t<\/li>\n\t\t\t\t\t\t\t\t\t\t\t\t\t\t\t<li>\n\t\t\t\t\t\t\t\t\t<img\n\t\t\t\t\t\t\t\t\tclass=\"lazy\"\n\t\t\t\t\t\t\t\t\tsrc=\"\"\n\t\t\t\t\t\t\t\t\tdata-src=\"https:\/\/www.ferienwohnungen-garmischpartenkirchen.de\/wp-content\/uploads\/2024\/06\/mf10988525-500x500.jpg\"\n\t\t\t\t\t\t\t\t\talt=\"Ferienwohnung in Garmisch-Partenkirchen mit elegantem Badezimmer\"\n\t\t\t\t\t\t\t\t\tloading=\"lazy\"\n\t\t\t\t\t\t\t\t\tdecoding=\"async\">\n\t\t\t\t\t\t\t\t\t<!-- <img decoding=\"async\" class=\"lazy\" src=\"\" data-src=\"\" alt=\"\" \/> -->\n\t\t\t\t\t\t\t\t<\/li>\n\t\t\t\t\t\t\t\t\t\t\t\t\t\t\t<li>\n\t\t\t\t\t\t\t\t\t<img\n\t\t\t\t\t\t\t\t\tclass=\"lazy\"\n\t\t\t\t\t\t\t\t\tsrc=\"\"\n\t\t\t\t\t\t\t\t\tdata-src=\"https:\/\/www.ferienwohnungen-garmischpartenkirchen.de\/wp-content\/uploads\/2024\/06\/mf10988534-500x500.jpg\"\n\t\t\t\t\t\t\t\t\talt=\"Ausblick von Ferienwohnung in Garmisch-Partenkirchen\"\n\t\t\t\t\t\t\t\t\tloading=\"lazy\"\n\t\t\t\t\t\t\t\t\tdecoding=\"async\">\n\t\t\t\t\t\t\t\t\t<!-- <img decoding=\"async\" class=\"lazy\" src=\"\" data-src=\"\" alt=\"\" \/> -->\n\t\t\t\t\t\t\t\t<\/li>\n\t\t\t\t\t\t\t\t\t\t\t\t\t<\/ul>\n\t\t\t\t\t<\/div>\n\t\t\t\t<\/a>\n\t\t<\/div>\n\t\t<div class=\"info-wrapper\">\n\t\t<div class=\"info-body\">\n\t\t\t<span class=\"favouritebtn\"><button class=\"simplefavorite-button\" data-postid=\"585\" data-siteid=\"1\" data-groupid=\"1\" data-favoritecount=\"23\" style=\"\">Favorite <i class=\"sf-icon-star-empty\"><\/i><\/button> <\/span>\n\t\t\t<div class=\"wrap-classification\">\n\t\t\t\t<h4 class=\"title-container\">\n\t\t\t\t\t<a href=\"https:\/\/www.ferienwohnungen-garmischpartenkirchen.de\/de\/unterkuenfte\/fuchsbau\/?adults=2\">Fuchsbau<\/a>\n\t\t\t\t<\/h4>\n\t\t\t<\/div>\n\t\t\t<p class=\"unit-region\">\n\t\t\t\t<span>Garmisch-Partenkirchen<\/span>\n\t\t\t<\/p>\n\t\t\t<div>\n\t\t\t\t\t\t\t\t\t<div class=\"additional-results-wrapper\">\n\t\t\t\t\t\t\t\t\t\t\t\t\t\t\t\t\t<\/div>\n\t\t\t\t\t\t\t<\/div>\n\t\t\t<div class=\"details-wrapper\">\n\t\t\t\t<ul>\n\t\t\t\t\t<li><span class=\"wrap-value\">2 G\u00e4ste<\/li>\t\t\t\t\t<span class=\"saperator\"><\/span>\n\t\t\t\t\t<li><span class=\"wrap-value\">1 Schlafzimmer<\/span><\/li>\t\t\t\t\t<!-- <li><span class=\"wrap-value\">1<\/span> Schlafzimmer<\/li> -->\n\t\t\t\t\t<span class=\"saperator\"><\/span>\n\t\t\t\t\t<li class=\"list_rating\"><span class=\"wrap-value\">4.6<\/span>&nbsp;<img decoding=\"async\" src=\"\/wp-content\/themes\/mahr\/assets\/images\/star-solid.svg\"\/><\/li> <span class=\"saperator\"><\/span>\t\t\t\t\t<li>\n\t\t\t\t\t\t<div class=\"info-footer\">\n\t\t\t\t\t\t\t<div class=\"price-container\">\n\t\t\t\t\t\t\t\t<!-- <a href=\"https:\/\/www.ferienwohnungen-garmischpartenkirchen.de\/de\/unterkuenfte\/fuchsbau\/?adults=2\" class=\"price-button\"><div class=\"showprice \"><span class=\"price\" data-price=\"4900\">49,00<\/span> <span class=\"currency\">&euro;<\/span> <\/div><\/a> -->\n\t\t\t\t\t\t\t\t\t\t\t\t\t\t\t\t<div class=\"showprice \"><span class=\"price\" data-price=\"4900\">49,00<\/span> <span class=\"currency\">&euro;<\/span> <\/div>\n\t\t\t\t\t\t\t<\/div>\n\t\t\t\t\t\t<\/div>\n\t\t\t\t\t<\/li>\n\t\t\t\t<\/ul>\n\t\t\t<\/div>\n\t\t<\/div>\n\t\t<!-- <div class=\"info-footer\">\n\t\t\t<div class=\"price-container\">\n\t\t\t\t<a href=\"https:\/\/www.ferienwohnungen-garmischpartenkirchen.de\/de\/unterkuenfte\/fuchsbau\/?adults=2\" class=\"price-button\"><div class=\"showprice \"><span class=\"price\" data-price=\"4900\">49,00<\/span> <span class=\"currency\">&euro;<\/span> <\/div><\/a>\n\t\t\t\t\t\t\t\t<div class=\"showprice \"><span class=\"price\" data-price=\"4900\">49,00<\/span> <span class=\"currency\">&euro;<\/span> <\/div>\n\t\t\t<\/div>\n\t\t<\/div> -->\n\t<\/div>\n<\/div><div class=\"unitcontent-wrapper unitcontent-alternatives-wrapper\">\n\t\t\t<div class=\"image-wrapper\">\n\t\t\t<a href=\"https:\/\/www.ferienwohnungen-garmischpartenkirchen.de\/de\/unterkuenfte\/alpenblick\/?adults=2\">\n\t\t\t\t\t<div id=\"slider\" class=\"flexslider\">\n\t\t\t\t\t\t\t\t\t\t\t\t<ul class=\"slides\">\n\t\t\t\t\t\t\t\t\t\t\t\t\t\t\t<li>\n\t\t\t\t\t\t\t\t\t<img\n\t\t\t\t\t\t\t\t\tclass=\"lazy\"\n\t\t\t\t\t\t\t\t\tsrc=\"\"\n\t\t\t\t\t\t\t\t\tdata-src=\"https:\/\/www.ferienwohnungen-garmischpartenkirchen.de\/wp-content\/uploads\/2024\/06\/mf3625512-500x500.jpg\"\n\t\t\t\t\t\t\t\t\talt=\"Wohnzimmer mit Sessel in Ferienwohnung in Garmisch-Partenkirchen\"\n\t\t\t\t\t\t\t\t\tloading=\"lazy\"\n\t\t\t\t\t\t\t\t\tdecoding=\"async\">\n\t\t\t\t\t\t\t\t\t<!-- <img decoding=\"async\" class=\"lazy\" src=\"\" data-src=\"\" alt=\"\" \/> -->\n\t\t\t\t\t\t\t\t<\/li>\n\t\t\t\t\t\t\t\t\t\t\t\t\t\t\t<li>\n\t\t\t\t\t\t\t\t\t<img\n\t\t\t\t\t\t\t\t\tclass=\"lazy\"\n\t\t\t\t\t\t\t\t\tsrc=\"\"\n\t\t\t\t\t\t\t\t\tdata-src=\"https:\/\/www.ferienwohnungen-garmischpartenkirchen.de\/wp-content\/uploads\/2024\/06\/mf3625495-500x500.jpg\"\n\t\t\t\t\t\t\t\t\talt=\"Doppelbett mit Schr\u00e4ge in Ferienwohnung in Garmisch-Partenkirchen\"\n\t\t\t\t\t\t\t\t\tloading=\"lazy\"\n\t\t\t\t\t\t\t\t\tdecoding=\"async\">\n\t\t\t\t\t\t\t\t\t<!-- <img decoding=\"async\" class=\"lazy\" src=\"\" data-src=\"\" alt=\"\" \/> -->\n\t\t\t\t\t\t\t\t<\/li>\n\t\t\t\t\t\t\t\t\t\t\t\t\t\t\t<li>\n\t\t\t\t\t\t\t\t\t<img\n\t\t\t\t\t\t\t\t\tclass=\"lazy\"\n\t\t\t\t\t\t\t\t\tsrc=\"\"\n\t\t\t\t\t\t\t\t\tdata-src=\"https:\/\/www.ferienwohnungen-garmischpartenkirchen.de\/wp-content\/uploads\/2024\/06\/mf3625511-500x500.jpg\"\n\t\t\t\t\t\t\t\t\talt=\"Wohnzimmer mit Hockern und Fernsehre in Ferienwohnung in Garmisch-Partenkirchen\"\n\t\t\t\t\t\t\t\t\tloading=\"lazy\"\n\t\t\t\t\t\t\t\t\tdecoding=\"async\">\n\t\t\t\t\t\t\t\t\t<!-- <img decoding=\"async\" class=\"lazy\" src=\"\" data-src=\"\" alt=\"\" \/> -->\n\t\t\t\t\t\t\t\t<\/li>\n\t\t\t\t\t\t\t\t\t\t\t\t\t\t\t<li>\n\t\t\t\t\t\t\t\t\t<img\n\t\t\t\t\t\t\t\t\tclass=\"lazy\"\n\t\t\t\t\t\t\t\t\tsrc=\"\"\n\t\t\t\t\t\t\t\t\tdata-src=\"https:\/\/www.ferienwohnungen-garmischpartenkirchen.de\/wp-content\/uploads\/2024\/06\/mf3625528-500x500.jpg\"\n\t\t\t\t\t\t\t\t\talt=\"Aussicht in Ferienwohnung in Garmisch-Partenkirchen\"\n\t\t\t\t\t\t\t\t\tloading=\"lazy\"\n\t\t\t\t\t\t\t\t\tdecoding=\"async\">\n\t\t\t\t\t\t\t\t\t<!-- <img decoding=\"async\" class=\"lazy\" src=\"\" data-src=\"\" alt=\"\" \/> -->\n\t\t\t\t\t\t\t\t<\/li>\n\t\t\t\t\t\t\t\t\t\t\t\t\t\t\t<li>\n\t\t\t\t\t\t\t\t\t<img\n\t\t\t\t\t\t\t\t\tclass=\"lazy\"\n\t\t\t\t\t\t\t\t\tsrc=\"\"\n\t\t\t\t\t\t\t\t\tdata-src=\"https:\/\/www.ferienwohnungen-garmischpartenkirchen.de\/wp-content\/uploads\/2024\/06\/mf3625517-500x500.jpg\"\n\t\t\t\t\t\t\t\t\talt=\"Sauna in Ferienwohnung in Garmisch-Partenkirchen\"\n\t\t\t\t\t\t\t\t\tloading=\"lazy\"\n\t\t\t\t\t\t\t\t\tdecoding=\"async\">\n\t\t\t\t\t\t\t\t\t<!-- <img decoding=\"async\" class=\"lazy\" src=\"\" data-src=\"\" alt=\"\" \/> -->\n\t\t\t\t\t\t\t\t<\/li>\n\t\t\t\t\t\t\t\t\t\t\t\t\t<\/ul>\n\t\t\t\t\t<\/div>\n\t\t\t\t<\/a>\n\t\t<\/div>\n\t\t<div class=\"info-wrapper\">\n\t\t<div class=\"info-body\">\n\t\t\t<span class=\"favouritebtn\"><button class=\"simplefavorite-button\" data-postid=\"529\" data-siteid=\"1\" data-groupid=\"1\" data-favoritecount=\"17\" style=\"\">Favorite <i class=\"sf-icon-star-empty\"><\/i><\/button> <\/span>\n\t\t\t<div class=\"wrap-classification\">\n\t\t\t\t<h4 class=\"title-container\">\n\t\t\t\t\t<a href=\"https:\/\/www.ferienwohnungen-garmischpartenkirchen.de\/de\/unterkuenfte\/alpenblick\/?adults=2\">Alpenblick<\/a>\n\t\t\t\t<\/h4>\n\t\t\t<\/div>\n\t\t\t<p class=\"unit-region\">\n\t\t\t\t<span>Garmisch-Partenkirchen<\/span>\n\t\t\t<\/p>\n\t\t\t<div>\n\t\t\t\t\t\t\t\t\t<div class=\"additional-results-wrapper\">\n\t\t\t\t\t\t\t\t\t\t\t\t\t\t\t\t\t<\/div>\n\t\t\t\t\t\t\t<\/div>\n\t\t\t<div class=\"details-wrapper\">\n\t\t\t\t<ul>\n\t\t\t\t\t<li><span class=\"wrap-value\">6 G\u00e4ste<\/li>\t\t\t\t\t<span class=\"saperator\"><\/span>\n\t\t\t\t\t<li><span class=\"wrap-value\">3 Schlafzimmer<\/span><\/li>\t\t\t\t\t<!-- <li><span class=\"wrap-value\">3<\/span> Schlafzimmer<\/li> -->\n\t\t\t\t\t<span class=\"saperator\"><\/span>\n\t\t\t\t\t<li class=\"list_rating\"><span class=\"wrap-value\">4.9<\/span>&nbsp;<img decoding=\"async\" src=\"\/wp-content\/themes\/mahr\/assets\/images\/star-solid.svg\"\/><\/li> <span class=\"saperator\"><\/span>\t\t\t\t\t<li>\n\t\t\t\t\t\t<div class=\"info-footer\">\n\t\t\t\t\t\t\t<div class=\"price-container\">\n\t\t\t\t\t\t\t\t<!-- <a href=\"https:\/\/www.ferienwohnungen-garmischpartenkirchen.de\/de\/unterkuenfte\/alpenblick\/?adults=2\" class=\"price-button\"><div class=\"showprice \"><span class=\"price\" data-price=\"14900\">149,00<\/span> <span class=\"currency\">&euro;<\/span> <\/div><\/a> -->\n\t\t\t\t\t\t\t\t\t\t\t\t\t\t\t\t<div class=\"showprice \"><span class=\"price\" data-price=\"14900\">149,00<\/span> <span class=\"currency\">&euro;<\/span> <\/div>\n\t\t\t\t\t\t\t<\/div>\n\t\t\t\t\t\t<\/div>\n\t\t\t\t\t<\/li>\n\t\t\t\t<\/ul>\n\t\t\t<\/div>\n\t\t<\/div>\n\t\t<!-- <div class=\"info-footer\">\n\t\t\t<div class=\"price-container\">\n\t\t\t\t<a href=\"https:\/\/www.ferienwohnungen-garmischpartenkirchen.de\/de\/unterkuenfte\/alpenblick\/?adults=2\" class=\"price-button\"><div class=\"showprice \"><span class=\"price\" data-price=\"14900\">149,00<\/span> <span class=\"currency\">&euro;<\/span> <\/div><\/a>\n\t\t\t\t\t\t\t\t<div class=\"showprice \"><span class=\"price\" data-price=\"14900\">149,00<\/span> <span class=\"currency\">&euro;<\/span> <\/div>\n\t\t\t<\/div>\n\t\t<\/div> -->\n\t<\/div>\n<\/div><div class=\"unitcontent-wrapper unitcontent-alternatives-wrapper\">\n\t\t\t<div class=\"image-wrapper\">\n\t\t\t<a href=\"https:\/\/www.ferienwohnungen-garmischpartenkirchen.de\/de\/unterkuenfte\/haus-am-katzenbach\/?adults=2\">\n\t\t\t\t\t<div id=\"slider\" class=\"flexslider\">\n\t\t\t\t\t\t\t\t\t\t\t\t<ul class=\"slides\">\n\t\t\t\t\t\t\t\t\t\t\t\t\t\t\t<li>\n\t\t\t\t\t\t\t\t\t<img\n\t\t\t\t\t\t\t\t\tclass=\"lazy\"\n\t\t\t\t\t\t\t\t\tsrc=\"\"\n\t\t\t\t\t\t\t\t\tdata-src=\"https:\/\/www.ferienwohnungen-garmischpartenkirchen.de\/wp-content\/uploads\/2024\/06\/mf3709595-500x500.jpg\"\n\t\t\t\t\t\t\t\t\talt=\"Wohnzimmer mit Fernseher in Ferienwohnung in Garmisch-Partenkirchen\"\n\t\t\t\t\t\t\t\t\tloading=\"lazy\"\n\t\t\t\t\t\t\t\t\tdecoding=\"async\">\n\t\t\t\t\t\t\t\t\t<!-- <img decoding=\"async\" class=\"lazy\" src=\"\" data-src=\"\" alt=\"\" \/> -->\n\t\t\t\t\t\t\t\t<\/li>\n\t\t\t\t\t\t\t\t\t\t\t\t\t\t\t<li>\n\t\t\t\t\t\t\t\t\t<img\n\t\t\t\t\t\t\t\t\tclass=\"lazy\"\n\t\t\t\t\t\t\t\t\tsrc=\"\"\n\t\t\t\t\t\t\t\t\tdata-src=\"https:\/\/www.ferienwohnungen-garmischpartenkirchen.de\/wp-content\/uploads\/2024\/06\/mf3709583-500x500.jpg\"\n\t\t\t\t\t\t\t\t\talt=\"Doppelbett mit Gardienen in Ferienwohnung in Garmisch-Partenkirchen\"\n\t\t\t\t\t\t\t\t\tloading=\"lazy\"\n\t\t\t\t\t\t\t\t\tdecoding=\"async\">\n\t\t\t\t\t\t\t\t\t<!-- <img decoding=\"async\" class=\"lazy\" src=\"\" data-src=\"\" alt=\"\" \/> -->\n\t\t\t\t\t\t\t\t<\/li>\n\t\t\t\t\t\t\t\t\t\t\t\t\t\t\t<li>\n\t\t\t\t\t\t\t\t\t<img\n\t\t\t\t\t\t\t\t\tclass=\"lazy\"\n\t\t\t\t\t\t\t\t\tsrc=\"\"\n\t\t\t\t\t\t\t\t\tdata-src=\"https:\/\/www.ferienwohnungen-garmischpartenkirchen.de\/wp-content\/uploads\/2024\/06\/mf3709597-500x500.jpg\"\n\t\t\t\t\t\t\t\t\talt=\"K\u00fcche mit Herd in Ferienwohnung in Garmisch-Partenkirchen\"\n\t\t\t\t\t\t\t\t\tloading=\"lazy\"\n\t\t\t\t\t\t\t\t\tdecoding=\"async\">\n\t\t\t\t\t\t\t\t\t<!-- <img decoding=\"async\" class=\"lazy\" src=\"\" data-src=\"\" alt=\"\" \/> -->\n\t\t\t\t\t\t\t\t<\/li>\n\t\t\t\t\t\t\t\t\t\t\t\t\t\t\t<li>\n\t\t\t\t\t\t\t\t\t<img\n\t\t\t\t\t\t\t\t\tclass=\"lazy\"\n\t\t\t\t\t\t\t\t\tsrc=\"\"\n\t\t\t\t\t\t\t\t\tdata-src=\"https:\/\/www.ferienwohnungen-garmischpartenkirchen.de\/wp-content\/uploads\/2024\/06\/mf3709602-500x500.jpg\"\n\t\t\t\t\t\t\t\t\talt=\"Badezimmer mit Dusche in Ferienwohnung in Garmisch-Partenkirchen\"\n\t\t\t\t\t\t\t\t\tloading=\"lazy\"\n\t\t\t\t\t\t\t\t\tdecoding=\"async\">\n\t\t\t\t\t\t\t\t\t<!-- <img decoding=\"async\" class=\"lazy\" src=\"\" data-src=\"\" alt=\"\" \/> -->\n\t\t\t\t\t\t\t\t<\/li>\n\t\t\t\t\t\t\t\t\t\t\t\t\t\t\t<li>\n\t\t\t\t\t\t\t\t\t<img\n\t\t\t\t\t\t\t\t\tclass=\"lazy\"\n\t\t\t\t\t\t\t\t\tsrc=\"\"\n\t\t\t\t\t\t\t\t\tdata-src=\"https:\/\/www.ferienwohnungen-garmischpartenkirchen.de\/wp-content\/uploads\/2024\/06\/mf3709610-500x500.jpg\"\n\t\t\t\t\t\t\t\t\talt=\"Garage in Ferienwohnung in Garmisch-Partenkirchen\"\n\t\t\t\t\t\t\t\t\tloading=\"lazy\"\n\t\t\t\t\t\t\t\t\tdecoding=\"async\">\n\t\t\t\t\t\t\t\t\t<!-- <img decoding=\"async\" class=\"lazy\" src=\"\" data-src=\"\" alt=\"\" \/> -->\n\t\t\t\t\t\t\t\t<\/li>\n\t\t\t\t\t\t\t\t\t\t\t\t\t<\/ul>\n\t\t\t\t\t<\/div>\n\t\t\t\t<\/a>\n\t\t<\/div>\n\t\t<div class=\"info-wrapper\">\n\t\t<div class=\"info-body\">\n\t\t\t<span class=\"favouritebtn\"><button class=\"simplefavorite-button\" data-postid=\"526\" data-siteid=\"1\" data-groupid=\"1\" data-favoritecount=\"15\" style=\"\">Favorite <i class=\"sf-icon-star-empty\"><\/i><\/button> <\/span>\n\t\t\t<div class=\"wrap-classification\">\n\t\t\t\t<h4 class=\"title-container\">\n\t\t\t\t\t<a href=\"https:\/\/www.ferienwohnungen-garmischpartenkirchen.de\/de\/unterkuenfte\/haus-am-katzenbach\/?adults=2\">Haus am Katzenbach<\/a>\n\t\t\t\t<\/h4>\n\t\t\t<\/div>\n\t\t\t<p class=\"unit-region\">\n\t\t\t\t<span>Garmisch-Partenkirchen<\/span>\n\t\t\t<\/p>\n\t\t\t<div>\n\t\t\t\t\t\t\t\t\t<div class=\"additional-results-wrapper\">\n\t\t\t\t\t\t\t\t\t\t\t\t\t\t\t\t\t<\/div>\n\t\t\t\t\t\t\t<\/div>\n\t\t\t<div class=\"details-wrapper\">\n\t\t\t\t<ul>\n\t\t\t\t\t<li><span class=\"wrap-value\">8 G\u00e4ste<\/li>\t\t\t\t\t<span class=\"saperator\"><\/span>\n\t\t\t\t\t<li><span class=\"wrap-value\">4 Schlafzimmer<\/span><\/li>\t\t\t\t\t<!-- <li><span class=\"wrap-value\">4<\/span> Schlafzimmer<\/li> -->\n\t\t\t\t\t<span class=\"saperator\"><\/span>\n\t\t\t\t\t<li class=\"list_rating\"><span class=\"wrap-value\">4.7<\/span>&nbsp;<img decoding=\"async\" src=\"\/wp-content\/themes\/mahr\/assets\/images\/star-solid.svg\"\/><\/li> <span class=\"saperator\"><\/span>\t\t\t\t\t<li>\n\t\t\t\t\t\t<div class=\"info-footer\">\n\t\t\t\t\t\t\t<div class=\"price-container\">\n\t\t\t\t\t\t\t\t<!-- <a href=\"https:\/\/www.ferienwohnungen-garmischpartenkirchen.de\/de\/unterkuenfte\/haus-am-katzenbach\/?adults=2\" class=\"price-button\"><div class=\"showprice \"><span class=\"price\" data-price=\"17900\">179,00<\/span> <span class=\"currency\">&euro;<\/span> <\/div><\/a> -->\n\t\t\t\t\t\t\t\t\t\t\t\t\t\t\t\t<div class=\"showprice \"><span class=\"price\" data-price=\"17900\">179,00<\/span> <span class=\"currency\">&euro;<\/span> <\/div>\n\t\t\t\t\t\t\t<\/div>\n\t\t\t\t\t\t<\/div>\n\t\t\t\t\t<\/li>\n\t\t\t\t<\/ul>\n\t\t\t<\/div>\n\t\t<\/div>\n\t\t<!-- <div class=\"info-footer\">\n\t\t\t<div class=\"price-container\">\n\t\t\t\t<a href=\"https:\/\/www.ferienwohnungen-garmischpartenkirchen.de\/de\/unterkuenfte\/haus-am-katzenbach\/?adults=2\" class=\"price-button\"><div class=\"showprice \"><span class=\"price\" data-price=\"17900\">179,00<\/span> <span class=\"currency\">&euro;<\/span> <\/div><\/a>\n\t\t\t\t\t\t\t\t<div class=\"showprice \"><span class=\"price\" data-price=\"17900\">179,00<\/span> <span class=\"currency\">&euro;<\/span> <\/div>\n\t\t\t<\/div>\n\t\t<\/div> -->\n\t<\/div>\n<\/div><div class=\"unitcontent-wrapper unitcontent-alternatives-wrapper\">\n\t\t\t<div class=\"image-wrapper\">\n\t\t\t<a href=\"https:\/\/www.ferienwohnungen-garmischpartenkirchen.de\/de\/unterkuenfte\/falkenstein\/?adults=2\">\n\t\t\t\t\t<div id=\"slider\" class=\"flexslider\">\n\t\t\t\t\t\t\t\t\t\t\t\t<ul class=\"slides\">\n\t\t\t\t\t\t\t\t\t\t\t\t\t\t\t<li>\n\t\t\t\t\t\t\t\t\t<img\n\t\t\t\t\t\t\t\t\tclass=\"lazy\"\n\t\t\t\t\t\t\t\t\tsrc=\"\"\n\t\t\t\t\t\t\t\t\tdata-src=\"https:\/\/www.ferienwohnungen-garmischpartenkirchen.de\/wp-content\/uploads\/2024\/06\/mf12986331-500x500.jpg\"\n\t\t\t\t\t\t\t\t\talt=\"Umgebung von der Ferienwohnung in Garmisch-Partenkirchen\"\n\t\t\t\t\t\t\t\t\tloading=\"lazy\"\n\t\t\t\t\t\t\t\t\tdecoding=\"async\">\n\t\t\t\t\t\t\t\t\t<!-- <img decoding=\"async\" class=\"lazy\" src=\"\" data-src=\"\" alt=\"\" \/> -->\n\t\t\t\t\t\t\t\t<\/li>\n\t\t\t\t\t\t\t\t\t\t\t\t\t\t\t<li>\n\t\t\t\t\t\t\t\t\t<img\n\t\t\t\t\t\t\t\t\tclass=\"lazy\"\n\t\t\t\t\t\t\t\t\tsrc=\"\"\n\t\t\t\t\t\t\t\t\tdata-src=\"https:\/\/www.ferienwohnungen-garmischpartenkirchen.de\/wp-content\/uploads\/2024\/06\/mf10331943-500x500.jpg\"\n\t\t\t\t\t\t\t\t\talt=\"Wohnzimmer mit Einem Tisch in Ferienwohnung in Garmisch-Partenkirchen\"\n\t\t\t\t\t\t\t\t\tloading=\"lazy\"\n\t\t\t\t\t\t\t\t\tdecoding=\"async\">\n\t\t\t\t\t\t\t\t\t<!-- <img decoding=\"async\" class=\"lazy\" src=\"\" data-src=\"\" alt=\"\" \/> -->\n\t\t\t\t\t\t\t\t<\/li>\n\t\t\t\t\t\t\t\t\t\t\t\t\t\t\t<li>\n\t\t\t\t\t\t\t\t\t<img\n\t\t\t\t\t\t\t\t\tclass=\"lazy\"\n\t\t\t\t\t\t\t\t\tsrc=\"\"\n\t\t\t\t\t\t\t\t\tdata-src=\"https:\/\/www.ferienwohnungen-garmischpartenkirchen.de\/wp-content\/uploads\/2024\/06\/mf4435835-500x500.jpg\"\n\t\t\t\t\t\t\t\t\talt=\"Essbereich mit Holzst\u00fchlen in Ferienwohnung in Garmisch-Partenkirchen\"\n\t\t\t\t\t\t\t\t\tloading=\"lazy\"\n\t\t\t\t\t\t\t\t\tdecoding=\"async\">\n\t\t\t\t\t\t\t\t\t<!-- <img decoding=\"async\" class=\"lazy\" src=\"\" data-src=\"\" alt=\"\" \/> -->\n\t\t\t\t\t\t\t\t<\/li>\n\t\t\t\t\t\t\t\t\t\t\t\t\t\t\t<li>\n\t\t\t\t\t\t\t\t\t<img\n\t\t\t\t\t\t\t\t\tclass=\"lazy\"\n\t\t\t\t\t\t\t\t\tsrc=\"\"\n\t\t\t\t\t\t\t\t\tdata-src=\"https:\/\/www.ferienwohnungen-garmischpartenkirchen.de\/wp-content\/uploads\/2024\/06\/mf10331945-500x500.jpg\"\n\t\t\t\t\t\t\t\t\talt=\"Durchgang vom Wohnzimmer in die K\u00fcche mit Fernseher in Ferienwohnung in Garmisch-Partenkirchen\"\n\t\t\t\t\t\t\t\t\tloading=\"lazy\"\n\t\t\t\t\t\t\t\t\tdecoding=\"async\">\n\t\t\t\t\t\t\t\t\t<!-- <img decoding=\"async\" class=\"lazy\" src=\"\" data-src=\"\" alt=\"\" \/> -->\n\t\t\t\t\t\t\t\t<\/li>\n\t\t\t\t\t\t\t\t\t\t\t\t\t\t\t<li>\n\t\t\t\t\t\t\t\t\t<img\n\t\t\t\t\t\t\t\t\tclass=\"lazy\"\n\t\t\t\t\t\t\t\t\tsrc=\"\"\n\t\t\t\t\t\t\t\t\tdata-src=\"https:\/\/www.ferienwohnungen-garmischpartenkirchen.de\/wp-content\/uploads\/2024\/06\/mf4391240-500x500.jpg\"\n\t\t\t\t\t\t\t\t\talt=\"Badezimmer mit einer gro\u00dfen Dusche in Ferienwohnung in Garmisch-Partenkirchen\"\n\t\t\t\t\t\t\t\t\tloading=\"lazy\"\n\t\t\t\t\t\t\t\t\tdecoding=\"async\">\n\t\t\t\t\t\t\t\t\t<!-- <img decoding=\"async\" class=\"lazy\" src=\"\" data-src=\"\" alt=\"\" \/> -->\n\t\t\t\t\t\t\t\t<\/li>\n\t\t\t\t\t\t\t\t\t\t\t\t\t<\/ul>\n\t\t\t\t\t<\/div>\n\t\t\t\t<\/a>\n\t\t<\/div>\n\t\t<div class=\"info-wrapper\">\n\t\t<div class=\"info-body\">\n\t\t\t<span class=\"favouritebtn\"><button class=\"simplefavorite-button\" data-postid=\"564\" data-siteid=\"1\" data-groupid=\"1\" data-favoritecount=\"10\" style=\"\">Favorite <i class=\"sf-icon-star-empty\"><\/i><\/button> <\/span>\n\t\t\t<div class=\"wrap-classification\">\n\t\t\t\t<h4 class=\"title-container\">\n\t\t\t\t\t<a href=\"https:\/\/www.ferienwohnungen-garmischpartenkirchen.de\/de\/unterkuenfte\/falkenstein\/?adults=2\">Falkenstein<\/a>\n\t\t\t\t<\/h4>\n\t\t\t<\/div>\n\t\t\t<p class=\"unit-region\">\n\t\t\t\t<span>Garmisch-Partenkirchen<\/span>\n\t\t\t<\/p>\n\t\t\t<div>\n\t\t\t\t\t\t\t\t\t<div class=\"additional-results-wrapper\">\n\t\t\t\t\t\t\t\t\t\t\t\t\t\t\t\t\t<\/div>\n\t\t\t\t\t\t\t<\/div>\n\t\t\t<div class=\"details-wrapper\">\n\t\t\t\t<ul>\n\t\t\t\t\t<li><span class=\"wrap-value\">7 G\u00e4ste<\/li>\t\t\t\t\t<span class=\"saperator\"><\/span>\n\t\t\t\t\t<li><span class=\"wrap-value\">3 Schlafzimmer<\/span><\/li>\t\t\t\t\t<!-- <li><span class=\"wrap-value\">3<\/span> Schlafzimmer<\/li> -->\n\t\t\t\t\t<span class=\"saperator\"><\/span>\n\t\t\t\t\t<li class=\"list_rating\"><span class=\"wrap-value\">4.6<\/span>&nbsp;<img decoding=\"async\" src=\"\/wp-content\/themes\/mahr\/assets\/images\/star-solid.svg\"\/><\/li> <span class=\"saperator\"><\/span>\t\t\t\t\t<li>\n\t\t\t\t\t\t<div class=\"info-footer\">\n\t\t\t\t\t\t\t<div class=\"price-container\">\n\t\t\t\t\t\t\t\t<!-- <a href=\"https:\/\/www.ferienwohnungen-garmischpartenkirchen.de\/de\/unterkuenfte\/falkenstein\/?adults=2\" class=\"price-button\"><div class=\"showprice \"><span class=\"price\" data-price=\"9900\">99,00<\/span> <span class=\"currency\">&euro;<\/span> <\/div><\/a> -->\n\t\t\t\t\t\t\t\t\t\t\t\t\t\t\t\t<div class=\"showprice \"><span class=\"price\" data-price=\"9900\">99,00<\/span> <span class=\"currency\">&euro;<\/span> <\/div>\n\t\t\t\t\t\t\t<\/div>\n\t\t\t\t\t\t<\/div>\n\t\t\t\t\t<\/li>\n\t\t\t\t<\/ul>\n\t\t\t<\/div>\n\t\t<\/div>\n\t\t<!-- <div class=\"info-footer\">\n\t\t\t<div class=\"price-container\">\n\t\t\t\t<a href=\"https:\/\/www.ferienwohnungen-garmischpartenkirchen.de\/de\/unterkuenfte\/falkenstein\/?adults=2\" class=\"price-button\"><div class=\"showprice \"><span class=\"price\" data-price=\"9900\">99,00<\/span> <span class=\"currency\">&euro;<\/span> <\/div><\/a>\n\t\t\t\t\t\t\t\t<div class=\"showprice \"><span class=\"price\" data-price=\"9900\">99,00<\/span> <span class=\"currency\">&euro;<\/span> <\/div>\n\t\t\t<\/div>\n\t\t<\/div> -->\n\t<\/div>\n<\/div><div class=\"unitcontent-wrapper unitcontent-alternatives-wrapper\">\n\t\t\t<div class=\"image-wrapper\">\n\t\t\t<a href=\"https:\/\/www.ferienwohnungen-garmischpartenkirchen.de\/de\/unterkuenfte\/murmeltier\/?adults=2\">\n\t\t\t\t\t<div id=\"slider\" class=\"flexslider\">\n\t\t\t\t\t\t\t\t\t\t\t\t<ul class=\"slides\">\n\t\t\t\t\t\t\t\t\t\t\t\t\t\t\t<li>\n\t\t\t\t\t\t\t\t\t<img\n\t\t\t\t\t\t\t\t\tclass=\"lazy\"\n\t\t\t\t\t\t\t\t\tsrc=\"\"\n\t\t\t\t\t\t\t\t\tdata-src=\"https:\/\/www.ferienwohnungen-garmischpartenkirchen.de\/wp-content\/uploads\/2024\/06\/mf12986337-500x500.jpg\"\n\t\t\t\t\t\t\t\t\talt=\"Umgebung von der Ferienwohnung in Garmisch-Partenkirchen\"\n\t\t\t\t\t\t\t\t\tloading=\"lazy\"\n\t\t\t\t\t\t\t\t\tdecoding=\"async\">\n\t\t\t\t\t\t\t\t\t<!-- <img decoding=\"async\" class=\"lazy\" src=\"\" data-src=\"\" alt=\"\" \/> -->\n\t\t\t\t\t\t\t\t<\/li>\n\t\t\t\t\t\t\t\t\t\t\t\t\t\t\t<li>\n\t\t\t\t\t\t\t\t\t<img\n\t\t\t\t\t\t\t\t\tclass=\"lazy\"\n\t\t\t\t\t\t\t\t\tsrc=\"\"\n\t\t\t\t\t\t\t\t\tdata-src=\"https:\/\/www.ferienwohnungen-garmischpartenkirchen.de\/wp-content\/uploads\/2024\/06\/mf10331998-500x500.jpg\"\n\t\t\t\t\t\t\t\t\talt=\"Au\u00dfenbereich mit St\u00fchlen in Ferienwohnung in Garmisch-Partenkirchen\"\n\t\t\t\t\t\t\t\t\tloading=\"lazy\"\n\t\t\t\t\t\t\t\t\tdecoding=\"async\">\n\t\t\t\t\t\t\t\t\t<!-- <img decoding=\"async\" class=\"lazy\" src=\"\" data-src=\"\" alt=\"\" \/> -->\n\t\t\t\t\t\t\t\t<\/li>\n\t\t\t\t\t\t\t\t\t\t\t\t\t\t\t<li>\n\t\t\t\t\t\t\t\t\t<img\n\t\t\t\t\t\t\t\t\tclass=\"lazy\"\n\t\t\t\t\t\t\t\t\tsrc=\"\"\n\t\t\t\t\t\t\t\t\tdata-src=\"https:\/\/www.ferienwohnungen-garmischpartenkirchen.de\/wp-content\/uploads\/2024\/06\/mf4380004-500x500.jpg\"\n\t\t\t\t\t\t\t\t\talt=\"Wohnzimmer mit Kissen in Ferienwohnung in Garmisch-Partenkirchen\"\n\t\t\t\t\t\t\t\t\tloading=\"lazy\"\n\t\t\t\t\t\t\t\t\tdecoding=\"async\">\n\t\t\t\t\t\t\t\t\t<!-- <img decoding=\"async\" class=\"lazy\" src=\"\" data-src=\"\" alt=\"\" \/> -->\n\t\t\t\t\t\t\t\t<\/li>\n\t\t\t\t\t\t\t\t\t\t\t\t\t\t\t<li>\n\t\t\t\t\t\t\t\t\t<img\n\t\t\t\t\t\t\t\t\tclass=\"lazy\"\n\t\t\t\t\t\t\t\t\tsrc=\"\"\n\t\t\t\t\t\t\t\t\tdata-src=\"https:\/\/www.ferienwohnungen-garmischpartenkirchen.de\/wp-content\/uploads\/2024\/06\/mf4380021-500x500.jpg\"\n\t\t\t\t\t\t\t\t\talt=\"Bett mit Nachttischen in Ferienwohnung in Garmisch-Partenkirchen\"\n\t\t\t\t\t\t\t\t\tloading=\"lazy\"\n\t\t\t\t\t\t\t\t\tdecoding=\"async\">\n\t\t\t\t\t\t\t\t\t<!-- <img decoding=\"async\" class=\"lazy\" src=\"\" data-src=\"\" alt=\"\" \/> -->\n\t\t\t\t\t\t\t\t<\/li>\n\t\t\t\t\t\t\t\t\t\t\t\t\t\t\t<li>\n\t\t\t\t\t\t\t\t\t<img\n\t\t\t\t\t\t\t\t\tclass=\"lazy\"\n\t\t\t\t\t\t\t\t\tsrc=\"\"\n\t\t\t\t\t\t\t\t\tdata-src=\"https:\/\/www.ferienwohnungen-garmischpartenkirchen.de\/wp-content\/uploads\/2024\/06\/mf4380038-500x500.jpg\"\n\t\t\t\t\t\t\t\t\talt=\"Waschbecken in Stein-Optik in Ferienwohnung in Garmisch-Partenkirchen\"\n\t\t\t\t\t\t\t\t\tloading=\"lazy\"\n\t\t\t\t\t\t\t\t\tdecoding=\"async\">\n\t\t\t\t\t\t\t\t\t<!-- <img decoding=\"async\" class=\"lazy\" src=\"\" data-src=\"\" alt=\"\" \/> -->\n\t\t\t\t\t\t\t\t<\/li>\n\t\t\t\t\t\t\t\t\t\t\t\t\t<\/ul>\n\t\t\t\t\t<\/div>\n\t\t\t\t<\/a>\n\t\t<\/div>\n\t\t<div class=\"info-wrapper\">\n\t\t<div class=\"info-body\">\n\t\t\t<span class=\"favouritebtn\"><button class=\"simplefavorite-button\" data-postid=\"562\" data-siteid=\"1\" data-groupid=\"1\" data-favoritecount=\"8\" style=\"\">Favorite <i class=\"sf-icon-star-empty\"><\/i><\/button> <\/span>\n\t\t\t<div class=\"wrap-classification\">\n\t\t\t\t<h4 class=\"title-container\">\n\t\t\t\t\t<a href=\"https:\/\/www.ferienwohnungen-garmischpartenkirchen.de\/de\/unterkuenfte\/murmeltier\/?adults=2\">Murmeltier<\/a>\n\t\t\t\t<\/h4>\n\t\t\t<\/div>\n\t\t\t<p class=\"unit-region\">\n\t\t\t\t<span>Garmisch-Partenkirchen<\/span>\n\t\t\t<\/p>\n\t\t\t<div>\n\t\t\t\t\t\t\t\t\t<div class=\"additional-results-wrapper\">\n\t\t\t\t\t\t\t\t\t\t\t\t\t\t\t\t\t<\/div>\n\t\t\t\t\t\t\t<\/div>\n\t\t\t<div class=\"details-wrapper\">\n\t\t\t\t<ul>\n\t\t\t\t\t<li><span class=\"wrap-value\">7 G\u00e4ste<\/li>\t\t\t\t\t<span class=\"saperator\"><\/span>\n\t\t\t\t\t<li><span class=\"wrap-value\">3 Schlafzimmer<\/span><\/li>\t\t\t\t\t<!-- <li><span class=\"wrap-value\">3<\/span> Schlafzimmer<\/li> -->\n\t\t\t\t\t<span class=\"saperator\"><\/span>\n\t\t\t\t\t<li class=\"list_rating\"><span class=\"wrap-value\">4.4<\/span>&nbsp;<img decoding=\"async\" src=\"\/wp-content\/themes\/mahr\/assets\/images\/star-solid.svg\"\/><\/li> <span class=\"saperator\"><\/span>\t\t\t\t\t<li>\n\t\t\t\t\t\t<div class=\"info-footer\">\n\t\t\t\t\t\t\t<div class=\"price-container\">\n\t\t\t\t\t\t\t\t<!-- <a href=\"https:\/\/www.ferienwohnungen-garmischpartenkirchen.de\/de\/unterkuenfte\/murmeltier\/?adults=2\" class=\"price-button\"><div class=\"showprice \"><span class=\"price\" data-price=\"8900\">89,00<\/span> <span class=\"currency\">&euro;<\/span> <\/div><\/a> -->\n\t\t\t\t\t\t\t\t\t\t\t\t\t\t\t\t<div class=\"showprice \"><span class=\"price\" data-price=\"8900\">89,00<\/span> <span class=\"currency\">&euro;<\/span> <\/div>\n\t\t\t\t\t\t\t<\/div>\n\t\t\t\t\t\t<\/div>\n\t\t\t\t\t<\/li>\n\t\t\t\t<\/ul>\n\t\t\t<\/div>\n\t\t<\/div>\n\t\t<!-- <div class=\"info-footer\">\n\t\t\t<div class=\"price-container\">\n\t\t\t\t<a href=\"https:\/\/www.ferienwohnungen-garmischpartenkirchen.de\/de\/unterkuenfte\/murmeltier\/?adults=2\" class=\"price-button\"><div class=\"showprice \"><span class=\"price\" data-price=\"8900\">89,00<\/span> <span class=\"currency\">&euro;<\/span> <\/div><\/a>\n\t\t\t\t\t\t\t\t<div class=\"showprice \"><span class=\"price\" data-price=\"8900\">89,00<\/span> <span class=\"currency\">&euro;<\/span> <\/div>\n\t\t\t<\/div>\n\t\t<\/div> -->\n\t<\/div>\n<\/div><div class=\"unitcontent-wrapper unitcontent-alternatives-wrapper\">\n\t\t\t<div class=\"image-wrapper\">\n\t\t\t<a href=\"https:\/\/www.ferienwohnungen-garmischpartenkirchen.de\/de\/unterkuenfte\/alpenzauber\/?adults=2\">\n\t\t\t\t\t<div id=\"slider\" class=\"flexslider\">\n\t\t\t\t\t\t\t\t\t\t\t\t<ul class=\"slides\">\n\t\t\t\t\t\t\t\t\t\t\t\t\t\t\t<li>\n\t\t\t\t\t\t\t\t\t<img\n\t\t\t\t\t\t\t\t\tclass=\"lazy\"\n\t\t\t\t\t\t\t\t\tsrc=\"\"\n\t\t\t\t\t\t\t\t\tdata-src=\"https:\/\/www.ferienwohnungen-garmischpartenkirchen.de\/wp-content\/uploads\/2024\/06\/mf5906833-500x500.jpg\"\n\t\t\t\t\t\t\t\t\talt=\"Wohnbereich mit vielen Kissen in Ferienwohnung in Garmisch-Partenkirchen\"\n\t\t\t\t\t\t\t\t\tloading=\"lazy\"\n\t\t\t\t\t\t\t\t\tdecoding=\"async\">\n\t\t\t\t\t\t\t\t\t<!-- <img decoding=\"async\" class=\"lazy\" src=\"\" data-src=\"\" alt=\"\" \/> -->\n\t\t\t\t\t\t\t\t<\/li>\n\t\t\t\t\t\t\t\t\t\t\t\t\t\t\t<li>\n\t\t\t\t\t\t\t\t\t<img\n\t\t\t\t\t\t\t\t\tclass=\"lazy\"\n\t\t\t\t\t\t\t\t\tsrc=\"\"\n\t\t\t\t\t\t\t\t\tdata-src=\"https:\/\/www.ferienwohnungen-garmischpartenkirchen.de\/wp-content\/uploads\/2024\/06\/mf5906855-500x500.jpg\"\n\t\t\t\t\t\t\t\t\talt=\"heller Schlafbereich mit wei\u00dfen W\u00e4nden in Ferienwohnung in Garmisch-Partenkirchen\"\n\t\t\t\t\t\t\t\t\tloading=\"lazy\"\n\t\t\t\t\t\t\t\t\tdecoding=\"async\">\n\t\t\t\t\t\t\t\t\t<!-- <img decoding=\"async\" class=\"lazy\" src=\"\" data-src=\"\" alt=\"\" \/> -->\n\t\t\t\t\t\t\t\t<\/li>\n\t\t\t\t\t\t\t\t\t\t\t\t\t\t\t<li>\n\t\t\t\t\t\t\t\t\t<img\n\t\t\t\t\t\t\t\t\tclass=\"lazy\"\n\t\t\t\t\t\t\t\t\tsrc=\"\"\n\t\t\t\t\t\t\t\t\tdata-src=\"https:\/\/www.ferienwohnungen-garmischpartenkirchen.de\/wp-content\/uploads\/2024\/06\/mf5906849-500x500.jpg\"\n\t\t\t\t\t\t\t\t\talt=\"ger\u00e4umige K\u00fcche mit holz farbenen Arbeitsfl\u00e4chen in Ferienwohnung in Garmisch-Partenkirchen\"\n\t\t\t\t\t\t\t\t\tloading=\"lazy\"\n\t\t\t\t\t\t\t\t\tdecoding=\"async\">\n\t\t\t\t\t\t\t\t\t<!-- <img decoding=\"async\" class=\"lazy\" src=\"\" data-src=\"\" alt=\"\" \/> -->\n\t\t\t\t\t\t\t\t<\/li>\n\t\t\t\t\t\t\t\t\t\t\t\t\t\t\t<li>\n\t\t\t\t\t\t\t\t\t<img\n\t\t\t\t\t\t\t\t\tclass=\"lazy\"\n\t\t\t\t\t\t\t\t\tsrc=\"\"\n\t\t\t\t\t\t\t\t\tdata-src=\"https:\/\/www.ferienwohnungen-garmischpartenkirchen.de\/wp-content\/uploads\/2024\/06\/mf5906876-500x500.jpg\"\n\t\t\t\t\t\t\t\t\talt=\"gro\u00dfes helles Bad in Ferienwohnung in Garmisch-Partenkirchen\"\n\t\t\t\t\t\t\t\t\tloading=\"lazy\"\n\t\t\t\t\t\t\t\t\tdecoding=\"async\">\n\t\t\t\t\t\t\t\t\t<!-- <img decoding=\"async\" class=\"lazy\" src=\"\" data-src=\"\" alt=\"\" \/> -->\n\t\t\t\t\t\t\t\t<\/li>\n\t\t\t\t\t\t\t\t\t\t\t\t\t\t\t<li>\n\t\t\t\t\t\t\t\t\t<img\n\t\t\t\t\t\t\t\t\tclass=\"lazy\"\n\t\t\t\t\t\t\t\t\tsrc=\"\"\n\t\t\t\t\t\t\t\t\tdata-src=\"https:\/\/www.ferienwohnungen-garmischpartenkirchen.de\/wp-content\/uploads\/2024\/06\/mf5906886-500x500.jpg\"\n\t\t\t\t\t\t\t\t\talt=\"Ausblick auf die Berge in Ferienwohnung in Garmisch-Partenkirchen\"\n\t\t\t\t\t\t\t\t\tloading=\"lazy\"\n\t\t\t\t\t\t\t\t\tdecoding=\"async\">\n\t\t\t\t\t\t\t\t\t<!-- <img decoding=\"async\" class=\"lazy\" src=\"\" data-src=\"\" alt=\"\" \/> -->\n\t\t\t\t\t\t\t\t<\/li>\n\t\t\t\t\t\t\t\t\t\t\t\t\t<\/ul>\n\t\t\t\t\t<\/div>\n\t\t\t\t<\/a>\n\t\t<\/div>\n\t\t<div class=\"info-wrapper\">\n\t\t<div class=\"info-body\">\n\t\t\t<span class=\"favouritebtn\"><button class=\"simplefavorite-button\" data-postid=\"570\" data-siteid=\"1\" data-groupid=\"1\" data-favoritecount=\"14\" style=\"\">Favorite <i class=\"sf-icon-star-empty\"><\/i><\/button> <\/span>\n\t\t\t<div class=\"wrap-classification\">\n\t\t\t\t<h4 class=\"title-container\">\n\t\t\t\t\t<a href=\"https:\/\/www.ferienwohnungen-garmischpartenkirchen.de\/de\/unterkuenfte\/alpenzauber\/?adults=2\">Alpenzauber<\/a>\n\t\t\t\t<\/h4>\n\t\t\t<\/div>\n\t\t\t<p class=\"unit-region\">\n\t\t\t\t<span>Garmisch-Partenkirchen<\/span>\n\t\t\t<\/p>\n\t\t\t<div>\n\t\t\t\t\t\t\t\t\t<div class=\"additional-results-wrapper\">\n\t\t\t\t\t\t\t\t\t\t\t\t\t\t\t\t\t<\/div>\n\t\t\t\t\t\t\t<\/div>\n\t\t\t<div class=\"details-wrapper\">\n\t\t\t\t<ul>\n\t\t\t\t\t<li><span class=\"wrap-value\">6 G\u00e4ste<\/li>\t\t\t\t\t<span class=\"saperator\"><\/span>\n\t\t\t\t\t<li><span class=\"wrap-value\">3 Schlafzimmer<\/span><\/li>\t\t\t\t\t<!-- <li><span class=\"wrap-value\">3<\/span> Schlafzimmer<\/li> -->\n\t\t\t\t\t<span class=\"saperator\"><\/span>\n\t\t\t\t\t<li class=\"list_rating\"><span class=\"wrap-value\">4.8<\/span>&nbsp;<img decoding=\"async\" src=\"\/wp-content\/themes\/mahr\/assets\/images\/star-solid.svg\"\/><\/li> <span class=\"saperator\"><\/span>\t\t\t\t\t<li>\n\t\t\t\t\t\t<div class=\"info-footer\">\n\t\t\t\t\t\t\t<div class=\"price-container\">\n\t\t\t\t\t\t\t\t<!-- <a href=\"https:\/\/www.ferienwohnungen-garmischpartenkirchen.de\/de\/unterkuenfte\/alpenzauber\/?adults=2\" class=\"price-button\"><div class=\"showprice \"><span class=\"price\" data-price=\"10900\">109,00<\/span> <span class=\"currency\">&euro;<\/span> <\/div><\/a> -->\n\t\t\t\t\t\t\t\t\t\t\t\t\t\t\t\t<div class=\"showprice \"><span class=\"price\" data-price=\"10900\">109,00<\/span> <span class=\"currency\">&euro;<\/span> <\/div>\n\t\t\t\t\t\t\t<\/div>\n\t\t\t\t\t\t<\/div>\n\t\t\t\t\t<\/li>\n\t\t\t\t<\/ul>\n\t\t\t<\/div>\n\t\t<\/div>\n\t\t<!-- <div class=\"info-footer\">\n\t\t\t<div class=\"price-container\">\n\t\t\t\t<a href=\"https:\/\/www.ferienwohnungen-garmischpartenkirchen.de\/de\/unterkuenfte\/alpenzauber\/?adults=2\" class=\"price-button\"><div class=\"showprice \"><span class=\"price\" data-price=\"10900\">109,00<\/span> <span class=\"currency\">&euro;<\/span> <\/div><\/a>\n\t\t\t\t\t\t\t\t<div class=\"showprice \"><span class=\"price\" data-price=\"10900\">109,00<\/span> <span class=\"currency\">&euro;<\/span> <\/div>\n\t\t\t<\/div>\n\t\t<\/div> -->\n\t<\/div>\n<\/div><div class=\"unitcontent-wrapper unitcontent-alternatives-wrapper\">\n\t\t\t<div class=\"image-wrapper\">\n\t\t\t<a href=\"https:\/\/www.ferienwohnungen-garmischpartenkirchen.de\/de\/unterkuenfte\/steinwild\/?adults=2\">\n\t\t\t\t\t<div id=\"slider\" class=\"flexslider\">\n\t\t\t\t\t\t\t\t\t\t\t\t<ul class=\"slides\">\n\t\t\t\t\t\t\t\t\t\t\t\t\t\t\t<li>\n\t\t\t\t\t\t\t\t\t<img\n\t\t\t\t\t\t\t\t\tclass=\"lazy\"\n\t\t\t\t\t\t\t\t\tsrc=\"\"\n\t\t\t\t\t\t\t\t\tdata-src=\"https:\/\/www.ferienwohnungen-garmischpartenkirchen.de\/wp-content\/uploads\/2024\/06\/mf12986338-500x500.jpg\"\n\t\t\t\t\t\t\t\t\talt=\"Gesch\u00e4fte in Garmisch-Partenkirchen\"\n\t\t\t\t\t\t\t\t\tloading=\"lazy\"\n\t\t\t\t\t\t\t\t\tdecoding=\"async\">\n\t\t\t\t\t\t\t\t\t<!-- <img decoding=\"async\" class=\"lazy\" src=\"\" data-src=\"\" alt=\"\" \/> -->\n\t\t\t\t\t\t\t\t<\/li>\n\t\t\t\t\t\t\t\t\t\t\t\t\t\t\t<li>\n\t\t\t\t\t\t\t\t\t<img\n\t\t\t\t\t\t\t\t\tclass=\"lazy\"\n\t\t\t\t\t\t\t\t\tsrc=\"\"\n\t\t\t\t\t\t\t\t\tdata-src=\"https:\/\/www.ferienwohnungen-garmischpartenkirchen.de\/wp-content\/uploads\/2024\/06\/mf4436047-500x500.jpg\"\n\t\t\t\t\t\t\t\t\talt=\"Wohnzimmer mit dunkel blauer Wand in Ferienwohnung in Garmisch-Partenkirchen\"\n\t\t\t\t\t\t\t\t\tloading=\"lazy\"\n\t\t\t\t\t\t\t\t\tdecoding=\"async\">\n\t\t\t\t\t\t\t\t\t<!-- <img decoding=\"async\" class=\"lazy\" src=\"\" data-src=\"\" alt=\"\" \/> -->\n\t\t\t\t\t\t\t\t<\/li>\n\t\t\t\t\t\t\t\t\t\t\t\t\t\t\t<li>\n\t\t\t\t\t\t\t\t\t<img\n\t\t\t\t\t\t\t\t\tclass=\"lazy\"\n\t\t\t\t\t\t\t\t\tsrc=\"\"\n\t\t\t\t\t\t\t\t\tdata-src=\"https:\/\/www.ferienwohnungen-garmischpartenkirchen.de\/wp-content\/uploads\/2024\/06\/mf4390679-500x500.jpg\"\n\t\t\t\t\t\t\t\t\talt=\"Badezimmer mit Badewanne in Ferienwohnung in Garmisch-Partenkirchen\"\n\t\t\t\t\t\t\t\t\tloading=\"lazy\"\n\t\t\t\t\t\t\t\t\tdecoding=\"async\">\n\t\t\t\t\t\t\t\t\t<!-- <img decoding=\"async\" class=\"lazy\" src=\"\" data-src=\"\" alt=\"\" \/> -->\n\t\t\t\t\t\t\t\t<\/li>\n\t\t\t\t\t\t\t\t\t\t\t\t\t\t\t<li>\n\t\t\t\t\t\t\t\t\t<img\n\t\t\t\t\t\t\t\t\tclass=\"lazy\"\n\t\t\t\t\t\t\t\t\tsrc=\"\"\n\t\t\t\t\t\t\t\t\tdata-src=\"https:\/\/www.ferienwohnungen-garmischpartenkirchen.de\/wp-content\/uploads\/2024\/06\/mf10332083-500x500.jpg\"\n\t\t\t\t\t\t\t\t\talt=\"K\u00fcche mit hell brauner Arbeitsplatte in Ferienwohnung in Garmisch-Partenkirchen\"\n\t\t\t\t\t\t\t\t\tloading=\"lazy\"\n\t\t\t\t\t\t\t\t\tdecoding=\"async\">\n\t\t\t\t\t\t\t\t\t<!-- <img decoding=\"async\" class=\"lazy\" src=\"\" data-src=\"\" alt=\"\" \/> -->\n\t\t\t\t\t\t\t\t<\/li>\n\t\t\t\t\t\t\t\t\t\t\t\t\t\t\t<li>\n\t\t\t\t\t\t\t\t\t<img\n\t\t\t\t\t\t\t\t\tclass=\"lazy\"\n\t\t\t\t\t\t\t\t\tsrc=\"\"\n\t\t\t\t\t\t\t\t\tdata-src=\"https:\/\/www.ferienwohnungen-garmischpartenkirchen.de\/wp-content\/uploads\/2024\/06\/mf4390661-500x500.jpg\"\n\t\t\t\t\t\t\t\t\talt=\"Schlafzimmer mit Doppelbett in Ferienwohnung in Garmisch-Partenkirchen\"\n\t\t\t\t\t\t\t\t\tloading=\"lazy\"\n\t\t\t\t\t\t\t\t\tdecoding=\"async\">\n\t\t\t\t\t\t\t\t\t<!-- <img decoding=\"async\" class=\"lazy\" src=\"\" data-src=\"\" alt=\"\" \/> -->\n\t\t\t\t\t\t\t\t<\/li>\n\t\t\t\t\t\t\t\t\t\t\t\t\t<\/ul>\n\t\t\t\t\t<\/div>\n\t\t\t\t<\/a>\n\t\t<\/div>\n\t\t<div class=\"info-wrapper\">\n\t\t<div class=\"info-body\">\n\t\t\t<span class=\"favouritebtn\"><button class=\"simplefavorite-button\" data-postid=\"563\" data-siteid=\"1\" data-groupid=\"1\" data-favoritecount=\"13\" style=\"\">Favorite <i class=\"sf-icon-star-empty\"><\/i><\/button> <\/span>\n\t\t\t<div class=\"wrap-classification\">\n\t\t\t\t<h4 class=\"title-container\">\n\t\t\t\t\t<a href=\"https:\/\/www.ferienwohnungen-garmischpartenkirchen.de\/de\/unterkuenfte\/steinwild\/?adults=2\">Steinwild<\/a>\n\t\t\t\t<\/h4>\n\t\t\t<\/div>\n\t\t\t<p class=\"unit-region\">\n\t\t\t\t<span>Garmisch-Partenkirchen<\/span>\n\t\t\t<\/p>\n\t\t\t<div>\n\t\t\t\t\t\t\t\t\t<div class=\"additional-results-wrapper\">\n\t\t\t\t\t\t\t\t\t\t\t\t\t\t\t\t\t<\/div>\n\t\t\t\t\t\t\t<\/div>\n\t\t\t<div class=\"details-wrapper\">\n\t\t\t\t<ul>\n\t\t\t\t\t<li><span class=\"wrap-value\">7 G\u00e4ste<\/li>\t\t\t\t\t<span class=\"saperator\"><\/span>\n\t\t\t\t\t<li><span class=\"wrap-value\">3 Schlafzimmer<\/span><\/li>\t\t\t\t\t<!-- <li><span class=\"wrap-value\">3<\/span> Schlafzimmer<\/li> -->\n\t\t\t\t\t<span class=\"saperator\"><\/span>\n\t\t\t\t\t<li class=\"list_rating\"><span class=\"wrap-value\">4.6<\/span>&nbsp;<img decoding=\"async\" src=\"\/wp-content\/themes\/mahr\/assets\/images\/star-solid.svg\"\/><\/li> <span class=\"saperator\"><\/span>\t\t\t\t\t<li>\n\t\t\t\t\t\t<div class=\"info-footer\">\n\t\t\t\t\t\t\t<div class=\"price-container\">\n\t\t\t\t\t\t\t\t<!-- <a href=\"https:\/\/www.ferienwohnungen-garmischpartenkirchen.de\/de\/unterkuenfte\/steinwild\/?adults=2\" class=\"price-button\"><div class=\"showprice \"><span class=\"price\" data-price=\"9900\">99,00<\/span> <span class=\"currency\">&euro;<\/span> <\/div><\/a> -->\n\t\t\t\t\t\t\t\t\t\t\t\t\t\t\t\t<div class=\"showprice \"><span class=\"price\" data-price=\"9900\">99,00<\/span> <span class=\"currency\">&euro;<\/span> <\/div>\n\t\t\t\t\t\t\t<\/div>\n\t\t\t\t\t\t<\/div>\n\t\t\t\t\t<\/li>\n\t\t\t\t<\/ul>\n\t\t\t<\/div>\n\t\t<\/div>\n\t\t<!-- <div class=\"info-footer\">\n\t\t\t<div class=\"price-container\">\n\t\t\t\t<a href=\"https:\/\/www.ferienwohnungen-garmischpartenkirchen.de\/de\/unterkuenfte\/steinwild\/?adults=2\" class=\"price-button\"><div class=\"showprice \"><span class=\"price\" data-price=\"9900\">99,00<\/span> <span class=\"currency\">&euro;<\/span> <\/div><\/a>\n\t\t\t\t\t\t\t\t<div class=\"showprice \"><span class=\"price\" data-price=\"9900\">99,00<\/span> <span class=\"currency\">&euro;<\/span> <\/div>\n\t\t\t<\/div>\n\t\t<\/div> -->\n\t<\/div>\n<\/div><div class=\"unitcontent-wrapper unitcontent-alternatives-wrapper\">\n\t\t\t<div class=\"image-wrapper\">\n\t\t\t<a href=\"https:\/\/www.ferienwohnungen-garmischpartenkirchen.de\/de\/unterkuenfte\/haus-am-leitenfeld\/?adults=2\">\n\t\t\t\t\t<div id=\"slider\" class=\"flexslider\">\n\t\t\t\t\t\t\t\t\t\t\t\t<ul class=\"slides\">\n\t\t\t\t\t\t\t\t\t\t\t\t\t\t\t<li>\n\t\t\t\t\t\t\t\t\t<img\n\t\t\t\t\t\t\t\t\tclass=\"lazy\"\n\t\t\t\t\t\t\t\t\tsrc=\"\"\n\t\t\t\t\t\t\t\t\tdata-src=\"https:\/\/www.ferienwohnungen-garmischpartenkirchen.de\/wp-content\/uploads\/2025\/05\/mf21714997-500x500.jpg\"\n\t\t\t\t\t\t\t\t\talt=\"\"\n\t\t\t\t\t\t\t\t\tloading=\"lazy\"\n\t\t\t\t\t\t\t\t\tdecoding=\"async\">\n\t\t\t\t\t\t\t\t\t<!-- <img decoding=\"async\" class=\"lazy\" src=\"\" data-src=\"\" alt=\"\" \/> -->\n\t\t\t\t\t\t\t\t<\/li>\n\t\t\t\t\t\t\t\t\t\t\t\t\t\t\t<li>\n\t\t\t\t\t\t\t\t\t<img\n\t\t\t\t\t\t\t\t\tclass=\"lazy\"\n\t\t\t\t\t\t\t\t\tsrc=\"\"\n\t\t\t\t\t\t\t\t\tdata-src=\"https:\/\/www.ferienwohnungen-garmischpartenkirchen.de\/wp-content\/uploads\/2025\/05\/mf21714996-500x500.jpg\"\n\t\t\t\t\t\t\t\t\talt=\"\"\n\t\t\t\t\t\t\t\t\tloading=\"lazy\"\n\t\t\t\t\t\t\t\t\tdecoding=\"async\">\n\t\t\t\t\t\t\t\t\t<!-- <img decoding=\"async\" class=\"lazy\" src=\"\" data-src=\"\" alt=\"\" \/> -->\n\t\t\t\t\t\t\t\t<\/li>\n\t\t\t\t\t\t\t\t\t\t\t\t\t\t\t<li>\n\t\t\t\t\t\t\t\t\t<img\n\t\t\t\t\t\t\t\t\tclass=\"lazy\"\n\t\t\t\t\t\t\t\t\tsrc=\"\"\n\t\t\t\t\t\t\t\t\tdata-src=\"https:\/\/www.ferienwohnungen-garmischpartenkirchen.de\/wp-content\/uploads\/2025\/05\/mf21715001-500x500.jpg\"\n\t\t\t\t\t\t\t\t\talt=\"\"\n\t\t\t\t\t\t\t\t\tloading=\"lazy\"\n\t\t\t\t\t\t\t\t\tdecoding=\"async\">\n\t\t\t\t\t\t\t\t\t<!-- <img decoding=\"async\" class=\"lazy\" src=\"\" data-src=\"\" alt=\"\" \/> -->\n\t\t\t\t\t\t\t\t<\/li>\n\t\t\t\t\t\t\t\t\t\t\t\t\t\t\t<li>\n\t\t\t\t\t\t\t\t\t<img\n\t\t\t\t\t\t\t\t\tclass=\"lazy\"\n\t\t\t\t\t\t\t\t\tsrc=\"\"\n\t\t\t\t\t\t\t\t\tdata-src=\"https:\/\/www.ferienwohnungen-garmischpartenkirchen.de\/wp-content\/uploads\/2025\/05\/mf21715002-500x500.jpg\"\n\t\t\t\t\t\t\t\t\talt=\"\"\n\t\t\t\t\t\t\t\t\tloading=\"lazy\"\n\t\t\t\t\t\t\t\t\tdecoding=\"async\">\n\t\t\t\t\t\t\t\t\t<!-- <img decoding=\"async\" class=\"lazy\" src=\"\" data-src=\"\" alt=\"\" \/> -->\n\t\t\t\t\t\t\t\t<\/li>\n\t\t\t\t\t\t\t\t\t\t\t\t\t\t\t<li>\n\t\t\t\t\t\t\t\t\t<img\n\t\t\t\t\t\t\t\t\tclass=\"lazy\"\n\t\t\t\t\t\t\t\t\tsrc=\"\"\n\t\t\t\t\t\t\t\t\tdata-src=\"https:\/\/www.ferienwohnungen-garmischpartenkirchen.de\/wp-content\/uploads\/2025\/05\/mf21715010-500x500.jpg\"\n\t\t\t\t\t\t\t\t\talt=\"\"\n\t\t\t\t\t\t\t\t\tloading=\"lazy\"\n\t\t\t\t\t\t\t\t\tdecoding=\"async\">\n\t\t\t\t\t\t\t\t\t<!-- <img decoding=\"async\" class=\"lazy\" src=\"\" data-src=\"\" alt=\"\" \/> -->\n\t\t\t\t\t\t\t\t<\/li>\n\t\t\t\t\t\t\t\t\t\t\t\t\t<\/ul>\n\t\t\t\t\t<\/div>\n\t\t\t\t<\/a>\n\t\t<\/div>\n\t\t<div class=\"info-wrapper\">\n\t\t<div class=\"info-body\">\n\t\t\t<span class=\"favouritebtn\"><button class=\"simplefavorite-button\" data-postid=\"594\" data-siteid=\"1\" data-groupid=\"1\" data-favoritecount=\"22\" style=\"\">Favorite <i class=\"sf-icon-star-empty\"><\/i><\/button> <\/span>\n\t\t\t<div class=\"wrap-classification\">\n\t\t\t\t<h4 class=\"title-container\">\n\t\t\t\t\t<a href=\"https:\/\/www.ferienwohnungen-garmischpartenkirchen.de\/de\/unterkuenfte\/haus-am-leitenfeld\/?adults=2\">Haus am Leitenfeld<\/a>\n\t\t\t\t<\/h4>\n\t\t\t<\/div>\n\t\t\t<p class=\"unit-region\">\n\t\t\t\t<span>Garmisch-Partenkirchen<\/span>\n\t\t\t<\/p>\n\t\t\t<div>\n\t\t\t\t\t\t\t\t\t<div class=\"additional-results-wrapper\">\n\t\t\t\t\t\t\t\t\t\t\t\t\t\t\t\t\t<\/div>\n\t\t\t\t\t\t\t<\/div>\n\t\t\t<div class=\"details-wrapper\">\n\t\t\t\t<ul>\n\t\t\t\t\t<li><span class=\"wrap-value\">7 G\u00e4ste<\/li>\t\t\t\t\t<span class=\"saperator\"><\/span>\n\t\t\t\t\t<li><span class=\"wrap-value\">3 Schlafzimmer<\/span><\/li>\t\t\t\t\t<!-- <li><span class=\"wrap-value\">3<\/span> Schlafzimmer<\/li> -->\n\t\t\t\t\t<span class=\"saperator\"><\/span>\n\t\t\t\t\t<li class=\"list_rating\"><span class=\"wrap-value\">4.8<\/span>&nbsp;<img decoding=\"async\" src=\"\/wp-content\/themes\/mahr\/assets\/images\/star-solid.svg\"\/><\/li> <span class=\"saperator\"><\/span>\t\t\t\t\t<li>\n\t\t\t\t\t\t<div class=\"info-footer\">\n\t\t\t\t\t\t\t<div class=\"price-container\">\n\t\t\t\t\t\t\t\t<!-- <a href=\"https:\/\/www.ferienwohnungen-garmischpartenkirchen.de\/de\/unterkuenfte\/haus-am-leitenfeld\/?adults=2\" class=\"price-button\"><div class=\"showprice \"><span class=\"price\" data-price=\"16900\">169,00<\/span> <span class=\"currency\">&euro;<\/span> <\/div><\/a> -->\n\t\t\t\t\t\t\t\t\t\t\t\t\t\t\t\t<div class=\"showprice \"><span class=\"price\" data-price=\"16900\">169,00<\/span> <span class=\"currency\">&euro;<\/span> <\/div>\n\t\t\t\t\t\t\t<\/div>\n\t\t\t\t\t\t<\/div>\n\t\t\t\t\t<\/li>\n\t\t\t\t<\/ul>\n\t\t\t<\/div>\n\t\t<\/div>\n\t\t<!-- <div class=\"info-footer\">\n\t\t\t<div class=\"price-container\">\n\t\t\t\t<a href=\"https:\/\/www.ferienwohnungen-garmischpartenkirchen.de\/de\/unterkuenfte\/haus-am-leitenfeld\/?adults=2\" class=\"price-button\"><div class=\"showprice \"><span class=\"price\" data-price=\"16900\">169,00<\/span> <span class=\"currency\">&euro;<\/span> <\/div><\/a>\n\t\t\t\t\t\t\t\t<div class=\"showprice \"><span class=\"price\" data-price=\"16900\">169,00<\/span> <span class=\"currency\">&euro;<\/span> <\/div>\n\t\t\t<\/div>\n\t\t<\/div> -->\n\t<\/div>\n<\/div><div class=\"unitcontent-wrapper unitcontent-alternatives-wrapper\">\n\t\t\t<div class=\"image-wrapper\">\n\t\t\t<a href=\"https:\/\/www.ferienwohnungen-garmischpartenkirchen.de\/de\/unterkuenfte\/alpen-chalet\/?adults=2\">\n\t\t\t\t\t<div id=\"slider\" class=\"flexslider\">\n\t\t\t\t\t\t\t\t\t\t\t\t<ul class=\"slides\">\n\t\t\t\t\t\t\t\t\t\t\t\t\t\t\t<li>\n\t\t\t\t\t\t\t\t\t<img\n\t\t\t\t\t\t\t\t\tclass=\"lazy\"\n\t\t\t\t\t\t\t\t\tsrc=\"\"\n\t\t\t\t\t\t\t\t\tdata-src=\"https:\/\/www.ferienwohnungen-garmischpartenkirchen.de\/wp-content\/uploads\/2024\/06\/mf3698909-500x500.jpg\"\n\t\t\t\t\t\t\t\t\talt=\"schwarzes Sofa in Ferienwohnung in Garmisch-Partenkirchen\"\n\t\t\t\t\t\t\t\t\tloading=\"lazy\"\n\t\t\t\t\t\t\t\t\tdecoding=\"async\">\n\t\t\t\t\t\t\t\t\t<!-- <img decoding=\"async\" class=\"lazy\" src=\"\" data-src=\"\" alt=\"\" \/> -->\n\t\t\t\t\t\t\t\t<\/li>\n\t\t\t\t\t\t\t\t\t\t\t\t\t\t\t<li>\n\t\t\t\t\t\t\t\t\t<img\n\t\t\t\t\t\t\t\t\tclass=\"lazy\"\n\t\t\t\t\t\t\t\t\tsrc=\"\"\n\t\t\t\t\t\t\t\t\tdata-src=\"https:\/\/www.ferienwohnungen-garmischpartenkirchen.de\/wp-content\/uploads\/2024\/06\/mf3698940-500x500.jpg\"\n\t\t\t\t\t\t\t\t\talt=\"Garten in Ferienwohnung in Garmisch-Partenkirchen\"\n\t\t\t\t\t\t\t\t\tloading=\"lazy\"\n\t\t\t\t\t\t\t\t\tdecoding=\"async\">\n\t\t\t\t\t\t\t\t\t<!-- <img decoding=\"async\" class=\"lazy\" src=\"\" data-src=\"\" alt=\"\" \/> -->\n\t\t\t\t\t\t\t\t<\/li>\n\t\t\t\t\t\t\t\t\t\t\t\t\t\t\t<li>\n\t\t\t\t\t\t\t\t\t<img\n\t\t\t\t\t\t\t\t\tclass=\"lazy\"\n\t\t\t\t\t\t\t\t\tsrc=\"\"\n\t\t\t\t\t\t\t\t\tdata-src=\"https:\/\/www.ferienwohnungen-garmischpartenkirchen.de\/wp-content\/uploads\/2024\/06\/mf10327805-500x500.jpg\"\n\t\t\t\t\t\t\t\t\talt=\"Liegen und Sauna in Ferienwohnung in Garmisch-Partenkirchen\"\n\t\t\t\t\t\t\t\t\tloading=\"lazy\"\n\t\t\t\t\t\t\t\t\tdecoding=\"async\">\n\t\t\t\t\t\t\t\t\t<!-- <img decoding=\"async\" class=\"lazy\" src=\"\" data-src=\"\" alt=\"\" \/> -->\n\t\t\t\t\t\t\t\t<\/li>\n\t\t\t\t\t\t\t\t\t\t\t\t\t\t\t<li>\n\t\t\t\t\t\t\t\t\t<img\n\t\t\t\t\t\t\t\t\tclass=\"lazy\"\n\t\t\t\t\t\t\t\t\tsrc=\"\"\n\t\t\t\t\t\t\t\t\tdata-src=\"https:\/\/www.ferienwohnungen-garmischpartenkirchen.de\/wp-content\/uploads\/2024\/06\/mf3698893-500x500.jpg\"\n\t\t\t\t\t\t\t\t\talt=\"Doppelzimmer mit Fernseher in Ferienwohnung in Garmisch-Partenkirchen\"\n\t\t\t\t\t\t\t\t\tloading=\"lazy\"\n\t\t\t\t\t\t\t\t\tdecoding=\"async\">\n\t\t\t\t\t\t\t\t\t<!-- <img decoding=\"async\" class=\"lazy\" src=\"\" data-src=\"\" alt=\"\" \/> -->\n\t\t\t\t\t\t\t\t<\/li>\n\t\t\t\t\t\t\t\t\t\t\t\t\t\t\t<li>\n\t\t\t\t\t\t\t\t\t<img\n\t\t\t\t\t\t\t\t\tclass=\"lazy\"\n\t\t\t\t\t\t\t\t\tsrc=\"\"\n\t\t\t\t\t\t\t\t\tdata-src=\"https:\/\/www.ferienwohnungen-garmischpartenkirchen.de\/wp-content\/uploads\/2024\/06\/mf3698904-500x500.jpg\"\n\t\t\t\t\t\t\t\t\talt=\"Wohnzimmer mit Sessel in Ferienwohnung in Garmisch-Partenkirchen\"\n\t\t\t\t\t\t\t\t\tloading=\"lazy\"\n\t\t\t\t\t\t\t\t\tdecoding=\"async\">\n\t\t\t\t\t\t\t\t\t<!-- <img decoding=\"async\" class=\"lazy\" src=\"\" data-src=\"\" alt=\"\" \/> -->\n\t\t\t\t\t\t\t\t<\/li>\n\t\t\t\t\t\t\t\t\t\t\t\t\t<\/ul>\n\t\t\t\t\t<\/div>\n\t\t\t\t<\/a>\n\t\t<\/div>\n\t\t<div class=\"info-wrapper\">\n\t\t<div class=\"info-body\">\n\t\t\t<span class=\"favouritebtn\"><button class=\"simplefavorite-button\" data-postid=\"523\" data-siteid=\"1\" data-groupid=\"1\" data-favoritecount=\"12\" style=\"\">Favorite <i class=\"sf-icon-star-empty\"><\/i><\/button> <\/span>\n\t\t\t<div class=\"wrap-classification\">\n\t\t\t\t<h4 class=\"title-container\">\n\t\t\t\t\t<a href=\"https:\/\/www.ferienwohnungen-garmischpartenkirchen.de\/de\/unterkuenfte\/alpen-chalet\/?adults=2\">Alpen Chalet<\/a>\n\t\t\t\t<\/h4>\n\t\t\t<\/div>\n\t\t\t<p class=\"unit-region\">\n\t\t\t\t<span>Garmisch-Partenkirchen<\/span>\n\t\t\t<\/p>\n\t\t\t<div>\n\t\t\t\t\t\t\t\t\t<div class=\"additional-results-wrapper\">\n\t\t\t\t\t\t\t\t\t\t\t\t\t\t\t\t\t<\/div>\n\t\t\t\t\t\t\t<\/div>\n\t\t\t<div class=\"details-wrapper\">\n\t\t\t\t<ul>\n\t\t\t\t\t<li><span class=\"wrap-value\">9 G\u00e4ste<\/li>\t\t\t\t\t<span class=\"saperator\"><\/span>\n\t\t\t\t\t<li><span class=\"wrap-value\">4 Schlafzimmer<\/span><\/li>\t\t\t\t\t<!-- <li><span class=\"wrap-value\">4<\/span> Schlafzimmer<\/li> -->\n\t\t\t\t\t<span class=\"saperator\"><\/span>\n\t\t\t\t\t<li class=\"list_rating\"><span class=\"wrap-value\">4.8<\/span>&nbsp;<img decoding=\"async\" src=\"\/wp-content\/themes\/mahr\/assets\/images\/star-solid.svg\"\/><\/li> <span class=\"saperator\"><\/span>\t\t\t\t\t<li>\n\t\t\t\t\t\t<div class=\"info-footer\">\n\t\t\t\t\t\t\t<div class=\"price-container\">\n\t\t\t\t\t\t\t\t<!-- <a href=\"https:\/\/www.ferienwohnungen-garmischpartenkirchen.de\/de\/unterkuenfte\/alpen-chalet\/?adults=2\" class=\"price-button\"><div class=\"showprice \"><span class=\"price\" data-price=\"23900\">239,00<\/span> <span class=\"currency\">&euro;<\/span> <\/div><\/a> -->\n\t\t\t\t\t\t\t\t\t\t\t\t\t\t\t\t<div class=\"showprice \"><span class=\"price\" data-price=\"23900\">239,00<\/span> <span class=\"currency\">&euro;<\/span> <\/div>\n\t\t\t\t\t\t\t<\/div>\n\t\t\t\t\t\t<\/div>\n\t\t\t\t\t<\/li>\n\t\t\t\t<\/ul>\n\t\t\t<\/div>\n\t\t<\/div>\n\t\t<!-- <div class=\"info-footer\">\n\t\t\t<div class=\"price-container\">\n\t\t\t\t<a href=\"https:\/\/www.ferienwohnungen-garmischpartenkirchen.de\/de\/unterkuenfte\/alpen-chalet\/?adults=2\" class=\"price-button\"><div class=\"showprice \"><span class=\"price\" data-price=\"23900\">239,00<\/span> <span class=\"currency\">&euro;<\/span> <\/div><\/a>\n\t\t\t\t\t\t\t\t<div class=\"showprice \"><span class=\"price\" data-price=\"23900\">239,00<\/span> <span class=\"currency\">&euro;<\/span> <\/div>\n\t\t\t<\/div>\n\t\t<\/div> -->\n\t<\/div>\n<\/div><div class=\"unitcontent-wrapper unitcontent-alternatives-wrapper\">\n\t\t\t<div class=\"image-wrapper\">\n\t\t\t<a href=\"https:\/\/www.ferienwohnungen-garmischpartenkirchen.de\/de\/unterkuenfte\/werdenfels\/?adults=2\">\n\t\t\t\t\t<div id=\"slider\" class=\"flexslider\">\n\t\t\t\t\t\t\t\t\t\t\t\t<ul class=\"slides\">\n\t\t\t\t\t\t\t\t\t\t\t\t\t\t\t<li>\n\t\t\t\t\t\t\t\t\t<img\n\t\t\t\t\t\t\t\t\tclass=\"lazy\"\n\t\t\t\t\t\t\t\t\tsrc=\"\"\n\t\t\t\t\t\t\t\t\tdata-src=\"https:\/\/www.ferienwohnungen-garmischpartenkirchen.de\/wp-content\/uploads\/2024\/06\/mf7505346-500x500.jpg\"\n\t\t\t\t\t\t\t\t\talt=\"ger\u00e4umiger Wohnraum mit wei\u00dfen W\u00e4nden in Ferienwohnung in Garmisch-Partenkirchen\"\n\t\t\t\t\t\t\t\t\tloading=\"lazy\"\n\t\t\t\t\t\t\t\t\tdecoding=\"async\">\n\t\t\t\t\t\t\t\t\t<!-- <img decoding=\"async\" class=\"lazy\" src=\"\" data-src=\"\" alt=\"\" \/> -->\n\t\t\t\t\t\t\t\t<\/li>\n\t\t\t\t\t\t\t\t\t\t\t\t\t\t\t<li>\n\t\t\t\t\t\t\t\t\t<img\n\t\t\t\t\t\t\t\t\tclass=\"lazy\"\n\t\t\t\t\t\t\t\t\tsrc=\"\"\n\t\t\t\t\t\t\t\t\tdata-src=\"https:\/\/www.ferienwohnungen-garmischpartenkirchen.de\/wp-content\/uploads\/2024\/06\/mf7505362-500x500.jpg\"\n\t\t\t\t\t\t\t\t\talt=\"Fenster Ausblick mit einem kleinen wei\u00dfen Sessel in Ferienwohnung in Garmisch-Partenkirchen\"\n\t\t\t\t\t\t\t\t\tloading=\"lazy\"\n\t\t\t\t\t\t\t\t\tdecoding=\"async\">\n\t\t\t\t\t\t\t\t\t<!-- <img decoding=\"async\" class=\"lazy\" src=\"\" data-src=\"\" alt=\"\" \/> -->\n\t\t\t\t\t\t\t\t<\/li>\n\t\t\t\t\t\t\t\t\t\t\t\t\t\t\t<li>\n\t\t\t\t\t\t\t\t\t<img\n\t\t\t\t\t\t\t\t\tclass=\"lazy\"\n\t\t\t\t\t\t\t\t\tsrc=\"\"\n\t\t\t\t\t\t\t\t\tdata-src=\"https:\/\/www.ferienwohnungen-garmischpartenkirchen.de\/wp-content\/uploads\/2024\/06\/mf7505365-500x500.jpg\"\n\t\t\t\t\t\t\t\t\talt=\"wei\u00df-braune K\u00fcche in Ferienwohnung in Garmisch-Partenkirchen\"\n\t\t\t\t\t\t\t\t\tloading=\"lazy\"\n\t\t\t\t\t\t\t\t\tdecoding=\"async\">\n\t\t\t\t\t\t\t\t\t<!-- <img decoding=\"async\" class=\"lazy\" src=\"\" data-src=\"\" alt=\"\" \/> -->\n\t\t\t\t\t\t\t\t<\/li>\n\t\t\t\t\t\t\t\t\t\t\t\t\t\t\t<li>\n\t\t\t\t\t\t\t\t\t<img\n\t\t\t\t\t\t\t\t\tclass=\"lazy\"\n\t\t\t\t\t\t\t\t\tsrc=\"\"\n\t\t\t\t\t\t\t\t\tdata-src=\"https:\/\/www.ferienwohnungen-garmischpartenkirchen.de\/wp-content\/uploads\/2024\/06\/mf7505398-500x500.jpg\"\n\t\t\t\t\t\t\t\t\talt=\"Schlafzimmer mit einem gro\u00dfen wei\u00dfen Doppel-Bett in Ferienwohnung in Garmisch-Partenkirchen\"\n\t\t\t\t\t\t\t\t\tloading=\"lazy\"\n\t\t\t\t\t\t\t\t\tdecoding=\"async\">\n\t\t\t\t\t\t\t\t\t<!-- <img decoding=\"async\" class=\"lazy\" src=\"\" data-src=\"\" alt=\"\" \/> -->\n\t\t\t\t\t\t\t\t<\/li>\n\t\t\t\t\t\t\t\t\t\t\t\t\t\t\t<li>\n\t\t\t\t\t\t\t\t\t<img\n\t\t\t\t\t\t\t\t\tclass=\"lazy\"\n\t\t\t\t\t\t\t\t\tsrc=\"\"\n\t\t\t\t\t\t\t\t\tdata-src=\"https:\/\/www.ferienwohnungen-garmischpartenkirchen.de\/wp-content\/uploads\/2024\/06\/mf7505432-500x500.jpg\"\n\t\t\t\t\t\t\t\t\talt=\"Ausblick vom Balkon in Holzoptik in Ferienwohnung in Garmisch-Partenkirchen\"\n\t\t\t\t\t\t\t\t\tloading=\"lazy\"\n\t\t\t\t\t\t\t\t\tdecoding=\"async\">\n\t\t\t\t\t\t\t\t\t<!-- <img decoding=\"async\" class=\"lazy\" src=\"\" data-src=\"\" alt=\"\" \/> -->\n\t\t\t\t\t\t\t\t<\/li>\n\t\t\t\t\t\t\t\t\t\t\t\t\t<\/ul>\n\t\t\t\t\t<\/div>\n\t\t\t\t<\/a>\n\t\t<\/div>\n\t\t<div class=\"info-wrapper\">\n\t\t<div class=\"info-body\">\n\t\t\t<span class=\"favouritebtn\"><button class=\"simplefavorite-button\" data-postid=\"577\" data-siteid=\"1\" data-groupid=\"1\" data-favoritecount=\"19\" style=\"\">Favorite <i class=\"sf-icon-star-empty\"><\/i><\/button> <\/span>\n\t\t\t<div class=\"wrap-classification\">\n\t\t\t\t<h4 class=\"title-container\">\n\t\t\t\t\t<a href=\"https:\/\/www.ferienwohnungen-garmischpartenkirchen.de\/de\/unterkuenfte\/werdenfels\/?adults=2\">Werdenfels<\/a>\n\t\t\t\t<\/h4>\n\t\t\t<\/div>\n\t\t\t<p class=\"unit-region\">\n\t\t\t\t<span>Garmisch-Partenkirchen<\/span>\n\t\t\t<\/p>\n\t\t\t<div>\n\t\t\t\t\t\t\t\t\t<div class=\"additional-results-wrapper\">\n\t\t\t\t\t\t\t\t\t\t\t\t\t\t\t\t\t<\/div>\n\t\t\t\t\t\t\t<\/div>\n\t\t\t<div class=\"details-wrapper\">\n\t\t\t\t<ul>\n\t\t\t\t\t<li><span class=\"wrap-value\">5 G\u00e4ste<\/li>\t\t\t\t\t<span class=\"saperator\"><\/span>\n\t\t\t\t\t<li><span class=\"wrap-value\">2 Schlafzimmer<\/span><\/li>\t\t\t\t\t<!-- <li><span class=\"wrap-value\">2<\/span> Schlafzimmer<\/li> -->\n\t\t\t\t\t<span class=\"saperator\"><\/span>\n\t\t\t\t\t<li class=\"list_rating\"><span class=\"wrap-value\">4.6<\/span>&nbsp;<img decoding=\"async\" src=\"\/wp-content\/themes\/mahr\/assets\/images\/star-solid.svg\"\/><\/li> <span class=\"saperator\"><\/span>\t\t\t\t\t<li>\n\t\t\t\t\t\t<div class=\"info-footer\">\n\t\t\t\t\t\t\t<div class=\"price-container\">\n\t\t\t\t\t\t\t\t<!-- <a href=\"https:\/\/www.ferienwohnungen-garmischpartenkirchen.de\/de\/unterkuenfte\/werdenfels\/?adults=2\" class=\"price-button\"><div class=\"showprice \"><span class=\"price\" data-price=\"6900\">69,00<\/span> <span class=\"currency\">&euro;<\/span> <\/div><\/a> -->\n\t\t\t\t\t\t\t\t\t\t\t\t\t\t\t\t<div class=\"showprice \"><span class=\"price\" data-price=\"6900\">69,00<\/span> <span class=\"currency\">&euro;<\/span> <\/div>\n\t\t\t\t\t\t\t<\/div>\n\t\t\t\t\t\t<\/div>\n\t\t\t\t\t<\/li>\n\t\t\t\t<\/ul>\n\t\t\t<\/div>\n\t\t<\/div>\n\t\t<!-- <div class=\"info-footer\">\n\t\t\t<div class=\"price-container\">\n\t\t\t\t<a href=\"https:\/\/www.ferienwohnungen-garmischpartenkirchen.de\/de\/unterkuenfte\/werdenfels\/?adults=2\" class=\"price-button\"><div class=\"showprice \"><span class=\"price\" data-price=\"6900\">69,00<\/span> <span class=\"currency\">&euro;<\/span> <\/div><\/a>\n\t\t\t\t\t\t\t\t<div class=\"showprice \"><span class=\"price\" data-price=\"6900\">69,00<\/span> <span class=\"currency\">&euro;<\/span> <\/div>\n\t\t\t<\/div>\n\t\t<\/div> -->\n\t<\/div>\n<\/div><div class=\"unitcontent-wrapper unitcontent-alternatives-wrapper\">\n\t\t\t<div class=\"image-wrapper\">\n\t\t\t<a href=\"https:\/\/www.ferienwohnungen-garmischpartenkirchen.de\/de\/unterkuenfte\/ludwigschloessl\/?adults=2\">\n\t\t\t\t\t<div id=\"slider\" class=\"flexslider\">\n\t\t\t\t\t\t\t\t\t\t\t\t<ul class=\"slides\">\n\t\t\t\t\t\t\t\t\t\t\t\t\t\t\t<li>\n\t\t\t\t\t\t\t\t\t<img\n\t\t\t\t\t\t\t\t\tclass=\"lazy\"\n\t\t\t\t\t\t\t\t\tsrc=\"\"\n\t\t\t\t\t\t\t\t\tdata-src=\"https:\/\/www.ferienwohnungen-garmischpartenkirchen.de\/wp-content\/uploads\/2024\/06\/mf6287695-500x500.jpg\"\n\t\t\t\t\t\t\t\t\talt=\"Essbereich mit einem Schrank in Ferienwohnung in Garmisch-Partenkirchen\"\n\t\t\t\t\t\t\t\t\tloading=\"lazy\"\n\t\t\t\t\t\t\t\t\tdecoding=\"async\">\n\t\t\t\t\t\t\t\t\t<!-- <img decoding=\"async\" class=\"lazy\" src=\"\" data-src=\"\" alt=\"\" \/> -->\n\t\t\t\t\t\t\t\t<\/li>\n\t\t\t\t\t\t\t\t\t\t\t\t\t\t\t<li>\n\t\t\t\t\t\t\t\t\t<img\n\t\t\t\t\t\t\t\t\tclass=\"lazy\"\n\t\t\t\t\t\t\t\t\tsrc=\"\"\n\t\t\t\t\t\t\t\t\tdata-src=\"https:\/\/www.ferienwohnungen-garmischpartenkirchen.de\/wp-content\/uploads\/2024\/06\/mf6287680-500x500.jpg\"\n\t\t\t\t\t\t\t\t\talt=\"Wohnbereich mit Regalen in Ferienwohnung in Garmisch-Partenkirchen\"\n\t\t\t\t\t\t\t\t\tloading=\"lazy\"\n\t\t\t\t\t\t\t\t\tdecoding=\"async\">\n\t\t\t\t\t\t\t\t\t<!-- <img decoding=\"async\" class=\"lazy\" src=\"\" data-src=\"\" alt=\"\" \/> -->\n\t\t\t\t\t\t\t\t<\/li>\n\t\t\t\t\t\t\t\t\t\t\t\t\t\t\t<li>\n\t\t\t\t\t\t\t\t\t<img\n\t\t\t\t\t\t\t\t\tclass=\"lazy\"\n\t\t\t\t\t\t\t\t\tsrc=\"\"\n\t\t\t\t\t\t\t\t\tdata-src=\"https:\/\/www.ferienwohnungen-garmischpartenkirchen.de\/wp-content\/uploads\/2024\/06\/mf6287700-500x500.jpg\"\n\t\t\t\t\t\t\t\t\talt=\"Schlafzimmer mit Holzt\u00f6nen in Ferienwohnung in Garmisch-Partenkirchen\"\n\t\t\t\t\t\t\t\t\tloading=\"lazy\"\n\t\t\t\t\t\t\t\t\tdecoding=\"async\">\n\t\t\t\t\t\t\t\t\t<!-- <img decoding=\"async\" class=\"lazy\" src=\"\" data-src=\"\" alt=\"\" \/> -->\n\t\t\t\t\t\t\t\t<\/li>\n\t\t\t\t\t\t\t\t\t\t\t\t\t\t\t<li>\n\t\t\t\t\t\t\t\t\t<img\n\t\t\t\t\t\t\t\t\tclass=\"lazy\"\n\t\t\t\t\t\t\t\t\tsrc=\"\"\n\t\t\t\t\t\t\t\t\tdata-src=\"https:\/\/www.ferienwohnungen-garmischpartenkirchen.de\/wp-content\/uploads\/2024\/06\/mf6287717-500x500.jpg\"\n\t\t\t\t\t\t\t\t\talt=\"Badezimmer mit Dusch und Badem\u00f6glichkeit in Ferienwohnung in Garmisch-Partenkirchen\"\n\t\t\t\t\t\t\t\t\tloading=\"lazy\"\n\t\t\t\t\t\t\t\t\tdecoding=\"async\">\n\t\t\t\t\t\t\t\t\t<!-- <img decoding=\"async\" class=\"lazy\" src=\"\" data-src=\"\" alt=\"\" \/> -->\n\t\t\t\t\t\t\t\t<\/li>\n\t\t\t\t\t\t\t\t\t\t\t\t\t\t\t<li>\n\t\t\t\t\t\t\t\t\t<img\n\t\t\t\t\t\t\t\t\tclass=\"lazy\"\n\t\t\t\t\t\t\t\t\tsrc=\"\"\n\t\t\t\t\t\t\t\t\tdata-src=\"https:\/\/www.ferienwohnungen-garmischpartenkirchen.de\/wp-content\/uploads\/2024\/06\/mf6287726-500x500.jpg\"\n\t\t\t\t\t\t\t\t\talt=\"Ausblick von dem Balkon in Ferienwohnung in Garmisch-Partenkirchen\"\n\t\t\t\t\t\t\t\t\tloading=\"lazy\"\n\t\t\t\t\t\t\t\t\tdecoding=\"async\">\n\t\t\t\t\t\t\t\t\t<!-- <img decoding=\"async\" class=\"lazy\" src=\"\" data-src=\"\" alt=\"\" \/> -->\n\t\t\t\t\t\t\t\t<\/li>\n\t\t\t\t\t\t\t\t\t\t\t\t\t<\/ul>\n\t\t\t\t\t<\/div>\n\t\t\t\t<\/a>\n\t\t<\/div>\n\t\t<div class=\"info-wrapper\">\n\t\t<div class=\"info-body\">\n\t\t\t<span class=\"favouritebtn\"><button class=\"simplefavorite-button\" data-postid=\"568\" data-siteid=\"1\" data-groupid=\"1\" data-favoritecount=\"28\" style=\"\">Favorite <i class=\"sf-icon-star-empty\"><\/i><\/button> <\/span>\n\t\t\t<div class=\"wrap-classification\">\n\t\t\t\t<h4 class=\"title-container\">\n\t\t\t\t\t<a href=\"https:\/\/www.ferienwohnungen-garmischpartenkirchen.de\/de\/unterkuenfte\/ludwigschloessl\/?adults=2\">Ludwigschl\u00f6ssl<\/a>\n\t\t\t\t<\/h4>\n\t\t\t<\/div>\n\t\t\t<p class=\"unit-region\">\n\t\t\t\t<span>Garmisch-Partenkirchen<\/span>\n\t\t\t<\/p>\n\t\t\t<div>\n\t\t\t\t\t\t\t\t\t<div class=\"additional-results-wrapper\">\n\t\t\t\t\t\t\t\t\t\t\t\t\t\t\t\t\t<\/div>\n\t\t\t\t\t\t\t<\/div>\n\t\t\t<div class=\"details-wrapper\">\n\t\t\t\t<ul>\n\t\t\t\t\t<li><span class=\"wrap-value\">7 G\u00e4ste<\/li>\t\t\t\t\t<span class=\"saperator\"><\/span>\n\t\t\t\t\t<li><span class=\"wrap-value\">3 Schlafzimmer<\/span><\/li>\t\t\t\t\t<!-- <li><span class=\"wrap-value\">3<\/span> Schlafzimmer<\/li> -->\n\t\t\t\t\t<span class=\"saperator\"><\/span>\n\t\t\t\t\t<li class=\"list_rating\"><span class=\"wrap-value\">4.8<\/span>&nbsp;<img decoding=\"async\" src=\"\/wp-content\/themes\/mahr\/assets\/images\/star-solid.svg\"\/><\/li> <span class=\"saperator\"><\/span>\t\t\t\t\t<li>\n\t\t\t\t\t\t<div class=\"info-footer\">\n\t\t\t\t\t\t\t<div class=\"price-container\">\n\t\t\t\t\t\t\t\t<!-- <a href=\"https:\/\/www.ferienwohnungen-garmischpartenkirchen.de\/de\/unterkuenfte\/ludwigschloessl\/?adults=2\" class=\"price-button\"><div class=\"showprice \"><span class=\"price\" data-price=\"12900\">129,00<\/span> <span class=\"currency\">&euro;<\/span> <\/div><\/a> -->\n\t\t\t\t\t\t\t\t\t\t\t\t\t\t\t\t<div class=\"showprice \"><span class=\"price\" data-price=\"12900\">129,00<\/span> <span class=\"currency\">&euro;<\/span> <\/div>\n\t\t\t\t\t\t\t<\/div>\n\t\t\t\t\t\t<\/div>\n\t\t\t\t\t<\/li>\n\t\t\t\t<\/ul>\n\t\t\t<\/div>\n\t\t<\/div>\n\t\t<!-- <div class=\"info-footer\">\n\t\t\t<div class=\"price-container\">\n\t\t\t\t<a href=\"https:\/\/www.ferienwohnungen-garmischpartenkirchen.de\/de\/unterkuenfte\/ludwigschloessl\/?adults=2\" class=\"price-button\"><div class=\"showprice \"><span class=\"price\" data-price=\"12900\">129,00<\/span> <span class=\"currency\">&euro;<\/span> <\/div><\/a>\n\t\t\t\t\t\t\t\t<div class=\"showprice \"><span class=\"price\" data-price=\"12900\">129,00<\/span> <span class=\"currency\">&euro;<\/span> <\/div>\n\t\t\t<\/div>\n\t\t<\/div> -->\n\t<\/div>\n<\/div><div class=\"unitcontent-wrapper unitcontent-alternatives-wrapper\">\n\t\t\t<div class=\"image-wrapper\">\n\t\t\t<a href=\"https:\/\/www.ferienwohnungen-garmischpartenkirchen.de\/de\/unterkuenfte\/adlerhorst\/?adults=2\">\n\t\t\t\t\t<div id=\"slider\" class=\"flexslider\">\n\t\t\t\t\t\t\t\t\t\t\t\t<ul class=\"slides\">\n\t\t\t\t\t\t\t\t\t\t\t\t\t\t\t<li>\n\t\t\t\t\t\t\t\t\t<img\n\t\t\t\t\t\t\t\t\tclass=\"lazy\"\n\t\t\t\t\t\t\t\t\tsrc=\"\"\n\t\t\t\t\t\t\t\t\tdata-src=\"https:\/\/www.ferienwohnungen-garmischpartenkirchen.de\/wp-content\/uploads\/2024\/06\/mf3601321-500x500.jpg\"\n\t\t\t\t\t\t\t\t\talt=\"Wohnzimmer mit braunem Sofa und Regale mit Deko in Ferienwohnung in Garmisch-Partenkirchen\"\n\t\t\t\t\t\t\t\t\tloading=\"lazy\"\n\t\t\t\t\t\t\t\t\tdecoding=\"async\">\n\t\t\t\t\t\t\t\t\t<!-- <img decoding=\"async\" class=\"lazy\" src=\"\" data-src=\"\" alt=\"\" \/> -->\n\t\t\t\t\t\t\t\t<\/li>\n\t\t\t\t\t\t\t\t\t\t\t\t\t\t\t<li>\n\t\t\t\t\t\t\t\t\t<img\n\t\t\t\t\t\t\t\t\tclass=\"lazy\"\n\t\t\t\t\t\t\t\t\tsrc=\"\"\n\t\t\t\t\t\t\t\t\tdata-src=\"https:\/\/www.ferienwohnungen-garmischpartenkirchen.de\/wp-content\/uploads\/2024\/06\/mf3601328-500x500.jpg\"\n\t\t\t\t\t\t\t\t\talt=\"Esszimmer und Fernseher aus dem Wohnzimmer in Ferienwohnung in Garmisch-Partenkirchen\"\n\t\t\t\t\t\t\t\t\tloading=\"lazy\"\n\t\t\t\t\t\t\t\t\tdecoding=\"async\">\n\t\t\t\t\t\t\t\t\t<!-- <img decoding=\"async\" class=\"lazy\" src=\"\" data-src=\"\" alt=\"\" \/> -->\n\t\t\t\t\t\t\t\t<\/li>\n\t\t\t\t\t\t\t\t\t\t\t\t\t\t\t<li>\n\t\t\t\t\t\t\t\t\t<img\n\t\t\t\t\t\t\t\t\tclass=\"lazy\"\n\t\t\t\t\t\t\t\t\tsrc=\"\"\n\t\t\t\t\t\t\t\t\tdata-src=\"https:\/\/www.ferienwohnungen-garmischpartenkirchen.de\/wp-content\/uploads\/2024\/06\/mf3601324-500x500.jpg\"\n\t\t\t\t\t\t\t\t\talt=\"K\u00fcche mit wei\u00dfen Schr\u00e4nken und dunkler Arbeitsplatte in Ferienwohnung in Garmisch-Partenkirchen\"\n\t\t\t\t\t\t\t\t\tloading=\"lazy\"\n\t\t\t\t\t\t\t\t\tdecoding=\"async\">\n\t\t\t\t\t\t\t\t\t<!-- <img decoding=\"async\" class=\"lazy\" src=\"\" data-src=\"\" alt=\"\" \/> -->\n\t\t\t\t\t\t\t\t<\/li>\n\t\t\t\t\t\t\t\t\t\t\t\t\t\t\t<li>\n\t\t\t\t\t\t\t\t\t<img\n\t\t\t\t\t\t\t\t\tclass=\"lazy\"\n\t\t\t\t\t\t\t\t\tsrc=\"\"\n\t\t\t\t\t\t\t\t\tdata-src=\"https:\/\/www.ferienwohnungen-garmischpartenkirchen.de\/wp-content\/uploads\/2024\/06\/mf3601335-500x500.jpg\"\n\t\t\t\t\t\t\t\t\talt=\"Schlafzimmer mit Kleiderschrank in Ferienwohnung in Garmisch-Partenkirchen\"\n\t\t\t\t\t\t\t\t\tloading=\"lazy\"\n\t\t\t\t\t\t\t\t\tdecoding=\"async\">\n\t\t\t\t\t\t\t\t\t<!-- <img decoding=\"async\" class=\"lazy\" src=\"\" data-src=\"\" alt=\"\" \/> -->\n\t\t\t\t\t\t\t\t<\/li>\n\t\t\t\t\t\t\t\t\t\t\t\t\t\t\t<li>\n\t\t\t\t\t\t\t\t\t<img\n\t\t\t\t\t\t\t\t\tclass=\"lazy\"\n\t\t\t\t\t\t\t\t\tsrc=\"\"\n\t\t\t\t\t\t\t\t\tdata-src=\"https:\/\/www.ferienwohnungen-garmischpartenkirchen.de\/wp-content\/uploads\/2024\/06\/mf3601365-500x500.jpg\"\n\t\t\t\t\t\t\t\t\talt=\"Au\u00dfenbereich mit Rasenfl\u00e4che und Terrasse in Ferienwohnung in Garmisch-Partenkirchen\"\n\t\t\t\t\t\t\t\t\tloading=\"lazy\"\n\t\t\t\t\t\t\t\t\tdecoding=\"async\">\n\t\t\t\t\t\t\t\t\t<!-- <img decoding=\"async\" class=\"lazy\" src=\"\" data-src=\"\" alt=\"\" \/> -->\n\t\t\t\t\t\t\t\t<\/li>\n\t\t\t\t\t\t\t\t\t\t\t\t\t<\/ul>\n\t\t\t\t\t<\/div>\n\t\t\t\t<\/a>\n\t\t<\/div>\n\t\t<div class=\"info-wrapper\">\n\t\t<div class=\"info-body\">\n\t\t\t<span class=\"favouritebtn\"><button class=\"simplefavorite-button\" data-postid=\"546\" data-siteid=\"1\" data-groupid=\"1\" data-favoritecount=\"23\" style=\"\">Favorite <i class=\"sf-icon-star-empty\"><\/i><\/button> <\/span>\n\t\t\t<div class=\"wrap-classification\">\n\t\t\t\t<h4 class=\"title-container\">\n\t\t\t\t\t<a href=\"https:\/\/www.ferienwohnungen-garmischpartenkirchen.de\/de\/unterkuenfte\/adlerhorst\/?adults=2\">Adlerhorst<\/a>\n\t\t\t\t<\/h4>\n\t\t\t<\/div>\n\t\t\t<p class=\"unit-region\">\n\t\t\t\t<span>Garmisch-Partenkirchen<\/span>\n\t\t\t<\/p>\n\t\t\t<div>\n\t\t\t\t\t\t\t\t\t<div class=\"additional-results-wrapper\">\n\t\t\t\t\t\t\t\t\t\t\t\t\t\t\t\t\t<\/div>\n\t\t\t\t\t\t\t<\/div>\n\t\t\t<div class=\"details-wrapper\">\n\t\t\t\t<ul>\n\t\t\t\t\t<li><span class=\"wrap-value\">8 G\u00e4ste<\/li>\t\t\t\t\t<span class=\"saperator\"><\/span>\n\t\t\t\t\t<li><span class=\"wrap-value\">3 Schlafzimmer<\/span><\/li>\t\t\t\t\t<!-- <li><span class=\"wrap-value\">3<\/span> Schlafzimmer<\/li> -->\n\t\t\t\t\t<span class=\"saperator\"><\/span>\n\t\t\t\t\t<li class=\"list_rating\"><span class=\"wrap-value\">4.7<\/span>&nbsp;<img decoding=\"async\" src=\"\/wp-content\/themes\/mahr\/assets\/images\/star-solid.svg\"\/><\/li> <span class=\"saperator\"><\/span>\t\t\t\t\t<li>\n\t\t\t\t\t\t<div class=\"info-footer\">\n\t\t\t\t\t\t\t<div class=\"price-container\">\n\t\t\t\t\t\t\t\t<!-- <a href=\"https:\/\/www.ferienwohnungen-garmischpartenkirchen.de\/de\/unterkuenfte\/adlerhorst\/?adults=2\" class=\"price-button\"><div class=\"showprice \"><span class=\"price\" data-price=\"18900\">189,00<\/span> <span class=\"currency\">&euro;<\/span> <\/div><\/a> -->\n\t\t\t\t\t\t\t\t\t\t\t\t\t\t\t\t<div class=\"showprice \"><span class=\"price\" data-price=\"18900\">189,00<\/span> <span class=\"currency\">&euro;<\/span> <\/div>\n\t\t\t\t\t\t\t<\/div>\n\t\t\t\t\t\t<\/div>\n\t\t\t\t\t<\/li>\n\t\t\t\t<\/ul>\n\t\t\t<\/div>\n\t\t<\/div>\n\t\t<!-- <div class=\"info-footer\">\n\t\t\t<div class=\"price-container\">\n\t\t\t\t<a href=\"https:\/\/www.ferienwohnungen-garmischpartenkirchen.de\/de\/unterkuenfte\/adlerhorst\/?adults=2\" class=\"price-button\"><div class=\"showprice \"><span class=\"price\" data-price=\"18900\">189,00<\/span> <span class=\"currency\">&euro;<\/span> <\/div><\/a>\n\t\t\t\t\t\t\t\t<div class=\"showprice \"><span class=\"price\" data-price=\"18900\">189,00<\/span> <span class=\"currency\">&euro;<\/span> <\/div>\n\t\t\t<\/div>\n\t\t<\/div> -->\n\t<\/div>\n<\/div>                                <\/div>\n                                <div class=\"pagination-wrapper\">\n                                                                    <\/div>\n                                                        <div class=\"bewertung_block\">\n                                <img decoding=\"async\" src=\"\/wp-content\/themes\/mahr\/assets\/images\/icon22.png\">\n                                <h4>5518 Bewertungen<\/h4>\n                                <p>0 Unterkunft wurden im Schnitt mit 4.8 von 5 Sternen bewertet. <\/p>\n                            <\/div>\n                        <\/div>\n\n                    <\/div>\n\n                <\/div>\n            <\/div>\n        <\/main>\n    <\/div>\n<\/div>\n<!-- <div id=\"beon-spinner\">\n    <div class=\"beon-spinner-content\"><\/div>\n<\/div> -->\n<\/div>\n\t\t\t\t\t\t<\/div>\n\t\t\t\t<\/div>\n\t\t\t\t\t<\/div>\n\t\t\t\t<\/div>\n\t\t<div class=\"elementor-element elementor-element-d1f0c8f e-flex e-con-boxed e-con e-parent\" data-id=\"d1f0c8f\" data-element_type=\"container\" data-settings=\"{&quot;background_background&quot;:&quot;classic&quot;}\">\n\t\t\t\t\t<div class=\"e-con-inner\">\n\t\t\t\t<div class=\"elementor-element elementor-element-a88abfc elementor-widget elementor-widget-spacer\" data-id=\"a88abfc\" data-element_type=\"widget\" data-widget_type=\"spacer.default\">\n\t\t\t\t<div class=\"elementor-widget-container\">\n\t\t\t\t\t\t\t<div class=\"elementor-spacer\">\n\t\t\t<div class=\"elementor-spacer-inner\"><\/div>\n\t\t<\/div>\n\t\t\t\t\t\t<\/div>\n\t\t\t\t<\/div>\n\t\t\t\t<div class=\"elementor-element elementor-element-a53bd5b lastseen_icon elementor-widget elementor-widget-heading\" data-id=\"a53bd5b\" data-element_type=\"widget\" data-widget_type=\"heading.default\">\n\t\t\t\t<div class=\"elementor-widget-container\">\n\t\t\t\t\t<h2 class=\"elementor-heading-title elementor-size-default\">Ferienh\u00e4user mit Kamin\n<br> <span class=\"beon_subheading_h2\">\nmit Mahr's Fewo-Vermittlung\n<\/span><\/h2>\t\t\t\t<\/div>\n\t\t\t\t<\/div>\n\t\t\t\t<div class=\"elementor-element elementor-element-797c8ae elementor-widget__width-initial elementor-widget-mobile__width-inherit elementor-widget elementor-widget-text-editor\" data-id=\"797c8ae\" data-element_type=\"widget\" data-widget_type=\"text-editor.default\">\n\t\t\t\t<div class=\"elementor-widget-container\">\n\t\t\t\t\t\t\t\t\t<div class=\"sp\"><div class=\"inspectLayerContent block inspectRow\"><div class=\"content\"><div class=\"sp\"><div class=\"inspectLayerContent block inspectRow\"><div class=\"content\"><div class=\"sp\"><div class=\"inspectLayerContent block inspectRow\"><div class=\"content\"><div class=\"sp\"><div class=\"inspectLayerContent block inspectRow\"><div class=\"content\"><div class=\"sp\"><div class=\"inspectLayerContent block inspectRow\"><div class=\"content\"><div class=\"sp\"><div class=\"inspectLayerContent block inspectRow\"><div class=\"content\"><div class=\"sp\"><div class=\"inspectLayerContent block inspectRow\"><div class=\"content\"><div class=\"sp\"><div class=\"inspectLayerContent block inspectRow\"><div class=\"content\"><div class=\"sp\"><div class=\"inspectLayerContent block inspectRow\"><div class=\"content\"><div class=\"sp\"><div class=\"inspectLayerContent block inspectRow\"><div class=\"content\"><div class=\"sp\"><div class=\"inspectLayerContent block inspectRow\"><div class=\"content\"><div class=\"sp\"><div class=\"inspectLayerContent block inspectRow\"><div class=\"content\"><p>Erleben Sie die w\u00e4rmende Atmosph\u00e4re und das behagliche Ambiente in unseren Ferienwohnungen mit Kamin oder Ofen. Genie\u00dfen Sie entspannte Abende vor dem prasselnden Feuer und lassen Sie die Seele in einem Zuhause voller W\u00e4rme und Komfort baumeln.<\/p><p>In unseren liebevoll eingerichteten Ferienwohnungen erwartet Sie nicht nur ein stilvolles und komfortables Ambiente, sondern auch ein besonderes Highlight: ein eigener Kamin oder Ofen, der Ihren Aufenthalt zu einem unvergesslichen Erlebnis macht. Die wohltuende W\u00e4rme und das knisternde Ger\u00e4usch des Feuers schaffen eine Atmosph\u00e4re von Gem\u00fctlichkeit und Geborgenheit, die Sie in vollen Z\u00fcgen genie\u00dfen k\u00f6nnen.<\/p><p>Ob nach einem ereignisreichen Tag in der Natur oder w\u00e4hrend eines entspannten Tages in der Wohnung \u2013 der Kamin oder Ofen wird schnell zum Mittelpunkt Ihres Urlaubserlebnisses. Kuscheln Sie sich mit einem guten Buch in eine Decke oder genie\u00dfen Sie in geselliger Runde ein Glas Wein, w\u00e4hrend das Feuer sanft im Hintergrund lodert.<\/p><\/div><\/div><\/div><\/div><\/div><\/div><\/div><\/div><\/div><\/div><\/div><\/div><\/div><\/div><\/div><\/div><\/div><\/div><\/div><\/div><\/div><\/div><\/div><\/div><\/div><\/div><\/div><\/div><\/div><\/div><\/div><\/div><\/div><\/div><\/div><\/div>\t\t\t\t\t\t\t\t<\/div>\n\t\t\t\t<\/div>\n\t\t\t\t<div class=\"elementor-element elementor-element-6355837 elementor-widget elementor-widget-spacer\" data-id=\"6355837\" data-element_type=\"widget\" data-widget_type=\"spacer.default\">\n\t\t\t\t<div class=\"elementor-widget-container\">\n\t\t\t\t\t\t\t<div class=\"elementor-spacer\">\n\t\t\t<div class=\"elementor-spacer-inner\"><\/div>\n\t\t<\/div>\n\t\t\t\t\t\t<\/div>\n\t\t\t\t<\/div>\n\t\t\t\t\t<\/div>\n\t\t\t\t<\/div>\n\t\t\t\t<\/div>\n\t\t","protected":false},"excerpt":{"rendered":"<p>Ferienh\u00e4user mit Kamin mit Mahr&#8217;s Fewo-Vermittlung Erleben Sie die w\u00e4rmende Atmosph\u00e4re und das behagliche Ambiente in unseren Ferienwohnungen mit Kamin oder Ofen. Genie\u00dfen Sie entspannte Abende vor dem prasselnden Feuer und lassen Sie die Seele in einem Zuhause voller W\u00e4rme und Komfort baumeln. In unseren liebevoll eingerichteten Ferienwohnungen erwartet Sie nicht nur ein stilvolles und [&hellip;]<\/p>\n","protected":false},"author":1,"featured_media":15937,"parent":0,"menu_order":0,"comment_status":"closed","ping_status":"closed","template":"","meta":{"_acf_changed":false,"footnotes":""},"seitenarte":[15],"class_list":["post-4296","page","type-page","status-publish","has-post-thumbnail","hentry","seitenarte-landing-pages"],"acf":[],"yoast_head":"<!-- This site is optimized with the Yoast SEO plugin v26.6 - https:\/\/yoast.com\/wordpress\/plugins\/seo\/ -->\n<title>Objekte mit Kamin\/Ofen - Mahr GmbH<\/title>\n<meta name=\"description\" content=\"In unseren Objekten mit einem Kamin haben Sie es das ganze Jahr \u00fcber gem\u00fctlich und bequem. Hier finden Sie unsere gro\u00dfe Auswahl.\" \/>\n<meta name=\"robots\" content=\"index, follow, max-snippet:-1, max-image-preview:large, max-video-preview:-1\" \/>\n<link rel=\"canonical\" href=\"https:\/\/www.ferienwohnungen-garmischpartenkirchen.de\/de\/objekte-mit-kamin-ofen\/\" \/>\n<meta property=\"og:locale\" content=\"de_DE\" \/>\n<meta property=\"og:type\" content=\"article\" \/>\n<meta property=\"og:title\" content=\"Objekte mit Kamin\/Ofen - Mahr GmbH\" \/>\n<meta property=\"og:description\" content=\"In unseren Objekten mit einem Kamin haben Sie es das ganze Jahr \u00fcber gem\u00fctlich und bequem. Hier finden Sie unsere gro\u00dfe Auswahl.\" \/>\n<meta property=\"og:url\" content=\"https:\/\/www.ferienwohnungen-garmischpartenkirchen.de\/de\/objekte-mit-kamin-ofen\/\" \/>\n<meta property=\"og:site_name\" content=\"Mahr GmbH\" \/>\n<meta property=\"article:modified_time\" content=\"2025-12-23T17:14:01+00:00\" \/>\n<meta property=\"og:image\" content=\"https:\/\/www.ferienwohnungen-garmischpartenkirchen.de\/wp-content\/uploads\/2025\/12\/3699267.jpg\" \/>\n\t<meta property=\"og:image:width\" content=\"300\" \/>\n\t<meta property=\"og:image:height\" content=\"300\" \/>\n\t<meta property=\"og:image:type\" content=\"image\/jpeg\" \/>\n<meta name=\"twitter:card\" content=\"summary_large_image\" \/>\n<meta name=\"twitter:label1\" content=\"Gesch\u00e4tzte Lesezeit\" \/>\n\t<meta name=\"twitter:data1\" content=\"2\u00a0Minuten\" \/>\n<script type=\"application\/ld+json\" class=\"yoast-schema-graph\">{\"@context\":\"https:\/\/schema.org\",\"@graph\":[{\"@type\":\"WebPage\",\"@id\":\"https:\/\/www.ferienwohnungen-garmischpartenkirchen.de\/de\/objekte-mit-kamin-ofen\/\",\"url\":\"https:\/\/www.ferienwohnungen-garmischpartenkirchen.de\/de\/objekte-mit-kamin-ofen\/\",\"name\":\"Objekte mit Kamin\/Ofen - Mahr GmbH\",\"isPartOf\":{\"@id\":\"https:\/\/www.ferienwohnungen-garmischpartenkirchen.de\/de\/#website\"},\"primaryImageOfPage\":{\"@id\":\"https:\/\/www.ferienwohnungen-garmischpartenkirchen.de\/de\/objekte-mit-kamin-ofen\/#primaryimage\"},\"image\":{\"@id\":\"https:\/\/www.ferienwohnungen-garmischpartenkirchen.de\/de\/objekte-mit-kamin-ofen\/#primaryimage\"},\"thumbnailUrl\":\"https:\/\/www.ferienwohnungen-garmischpartenkirchen.de\/wp-content\/uploads\/2025\/12\/3699267.jpg\",\"datePublished\":\"2024-06-12T08:00:39+00:00\",\"dateModified\":\"2025-12-23T17:14:01+00:00\",\"description\":\"In unseren Objekten mit einem Kamin haben Sie es das ganze Jahr \u00fcber gem\u00fctlich und bequem. Hier finden Sie unsere gro\u00dfe Auswahl.\",\"breadcrumb\":{\"@id\":\"https:\/\/www.ferienwohnungen-garmischpartenkirchen.de\/de\/objekte-mit-kamin-ofen\/#breadcrumb\"},\"inLanguage\":\"de\",\"potentialAction\":[{\"@type\":\"ReadAction\",\"target\":[\"https:\/\/www.ferienwohnungen-garmischpartenkirchen.de\/de\/objekte-mit-kamin-ofen\/\"]}]},{\"@type\":\"ImageObject\",\"inLanguage\":\"de\",\"@id\":\"https:\/\/www.ferienwohnungen-garmischpartenkirchen.de\/de\/objekte-mit-kamin-ofen\/#primaryimage\",\"url\":\"https:\/\/www.ferienwohnungen-garmischpartenkirchen.de\/wp-content\/uploads\/2025\/12\/3699267.jpg\",\"contentUrl\":\"https:\/\/www.ferienwohnungen-garmischpartenkirchen.de\/wp-content\/uploads\/2025\/12\/3699267.jpg\",\"width\":300,\"height\":300},{\"@type\":\"BreadcrumbList\",\"@id\":\"https:\/\/www.ferienwohnungen-garmischpartenkirchen.de\/de\/objekte-mit-kamin-ofen\/#breadcrumb\",\"itemListElement\":[{\"@type\":\"ListItem\",\"position\":1,\"name\":\"Startseite\",\"item\":\"https:\/\/www.ferienwohnungen-garmischpartenkirchen.de\/de\/\"},{\"@type\":\"ListItem\",\"position\":2,\"name\":\"Objekte mit Kamin\/Ofen\"}]},{\"@type\":\"WebSite\",\"@id\":\"https:\/\/www.ferienwohnungen-garmischpartenkirchen.de\/de\/#website\",\"url\":\"https:\/\/www.ferienwohnungen-garmischpartenkirchen.de\/de\/\",\"name\":\"Mahr GmbH\",\"description\":\"\",\"publisher\":{\"@id\":\"https:\/\/www.ferienwohnungen-garmischpartenkirchen.de\/de\/#organization\"},\"potentialAction\":[{\"@type\":\"SearchAction\",\"target\":{\"@type\":\"EntryPoint\",\"urlTemplate\":\"https:\/\/www.ferienwohnungen-garmischpartenkirchen.de\/de\/?s={search_term_string}\"},\"query-input\":{\"@type\":\"PropertyValueSpecification\",\"valueRequired\":true,\"valueName\":\"search_term_string\"}}],\"inLanguage\":\"de\"},{\"@type\":\"Organization\",\"@id\":\"https:\/\/www.ferienwohnungen-garmischpartenkirchen.de\/de\/#organization\",\"name\":\"Mahr GmbH\",\"url\":\"https:\/\/www.ferienwohnungen-garmischpartenkirchen.de\/de\/\",\"logo\":{\"@type\":\"ImageObject\",\"inLanguage\":\"de\",\"@id\":\"https:\/\/www.ferienwohnungen-garmischpartenkirchen.de\/de\/#\/schema\/logo\/image\/\",\"url\":\"https:\/\/www.ferienwohnungen-garmischpartenkirchen.de\/wp-content\/uploads\/2024\/06\/Wortbildmarke_Negativ-1024x253-1.png\",\"contentUrl\":\"https:\/\/www.ferienwohnungen-garmischpartenkirchen.de\/wp-content\/uploads\/2024\/06\/Wortbildmarke_Negativ-1024x253-1.png\",\"width\":1024,\"height\":253,\"caption\":\"Mahr GmbH\"},\"image\":{\"@id\":\"https:\/\/www.ferienwohnungen-garmischpartenkirchen.de\/de\/#\/schema\/logo\/image\/\"}}]}<\/script>\n<!-- \/ Yoast SEO plugin. -->","yoast_head_json":{"title":"Objekte mit Kamin\/Ofen - Mahr GmbH","description":"In unseren Objekten mit einem Kamin haben Sie es das ganze Jahr \u00fcber gem\u00fctlich und bequem. Hier finden Sie unsere gro\u00dfe Auswahl.","robots":{"index":"index","follow":"follow","max-snippet":"max-snippet:-1","max-image-preview":"max-image-preview:large","max-video-preview":"max-video-preview:-1"},"canonical":"https:\/\/www.ferienwohnungen-garmischpartenkirchen.de\/de\/objekte-mit-kamin-ofen\/","og_locale":"de_DE","og_type":"article","og_title":"Objekte mit Kamin\/Ofen - Mahr GmbH","og_description":"In unseren Objekten mit einem Kamin haben Sie es das ganze Jahr \u00fcber gem\u00fctlich und bequem. Hier finden Sie unsere gro\u00dfe Auswahl.","og_url":"https:\/\/www.ferienwohnungen-garmischpartenkirchen.de\/de\/objekte-mit-kamin-ofen\/","og_site_name":"Mahr GmbH","article_modified_time":"2025-12-23T17:14:01+00:00","og_image":[{"width":300,"height":300,"url":"https:\/\/www.ferienwohnungen-garmischpartenkirchen.de\/wp-content\/uploads\/2025\/12\/3699267.jpg","type":"image\/jpeg"}],"twitter_card":"summary_large_image","twitter_misc":{"Gesch\u00e4tzte Lesezeit":"2\u00a0Minuten"},"schema":{"@context":"https:\/\/schema.org","@graph":[{"@type":"WebPage","@id":"https:\/\/www.ferienwohnungen-garmischpartenkirchen.de\/de\/objekte-mit-kamin-ofen\/","url":"https:\/\/www.ferienwohnungen-garmischpartenkirchen.de\/de\/objekte-mit-kamin-ofen\/","name":"Objekte mit Kamin\/Ofen - Mahr GmbH","isPartOf":{"@id":"https:\/\/www.ferienwohnungen-garmischpartenkirchen.de\/de\/#website"},"primaryImageOfPage":{"@id":"https:\/\/www.ferienwohnungen-garmischpartenkirchen.de\/de\/objekte-mit-kamin-ofen\/#primaryimage"},"image":{"@id":"https:\/\/www.ferienwohnungen-garmischpartenkirchen.de\/de\/objekte-mit-kamin-ofen\/#primaryimage"},"thumbnailUrl":"https:\/\/www.ferienwohnungen-garmischpartenkirchen.de\/wp-content\/uploads\/2025\/12\/3699267.jpg","datePublished":"2024-06-12T08:00:39+00:00","dateModified":"2025-12-23T17:14:01+00:00","description":"In unseren Objekten mit einem Kamin haben Sie es das ganze Jahr \u00fcber gem\u00fctlich und bequem. Hier finden Sie unsere gro\u00dfe Auswahl.","breadcrumb":{"@id":"https:\/\/www.ferienwohnungen-garmischpartenkirchen.de\/de\/objekte-mit-kamin-ofen\/#breadcrumb"},"inLanguage":"de","potentialAction":[{"@type":"ReadAction","target":["https:\/\/www.ferienwohnungen-garmischpartenkirchen.de\/de\/objekte-mit-kamin-ofen\/"]}]},{"@type":"ImageObject","inLanguage":"de","@id":"https:\/\/www.ferienwohnungen-garmischpartenkirchen.de\/de\/objekte-mit-kamin-ofen\/#primaryimage","url":"https:\/\/www.ferienwohnungen-garmischpartenkirchen.de\/wp-content\/uploads\/2025\/12\/3699267.jpg","contentUrl":"https:\/\/www.ferienwohnungen-garmischpartenkirchen.de\/wp-content\/uploads\/2025\/12\/3699267.jpg","width":300,"height":300},{"@type":"BreadcrumbList","@id":"https:\/\/www.ferienwohnungen-garmischpartenkirchen.de\/de\/objekte-mit-kamin-ofen\/#breadcrumb","itemListElement":[{"@type":"ListItem","position":1,"name":"Startseite","item":"https:\/\/www.ferienwohnungen-garmischpartenkirchen.de\/de\/"},{"@type":"ListItem","position":2,"name":"Objekte mit Kamin\/Ofen"}]},{"@type":"WebSite","@id":"https:\/\/www.ferienwohnungen-garmischpartenkirchen.de\/de\/#website","url":"https:\/\/www.ferienwohnungen-garmischpartenkirchen.de\/de\/","name":"Mahr GmbH","description":"","publisher":{"@id":"https:\/\/www.ferienwohnungen-garmischpartenkirchen.de\/de\/#organization"},"potentialAction":[{"@type":"SearchAction","target":{"@type":"EntryPoint","urlTemplate":"https:\/\/www.ferienwohnungen-garmischpartenkirchen.de\/de\/?s={search_term_string}"},"query-input":{"@type":"PropertyValueSpecification","valueRequired":true,"valueName":"search_term_string"}}],"inLanguage":"de"},{"@type":"Organization","@id":"https:\/\/www.ferienwohnungen-garmischpartenkirchen.de\/de\/#organization","name":"Mahr GmbH","url":"https:\/\/www.ferienwohnungen-garmischpartenkirchen.de\/de\/","logo":{"@type":"ImageObject","inLanguage":"de","@id":"https:\/\/www.ferienwohnungen-garmischpartenkirchen.de\/de\/#\/schema\/logo\/image\/","url":"https:\/\/www.ferienwohnungen-garmischpartenkirchen.de\/wp-content\/uploads\/2024\/06\/Wortbildmarke_Negativ-1024x253-1.png","contentUrl":"https:\/\/www.ferienwohnungen-garmischpartenkirchen.de\/wp-content\/uploads\/2024\/06\/Wortbildmarke_Negativ-1024x253-1.png","width":1024,"height":253,"caption":"Mahr GmbH"},"image":{"@id":"https:\/\/www.ferienwohnungen-garmischpartenkirchen.de\/de\/#\/schema\/logo\/image\/"}}]}},"_links":{"self":[{"href":"https:\/\/www.ferienwohnungen-garmischpartenkirchen.de\/de\/wp-json\/wp\/v2\/pages\/4296","targetHints":{"allow":["GET"]}}],"collection":[{"href":"https:\/\/www.ferienwohnungen-garmischpartenkirchen.de\/de\/wp-json\/wp\/v2\/pages"}],"about":[{"href":"https:\/\/www.ferienwohnungen-garmischpartenkirchen.de\/de\/wp-json\/wp\/v2\/types\/page"}],"author":[{"embeddable":true,"href":"https:\/\/www.ferienwohnungen-garmischpartenkirchen.de\/de\/wp-json\/wp\/v2\/users\/1"}],"replies":[{"embeddable":true,"href":"https:\/\/www.ferienwohnungen-garmischpartenkirchen.de\/de\/wp-json\/wp\/v2\/comments?post=4296"}],"version-history":[{"count":31,"href":"https:\/\/www.ferienwohnungen-garmischpartenkirchen.de\/de\/wp-json\/wp\/v2\/pages\/4296\/revisions"}],"predecessor-version":[{"id":9925,"href":"https:\/\/www.ferienwohnungen-garmischpartenkirchen.de\/de\/wp-json\/wp\/v2\/pages\/4296\/revisions\/9925"}],"wp:featuredmedia":[{"embeddable":true,"href":"https:\/\/www.ferienwohnungen-garmischpartenkirchen.de\/de\/wp-json\/wp\/v2\/media\/15937"}],"wp:attachment":[{"href":"https:\/\/www.ferienwohnungen-garmischpartenkirchen.de\/de\/wp-json\/wp\/v2\/media?parent=4296"}],"wp:term":[{"taxonomy":"seitenarte","embeddable":true,"href":"https:\/\/www.ferienwohnungen-garmischpartenkirchen.de\/de\/wp-json\/wp\/v2\/seitenarte?post=4296"}],"curies":[{"name":"wp","href":"https:\/\/api.w.org\/{rel}","templated":true}]}}