{"id":4558,"date":"2024-06-17T14:22:21","date_gmt":"2024-06-17T12:22:21","guid":{"rendered":"https:\/\/www.ferienwohnungen-garmischpartenkirchen.de\/?page_id=4558"},"modified":"2024-08-01T14:17:58","modified_gmt":"2024-08-01T12:17:58","slug":"der-kletterwald-in-garmisch-partenkirchen","status":"publish","type":"page","link":"https:\/\/www.ferienwohnungen-garmischpartenkirchen.de\/de\/sehenswuerdigkeiten\/der-kletterwald-in-garmisch-partenkirchen\/","title":{"rendered":"Der Kletterwald in Garmisch-Partenkirchen"},"content":{"rendered":"\t\t<div data-elementor-type=\"wp-page\" data-elementor-id=\"4558\" class=\"elementor elementor-4558\" data-elementor-post-type=\"page\">\n\t\t\t\t<div class=\"elementor-element elementor-element-31d33eb e-con-full e-flex e-con e-parent\" data-id=\"31d33eb\" data-element_type=\"container\">\n\t\t\t\t<div class=\"elementor-element elementor-element-7c44c1c elementor-widget elementor-widget-template\" data-id=\"7c44c1c\" data-element_type=\"widget\" data-widget_type=\"template.default\">\n\t\t\t\t<div class=\"elementor-widget-container\">\n\t\t\t\t\t\t\t<div class=\"elementor-template\">\n\t\t\t\t\t<div data-elementor-type=\"container\" data-elementor-id=\"70\" class=\"elementor elementor-70\" data-elementor-post-type=\"elementor_library\">\n\t\t\t\t<div class=\"elementor-element elementor-element-1a03abe3 e-flex e-con-boxed e-con e-parent\" data-id=\"1a03abe3\" data-element_type=\"container\" data-settings=\"{&quot;background_background&quot;:&quot;classic&quot;}\">\n\t\t\t\t\t<div class=\"e-con-inner\">\n\t\t\t\t\t<\/div>\n\t\t\t\t<\/div>\n\t\t\t\t<\/div>\n\t\t\t\t<\/div>\n\t\t\t\t\t\t<\/div>\n\t\t\t\t<\/div>\n\t\t\t\t<\/div>\n\t\t<div class=\"elementor-element elementor-element-0e0d875 e-flex e-con-boxed e-con e-parent\" data-id=\"0e0d875\" data-element_type=\"container\">\n\t\t\t\t\t<div class=\"e-con-inner\">\n\t\t\t\t<div class=\"elementor-element elementor-element-ccef4ec elementor-widget__width-auto elementor-widget-mobile__width-inherit elementor-widget elementor-widget-heading\" data-id=\"ccef4ec\" data-element_type=\"widget\" data-widget_type=\"heading.default\">\n\t\t\t\t<div class=\"elementor-widget-container\">\n\t\t\t\t\t<h2 class=\"elementor-heading-title elementor-size-default\"><p class=\"beon_heading\">Kletterwald\n <\/p>\n<span class=\"beon_subheading_h2\">\n in Garmisch-Partenkirchen\n<\/span><\/h2>\t\t\t\t<\/div>\n\t\t\t\t<\/div>\n\t\t\t\t<div class=\"elementor-element elementor-element-220c1ec elementor-widget__width-initial elementor-widget-mobile__width-inherit elementor-widget elementor-widget-text-editor\" data-id=\"220c1ec\" data-element_type=\"widget\" data-widget_type=\"text-editor.default\">\n\t\t\t\t<div class=\"elementor-widget-container\">\n\t\t\t\t\t\t\t\t\t<h5>Lage des Kletterwaldes<\/h5><p>Abenteuer, Nervenkitzel und Erholung f\u00fcr Gro\u00df und Klein: der Kletterwald in Garmisch-Partenkirchen befindet sich direkt oberhalb der Talstation Wankbahn und geh\u00f6rt inzwischen zu den gr\u00f6\u00dften Freizeitattraktionen des bekannten Wintersportortes. Die genaue Anschrift ist Wankbahnstra\u00dfe 3, 82467 Garmisch-Partenkirchen<\/p>\t\t\t\t\t\t\t\t<\/div>\n\t\t\t\t<\/div>\n\t\t\t\t\t<\/div>\n\t\t\t\t<\/div>\n\t\t<div class=\"elementor-element elementor-element-d0ddb5f e-flex e-con-boxed e-con e-parent\" data-id=\"d0ddb5f\" data-element_type=\"container\">\n\t\t\t\t\t<div class=\"e-con-inner\">\n\t\t\t\t<div class=\"elementor-element elementor-element-c985d1e elementor-widget elementor-widget-template\" data-id=\"c985d1e\" data-element_type=\"widget\" data-widget_type=\"template.default\">\n\t\t\t\t<div class=\"elementor-widget-container\">\n\t\t\t\t\t\t\t<div class=\"elementor-template\">\n\t\t\t\t\t<div data-elementor-type=\"container\" data-elementor-id=\"8977\" class=\"elementor elementor-8977\" data-elementor-post-type=\"elementor_library\">\n\t\t\t\t<div class=\"elementor-element elementor-element-b681446 e-flex e-con-boxed e-con e-parent\" data-id=\"b681446\" data-element_type=\"container\">\n\t\t\t\t\t<div class=\"e-con-inner\">\n\t\t\t\t<div class=\"elementor-element elementor-element-5cacb96 elementor-arrows-position-outside elementor-widget elementor-widget-image-carousel\" data-id=\"5cacb96\" data-element_type=\"widget\" data-settings=\"{&quot;navigation&quot;:&quot;arrows&quot;,&quot;slides_to_scroll_widescreen&quot;:&quot;1&quot;,&quot;autoplay&quot;:&quot;yes&quot;,&quot;pause_on_hover&quot;:&quot;yes&quot;,&quot;pause_on_interaction&quot;:&quot;yes&quot;,&quot;autoplay_speed&quot;:5000,&quot;infinite&quot;:&quot;yes&quot;,&quot;speed&quot;:500}\" data-widget_type=\"image-carousel.default\">\n\t\t\t\t<div class=\"elementor-widget-container\">\n\t\t\t\t\t\t\t<div class=\"elementor-image-carousel-wrapper swiper\" role=\"region\" aria-roledescription=\"carousel\" aria-label=\"Bild Karussell\" dir=\"ltr\">\n\t\t\t<div class=\"elementor-image-carousel swiper-wrapper\" aria-live=\"off\">\n\t\t\t\t\t\t\t\t<div class=\"swiper-slide\" role=\"group\" aria-roledescription=\"slide\" aria-label=\"1 von 1\"><figure class=\"swiper-slide-inner\"><img decoding=\"async\" class=\"swiper-slide-image\" src=\"https:\/\/www.ferienwohnungen-garmischpartenkirchen.de\/wp-content\/uploads\/elementor\/thumbs\/K123-img-qqid1fgf6t6gap7ja1jboaqtclvpf0lua8g160kqqo.jpg\" alt=\"Kletterwald in Garmisch-Partenkirchen\" \/><\/figure><\/div>\t\t\t<\/div>\n\t\t\t\t\t<\/div>\n\t\t\t\t\t\t<\/div>\n\t\t\t\t<\/div>\n\t\t\t\t\t<\/div>\n\t\t\t\t<\/div>\n\t\t\t\t<\/div>\n\t\t\t\t<\/div>\n\t\t\t\t\t\t<\/div>\n\t\t\t\t<\/div>\n\t\t\t\t\t<\/div>\n\t\t\t\t<\/div>\n\t\t<div class=\"elementor-element elementor-element-1d45d29 e-flex e-con-boxed e-con e-parent\" data-id=\"1d45d29\" data-element_type=\"container\">\n\t\t\t\t\t<div class=\"e-con-inner\">\n\t\t\t\t<div class=\"elementor-element elementor-element-2e96467 elementor-widget__width-initial elementor-widget-mobile__width-inherit elementor-widget elementor-widget-text-editor\" data-id=\"2e96467\" data-element_type=\"widget\" data-widget_type=\"text-editor.default\">\n\t\t\t\t<div class=\"elementor-widget-container\">\n\t\t\t\t\t\t\t\t\t<h5>Geschichte des Kletterwaldes<\/h5><p>Er\u00f6ffnet im September 2007, hat sich das 1,5 Hektar gro\u00dfe Waldgrundst\u00fcck zu einem Abenteuerspielplatz erster G\u00fcte entwickelt.<\/p><h5>\u00a0<\/h5><h5>Ausstattung: Das gibts im Kletterwald Garmisch<\/h5><p>6 verschieden schwere Parcours mit \u00fcber 79 Kletterelementen laden dazu ein, wieder einmal nach Herzenslust zu kraxeln, balancieren und zu springen. Von niedrigen Parcours in Bodenn\u00e4he, einfach und verspielt f\u00fcr die Kleinsten, bis hin zu abenteuerlichen H\u00e4ngebr\u00fccken in 17 Metern H\u00f6he, f\u00fcr jeden ist etwas dabei. Lianen, H\u00e4ngebr\u00fccken, ein schwebendes Fahrrad, das Riesen-Spinnennetz, ein tanzendes Xylophon und Vieles mehr warten darauf, bezwungen zu werden. Indiana Jones l\u00e4sst gr\u00fc\u00dfen.<\/p><h5>\u00a0<\/h5><h5>Preise des Kletterwald Garmisch<\/h5><p>Der Kletterwald in Garmisch kostet f\u00fcr Erwachsene 24\u20ac und f\u00fcr Kinder unter 14 Jahren 19\u20ac f\u00fcr je 3 Stunden Klettervergn\u00fcgen. Dazu gibt es verschiedene Erm\u00e4\u00dfigungen und Rabatte f\u00fcr Familien.<\/p><p>Weitere Infos zum Kletterwald finden Sie hier:\u00a0<a href=\"http:\/\/kletterwald-gap.de\" target=\"_blank\" rel=\"noopener\">kletterwald-gap.de<\/a><\/p>\t\t\t\t\t\t\t\t<\/div>\n\t\t\t\t<\/div>\n\t\t\t\t\t<\/div>\n\t\t\t\t<\/div>\n\t\t<div class=\"elementor-element elementor-element-4888aee e-con-full e-flex e-con e-parent\" data-id=\"4888aee\" data-element_type=\"container\" data-settings=\"{&quot;background_background&quot;:&quot;classic&quot;}\">\n\t\t\t\t<div class=\"elementor-element elementor-element-0206fa6 elementor-widget elementor-widget-template\" data-id=\"0206fa6\" data-element_type=\"widget\" data-widget_type=\"template.default\">\n\t\t\t\t<div class=\"elementor-widget-container\">\n\t\t\t\t\t\t\t<div class=\"elementor-template\">\n\t\t\t\t\t<div data-elementor-type=\"container\" data-elementor-id=\"6735\" class=\"elementor elementor-6735\" data-elementor-post-type=\"elementor_library\">\n\t\t\t\t<div class=\"elementor-element elementor-element-6fb438b e-con-full e-flex e-con e-parent\" data-id=\"6fb438b\" data-element_type=\"container\" data-settings=\"{&quot;background_background&quot;:&quot;classic&quot;}\">\n\t\t<div class=\"elementor-element elementor-element-c30cb13 e-flex e-con-boxed e-con e-child\" data-id=\"c30cb13\" data-element_type=\"container\">\n\t\t\t\t\t<div class=\"e-con-inner\">\n\t\t\t\t<div class=\"elementor-element elementor-element-6d3bb38 elementor-widget elementor-widget-spacer\" data-id=\"6d3bb38\" data-element_type=\"widget\" data-widget_type=\"spacer.default\">\n\t\t\t\t<div class=\"elementor-widget-container\">\n\t\t\t\t\t\t\t<div class=\"elementor-spacer\">\n\t\t\t<div class=\"elementor-spacer-inner\"><\/div>\n\t\t<\/div>\n\t\t\t\t\t\t<\/div>\n\t\t\t\t<\/div>\n\t\t\t\t<div class=\"elementor-element elementor-element-05e4bc1 title-icon2 elementor-widget elementor-widget-heading\" data-id=\"05e4bc1\" data-element_type=\"widget\" data-widget_type=\"heading.default\">\n\t\t\t\t<div class=\"elementor-widget-container\">\n\t\t\t\t\t<h2 class=\"elementor-heading-title elementor-size-default\">Entdecken<br> <span class=\"beon_subheading_h2\">Sie unsere Wohnungen<\/span><\/h2>\t\t\t\t<\/div>\n\t\t\t\t<\/div>\n\t\t\t\t<div class=\"elementor-element elementor-element-47bf38d elementor-widget__width-initial elementor-widget-mobile__width-inherit elementor-widget elementor-widget-text-editor\" data-id=\"47bf38d\" data-element_type=\"widget\" data-widget_type=\"text-editor.default\">\n\t\t\t\t<div class=\"elementor-widget-container\">\n\t\t\t\t\t\t\t\t\t<div class=\"sp\"><div class=\"inspectLayerContent block inspectRow\"><div class=\"content\"><p>Profitieren Sie von besten Bedingungen bei der Buchung und bei Ihrem Aufenthalt. Genie\u00dfen Sie umfassenden Service und hochwertige Unterk\u00fcnfte.<\/p><\/div><\/div><\/div>\t\t\t\t\t\t\t\t<\/div>\n\t\t\t\t<\/div>\n\t\t\t\t\t<\/div>\n\t\t\t\t<\/div>\n\t\t<div class=\"elementor-element elementor-element-b0d6837 e-flex e-con-boxed e-con e-child\" data-id=\"b0d6837\" data-element_type=\"container\">\n\t\t\t\t\t<div class=\"e-con-inner\">\n\t\t\t\t<div class=\"elementor-element elementor-element-6e6f1b3 elementor-widget elementor-widget-shortcode\" data-id=\"6e6f1b3\" data-element_type=\"widget\" data-widget_type=\"shortcode.default\">\n\t\t\t\t<div class=\"elementor-widget-container\">\n\t\t\t\t\t\t\t<div class=\"elementor-shortcode\"><div class=\"unitslider-wrapper\"><div class=\"swiper beon-unit-slider\"><div class=\"swiper-wrapper\"><div class=\"swiper-slide\"><div class=\"swiperlisting\"><div class=\"\">\n\t\t\t<div id=\"slider\" class=\"flexslider\">\n\t\t\t<ul class=\"slides\">\n\t\t\t\t\t\t\t\t\t<li>\n\t\t\t\t\t\t<img\n\t\t\t\t\t\t\tclass=\"lazy\"\n\t\t\t\t\t\t\tsrc=\"\"\n\t\t\t\t\t\t\tdata-src=\"https:\/\/www.ferienwohnungen-garmischpartenkirchen.de\/wp-content\/uploads\/2024\/06\/mf6287695-768x512.jpg\"\n\t\t\t\t\t\t\talt=\"Essbereich mit einem Schrank in Ferienwohnung in Garmisch-Partenkirchen\"\n\t\t\t\t\t\t\tloading=\"lazy\"\n\t\t\t\t\t\t\tdecoding=\"async\">\n\t\t\t\t\t\t<!-- <li>\n\t\t\t\t\t\t\t<img decoding=\"async\" class=\"lazy\" src=\"\" data-src=\"\" alt=\"\" loading=\"lazy\"\/>\n\t\t\t\t\t\t<\/li> -->\n\t\t\t\t\t\t<!-- <div class=\"swiper-lazy-preloader\"><\/div> -->\n\t\t\t\t\t\t\t\t\t\t<li>\n\t\t\t\t\t\t<img\n\t\t\t\t\t\t\tclass=\"lazy\"\n\t\t\t\t\t\t\tsrc=\"\"\n\t\t\t\t\t\t\tdata-src=\"https:\/\/www.ferienwohnungen-garmischpartenkirchen.de\/wp-content\/uploads\/2024\/06\/mf6287680-768x512.jpg\"\n\t\t\t\t\t\t\talt=\"Wohnbereich mit Regalen in Ferienwohnung in Garmisch-Partenkirchen\"\n\t\t\t\t\t\t\tloading=\"lazy\"\n\t\t\t\t\t\t\tdecoding=\"async\">\n\t\t\t\t\t\t<!-- <li>\n\t\t\t\t\t\t\t<img decoding=\"async\" class=\"lazy\" src=\"\" data-src=\"\" alt=\"\" loading=\"lazy\"\/>\n\t\t\t\t\t\t<\/li> -->\n\t\t\t\t\t\t<!-- <div class=\"swiper-lazy-preloader\"><\/div> -->\n\t\t\t\t\t\t\t\t\t\t<li>\n\t\t\t\t\t\t<img\n\t\t\t\t\t\t\tclass=\"lazy\"\n\t\t\t\t\t\t\tsrc=\"\"\n\t\t\t\t\t\t\tdata-src=\"https:\/\/www.ferienwohnungen-garmischpartenkirchen.de\/wp-content\/uploads\/2024\/06\/mf6287700-768x512.jpg\"\n\t\t\t\t\t\t\talt=\"Schlafzimmer mit Holzt\u00f6nen in Ferienwohnung in Garmisch-Partenkirchen\"\n\t\t\t\t\t\t\tloading=\"lazy\"\n\t\t\t\t\t\t\tdecoding=\"async\">\n\t\t\t\t\t\t<!-- <li>\n\t\t\t\t\t\t\t<img decoding=\"async\" class=\"lazy\" src=\"\" data-src=\"\" alt=\"\" loading=\"lazy\"\/>\n\t\t\t\t\t\t<\/li> -->\n\t\t\t\t\t\t<!-- <div class=\"swiper-lazy-preloader\"><\/div> -->\n\t\t\t\t\t\t\t\t\t\t<li>\n\t\t\t\t\t\t<img\n\t\t\t\t\t\t\tclass=\"lazy\"\n\t\t\t\t\t\t\tsrc=\"\"\n\t\t\t\t\t\t\tdata-src=\"https:\/\/www.ferienwohnungen-garmischpartenkirchen.de\/wp-content\/uploads\/2024\/06\/mf6287717-768x512.jpg\"\n\t\t\t\t\t\t\talt=\"Badezimmer mit Dusch und Badem\u00f6glichkeit in Ferienwohnung in Garmisch-Partenkirchen\"\n\t\t\t\t\t\t\tloading=\"lazy\"\n\t\t\t\t\t\t\tdecoding=\"async\">\n\t\t\t\t\t\t<!-- <li>\n\t\t\t\t\t\t\t<img decoding=\"async\" class=\"lazy\" src=\"\" data-src=\"\" alt=\"\" loading=\"lazy\"\/>\n\t\t\t\t\t\t<\/li> -->\n\t\t\t\t\t\t<!-- <div class=\"swiper-lazy-preloader\"><\/div> -->\n\t\t\t\t\t\t\t\t\t\t<li>\n\t\t\t\t\t\t<img\n\t\t\t\t\t\t\tclass=\"lazy\"\n\t\t\t\t\t\t\tsrc=\"\"\n\t\t\t\t\t\t\tdata-src=\"https:\/\/www.ferienwohnungen-garmischpartenkirchen.de\/wp-content\/uploads\/2024\/06\/mf6287726-768x512.jpg\"\n\t\t\t\t\t\t\talt=\"Ausblick von dem Balkon in Ferienwohnung in Garmisch-Partenkirchen\"\n\t\t\t\t\t\t\tloading=\"lazy\"\n\t\t\t\t\t\t\tdecoding=\"async\">\n\t\t\t\t\t\t<!-- <li>\n\t\t\t\t\t\t\t<img decoding=\"async\" class=\"lazy\" src=\"\" data-src=\"\" alt=\"\" loading=\"lazy\"\/>\n\t\t\t\t\t\t<\/li> -->\n\t\t\t\t\t\t<!-- <div class=\"swiper-lazy-preloader\"><\/div> -->\n\t\t\t\t\t\t\t\t<\/ul>\n\t\t<\/div>\n\t\n\t<div class=\"info-wrapper\">\n\t\t<div class=\"info-body\">\n\t\t\t<!-- <span class=\"favouritebtn\"> <\/span> -->\n\t\t\t<div class=\"flex heading-wrapper\">\n\t\t\t\t<h4 class=\"unit-title\"><span><a href=\"https:\/\/www.ferienwohnungen-garmischpartenkirchen.de\/de\/unterkuenfte\/ludwigschloessl\/\">Ludwigschl\u00f6ssl<\/a><\/span><\/h4>\n\t\t\t\t<div class=\"wrap-classification\">\n\t\t\t\t\t<p class=\"unit-region\">\n\t\t\t\t\t\tGarmisch-Partenkirchen\t\t\t\t\t<\/p>\n\t\t\t\t<\/div>\n\t\t\t<\/div>\n\t\t\t<div class=\"details-wrapper\">\n\t\t\t\t<ul>\n\t\t\t\t\t<li><span class=\"wrap-value\">7 G\u00e4ste<\/span><\/li>\n\t\t\t\t\t<span class=\"saperator\"><\/span>\n\t\t\t\t\t<li><span class=\"wrap-value\">3 Schlafzimmer<\/span><\/li>\n\t\t\t\t\t<span class=\"saperator\"><\/span>\n\t\t\t\t\t<li>\n\t\t\t\t\t\t<span class=\"price\" data-price=\"12900\">129,00<\/span> <span class=\"currency\">&euro;<\/span> \t\t\t\t\t<\/li>\n\t\t\t\t<\/ul>\n\t\t\t<\/div>\n\t\t<\/div>\n\t<\/div>\n<\/div><\/div><\/div><div class=\"swiper-slide\"><div class=\"swiperlisting\"><div class=\"\">\n\t\t\t<div id=\"slider\" class=\"flexslider\">\n\t\t\t<ul class=\"slides\">\n\t\t\t\t\t\t\t\t\t<li>\n\t\t\t\t\t\t<img\n\t\t\t\t\t\t\tclass=\"lazy\"\n\t\t\t\t\t\t\tsrc=\"\"\n\t\t\t\t\t\t\tdata-src=\"https:\/\/www.ferienwohnungen-garmischpartenkirchen.de\/wp-content\/uploads\/2024\/06\/mf3721821-768x512.jpg\"\n\t\t\t\t\t\t\talt=\"Sofa in braun in Ferienwohnung in Garmisch-Partenkirchen\"\n\t\t\t\t\t\t\tloading=\"lazy\"\n\t\t\t\t\t\t\tdecoding=\"async\">\n\t\t\t\t\t\t<!-- <li>\n\t\t\t\t\t\t\t<img decoding=\"async\" class=\"lazy\" src=\"\" data-src=\"\" alt=\"\" loading=\"lazy\"\/>\n\t\t\t\t\t\t<\/li> -->\n\t\t\t\t\t\t<!-- <div class=\"swiper-lazy-preloader\"><\/div> -->\n\t\t\t\t\t\t\t\t\t\t<li>\n\t\t\t\t\t\t<img\n\t\t\t\t\t\t\tclass=\"lazy\"\n\t\t\t\t\t\t\tsrc=\"\"\n\t\t\t\t\t\t\tdata-src=\"https:\/\/www.ferienwohnungen-garmischpartenkirchen.de\/wp-content\/uploads\/2024\/06\/mf3721790-768x512.jpg\"\n\t\t\t\t\t\t\talt=\"Sitzecke in Ferienwohnung in Garmisch-Partenkirchen\"\n\t\t\t\t\t\t\tloading=\"lazy\"\n\t\t\t\t\t\t\tdecoding=\"async\">\n\t\t\t\t\t\t<!-- <li>\n\t\t\t\t\t\t\t<img decoding=\"async\" class=\"lazy\" src=\"\" data-src=\"\" alt=\"\" loading=\"lazy\"\/>\n\t\t\t\t\t\t<\/li> -->\n\t\t\t\t\t\t<!-- <div class=\"swiper-lazy-preloader\"><\/div> -->\n\t\t\t\t\t\t\t\t\t\t<li>\n\t\t\t\t\t\t<img\n\t\t\t\t\t\t\tclass=\"lazy\"\n\t\t\t\t\t\t\tsrc=\"\"\n\t\t\t\t\t\t\tdata-src=\"https:\/\/www.ferienwohnungen-garmischpartenkirchen.de\/wp-content\/uploads\/2024\/06\/mf3721791-768x512.jpg\"\n\t\t\t\t\t\t\talt=\"Doppelbett in beige in Ferienwohnung in Garmisch-Partenkirchen\"\n\t\t\t\t\t\t\tloading=\"lazy\"\n\t\t\t\t\t\t\tdecoding=\"async\">\n\t\t\t\t\t\t<!-- <li>\n\t\t\t\t\t\t\t<img decoding=\"async\" class=\"lazy\" src=\"\" data-src=\"\" alt=\"\" loading=\"lazy\"\/>\n\t\t\t\t\t\t<\/li> -->\n\t\t\t\t\t\t<!-- <div class=\"swiper-lazy-preloader\"><\/div> -->\n\t\t\t\t\t\t\t\t\t\t<li>\n\t\t\t\t\t\t<img\n\t\t\t\t\t\t\tclass=\"lazy\"\n\t\t\t\t\t\t\tsrc=\"\"\n\t\t\t\t\t\t\tdata-src=\"https:\/\/www.ferienwohnungen-garmischpartenkirchen.de\/wp-content\/uploads\/2024\/06\/mf3721830-768x512.jpg\"\n\t\t\t\t\t\t\talt=\"K\u00fcche in creme Farben in Ferienwohnung in Garmisch-Partenkirchen\"\n\t\t\t\t\t\t\tloading=\"lazy\"\n\t\t\t\t\t\t\tdecoding=\"async\">\n\t\t\t\t\t\t<!-- <li>\n\t\t\t\t\t\t\t<img decoding=\"async\" class=\"lazy\" src=\"\" data-src=\"\" alt=\"\" loading=\"lazy\"\/>\n\t\t\t\t\t\t<\/li> -->\n\t\t\t\t\t\t<!-- <div class=\"swiper-lazy-preloader\"><\/div> -->\n\t\t\t\t\t\t\t\t\t\t<li>\n\t\t\t\t\t\t<img\n\t\t\t\t\t\t\tclass=\"lazy\"\n\t\t\t\t\t\t\tsrc=\"\"\n\t\t\t\t\t\t\tdata-src=\"https:\/\/www.ferienwohnungen-garmischpartenkirchen.de\/wp-content\/uploads\/2024\/06\/mf3721838-768x512.jpg\"\n\t\t\t\t\t\t\talt=\"Au\u00dfenansicht in Ferienwohnung in Garmisch-Partenkirchen\"\n\t\t\t\t\t\t\tloading=\"lazy\"\n\t\t\t\t\t\t\tdecoding=\"async\">\n\t\t\t\t\t\t<!-- <li>\n\t\t\t\t\t\t\t<img decoding=\"async\" class=\"lazy\" src=\"\" data-src=\"\" alt=\"\" loading=\"lazy\"\/>\n\t\t\t\t\t\t<\/li> -->\n\t\t\t\t\t\t<!-- <div class=\"swiper-lazy-preloader\"><\/div> -->\n\t\t\t\t\t\t\t\t<\/ul>\n\t\t<\/div>\n\t\n\t<div class=\"info-wrapper\">\n\t\t<div class=\"info-body\">\n\t\t\t<!-- <span class=\"favouritebtn\"> <\/span> -->\n\t\t\t<div class=\"flex heading-wrapper\">\n\t\t\t\t<h4 class=\"unit-title\"><span><a href=\"https:\/\/www.ferienwohnungen-garmischpartenkirchen.de\/de\/unterkuenfte\/loisach-haeusl\/\">Loisach H\u00e4usl<\/a><\/span><\/h4>\n\t\t\t\t<div class=\"wrap-classification\">\n\t\t\t\t\t<p class=\"unit-region\">\n\t\t\t\t\t\tGrainau\t\t\t\t\t<\/p>\n\t\t\t\t<\/div>\n\t\t\t<\/div>\n\t\t\t<div class=\"details-wrapper\">\n\t\t\t\t<ul>\n\t\t\t\t\t<li><span class=\"wrap-value\">7 G\u00e4ste<\/span><\/li>\n\t\t\t\t\t<span class=\"saperator\"><\/span>\n\t\t\t\t\t<li><span class=\"wrap-value\">4 Schlafzimmer<\/span><\/li>\n\t\t\t\t\t<span class=\"saperator\"><\/span>\n\t\t\t\t\t<li>\n\t\t\t\t\t\t<span class=\"price\" data-price=\"11900\">119,00<\/span> <span class=\"currency\">&euro;<\/span> \t\t\t\t\t<\/li>\n\t\t\t\t<\/ul>\n\t\t\t<\/div>\n\t\t<\/div>\n\t<\/div>\n<\/div><\/div><\/div><div class=\"swiper-slide\"><div class=\"swiperlisting\"><div class=\"\">\n\t\t\t<div id=\"slider\" class=\"flexslider\">\n\t\t\t<ul class=\"slides\">\n\t\t\t\t\t\t\t\t\t<li>\n\t\t\t\t\t\t<img\n\t\t\t\t\t\t\tclass=\"lazy\"\n\t\t\t\t\t\t\tsrc=\"\"\n\t\t\t\t\t\t\tdata-src=\"https:\/\/www.ferienwohnungen-garmischpartenkirchen.de\/wp-content\/uploads\/2024\/06\/mf10292805-768x512.jpg\"\n\t\t\t\t\t\t\talt=\"Wohnbereich mit Sofas und Tisch in Ferienwohnung in Garmisch-Partenkirchen\"\n\t\t\t\t\t\t\tloading=\"lazy\"\n\t\t\t\t\t\t\tdecoding=\"async\">\n\t\t\t\t\t\t<!-- <li>\n\t\t\t\t\t\t\t<img decoding=\"async\" class=\"lazy\" src=\"\" data-src=\"\" alt=\"\" loading=\"lazy\"\/>\n\t\t\t\t\t\t<\/li> -->\n\t\t\t\t\t\t<!-- <div class=\"swiper-lazy-preloader\"><\/div> -->\n\t\t\t\t\t\t\t\t\t\t<li>\n\t\t\t\t\t\t<img\n\t\t\t\t\t\t\tclass=\"lazy\"\n\t\t\t\t\t\t\tsrc=\"\"\n\t\t\t\t\t\t\tdata-src=\"https:\/\/www.ferienwohnungen-garmischpartenkirchen.de\/wp-content\/uploads\/2024\/06\/mf10126667-768x512.jpg\"\n\t\t\t\t\t\t\talt=\"Schlafzimmer mit ein Doppelt- und ein Einzelbett in Ferienwohnung in Garmisch-Partenkirchen\"\n\t\t\t\t\t\t\tloading=\"lazy\"\n\t\t\t\t\t\t\tdecoding=\"async\">\n\t\t\t\t\t\t<!-- <li>\n\t\t\t\t\t\t\t<img decoding=\"async\" class=\"lazy\" src=\"\" data-src=\"\" alt=\"\" loading=\"lazy\"\/>\n\t\t\t\t\t\t<\/li> -->\n\t\t\t\t\t\t<!-- <div class=\"swiper-lazy-preloader\"><\/div> -->\n\t\t\t\t\t\t\t\t\t\t<li>\n\t\t\t\t\t\t<img\n\t\t\t\t\t\t\tclass=\"lazy\"\n\t\t\t\t\t\t\tsrc=\"\"\n\t\t\t\t\t\t\tdata-src=\"https:\/\/www.ferienwohnungen-garmischpartenkirchen.de\/wp-content\/uploads\/2024\/06\/mf10292812-768x512.jpg\"\n\t\t\t\t\t\t\talt=\"K\u00fcche mit T\u00fcr zum Flur in wei\u00df in Ferienwohnung in Garmisch-Partenkirchen\"\n\t\t\t\t\t\t\tloading=\"lazy\"\n\t\t\t\t\t\t\tdecoding=\"async\">\n\t\t\t\t\t\t<!-- <li>\n\t\t\t\t\t\t\t<img decoding=\"async\" class=\"lazy\" src=\"\" data-src=\"\" alt=\"\" loading=\"lazy\"\/>\n\t\t\t\t\t\t<\/li> -->\n\t\t\t\t\t\t<!-- <div class=\"swiper-lazy-preloader\"><\/div> -->\n\t\t\t\t\t\t\t\t\t\t<li>\n\t\t\t\t\t\t<img\n\t\t\t\t\t\t\tclass=\"lazy\"\n\t\t\t\t\t\t\tsrc=\"\"\n\t\t\t\t\t\t\tdata-src=\"https:\/\/www.ferienwohnungen-garmischpartenkirchen.de\/wp-content\/uploads\/2024\/06\/mf10126681-768x512.jpg\"\n\t\t\t\t\t\t\talt=\"Badezimmer mit Schr\u00e4ge und Badewanne in Ferienwohnung in Garmisch-Partenkirchen\"\n\t\t\t\t\t\t\tloading=\"lazy\"\n\t\t\t\t\t\t\tdecoding=\"async\">\n\t\t\t\t\t\t<!-- <li>\n\t\t\t\t\t\t\t<img decoding=\"async\" class=\"lazy\" src=\"\" data-src=\"\" alt=\"\" loading=\"lazy\"\/>\n\t\t\t\t\t\t<\/li> -->\n\t\t\t\t\t\t<!-- <div class=\"swiper-lazy-preloader\"><\/div> -->\n\t\t\t\t\t\t\t\t\t\t<li>\n\t\t\t\t\t\t<img\n\t\t\t\t\t\t\tclass=\"lazy\"\n\t\t\t\t\t\t\tsrc=\"\"\n\t\t\t\t\t\t\tdata-src=\"https:\/\/www.ferienwohnungen-garmischpartenkirchen.de\/wp-content\/uploads\/2024\/06\/mf10292808-768x512.jpg\"\n\t\t\t\t\t\t\talt=\"Ausblick auf Wiese und B\u00e4ume in Ferienwohnung in Garmisch-Partenkirchen\"\n\t\t\t\t\t\t\tloading=\"lazy\"\n\t\t\t\t\t\t\tdecoding=\"async\">\n\t\t\t\t\t\t<!-- <li>\n\t\t\t\t\t\t\t<img decoding=\"async\" class=\"lazy\" src=\"\" data-src=\"\" alt=\"\" loading=\"lazy\"\/>\n\t\t\t\t\t\t<\/li> -->\n\t\t\t\t\t\t<!-- <div class=\"swiper-lazy-preloader\"><\/div> -->\n\t\t\t\t\t\t\t\t<\/ul>\n\t\t<\/div>\n\t\n\t<div class=\"info-wrapper\">\n\t\t<div class=\"info-body\">\n\t\t\t<!-- <span class=\"favouritebtn\"> <\/span> -->\n\t\t\t<div class=\"flex heading-wrapper\">\n\t\t\t\t<h4 class=\"unit-title\"><span><a href=\"https:\/\/www.ferienwohnungen-garmischpartenkirchen.de\/de\/unterkuenfte\/himmelreich\/\">Himmelreich<\/a><\/span><\/h4>\n\t\t\t\t<div class=\"wrap-classification\">\n\t\t\t\t\t<p class=\"unit-region\">\n\t\t\t\t\t\tGarmisch-Partenkirchen\t\t\t\t\t<\/p>\n\t\t\t\t<\/div>\n\t\t\t<\/div>\n\t\t\t<div class=\"details-wrapper\">\n\t\t\t\t<ul>\n\t\t\t\t\t<li><span class=\"wrap-value\">7 G\u00e4ste<\/span><\/li>\n\t\t\t\t\t<span class=\"saperator\"><\/span>\n\t\t\t\t\t<li><span class=\"wrap-value\">3 Schlafzimmer<\/span><\/li>\n\t\t\t\t\t<span class=\"saperator\"><\/span>\n\t\t\t\t\t<li>\n\t\t\t\t\t\t<span class=\"price\" data-price=\"11900\">119,00<\/span> <span class=\"currency\">&euro;<\/span> \t\t\t\t\t<\/li>\n\t\t\t\t<\/ul>\n\t\t\t<\/div>\n\t\t<\/div>\n\t<\/div>\n<\/div><\/div><\/div><div class=\"swiper-slide\"><div class=\"swiperlisting\"><div class=\"\">\n\t\t\t<div id=\"slider\" class=\"flexslider\">\n\t\t\t<ul class=\"slides\">\n\t\t\t\t\t\t\t\t\t<li>\n\t\t\t\t\t\t<img\n\t\t\t\t\t\t\tclass=\"lazy\"\n\t\t\t\t\t\t\tsrc=\"\"\n\t\t\t\t\t\t\tdata-src=\"https:\/\/www.ferienwohnungen-garmischpartenkirchen.de\/wp-content\/uploads\/2024\/11\/mf19279513-768x512.jpg\"\n\t\t\t\t\t\t\talt=\"\"\n\t\t\t\t\t\t\tloading=\"lazy\"\n\t\t\t\t\t\t\tdecoding=\"async\">\n\t\t\t\t\t\t<!-- <li>\n\t\t\t\t\t\t\t<img decoding=\"async\" class=\"lazy\" src=\"\" data-src=\"\" alt=\"\" loading=\"lazy\"\/>\n\t\t\t\t\t\t<\/li> -->\n\t\t\t\t\t\t<!-- <div class=\"swiper-lazy-preloader\"><\/div> -->\n\t\t\t\t\t\t\t\t\t\t<li>\n\t\t\t\t\t\t<img\n\t\t\t\t\t\t\tclass=\"lazy\"\n\t\t\t\t\t\t\tsrc=\"\"\n\t\t\t\t\t\t\tdata-src=\"https:\/\/www.ferienwohnungen-garmischpartenkirchen.de\/wp-content\/uploads\/2024\/11\/mf19279515-768x512.jpg\"\n\t\t\t\t\t\t\talt=\"\"\n\t\t\t\t\t\t\tloading=\"lazy\"\n\t\t\t\t\t\t\tdecoding=\"async\">\n\t\t\t\t\t\t<!-- <li>\n\t\t\t\t\t\t\t<img decoding=\"async\" class=\"lazy\" src=\"\" data-src=\"\" alt=\"\" loading=\"lazy\"\/>\n\t\t\t\t\t\t<\/li> -->\n\t\t\t\t\t\t<!-- <div class=\"swiper-lazy-preloader\"><\/div> -->\n\t\t\t\t\t\t\t\t\t\t<li>\n\t\t\t\t\t\t<img\n\t\t\t\t\t\t\tclass=\"lazy\"\n\t\t\t\t\t\t\tsrc=\"\"\n\t\t\t\t\t\t\tdata-src=\"https:\/\/www.ferienwohnungen-garmischpartenkirchen.de\/wp-content\/uploads\/2024\/11\/mf19279516-768x512.jpg\"\n\t\t\t\t\t\t\talt=\"\"\n\t\t\t\t\t\t\tloading=\"lazy\"\n\t\t\t\t\t\t\tdecoding=\"async\">\n\t\t\t\t\t\t<!-- <li>\n\t\t\t\t\t\t\t<img decoding=\"async\" class=\"lazy\" src=\"\" data-src=\"\" alt=\"\" loading=\"lazy\"\/>\n\t\t\t\t\t\t<\/li> -->\n\t\t\t\t\t\t<!-- <div class=\"swiper-lazy-preloader\"><\/div> -->\n\t\t\t\t\t\t\t\t\t\t<li>\n\t\t\t\t\t\t<img\n\t\t\t\t\t\t\tclass=\"lazy\"\n\t\t\t\t\t\t\tsrc=\"\"\n\t\t\t\t\t\t\tdata-src=\"https:\/\/www.ferienwohnungen-garmischpartenkirchen.de\/wp-content\/uploads\/2024\/11\/mf19279517-768x512.jpg\"\n\t\t\t\t\t\t\talt=\"\"\n\t\t\t\t\t\t\tloading=\"lazy\"\n\t\t\t\t\t\t\tdecoding=\"async\">\n\t\t\t\t\t\t<!-- <li>\n\t\t\t\t\t\t\t<img decoding=\"async\" class=\"lazy\" src=\"\" data-src=\"\" alt=\"\" loading=\"lazy\"\/>\n\t\t\t\t\t\t<\/li> -->\n\t\t\t\t\t\t<!-- <div class=\"swiper-lazy-preloader\"><\/div> -->\n\t\t\t\t\t\t\t\t\t\t<li>\n\t\t\t\t\t\t<img\n\t\t\t\t\t\t\tclass=\"lazy\"\n\t\t\t\t\t\t\tsrc=\"\"\n\t\t\t\t\t\t\tdata-src=\"https:\/\/www.ferienwohnungen-garmischpartenkirchen.de\/wp-content\/uploads\/2024\/11\/mf19279518-768x512.jpg\"\n\t\t\t\t\t\t\talt=\"\"\n\t\t\t\t\t\t\tloading=\"lazy\"\n\t\t\t\t\t\t\tdecoding=\"async\">\n\t\t\t\t\t\t<!-- <li>\n\t\t\t\t\t\t\t<img decoding=\"async\" class=\"lazy\" src=\"\" data-src=\"\" alt=\"\" loading=\"lazy\"\/>\n\t\t\t\t\t\t<\/li> -->\n\t\t\t\t\t\t<!-- <div class=\"swiper-lazy-preloader\"><\/div> -->\n\t\t\t\t\t\t\t\t<\/ul>\n\t\t<\/div>\n\t\n\t<div class=\"info-wrapper\">\n\t\t<div class=\"info-body\">\n\t\t\t<!-- <span class=\"favouritebtn\"> <\/span> -->\n\t\t\t<div class=\"flex heading-wrapper\">\n\t\t\t\t<h4 class=\"unit-title\"><span><a href=\"https:\/\/www.ferienwohnungen-garmischpartenkirchen.de\/de\/unterkuenfte\/alpenherz\/\">Alpenherz<\/a><\/span><\/h4>\n\t\t\t\t<div class=\"wrap-classification\">\n\t\t\t\t\t<p class=\"unit-region\">\n\t\t\t\t\t\tGarmisch-Partenkirchen\t\t\t\t\t<\/p>\n\t\t\t\t<\/div>\n\t\t\t<\/div>\n\t\t\t<div class=\"details-wrapper\">\n\t\t\t\t<ul>\n\t\t\t\t\t<li><span class=\"wrap-value\">5 G\u00e4ste<\/span><\/li>\n\t\t\t\t\t<span class=\"saperator\"><\/span>\n\t\t\t\t\t<li><span class=\"wrap-value\">2 Schlafzimmer<\/span><\/li>\n\t\t\t\t\t<span class=\"saperator\"><\/span>\n\t\t\t\t\t<li>\n\t\t\t\t\t\t<span class=\"price\" data-price=\"6900\">69,00<\/span> <span class=\"currency\">&euro;<\/span> \t\t\t\t\t<\/li>\n\t\t\t\t<\/ul>\n\t\t\t<\/div>\n\t\t<\/div>\n\t<\/div>\n<\/div><\/div><\/div><div class=\"swiper-slide\"><div class=\"swiperlisting\"><div class=\"\">\n\t\t\t<div id=\"slider\" class=\"flexslider\">\n\t\t\t<ul class=\"slides\">\n\t\t\t\t\t\t\t\t\t<li>\n\t\t\t\t\t\t<img\n\t\t\t\t\t\t\tclass=\"lazy\"\n\t\t\t\t\t\t\tsrc=\"\"\n\t\t\t\t\t\t\tdata-src=\"https:\/\/www.ferienwohnungen-garmischpartenkirchen.de\/wp-content\/uploads\/2024\/06\/mf3699324-768x512.jpg\"\n\t\t\t\t\t\t\talt=\"Sofa in rot und Garten in Ferienwohnung in Garmisch-Partenkirchen\"\n\t\t\t\t\t\t\tloading=\"lazy\"\n\t\t\t\t\t\t\tdecoding=\"async\">\n\t\t\t\t\t\t<!-- <li>\n\t\t\t\t\t\t\t<img decoding=\"async\" class=\"lazy\" src=\"\" data-src=\"\" alt=\"\" loading=\"lazy\"\/>\n\t\t\t\t\t\t<\/li> -->\n\t\t\t\t\t\t<!-- <div class=\"swiper-lazy-preloader\"><\/div> -->\n\t\t\t\t\t\t\t\t\t\t<li>\n\t\t\t\t\t\t<img\n\t\t\t\t\t\t\tclass=\"lazy\"\n\t\t\t\t\t\t\tsrc=\"\"\n\t\t\t\t\t\t\tdata-src=\"https:\/\/www.ferienwohnungen-garmischpartenkirchen.de\/wp-content\/uploads\/2024\/06\/mf3699332-768x512.jpg\"\n\t\t\t\t\t\t\talt=\"K\u00fcche mit bar Hockern in Ferienwohnung in Garmisch-Partenkirchen\"\n\t\t\t\t\t\t\tloading=\"lazy\"\n\t\t\t\t\t\t\tdecoding=\"async\">\n\t\t\t\t\t\t<!-- <li>\n\t\t\t\t\t\t\t<img decoding=\"async\" class=\"lazy\" src=\"\" data-src=\"\" alt=\"\" loading=\"lazy\"\/>\n\t\t\t\t\t\t<\/li> -->\n\t\t\t\t\t\t<!-- <div class=\"swiper-lazy-preloader\"><\/div> -->\n\t\t\t\t\t\t\t\t\t\t<li>\n\t\t\t\t\t\t<img\n\t\t\t\t\t\t\tclass=\"lazy\"\n\t\t\t\t\t\t\tsrc=\"\"\n\t\t\t\t\t\t\tdata-src=\"https:\/\/www.ferienwohnungen-garmischpartenkirchen.de\/wp-content\/uploads\/2024\/06\/mf3699351-768x512.jpg\"\n\t\t\t\t\t\t\talt=\"Doppelbett in schwarz in Ferienwohnung in Garmisch-Partenkirchen\"\n\t\t\t\t\t\t\tloading=\"lazy\"\n\t\t\t\t\t\t\tdecoding=\"async\">\n\t\t\t\t\t\t<!-- <li>\n\t\t\t\t\t\t\t<img decoding=\"async\" class=\"lazy\" src=\"\" data-src=\"\" alt=\"\" loading=\"lazy\"\/>\n\t\t\t\t\t\t<\/li> -->\n\t\t\t\t\t\t<!-- <div class=\"swiper-lazy-preloader\"><\/div> -->\n\t\t\t\t\t\t\t\t\t\t<li>\n\t\t\t\t\t\t<img\n\t\t\t\t\t\t\tclass=\"lazy\"\n\t\t\t\t\t\t\tsrc=\"\"\n\t\t\t\t\t\t\tdata-src=\"https:\/\/www.ferienwohnungen-garmischpartenkirchen.de\/wp-content\/uploads\/2024\/06\/mf3699343-768x512.jpg\"\n\t\t\t\t\t\t\talt=\"Esstisch in T\u00fcrkis in Ferienwohnung in Garmisch-Partenkirchen\"\n\t\t\t\t\t\t\tloading=\"lazy\"\n\t\t\t\t\t\t\tdecoding=\"async\">\n\t\t\t\t\t\t<!-- <li>\n\t\t\t\t\t\t\t<img decoding=\"async\" class=\"lazy\" src=\"\" data-src=\"\" alt=\"\" loading=\"lazy\"\/>\n\t\t\t\t\t\t<\/li> -->\n\t\t\t\t\t\t<!-- <div class=\"swiper-lazy-preloader\"><\/div> -->\n\t\t\t\t\t\t\t\t\t\t<li>\n\t\t\t\t\t\t<img\n\t\t\t\t\t\t\tclass=\"lazy\"\n\t\t\t\t\t\t\tsrc=\"\"\n\t\t\t\t\t\t\tdata-src=\"https:\/\/www.ferienwohnungen-garmischpartenkirchen.de\/wp-content\/uploads\/2024\/06\/mf3699371-768x512.jpg\"\n\t\t\t\t\t\t\talt=\"Berge in Ferienwohnung in Garmisch-Partenkirchen\"\n\t\t\t\t\t\t\tloading=\"lazy\"\n\t\t\t\t\t\t\tdecoding=\"async\">\n\t\t\t\t\t\t<!-- <li>\n\t\t\t\t\t\t\t<img decoding=\"async\" class=\"lazy\" src=\"\" data-src=\"\" alt=\"\" loading=\"lazy\"\/>\n\t\t\t\t\t\t<\/li> -->\n\t\t\t\t\t\t<!-- <div class=\"swiper-lazy-preloader\"><\/div> -->\n\t\t\t\t\t\t\t\t<\/ul>\n\t\t<\/div>\n\t\n\t<div class=\"info-wrapper\">\n\t\t<div class=\"info-body\">\n\t\t\t<!-- <span class=\"favouritebtn\"> <\/span> -->\n\t\t\t<div class=\"flex heading-wrapper\">\n\t\t\t\t<h4 class=\"unit-title\"><span><a href=\"https:\/\/www.ferienwohnungen-garmischpartenkirchen.de\/de\/unterkuenfte\/alpensonne\/\">Alpensonne<\/a><\/span><\/h4>\n\t\t\t\t<div class=\"wrap-classification\">\n\t\t\t\t\t<p class=\"unit-region\">\n\t\t\t\t\t\tGarmisch-Partenkirchen\t\t\t\t\t<\/p>\n\t\t\t\t<\/div>\n\t\t\t<\/div>\n\t\t\t<div class=\"details-wrapper\">\n\t\t\t\t<ul>\n\t\t\t\t\t<li><span class=\"wrap-value\">4 G\u00e4ste<\/span><\/li>\n\t\t\t\t\t<span class=\"saperator\"><\/span>\n\t\t\t\t\t<li><span class=\"wrap-value\">2 Schlafzimmer<\/span><\/li>\n\t\t\t\t\t<span class=\"saperator\"><\/span>\n\t\t\t\t\t<li>\n\t\t\t\t\t\t<span class=\"price\" data-price=\"7900\">79,00<\/span> <span class=\"currency\">&euro;<\/span> \t\t\t\t\t<\/li>\n\t\t\t\t<\/ul>\n\t\t\t<\/div>\n\t\t<\/div>\n\t<\/div>\n<\/div><\/div><\/div><div class=\"swiper-slide\"><div class=\"swiperlisting\"><div class=\"\">\n\t\t\t<div id=\"slider\" class=\"flexslider\">\n\t\t\t<ul class=\"slides\">\n\t\t\t\t\t\t\t\t\t<li>\n\t\t\t\t\t\t<img\n\t\t\t\t\t\t\tclass=\"lazy\"\n\t\t\t\t\t\t\tsrc=\"\"\n\t\t\t\t\t\t\tdata-src=\"https:\/\/www.ferienwohnungen-garmischpartenkirchen.de\/wp-content\/uploads\/2025\/07\/mf22909981-768x512.jpg\"\n\t\t\t\t\t\t\talt=\"\"\n\t\t\t\t\t\t\tloading=\"lazy\"\n\t\t\t\t\t\t\tdecoding=\"async\">\n\t\t\t\t\t\t<!-- <li>\n\t\t\t\t\t\t\t<img decoding=\"async\" class=\"lazy\" src=\"\" data-src=\"\" alt=\"\" loading=\"lazy\"\/>\n\t\t\t\t\t\t<\/li> -->\n\t\t\t\t\t\t<!-- <div class=\"swiper-lazy-preloader\"><\/div> -->\n\t\t\t\t\t\t\t\t\t\t<li>\n\t\t\t\t\t\t<img\n\t\t\t\t\t\t\tclass=\"lazy\"\n\t\t\t\t\t\t\tsrc=\"\"\n\t\t\t\t\t\t\tdata-src=\"https:\/\/www.ferienwohnungen-garmischpartenkirchen.de\/wp-content\/uploads\/2025\/07\/mf22909997-768x512.jpg\"\n\t\t\t\t\t\t\talt=\"\"\n\t\t\t\t\t\t\tloading=\"lazy\"\n\t\t\t\t\t\t\tdecoding=\"async\">\n\t\t\t\t\t\t<!-- <li>\n\t\t\t\t\t\t\t<img decoding=\"async\" class=\"lazy\" src=\"\" data-src=\"\" alt=\"\" loading=\"lazy\"\/>\n\t\t\t\t\t\t<\/li> -->\n\t\t\t\t\t\t<!-- <div class=\"swiper-lazy-preloader\"><\/div> -->\n\t\t\t\t\t\t\t\t\t\t<li>\n\t\t\t\t\t\t<img\n\t\t\t\t\t\t\tclass=\"lazy\"\n\t\t\t\t\t\t\tsrc=\"\"\n\t\t\t\t\t\t\tdata-src=\"https:\/\/www.ferienwohnungen-garmischpartenkirchen.de\/wp-content\/uploads\/2024\/06\/mf10547416-768x512.jpg\"\n\t\t\t\t\t\t\talt=\"Badezimmer mit Dusche in Ferienwohnung in Garmisch-Partenkirchen\"\n\t\t\t\t\t\t\tloading=\"lazy\"\n\t\t\t\t\t\t\tdecoding=\"async\">\n\t\t\t\t\t\t<!-- <li>\n\t\t\t\t\t\t\t<img decoding=\"async\" class=\"lazy\" src=\"\" data-src=\"\" alt=\"\" loading=\"lazy\"\/>\n\t\t\t\t\t\t<\/li> -->\n\t\t\t\t\t\t<!-- <div class=\"swiper-lazy-preloader\"><\/div> -->\n\t\t\t\t\t\t\t\t\t\t<li>\n\t\t\t\t\t\t<img\n\t\t\t\t\t\t\tclass=\"lazy\"\n\t\t\t\t\t\t\tsrc=\"\"\n\t\t\t\t\t\t\tdata-src=\"https:\/\/www.ferienwohnungen-garmischpartenkirchen.de\/wp-content\/uploads\/2025\/07\/mf22909993-768x512.jpg\"\n\t\t\t\t\t\t\talt=\"\"\n\t\t\t\t\t\t\tloading=\"lazy\"\n\t\t\t\t\t\t\tdecoding=\"async\">\n\t\t\t\t\t\t<!-- <li>\n\t\t\t\t\t\t\t<img decoding=\"async\" class=\"lazy\" src=\"\" data-src=\"\" alt=\"\" loading=\"lazy\"\/>\n\t\t\t\t\t\t<\/li> -->\n\t\t\t\t\t\t<!-- <div class=\"swiper-lazy-preloader\"><\/div> -->\n\t\t\t\t\t\t\t\t\t\t<li>\n\t\t\t\t\t\t<img\n\t\t\t\t\t\t\tclass=\"lazy\"\n\t\t\t\t\t\t\tsrc=\"\"\n\t\t\t\t\t\t\tdata-src=\"https:\/\/www.ferienwohnungen-garmischpartenkirchen.de\/wp-content\/uploads\/2024\/06\/mf3699086-768x512.jpg\"\n\t\t\t\t\t\t\talt=\"Balkon in Ferienwohnung in Garmisch-Partenkirchen\"\n\t\t\t\t\t\t\tloading=\"lazy\"\n\t\t\t\t\t\t\tdecoding=\"async\">\n\t\t\t\t\t\t<!-- <li>\n\t\t\t\t\t\t\t<img decoding=\"async\" class=\"lazy\" src=\"\" data-src=\"\" alt=\"\" loading=\"lazy\"\/>\n\t\t\t\t\t\t<\/li> -->\n\t\t\t\t\t\t<!-- <div class=\"swiper-lazy-preloader\"><\/div> -->\n\t\t\t\t\t\t\t\t<\/ul>\n\t\t<\/div>\n\t\n\t<div class=\"info-wrapper\">\n\t\t<div class=\"info-body\">\n\t\t\t<!-- <span class=\"favouritebtn\"> <\/span> -->\n\t\t\t<div class=\"flex heading-wrapper\">\n\t\t\t\t<h4 class=\"unit-title\"><span><a href=\"https:\/\/www.ferienwohnungen-garmischpartenkirchen.de\/de\/unterkuenfte\/alpenkraeuter\/\">Alpenkr\u00e4uter<\/a><\/span><\/h4>\n\t\t\t\t<div class=\"wrap-classification\">\n\t\t\t\t\t<p class=\"unit-region\">\n\t\t\t\t\t\tGrainau\t\t\t\t\t<\/p>\n\t\t\t\t<\/div>\n\t\t\t<\/div>\n\t\t\t<div class=\"details-wrapper\">\n\t\t\t\t<ul>\n\t\t\t\t\t<li><span class=\"wrap-value\">3 G\u00e4ste<\/span><\/li>\n\t\t\t\t\t<span class=\"saperator\"><\/span>\n\t\t\t\t\t<li><span class=\"wrap-value\">2 Schlafzimmer<\/span><\/li>\n\t\t\t\t\t<span class=\"saperator\"><\/span>\n\t\t\t\t\t<li>\n\t\t\t\t\t\t<span class=\"price\" data-price=\"7900\">79,00<\/span> <span class=\"currency\">&euro;<\/span> \t\t\t\t\t<\/li>\n\t\t\t\t<\/ul>\n\t\t\t<\/div>\n\t\t<\/div>\n\t<\/div>\n<\/div><\/div><\/div><div class=\"swiper-slide\"><div class=\"swiperlisting\"><div class=\"\">\n\t\t\t<div id=\"slider\" class=\"flexslider\">\n\t\t\t<ul class=\"slides\">\n\t\t\t\t\t\t\t\t\t<li>\n\t\t\t\t\t\t<img\n\t\t\t\t\t\t\tclass=\"lazy\"\n\t\t\t\t\t\t\tsrc=\"\"\n\t\t\t\t\t\t\tdata-src=\"https:\/\/www.ferienwohnungen-garmischpartenkirchen.de\/wp-content\/uploads\/2024\/06\/mf3699643-768x512.jpg\"\n\t\t\t\t\t\t\talt=\"Kamin in Ferienwohnung in Garmisch-Partenkirchen\"\n\t\t\t\t\t\t\tloading=\"lazy\"\n\t\t\t\t\t\t\tdecoding=\"async\">\n\t\t\t\t\t\t<!-- <li>\n\t\t\t\t\t\t\t<img decoding=\"async\" class=\"lazy\" src=\"\" data-src=\"\" alt=\"\" loading=\"lazy\"\/>\n\t\t\t\t\t\t<\/li> -->\n\t\t\t\t\t\t<!-- <div class=\"swiper-lazy-preloader\"><\/div> -->\n\t\t\t\t\t\t\t\t\t\t<li>\n\t\t\t\t\t\t<img\n\t\t\t\t\t\t\tclass=\"lazy\"\n\t\t\t\t\t\t\tsrc=\"\"\n\t\t\t\t\t\t\tdata-src=\"https:\/\/www.ferienwohnungen-garmischpartenkirchen.de\/wp-content\/uploads\/2024\/06\/mf3699645-768x512.jpg\"\n\t\t\t\t\t\t\talt=\"K\u00fcche in grau in Ferienwohnung in Garmisch-Partenkirchen\"\n\t\t\t\t\t\t\tloading=\"lazy\"\n\t\t\t\t\t\t\tdecoding=\"async\">\n\t\t\t\t\t\t<!-- <li>\n\t\t\t\t\t\t\t<img decoding=\"async\" class=\"lazy\" src=\"\" data-src=\"\" alt=\"\" loading=\"lazy\"\/>\n\t\t\t\t\t\t<\/li> -->\n\t\t\t\t\t\t<!-- <div class=\"swiper-lazy-preloader\"><\/div> -->\n\t\t\t\t\t\t\t\t\t\t<li>\n\t\t\t\t\t\t<img\n\t\t\t\t\t\t\tclass=\"lazy\"\n\t\t\t\t\t\t\tsrc=\"\"\n\t\t\t\t\t\t\tdata-src=\"https:\/\/www.ferienwohnungen-garmischpartenkirchen.de\/wp-content\/uploads\/2024\/06\/mf3699642-768x512.jpg\"\n\t\t\t\t\t\t\talt=\"graues Sofa mit buntem Teppich in Ferienwohnung in Garmisch-Partenkirchen\"\n\t\t\t\t\t\t\tloading=\"lazy\"\n\t\t\t\t\t\t\tdecoding=\"async\">\n\t\t\t\t\t\t<!-- <li>\n\t\t\t\t\t\t\t<img decoding=\"async\" class=\"lazy\" src=\"\" data-src=\"\" alt=\"\" loading=\"lazy\"\/>\n\t\t\t\t\t\t<\/li> -->\n\t\t\t\t\t\t<!-- <div class=\"swiper-lazy-preloader\"><\/div> -->\n\t\t\t\t\t\t\t\t\t\t<li>\n\t\t\t\t\t\t<img\n\t\t\t\t\t\t\tclass=\"lazy\"\n\t\t\t\t\t\t\tsrc=\"\"\n\t\t\t\t\t\t\tdata-src=\"https:\/\/www.ferienwohnungen-garmischpartenkirchen.de\/wp-content\/uploads\/2024\/06\/mf3699630-768x512.jpg\"\n\t\t\t\t\t\t\talt=\"Wohnbereich mit Sofa, Essbereich und K\u00fcche in Ferienwohnung in Garmisch-Partenkirchen\"\n\t\t\t\t\t\t\tloading=\"lazy\"\n\t\t\t\t\t\t\tdecoding=\"async\">\n\t\t\t\t\t\t<!-- <li>\n\t\t\t\t\t\t\t<img decoding=\"async\" class=\"lazy\" src=\"\" data-src=\"\" alt=\"\" loading=\"lazy\"\/>\n\t\t\t\t\t\t<\/li> -->\n\t\t\t\t\t\t<!-- <div class=\"swiper-lazy-preloader\"><\/div> -->\n\t\t\t\t\t\t\t\t\t\t<li>\n\t\t\t\t\t\t<img\n\t\t\t\t\t\t\tclass=\"lazy\"\n\t\t\t\t\t\t\tsrc=\"\"\n\t\t\t\t\t\t\tdata-src=\"https:\/\/www.ferienwohnungen-garmischpartenkirchen.de\/wp-content\/uploads\/2024\/06\/mf3699635-768x512.jpg\"\n\t\t\t\t\t\t\talt=\"Alpen mit Schnee in Ferienwohnung in Garmisch-Partenkirchen\"\n\t\t\t\t\t\t\tloading=\"lazy\"\n\t\t\t\t\t\t\tdecoding=\"async\">\n\t\t\t\t\t\t<!-- <li>\n\t\t\t\t\t\t\t<img decoding=\"async\" class=\"lazy\" src=\"\" data-src=\"\" alt=\"\" loading=\"lazy\"\/>\n\t\t\t\t\t\t<\/li> -->\n\t\t\t\t\t\t<!-- <div class=\"swiper-lazy-preloader\"><\/div> -->\n\t\t\t\t\t\t\t\t<\/ul>\n\t\t<\/div>\n\t\n\t<div class=\"info-wrapper\">\n\t\t<div class=\"info-body\">\n\t\t\t<!-- <span class=\"favouritebtn\"> <\/span> -->\n\t\t\t<div class=\"flex heading-wrapper\">\n\t\t\t\t<h4 class=\"unit-title\"><span><a href=\"https:\/\/www.ferienwohnungen-garmischpartenkirchen.de\/de\/unterkuenfte\/auszeit-maisonette\/\">Auszeit-Maisonette<\/a><\/span><\/h4>\n\t\t\t\t<div class=\"wrap-classification\">\n\t\t\t\t\t<p class=\"unit-region\">\n\t\t\t\t\t\tGarmisch-Partenkirchen\t\t\t\t\t<\/p>\n\t\t\t\t<\/div>\n\t\t\t<\/div>\n\t\t\t<div class=\"details-wrapper\">\n\t\t\t\t<ul>\n\t\t\t\t\t<li><span class=\"wrap-value\">4 G\u00e4ste<\/span><\/li>\n\t\t\t\t\t<span class=\"saperator\"><\/span>\n\t\t\t\t\t<li><span class=\"wrap-value\">1 Schlafzimmer<\/span><\/li>\n\t\t\t\t\t<span class=\"saperator\"><\/span>\n\t\t\t\t\t<li>\n\t\t\t\t\t\t<span class=\"price\" data-price=\"7900\">79,00<\/span> <span class=\"currency\">&euro;<\/span> \t\t\t\t\t<\/li>\n\t\t\t\t<\/ul>\n\t\t\t<\/div>\n\t\t<\/div>\n\t<\/div>\n<\/div><\/div><\/div><div class=\"swiper-slide\"><div class=\"swiperlisting\"><div class=\"\">\n\t\t\t<div id=\"slider\" class=\"flexslider\">\n\t\t\t<ul class=\"slides\">\n\t\t\t\t\t\t\t\t\t<li>\n\t\t\t\t\t\t<img\n\t\t\t\t\t\t\tclass=\"lazy\"\n\t\t\t\t\t\t\tsrc=\"\"\n\t\t\t\t\t\t\tdata-src=\"https:\/\/www.ferienwohnungen-garmischpartenkirchen.de\/wp-content\/uploads\/2024\/06\/mf8894609-768x512.jpg\"\n\t\t\t\t\t\t\talt=\"Fernseher in Ferienwohnung in Garmisch-Partenkirchen\"\n\t\t\t\t\t\t\tloading=\"lazy\"\n\t\t\t\t\t\t\tdecoding=\"async\">\n\t\t\t\t\t\t<!-- <li>\n\t\t\t\t\t\t\t<img decoding=\"async\" class=\"lazy\" src=\"\" data-src=\"\" alt=\"\" loading=\"lazy\"\/>\n\t\t\t\t\t\t<\/li> -->\n\t\t\t\t\t\t<!-- <div class=\"swiper-lazy-preloader\"><\/div> -->\n\t\t\t\t\t\t\t\t\t\t<li>\n\t\t\t\t\t\t<img\n\t\t\t\t\t\t\tclass=\"lazy\"\n\t\t\t\t\t\t\tsrc=\"\"\n\t\t\t\t\t\t\tdata-src=\"https:\/\/www.ferienwohnungen-garmischpartenkirchen.de\/wp-content\/uploads\/2024\/06\/mf8893126-768x512.jpg\"\n\t\t\t\t\t\t\talt=\"Esszimmer mit St\u00fchlen in Ferienwohnung in Garmisch-Partenkirchen\"\n\t\t\t\t\t\t\tloading=\"lazy\"\n\t\t\t\t\t\t\tdecoding=\"async\">\n\t\t\t\t\t\t<!-- <li>\n\t\t\t\t\t\t\t<img decoding=\"async\" class=\"lazy\" src=\"\" data-src=\"\" alt=\"\" loading=\"lazy\"\/>\n\t\t\t\t\t\t<\/li> -->\n\t\t\t\t\t\t<!-- <div class=\"swiper-lazy-preloader\"><\/div> -->\n\t\t\t\t\t\t\t\t\t\t<li>\n\t\t\t\t\t\t<img\n\t\t\t\t\t\t\tclass=\"lazy\"\n\t\t\t\t\t\t\tsrc=\"\"\n\t\t\t\t\t\t\tdata-src=\"https:\/\/www.ferienwohnungen-garmischpartenkirchen.de\/wp-content\/uploads\/2024\/06\/mf8894625-768x512.jpg\"\n\t\t\t\t\t\t\talt=\"Doppelbett mit Fernseher in Ferienwohnung in Garmisch-Partenkirchen\"\n\t\t\t\t\t\t\tloading=\"lazy\"\n\t\t\t\t\t\t\tdecoding=\"async\">\n\t\t\t\t\t\t<!-- <li>\n\t\t\t\t\t\t\t<img decoding=\"async\" class=\"lazy\" src=\"\" data-src=\"\" alt=\"\" loading=\"lazy\"\/>\n\t\t\t\t\t\t<\/li> -->\n\t\t\t\t\t\t<!-- <div class=\"swiper-lazy-preloader\"><\/div> -->\n\t\t\t\t\t\t\t\t\t\t<li>\n\t\t\t\t\t\t<img\n\t\t\t\t\t\t\tclass=\"lazy\"\n\t\t\t\t\t\t\tsrc=\"\"\n\t\t\t\t\t\t\tdata-src=\"https:\/\/www.ferienwohnungen-garmischpartenkirchen.de\/wp-content\/uploads\/2024\/06\/mf3699244-768x512.jpg\"\n\t\t\t\t\t\t\talt=\"Badezimmer mit lila Tapete in Ferienwohnung in Garmisch-Partenkirchen\"\n\t\t\t\t\t\t\tloading=\"lazy\"\n\t\t\t\t\t\t\tdecoding=\"async\">\n\t\t\t\t\t\t<!-- <li>\n\t\t\t\t\t\t\t<img decoding=\"async\" class=\"lazy\" src=\"\" data-src=\"\" alt=\"\" loading=\"lazy\"\/>\n\t\t\t\t\t\t<\/li> -->\n\t\t\t\t\t\t<!-- <div class=\"swiper-lazy-preloader\"><\/div> -->\n\t\t\t\t\t\t\t\t\t\t<li>\n\t\t\t\t\t\t<img\n\t\t\t\t\t\t\tclass=\"lazy\"\n\t\t\t\t\t\t\tsrc=\"\"\n\t\t\t\t\t\t\tdata-src=\"https:\/\/www.ferienwohnungen-garmischpartenkirchen.de\/wp-content\/uploads\/2024\/06\/mf16011303.jpg\"\n\t\t\t\t\t\t\talt=\"Sicht auf Berge in Ferienwohnung in Garmisch-Partenkirchen\"\n\t\t\t\t\t\t\tloading=\"lazy\"\n\t\t\t\t\t\t\tdecoding=\"async\">\n\t\t\t\t\t\t<!-- <li>\n\t\t\t\t\t\t\t<img decoding=\"async\" class=\"lazy\" src=\"\" data-src=\"\" alt=\"\" loading=\"lazy\"\/>\n\t\t\t\t\t\t<\/li> -->\n\t\t\t\t\t\t<!-- <div class=\"swiper-lazy-preloader\"><\/div> -->\n\t\t\t\t\t\t\t\t<\/ul>\n\t\t<\/div>\n\t\n\t<div class=\"info-wrapper\">\n\t\t<div class=\"info-body\">\n\t\t\t<!-- <span class=\"favouritebtn\"> <\/span> -->\n\t\t\t<div class=\"flex heading-wrapper\">\n\t\t\t\t<h4 class=\"unit-title\"><span><a href=\"https:\/\/www.ferienwohnungen-garmischpartenkirchen.de\/de\/unterkuenfte\/alpennest\/\">Alpennest<\/a><\/span><\/h4>\n\t\t\t\t<div class=\"wrap-classification\">\n\t\t\t\t\t<p class=\"unit-region\">\n\t\t\t\t\t\tGarmisch-Partenkirchen\t\t\t\t\t<\/p>\n\t\t\t\t<\/div>\n\t\t\t<\/div>\n\t\t\t<div class=\"details-wrapper\">\n\t\t\t\t<ul>\n\t\t\t\t\t<li><span class=\"wrap-value\">4 G\u00e4ste<\/span><\/li>\n\t\t\t\t\t<span class=\"saperator\"><\/span>\n\t\t\t\t\t<li><span class=\"wrap-value\">2 Schlafzimmer<\/span><\/li>\n\t\t\t\t\t<span class=\"saperator\"><\/span>\n\t\t\t\t\t<li>\n\t\t\t\t\t\t<span class=\"price\" data-price=\"7500\">75,00<\/span> <span class=\"currency\">&euro;<\/span> \t\t\t\t\t<\/li>\n\t\t\t\t<\/ul>\n\t\t\t<\/div>\n\t\t<\/div>\n\t<\/div>\n<\/div><\/div><\/div><div class=\"swiper-slide\"><div class=\"swiperlisting\"><div class=\"\">\n\t\t\t<div id=\"slider\" class=\"flexslider\">\n\t\t\t<ul class=\"slides\">\n\t\t\t\t\t\t\t\t\t<li>\n\t\t\t\t\t\t<img\n\t\t\t\t\t\t\tclass=\"lazy\"\n\t\t\t\t\t\t\tsrc=\"\"\n\t\t\t\t\t\t\tdata-src=\"https:\/\/www.ferienwohnungen-garmischpartenkirchen.de\/wp-content\/uploads\/2026\/04\/mf27059220-768x512.jpg\"\n\t\t\t\t\t\t\talt=\"\"\n\t\t\t\t\t\t\tloading=\"lazy\"\n\t\t\t\t\t\t\tdecoding=\"async\">\n\t\t\t\t\t\t<!-- <li>\n\t\t\t\t\t\t\t<img decoding=\"async\" class=\"lazy\" src=\"\" data-src=\"\" alt=\"\" loading=\"lazy\"\/>\n\t\t\t\t\t\t<\/li> -->\n\t\t\t\t\t\t<!-- <div class=\"swiper-lazy-preloader\"><\/div> -->\n\t\t\t\t\t\t\t\t\t\t<li>\n\t\t\t\t\t\t<img\n\t\t\t\t\t\t\tclass=\"lazy\"\n\t\t\t\t\t\t\tsrc=\"\"\n\t\t\t\t\t\t\tdata-src=\"https:\/\/www.ferienwohnungen-garmischpartenkirchen.de\/wp-content\/uploads\/2026\/04\/mf27059239-768x512.jpg\"\n\t\t\t\t\t\t\talt=\"\"\n\t\t\t\t\t\t\tloading=\"lazy\"\n\t\t\t\t\t\t\tdecoding=\"async\">\n\t\t\t\t\t\t<!-- <li>\n\t\t\t\t\t\t\t<img decoding=\"async\" class=\"lazy\" src=\"\" data-src=\"\" alt=\"\" loading=\"lazy\"\/>\n\t\t\t\t\t\t<\/li> -->\n\t\t\t\t\t\t<!-- <div class=\"swiper-lazy-preloader\"><\/div> -->\n\t\t\t\t\t\t\t\t\t\t<li>\n\t\t\t\t\t\t<img\n\t\t\t\t\t\t\tclass=\"lazy\"\n\t\t\t\t\t\t\tsrc=\"\"\n\t\t\t\t\t\t\tdata-src=\"https:\/\/www.ferienwohnungen-garmischpartenkirchen.de\/wp-content\/uploads\/2026\/04\/mf27059241-768x512.jpg\"\n\t\t\t\t\t\t\talt=\"\"\n\t\t\t\t\t\t\tloading=\"lazy\"\n\t\t\t\t\t\t\tdecoding=\"async\">\n\t\t\t\t\t\t<!-- <li>\n\t\t\t\t\t\t\t<img decoding=\"async\" class=\"lazy\" src=\"\" data-src=\"\" alt=\"\" loading=\"lazy\"\/>\n\t\t\t\t\t\t<\/li> -->\n\t\t\t\t\t\t<!-- <div class=\"swiper-lazy-preloader\"><\/div> -->\n\t\t\t\t\t\t\t\t\t\t<li>\n\t\t\t\t\t\t<img\n\t\t\t\t\t\t\tclass=\"lazy\"\n\t\t\t\t\t\t\tsrc=\"\"\n\t\t\t\t\t\t\tdata-src=\"https:\/\/www.ferienwohnungen-garmischpartenkirchen.de\/wp-content\/uploads\/2025\/01\/mf20134706-768x512.jpg\"\n\t\t\t\t\t\t\talt=\"\"\n\t\t\t\t\t\t\tloading=\"lazy\"\n\t\t\t\t\t\t\tdecoding=\"async\">\n\t\t\t\t\t\t<!-- <li>\n\t\t\t\t\t\t\t<img decoding=\"async\" class=\"lazy\" src=\"\" data-src=\"\" alt=\"\" loading=\"lazy\"\/>\n\t\t\t\t\t\t<\/li> -->\n\t\t\t\t\t\t<!-- <div class=\"swiper-lazy-preloader\"><\/div> -->\n\t\t\t\t\t\t\t\t\t\t<li>\n\t\t\t\t\t\t<img\n\t\t\t\t\t\t\tclass=\"lazy\"\n\t\t\t\t\t\t\tsrc=\"\"\n\t\t\t\t\t\t\tdata-src=\"https:\/\/www.ferienwohnungen-garmischpartenkirchen.de\/wp-content\/uploads\/2026\/04\/mf27059249-768x512.jpg\"\n\t\t\t\t\t\t\talt=\"\"\n\t\t\t\t\t\t\tloading=\"lazy\"\n\t\t\t\t\t\t\tdecoding=\"async\">\n\t\t\t\t\t\t<!-- <li>\n\t\t\t\t\t\t\t<img decoding=\"async\" class=\"lazy\" src=\"\" data-src=\"\" alt=\"\" loading=\"lazy\"\/>\n\t\t\t\t\t\t<\/li> -->\n\t\t\t\t\t\t<!-- <div class=\"swiper-lazy-preloader\"><\/div> -->\n\t\t\t\t\t\t\t\t<\/ul>\n\t\t<\/div>\n\t\n\t<div class=\"info-wrapper\">\n\t\t<div class=\"info-body\">\n\t\t\t<!-- <span class=\"favouritebtn\"> <\/span> -->\n\t\t\t<div class=\"flex heading-wrapper\">\n\t\t\t\t<h4 class=\"unit-title\"><span><a href=\"https:\/\/www.ferienwohnungen-garmischpartenkirchen.de\/de\/unterkuenfte\/alpengluehen\/\">Alpengl\u00fchen<\/a><\/span><\/h4>\n\t\t\t\t<div class=\"wrap-classification\">\n\t\t\t\t\t<p class=\"unit-region\">\n\t\t\t\t\t\tGrainau\t\t\t\t\t<\/p>\n\t\t\t\t<\/div>\n\t\t\t<\/div>\n\t\t\t<div class=\"details-wrapper\">\n\t\t\t\t<ul>\n\t\t\t\t\t<li><span class=\"wrap-value\">2 G\u00e4ste<\/span><\/li>\n\t\t\t\t\t<span class=\"saperator\"><\/span>\n\t\t\t\t\t<li><span class=\"wrap-value\">1 Schlafzimmer<\/span><\/li>\n\t\t\t\t\t<span class=\"saperator\"><\/span>\n\t\t\t\t\t<li>\n\t\t\t\t\t\t<span class=\"price\" data-price=\"5900\">59,00<\/span> <span class=\"currency\">&euro;<\/span> \t\t\t\t\t<\/li>\n\t\t\t\t<\/ul>\n\t\t\t<\/div>\n\t\t<\/div>\n\t<\/div>\n<\/div><\/div><\/div><\/div><\/div><div class=\"swiper-button-prev\"><\/div><div class=\"swiper-button-next\"><\/div><\/div><\/div>\n\t\t\t\t\t\t<\/div>\n\t\t\t\t<\/div>\n\t\t\t\t\t<\/div>\n\t\t\t\t<\/div>\n\t\t\t\t<\/div>\n\t\t\t\t<\/div>\n\t\t\t\t<\/div>\n\t\t\t\t\t\t<\/div>\n\t\t\t\t<\/div>\n\t\t\t\t<\/div>\n\t\t\t\t<\/div>\n\t\t","protected":false},"excerpt":{"rendered":"<p>Kletterwald in Garmisch-Partenkirchen Lage des Kletterwaldes Abenteuer, Nervenkitzel und Erholung f\u00fcr Gro\u00df und Klein: der Kletterwald in Garmisch-Partenkirchen befindet sich direkt oberhalb der Talstation Wankbahn und geh\u00f6rt inzwischen zu den gr\u00f6\u00dften Freizeitattraktionen des bekannten Wintersportortes. Die genaue Anschrift ist Wankbahnstra\u00dfe 3, 82467 Garmisch-Partenkirchen Geschichte des Kletterwaldes Er\u00f6ffnet im September 2007, hat sich das 1,5 Hektar [&hellip;]<\/p>\n","protected":false},"author":1,"featured_media":4559,"parent":4460,"menu_order":0,"comment_status":"closed","ping_status":"closed","template":"","meta":{"_acf_changed":false,"footnotes":""},"seitenarte":[17],"class_list":["post-4558","page","type-page","status-publish","has-post-thumbnail","hentry","seitenarte-sehenswuerdigkeiten_item"],"acf":[],"yoast_head":"<!-- This site is optimized with the Yoast SEO plugin v26.6 - https:\/\/yoast.com\/wordpress\/plugins\/seo\/ -->\n<title>Der Kletterwald in Garmisch-Partenkirchen - Mahr GmbH<\/title>\n<meta name=\"description\" content=\"Der Kletterwald in Garmisch-Partenkirchen h\u00e4lt f\u00fcr jeden etwas bereit. Hier finden Sie weitere Informationen.\" \/>\n<meta name=\"robots\" content=\"index, follow, max-snippet:-1, max-image-preview:large, max-video-preview:-1\" \/>\n<link rel=\"canonical\" href=\"https:\/\/www.ferienwohnungen-garmischpartenkirchen.de\/de\/sehenswuerdigkeiten\/der-kletterwald-in-garmisch-partenkirchen\/\" \/>\n<meta property=\"og:locale\" content=\"de_DE\" \/>\n<meta property=\"og:type\" content=\"article\" \/>\n<meta property=\"og:title\" content=\"Der Kletterwald in Garmisch-Partenkirchen - Mahr GmbH\" \/>\n<meta property=\"og:description\" content=\"Der Kletterwald in Garmisch-Partenkirchen h\u00e4lt f\u00fcr jeden etwas bereit. Hier finden Sie weitere Informationen.\" \/>\n<meta property=\"og:url\" content=\"https:\/\/www.ferienwohnungen-garmischpartenkirchen.de\/de\/sehenswuerdigkeiten\/der-kletterwald-in-garmisch-partenkirchen\/\" \/>\n<meta property=\"og:site_name\" content=\"Mahr GmbH\" \/>\n<meta property=\"article:modified_time\" content=\"2024-08-01T12:17:58+00:00\" \/>\n<meta property=\"og:image\" content=\"https:\/\/www.ferienwohnungen-garmischpartenkirchen.de\/wp-content\/uploads\/2024\/06\/Kletterwald-1.jpg\" \/>\n\t<meta property=\"og:image:width\" content=\"550\" \/>\n\t<meta property=\"og:image:height\" content=\"250\" \/>\n\t<meta property=\"og:image:type\" content=\"image\/jpeg\" \/>\n<meta name=\"twitter:card\" content=\"summary_large_image\" \/>\n<meta name=\"twitter:label1\" content=\"Gesch\u00e4tzte Lesezeit\" \/>\n\t<meta name=\"twitter:data1\" content=\"2\u00a0Minuten\" \/>\n<script type=\"application\/ld+json\" class=\"yoast-schema-graph\">{\"@context\":\"https:\/\/schema.org\",\"@graph\":[{\"@type\":\"WebPage\",\"@id\":\"https:\/\/www.ferienwohnungen-garmischpartenkirchen.de\/de\/sehenswuerdigkeiten\/der-kletterwald-in-garmisch-partenkirchen\/\",\"url\":\"https:\/\/www.ferienwohnungen-garmischpartenkirchen.de\/de\/sehenswuerdigkeiten\/der-kletterwald-in-garmisch-partenkirchen\/\",\"name\":\"Der Kletterwald in Garmisch-Partenkirchen - Mahr GmbH\",\"isPartOf\":{\"@id\":\"https:\/\/www.ferienwohnungen-garmischpartenkirchen.de\/de\/#website\"},\"primaryImageOfPage\":{\"@id\":\"https:\/\/www.ferienwohnungen-garmischpartenkirchen.de\/de\/sehenswuerdigkeiten\/der-kletterwald-in-garmisch-partenkirchen\/#primaryimage\"},\"image\":{\"@id\":\"https:\/\/www.ferienwohnungen-garmischpartenkirchen.de\/de\/sehenswuerdigkeiten\/der-kletterwald-in-garmisch-partenkirchen\/#primaryimage\"},\"thumbnailUrl\":\"https:\/\/www.ferienwohnungen-garmischpartenkirchen.de\/wp-content\/uploads\/2024\/06\/Kletterwald-1.jpg\",\"datePublished\":\"2024-06-17T12:22:21+00:00\",\"dateModified\":\"2024-08-01T12:17:58+00:00\",\"description\":\"Der Kletterwald in Garmisch-Partenkirchen h\u00e4lt f\u00fcr jeden etwas bereit. Hier finden Sie weitere Informationen.\",\"breadcrumb\":{\"@id\":\"https:\/\/www.ferienwohnungen-garmischpartenkirchen.de\/de\/sehenswuerdigkeiten\/der-kletterwald-in-garmisch-partenkirchen\/#breadcrumb\"},\"inLanguage\":\"de\",\"potentialAction\":[{\"@type\":\"ReadAction\",\"target\":[\"https:\/\/www.ferienwohnungen-garmischpartenkirchen.de\/de\/sehenswuerdigkeiten\/der-kletterwald-in-garmisch-partenkirchen\/\"]}]},{\"@type\":\"ImageObject\",\"inLanguage\":\"de\",\"@id\":\"https:\/\/www.ferienwohnungen-garmischpartenkirchen.de\/de\/sehenswuerdigkeiten\/der-kletterwald-in-garmisch-partenkirchen\/#primaryimage\",\"url\":\"https:\/\/www.ferienwohnungen-garmischpartenkirchen.de\/wp-content\/uploads\/2024\/06\/Kletterwald-1.jpg\",\"contentUrl\":\"https:\/\/www.ferienwohnungen-garmischpartenkirchen.de\/wp-content\/uploads\/2024\/06\/Kletterwald-1.jpg\",\"width\":550,\"height\":250,\"caption\":\"Der Kletterwald in Garmisch-Partenkirchen\"},{\"@type\":\"BreadcrumbList\",\"@id\":\"https:\/\/www.ferienwohnungen-garmischpartenkirchen.de\/de\/sehenswuerdigkeiten\/der-kletterwald-in-garmisch-partenkirchen\/#breadcrumb\",\"itemListElement\":[{\"@type\":\"ListItem\",\"position\":1,\"name\":\"Startseite\",\"item\":\"https:\/\/www.ferienwohnungen-garmischpartenkirchen.de\/de\/\"},{\"@type\":\"ListItem\",\"position\":2,\"name\":\"Sehensw\u00fcrdigkeiten\",\"item\":\"https:\/\/www.ferienwohnungen-garmischpartenkirchen.de\/de\/sehenswuerdigkeiten\/\"},{\"@type\":\"ListItem\",\"position\":3,\"name\":\"Der Kletterwald in Garmisch-Partenkirchen\"}]},{\"@type\":\"WebSite\",\"@id\":\"https:\/\/www.ferienwohnungen-garmischpartenkirchen.de\/de\/#website\",\"url\":\"https:\/\/www.ferienwohnungen-garmischpartenkirchen.de\/de\/\",\"name\":\"Mahr GmbH\",\"description\":\"\",\"publisher\":{\"@id\":\"https:\/\/www.ferienwohnungen-garmischpartenkirchen.de\/de\/#organization\"},\"potentialAction\":[{\"@type\":\"SearchAction\",\"target\":{\"@type\":\"EntryPoint\",\"urlTemplate\":\"https:\/\/www.ferienwohnungen-garmischpartenkirchen.de\/de\/?s={search_term_string}\"},\"query-input\":{\"@type\":\"PropertyValueSpecification\",\"valueRequired\":true,\"valueName\":\"search_term_string\"}}],\"inLanguage\":\"de\"},{\"@type\":\"Organization\",\"@id\":\"https:\/\/www.ferienwohnungen-garmischpartenkirchen.de\/de\/#organization\",\"name\":\"Mahr GmbH\",\"url\":\"https:\/\/www.ferienwohnungen-garmischpartenkirchen.de\/de\/\",\"logo\":{\"@type\":\"ImageObject\",\"inLanguage\":\"de\",\"@id\":\"https:\/\/www.ferienwohnungen-garmischpartenkirchen.de\/de\/#\/schema\/logo\/image\/\",\"url\":\"https:\/\/www.ferienwohnungen-garmischpartenkirchen.de\/wp-content\/uploads\/2024\/06\/Wortbildmarke_Negativ-1024x253-1.png\",\"contentUrl\":\"https:\/\/www.ferienwohnungen-garmischpartenkirchen.de\/wp-content\/uploads\/2024\/06\/Wortbildmarke_Negativ-1024x253-1.png\",\"width\":1024,\"height\":253,\"caption\":\"Mahr GmbH\"},\"image\":{\"@id\":\"https:\/\/www.ferienwohnungen-garmischpartenkirchen.de\/de\/#\/schema\/logo\/image\/\"}}]}<\/script>\n<!-- \/ Yoast SEO plugin. -->","yoast_head_json":{"title":"Der Kletterwald in Garmisch-Partenkirchen - Mahr GmbH","description":"Der Kletterwald in Garmisch-Partenkirchen h\u00e4lt f\u00fcr jeden etwas bereit. Hier finden Sie weitere Informationen.","robots":{"index":"index","follow":"follow","max-snippet":"max-snippet:-1","max-image-preview":"max-image-preview:large","max-video-preview":"max-video-preview:-1"},"canonical":"https:\/\/www.ferienwohnungen-garmischpartenkirchen.de\/de\/sehenswuerdigkeiten\/der-kletterwald-in-garmisch-partenkirchen\/","og_locale":"de_DE","og_type":"article","og_title":"Der Kletterwald in Garmisch-Partenkirchen - Mahr GmbH","og_description":"Der Kletterwald in Garmisch-Partenkirchen h\u00e4lt f\u00fcr jeden etwas bereit. Hier finden Sie weitere Informationen.","og_url":"https:\/\/www.ferienwohnungen-garmischpartenkirchen.de\/de\/sehenswuerdigkeiten\/der-kletterwald-in-garmisch-partenkirchen\/","og_site_name":"Mahr GmbH","article_modified_time":"2024-08-01T12:17:58+00:00","og_image":[{"width":550,"height":250,"url":"https:\/\/www.ferienwohnungen-garmischpartenkirchen.de\/wp-content\/uploads\/2024\/06\/Kletterwald-1.jpg","type":"image\/jpeg"}],"twitter_card":"summary_large_image","twitter_misc":{"Gesch\u00e4tzte Lesezeit":"2\u00a0Minuten"},"schema":{"@context":"https:\/\/schema.org","@graph":[{"@type":"WebPage","@id":"https:\/\/www.ferienwohnungen-garmischpartenkirchen.de\/de\/sehenswuerdigkeiten\/der-kletterwald-in-garmisch-partenkirchen\/","url":"https:\/\/www.ferienwohnungen-garmischpartenkirchen.de\/de\/sehenswuerdigkeiten\/der-kletterwald-in-garmisch-partenkirchen\/","name":"Der Kletterwald in Garmisch-Partenkirchen - Mahr GmbH","isPartOf":{"@id":"https:\/\/www.ferienwohnungen-garmischpartenkirchen.de\/de\/#website"},"primaryImageOfPage":{"@id":"https:\/\/www.ferienwohnungen-garmischpartenkirchen.de\/de\/sehenswuerdigkeiten\/der-kletterwald-in-garmisch-partenkirchen\/#primaryimage"},"image":{"@id":"https:\/\/www.ferienwohnungen-garmischpartenkirchen.de\/de\/sehenswuerdigkeiten\/der-kletterwald-in-garmisch-partenkirchen\/#primaryimage"},"thumbnailUrl":"https:\/\/www.ferienwohnungen-garmischpartenkirchen.de\/wp-content\/uploads\/2024\/06\/Kletterwald-1.jpg","datePublished":"2024-06-17T12:22:21+00:00","dateModified":"2024-08-01T12:17:58+00:00","description":"Der Kletterwald in Garmisch-Partenkirchen h\u00e4lt f\u00fcr jeden etwas bereit. Hier finden Sie weitere Informationen.","breadcrumb":{"@id":"https:\/\/www.ferienwohnungen-garmischpartenkirchen.de\/de\/sehenswuerdigkeiten\/der-kletterwald-in-garmisch-partenkirchen\/#breadcrumb"},"inLanguage":"de","potentialAction":[{"@type":"ReadAction","target":["https:\/\/www.ferienwohnungen-garmischpartenkirchen.de\/de\/sehenswuerdigkeiten\/der-kletterwald-in-garmisch-partenkirchen\/"]}]},{"@type":"ImageObject","inLanguage":"de","@id":"https:\/\/www.ferienwohnungen-garmischpartenkirchen.de\/de\/sehenswuerdigkeiten\/der-kletterwald-in-garmisch-partenkirchen\/#primaryimage","url":"https:\/\/www.ferienwohnungen-garmischpartenkirchen.de\/wp-content\/uploads\/2024\/06\/Kletterwald-1.jpg","contentUrl":"https:\/\/www.ferienwohnungen-garmischpartenkirchen.de\/wp-content\/uploads\/2024\/06\/Kletterwald-1.jpg","width":550,"height":250,"caption":"Der Kletterwald in Garmisch-Partenkirchen"},{"@type":"BreadcrumbList","@id":"https:\/\/www.ferienwohnungen-garmischpartenkirchen.de\/de\/sehenswuerdigkeiten\/der-kletterwald-in-garmisch-partenkirchen\/#breadcrumb","itemListElement":[{"@type":"ListItem","position":1,"name":"Startseite","item":"https:\/\/www.ferienwohnungen-garmischpartenkirchen.de\/de\/"},{"@type":"ListItem","position":2,"name":"Sehensw\u00fcrdigkeiten","item":"https:\/\/www.ferienwohnungen-garmischpartenkirchen.de\/de\/sehenswuerdigkeiten\/"},{"@type":"ListItem","position":3,"name":"Der Kletterwald in Garmisch-Partenkirchen"}]},{"@type":"WebSite","@id":"https:\/\/www.ferienwohnungen-garmischpartenkirchen.de\/de\/#website","url":"https:\/\/www.ferienwohnungen-garmischpartenkirchen.de\/de\/","name":"Mahr GmbH","description":"","publisher":{"@id":"https:\/\/www.ferienwohnungen-garmischpartenkirchen.de\/de\/#organization"},"potentialAction":[{"@type":"SearchAction","target":{"@type":"EntryPoint","urlTemplate":"https:\/\/www.ferienwohnungen-garmischpartenkirchen.de\/de\/?s={search_term_string}"},"query-input":{"@type":"PropertyValueSpecification","valueRequired":true,"valueName":"search_term_string"}}],"inLanguage":"de"},{"@type":"Organization","@id":"https:\/\/www.ferienwohnungen-garmischpartenkirchen.de\/de\/#organization","name":"Mahr GmbH","url":"https:\/\/www.ferienwohnungen-garmischpartenkirchen.de\/de\/","logo":{"@type":"ImageObject","inLanguage":"de","@id":"https:\/\/www.ferienwohnungen-garmischpartenkirchen.de\/de\/#\/schema\/logo\/image\/","url":"https:\/\/www.ferienwohnungen-garmischpartenkirchen.de\/wp-content\/uploads\/2024\/06\/Wortbildmarke_Negativ-1024x253-1.png","contentUrl":"https:\/\/www.ferienwohnungen-garmischpartenkirchen.de\/wp-content\/uploads\/2024\/06\/Wortbildmarke_Negativ-1024x253-1.png","width":1024,"height":253,"caption":"Mahr GmbH"},"image":{"@id":"https:\/\/www.ferienwohnungen-garmischpartenkirchen.de\/de\/#\/schema\/logo\/image\/"}}]}},"_links":{"self":[{"href":"https:\/\/www.ferienwohnungen-garmischpartenkirchen.de\/de\/wp-json\/wp\/v2\/pages\/4558","targetHints":{"allow":["GET"]}}],"collection":[{"href":"https:\/\/www.ferienwohnungen-garmischpartenkirchen.de\/de\/wp-json\/wp\/v2\/pages"}],"about":[{"href":"https:\/\/www.ferienwohnungen-garmischpartenkirchen.de\/de\/wp-json\/wp\/v2\/types\/page"}],"author":[{"embeddable":true,"href":"https:\/\/www.ferienwohnungen-garmischpartenkirchen.de\/de\/wp-json\/wp\/v2\/users\/1"}],"replies":[{"embeddable":true,"href":"https:\/\/www.ferienwohnungen-garmischpartenkirchen.de\/de\/wp-json\/wp\/v2\/comments?post=4558"}],"version-history":[{"count":47,"href":"https:\/\/www.ferienwohnungen-garmischpartenkirchen.de\/de\/wp-json\/wp\/v2\/pages\/4558\/revisions"}],"predecessor-version":[{"id":9953,"href":"https:\/\/www.ferienwohnungen-garmischpartenkirchen.de\/de\/wp-json\/wp\/v2\/pages\/4558\/revisions\/9953"}],"up":[{"embeddable":true,"href":"https:\/\/www.ferienwohnungen-garmischpartenkirchen.de\/de\/wp-json\/wp\/v2\/pages\/4460"}],"wp:featuredmedia":[{"embeddable":true,"href":"https:\/\/www.ferienwohnungen-garmischpartenkirchen.de\/de\/wp-json\/wp\/v2\/media\/4559"}],"wp:attachment":[{"href":"https:\/\/www.ferienwohnungen-garmischpartenkirchen.de\/de\/wp-json\/wp\/v2\/media?parent=4558"}],"wp:term":[{"taxonomy":"seitenarte","embeddable":true,"href":"https:\/\/www.ferienwohnungen-garmischpartenkirchen.de\/de\/wp-json\/wp\/v2\/seitenarte?post=4558"}],"curies":[{"name":"wp","href":"https:\/\/api.w.org\/{rel}","templated":true}]}}