{"id":4607,"date":"2024-06-17T14:47:49","date_gmt":"2024-06-17T12:47:49","guid":{"rendered":"https:\/\/www.ferienwohnungen-garmischpartenkirchen.de\/?page_id=4607"},"modified":"2024-07-31T12:20:07","modified_gmt":"2024-07-31T10:20:07","slug":"die-farchanter-alm-mit-blick-auf-die-zugspitze","status":"publish","type":"page","link":"https:\/\/www.ferienwohnungen-garmischpartenkirchen.de\/de\/sehenswuerdigkeiten\/die-farchanter-alm-mit-blick-auf-die-zugspitze\/","title":{"rendered":"Die Farchanter Alm mit Blick auf die Zugspitze"},"content":{"rendered":"\t\t<div data-elementor-type=\"wp-page\" data-elementor-id=\"4607\" class=\"elementor elementor-4607\" data-elementor-post-type=\"page\">\n\t\t\t\t<div class=\"elementor-element elementor-element-214b8b8 e-con-full e-flex e-con e-parent\" data-id=\"214b8b8\" data-element_type=\"container\">\n\t\t\t\t<div class=\"elementor-element elementor-element-2514205 elementor-widget elementor-widget-template\" data-id=\"2514205\" data-element_type=\"widget\" data-widget_type=\"template.default\">\n\t\t\t\t<div class=\"elementor-widget-container\">\n\t\t\t\t\t\t\t<div class=\"elementor-template\">\n\t\t\t\t\t<div data-elementor-type=\"container\" data-elementor-id=\"70\" class=\"elementor elementor-70\" data-elementor-post-type=\"elementor_library\">\n\t\t\t\t<div class=\"elementor-element elementor-element-1a03abe3 e-flex e-con-boxed e-con e-parent\" data-id=\"1a03abe3\" data-element_type=\"container\" data-settings=\"{&quot;background_background&quot;:&quot;classic&quot;}\">\n\t\t\t\t\t<div class=\"e-con-inner\">\n\t\t\t\t\t<\/div>\n\t\t\t\t<\/div>\n\t\t\t\t<\/div>\n\t\t\t\t<\/div>\n\t\t\t\t\t\t<\/div>\n\t\t\t\t<\/div>\n\t\t\t\t<\/div>\n\t\t<div class=\"elementor-element elementor-element-2864fcb e-flex e-con-boxed e-con e-parent\" data-id=\"2864fcb\" data-element_type=\"container\">\n\t\t\t\t\t<div class=\"e-con-inner\">\n\t\t\t\t<div class=\"elementor-element elementor-element-c390b6a elementor-widget__width-auto elementor-widget-mobile__width-inherit elementor-widget elementor-widget-heading\" data-id=\"c390b6a\" data-element_type=\"widget\" data-widget_type=\"heading.default\">\n\t\t\t\t<div class=\"elementor-widget-container\">\n\t\t\t\t\t<h2 class=\"elementor-heading-title elementor-size-default\"><p class=\"beon_heading\">Farchanter Alm\n <\/p>\n<span class=\"beon_subheading_h2\">\n in Garmisch-Partenkirchen\n<\/span><\/h2>\t\t\t\t<\/div>\n\t\t\t\t<\/div>\n\t\t\t\t<div class=\"elementor-element elementor-element-851e1c8 elementor-widget__width-initial elementor-widget-mobile__width-inherit elementor-widget elementor-widget-text-editor\" data-id=\"851e1c8\" data-element_type=\"widget\" data-widget_type=\"text-editor.default\">\n\t\t\t\t<div class=\"elementor-widget-container\">\n\t\t\t\t\t\t\t\t\t<div class=\"sp\"><div class=\"inspectLayerContent block inspectRow\"><div class=\"content\"><p>Die Farchanter Alm ist im Sommer und im Winter ein lohnendes Ausflugsziel, nicht nur wegen des sch\u00f6nen Blicks auf das Wettersteingebirge mit Alpspitze und Zugspitze. Im Sommer k\u00f6nnen sich hier Radwanderer und Mountainbiker wohl f\u00fchlen, im Winter gibt es eine Rodelbahn und eine Langlaufloipe, sowie die M\u00f6glichkeit zum Eisstockschie\u00dfen und Eislaufen. Auch ein Skilift ist in unmittelbarer N\u00e4he, au\u00dferdem ein Golfplatz in drei Kilometern Entfernung.<\/p><p class=\"redirect-btn\"><a class=\"weiterlesen-btn2\" title=\" \" href=\"http:\/\/www.farchanter-alm.de\/\" target=\"_blank\" rel=\"noopener\">Webseite<\/a><br \/><a class=\"weiterlesen-btn2\" title=\" \" href=\"http:\/\/goo.gl\/maps\/X8ERK\" target=\"_blank\" rel=\"noopener\">Kartenansicht<\/a><\/p><\/div><\/div><\/div>\t\t\t\t\t\t\t\t<\/div>\n\t\t\t\t<\/div>\n\t\t\t\t\t<\/div>\n\t\t\t\t<\/div>\n\t\t<div class=\"elementor-element elementor-element-5a12631 e-flex e-con-boxed e-con e-parent\" data-id=\"5a12631\" data-element_type=\"container\">\n\t\t\t\t\t<div class=\"e-con-inner\">\n\t\t\t\t<div class=\"elementor-element elementor-element-dde5d40 elementor-widget elementor-widget-template\" data-id=\"dde5d40\" data-element_type=\"widget\" data-widget_type=\"template.default\">\n\t\t\t\t<div class=\"elementor-widget-container\">\n\t\t\t\t\t\t\t<div class=\"elementor-template\">\n\t\t\t\t\t<div data-elementor-type=\"container\" data-elementor-id=\"8977\" class=\"elementor elementor-8977\" data-elementor-post-type=\"elementor_library\">\n\t\t\t\t<div class=\"elementor-element elementor-element-b681446 e-flex e-con-boxed e-con e-parent\" data-id=\"b681446\" data-element_type=\"container\">\n\t\t\t\t\t<div class=\"e-con-inner\">\n\t\t\t\t<div class=\"elementor-element elementor-element-5cacb96 elementor-arrows-position-outside elementor-widget elementor-widget-image-carousel\" data-id=\"5cacb96\" data-element_type=\"widget\" data-settings=\"{&quot;navigation&quot;:&quot;arrows&quot;,&quot;slides_to_scroll_widescreen&quot;:&quot;1&quot;,&quot;autoplay&quot;:&quot;yes&quot;,&quot;pause_on_hover&quot;:&quot;yes&quot;,&quot;pause_on_interaction&quot;:&quot;yes&quot;,&quot;autoplay_speed&quot;:5000,&quot;infinite&quot;:&quot;yes&quot;,&quot;speed&quot;:500}\" data-widget_type=\"image-carousel.default\">\n\t\t\t\t<div class=\"elementor-widget-container\">\n\t\t\t\t\t\t\t<div class=\"elementor-image-carousel-wrapper swiper\" role=\"region\" aria-roledescription=\"carousel\" aria-label=\"Bild Karussell\" dir=\"ltr\">\n\t\t\t<div class=\"elementor-image-carousel swiper-wrapper\" aria-live=\"off\">\n\t\t\t\t\t\t\t\t<div class=\"swiper-slide\" role=\"group\" aria-roledescription=\"slide\" aria-label=\"1 von 1\"><figure class=\"swiper-slide-inner\"><img decoding=\"async\" class=\"swiper-slide-image\" src=\"https:\/\/www.ferienwohnungen-garmischpartenkirchen.de\/wp-content\/uploads\/elementor\/thumbs\/Farchanter-Alm-img-qqicabry4s2tjgkrjbsks4ycqngph70gk3a10sre5c.jpg\" alt=\"Die Farchanter Alm mit Blick auf die Zugspitze\" \/><\/figure><\/div>\t\t\t<\/div>\n\t\t\t\t\t<\/div>\n\t\t\t\t\t\t<\/div>\n\t\t\t\t<\/div>\n\t\t\t\t\t<\/div>\n\t\t\t\t<\/div>\n\t\t\t\t<\/div>\n\t\t\t\t<\/div>\n\t\t\t\t\t\t<\/div>\n\t\t\t\t<\/div>\n\t\t\t\t\t<\/div>\n\t\t\t\t<\/div>\n\t\t<div class=\"elementor-element elementor-element-7f4b4ff e-con-full e-flex e-con e-parent\" data-id=\"7f4b4ff\" data-element_type=\"container\" data-settings=\"{&quot;background_background&quot;:&quot;classic&quot;}\">\n\t\t\t\t<div class=\"elementor-element elementor-element-c9abc7e elementor-widget elementor-widget-template\" data-id=\"c9abc7e\" data-element_type=\"widget\" data-widget_type=\"template.default\">\n\t\t\t\t<div class=\"elementor-widget-container\">\n\t\t\t\t\t\t\t<div class=\"elementor-template\">\n\t\t\t\t\t<div data-elementor-type=\"container\" data-elementor-id=\"6735\" class=\"elementor elementor-6735\" data-elementor-post-type=\"elementor_library\">\n\t\t\t\t<div class=\"elementor-element elementor-element-6fb438b e-con-full e-flex e-con e-parent\" data-id=\"6fb438b\" data-element_type=\"container\" data-settings=\"{&quot;background_background&quot;:&quot;classic&quot;}\">\n\t\t<div class=\"elementor-element elementor-element-c30cb13 e-flex e-con-boxed e-con e-child\" data-id=\"c30cb13\" data-element_type=\"container\">\n\t\t\t\t\t<div class=\"e-con-inner\">\n\t\t\t\t<div class=\"elementor-element elementor-element-6d3bb38 elementor-widget elementor-widget-spacer\" data-id=\"6d3bb38\" data-element_type=\"widget\" data-widget_type=\"spacer.default\">\n\t\t\t\t<div class=\"elementor-widget-container\">\n\t\t\t\t\t\t\t<div class=\"elementor-spacer\">\n\t\t\t<div class=\"elementor-spacer-inner\"><\/div>\n\t\t<\/div>\n\t\t\t\t\t\t<\/div>\n\t\t\t\t<\/div>\n\t\t\t\t<div class=\"elementor-element elementor-element-05e4bc1 title-icon2 elementor-widget elementor-widget-heading\" data-id=\"05e4bc1\" data-element_type=\"widget\" data-widget_type=\"heading.default\">\n\t\t\t\t<div class=\"elementor-widget-container\">\n\t\t\t\t\t<h2 class=\"elementor-heading-title elementor-size-default\">Entdecken<br> <span class=\"beon_subheading_h2\">Sie unsere Wohnungen<\/span><\/h2>\t\t\t\t<\/div>\n\t\t\t\t<\/div>\n\t\t\t\t<div class=\"elementor-element elementor-element-47bf38d elementor-widget__width-initial elementor-widget-mobile__width-inherit elementor-widget elementor-widget-text-editor\" data-id=\"47bf38d\" data-element_type=\"widget\" data-widget_type=\"text-editor.default\">\n\t\t\t\t<div class=\"elementor-widget-container\">\n\t\t\t\t\t\t\t\t\t<div class=\"sp\"><div class=\"inspectLayerContent block inspectRow\"><div class=\"content\"><p>Profitieren Sie von besten Bedingungen bei der Buchung und bei Ihrem Aufenthalt. Genie\u00dfen Sie umfassenden Service und hochwertige Unterk\u00fcnfte.<\/p><\/div><\/div><\/div>\t\t\t\t\t\t\t\t<\/div>\n\t\t\t\t<\/div>\n\t\t\t\t\t<\/div>\n\t\t\t\t<\/div>\n\t\t<div class=\"elementor-element elementor-element-b0d6837 e-flex e-con-boxed e-con e-child\" data-id=\"b0d6837\" data-element_type=\"container\">\n\t\t\t\t\t<div class=\"e-con-inner\">\n\t\t\t\t<div class=\"elementor-element elementor-element-6e6f1b3 elementor-widget elementor-widget-shortcode\" data-id=\"6e6f1b3\" data-element_type=\"widget\" data-widget_type=\"shortcode.default\">\n\t\t\t\t<div class=\"elementor-widget-container\">\n\t\t\t\t\t\t\t<div class=\"elementor-shortcode\"><div class=\"unitslider-wrapper\"><div class=\"swiper beon-unit-slider\"><div class=\"swiper-wrapper\"><div class=\"swiper-slide\"><div class=\"swiperlisting\"><div class=\"\">\n\t\t\t<div id=\"slider\" class=\"flexslider\">\n\t\t\t<ul class=\"slides\">\n\t\t\t\t\t\t\t\t\t<li>\n\t\t\t\t\t\t<img\n\t\t\t\t\t\t\tclass=\"lazy\"\n\t\t\t\t\t\t\tsrc=\"\"\n\t\t\t\t\t\t\tdata-src=\"https:\/\/www.ferienwohnungen-garmischpartenkirchen.de\/wp-content\/uploads\/2025\/12\/mf25273675-768x512.jpg\"\n\t\t\t\t\t\t\talt=\"\"\n\t\t\t\t\t\t\tloading=\"lazy\"\n\t\t\t\t\t\t\tdecoding=\"async\">\n\t\t\t\t\t\t<!-- <li>\n\t\t\t\t\t\t\t<img decoding=\"async\" class=\"lazy\" src=\"\" data-src=\"\" alt=\"\" loading=\"lazy\"\/>\n\t\t\t\t\t\t<\/li> -->\n\t\t\t\t\t\t<!-- <div class=\"swiper-lazy-preloader\"><\/div> -->\n\t\t\t\t\t\t\t\t\t\t<li>\n\t\t\t\t\t\t<img\n\t\t\t\t\t\t\tclass=\"lazy\"\n\t\t\t\t\t\t\tsrc=\"\"\n\t\t\t\t\t\t\tdata-src=\"https:\/\/www.ferienwohnungen-garmischpartenkirchen.de\/wp-content\/uploads\/2025\/12\/mf25273687-768x512.jpg\"\n\t\t\t\t\t\t\talt=\"\"\n\t\t\t\t\t\t\tloading=\"lazy\"\n\t\t\t\t\t\t\tdecoding=\"async\">\n\t\t\t\t\t\t<!-- <li>\n\t\t\t\t\t\t\t<img decoding=\"async\" class=\"lazy\" src=\"\" data-src=\"\" alt=\"\" loading=\"lazy\"\/>\n\t\t\t\t\t\t<\/li> -->\n\t\t\t\t\t\t<!-- <div class=\"swiper-lazy-preloader\"><\/div> -->\n\t\t\t\t\t\t\t\t\t\t<li>\n\t\t\t\t\t\t<img\n\t\t\t\t\t\t\tclass=\"lazy\"\n\t\t\t\t\t\t\tsrc=\"\"\n\t\t\t\t\t\t\tdata-src=\"https:\/\/www.ferienwohnungen-garmischpartenkirchen.de\/wp-content\/uploads\/2025\/12\/mf25273686-768x512.jpg\"\n\t\t\t\t\t\t\talt=\"\"\n\t\t\t\t\t\t\tloading=\"lazy\"\n\t\t\t\t\t\t\tdecoding=\"async\">\n\t\t\t\t\t\t<!-- <li>\n\t\t\t\t\t\t\t<img decoding=\"async\" class=\"lazy\" src=\"\" data-src=\"\" alt=\"\" loading=\"lazy\"\/>\n\t\t\t\t\t\t<\/li> -->\n\t\t\t\t\t\t<!-- <div class=\"swiper-lazy-preloader\"><\/div> -->\n\t\t\t\t\t\t\t\t\t\t<li>\n\t\t\t\t\t\t<img\n\t\t\t\t\t\t\tclass=\"lazy\"\n\t\t\t\t\t\t\tsrc=\"\"\n\t\t\t\t\t\t\tdata-src=\"https:\/\/www.ferienwohnungen-garmischpartenkirchen.de\/wp-content\/uploads\/2025\/12\/mf25273692-768x512.jpg\"\n\t\t\t\t\t\t\talt=\"\"\n\t\t\t\t\t\t\tloading=\"lazy\"\n\t\t\t\t\t\t\tdecoding=\"async\">\n\t\t\t\t\t\t<!-- <li>\n\t\t\t\t\t\t\t<img decoding=\"async\" class=\"lazy\" src=\"\" data-src=\"\" alt=\"\" loading=\"lazy\"\/>\n\t\t\t\t\t\t<\/li> -->\n\t\t\t\t\t\t<!-- <div class=\"swiper-lazy-preloader\"><\/div> -->\n\t\t\t\t\t\t\t\t\t\t<li>\n\t\t\t\t\t\t<img\n\t\t\t\t\t\t\tclass=\"lazy\"\n\t\t\t\t\t\t\tsrc=\"\"\n\t\t\t\t\t\t\tdata-src=\"https:\/\/www.ferienwohnungen-garmischpartenkirchen.de\/wp-content\/uploads\/2025\/12\/mf25273706-768x512.jpg\"\n\t\t\t\t\t\t\talt=\"\"\n\t\t\t\t\t\t\tloading=\"lazy\"\n\t\t\t\t\t\t\tdecoding=\"async\">\n\t\t\t\t\t\t<!-- <li>\n\t\t\t\t\t\t\t<img decoding=\"async\" class=\"lazy\" src=\"\" data-src=\"\" alt=\"\" loading=\"lazy\"\/>\n\t\t\t\t\t\t<\/li> -->\n\t\t\t\t\t\t<!-- <div class=\"swiper-lazy-preloader\"><\/div> -->\n\t\t\t\t\t\t\t\t<\/ul>\n\t\t<\/div>\n\t\n\t<div class=\"info-wrapper\">\n\t\t<div class=\"info-body\">\n\t\t\t<!-- <span class=\"favouritebtn\"> <\/span> -->\n\t\t\t<div class=\"flex heading-wrapper\">\n\t\t\t\t<h4 class=\"unit-title\"><span><a href=\"https:\/\/www.ferienwohnungen-garmischpartenkirchen.de\/de\/unterkuenfte\/fruehlingserwachen\/\">Fr\u00fchlingserwachen<\/a><\/span><\/h4>\n\t\t\t\t<div class=\"wrap-classification\">\n\t\t\t\t\t<p class=\"unit-region\">\n\t\t\t\t\t\tFarchant\t\t\t\t\t<\/p>\n\t\t\t\t<\/div>\n\t\t\t<\/div>\n\t\t\t<div class=\"details-wrapper\">\n\t\t\t\t<ul>\n\t\t\t\t\t<li><span class=\"wrap-value\">2 G\u00e4ste<\/span><\/li>\n\t\t\t\t\t<span class=\"saperator\"><\/span>\n\t\t\t\t\t<li><span class=\"wrap-value\">1 Schlafzimmer<\/span><\/li>\n\t\t\t\t\t<span class=\"saperator\"><\/span>\n\t\t\t\t\t<li>\n\t\t\t\t\t\t<span class=\"price\" data-price=\"2900\">29,00<\/span> <span class=\"currency\">&euro;<\/span> \t\t\t\t\t<\/li>\n\t\t\t\t<\/ul>\n\t\t\t<\/div>\n\t\t<\/div>\n\t<\/div>\n<\/div><\/div><\/div><div class=\"swiper-slide\"><div class=\"swiperlisting\"><div class=\"\">\n\t\t\t<div id=\"slider\" class=\"flexslider\">\n\t\t\t<ul class=\"slides\">\n\t\t\t\t\t\t\t\t\t<li>\n\t\t\t\t\t\t<img\n\t\t\t\t\t\t\tclass=\"lazy\"\n\t\t\t\t\t\t\tsrc=\"\"\n\t\t\t\t\t\t\tdata-src=\"https:\/\/www.ferienwohnungen-garmischpartenkirchen.de\/wp-content\/uploads\/2024\/06\/mf3699324-768x512.jpg\"\n\t\t\t\t\t\t\talt=\"Sofa in rot und Garten in Ferienwohnung in Garmisch-Partenkirchen\"\n\t\t\t\t\t\t\tloading=\"lazy\"\n\t\t\t\t\t\t\tdecoding=\"async\">\n\t\t\t\t\t\t<!-- <li>\n\t\t\t\t\t\t\t<img decoding=\"async\" class=\"lazy\" src=\"\" data-src=\"\" alt=\"\" loading=\"lazy\"\/>\n\t\t\t\t\t\t<\/li> -->\n\t\t\t\t\t\t<!-- <div class=\"swiper-lazy-preloader\"><\/div> -->\n\t\t\t\t\t\t\t\t\t\t<li>\n\t\t\t\t\t\t<img\n\t\t\t\t\t\t\tclass=\"lazy\"\n\t\t\t\t\t\t\tsrc=\"\"\n\t\t\t\t\t\t\tdata-src=\"https:\/\/www.ferienwohnungen-garmischpartenkirchen.de\/wp-content\/uploads\/2024\/06\/mf3699332-768x512.jpg\"\n\t\t\t\t\t\t\talt=\"K\u00fcche mit bar Hockern in Ferienwohnung in Garmisch-Partenkirchen\"\n\t\t\t\t\t\t\tloading=\"lazy\"\n\t\t\t\t\t\t\tdecoding=\"async\">\n\t\t\t\t\t\t<!-- <li>\n\t\t\t\t\t\t\t<img decoding=\"async\" class=\"lazy\" src=\"\" data-src=\"\" alt=\"\" loading=\"lazy\"\/>\n\t\t\t\t\t\t<\/li> -->\n\t\t\t\t\t\t<!-- <div class=\"swiper-lazy-preloader\"><\/div> -->\n\t\t\t\t\t\t\t\t\t\t<li>\n\t\t\t\t\t\t<img\n\t\t\t\t\t\t\tclass=\"lazy\"\n\t\t\t\t\t\t\tsrc=\"\"\n\t\t\t\t\t\t\tdata-src=\"https:\/\/www.ferienwohnungen-garmischpartenkirchen.de\/wp-content\/uploads\/2024\/06\/mf3699351-768x512.jpg\"\n\t\t\t\t\t\t\talt=\"Doppelbett in schwarz in Ferienwohnung in Garmisch-Partenkirchen\"\n\t\t\t\t\t\t\tloading=\"lazy\"\n\t\t\t\t\t\t\tdecoding=\"async\">\n\t\t\t\t\t\t<!-- <li>\n\t\t\t\t\t\t\t<img decoding=\"async\" class=\"lazy\" src=\"\" data-src=\"\" alt=\"\" loading=\"lazy\"\/>\n\t\t\t\t\t\t<\/li> -->\n\t\t\t\t\t\t<!-- <div class=\"swiper-lazy-preloader\"><\/div> -->\n\t\t\t\t\t\t\t\t\t\t<li>\n\t\t\t\t\t\t<img\n\t\t\t\t\t\t\tclass=\"lazy\"\n\t\t\t\t\t\t\tsrc=\"\"\n\t\t\t\t\t\t\tdata-src=\"https:\/\/www.ferienwohnungen-garmischpartenkirchen.de\/wp-content\/uploads\/2024\/06\/mf3699343-768x512.jpg\"\n\t\t\t\t\t\t\talt=\"Esstisch in T\u00fcrkis in Ferienwohnung in Garmisch-Partenkirchen\"\n\t\t\t\t\t\t\tloading=\"lazy\"\n\t\t\t\t\t\t\tdecoding=\"async\">\n\t\t\t\t\t\t<!-- <li>\n\t\t\t\t\t\t\t<img decoding=\"async\" class=\"lazy\" src=\"\" data-src=\"\" alt=\"\" loading=\"lazy\"\/>\n\t\t\t\t\t\t<\/li> -->\n\t\t\t\t\t\t<!-- <div class=\"swiper-lazy-preloader\"><\/div> -->\n\t\t\t\t\t\t\t\t\t\t<li>\n\t\t\t\t\t\t<img\n\t\t\t\t\t\t\tclass=\"lazy\"\n\t\t\t\t\t\t\tsrc=\"\"\n\t\t\t\t\t\t\tdata-src=\"https:\/\/www.ferienwohnungen-garmischpartenkirchen.de\/wp-content\/uploads\/2024\/06\/mf3699371-768x512.jpg\"\n\t\t\t\t\t\t\talt=\"Berge in Ferienwohnung in Garmisch-Partenkirchen\"\n\t\t\t\t\t\t\tloading=\"lazy\"\n\t\t\t\t\t\t\tdecoding=\"async\">\n\t\t\t\t\t\t<!-- <li>\n\t\t\t\t\t\t\t<img decoding=\"async\" class=\"lazy\" src=\"\" data-src=\"\" alt=\"\" loading=\"lazy\"\/>\n\t\t\t\t\t\t<\/li> -->\n\t\t\t\t\t\t<!-- <div class=\"swiper-lazy-preloader\"><\/div> -->\n\t\t\t\t\t\t\t\t<\/ul>\n\t\t<\/div>\n\t\n\t<div class=\"info-wrapper\">\n\t\t<div class=\"info-body\">\n\t\t\t<!-- <span class=\"favouritebtn\"> <\/span> -->\n\t\t\t<div class=\"flex heading-wrapper\">\n\t\t\t\t<h4 class=\"unit-title\"><span><a href=\"https:\/\/www.ferienwohnungen-garmischpartenkirchen.de\/de\/unterkuenfte\/alpensonne\/\">Alpensonne<\/a><\/span><\/h4>\n\t\t\t\t<div class=\"wrap-classification\">\n\t\t\t\t\t<p class=\"unit-region\">\n\t\t\t\t\t\tGarmisch-Partenkirchen\t\t\t\t\t<\/p>\n\t\t\t\t<\/div>\n\t\t\t<\/div>\n\t\t\t<div class=\"details-wrapper\">\n\t\t\t\t<ul>\n\t\t\t\t\t<li><span class=\"wrap-value\">4 G\u00e4ste<\/span><\/li>\n\t\t\t\t\t<span class=\"saperator\"><\/span>\n\t\t\t\t\t<li><span class=\"wrap-value\">2 Schlafzimmer<\/span><\/li>\n\t\t\t\t\t<span class=\"saperator\"><\/span>\n\t\t\t\t\t<li>\n\t\t\t\t\t\t<span class=\"price\" data-price=\"7900\">79,00<\/span> <span class=\"currency\">&euro;<\/span> \t\t\t\t\t<\/li>\n\t\t\t\t<\/ul>\n\t\t\t<\/div>\n\t\t<\/div>\n\t<\/div>\n<\/div><\/div><\/div><div class=\"swiper-slide\"><div class=\"swiperlisting\"><div class=\"\">\n\t\t\t<div id=\"slider\" class=\"flexslider\">\n\t\t\t<ul class=\"slides\">\n\t\t\t\t\t\t\t\t\t<li>\n\t\t\t\t\t\t<img\n\t\t\t\t\t\t\tclass=\"lazy\"\n\t\t\t\t\t\t\tsrc=\"\"\n\t\t\t\t\t\t\tdata-src=\"https:\/\/www.ferienwohnungen-garmischpartenkirchen.de\/wp-content\/uploads\/2024\/06\/mf10988484-768x512.jpg\"\n\t\t\t\t\t\t\talt=\"Ferienwohnung in Garmisch-Partenkirchen mit neuem Design\"\n\t\t\t\t\t\t\tloading=\"lazy\"\n\t\t\t\t\t\t\tdecoding=\"async\">\n\t\t\t\t\t\t<!-- <li>\n\t\t\t\t\t\t\t<img decoding=\"async\" class=\"lazy\" src=\"\" data-src=\"\" alt=\"\" loading=\"lazy\"\/>\n\t\t\t\t\t\t<\/li> -->\n\t\t\t\t\t\t<!-- <div class=\"swiper-lazy-preloader\"><\/div> -->\n\t\t\t\t\t\t\t\t\t\t<li>\n\t\t\t\t\t\t<img\n\t\t\t\t\t\t\tclass=\"lazy\"\n\t\t\t\t\t\t\tsrc=\"\"\n\t\t\t\t\t\t\tdata-src=\"https:\/\/www.ferienwohnungen-garmischpartenkirchen.de\/wp-content\/uploads\/2024\/06\/mf10988498-768x512.jpg\"\n\t\t\t\t\t\t\talt=\"Ferienwohnung in Garmisch-Partenkirchen mit sch\u00f6nem Essbereich\"\n\t\t\t\t\t\t\tloading=\"lazy\"\n\t\t\t\t\t\t\tdecoding=\"async\">\n\t\t\t\t\t\t<!-- <li>\n\t\t\t\t\t\t\t<img decoding=\"async\" class=\"lazy\" src=\"\" data-src=\"\" alt=\"\" loading=\"lazy\"\/>\n\t\t\t\t\t\t<\/li> -->\n\t\t\t\t\t\t<!-- <div class=\"swiper-lazy-preloader\"><\/div> -->\n\t\t\t\t\t\t\t\t\t\t<li>\n\t\t\t\t\t\t<img\n\t\t\t\t\t\t\tclass=\"lazy\"\n\t\t\t\t\t\t\tsrc=\"\"\n\t\t\t\t\t\t\tdata-src=\"https:\/\/www.ferienwohnungen-garmischpartenkirchen.de\/wp-content\/uploads\/2024\/06\/mf10988512-768x512.jpg\"\n\t\t\t\t\t\t\talt=\"Ferienwohnung in Garmisch-Partenkirchen mit gem\u00fctlichem Schlafzimmer\"\n\t\t\t\t\t\t\tloading=\"lazy\"\n\t\t\t\t\t\t\tdecoding=\"async\">\n\t\t\t\t\t\t<!-- <li>\n\t\t\t\t\t\t\t<img decoding=\"async\" class=\"lazy\" src=\"\" data-src=\"\" alt=\"\" loading=\"lazy\"\/>\n\t\t\t\t\t\t<\/li> -->\n\t\t\t\t\t\t<!-- <div class=\"swiper-lazy-preloader\"><\/div> -->\n\t\t\t\t\t\t\t\t\t\t<li>\n\t\t\t\t\t\t<img\n\t\t\t\t\t\t\tclass=\"lazy\"\n\t\t\t\t\t\t\tsrc=\"\"\n\t\t\t\t\t\t\tdata-src=\"https:\/\/www.ferienwohnungen-garmischpartenkirchen.de\/wp-content\/uploads\/2024\/06\/mf10988525-768x512.jpg\"\n\t\t\t\t\t\t\talt=\"Ferienwohnung in Garmisch-Partenkirchen mit elegantem Badezimmer\"\n\t\t\t\t\t\t\tloading=\"lazy\"\n\t\t\t\t\t\t\tdecoding=\"async\">\n\t\t\t\t\t\t<!-- <li>\n\t\t\t\t\t\t\t<img decoding=\"async\" class=\"lazy\" src=\"\" data-src=\"\" alt=\"\" loading=\"lazy\"\/>\n\t\t\t\t\t\t<\/li> -->\n\t\t\t\t\t\t<!-- <div class=\"swiper-lazy-preloader\"><\/div> -->\n\t\t\t\t\t\t\t\t\t\t<li>\n\t\t\t\t\t\t<img\n\t\t\t\t\t\t\tclass=\"lazy\"\n\t\t\t\t\t\t\tsrc=\"\"\n\t\t\t\t\t\t\tdata-src=\"https:\/\/www.ferienwohnungen-garmischpartenkirchen.de\/wp-content\/uploads\/2024\/06\/mf10988534-768x512.jpg\"\n\t\t\t\t\t\t\talt=\"Ausblick von Ferienwohnung in Garmisch-Partenkirchen\"\n\t\t\t\t\t\t\tloading=\"lazy\"\n\t\t\t\t\t\t\tdecoding=\"async\">\n\t\t\t\t\t\t<!-- <li>\n\t\t\t\t\t\t\t<img decoding=\"async\" class=\"lazy\" src=\"\" data-src=\"\" alt=\"\" loading=\"lazy\"\/>\n\t\t\t\t\t\t<\/li> -->\n\t\t\t\t\t\t<!-- <div class=\"swiper-lazy-preloader\"><\/div> -->\n\t\t\t\t\t\t\t\t<\/ul>\n\t\t<\/div>\n\t\n\t<div class=\"info-wrapper\">\n\t\t<div class=\"info-body\">\n\t\t\t<!-- <span class=\"favouritebtn\"> <\/span> -->\n\t\t\t<div class=\"flex heading-wrapper\">\n\t\t\t\t<h4 class=\"unit-title\"><span><a href=\"https:\/\/www.ferienwohnungen-garmischpartenkirchen.de\/de\/unterkuenfte\/fuchsbau\/\">Fuchsbau<\/a><\/span><\/h4>\n\t\t\t\t<div class=\"wrap-classification\">\n\t\t\t\t\t<p class=\"unit-region\">\n\t\t\t\t\t\tGarmisch-Partenkirchen\t\t\t\t\t<\/p>\n\t\t\t\t<\/div>\n\t\t\t<\/div>\n\t\t\t<div class=\"details-wrapper\">\n\t\t\t\t<ul>\n\t\t\t\t\t<li><span class=\"wrap-value\">2 G\u00e4ste<\/span><\/li>\n\t\t\t\t\t<span class=\"saperator\"><\/span>\n\t\t\t\t\t<li><span class=\"wrap-value\">1 Schlafzimmer<\/span><\/li>\n\t\t\t\t\t<span class=\"saperator\"><\/span>\n\t\t\t\t\t<li>\n\t\t\t\t\t\t<span class=\"price\" data-price=\"4900\">49,00<\/span> <span class=\"currency\">&euro;<\/span> \t\t\t\t\t<\/li>\n\t\t\t\t<\/ul>\n\t\t\t<\/div>\n\t\t<\/div>\n\t<\/div>\n<\/div><\/div><\/div><div class=\"swiper-slide\"><div class=\"swiperlisting\"><div class=\"\">\n\t\t\t<div id=\"slider\" class=\"flexslider\">\n\t\t\t<ul class=\"slides\">\n\t\t\t\t\t\t\t\t\t<li>\n\t\t\t\t\t\t<img\n\t\t\t\t\t\t\tclass=\"lazy\"\n\t\t\t\t\t\t\tsrc=\"\"\n\t\t\t\t\t\t\tdata-src=\"https:\/\/www.ferienwohnungen-garmischpartenkirchen.de\/wp-content\/uploads\/2024\/06\/mf10126586-768x512.jpg\"\n\t\t\t\t\t\t\talt=\"Wohnzimmer mit Holztisch in Ferienwohnung in Garmisch-Partenkirchen\"\n\t\t\t\t\t\t\tloading=\"lazy\"\n\t\t\t\t\t\t\tdecoding=\"async\">\n\t\t\t\t\t\t<!-- <li>\n\t\t\t\t\t\t\t<img decoding=\"async\" class=\"lazy\" src=\"\" data-src=\"\" alt=\"\" loading=\"lazy\"\/>\n\t\t\t\t\t\t<\/li> -->\n\t\t\t\t\t\t<!-- <div class=\"swiper-lazy-preloader\"><\/div> -->\n\t\t\t\t\t\t\t\t\t\t<li>\n\t\t\t\t\t\t<img\n\t\t\t\t\t\t\tclass=\"lazy\"\n\t\t\t\t\t\t\tsrc=\"\"\n\t\t\t\t\t\t\tdata-src=\"https:\/\/www.ferienwohnungen-garmischpartenkirchen.de\/wp-content\/uploads\/2024\/06\/mf10126599-768x512.jpg\"\n\t\t\t\t\t\t\talt=\"K\u00fcche mit Esszimmer in Ferienwohnung in Garmisch-Partenkirchen\"\n\t\t\t\t\t\t\tloading=\"lazy\"\n\t\t\t\t\t\t\tdecoding=\"async\">\n\t\t\t\t\t\t<!-- <li>\n\t\t\t\t\t\t\t<img decoding=\"async\" class=\"lazy\" src=\"\" data-src=\"\" alt=\"\" loading=\"lazy\"\/>\n\t\t\t\t\t\t<\/li> -->\n\t\t\t\t\t\t<!-- <div class=\"swiper-lazy-preloader\"><\/div> -->\n\t\t\t\t\t\t\t\t\t\t<li>\n\t\t\t\t\t\t<img\n\t\t\t\t\t\t\tclass=\"lazy\"\n\t\t\t\t\t\t\tsrc=\"\"\n\t\t\t\t\t\t\tdata-src=\"https:\/\/www.ferienwohnungen-garmischpartenkirchen.de\/wp-content\/uploads\/2024\/06\/mf10126610-768x512.jpg\"\n\t\t\t\t\t\t\talt=\"Ein Doppelbett und ein Kleiderschrank in Ferienwohnung in Garmisch-Partenkirchen\"\n\t\t\t\t\t\t\tloading=\"lazy\"\n\t\t\t\t\t\t\tdecoding=\"async\">\n\t\t\t\t\t\t<!-- <li>\n\t\t\t\t\t\t\t<img decoding=\"async\" class=\"lazy\" src=\"\" data-src=\"\" alt=\"\" loading=\"lazy\"\/>\n\t\t\t\t\t\t<\/li> -->\n\t\t\t\t\t\t<!-- <div class=\"swiper-lazy-preloader\"><\/div> -->\n\t\t\t\t\t\t\t\t\t\t<li>\n\t\t\t\t\t\t<img\n\t\t\t\t\t\t\tclass=\"lazy\"\n\t\t\t\t\t\t\tsrc=\"\"\n\t\t\t\t\t\t\tdata-src=\"https:\/\/www.ferienwohnungen-garmischpartenkirchen.de\/wp-content\/uploads\/2024\/06\/mf10126618-768x512.jpg\"\n\t\t\t\t\t\t\talt=\"ein Einzel- und ein Doppelbett in Ferienwohnung in Garmisch-Partenkirchen\"\n\t\t\t\t\t\t\tloading=\"lazy\"\n\t\t\t\t\t\t\tdecoding=\"async\">\n\t\t\t\t\t\t<!-- <li>\n\t\t\t\t\t\t\t<img decoding=\"async\" class=\"lazy\" src=\"\" data-src=\"\" alt=\"\" loading=\"lazy\"\/>\n\t\t\t\t\t\t<\/li> -->\n\t\t\t\t\t\t<!-- <div class=\"swiper-lazy-preloader\"><\/div> -->\n\t\t\t\t\t\t\t\t\t\t<li>\n\t\t\t\t\t\t<img\n\t\t\t\t\t\t\tclass=\"lazy\"\n\t\t\t\t\t\t\tsrc=\"\"\n\t\t\t\t\t\t\tdata-src=\"https:\/\/www.ferienwohnungen-garmischpartenkirchen.de\/wp-content\/uploads\/2024\/06\/mf10133042-768x512.jpg\"\n\t\t\t\t\t\t\talt=\"Aussicht auf die Alpen in Ferienwohnung in Garmisch-Partenkirchen\"\n\t\t\t\t\t\t\tloading=\"lazy\"\n\t\t\t\t\t\t\tdecoding=\"async\">\n\t\t\t\t\t\t<!-- <li>\n\t\t\t\t\t\t\t<img decoding=\"async\" class=\"lazy\" src=\"\" data-src=\"\" alt=\"\" loading=\"lazy\"\/>\n\t\t\t\t\t\t<\/li> -->\n\t\t\t\t\t\t<!-- <div class=\"swiper-lazy-preloader\"><\/div> -->\n\t\t\t\t\t\t\t\t<\/ul>\n\t\t<\/div>\n\t\n\t<div class=\"info-wrapper\">\n\t\t<div class=\"info-body\">\n\t\t\t<!-- <span class=\"favouritebtn\"> <\/span> -->\n\t\t\t<div class=\"flex heading-wrapper\">\n\t\t\t\t<h4 class=\"unit-title\"><span><a href=\"https:\/\/www.ferienwohnungen-garmischpartenkirchen.de\/de\/unterkuenfte\/kandahar\/\">Kandahar<\/a><\/span><\/h4>\n\t\t\t\t<div class=\"wrap-classification\">\n\t\t\t\t\t<p class=\"unit-region\">\n\t\t\t\t\t\tGarmisch-Partenkirchen\t\t\t\t\t<\/p>\n\t\t\t\t<\/div>\n\t\t\t<\/div>\n\t\t\t<div class=\"details-wrapper\">\n\t\t\t\t<ul>\n\t\t\t\t\t<li><span class=\"wrap-value\">8 G\u00e4ste<\/span><\/li>\n\t\t\t\t\t<span class=\"saperator\"><\/span>\n\t\t\t\t\t<li><span class=\"wrap-value\">3 Schlafzimmer<\/span><\/li>\n\t\t\t\t\t<span class=\"saperator\"><\/span>\n\t\t\t\t\t<li>\n\t\t\t\t\t\t<span class=\"price\" data-price=\"12900\">129,00<\/span> <span class=\"currency\">&euro;<\/span> \t\t\t\t\t<\/li>\n\t\t\t\t<\/ul>\n\t\t\t<\/div>\n\t\t<\/div>\n\t<\/div>\n<\/div><\/div><\/div><div class=\"swiper-slide\"><div class=\"swiperlisting\"><div class=\"\">\n\t\t\t<div id=\"slider\" class=\"flexslider\">\n\t\t\t<ul class=\"slides\">\n\t\t\t\t\t\t\t\t\t<li>\n\t\t\t\t\t\t<img\n\t\t\t\t\t\t\tclass=\"lazy\"\n\t\t\t\t\t\t\tsrc=\"\"\n\t\t\t\t\t\t\tdata-src=\"https:\/\/www.ferienwohnungen-garmischpartenkirchen.de\/wp-content\/uploads\/2024\/06\/mf10978121-768x512.jpg\"\n\t\t\t\t\t\t\talt=\"Wohnzimmer mit rotem Hocker in Ferienwohnung in Garmisch-Partenkirchen\"\n\t\t\t\t\t\t\tloading=\"lazy\"\n\t\t\t\t\t\t\tdecoding=\"async\">\n\t\t\t\t\t\t<!-- <li>\n\t\t\t\t\t\t\t<img decoding=\"async\" class=\"lazy\" src=\"\" data-src=\"\" alt=\"\" loading=\"lazy\"\/>\n\t\t\t\t\t\t<\/li> -->\n\t\t\t\t\t\t<!-- <div class=\"swiper-lazy-preloader\"><\/div> -->\n\t\t\t\t\t\t\t\t\t\t<li>\n\t\t\t\t\t\t<img\n\t\t\t\t\t\t\tclass=\"lazy\"\n\t\t\t\t\t\t\tsrc=\"\"\n\t\t\t\t\t\t\tdata-src=\"https:\/\/www.ferienwohnungen-garmischpartenkirchen.de\/wp-content\/uploads\/2024\/06\/mf3699191-768x512.jpg\"\n\t\t\t\t\t\t\talt=\"Doppelbett mit Holzdesign und Gondel in Ferienwohnung in Garmisch-Partenkirchen\"\n\t\t\t\t\t\t\tloading=\"lazy\"\n\t\t\t\t\t\t\tdecoding=\"async\">\n\t\t\t\t\t\t<!-- <li>\n\t\t\t\t\t\t\t<img decoding=\"async\" class=\"lazy\" src=\"\" data-src=\"\" alt=\"\" loading=\"lazy\"\/>\n\t\t\t\t\t\t<\/li> -->\n\t\t\t\t\t\t<!-- <div class=\"swiper-lazy-preloader\"><\/div> -->\n\t\t\t\t\t\t\t\t\t\t<li>\n\t\t\t\t\t\t<img\n\t\t\t\t\t\t\tclass=\"lazy\"\n\t\t\t\t\t\t\tsrc=\"\"\n\t\t\t\t\t\t\tdata-src=\"https:\/\/www.ferienwohnungen-garmischpartenkirchen.de\/wp-content\/uploads\/2024\/06\/mf10978132-768x512.jpg\"\n\t\t\t\t\t\t\talt=\"Wohnbereich mit Sitzbank und Hockern in Ferienwohnung in Garmisch-Partenkirchen\"\n\t\t\t\t\t\t\tloading=\"lazy\"\n\t\t\t\t\t\t\tdecoding=\"async\">\n\t\t\t\t\t\t<!-- <li>\n\t\t\t\t\t\t\t<img decoding=\"async\" class=\"lazy\" src=\"\" data-src=\"\" alt=\"\" loading=\"lazy\"\/>\n\t\t\t\t\t\t<\/li> -->\n\t\t\t\t\t\t<!-- <div class=\"swiper-lazy-preloader\"><\/div> -->\n\t\t\t\t\t\t\t\t\t\t<li>\n\t\t\t\t\t\t<img\n\t\t\t\t\t\t\tclass=\"lazy\"\n\t\t\t\t\t\t\tsrc=\"\"\n\t\t\t\t\t\t\tdata-src=\"https:\/\/www.ferienwohnungen-garmischpartenkirchen.de\/wp-content\/uploads\/2024\/06\/mf3699194-768x512.jpg\"\n\t\t\t\t\t\t\talt=\"Badezimmer mit Dusche in Ferienwohnung in Garmisch-Partenkirchen\"\n\t\t\t\t\t\t\tloading=\"lazy\"\n\t\t\t\t\t\t\tdecoding=\"async\">\n\t\t\t\t\t\t<!-- <li>\n\t\t\t\t\t\t\t<img decoding=\"async\" class=\"lazy\" src=\"\" data-src=\"\" alt=\"\" loading=\"lazy\"\/>\n\t\t\t\t\t\t<\/li> -->\n\t\t\t\t\t\t<!-- <div class=\"swiper-lazy-preloader\"><\/div> -->\n\t\t\t\t\t\t\t\t\t\t<li>\n\t\t\t\t\t\t<img\n\t\t\t\t\t\t\tclass=\"lazy\"\n\t\t\t\t\t\t\tsrc=\"\"\n\t\t\t\t\t\t\tdata-src=\"https:\/\/www.ferienwohnungen-garmischpartenkirchen.de\/wp-content\/uploads\/2024\/06\/mf10978129-768x512.jpg\"\n\t\t\t\t\t\t\talt=\"Garten in Ferienwohnung in Garmisch-Partenkirchen\"\n\t\t\t\t\t\t\tloading=\"lazy\"\n\t\t\t\t\t\t\tdecoding=\"async\">\n\t\t\t\t\t\t<!-- <li>\n\t\t\t\t\t\t\t<img decoding=\"async\" class=\"lazy\" src=\"\" data-src=\"\" alt=\"\" loading=\"lazy\"\/>\n\t\t\t\t\t\t<\/li> -->\n\t\t\t\t\t\t<!-- <div class=\"swiper-lazy-preloader\"><\/div> -->\n\t\t\t\t\t\t\t\t<\/ul>\n\t\t<\/div>\n\t\n\t<div class=\"info-wrapper\">\n\t\t<div class=\"info-body\">\n\t\t\t<!-- <span class=\"favouritebtn\"> <\/span> -->\n\t\t\t<div class=\"flex heading-wrapper\">\n\t\t\t\t<h4 class=\"unit-title\"><span><a href=\"https:\/\/www.ferienwohnungen-garmischpartenkirchen.de\/de\/unterkuenfte\/alpenrose\/\">Alpenrose<\/a><\/span><\/h4>\n\t\t\t\t<div class=\"wrap-classification\">\n\t\t\t\t\t<p class=\"unit-region\">\n\t\t\t\t\t\tGrainau\t\t\t\t\t<\/p>\n\t\t\t\t<\/div>\n\t\t\t<\/div>\n\t\t\t<div class=\"details-wrapper\">\n\t\t\t\t<ul>\n\t\t\t\t\t<li><span class=\"wrap-value\">4 G\u00e4ste<\/span><\/li>\n\t\t\t\t\t<span class=\"saperator\"><\/span>\n\t\t\t\t\t<li><span class=\"wrap-value\">1 Schlafzimmer<\/span><\/li>\n\t\t\t\t\t<span class=\"saperator\"><\/span>\n\t\t\t\t\t<li>\n\t\t\t\t\t\t<span class=\"price\" data-price=\"10900\">109,00<\/span> <span class=\"currency\">&euro;<\/span> \t\t\t\t\t<\/li>\n\t\t\t\t<\/ul>\n\t\t\t<\/div>\n\t\t<\/div>\n\t<\/div>\n<\/div><\/div><\/div><div class=\"swiper-slide\"><div class=\"swiperlisting\"><div class=\"\">\n\t\t\t<div id=\"slider\" class=\"flexslider\">\n\t\t\t<ul class=\"slides\">\n\t\t\t\t\t\t\t\t\t<li>\n\t\t\t\t\t\t<img\n\t\t\t\t\t\t\tclass=\"lazy\"\n\t\t\t\t\t\t\tsrc=\"\"\n\t\t\t\t\t\t\tdata-src=\"https:\/\/www.ferienwohnungen-garmischpartenkirchen.de\/wp-content\/uploads\/2026\/02\/mf26198189-768x512.jpg\"\n\t\t\t\t\t\t\talt=\"\"\n\t\t\t\t\t\t\tloading=\"lazy\"\n\t\t\t\t\t\t\tdecoding=\"async\">\n\t\t\t\t\t\t<!-- <li>\n\t\t\t\t\t\t\t<img decoding=\"async\" class=\"lazy\" src=\"\" data-src=\"\" alt=\"\" loading=\"lazy\"\/>\n\t\t\t\t\t\t<\/li> -->\n\t\t\t\t\t\t<!-- <div class=\"swiper-lazy-preloader\"><\/div> -->\n\t\t\t\t\t\t\t\t\t\t<li>\n\t\t\t\t\t\t<img\n\t\t\t\t\t\t\tclass=\"lazy\"\n\t\t\t\t\t\t\tsrc=\"\"\n\t\t\t\t\t\t\tdata-src=\"https:\/\/www.ferienwohnungen-garmischpartenkirchen.de\/wp-content\/uploads\/2026\/02\/mf26198203-768x512.jpg\"\n\t\t\t\t\t\t\talt=\"\"\n\t\t\t\t\t\t\tloading=\"lazy\"\n\t\t\t\t\t\t\tdecoding=\"async\">\n\t\t\t\t\t\t<!-- <li>\n\t\t\t\t\t\t\t<img decoding=\"async\" class=\"lazy\" src=\"\" data-src=\"\" alt=\"\" loading=\"lazy\"\/>\n\t\t\t\t\t\t<\/li> -->\n\t\t\t\t\t\t<!-- <div class=\"swiper-lazy-preloader\"><\/div> -->\n\t\t\t\t\t\t\t\t\t\t<li>\n\t\t\t\t\t\t<img\n\t\t\t\t\t\t\tclass=\"lazy\"\n\t\t\t\t\t\t\tsrc=\"\"\n\t\t\t\t\t\t\tdata-src=\"https:\/\/www.ferienwohnungen-garmischpartenkirchen.de\/wp-content\/uploads\/2026\/02\/mf26198209-768x512.jpg\"\n\t\t\t\t\t\t\talt=\"\"\n\t\t\t\t\t\t\tloading=\"lazy\"\n\t\t\t\t\t\t\tdecoding=\"async\">\n\t\t\t\t\t\t<!-- <li>\n\t\t\t\t\t\t\t<img decoding=\"async\" class=\"lazy\" src=\"\" data-src=\"\" alt=\"\" loading=\"lazy\"\/>\n\t\t\t\t\t\t<\/li> -->\n\t\t\t\t\t\t<!-- <div class=\"swiper-lazy-preloader\"><\/div> -->\n\t\t\t\t\t\t\t\t\t\t<li>\n\t\t\t\t\t\t<img\n\t\t\t\t\t\t\tclass=\"lazy\"\n\t\t\t\t\t\t\tsrc=\"\"\n\t\t\t\t\t\t\tdata-src=\"https:\/\/www.ferienwohnungen-garmischpartenkirchen.de\/wp-content\/uploads\/2026\/02\/mf26198193-768x512.jpg\"\n\t\t\t\t\t\t\talt=\"\"\n\t\t\t\t\t\t\tloading=\"lazy\"\n\t\t\t\t\t\t\tdecoding=\"async\">\n\t\t\t\t\t\t<!-- <li>\n\t\t\t\t\t\t\t<img decoding=\"async\" class=\"lazy\" src=\"\" data-src=\"\" alt=\"\" loading=\"lazy\"\/>\n\t\t\t\t\t\t<\/li> -->\n\t\t\t\t\t\t<!-- <div class=\"swiper-lazy-preloader\"><\/div> -->\n\t\t\t\t\t\t\t\t\t\t<li>\n\t\t\t\t\t\t<img\n\t\t\t\t\t\t\tclass=\"lazy\"\n\t\t\t\t\t\t\tsrc=\"\"\n\t\t\t\t\t\t\tdata-src=\"https:\/\/www.ferienwohnungen-garmischpartenkirchen.de\/wp-content\/uploads\/2026\/02\/mf26198212-768x512.jpg\"\n\t\t\t\t\t\t\talt=\"\"\n\t\t\t\t\t\t\tloading=\"lazy\"\n\t\t\t\t\t\t\tdecoding=\"async\">\n\t\t\t\t\t\t<!-- <li>\n\t\t\t\t\t\t\t<img decoding=\"async\" class=\"lazy\" src=\"\" data-src=\"\" alt=\"\" loading=\"lazy\"\/>\n\t\t\t\t\t\t<\/li> -->\n\t\t\t\t\t\t<!-- <div class=\"swiper-lazy-preloader\"><\/div> -->\n\t\t\t\t\t\t\t\t<\/ul>\n\t\t<\/div>\n\t\n\t<div class=\"info-wrapper\">\n\t\t<div class=\"info-body\">\n\t\t\t<!-- <span class=\"favouritebtn\"> <\/span> -->\n\t\t\t<div class=\"flex heading-wrapper\">\n\t\t\t\t<h4 class=\"unit-title\"><span><a href=\"https:\/\/www.ferienwohnungen-garmischpartenkirchen.de\/de\/unterkuenfte\/zwoade-hoamad\/\">Zwoade Hoamad<\/a><\/span><\/h4>\n\t\t\t\t<div class=\"wrap-classification\">\n\t\t\t\t\t<p class=\"unit-region\">\n\t\t\t\t\t\tFarchant\t\t\t\t\t<\/p>\n\t\t\t\t<\/div>\n\t\t\t<\/div>\n\t\t\t<div class=\"details-wrapper\">\n\t\t\t\t<ul>\n\t\t\t\t\t<li><span class=\"wrap-value\">2 G\u00e4ste<\/span><\/li>\n\t\t\t\t\t<span class=\"saperator\"><\/span>\n\t\t\t\t\t<li><span class=\"wrap-value\">1 Schlafzimmer<\/span><\/li>\n\t\t\t\t\t<span class=\"saperator\"><\/span>\n\t\t\t\t\t<li>\n\t\t\t\t\t\t<span class=\"price\" data-price=\"5500\">55,00<\/span> <span class=\"currency\">&euro;<\/span> \t\t\t\t\t<\/li>\n\t\t\t\t<\/ul>\n\t\t\t<\/div>\n\t\t<\/div>\n\t<\/div>\n<\/div><\/div><\/div><div class=\"swiper-slide\"><div class=\"swiperlisting\"><div class=\"\">\n\t\t\t<div id=\"slider\" class=\"flexslider\">\n\t\t\t<ul class=\"slides\">\n\t\t\t\t\t\t\t\t\t<li>\n\t\t\t\t\t\t<img\n\t\t\t\t\t\t\tclass=\"lazy\"\n\t\t\t\t\t\t\tsrc=\"\"\n\t\t\t\t\t\t\tdata-src=\"https:\/\/www.ferienwohnungen-garmischpartenkirchen.de\/wp-content\/uploads\/2024\/06\/mf3709636-768x512.jpg\"\n\t\t\t\t\t\t\talt=\"Sofa mit Fernseher in Ferienwohnung in Garmisch-Partenkirchen\"\n\t\t\t\t\t\t\tloading=\"lazy\"\n\t\t\t\t\t\t\tdecoding=\"async\">\n\t\t\t\t\t\t<!-- <li>\n\t\t\t\t\t\t\t<img decoding=\"async\" class=\"lazy\" src=\"\" data-src=\"\" alt=\"\" loading=\"lazy\"\/>\n\t\t\t\t\t\t<\/li> -->\n\t\t\t\t\t\t<!-- <div class=\"swiper-lazy-preloader\"><\/div> -->\n\t\t\t\t\t\t\t\t\t\t<li>\n\t\t\t\t\t\t<img\n\t\t\t\t\t\t\tclass=\"lazy\"\n\t\t\t\t\t\t\tsrc=\"\"\n\t\t\t\t\t\t\tdata-src=\"https:\/\/www.ferienwohnungen-garmischpartenkirchen.de\/wp-content\/uploads\/2024\/06\/mf3709628-768x512.jpg\"\n\t\t\t\t\t\t\talt=\"K\u00fcche mit Essbereich in Ferienwohnung in Garmisch-Partenkirchen\"\n\t\t\t\t\t\t\tloading=\"lazy\"\n\t\t\t\t\t\t\tdecoding=\"async\">\n\t\t\t\t\t\t<!-- <li>\n\t\t\t\t\t\t\t<img decoding=\"async\" class=\"lazy\" src=\"\" data-src=\"\" alt=\"\" loading=\"lazy\"\/>\n\t\t\t\t\t\t<\/li> -->\n\t\t\t\t\t\t<!-- <div class=\"swiper-lazy-preloader\"><\/div> -->\n\t\t\t\t\t\t\t\t\t\t<li>\n\t\t\t\t\t\t<img\n\t\t\t\t\t\t\tclass=\"lazy\"\n\t\t\t\t\t\t\tsrc=\"\"\n\t\t\t\t\t\t\tdata-src=\"https:\/\/www.ferienwohnungen-garmischpartenkirchen.de\/wp-content\/uploads\/2024\/06\/mf3709641-768x512.jpg\"\n\t\t\t\t\t\t\talt=\"Doppelbett mit Kissen in Ferienwohnung in Garmisch-Partenkirchen\"\n\t\t\t\t\t\t\tloading=\"lazy\"\n\t\t\t\t\t\t\tdecoding=\"async\">\n\t\t\t\t\t\t<!-- <li>\n\t\t\t\t\t\t\t<img decoding=\"async\" class=\"lazy\" src=\"\" data-src=\"\" alt=\"\" loading=\"lazy\"\/>\n\t\t\t\t\t\t<\/li> -->\n\t\t\t\t\t\t<!-- <div class=\"swiper-lazy-preloader\"><\/div> -->\n\t\t\t\t\t\t\t\t\t\t<li>\n\t\t\t\t\t\t<img\n\t\t\t\t\t\t\tclass=\"lazy\"\n\t\t\t\t\t\t\tsrc=\"\"\n\t\t\t\t\t\t\tdata-src=\"https:\/\/www.ferienwohnungen-garmischpartenkirchen.de\/wp-content\/uploads\/2024\/06\/mf3709645-768x512.jpg\"\n\t\t\t\t\t\t\talt=\"Badezimmer mit Dusche und Waschbecken in Ferienwohnung in Garmisch-Partenkirchen\"\n\t\t\t\t\t\t\tloading=\"lazy\"\n\t\t\t\t\t\t\tdecoding=\"async\">\n\t\t\t\t\t\t<!-- <li>\n\t\t\t\t\t\t\t<img decoding=\"async\" class=\"lazy\" src=\"\" data-src=\"\" alt=\"\" loading=\"lazy\"\/>\n\t\t\t\t\t\t<\/li> -->\n\t\t\t\t\t\t<!-- <div class=\"swiper-lazy-preloader\"><\/div> -->\n\t\t\t\t\t\t\t\t\t\t<li>\n\t\t\t\t\t\t<img\n\t\t\t\t\t\t\tclass=\"lazy\"\n\t\t\t\t\t\t\tsrc=\"\"\n\t\t\t\t\t\t\tdata-src=\"https:\/\/www.ferienwohnungen-garmischpartenkirchen.de\/wp-content\/uploads\/2024\/06\/mf3709629-768x512.jpg\"\n\t\t\t\t\t\t\talt=\"K\u00fcche mit Herd und Ofen in Ferienwohnung in Garmisch-Partenkirchen\"\n\t\t\t\t\t\t\tloading=\"lazy\"\n\t\t\t\t\t\t\tdecoding=\"async\">\n\t\t\t\t\t\t<!-- <li>\n\t\t\t\t\t\t\t<img decoding=\"async\" class=\"lazy\" src=\"\" data-src=\"\" alt=\"\" loading=\"lazy\"\/>\n\t\t\t\t\t\t<\/li> -->\n\t\t\t\t\t\t<!-- <div class=\"swiper-lazy-preloader\"><\/div> -->\n\t\t\t\t\t\t\t\t<\/ul>\n\t\t<\/div>\n\t\n\t<div class=\"info-wrapper\">\n\t\t<div class=\"info-body\">\n\t\t\t<!-- <span class=\"favouritebtn\"> <\/span> -->\n\t\t\t<div class=\"flex heading-wrapper\">\n\t\t\t\t<h4 class=\"unit-title\"><span><a href=\"https:\/\/www.ferienwohnungen-garmischpartenkirchen.de\/de\/unterkuenfte\/hoamatgfuehl\/\">Hoamatgf\u00fchl<\/a><\/span><\/h4>\n\t\t\t\t<div class=\"wrap-classification\">\n\t\t\t\t\t<p class=\"unit-region\">\n\t\t\t\t\t\tGarmisch-Partenkirchen\t\t\t\t\t<\/p>\n\t\t\t\t<\/div>\n\t\t\t<\/div>\n\t\t\t<div class=\"details-wrapper\">\n\t\t\t\t<ul>\n\t\t\t\t\t<li><span class=\"wrap-value\">4 G\u00e4ste<\/span><\/li>\n\t\t\t\t\t<span class=\"saperator\"><\/span>\n\t\t\t\t\t<li><span class=\"wrap-value\">2 Schlafzimmer<\/span><\/li>\n\t\t\t\t\t<span class=\"saperator\"><\/span>\n\t\t\t\t\t<li>\n\t\t\t\t\t\t<span class=\"price\" data-price=\"9900\">99,00<\/span> <span class=\"currency\">&euro;<\/span> \t\t\t\t\t<\/li>\n\t\t\t\t<\/ul>\n\t\t\t<\/div>\n\t\t<\/div>\n\t<\/div>\n<\/div><\/div><\/div><div class=\"swiper-slide\"><div class=\"swiperlisting\"><div class=\"\">\n\t\t\t<div id=\"slider\" class=\"flexslider\">\n\t\t\t<ul class=\"slides\">\n\t\t\t\t\t\t\t\t\t<li>\n\t\t\t\t\t\t<img\n\t\t\t\t\t\t\tclass=\"lazy\"\n\t\t\t\t\t\t\tsrc=\"\"\n\t\t\t\t\t\t\tdata-src=\"https:\/\/www.ferienwohnungen-garmischpartenkirchen.de\/wp-content\/uploads\/2025\/05\/mf21714997-768x512.jpg\"\n\t\t\t\t\t\t\talt=\"\"\n\t\t\t\t\t\t\tloading=\"lazy\"\n\t\t\t\t\t\t\tdecoding=\"async\">\n\t\t\t\t\t\t<!-- <li>\n\t\t\t\t\t\t\t<img decoding=\"async\" class=\"lazy\" src=\"\" data-src=\"\" alt=\"\" loading=\"lazy\"\/>\n\t\t\t\t\t\t<\/li> -->\n\t\t\t\t\t\t<!-- <div class=\"swiper-lazy-preloader\"><\/div> -->\n\t\t\t\t\t\t\t\t\t\t<li>\n\t\t\t\t\t\t<img\n\t\t\t\t\t\t\tclass=\"lazy\"\n\t\t\t\t\t\t\tsrc=\"\"\n\t\t\t\t\t\t\tdata-src=\"https:\/\/www.ferienwohnungen-garmischpartenkirchen.de\/wp-content\/uploads\/2025\/05\/mf21714996-768x512.jpg\"\n\t\t\t\t\t\t\talt=\"\"\n\t\t\t\t\t\t\tloading=\"lazy\"\n\t\t\t\t\t\t\tdecoding=\"async\">\n\t\t\t\t\t\t<!-- <li>\n\t\t\t\t\t\t\t<img decoding=\"async\" class=\"lazy\" src=\"\" data-src=\"\" alt=\"\" loading=\"lazy\"\/>\n\t\t\t\t\t\t<\/li> -->\n\t\t\t\t\t\t<!-- <div class=\"swiper-lazy-preloader\"><\/div> -->\n\t\t\t\t\t\t\t\t\t\t<li>\n\t\t\t\t\t\t<img\n\t\t\t\t\t\t\tclass=\"lazy\"\n\t\t\t\t\t\t\tsrc=\"\"\n\t\t\t\t\t\t\tdata-src=\"https:\/\/www.ferienwohnungen-garmischpartenkirchen.de\/wp-content\/uploads\/2025\/05\/mf21715001-768x512.jpg\"\n\t\t\t\t\t\t\talt=\"\"\n\t\t\t\t\t\t\tloading=\"lazy\"\n\t\t\t\t\t\t\tdecoding=\"async\">\n\t\t\t\t\t\t<!-- <li>\n\t\t\t\t\t\t\t<img decoding=\"async\" class=\"lazy\" src=\"\" data-src=\"\" alt=\"\" loading=\"lazy\"\/>\n\t\t\t\t\t\t<\/li> -->\n\t\t\t\t\t\t<!-- <div class=\"swiper-lazy-preloader\"><\/div> -->\n\t\t\t\t\t\t\t\t\t\t<li>\n\t\t\t\t\t\t<img\n\t\t\t\t\t\t\tclass=\"lazy\"\n\t\t\t\t\t\t\tsrc=\"\"\n\t\t\t\t\t\t\tdata-src=\"https:\/\/www.ferienwohnungen-garmischpartenkirchen.de\/wp-content\/uploads\/2025\/05\/mf21715002-768x512.jpg\"\n\t\t\t\t\t\t\talt=\"\"\n\t\t\t\t\t\t\tloading=\"lazy\"\n\t\t\t\t\t\t\tdecoding=\"async\">\n\t\t\t\t\t\t<!-- <li>\n\t\t\t\t\t\t\t<img decoding=\"async\" class=\"lazy\" src=\"\" data-src=\"\" alt=\"\" loading=\"lazy\"\/>\n\t\t\t\t\t\t<\/li> -->\n\t\t\t\t\t\t<!-- <div class=\"swiper-lazy-preloader\"><\/div> -->\n\t\t\t\t\t\t\t\t\t\t<li>\n\t\t\t\t\t\t<img\n\t\t\t\t\t\t\tclass=\"lazy\"\n\t\t\t\t\t\t\tsrc=\"\"\n\t\t\t\t\t\t\tdata-src=\"https:\/\/www.ferienwohnungen-garmischpartenkirchen.de\/wp-content\/uploads\/2025\/05\/mf21715010-768x512.jpg\"\n\t\t\t\t\t\t\talt=\"\"\n\t\t\t\t\t\t\tloading=\"lazy\"\n\t\t\t\t\t\t\tdecoding=\"async\">\n\t\t\t\t\t\t<!-- <li>\n\t\t\t\t\t\t\t<img decoding=\"async\" class=\"lazy\" src=\"\" data-src=\"\" alt=\"\" loading=\"lazy\"\/>\n\t\t\t\t\t\t<\/li> -->\n\t\t\t\t\t\t<!-- <div class=\"swiper-lazy-preloader\"><\/div> -->\n\t\t\t\t\t\t\t\t<\/ul>\n\t\t<\/div>\n\t\n\t<div class=\"info-wrapper\">\n\t\t<div class=\"info-body\">\n\t\t\t<!-- <span class=\"favouritebtn\"> <\/span> -->\n\t\t\t<div class=\"flex heading-wrapper\">\n\t\t\t\t<h4 class=\"unit-title\"><span><a href=\"https:\/\/www.ferienwohnungen-garmischpartenkirchen.de\/de\/unterkuenfte\/haus-am-leitenfeld\/\">Haus am Leitenfeld<\/a><\/span><\/h4>\n\t\t\t\t<div class=\"wrap-classification\">\n\t\t\t\t\t<p class=\"unit-region\">\n\t\t\t\t\t\tGarmisch-Partenkirchen\t\t\t\t\t<\/p>\n\t\t\t\t<\/div>\n\t\t\t<\/div>\n\t\t\t<div class=\"details-wrapper\">\n\t\t\t\t<ul>\n\t\t\t\t\t<li><span class=\"wrap-value\">7 G\u00e4ste<\/span><\/li>\n\t\t\t\t\t<span class=\"saperator\"><\/span>\n\t\t\t\t\t<li><span class=\"wrap-value\">3 Schlafzimmer<\/span><\/li>\n\t\t\t\t\t<span class=\"saperator\"><\/span>\n\t\t\t\t\t<li>\n\t\t\t\t\t\t<span class=\"price\" data-price=\"16900\">169,00<\/span> <span class=\"currency\">&euro;<\/span> \t\t\t\t\t<\/li>\n\t\t\t\t<\/ul>\n\t\t\t<\/div>\n\t\t<\/div>\n\t<\/div>\n<\/div><\/div><\/div><div class=\"swiper-slide\"><div class=\"swiperlisting\"><div class=\"\">\n\t\t\t<div id=\"slider\" class=\"flexslider\">\n\t\t\t<ul class=\"slides\">\n\t\t\t\t\t\t\t\t\t<li>\n\t\t\t\t\t\t<img\n\t\t\t\t\t\t\tclass=\"lazy\"\n\t\t\t\t\t\t\tsrc=\"\"\n\t\t\t\t\t\t\tdata-src=\"https:\/\/www.ferienwohnungen-garmischpartenkirchen.de\/wp-content\/uploads\/2025\/11\/mf24950273-768x512.jpg\"\n\t\t\t\t\t\t\talt=\"\"\n\t\t\t\t\t\t\tloading=\"lazy\"\n\t\t\t\t\t\t\tdecoding=\"async\">\n\t\t\t\t\t\t<!-- <li>\n\t\t\t\t\t\t\t<img decoding=\"async\" class=\"lazy\" src=\"\" data-src=\"\" alt=\"\" loading=\"lazy\"\/>\n\t\t\t\t\t\t<\/li> -->\n\t\t\t\t\t\t<!-- <div class=\"swiper-lazy-preloader\"><\/div> -->\n\t\t\t\t\t\t\t\t\t\t<li>\n\t\t\t\t\t\t<img\n\t\t\t\t\t\t\tclass=\"lazy\"\n\t\t\t\t\t\t\tsrc=\"\"\n\t\t\t\t\t\t\tdata-src=\"https:\/\/www.ferienwohnungen-garmischpartenkirchen.de\/wp-content\/uploads\/2025\/11\/mf24950261-768x512.jpg\"\n\t\t\t\t\t\t\talt=\"\"\n\t\t\t\t\t\t\tloading=\"lazy\"\n\t\t\t\t\t\t\tdecoding=\"async\">\n\t\t\t\t\t\t<!-- <li>\n\t\t\t\t\t\t\t<img decoding=\"async\" class=\"lazy\" src=\"\" data-src=\"\" alt=\"\" loading=\"lazy\"\/>\n\t\t\t\t\t\t<\/li> -->\n\t\t\t\t\t\t<!-- <div class=\"swiper-lazy-preloader\"><\/div> -->\n\t\t\t\t\t\t\t\t\t\t<li>\n\t\t\t\t\t\t<img\n\t\t\t\t\t\t\tclass=\"lazy\"\n\t\t\t\t\t\t\tsrc=\"\"\n\t\t\t\t\t\t\tdata-src=\"https:\/\/www.ferienwohnungen-garmischpartenkirchen.de\/wp-content\/uploads\/2025\/11\/mf24950257-768x512.jpg\"\n\t\t\t\t\t\t\talt=\"\"\n\t\t\t\t\t\t\tloading=\"lazy\"\n\t\t\t\t\t\t\tdecoding=\"async\">\n\t\t\t\t\t\t<!-- <li>\n\t\t\t\t\t\t\t<img decoding=\"async\" class=\"lazy\" src=\"\" data-src=\"\" alt=\"\" loading=\"lazy\"\/>\n\t\t\t\t\t\t<\/li> -->\n\t\t\t\t\t\t<!-- <div class=\"swiper-lazy-preloader\"><\/div> -->\n\t\t\t\t\t\t\t\t\t\t<li>\n\t\t\t\t\t\t<img\n\t\t\t\t\t\t\tclass=\"lazy\"\n\t\t\t\t\t\t\tsrc=\"\"\n\t\t\t\t\t\t\tdata-src=\"https:\/\/www.ferienwohnungen-garmischpartenkirchen.de\/wp-content\/uploads\/2025\/11\/mf24950268-768x512.jpg\"\n\t\t\t\t\t\t\talt=\"\"\n\t\t\t\t\t\t\tloading=\"lazy\"\n\t\t\t\t\t\t\tdecoding=\"async\">\n\t\t\t\t\t\t<!-- <li>\n\t\t\t\t\t\t\t<img decoding=\"async\" class=\"lazy\" src=\"\" data-src=\"\" alt=\"\" loading=\"lazy\"\/>\n\t\t\t\t\t\t<\/li> -->\n\t\t\t\t\t\t<!-- <div class=\"swiper-lazy-preloader\"><\/div> -->\n\t\t\t\t\t\t\t\t\t\t<li>\n\t\t\t\t\t\t<img\n\t\t\t\t\t\t\tclass=\"lazy\"\n\t\t\t\t\t\t\tsrc=\"\"\n\t\t\t\t\t\t\tdata-src=\"https:\/\/www.ferienwohnungen-garmischpartenkirchen.de\/wp-content\/uploads\/2025\/11\/mf24950284-768x512.jpg\"\n\t\t\t\t\t\t\talt=\"\"\n\t\t\t\t\t\t\tloading=\"lazy\"\n\t\t\t\t\t\t\tdecoding=\"async\">\n\t\t\t\t\t\t<!-- <li>\n\t\t\t\t\t\t\t<img decoding=\"async\" class=\"lazy\" src=\"\" data-src=\"\" alt=\"\" loading=\"lazy\"\/>\n\t\t\t\t\t\t<\/li> -->\n\t\t\t\t\t\t<!-- <div class=\"swiper-lazy-preloader\"><\/div> -->\n\t\t\t\t\t\t\t\t<\/ul>\n\t\t<\/div>\n\t\n\t<div class=\"info-wrapper\">\n\t\t<div class=\"info-body\">\n\t\t\t<!-- <span class=\"favouritebtn\"> <\/span> -->\n\t\t\t<div class=\"flex heading-wrapper\">\n\t\t\t\t<h4 class=\"unit-title\"><span><a href=\"https:\/\/www.ferienwohnungen-garmischpartenkirchen.de\/de\/unterkuenfte\/ludwig-27\/\">Ludwig 27<\/a><\/span><\/h4>\n\t\t\t\t<div class=\"wrap-classification\">\n\t\t\t\t\t<p class=\"unit-region\">\n\t\t\t\t\t\tGarmisch-Partenkirchen\t\t\t\t\t<\/p>\n\t\t\t\t<\/div>\n\t\t\t<\/div>\n\t\t\t<div class=\"details-wrapper\">\n\t\t\t\t<ul>\n\t\t\t\t\t<li><span class=\"wrap-value\">3 G\u00e4ste<\/span><\/li>\n\t\t\t\t\t<span class=\"saperator\"><\/span>\n\t\t\t\t\t<li><span class=\"wrap-value\">1 Schlafzimmer<\/span><\/li>\n\t\t\t\t\t<span class=\"saperator\"><\/span>\n\t\t\t\t\t<li>\n\t\t\t\t\t\t<span class=\"price\" data-price=\"6900\">69,00<\/span> <span class=\"currency\">&euro;<\/span> \t\t\t\t\t<\/li>\n\t\t\t\t<\/ul>\n\t\t\t<\/div>\n\t\t<\/div>\n\t<\/div>\n<\/div><\/div><\/div><\/div><\/div><div class=\"swiper-button-prev\"><\/div><div class=\"swiper-button-next\"><\/div><\/div><\/div>\n\t\t\t\t\t\t<\/div>\n\t\t\t\t<\/div>\n\t\t\t\t\t<\/div>\n\t\t\t\t<\/div>\n\t\t\t\t<\/div>\n\t\t\t\t<\/div>\n\t\t\t\t<\/div>\n\t\t\t\t\t\t<\/div>\n\t\t\t\t<\/div>\n\t\t\t\t<\/div>\n\t\t\t\t<\/div>\n\t\t","protected":false},"excerpt":{"rendered":"<p>Farchanter Alm in Garmisch-Partenkirchen Die Farchanter Alm ist im Sommer und im Winter ein lohnendes Ausflugsziel, nicht nur wegen des sch\u00f6nen Blicks auf das Wettersteingebirge mit Alpspitze und Zugspitze. Im Sommer k\u00f6nnen sich hier Radwanderer und Mountainbiker wohl f\u00fchlen, im Winter gibt es eine Rodelbahn und eine Langlaufloipe, sowie die M\u00f6glichkeit zum Eisstockschie\u00dfen und Eislaufen. [&hellip;]<\/p>\n","protected":false},"author":1,"featured_media":4608,"parent":4460,"menu_order":0,"comment_status":"closed","ping_status":"closed","template":"","meta":{"_acf_changed":false,"footnotes":""},"seitenarte":[17],"class_list":["post-4607","page","type-page","status-publish","has-post-thumbnail","hentry","seitenarte-sehenswuerdigkeiten_item"],"acf":[],"yoast_head":"<!-- This site is optimized with the Yoast SEO plugin v26.6 - https:\/\/yoast.com\/wordpress\/plugins\/seo\/ -->\n<title>Die Farchanter Alm mit Blick auf die Zugspitze - Mahr GmbH<\/title>\n<meta name=\"description\" content=\"Die Farchanter Alm mit Blick auf die Zugspitze \u00fcberzeugt mit seiner Idylle und und seinen herrlichen Ausblicken auf die Berge.\" \/>\n<meta name=\"robots\" content=\"index, follow, max-snippet:-1, max-image-preview:large, max-video-preview:-1\" \/>\n<link rel=\"canonical\" href=\"https:\/\/www.ferienwohnungen-garmischpartenkirchen.de\/de\/sehenswuerdigkeiten\/die-farchanter-alm-mit-blick-auf-die-zugspitze\/\" \/>\n<meta property=\"og:locale\" content=\"de_DE\" \/>\n<meta property=\"og:type\" content=\"article\" \/>\n<meta property=\"og:title\" content=\"Die Farchanter Alm mit Blick auf die Zugspitze - Mahr GmbH\" \/>\n<meta property=\"og:description\" content=\"Die Farchanter Alm mit Blick auf die Zugspitze \u00fcberzeugt mit seiner Idylle und und seinen herrlichen Ausblicken auf die Berge.\" \/>\n<meta property=\"og:url\" content=\"https:\/\/www.ferienwohnungen-garmischpartenkirchen.de\/de\/sehenswuerdigkeiten\/die-farchanter-alm-mit-blick-auf-die-zugspitze\/\" \/>\n<meta property=\"og:site_name\" content=\"Mahr GmbH\" \/>\n<meta property=\"article:modified_time\" content=\"2024-07-31T10:20:07+00:00\" \/>\n<meta property=\"og:image\" content=\"https:\/\/www.ferienwohnungen-garmischpartenkirchen.de\/wp-content\/uploads\/2024\/06\/Farchanter-Alm-1.jpg\" \/>\n\t<meta property=\"og:image:width\" content=\"550\" \/>\n\t<meta property=\"og:image:height\" content=\"250\" \/>\n\t<meta property=\"og:image:type\" content=\"image\/jpeg\" \/>\n<meta name=\"twitter:card\" content=\"summary_large_image\" \/>\n<meta name=\"twitter:label1\" content=\"Gesch\u00e4tzte Lesezeit\" \/>\n\t<meta name=\"twitter:data1\" content=\"2\u00a0Minuten\" \/>\n<script type=\"application\/ld+json\" class=\"yoast-schema-graph\">{\"@context\":\"https:\/\/schema.org\",\"@graph\":[{\"@type\":\"WebPage\",\"@id\":\"https:\/\/www.ferienwohnungen-garmischpartenkirchen.de\/de\/sehenswuerdigkeiten\/die-farchanter-alm-mit-blick-auf-die-zugspitze\/\",\"url\":\"https:\/\/www.ferienwohnungen-garmischpartenkirchen.de\/de\/sehenswuerdigkeiten\/die-farchanter-alm-mit-blick-auf-die-zugspitze\/\",\"name\":\"Die Farchanter Alm mit Blick auf die Zugspitze - Mahr GmbH\",\"isPartOf\":{\"@id\":\"https:\/\/www.ferienwohnungen-garmischpartenkirchen.de\/de\/#website\"},\"primaryImageOfPage\":{\"@id\":\"https:\/\/www.ferienwohnungen-garmischpartenkirchen.de\/de\/sehenswuerdigkeiten\/die-farchanter-alm-mit-blick-auf-die-zugspitze\/#primaryimage\"},\"image\":{\"@id\":\"https:\/\/www.ferienwohnungen-garmischpartenkirchen.de\/de\/sehenswuerdigkeiten\/die-farchanter-alm-mit-blick-auf-die-zugspitze\/#primaryimage\"},\"thumbnailUrl\":\"https:\/\/www.ferienwohnungen-garmischpartenkirchen.de\/wp-content\/uploads\/2024\/06\/Farchanter-Alm-1.jpg\",\"datePublished\":\"2024-06-17T12:47:49+00:00\",\"dateModified\":\"2024-07-31T10:20:07+00:00\",\"description\":\"Die Farchanter Alm mit Blick auf die Zugspitze \u00fcberzeugt mit seiner Idylle und und seinen herrlichen Ausblicken auf die Berge.\",\"breadcrumb\":{\"@id\":\"https:\/\/www.ferienwohnungen-garmischpartenkirchen.de\/de\/sehenswuerdigkeiten\/die-farchanter-alm-mit-blick-auf-die-zugspitze\/#breadcrumb\"},\"inLanguage\":\"de\",\"potentialAction\":[{\"@type\":\"ReadAction\",\"target\":[\"https:\/\/www.ferienwohnungen-garmischpartenkirchen.de\/de\/sehenswuerdigkeiten\/die-farchanter-alm-mit-blick-auf-die-zugspitze\/\"]}]},{\"@type\":\"ImageObject\",\"inLanguage\":\"de\",\"@id\":\"https:\/\/www.ferienwohnungen-garmischpartenkirchen.de\/de\/sehenswuerdigkeiten\/die-farchanter-alm-mit-blick-auf-die-zugspitze\/#primaryimage\",\"url\":\"https:\/\/www.ferienwohnungen-garmischpartenkirchen.de\/wp-content\/uploads\/2024\/06\/Farchanter-Alm-1.jpg\",\"contentUrl\":\"https:\/\/www.ferienwohnungen-garmischpartenkirchen.de\/wp-content\/uploads\/2024\/06\/Farchanter-Alm-1.jpg\",\"width\":550,\"height\":250,\"caption\":\"Die Farchanter Alm mit Blick auf die Zugspitze\"},{\"@type\":\"BreadcrumbList\",\"@id\":\"https:\/\/www.ferienwohnungen-garmischpartenkirchen.de\/de\/sehenswuerdigkeiten\/die-farchanter-alm-mit-blick-auf-die-zugspitze\/#breadcrumb\",\"itemListElement\":[{\"@type\":\"ListItem\",\"position\":1,\"name\":\"Startseite\",\"item\":\"https:\/\/www.ferienwohnungen-garmischpartenkirchen.de\/de\/\"},{\"@type\":\"ListItem\",\"position\":2,\"name\":\"Sehensw\u00fcrdigkeiten\",\"item\":\"https:\/\/www.ferienwohnungen-garmischpartenkirchen.de\/de\/sehenswuerdigkeiten\/\"},{\"@type\":\"ListItem\",\"position\":3,\"name\":\"Die Farchanter Alm mit Blick auf die Zugspitze\"}]},{\"@type\":\"WebSite\",\"@id\":\"https:\/\/www.ferienwohnungen-garmischpartenkirchen.de\/de\/#website\",\"url\":\"https:\/\/www.ferienwohnungen-garmischpartenkirchen.de\/de\/\",\"name\":\"Mahr GmbH\",\"description\":\"\",\"publisher\":{\"@id\":\"https:\/\/www.ferienwohnungen-garmischpartenkirchen.de\/de\/#organization\"},\"potentialAction\":[{\"@type\":\"SearchAction\",\"target\":{\"@type\":\"EntryPoint\",\"urlTemplate\":\"https:\/\/www.ferienwohnungen-garmischpartenkirchen.de\/de\/?s={search_term_string}\"},\"query-input\":{\"@type\":\"PropertyValueSpecification\",\"valueRequired\":true,\"valueName\":\"search_term_string\"}}],\"inLanguage\":\"de\"},{\"@type\":\"Organization\",\"@id\":\"https:\/\/www.ferienwohnungen-garmischpartenkirchen.de\/de\/#organization\",\"name\":\"Mahr GmbH\",\"url\":\"https:\/\/www.ferienwohnungen-garmischpartenkirchen.de\/de\/\",\"logo\":{\"@type\":\"ImageObject\",\"inLanguage\":\"de\",\"@id\":\"https:\/\/www.ferienwohnungen-garmischpartenkirchen.de\/de\/#\/schema\/logo\/image\/\",\"url\":\"https:\/\/www.ferienwohnungen-garmischpartenkirchen.de\/wp-content\/uploads\/2024\/06\/Wortbildmarke_Negativ-1024x253-1.png\",\"contentUrl\":\"https:\/\/www.ferienwohnungen-garmischpartenkirchen.de\/wp-content\/uploads\/2024\/06\/Wortbildmarke_Negativ-1024x253-1.png\",\"width\":1024,\"height\":253,\"caption\":\"Mahr GmbH\"},\"image\":{\"@id\":\"https:\/\/www.ferienwohnungen-garmischpartenkirchen.de\/de\/#\/schema\/logo\/image\/\"}}]}<\/script>\n<!-- \/ Yoast SEO plugin. -->","yoast_head_json":{"title":"Die Farchanter Alm mit Blick auf die Zugspitze - Mahr GmbH","description":"Die Farchanter Alm mit Blick auf die Zugspitze \u00fcberzeugt mit seiner Idylle und und seinen herrlichen Ausblicken auf die Berge.","robots":{"index":"index","follow":"follow","max-snippet":"max-snippet:-1","max-image-preview":"max-image-preview:large","max-video-preview":"max-video-preview:-1"},"canonical":"https:\/\/www.ferienwohnungen-garmischpartenkirchen.de\/de\/sehenswuerdigkeiten\/die-farchanter-alm-mit-blick-auf-die-zugspitze\/","og_locale":"de_DE","og_type":"article","og_title":"Die Farchanter Alm mit Blick auf die Zugspitze - Mahr GmbH","og_description":"Die Farchanter Alm mit Blick auf die Zugspitze \u00fcberzeugt mit seiner Idylle und und seinen herrlichen Ausblicken auf die Berge.","og_url":"https:\/\/www.ferienwohnungen-garmischpartenkirchen.de\/de\/sehenswuerdigkeiten\/die-farchanter-alm-mit-blick-auf-die-zugspitze\/","og_site_name":"Mahr GmbH","article_modified_time":"2024-07-31T10:20:07+00:00","og_image":[{"width":550,"height":250,"url":"https:\/\/www.ferienwohnungen-garmischpartenkirchen.de\/wp-content\/uploads\/2024\/06\/Farchanter-Alm-1.jpg","type":"image\/jpeg"}],"twitter_card":"summary_large_image","twitter_misc":{"Gesch\u00e4tzte Lesezeit":"2\u00a0Minuten"},"schema":{"@context":"https:\/\/schema.org","@graph":[{"@type":"WebPage","@id":"https:\/\/www.ferienwohnungen-garmischpartenkirchen.de\/de\/sehenswuerdigkeiten\/die-farchanter-alm-mit-blick-auf-die-zugspitze\/","url":"https:\/\/www.ferienwohnungen-garmischpartenkirchen.de\/de\/sehenswuerdigkeiten\/die-farchanter-alm-mit-blick-auf-die-zugspitze\/","name":"Die Farchanter Alm mit Blick auf die Zugspitze - Mahr GmbH","isPartOf":{"@id":"https:\/\/www.ferienwohnungen-garmischpartenkirchen.de\/de\/#website"},"primaryImageOfPage":{"@id":"https:\/\/www.ferienwohnungen-garmischpartenkirchen.de\/de\/sehenswuerdigkeiten\/die-farchanter-alm-mit-blick-auf-die-zugspitze\/#primaryimage"},"image":{"@id":"https:\/\/www.ferienwohnungen-garmischpartenkirchen.de\/de\/sehenswuerdigkeiten\/die-farchanter-alm-mit-blick-auf-die-zugspitze\/#primaryimage"},"thumbnailUrl":"https:\/\/www.ferienwohnungen-garmischpartenkirchen.de\/wp-content\/uploads\/2024\/06\/Farchanter-Alm-1.jpg","datePublished":"2024-06-17T12:47:49+00:00","dateModified":"2024-07-31T10:20:07+00:00","description":"Die Farchanter Alm mit Blick auf die Zugspitze \u00fcberzeugt mit seiner Idylle und und seinen herrlichen Ausblicken auf die Berge.","breadcrumb":{"@id":"https:\/\/www.ferienwohnungen-garmischpartenkirchen.de\/de\/sehenswuerdigkeiten\/die-farchanter-alm-mit-blick-auf-die-zugspitze\/#breadcrumb"},"inLanguage":"de","potentialAction":[{"@type":"ReadAction","target":["https:\/\/www.ferienwohnungen-garmischpartenkirchen.de\/de\/sehenswuerdigkeiten\/die-farchanter-alm-mit-blick-auf-die-zugspitze\/"]}]},{"@type":"ImageObject","inLanguage":"de","@id":"https:\/\/www.ferienwohnungen-garmischpartenkirchen.de\/de\/sehenswuerdigkeiten\/die-farchanter-alm-mit-blick-auf-die-zugspitze\/#primaryimage","url":"https:\/\/www.ferienwohnungen-garmischpartenkirchen.de\/wp-content\/uploads\/2024\/06\/Farchanter-Alm-1.jpg","contentUrl":"https:\/\/www.ferienwohnungen-garmischpartenkirchen.de\/wp-content\/uploads\/2024\/06\/Farchanter-Alm-1.jpg","width":550,"height":250,"caption":"Die Farchanter Alm mit Blick auf die Zugspitze"},{"@type":"BreadcrumbList","@id":"https:\/\/www.ferienwohnungen-garmischpartenkirchen.de\/de\/sehenswuerdigkeiten\/die-farchanter-alm-mit-blick-auf-die-zugspitze\/#breadcrumb","itemListElement":[{"@type":"ListItem","position":1,"name":"Startseite","item":"https:\/\/www.ferienwohnungen-garmischpartenkirchen.de\/de\/"},{"@type":"ListItem","position":2,"name":"Sehensw\u00fcrdigkeiten","item":"https:\/\/www.ferienwohnungen-garmischpartenkirchen.de\/de\/sehenswuerdigkeiten\/"},{"@type":"ListItem","position":3,"name":"Die Farchanter Alm mit Blick auf die Zugspitze"}]},{"@type":"WebSite","@id":"https:\/\/www.ferienwohnungen-garmischpartenkirchen.de\/de\/#website","url":"https:\/\/www.ferienwohnungen-garmischpartenkirchen.de\/de\/","name":"Mahr GmbH","description":"","publisher":{"@id":"https:\/\/www.ferienwohnungen-garmischpartenkirchen.de\/de\/#organization"},"potentialAction":[{"@type":"SearchAction","target":{"@type":"EntryPoint","urlTemplate":"https:\/\/www.ferienwohnungen-garmischpartenkirchen.de\/de\/?s={search_term_string}"},"query-input":{"@type":"PropertyValueSpecification","valueRequired":true,"valueName":"search_term_string"}}],"inLanguage":"de"},{"@type":"Organization","@id":"https:\/\/www.ferienwohnungen-garmischpartenkirchen.de\/de\/#organization","name":"Mahr GmbH","url":"https:\/\/www.ferienwohnungen-garmischpartenkirchen.de\/de\/","logo":{"@type":"ImageObject","inLanguage":"de","@id":"https:\/\/www.ferienwohnungen-garmischpartenkirchen.de\/de\/#\/schema\/logo\/image\/","url":"https:\/\/www.ferienwohnungen-garmischpartenkirchen.de\/wp-content\/uploads\/2024\/06\/Wortbildmarke_Negativ-1024x253-1.png","contentUrl":"https:\/\/www.ferienwohnungen-garmischpartenkirchen.de\/wp-content\/uploads\/2024\/06\/Wortbildmarke_Negativ-1024x253-1.png","width":1024,"height":253,"caption":"Mahr GmbH"},"image":{"@id":"https:\/\/www.ferienwohnungen-garmischpartenkirchen.de\/de\/#\/schema\/logo\/image\/"}}]}},"_links":{"self":[{"href":"https:\/\/www.ferienwohnungen-garmischpartenkirchen.de\/de\/wp-json\/wp\/v2\/pages\/4607","targetHints":{"allow":["GET"]}}],"collection":[{"href":"https:\/\/www.ferienwohnungen-garmischpartenkirchen.de\/de\/wp-json\/wp\/v2\/pages"}],"about":[{"href":"https:\/\/www.ferienwohnungen-garmischpartenkirchen.de\/de\/wp-json\/wp\/v2\/types\/page"}],"author":[{"embeddable":true,"href":"https:\/\/www.ferienwohnungen-garmischpartenkirchen.de\/de\/wp-json\/wp\/v2\/users\/1"}],"replies":[{"embeddable":true,"href":"https:\/\/www.ferienwohnungen-garmischpartenkirchen.de\/de\/wp-json\/wp\/v2\/comments?post=4607"}],"version-history":[{"count":26,"href":"https:\/\/www.ferienwohnungen-garmischpartenkirchen.de\/de\/wp-json\/wp\/v2\/pages\/4607\/revisions"}],"predecessor-version":[{"id":9059,"href":"https:\/\/www.ferienwohnungen-garmischpartenkirchen.de\/de\/wp-json\/wp\/v2\/pages\/4607\/revisions\/9059"}],"up":[{"embeddable":true,"href":"https:\/\/www.ferienwohnungen-garmischpartenkirchen.de\/de\/wp-json\/wp\/v2\/pages\/4460"}],"wp:featuredmedia":[{"embeddable":true,"href":"https:\/\/www.ferienwohnungen-garmischpartenkirchen.de\/de\/wp-json\/wp\/v2\/media\/4608"}],"wp:attachment":[{"href":"https:\/\/www.ferienwohnungen-garmischpartenkirchen.de\/de\/wp-json\/wp\/v2\/media?parent=4607"}],"wp:term":[{"taxonomy":"seitenarte","embeddable":true,"href":"https:\/\/www.ferienwohnungen-garmischpartenkirchen.de\/de\/wp-json\/wp\/v2\/seitenarte?post=4607"}],"curies":[{"name":"wp","href":"https:\/\/api.w.org\/{rel}","templated":true}]}}