{"id":4644,"date":"2024-06-17T15:05:04","date_gmt":"2024-06-17T13:05:04","guid":{"rendered":"https:\/\/www.ferienwohnungen-garmischpartenkirchen.de\/?page_id=4644"},"modified":"2024-07-31T12:14:10","modified_gmt":"2024-07-31T10:14:10","slug":"das-schloss-neuschwanstein","status":"publish","type":"page","link":"https:\/\/www.ferienwohnungen-garmischpartenkirchen.de\/de\/sehenswuerdigkeiten\/das-schloss-neuschwanstein\/","title":{"rendered":"Das Schloss Neuschwanstein"},"content":{"rendered":"\t\t<div data-elementor-type=\"wp-page\" data-elementor-id=\"4644\" class=\"elementor elementor-4644\" data-elementor-post-type=\"page\">\n\t\t\t\t<div class=\"elementor-element elementor-element-c7d147a e-con-full e-flex e-con e-parent\" data-id=\"c7d147a\" data-element_type=\"container\">\n\t\t\t\t<div class=\"elementor-element elementor-element-f617a03 elementor-widget elementor-widget-template\" data-id=\"f617a03\" data-element_type=\"widget\" data-widget_type=\"template.default\">\n\t\t\t\t<div class=\"elementor-widget-container\">\n\t\t\t\t\t\t\t<div class=\"elementor-template\">\n\t\t\t\t\t<div data-elementor-type=\"container\" data-elementor-id=\"70\" class=\"elementor elementor-70\" data-elementor-post-type=\"elementor_library\">\n\t\t\t\t<div class=\"elementor-element elementor-element-1a03abe3 e-flex e-con-boxed e-con e-parent\" data-id=\"1a03abe3\" data-element_type=\"container\" data-settings=\"{&quot;background_background&quot;:&quot;classic&quot;}\">\n\t\t\t\t\t<div class=\"e-con-inner\">\n\t\t\t\t\t<\/div>\n\t\t\t\t<\/div>\n\t\t\t\t<\/div>\n\t\t\t\t<\/div>\n\t\t\t\t\t\t<\/div>\n\t\t\t\t<\/div>\n\t\t\t\t<\/div>\n\t\t<div class=\"elementor-element elementor-element-9e64815 e-flex e-con-boxed e-con e-parent\" data-id=\"9e64815\" data-element_type=\"container\">\n\t\t\t\t\t<div class=\"e-con-inner\">\n\t\t\t\t<div class=\"elementor-element elementor-element-e0f1b3e elementor-widget__width-auto elementor-widget-mobile__width-inherit elementor-widget elementor-widget-heading\" data-id=\"e0f1b3e\" data-element_type=\"widget\" data-widget_type=\"heading.default\">\n\t\t\t\t<div class=\"elementor-widget-container\">\n\t\t\t\t\t<h2 class=\"elementor-heading-title elementor-size-default\"><p class=\"beon_heading\">Schloss Neuschwanstein\n\n <\/p>\n<span class=\"beon_subheading_h2\">\n in Garmisch-Partenkirchen\n<\/span><\/h2>\t\t\t\t<\/div>\n\t\t\t\t<\/div>\n\t\t\t\t<div class=\"elementor-element elementor-element-ce27d04 elementor-widget__width-initial elementor-widget-mobile__width-inherit elementor-widget elementor-widget-text-editor\" data-id=\"ce27d04\" data-element_type=\"widget\" data-widget_type=\"text-editor.default\">\n\t\t\t\t<div class=\"elementor-widget-container\">\n\t\t\t\t\t\t\t\t\t<div class=\"sp\"><div class=\"inspectLayerContent block inspectRow\"><div class=\"content\"><p>Die K\u00f6nigsschl\u00f6sser des Bayernk\u00f6nigs Ludwig II. sind in aller Welt bekannt. Allen voran das Schloss Neuschwanstein, durch dessen Bau (1869 bis 1884)und Kulisse sich der K\u00f6nig den Beinamen \u201eM\u00e4rchenk\u00f6nig\u201c verdiente. Das Schloss liegt hoch \u00fcber dem Tal bei F\u00fcssen und kann ganzj\u00e4hrig besichtigt werden. Eine Begehung wert ist auch die Marienbr\u00fccke, die, \u00fcber einer Schlucht h\u00e4ngend, einen sch\u00f6nen Blick auf das Schloss bietet.<\/p><p class=\"redirect-btn\"><a class=\"weiterlesen-btn2\" title=\" \" href=\"http:\/\/www.neuschwanstein.com\/index.htm\" target=\"_blank\" rel=\"noopener\">Webseite<\/a><br \/><a class=\"weiterlesen-btn2\" title=\" \" href=\"http:\/\/goo.gl\/maps\/G71iR\" target=\"_blank\" rel=\"noopener\">Kartenansicht<\/a><\/p><\/div><\/div><\/div>\t\t\t\t\t\t\t\t<\/div>\n\t\t\t\t<\/div>\n\t\t\t\t\t<\/div>\n\t\t\t\t<\/div>\n\t\t<div class=\"elementor-element elementor-element-0213081 e-flex e-con-boxed e-con e-parent\" data-id=\"0213081\" data-element_type=\"container\">\n\t\t\t\t\t<div class=\"e-con-inner\">\n\t\t\t\t<div class=\"elementor-element elementor-element-5a8f17e elementor-widget elementor-widget-template\" data-id=\"5a8f17e\" data-element_type=\"widget\" data-widget_type=\"template.default\">\n\t\t\t\t<div class=\"elementor-widget-container\">\n\t\t\t\t\t\t\t<div class=\"elementor-template\">\n\t\t\t\t\t<div data-elementor-type=\"container\" data-elementor-id=\"8977\" class=\"elementor elementor-8977\" data-elementor-post-type=\"elementor_library\">\n\t\t\t\t<div class=\"elementor-element elementor-element-b681446 e-flex e-con-boxed e-con e-parent\" data-id=\"b681446\" data-element_type=\"container\">\n\t\t\t\t\t<div class=\"e-con-inner\">\n\t\t\t\t<div class=\"elementor-element elementor-element-5cacb96 elementor-arrows-position-outside elementor-widget elementor-widget-image-carousel\" data-id=\"5cacb96\" data-element_type=\"widget\" data-settings=\"{&quot;navigation&quot;:&quot;arrows&quot;,&quot;slides_to_scroll_widescreen&quot;:&quot;1&quot;,&quot;autoplay&quot;:&quot;yes&quot;,&quot;pause_on_hover&quot;:&quot;yes&quot;,&quot;pause_on_interaction&quot;:&quot;yes&quot;,&quot;autoplay_speed&quot;:5000,&quot;infinite&quot;:&quot;yes&quot;,&quot;speed&quot;:500}\" data-widget_type=\"image-carousel.default\">\n\t\t\t\t<div class=\"elementor-widget-container\">\n\t\t\t\t\t\t\t<div class=\"elementor-image-carousel-wrapper swiper\" role=\"region\" aria-roledescription=\"carousel\" aria-label=\"Bild Karussell\" dir=\"ltr\">\n\t\t\t<div class=\"elementor-image-carousel swiper-wrapper\" aria-live=\"off\">\n\t\t\t\t\t\t\t\t<div class=\"swiper-slide\" role=\"group\" aria-roledescription=\"slide\" aria-label=\"1 von 1\"><figure class=\"swiper-slide-inner\"><img decoding=\"async\" class=\"swiper-slide-image\" src=\"https:\/\/www.ferienwohnungen-garmischpartenkirchen.de\/wp-content\/uploads\/elementor\/thumbs\/Ne-img-qqic16sforkgnxumwdl5jfz0tsi8n4qemuy31yb6n4.jpg\" alt=\"Das Schloss Neuschwanstein\" \/><\/figure><\/div>\t\t\t<\/div>\n\t\t\t\t\t<\/div>\n\t\t\t\t\t\t<\/div>\n\t\t\t\t<\/div>\n\t\t\t\t\t<\/div>\n\t\t\t\t<\/div>\n\t\t\t\t<\/div>\n\t\t\t\t<\/div>\n\t\t\t\t\t\t<\/div>\n\t\t\t\t<\/div>\n\t\t\t\t\t<\/div>\n\t\t\t\t<\/div>\n\t\t<div class=\"elementor-element elementor-element-7186cc8 e-con-full e-flex e-con e-parent\" data-id=\"7186cc8\" data-element_type=\"container\" data-settings=\"{&quot;background_background&quot;:&quot;classic&quot;}\">\n\t\t\t\t<div class=\"elementor-element elementor-element-104f97a elementor-widget elementor-widget-template\" data-id=\"104f97a\" data-element_type=\"widget\" data-widget_type=\"template.default\">\n\t\t\t\t<div class=\"elementor-widget-container\">\n\t\t\t\t\t\t\t<div class=\"elementor-template\">\n\t\t\t\t\t<div data-elementor-type=\"container\" data-elementor-id=\"6735\" class=\"elementor elementor-6735\" data-elementor-post-type=\"elementor_library\">\n\t\t\t\t<div class=\"elementor-element elementor-element-6fb438b e-con-full e-flex e-con e-parent\" data-id=\"6fb438b\" data-element_type=\"container\" data-settings=\"{&quot;background_background&quot;:&quot;classic&quot;}\">\n\t\t<div class=\"elementor-element elementor-element-c30cb13 e-flex e-con-boxed e-con e-child\" data-id=\"c30cb13\" data-element_type=\"container\">\n\t\t\t\t\t<div class=\"e-con-inner\">\n\t\t\t\t<div class=\"elementor-element elementor-element-6d3bb38 elementor-widget elementor-widget-spacer\" data-id=\"6d3bb38\" data-element_type=\"widget\" data-widget_type=\"spacer.default\">\n\t\t\t\t<div class=\"elementor-widget-container\">\n\t\t\t\t\t\t\t<div class=\"elementor-spacer\">\n\t\t\t<div class=\"elementor-spacer-inner\"><\/div>\n\t\t<\/div>\n\t\t\t\t\t\t<\/div>\n\t\t\t\t<\/div>\n\t\t\t\t<div class=\"elementor-element elementor-element-05e4bc1 title-icon2 elementor-widget elementor-widget-heading\" data-id=\"05e4bc1\" data-element_type=\"widget\" data-widget_type=\"heading.default\">\n\t\t\t\t<div class=\"elementor-widget-container\">\n\t\t\t\t\t<h2 class=\"elementor-heading-title elementor-size-default\">Entdecken<br> <span class=\"beon_subheading_h2\">Sie unsere Wohnungen<\/span><\/h2>\t\t\t\t<\/div>\n\t\t\t\t<\/div>\n\t\t\t\t<div class=\"elementor-element elementor-element-47bf38d elementor-widget__width-initial elementor-widget-mobile__width-inherit elementor-widget elementor-widget-text-editor\" data-id=\"47bf38d\" data-element_type=\"widget\" data-widget_type=\"text-editor.default\">\n\t\t\t\t<div class=\"elementor-widget-container\">\n\t\t\t\t\t\t\t\t\t<div class=\"sp\"><div class=\"inspectLayerContent block inspectRow\"><div class=\"content\"><p>Profitieren Sie von besten Bedingungen bei der Buchung und bei Ihrem Aufenthalt. Genie\u00dfen Sie umfassenden Service und hochwertige Unterk\u00fcnfte.<\/p><\/div><\/div><\/div>\t\t\t\t\t\t\t\t<\/div>\n\t\t\t\t<\/div>\n\t\t\t\t\t<\/div>\n\t\t\t\t<\/div>\n\t\t<div class=\"elementor-element elementor-element-b0d6837 e-flex e-con-boxed e-con e-child\" data-id=\"b0d6837\" data-element_type=\"container\">\n\t\t\t\t\t<div class=\"e-con-inner\">\n\t\t\t\t<div class=\"elementor-element elementor-element-6e6f1b3 elementor-widget elementor-widget-shortcode\" data-id=\"6e6f1b3\" data-element_type=\"widget\" data-widget_type=\"shortcode.default\">\n\t\t\t\t<div class=\"elementor-widget-container\">\n\t\t\t\t\t\t\t<div class=\"elementor-shortcode\"><div class=\"unitslider-wrapper\"><div class=\"swiper beon-unit-slider\"><div class=\"swiper-wrapper\"><div class=\"swiper-slide\"><div class=\"swiperlisting\"><div class=\"\">\n\t\t\t<div id=\"slider\" class=\"flexslider\">\n\t\t\t<ul class=\"slides\">\n\t\t\t\t\t\t\t\t\t<li>\n\t\t\t\t\t\t<img\n\t\t\t\t\t\t\tclass=\"lazy\"\n\t\t\t\t\t\t\tsrc=\"\"\n\t\t\t\t\t\t\tdata-src=\"https:\/\/www.ferienwohnungen-garmischpartenkirchen.de\/wp-content\/uploads\/2024\/06\/mf8894609-768x512.jpg\"\n\t\t\t\t\t\t\talt=\"Fernseher in Ferienwohnung in Garmisch-Partenkirchen\"\n\t\t\t\t\t\t\tloading=\"lazy\"\n\t\t\t\t\t\t\tdecoding=\"async\">\n\t\t\t\t\t\t<!-- <li>\n\t\t\t\t\t\t\t<img decoding=\"async\" class=\"lazy\" src=\"\" data-src=\"\" alt=\"\" loading=\"lazy\"\/>\n\t\t\t\t\t\t<\/li> -->\n\t\t\t\t\t\t<!-- <div class=\"swiper-lazy-preloader\"><\/div> -->\n\t\t\t\t\t\t\t\t\t\t<li>\n\t\t\t\t\t\t<img\n\t\t\t\t\t\t\tclass=\"lazy\"\n\t\t\t\t\t\t\tsrc=\"\"\n\t\t\t\t\t\t\tdata-src=\"https:\/\/www.ferienwohnungen-garmischpartenkirchen.de\/wp-content\/uploads\/2024\/06\/mf8893126-768x512.jpg\"\n\t\t\t\t\t\t\talt=\"Esszimmer mit St\u00fchlen in Ferienwohnung in Garmisch-Partenkirchen\"\n\t\t\t\t\t\t\tloading=\"lazy\"\n\t\t\t\t\t\t\tdecoding=\"async\">\n\t\t\t\t\t\t<!-- <li>\n\t\t\t\t\t\t\t<img decoding=\"async\" class=\"lazy\" src=\"\" data-src=\"\" alt=\"\" loading=\"lazy\"\/>\n\t\t\t\t\t\t<\/li> -->\n\t\t\t\t\t\t<!-- <div class=\"swiper-lazy-preloader\"><\/div> -->\n\t\t\t\t\t\t\t\t\t\t<li>\n\t\t\t\t\t\t<img\n\t\t\t\t\t\t\tclass=\"lazy\"\n\t\t\t\t\t\t\tsrc=\"\"\n\t\t\t\t\t\t\tdata-src=\"https:\/\/www.ferienwohnungen-garmischpartenkirchen.de\/wp-content\/uploads\/2024\/06\/mf8894625-768x512.jpg\"\n\t\t\t\t\t\t\talt=\"Doppelbett mit Fernseher in Ferienwohnung in Garmisch-Partenkirchen\"\n\t\t\t\t\t\t\tloading=\"lazy\"\n\t\t\t\t\t\t\tdecoding=\"async\">\n\t\t\t\t\t\t<!-- <li>\n\t\t\t\t\t\t\t<img decoding=\"async\" class=\"lazy\" src=\"\" data-src=\"\" alt=\"\" loading=\"lazy\"\/>\n\t\t\t\t\t\t<\/li> -->\n\t\t\t\t\t\t<!-- <div class=\"swiper-lazy-preloader\"><\/div> -->\n\t\t\t\t\t\t\t\t\t\t<li>\n\t\t\t\t\t\t<img\n\t\t\t\t\t\t\tclass=\"lazy\"\n\t\t\t\t\t\t\tsrc=\"\"\n\t\t\t\t\t\t\tdata-src=\"https:\/\/www.ferienwohnungen-garmischpartenkirchen.de\/wp-content\/uploads\/2024\/06\/mf3699244-768x512.jpg\"\n\t\t\t\t\t\t\talt=\"Badezimmer mit lila Tapete in Ferienwohnung in Garmisch-Partenkirchen\"\n\t\t\t\t\t\t\tloading=\"lazy\"\n\t\t\t\t\t\t\tdecoding=\"async\">\n\t\t\t\t\t\t<!-- <li>\n\t\t\t\t\t\t\t<img decoding=\"async\" class=\"lazy\" src=\"\" data-src=\"\" alt=\"\" loading=\"lazy\"\/>\n\t\t\t\t\t\t<\/li> -->\n\t\t\t\t\t\t<!-- <div class=\"swiper-lazy-preloader\"><\/div> -->\n\t\t\t\t\t\t\t\t\t\t<li>\n\t\t\t\t\t\t<img\n\t\t\t\t\t\t\tclass=\"lazy\"\n\t\t\t\t\t\t\tsrc=\"\"\n\t\t\t\t\t\t\tdata-src=\"https:\/\/www.ferienwohnungen-garmischpartenkirchen.de\/wp-content\/uploads\/2024\/06\/mf16011303.jpg\"\n\t\t\t\t\t\t\talt=\"Sicht auf Berge in Ferienwohnung in Garmisch-Partenkirchen\"\n\t\t\t\t\t\t\tloading=\"lazy\"\n\t\t\t\t\t\t\tdecoding=\"async\">\n\t\t\t\t\t\t<!-- <li>\n\t\t\t\t\t\t\t<img decoding=\"async\" class=\"lazy\" src=\"\" data-src=\"\" alt=\"\" loading=\"lazy\"\/>\n\t\t\t\t\t\t<\/li> -->\n\t\t\t\t\t\t<!-- <div class=\"swiper-lazy-preloader\"><\/div> -->\n\t\t\t\t\t\t\t\t<\/ul>\n\t\t<\/div>\n\t\n\t<div class=\"info-wrapper\">\n\t\t<div class=\"info-body\">\n\t\t\t<!-- <span class=\"favouritebtn\"> <\/span> -->\n\t\t\t<div class=\"flex heading-wrapper\">\n\t\t\t\t<h4 class=\"unit-title\"><span><a href=\"https:\/\/www.ferienwohnungen-garmischpartenkirchen.de\/de\/unterkuenfte\/alpennest\/\">Alpennest<\/a><\/span><\/h4>\n\t\t\t\t<div class=\"wrap-classification\">\n\t\t\t\t\t<p class=\"unit-region\">\n\t\t\t\t\t\tGarmisch-Partenkirchen\t\t\t\t\t<\/p>\n\t\t\t\t<\/div>\n\t\t\t<\/div>\n\t\t\t<div class=\"details-wrapper\">\n\t\t\t\t<ul>\n\t\t\t\t\t<li><span class=\"wrap-value\">4 G\u00e4ste<\/span><\/li>\n\t\t\t\t\t<span class=\"saperator\"><\/span>\n\t\t\t\t\t<li><span class=\"wrap-value\">2 Schlafzimmer<\/span><\/li>\n\t\t\t\t\t<span class=\"saperator\"><\/span>\n\t\t\t\t\t<li>\n\t\t\t\t\t\t<span class=\"price\" data-price=\"7500\">75,00<\/span> <span class=\"currency\">&euro;<\/span> \t\t\t\t\t<\/li>\n\t\t\t\t<\/ul>\n\t\t\t<\/div>\n\t\t<\/div>\n\t<\/div>\n<\/div><\/div><\/div><div class=\"swiper-slide\"><div class=\"swiperlisting\"><div class=\"\">\n\t\t\t<div id=\"slider\" class=\"flexslider\">\n\t\t\t<ul class=\"slides\">\n\t\t\t\t\t\t\t\t\t<li>\n\t\t\t\t\t\t<img\n\t\t\t\t\t\t\tclass=\"lazy\"\n\t\t\t\t\t\t\tsrc=\"\"\n\t\t\t\t\t\t\tdata-src=\"https:\/\/www.ferienwohnungen-garmischpartenkirchen.de\/wp-content\/uploads\/2025\/12\/mf25273750-768x512.jpg\"\n\t\t\t\t\t\t\talt=\"\"\n\t\t\t\t\t\t\tloading=\"lazy\"\n\t\t\t\t\t\t\tdecoding=\"async\">\n\t\t\t\t\t\t<!-- <li>\n\t\t\t\t\t\t\t<img decoding=\"async\" class=\"lazy\" src=\"\" data-src=\"\" alt=\"\" loading=\"lazy\"\/>\n\t\t\t\t\t\t<\/li> -->\n\t\t\t\t\t\t<!-- <div class=\"swiper-lazy-preloader\"><\/div> -->\n\t\t\t\t\t\t\t\t\t\t<li>\n\t\t\t\t\t\t<img\n\t\t\t\t\t\t\tclass=\"lazy\"\n\t\t\t\t\t\t\tsrc=\"\"\n\t\t\t\t\t\t\tdata-src=\"https:\/\/www.ferienwohnungen-garmischpartenkirchen.de\/wp-content\/uploads\/2025\/12\/mf25273751-768x512.jpg\"\n\t\t\t\t\t\t\talt=\"\"\n\t\t\t\t\t\t\tloading=\"lazy\"\n\t\t\t\t\t\t\tdecoding=\"async\">\n\t\t\t\t\t\t<!-- <li>\n\t\t\t\t\t\t\t<img decoding=\"async\" class=\"lazy\" src=\"\" data-src=\"\" alt=\"\" loading=\"lazy\"\/>\n\t\t\t\t\t\t<\/li> -->\n\t\t\t\t\t\t<!-- <div class=\"swiper-lazy-preloader\"><\/div> -->\n\t\t\t\t\t\t\t\t\t\t<li>\n\t\t\t\t\t\t<img\n\t\t\t\t\t\t\tclass=\"lazy\"\n\t\t\t\t\t\t\tsrc=\"\"\n\t\t\t\t\t\t\tdata-src=\"https:\/\/www.ferienwohnungen-garmischpartenkirchen.de\/wp-content\/uploads\/2025\/12\/mf25273752-768x512.jpg\"\n\t\t\t\t\t\t\talt=\"\"\n\t\t\t\t\t\t\tloading=\"lazy\"\n\t\t\t\t\t\t\tdecoding=\"async\">\n\t\t\t\t\t\t<!-- <li>\n\t\t\t\t\t\t\t<img decoding=\"async\" class=\"lazy\" src=\"\" data-src=\"\" alt=\"\" loading=\"lazy\"\/>\n\t\t\t\t\t\t<\/li> -->\n\t\t\t\t\t\t<!-- <div class=\"swiper-lazy-preloader\"><\/div> -->\n\t\t\t\t\t\t\t\t\t\t<li>\n\t\t\t\t\t\t<img\n\t\t\t\t\t\t\tclass=\"lazy\"\n\t\t\t\t\t\t\tsrc=\"\"\n\t\t\t\t\t\t\tdata-src=\"https:\/\/www.ferienwohnungen-garmischpartenkirchen.de\/wp-content\/uploads\/2025\/12\/mf25273753-768x512.jpg\"\n\t\t\t\t\t\t\talt=\"\"\n\t\t\t\t\t\t\tloading=\"lazy\"\n\t\t\t\t\t\t\tdecoding=\"async\">\n\t\t\t\t\t\t<!-- <li>\n\t\t\t\t\t\t\t<img decoding=\"async\" class=\"lazy\" src=\"\" data-src=\"\" alt=\"\" loading=\"lazy\"\/>\n\t\t\t\t\t\t<\/li> -->\n\t\t\t\t\t\t<!-- <div class=\"swiper-lazy-preloader\"><\/div> -->\n\t\t\t\t\t\t\t\t\t\t<li>\n\t\t\t\t\t\t<img\n\t\t\t\t\t\t\tclass=\"lazy\"\n\t\t\t\t\t\t\tsrc=\"\"\n\t\t\t\t\t\t\tdata-src=\"https:\/\/www.ferienwohnungen-garmischpartenkirchen.de\/wp-content\/uploads\/2025\/12\/mf25273754-768x512.jpg\"\n\t\t\t\t\t\t\talt=\"\"\n\t\t\t\t\t\t\tloading=\"lazy\"\n\t\t\t\t\t\t\tdecoding=\"async\">\n\t\t\t\t\t\t<!-- <li>\n\t\t\t\t\t\t\t<img decoding=\"async\" class=\"lazy\" src=\"\" data-src=\"\" alt=\"\" loading=\"lazy\"\/>\n\t\t\t\t\t\t<\/li> -->\n\t\t\t\t\t\t<!-- <div class=\"swiper-lazy-preloader\"><\/div> -->\n\t\t\t\t\t\t\t\t<\/ul>\n\t\t<\/div>\n\t\n\t<div class=\"info-wrapper\">\n\t\t<div class=\"info-body\">\n\t\t\t<!-- <span class=\"favouritebtn\"> <\/span> -->\n\t\t\t<div class=\"flex heading-wrapper\">\n\t\t\t\t<h4 class=\"unit-title\"><span><a href=\"https:\/\/www.ferienwohnungen-garmischpartenkirchen.de\/de\/unterkuenfte\/sommerfrische\/\">Sommerfrische<\/a><\/span><\/h4>\n\t\t\t\t<div class=\"wrap-classification\">\n\t\t\t\t\t<p class=\"unit-region\">\n\t\t\t\t\t\tFarchant\t\t\t\t\t<\/p>\n\t\t\t\t<\/div>\n\t\t\t<\/div>\n\t\t\t<div class=\"details-wrapper\">\n\t\t\t\t<ul>\n\t\t\t\t\t<li><span class=\"wrap-value\">2 G\u00e4ste<\/span><\/li>\n\t\t\t\t\t<span class=\"saperator\"><\/span>\n\t\t\t\t\t<li><span class=\"wrap-value\">1 Schlafzimmer<\/span><\/li>\n\t\t\t\t\t<span class=\"saperator\"><\/span>\n\t\t\t\t\t<li>\n\t\t\t\t\t\t<span class=\"price\" data-price=\"2900\">29,00<\/span> <span class=\"currency\">&euro;<\/span> \t\t\t\t\t<\/li>\n\t\t\t\t<\/ul>\n\t\t\t<\/div>\n\t\t<\/div>\n\t<\/div>\n<\/div><\/div><\/div><div class=\"swiper-slide\"><div class=\"swiperlisting\"><div class=\"\">\n\t\t\t<div id=\"slider\" class=\"flexslider\">\n\t\t\t<ul class=\"slides\">\n\t\t\t\t\t\t\t\t\t<li>\n\t\t\t\t\t\t<img\n\t\t\t\t\t\t\tclass=\"lazy\"\n\t\t\t\t\t\t\tsrc=\"\"\n\t\t\t\t\t\t\tdata-src=\"https:\/\/www.ferienwohnungen-garmischpartenkirchen.de\/wp-content\/uploads\/2024\/06\/mf12986326-768x513.jpg\"\n\t\t\t\t\t\t\talt=\"Gesch\u00e4fte in Garmisch-Partenkirchen\"\n\t\t\t\t\t\t\tloading=\"lazy\"\n\t\t\t\t\t\t\tdecoding=\"async\">\n\t\t\t\t\t\t<!-- <li>\n\t\t\t\t\t\t\t<img decoding=\"async\" class=\"lazy\" src=\"\" data-src=\"\" alt=\"\" loading=\"lazy\"\/>\n\t\t\t\t\t\t<\/li> -->\n\t\t\t\t\t\t<!-- <div class=\"swiper-lazy-preloader\"><\/div> -->\n\t\t\t\t\t\t\t\t\t\t<li>\n\t\t\t\t\t\t<img\n\t\t\t\t\t\t\tclass=\"lazy\"\n\t\t\t\t\t\t\tsrc=\"\"\n\t\t\t\t\t\t\tdata-src=\"https:\/\/www.ferienwohnungen-garmischpartenkirchen.de\/wp-content\/uploads\/2024\/06\/mf5056267-768x512.jpg\"\n\t\t\t\t\t\t\talt=\"Schlafzimmer mit einer blauen Wand und braunen Nachtischen in Ferienwohnung in Garmisch-Partenkirchen\"\n\t\t\t\t\t\t\tloading=\"lazy\"\n\t\t\t\t\t\t\tdecoding=\"async\">\n\t\t\t\t\t\t<!-- <li>\n\t\t\t\t\t\t\t<img decoding=\"async\" class=\"lazy\" src=\"\" data-src=\"\" alt=\"\" loading=\"lazy\"\/>\n\t\t\t\t\t\t<\/li> -->\n\t\t\t\t\t\t<!-- <div class=\"swiper-lazy-preloader\"><\/div> -->\n\t\t\t\t\t\t\t\t\t\t<li>\n\t\t\t\t\t\t<img\n\t\t\t\t\t\t\tclass=\"lazy\"\n\t\t\t\t\t\t\tsrc=\"\"\n\t\t\t\t\t\t\tdata-src=\"https:\/\/www.ferienwohnungen-garmischpartenkirchen.de\/wp-content\/uploads\/2024\/06\/mf5056254-768x512.jpg\"\n\t\t\t\t\t\t\talt=\"K\u00fcchenzeile mit wei\u00dfen Schr\u00e4nken in Ferienwohnung in Garmisch-Partenkirchen\"\n\t\t\t\t\t\t\tloading=\"lazy\"\n\t\t\t\t\t\t\tdecoding=\"async\">\n\t\t\t\t\t\t<!-- <li>\n\t\t\t\t\t\t\t<img decoding=\"async\" class=\"lazy\" src=\"\" data-src=\"\" alt=\"\" loading=\"lazy\"\/>\n\t\t\t\t\t\t<\/li> -->\n\t\t\t\t\t\t<!-- <div class=\"swiper-lazy-preloader\"><\/div> -->\n\t\t\t\t\t\t\t\t\t\t<li>\n\t\t\t\t\t\t<img\n\t\t\t\t\t\t\tclass=\"lazy\"\n\t\t\t\t\t\t\tsrc=\"\"\n\t\t\t\t\t\t\tdata-src=\"https:\/\/www.ferienwohnungen-garmischpartenkirchen.de\/wp-content\/uploads\/2024\/06\/mf5056239-768x512.jpg\"\n\t\t\t\t\t\t\talt=\"Wohnbereich in Holz-Optik in Ferienwohnung in Garmisch-Partenkirchen\"\n\t\t\t\t\t\t\tloading=\"lazy\"\n\t\t\t\t\t\t\tdecoding=\"async\">\n\t\t\t\t\t\t<!-- <li>\n\t\t\t\t\t\t\t<img decoding=\"async\" class=\"lazy\" src=\"\" data-src=\"\" alt=\"\" loading=\"lazy\"\/>\n\t\t\t\t\t\t<\/li> -->\n\t\t\t\t\t\t<!-- <div class=\"swiper-lazy-preloader\"><\/div> -->\n\t\t\t\t\t\t\t\t\t\t<li>\n\t\t\t\t\t\t<img\n\t\t\t\t\t\t\tclass=\"lazy\"\n\t\t\t\t\t\t\tsrc=\"\"\n\t\t\t\t\t\t\tdata-src=\"https:\/\/www.ferienwohnungen-garmischpartenkirchen.de\/wp-content\/uploads\/2024\/06\/mf5056285-768x512.jpg\"\n\t\t\t\t\t\t\talt=\"Badezimmer mit Dekoration in Ferienwohnung in Garmisch-Partenkirchen\"\n\t\t\t\t\t\t\tloading=\"lazy\"\n\t\t\t\t\t\t\tdecoding=\"async\">\n\t\t\t\t\t\t<!-- <li>\n\t\t\t\t\t\t\t<img decoding=\"async\" class=\"lazy\" src=\"\" data-src=\"\" alt=\"\" loading=\"lazy\"\/>\n\t\t\t\t\t\t<\/li> -->\n\t\t\t\t\t\t<!-- <div class=\"swiper-lazy-preloader\"><\/div> -->\n\t\t\t\t\t\t\t\t<\/ul>\n\t\t<\/div>\n\t\n\t<div class=\"info-wrapper\">\n\t\t<div class=\"info-body\">\n\t\t\t<!-- <span class=\"favouritebtn\"> <\/span> -->\n\t\t\t<div class=\"flex heading-wrapper\">\n\t\t\t\t<h4 class=\"unit-title\"><span><a href=\"https:\/\/www.ferienwohnungen-garmischpartenkirchen.de\/de\/unterkuenfte\/alpenkraehe\/\">Alpenkr\u00e4he<\/a><\/span><\/h4>\n\t\t\t\t<div class=\"wrap-classification\">\n\t\t\t\t\t<p class=\"unit-region\">\n\t\t\t\t\t\tGarmisch-Partenkirchen\t\t\t\t\t<\/p>\n\t\t\t\t<\/div>\n\t\t\t<\/div>\n\t\t\t<div class=\"details-wrapper\">\n\t\t\t\t<ul>\n\t\t\t\t\t<li><span class=\"wrap-value\">7 G\u00e4ste<\/span><\/li>\n\t\t\t\t\t<span class=\"saperator\"><\/span>\n\t\t\t\t\t<li><span class=\"wrap-value\">2 Schlafzimmer<\/span><\/li>\n\t\t\t\t\t<span class=\"saperator\"><\/span>\n\t\t\t\t\t<li>\n\t\t\t\t\t\t<span class=\"price\" data-price=\"8900\">89,00<\/span> <span class=\"currency\">&euro;<\/span> \t\t\t\t\t<\/li>\n\t\t\t\t<\/ul>\n\t\t\t<\/div>\n\t\t<\/div>\n\t<\/div>\n<\/div><\/div><\/div><div class=\"swiper-slide\"><div class=\"swiperlisting\"><div class=\"\">\n\t\t\t<div id=\"slider\" class=\"flexslider\">\n\t\t\t<ul class=\"slides\">\n\t\t\t\t\t\t\t\t\t<li>\n\t\t\t\t\t\t<img\n\t\t\t\t\t\t\tclass=\"lazy\"\n\t\t\t\t\t\t\tsrc=\"\"\n\t\t\t\t\t\t\tdata-src=\"https:\/\/www.ferienwohnungen-garmischpartenkirchen.de\/wp-content\/uploads\/2024\/06\/mf3722634-768x512.jpg\"\n\t\t\t\t\t\t\talt=\"Sessel mit rundem Holztisch in Ferienwohnung in Garmisch-Partenkirchen\"\n\t\t\t\t\t\t\tloading=\"lazy\"\n\t\t\t\t\t\t\tdecoding=\"async\">\n\t\t\t\t\t\t<!-- <li>\n\t\t\t\t\t\t\t<img decoding=\"async\" class=\"lazy\" src=\"\" data-src=\"\" alt=\"\" loading=\"lazy\"\/>\n\t\t\t\t\t\t<\/li> -->\n\t\t\t\t\t\t<!-- <div class=\"swiper-lazy-preloader\"><\/div> -->\n\t\t\t\t\t\t\t\t\t\t<li>\n\t\t\t\t\t\t<img\n\t\t\t\t\t\t\tclass=\"lazy\"\n\t\t\t\t\t\t\tsrc=\"\"\n\t\t\t\t\t\t\tdata-src=\"https:\/\/www.ferienwohnungen-garmischpartenkirchen.de\/wp-content\/uploads\/2024\/06\/mf3722648-768x512.jpg\"\n\t\t\t\t\t\t\talt=\"Wohnbereich mit rustikalem Schrank in Ferienwohnung in Garmisch-Partenkirchen\"\n\t\t\t\t\t\t\tloading=\"lazy\"\n\t\t\t\t\t\t\tdecoding=\"async\">\n\t\t\t\t\t\t<!-- <li>\n\t\t\t\t\t\t\t<img decoding=\"async\" class=\"lazy\" src=\"\" data-src=\"\" alt=\"\" loading=\"lazy\"\/>\n\t\t\t\t\t\t<\/li> -->\n\t\t\t\t\t\t<!-- <div class=\"swiper-lazy-preloader\"><\/div> -->\n\t\t\t\t\t\t\t\t\t\t<li>\n\t\t\t\t\t\t<img\n\t\t\t\t\t\t\tclass=\"lazy\"\n\t\t\t\t\t\t\tsrc=\"\"\n\t\t\t\t\t\t\tdata-src=\"https:\/\/www.ferienwohnungen-garmischpartenkirchen.de\/wp-content\/uploads\/2024\/06\/mf3722655-768x512.jpg\"\n\t\t\t\t\t\t\talt=\"Wei\u00dfes Bett mit Holzr\u00fcckwand in Ferienwohnung in Garmisch-Partenkirchen\"\n\t\t\t\t\t\t\tloading=\"lazy\"\n\t\t\t\t\t\t\tdecoding=\"async\">\n\t\t\t\t\t\t<!-- <li>\n\t\t\t\t\t\t\t<img decoding=\"async\" class=\"lazy\" src=\"\" data-src=\"\" alt=\"\" loading=\"lazy\"\/>\n\t\t\t\t\t\t<\/li> -->\n\t\t\t\t\t\t<!-- <div class=\"swiper-lazy-preloader\"><\/div> -->\n\t\t\t\t\t\t\t\t\t\t<li>\n\t\t\t\t\t\t<img\n\t\t\t\t\t\t\tclass=\"lazy\"\n\t\t\t\t\t\t\tsrc=\"\"\n\t\t\t\t\t\t\tdata-src=\"https:\/\/www.ferienwohnungen-garmischpartenkirchen.de\/wp-content\/uploads\/2024\/06\/mf3722624-768x512.jpg\"\n\t\t\t\t\t\t\talt=\"Beiges Badezimmer mit ebenerdiger Dusche in Ferienwohnung in Garmisch-Partenkirchen\"\n\t\t\t\t\t\t\tloading=\"lazy\"\n\t\t\t\t\t\t\tdecoding=\"async\">\n\t\t\t\t\t\t<!-- <li>\n\t\t\t\t\t\t\t<img decoding=\"async\" class=\"lazy\" src=\"\" data-src=\"\" alt=\"\" loading=\"lazy\"\/>\n\t\t\t\t\t\t<\/li> -->\n\t\t\t\t\t\t<!-- <div class=\"swiper-lazy-preloader\"><\/div> -->\n\t\t\t\t\t\t\t\t\t\t<li>\n\t\t\t\t\t\t<img\n\t\t\t\t\t\t\tclass=\"lazy\"\n\t\t\t\t\t\t\tsrc=\"\"\n\t\t\t\t\t\t\tdata-src=\"https:\/\/www.ferienwohnungen-garmischpartenkirchen.de\/wp-content\/uploads\/2024\/06\/mf3722628-768x512.jpg\"\n\t\t\t\t\t\t\talt=\"Balkon mit Stuhl und Blick auf die Alpen in Ferienwohnung in Garmisch-Partenkirchen\"\n\t\t\t\t\t\t\tloading=\"lazy\"\n\t\t\t\t\t\t\tdecoding=\"async\">\n\t\t\t\t\t\t<!-- <li>\n\t\t\t\t\t\t\t<img decoding=\"async\" class=\"lazy\" src=\"\" data-src=\"\" alt=\"\" loading=\"lazy\"\/>\n\t\t\t\t\t\t<\/li> -->\n\t\t\t\t\t\t<!-- <div class=\"swiper-lazy-preloader\"><\/div> -->\n\t\t\t\t\t\t\t\t<\/ul>\n\t\t<\/div>\n\t\n\t<div class=\"info-wrapper\">\n\t\t<div class=\"info-body\">\n\t\t\t<!-- <span class=\"favouritebtn\"> <\/span> -->\n\t\t\t<div class=\"flex heading-wrapper\">\n\t\t\t\t<h4 class=\"unit-title\"><span><a href=\"https:\/\/www.ferienwohnungen-garmischpartenkirchen.de\/de\/unterkuenfte\/wiesenglueck\/\">Wiesengl\u00fcck<\/a><\/span><\/h4>\n\t\t\t\t<div class=\"wrap-classification\">\n\t\t\t\t\t<p class=\"unit-region\">\n\t\t\t\t\t\tGarmisch-Partenkirchen\t\t\t\t\t<\/p>\n\t\t\t\t<\/div>\n\t\t\t<\/div>\n\t\t\t<div class=\"details-wrapper\">\n\t\t\t\t<ul>\n\t\t\t\t\t<li><span class=\"wrap-value\">6 G\u00e4ste<\/span><\/li>\n\t\t\t\t\t<span class=\"saperator\"><\/span>\n\t\t\t\t\t<li><span class=\"wrap-value\">2 Schlafzimmer<\/span><\/li>\n\t\t\t\t\t<span class=\"saperator\"><\/span>\n\t\t\t\t\t<li>\n\t\t\t\t\t\t<span class=\"price\" data-price=\"8900\">89,00<\/span> <span class=\"currency\">&euro;<\/span> \t\t\t\t\t<\/li>\n\t\t\t\t<\/ul>\n\t\t\t<\/div>\n\t\t<\/div>\n\t<\/div>\n<\/div><\/div><\/div><div class=\"swiper-slide\"><div class=\"swiperlisting\"><div class=\"\">\n\t\t\t<div id=\"slider\" class=\"flexslider\">\n\t\t\t<ul class=\"slides\">\n\t\t\t\t\t\t\t\t\t<li>\n\t\t\t\t\t\t<img\n\t\t\t\t\t\t\tclass=\"lazy\"\n\t\t\t\t\t\t\tsrc=\"\"\n\t\t\t\t\t\t\tdata-src=\"https:\/\/www.ferienwohnungen-garmischpartenkirchen.de\/wp-content\/uploads\/2024\/06\/mf3721728-768x512.jpg\"\n\t\t\t\t\t\t\talt=\"Sofa und Fernseher in Ferienwohnung in Garmisch-Partenkirchen\"\n\t\t\t\t\t\t\tloading=\"lazy\"\n\t\t\t\t\t\t\tdecoding=\"async\">\n\t\t\t\t\t\t<!-- <li>\n\t\t\t\t\t\t\t<img decoding=\"async\" class=\"lazy\" src=\"\" data-src=\"\" alt=\"\" loading=\"lazy\"\/>\n\t\t\t\t\t\t<\/li> -->\n\t\t\t\t\t\t<!-- <div class=\"swiper-lazy-preloader\"><\/div> -->\n\t\t\t\t\t\t\t\t\t\t<li>\n\t\t\t\t\t\t<img\n\t\t\t\t\t\t\tclass=\"lazy\"\n\t\t\t\t\t\t\tsrc=\"\"\n\t\t\t\t\t\t\tdata-src=\"https:\/\/www.ferienwohnungen-garmischpartenkirchen.de\/wp-content\/uploads\/2024\/06\/mf3721744-768x512.jpg\"\n\t\t\t\t\t\t\talt=\"Barhocker mit Sofa in Ferienwohnung in Garmisch-Partenkirchen\"\n\t\t\t\t\t\t\tloading=\"lazy\"\n\t\t\t\t\t\t\tdecoding=\"async\">\n\t\t\t\t\t\t<!-- <li>\n\t\t\t\t\t\t\t<img decoding=\"async\" class=\"lazy\" src=\"\" data-src=\"\" alt=\"\" loading=\"lazy\"\/>\n\t\t\t\t\t\t<\/li> -->\n\t\t\t\t\t\t<!-- <div class=\"swiper-lazy-preloader\"><\/div> -->\n\t\t\t\t\t\t\t\t\t\t<li>\n\t\t\t\t\t\t<img\n\t\t\t\t\t\t\tclass=\"lazy\"\n\t\t\t\t\t\t\tsrc=\"\"\n\t\t\t\t\t\t\tdata-src=\"https:\/\/www.ferienwohnungen-garmischpartenkirchen.de\/wp-content\/uploads\/2024\/06\/mf3721736-768x512.jpg\"\n\t\t\t\t\t\t\talt=\"Doppelbett mit Kleiderschrank in Ferienwohnung in Garmisch-Partenkirchen\"\n\t\t\t\t\t\t\tloading=\"lazy\"\n\t\t\t\t\t\t\tdecoding=\"async\">\n\t\t\t\t\t\t<!-- <li>\n\t\t\t\t\t\t\t<img decoding=\"async\" class=\"lazy\" src=\"\" data-src=\"\" alt=\"\" loading=\"lazy\"\/>\n\t\t\t\t\t\t<\/li> -->\n\t\t\t\t\t\t<!-- <div class=\"swiper-lazy-preloader\"><\/div> -->\n\t\t\t\t\t\t\t\t\t\t<li>\n\t\t\t\t\t\t<img\n\t\t\t\t\t\t\tclass=\"lazy\"\n\t\t\t\t\t\t\tsrc=\"\"\n\t\t\t\t\t\t\tdata-src=\"https:\/\/www.ferienwohnungen-garmischpartenkirchen.de\/wp-content\/uploads\/2024\/06\/mf3721739-768x512.jpg\"\n\t\t\t\t\t\t\talt=\"Waschbecken mit Spiegel in Ferienwohnung in Garmisch-Partenkirchen\"\n\t\t\t\t\t\t\tloading=\"lazy\"\n\t\t\t\t\t\t\tdecoding=\"async\">\n\t\t\t\t\t\t<!-- <li>\n\t\t\t\t\t\t\t<img decoding=\"async\" class=\"lazy\" src=\"\" data-src=\"\" alt=\"\" loading=\"lazy\"\/>\n\t\t\t\t\t\t<\/li> -->\n\t\t\t\t\t\t<!-- <div class=\"swiper-lazy-preloader\"><\/div> -->\n\t\t\t\t\t\t\t\t\t\t<li>\n\t\t\t\t\t\t<img\n\t\t\t\t\t\t\tclass=\"lazy\"\n\t\t\t\t\t\t\tsrc=\"\"\n\t\t\t\t\t\t\tdata-src=\"https:\/\/www.ferienwohnungen-garmischpartenkirchen.de\/wp-content\/uploads\/2024\/06\/mf3721725-768x512.jpg\"\n\t\t\t\t\t\t\talt=\"zwei Einzelbetten mit Kleiderschrank in Ferienwohnung in Garmisch-Partenkirchen\"\n\t\t\t\t\t\t\tloading=\"lazy\"\n\t\t\t\t\t\t\tdecoding=\"async\">\n\t\t\t\t\t\t<!-- <li>\n\t\t\t\t\t\t\t<img decoding=\"async\" class=\"lazy\" src=\"\" data-src=\"\" alt=\"\" loading=\"lazy\"\/>\n\t\t\t\t\t\t<\/li> -->\n\t\t\t\t\t\t<!-- <div class=\"swiper-lazy-preloader\"><\/div> -->\n\t\t\t\t\t\t\t\t<\/ul>\n\t\t<\/div>\n\t\n\t<div class=\"info-wrapper\">\n\t\t<div class=\"info-body\">\n\t\t\t<!-- <span class=\"favouritebtn\"> <\/span> -->\n\t\t\t<div class=\"flex heading-wrapper\">\n\t\t\t\t<h4 class=\"unit-title\"><span><a href=\"https:\/\/www.ferienwohnungen-garmischpartenkirchen.de\/de\/unterkuenfte\/lebenslust\/\">Lebenslust<\/a><\/span><\/h4>\n\t\t\t\t<div class=\"wrap-classification\">\n\t\t\t\t\t<p class=\"unit-region\">\n\t\t\t\t\t\tFarchant\t\t\t\t\t<\/p>\n\t\t\t\t<\/div>\n\t\t\t<\/div>\n\t\t\t<div class=\"details-wrapper\">\n\t\t\t\t<ul>\n\t\t\t\t\t<li><span class=\"wrap-value\">4 G\u00e4ste<\/span><\/li>\n\t\t\t\t\t<span class=\"saperator\"><\/span>\n\t\t\t\t\t<li><span class=\"wrap-value\">2 Schlafzimmer<\/span><\/li>\n\t\t\t\t\t<span class=\"saperator\"><\/span>\n\t\t\t\t\t<li>\n\t\t\t\t\t\t<span class=\"price\" data-price=\"8900\">89,00<\/span> <span class=\"currency\">&euro;<\/span> \t\t\t\t\t<\/li>\n\t\t\t\t<\/ul>\n\t\t\t<\/div>\n\t\t<\/div>\n\t<\/div>\n<\/div><\/div><\/div><div class=\"swiper-slide\"><div class=\"swiperlisting\"><div class=\"\">\n\t\t\t<div id=\"slider\" class=\"flexslider\">\n\t\t\t<ul class=\"slides\">\n\t\t\t\t\t\t\t\t\t<li>\n\t\t\t\t\t\t<img\n\t\t\t\t\t\t\tclass=\"lazy\"\n\t\t\t\t\t\t\tsrc=\"\"\n\t\t\t\t\t\t\tdata-src=\"https:\/\/www.ferienwohnungen-garmischpartenkirchen.de\/wp-content\/uploads\/2024\/06\/mf13892274-768x512.jpg\"\n\t\t\t\t\t\t\talt=\"graue Sofas in Ferienwohnung in Garmisch-Partenkirchen\"\n\t\t\t\t\t\t\tloading=\"lazy\"\n\t\t\t\t\t\t\tdecoding=\"async\">\n\t\t\t\t\t\t<!-- <li>\n\t\t\t\t\t\t\t<img decoding=\"async\" class=\"lazy\" src=\"\" data-src=\"\" alt=\"\" loading=\"lazy\"\/>\n\t\t\t\t\t\t<\/li> -->\n\t\t\t\t\t\t<!-- <div class=\"swiper-lazy-preloader\"><\/div> -->\n\t\t\t\t\t\t\t\t\t\t<li>\n\t\t\t\t\t\t<img\n\t\t\t\t\t\t\tclass=\"lazy\"\n\t\t\t\t\t\t\tsrc=\"\"\n\t\t\t\t\t\t\tdata-src=\"https:\/\/www.ferienwohnungen-garmischpartenkirchen.de\/wp-content\/uploads\/2024\/06\/mf10976107-768x512.jpg\"\n\t\t\t\t\t\t\talt=\"Dusche und Toilette in Ferienwohnung in Garmisch-Partenkirchen\"\n\t\t\t\t\t\t\tloading=\"lazy\"\n\t\t\t\t\t\t\tdecoding=\"async\">\n\t\t\t\t\t\t<!-- <li>\n\t\t\t\t\t\t\t<img decoding=\"async\" class=\"lazy\" src=\"\" data-src=\"\" alt=\"\" loading=\"lazy\"\/>\n\t\t\t\t\t\t<\/li> -->\n\t\t\t\t\t\t<!-- <div class=\"swiper-lazy-preloader\"><\/div> -->\n\t\t\t\t\t\t\t\t\t\t<li>\n\t\t\t\t\t\t<img\n\t\t\t\t\t\t\tclass=\"lazy\"\n\t\t\t\t\t\t\tsrc=\"\"\n\t\t\t\t\t\t\tdata-src=\"https:\/\/www.ferienwohnungen-garmischpartenkirchen.de\/wp-content\/uploads\/2024\/06\/mf10976096-768x512.jpg\"\n\t\t\t\t\t\t\talt=\"Doppelbett in Ferienwohnung in Garmisch-Partenkirchen\"\n\t\t\t\t\t\t\tloading=\"lazy\"\n\t\t\t\t\t\t\tdecoding=\"async\">\n\t\t\t\t\t\t<!-- <li>\n\t\t\t\t\t\t\t<img decoding=\"async\" class=\"lazy\" src=\"\" data-src=\"\" alt=\"\" loading=\"lazy\"\/>\n\t\t\t\t\t\t<\/li> -->\n\t\t\t\t\t\t<!-- <div class=\"swiper-lazy-preloader\"><\/div> -->\n\t\t\t\t\t\t\t\t\t\t<li>\n\t\t\t\t\t\t<img\n\t\t\t\t\t\t\tclass=\"lazy\"\n\t\t\t\t\t\t\tsrc=\"\"\n\t\t\t\t\t\t\tdata-src=\"https:\/\/www.ferienwohnungen-garmischpartenkirchen.de\/wp-content\/uploads\/2024\/06\/mf10976090-768x512.jpg\"\n\t\t\t\t\t\t\talt=\"K\u00fcche mit Herd in Ferienwohnung in Garmisch-Partenkirchen\"\n\t\t\t\t\t\t\tloading=\"lazy\"\n\t\t\t\t\t\t\tdecoding=\"async\">\n\t\t\t\t\t\t<!-- <li>\n\t\t\t\t\t\t\t<img decoding=\"async\" class=\"lazy\" src=\"\" data-src=\"\" alt=\"\" loading=\"lazy\"\/>\n\t\t\t\t\t\t<\/li> -->\n\t\t\t\t\t\t<!-- <div class=\"swiper-lazy-preloader\"><\/div> -->\n\t\t\t\t\t\t\t\t\t\t<li>\n\t\t\t\t\t\t<img\n\t\t\t\t\t\t\tclass=\"lazy\"\n\t\t\t\t\t\t\tsrc=\"\"\n\t\t\t\t\t\t\tdata-src=\"https:\/\/www.ferienwohnungen-garmischpartenkirchen.de\/wp-content\/uploads\/2024\/06\/mf10976126-768x512.jpg\"\n\t\t\t\t\t\t\talt=\"Au\u00dfenbereich in Ferienwohnung in Garmisch-Partenkirchen\"\n\t\t\t\t\t\t\tloading=\"lazy\"\n\t\t\t\t\t\t\tdecoding=\"async\">\n\t\t\t\t\t\t<!-- <li>\n\t\t\t\t\t\t\t<img decoding=\"async\" class=\"lazy\" src=\"\" data-src=\"\" alt=\"\" loading=\"lazy\"\/>\n\t\t\t\t\t\t<\/li> -->\n\t\t\t\t\t\t<!-- <div class=\"swiper-lazy-preloader\"><\/div> -->\n\t\t\t\t\t\t\t\t<\/ul>\n\t\t<\/div>\n\t\n\t<div class=\"info-wrapper\">\n\t\t<div class=\"info-body\">\n\t\t\t<!-- <span class=\"favouritebtn\"> <\/span> -->\n\t\t\t<div class=\"flex heading-wrapper\">\n\t\t\t\t<h4 class=\"unit-title\"><span><a href=\"https:\/\/www.ferienwohnungen-garmischpartenkirchen.de\/de\/unterkuenfte\/aussicht\/\">Aussicht<\/a><\/span><\/h4>\n\t\t\t\t<div class=\"wrap-classification\">\n\t\t\t\t\t<p class=\"unit-region\">\n\t\t\t\t\t\tGarmisch-Partenkirchen\t\t\t\t\t<\/p>\n\t\t\t\t<\/div>\n\t\t\t<\/div>\n\t\t\t<div class=\"details-wrapper\">\n\t\t\t\t<ul>\n\t\t\t\t\t<li><span class=\"wrap-value\">4 G\u00e4ste<\/span><\/li>\n\t\t\t\t\t<span class=\"saperator\"><\/span>\n\t\t\t\t\t<li><span class=\"wrap-value\">2 Schlafzimmer<\/span><\/li>\n\t\t\t\t\t<span class=\"saperator\"><\/span>\n\t\t\t\t\t<li>\n\t\t\t\t\t\t<span class=\"price\" data-price=\"7900\">79,00<\/span> <span class=\"currency\">&euro;<\/span> \t\t\t\t\t<\/li>\n\t\t\t\t<\/ul>\n\t\t\t<\/div>\n\t\t<\/div>\n\t<\/div>\n<\/div><\/div><\/div><div class=\"swiper-slide\"><div class=\"swiperlisting\"><div class=\"\">\n\t\t\t<div id=\"slider\" class=\"flexslider\">\n\t\t\t<ul class=\"slides\">\n\t\t\t\t\t\t\t\t\t<li>\n\t\t\t\t\t\t<img\n\t\t\t\t\t\t\tclass=\"lazy\"\n\t\t\t\t\t\t\tsrc=\"\"\n\t\t\t\t\t\t\tdata-src=\"https:\/\/www.ferienwohnungen-garmischpartenkirchen.de\/wp-content\/uploads\/2024\/06\/mf14861950-768x512.jpg\"\n\t\t\t\t\t\t\talt=\"Wohnzimmer mit Balkon in Ferienwohnung in Garmisch-Partenkirchen\"\n\t\t\t\t\t\t\tloading=\"lazy\"\n\t\t\t\t\t\t\tdecoding=\"async\">\n\t\t\t\t\t\t<!-- <li>\n\t\t\t\t\t\t\t<img decoding=\"async\" class=\"lazy\" src=\"\" data-src=\"\" alt=\"\" loading=\"lazy\"\/>\n\t\t\t\t\t\t<\/li> -->\n\t\t\t\t\t\t<!-- <div class=\"swiper-lazy-preloader\"><\/div> -->\n\t\t\t\t\t\t\t\t\t\t<li>\n\t\t\t\t\t\t<img\n\t\t\t\t\t\t\tclass=\"lazy\"\n\t\t\t\t\t\t\tsrc=\"\"\n\t\t\t\t\t\t\tdata-src=\"https:\/\/www.ferienwohnungen-garmischpartenkirchen.de\/wp-content\/uploads\/2024\/06\/mf14861955-768x512.jpg\"\n\t\t\t\t\t\t\talt=\"Wohnzimmer mit braunem Sofa in Ferienwohnung in Garmisch-Partenkirchen\"\n\t\t\t\t\t\t\tloading=\"lazy\"\n\t\t\t\t\t\t\tdecoding=\"async\">\n\t\t\t\t\t\t<!-- <li>\n\t\t\t\t\t\t\t<img decoding=\"async\" class=\"lazy\" src=\"\" data-src=\"\" alt=\"\" loading=\"lazy\"\/>\n\t\t\t\t\t\t<\/li> -->\n\t\t\t\t\t\t<!-- <div class=\"swiper-lazy-preloader\"><\/div> -->\n\t\t\t\t\t\t\t\t\t\t<li>\n\t\t\t\t\t\t<img\n\t\t\t\t\t\t\tclass=\"lazy\"\n\t\t\t\t\t\t\tsrc=\"\"\n\t\t\t\t\t\t\tdata-src=\"https:\/\/www.ferienwohnungen-garmischpartenkirchen.de\/wp-content\/uploads\/2024\/06\/mf3699505-768x512.jpg\"\n\t\t\t\t\t\t\talt=\"Doppelbett mit Nachttisch in Ferienwohnung in Garmisch-Partenkirchen\"\n\t\t\t\t\t\t\tloading=\"lazy\"\n\t\t\t\t\t\t\tdecoding=\"async\">\n\t\t\t\t\t\t<!-- <li>\n\t\t\t\t\t\t\t<img decoding=\"async\" class=\"lazy\" src=\"\" data-src=\"\" alt=\"\" loading=\"lazy\"\/>\n\t\t\t\t\t\t<\/li> -->\n\t\t\t\t\t\t<!-- <div class=\"swiper-lazy-preloader\"><\/div> -->\n\t\t\t\t\t\t\t\t\t\t<li>\n\t\t\t\t\t\t<img\n\t\t\t\t\t\t\tclass=\"lazy\"\n\t\t\t\t\t\t\tsrc=\"\"\n\t\t\t\t\t\t\tdata-src=\"https:\/\/www.ferienwohnungen-garmischpartenkirchen.de\/wp-content\/uploads\/2024\/06\/mf3699522-768x512.jpg\"\n\t\t\t\t\t\t\talt=\"Balkon mit Stuhl und Tisch in Ferienwohnung in Garmisch-Partenkirchen\"\n\t\t\t\t\t\t\tloading=\"lazy\"\n\t\t\t\t\t\t\tdecoding=\"async\">\n\t\t\t\t\t\t<!-- <li>\n\t\t\t\t\t\t\t<img decoding=\"async\" class=\"lazy\" src=\"\" data-src=\"\" alt=\"\" loading=\"lazy\"\/>\n\t\t\t\t\t\t<\/li> -->\n\t\t\t\t\t\t<!-- <div class=\"swiper-lazy-preloader\"><\/div> -->\n\t\t\t\t\t\t\t\t\t\t<li>\n\t\t\t\t\t\t<img\n\t\t\t\t\t\t\tclass=\"lazy\"\n\t\t\t\t\t\t\tsrc=\"\"\n\t\t\t\t\t\t\tdata-src=\"https:\/\/www.ferienwohnungen-garmischpartenkirchen.de\/wp-content\/uploads\/2024\/06\/mf3699526-768x512.jpg\"\n\t\t\t\t\t\t\talt=\"Wiese und Alpen in Ferienwohnung in Garmisch-Partenkirchen\"\n\t\t\t\t\t\t\tloading=\"lazy\"\n\t\t\t\t\t\t\tdecoding=\"async\">\n\t\t\t\t\t\t<!-- <li>\n\t\t\t\t\t\t\t<img decoding=\"async\" class=\"lazy\" src=\"\" data-src=\"\" alt=\"\" loading=\"lazy\"\/>\n\t\t\t\t\t\t<\/li> -->\n\t\t\t\t\t\t<!-- <div class=\"swiper-lazy-preloader\"><\/div> -->\n\t\t\t\t\t\t\t\t<\/ul>\n\t\t<\/div>\n\t\n\t<div class=\"info-wrapper\">\n\t\t<div class=\"info-body\">\n\t\t\t<!-- <span class=\"favouritebtn\"> <\/span> -->\n\t\t\t<div class=\"flex heading-wrapper\">\n\t\t\t\t<h4 class=\"unit-title\"><span><a href=\"https:\/\/www.ferienwohnungen-garmischpartenkirchen.de\/de\/unterkuenfte\/ausblick\/\">Ausblick<\/a><\/span><\/h4>\n\t\t\t\t<div class=\"wrap-classification\">\n\t\t\t\t\t<p class=\"unit-region\">\n\t\t\t\t\t\tFarchant\t\t\t\t\t<\/p>\n\t\t\t\t<\/div>\n\t\t\t<\/div>\n\t\t\t<div class=\"details-wrapper\">\n\t\t\t\t<ul>\n\t\t\t\t\t<li><span class=\"wrap-value\">3 G\u00e4ste<\/span><\/li>\n\t\t\t\t\t<span class=\"saperator\"><\/span>\n\t\t\t\t\t<li><span class=\"wrap-value\">1 Schlafzimmer<\/span><\/li>\n\t\t\t\t\t<span class=\"saperator\"><\/span>\n\t\t\t\t\t<li>\n\t\t\t\t\t\t<span class=\"price\" data-price=\"3900\">39,00<\/span> <span class=\"currency\">&euro;<\/span> \t\t\t\t\t<\/li>\n\t\t\t\t<\/ul>\n\t\t\t<\/div>\n\t\t<\/div>\n\t<\/div>\n<\/div><\/div><\/div><div class=\"swiper-slide\"><div class=\"swiperlisting\"><div class=\"\">\n\t\t\t<div id=\"slider\" class=\"flexslider\">\n\t\t\t<ul class=\"slides\">\n\t\t\t\t\t\t\t\t\t<li>\n\t\t\t\t\t\t<img\n\t\t\t\t\t\t\tclass=\"lazy\"\n\t\t\t\t\t\t\tsrc=\"\"\n\t\t\t\t\t\t\tdata-src=\"https:\/\/www.ferienwohnungen-garmischpartenkirchen.de\/wp-content\/uploads\/2024\/06\/mf10978121-768x512.jpg\"\n\t\t\t\t\t\t\talt=\"Wohnzimmer mit rotem Hocker in Ferienwohnung in Garmisch-Partenkirchen\"\n\t\t\t\t\t\t\tloading=\"lazy\"\n\t\t\t\t\t\t\tdecoding=\"async\">\n\t\t\t\t\t\t<!-- <li>\n\t\t\t\t\t\t\t<img decoding=\"async\" class=\"lazy\" src=\"\" data-src=\"\" alt=\"\" loading=\"lazy\"\/>\n\t\t\t\t\t\t<\/li> -->\n\t\t\t\t\t\t<!-- <div class=\"swiper-lazy-preloader\"><\/div> -->\n\t\t\t\t\t\t\t\t\t\t<li>\n\t\t\t\t\t\t<img\n\t\t\t\t\t\t\tclass=\"lazy\"\n\t\t\t\t\t\t\tsrc=\"\"\n\t\t\t\t\t\t\tdata-src=\"https:\/\/www.ferienwohnungen-garmischpartenkirchen.de\/wp-content\/uploads\/2024\/06\/mf3699191-768x512.jpg\"\n\t\t\t\t\t\t\talt=\"Doppelbett mit Holzdesign und Gondel in Ferienwohnung in Garmisch-Partenkirchen\"\n\t\t\t\t\t\t\tloading=\"lazy\"\n\t\t\t\t\t\t\tdecoding=\"async\">\n\t\t\t\t\t\t<!-- <li>\n\t\t\t\t\t\t\t<img decoding=\"async\" class=\"lazy\" src=\"\" data-src=\"\" alt=\"\" loading=\"lazy\"\/>\n\t\t\t\t\t\t<\/li> -->\n\t\t\t\t\t\t<!-- <div class=\"swiper-lazy-preloader\"><\/div> -->\n\t\t\t\t\t\t\t\t\t\t<li>\n\t\t\t\t\t\t<img\n\t\t\t\t\t\t\tclass=\"lazy\"\n\t\t\t\t\t\t\tsrc=\"\"\n\t\t\t\t\t\t\tdata-src=\"https:\/\/www.ferienwohnungen-garmischpartenkirchen.de\/wp-content\/uploads\/2024\/06\/mf10978132-768x512.jpg\"\n\t\t\t\t\t\t\talt=\"Wohnbereich mit Sitzbank und Hockern in Ferienwohnung in Garmisch-Partenkirchen\"\n\t\t\t\t\t\t\tloading=\"lazy\"\n\t\t\t\t\t\t\tdecoding=\"async\">\n\t\t\t\t\t\t<!-- <li>\n\t\t\t\t\t\t\t<img decoding=\"async\" class=\"lazy\" src=\"\" data-src=\"\" alt=\"\" loading=\"lazy\"\/>\n\t\t\t\t\t\t<\/li> -->\n\t\t\t\t\t\t<!-- <div class=\"swiper-lazy-preloader\"><\/div> -->\n\t\t\t\t\t\t\t\t\t\t<li>\n\t\t\t\t\t\t<img\n\t\t\t\t\t\t\tclass=\"lazy\"\n\t\t\t\t\t\t\tsrc=\"\"\n\t\t\t\t\t\t\tdata-src=\"https:\/\/www.ferienwohnungen-garmischpartenkirchen.de\/wp-content\/uploads\/2024\/06\/mf3699194-768x512.jpg\"\n\t\t\t\t\t\t\talt=\"Badezimmer mit Dusche in Ferienwohnung in Garmisch-Partenkirchen\"\n\t\t\t\t\t\t\tloading=\"lazy\"\n\t\t\t\t\t\t\tdecoding=\"async\">\n\t\t\t\t\t\t<!-- <li>\n\t\t\t\t\t\t\t<img decoding=\"async\" class=\"lazy\" src=\"\" data-src=\"\" alt=\"\" loading=\"lazy\"\/>\n\t\t\t\t\t\t<\/li> -->\n\t\t\t\t\t\t<!-- <div class=\"swiper-lazy-preloader\"><\/div> -->\n\t\t\t\t\t\t\t\t\t\t<li>\n\t\t\t\t\t\t<img\n\t\t\t\t\t\t\tclass=\"lazy\"\n\t\t\t\t\t\t\tsrc=\"\"\n\t\t\t\t\t\t\tdata-src=\"https:\/\/www.ferienwohnungen-garmischpartenkirchen.de\/wp-content\/uploads\/2024\/06\/mf10978129-768x512.jpg\"\n\t\t\t\t\t\t\talt=\"Garten in Ferienwohnung in Garmisch-Partenkirchen\"\n\t\t\t\t\t\t\tloading=\"lazy\"\n\t\t\t\t\t\t\tdecoding=\"async\">\n\t\t\t\t\t\t<!-- <li>\n\t\t\t\t\t\t\t<img decoding=\"async\" class=\"lazy\" src=\"\" data-src=\"\" alt=\"\" loading=\"lazy\"\/>\n\t\t\t\t\t\t<\/li> -->\n\t\t\t\t\t\t<!-- <div class=\"swiper-lazy-preloader\"><\/div> -->\n\t\t\t\t\t\t\t\t<\/ul>\n\t\t<\/div>\n\t\n\t<div class=\"info-wrapper\">\n\t\t<div class=\"info-body\">\n\t\t\t<!-- <span class=\"favouritebtn\"> <\/span> -->\n\t\t\t<div class=\"flex heading-wrapper\">\n\t\t\t\t<h4 class=\"unit-title\"><span><a href=\"https:\/\/www.ferienwohnungen-garmischpartenkirchen.de\/de\/unterkuenfte\/alpenrose\/\">Alpenrose<\/a><\/span><\/h4>\n\t\t\t\t<div class=\"wrap-classification\">\n\t\t\t\t\t<p class=\"unit-region\">\n\t\t\t\t\t\tGrainau\t\t\t\t\t<\/p>\n\t\t\t\t<\/div>\n\t\t\t<\/div>\n\t\t\t<div class=\"details-wrapper\">\n\t\t\t\t<ul>\n\t\t\t\t\t<li><span class=\"wrap-value\">4 G\u00e4ste<\/span><\/li>\n\t\t\t\t\t<span class=\"saperator\"><\/span>\n\t\t\t\t\t<li><span class=\"wrap-value\">1 Schlafzimmer<\/span><\/li>\n\t\t\t\t\t<span class=\"saperator\"><\/span>\n\t\t\t\t\t<li>\n\t\t\t\t\t\t<span class=\"price\" data-price=\"10900\">109,00<\/span> <span class=\"currency\">&euro;<\/span> \t\t\t\t\t<\/li>\n\t\t\t\t<\/ul>\n\t\t\t<\/div>\n\t\t<\/div>\n\t<\/div>\n<\/div><\/div><\/div><div class=\"swiper-slide\"><div class=\"swiperlisting\"><div class=\"\">\n\t\t\t<div id=\"slider\" class=\"flexslider\">\n\t\t\t<ul class=\"slides\">\n\t\t\t\t\t\t\t\t\t<li>\n\t\t\t\t\t\t<img\n\t\t\t\t\t\t\tclass=\"lazy\"\n\t\t\t\t\t\t\tsrc=\"\"\n\t\t\t\t\t\t\tdata-src=\"https:\/\/www.ferienwohnungen-garmischpartenkirchen.de\/wp-content\/uploads\/2025\/05\/mf21714997-768x512.jpg\"\n\t\t\t\t\t\t\talt=\"\"\n\t\t\t\t\t\t\tloading=\"lazy\"\n\t\t\t\t\t\t\tdecoding=\"async\">\n\t\t\t\t\t\t<!-- <li>\n\t\t\t\t\t\t\t<img decoding=\"async\" class=\"lazy\" src=\"\" data-src=\"\" alt=\"\" loading=\"lazy\"\/>\n\t\t\t\t\t\t<\/li> -->\n\t\t\t\t\t\t<!-- <div class=\"swiper-lazy-preloader\"><\/div> -->\n\t\t\t\t\t\t\t\t\t\t<li>\n\t\t\t\t\t\t<img\n\t\t\t\t\t\t\tclass=\"lazy\"\n\t\t\t\t\t\t\tsrc=\"\"\n\t\t\t\t\t\t\tdata-src=\"https:\/\/www.ferienwohnungen-garmischpartenkirchen.de\/wp-content\/uploads\/2025\/05\/mf21714996-768x512.jpg\"\n\t\t\t\t\t\t\talt=\"\"\n\t\t\t\t\t\t\tloading=\"lazy\"\n\t\t\t\t\t\t\tdecoding=\"async\">\n\t\t\t\t\t\t<!-- <li>\n\t\t\t\t\t\t\t<img decoding=\"async\" class=\"lazy\" src=\"\" data-src=\"\" alt=\"\" loading=\"lazy\"\/>\n\t\t\t\t\t\t<\/li> -->\n\t\t\t\t\t\t<!-- <div class=\"swiper-lazy-preloader\"><\/div> -->\n\t\t\t\t\t\t\t\t\t\t<li>\n\t\t\t\t\t\t<img\n\t\t\t\t\t\t\tclass=\"lazy\"\n\t\t\t\t\t\t\tsrc=\"\"\n\t\t\t\t\t\t\tdata-src=\"https:\/\/www.ferienwohnungen-garmischpartenkirchen.de\/wp-content\/uploads\/2025\/05\/mf21715001-768x512.jpg\"\n\t\t\t\t\t\t\talt=\"\"\n\t\t\t\t\t\t\tloading=\"lazy\"\n\t\t\t\t\t\t\tdecoding=\"async\">\n\t\t\t\t\t\t<!-- <li>\n\t\t\t\t\t\t\t<img decoding=\"async\" class=\"lazy\" src=\"\" data-src=\"\" alt=\"\" loading=\"lazy\"\/>\n\t\t\t\t\t\t<\/li> -->\n\t\t\t\t\t\t<!-- <div class=\"swiper-lazy-preloader\"><\/div> -->\n\t\t\t\t\t\t\t\t\t\t<li>\n\t\t\t\t\t\t<img\n\t\t\t\t\t\t\tclass=\"lazy\"\n\t\t\t\t\t\t\tsrc=\"\"\n\t\t\t\t\t\t\tdata-src=\"https:\/\/www.ferienwohnungen-garmischpartenkirchen.de\/wp-content\/uploads\/2025\/05\/mf21715002-768x512.jpg\"\n\t\t\t\t\t\t\talt=\"\"\n\t\t\t\t\t\t\tloading=\"lazy\"\n\t\t\t\t\t\t\tdecoding=\"async\">\n\t\t\t\t\t\t<!-- <li>\n\t\t\t\t\t\t\t<img decoding=\"async\" class=\"lazy\" src=\"\" data-src=\"\" alt=\"\" loading=\"lazy\"\/>\n\t\t\t\t\t\t<\/li> -->\n\t\t\t\t\t\t<!-- <div class=\"swiper-lazy-preloader\"><\/div> -->\n\t\t\t\t\t\t\t\t\t\t<li>\n\t\t\t\t\t\t<img\n\t\t\t\t\t\t\tclass=\"lazy\"\n\t\t\t\t\t\t\tsrc=\"\"\n\t\t\t\t\t\t\tdata-src=\"https:\/\/www.ferienwohnungen-garmischpartenkirchen.de\/wp-content\/uploads\/2025\/05\/mf21715010-768x512.jpg\"\n\t\t\t\t\t\t\talt=\"\"\n\t\t\t\t\t\t\tloading=\"lazy\"\n\t\t\t\t\t\t\tdecoding=\"async\">\n\t\t\t\t\t\t<!-- <li>\n\t\t\t\t\t\t\t<img decoding=\"async\" class=\"lazy\" src=\"\" data-src=\"\" alt=\"\" loading=\"lazy\"\/>\n\t\t\t\t\t\t<\/li> -->\n\t\t\t\t\t\t<!-- <div class=\"swiper-lazy-preloader\"><\/div> -->\n\t\t\t\t\t\t\t\t<\/ul>\n\t\t<\/div>\n\t\n\t<div class=\"info-wrapper\">\n\t\t<div class=\"info-body\">\n\t\t\t<!-- <span class=\"favouritebtn\"> <\/span> -->\n\t\t\t<div class=\"flex heading-wrapper\">\n\t\t\t\t<h4 class=\"unit-title\"><span><a href=\"https:\/\/www.ferienwohnungen-garmischpartenkirchen.de\/de\/unterkuenfte\/haus-am-leitenfeld\/\">Haus am Leitenfeld<\/a><\/span><\/h4>\n\t\t\t\t<div class=\"wrap-classification\">\n\t\t\t\t\t<p class=\"unit-region\">\n\t\t\t\t\t\tGarmisch-Partenkirchen\t\t\t\t\t<\/p>\n\t\t\t\t<\/div>\n\t\t\t<\/div>\n\t\t\t<div class=\"details-wrapper\">\n\t\t\t\t<ul>\n\t\t\t\t\t<li><span class=\"wrap-value\">7 G\u00e4ste<\/span><\/li>\n\t\t\t\t\t<span class=\"saperator\"><\/span>\n\t\t\t\t\t<li><span class=\"wrap-value\">3 Schlafzimmer<\/span><\/li>\n\t\t\t\t\t<span class=\"saperator\"><\/span>\n\t\t\t\t\t<li>\n\t\t\t\t\t\t<span class=\"price\" data-price=\"16900\">169,00<\/span> <span class=\"currency\">&euro;<\/span> \t\t\t\t\t<\/li>\n\t\t\t\t<\/ul>\n\t\t\t<\/div>\n\t\t<\/div>\n\t<\/div>\n<\/div><\/div><\/div><\/div><\/div><div class=\"swiper-button-prev\"><\/div><div class=\"swiper-button-next\"><\/div><\/div><\/div>\n\t\t\t\t\t\t<\/div>\n\t\t\t\t<\/div>\n\t\t\t\t\t<\/div>\n\t\t\t\t<\/div>\n\t\t\t\t<\/div>\n\t\t\t\t<\/div>\n\t\t\t\t<\/div>\n\t\t\t\t\t\t<\/div>\n\t\t\t\t<\/div>\n\t\t\t\t<\/div>\n\t\t\t\t<\/div>\n\t\t","protected":false},"excerpt":{"rendered":"<p>Schloss Neuschwanstein in Garmisch-Partenkirchen Die K\u00f6nigsschl\u00f6sser des Bayernk\u00f6nigs Ludwig II. sind in aller Welt bekannt. Allen voran das Schloss Neuschwanstein, durch dessen Bau (1869 bis 1884)und Kulisse sich der K\u00f6nig den Beinamen \u201eM\u00e4rchenk\u00f6nig\u201c verdiente. Das Schloss liegt hoch \u00fcber dem Tal bei F\u00fcssen und kann ganzj\u00e4hrig besichtigt werden. Eine Begehung wert ist auch die Marienbr\u00fccke, [&hellip;]<\/p>\n","protected":false},"author":1,"featured_media":4645,"parent":4460,"menu_order":0,"comment_status":"closed","ping_status":"closed","template":"","meta":{"_acf_changed":false,"footnotes":""},"seitenarte":[17],"class_list":["post-4644","page","type-page","status-publish","has-post-thumbnail","hentry","seitenarte-sehenswuerdigkeiten_item"],"acf":[],"yoast_head":"<!-- This site is optimized with the Yoast SEO plugin v26.6 - https:\/\/yoast.com\/wordpress\/plugins\/seo\/ -->\n<title>Das Schloss Neuschwanstein - Mahr GmbH<\/title>\n<meta name=\"description\" content=\"Das Schloss Neuschwanstein in Garmisch-Partenkirchen ist weltweit bekannt. Hier erhalten Sie weitere Einblicke.\" \/>\n<meta name=\"robots\" content=\"index, follow, max-snippet:-1, max-image-preview:large, max-video-preview:-1\" \/>\n<link rel=\"canonical\" href=\"https:\/\/www.ferienwohnungen-garmischpartenkirchen.de\/de\/sehenswuerdigkeiten\/das-schloss-neuschwanstein\/\" \/>\n<meta property=\"og:locale\" content=\"de_DE\" \/>\n<meta property=\"og:type\" content=\"article\" \/>\n<meta property=\"og:title\" content=\"Das Schloss Neuschwanstein - Mahr GmbH\" \/>\n<meta property=\"og:description\" content=\"Das Schloss Neuschwanstein in Garmisch-Partenkirchen ist weltweit bekannt. Hier erhalten Sie weitere Einblicke.\" \/>\n<meta property=\"og:url\" content=\"https:\/\/www.ferienwohnungen-garmischpartenkirchen.de\/de\/sehenswuerdigkeiten\/das-schloss-neuschwanstein\/\" \/>\n<meta property=\"og:site_name\" content=\"Mahr GmbH\" \/>\n<meta property=\"article:modified_time\" content=\"2024-07-31T10:14:10+00:00\" \/>\n<meta property=\"og:image\" content=\"https:\/\/www.ferienwohnungen-garmischpartenkirchen.de\/wp-content\/uploads\/2024\/06\/Neuschanstein-1.jpg\" \/>\n\t<meta property=\"og:image:width\" content=\"550\" \/>\n\t<meta property=\"og:image:height\" content=\"250\" \/>\n\t<meta property=\"og:image:type\" content=\"image\/jpeg\" \/>\n<meta name=\"twitter:card\" content=\"summary_large_image\" \/>\n<meta name=\"twitter:label1\" content=\"Gesch\u00e4tzte Lesezeit\" \/>\n\t<meta name=\"twitter:data1\" content=\"2\u00a0Minuten\" \/>\n<script type=\"application\/ld+json\" class=\"yoast-schema-graph\">{\"@context\":\"https:\/\/schema.org\",\"@graph\":[{\"@type\":\"WebPage\",\"@id\":\"https:\/\/www.ferienwohnungen-garmischpartenkirchen.de\/de\/sehenswuerdigkeiten\/das-schloss-neuschwanstein\/\",\"url\":\"https:\/\/www.ferienwohnungen-garmischpartenkirchen.de\/de\/sehenswuerdigkeiten\/das-schloss-neuschwanstein\/\",\"name\":\"Das Schloss Neuschwanstein - Mahr GmbH\",\"isPartOf\":{\"@id\":\"https:\/\/www.ferienwohnungen-garmischpartenkirchen.de\/de\/#website\"},\"primaryImageOfPage\":{\"@id\":\"https:\/\/www.ferienwohnungen-garmischpartenkirchen.de\/de\/sehenswuerdigkeiten\/das-schloss-neuschwanstein\/#primaryimage\"},\"image\":{\"@id\":\"https:\/\/www.ferienwohnungen-garmischpartenkirchen.de\/de\/sehenswuerdigkeiten\/das-schloss-neuschwanstein\/#primaryimage\"},\"thumbnailUrl\":\"https:\/\/www.ferienwohnungen-garmischpartenkirchen.de\/wp-content\/uploads\/2024\/06\/Neuschanstein-1.jpg\",\"datePublished\":\"2024-06-17T13:05:04+00:00\",\"dateModified\":\"2024-07-31T10:14:10+00:00\",\"description\":\"Das Schloss Neuschwanstein in Garmisch-Partenkirchen ist weltweit bekannt. Hier erhalten Sie weitere Einblicke.\",\"breadcrumb\":{\"@id\":\"https:\/\/www.ferienwohnungen-garmischpartenkirchen.de\/de\/sehenswuerdigkeiten\/das-schloss-neuschwanstein\/#breadcrumb\"},\"inLanguage\":\"de\",\"potentialAction\":[{\"@type\":\"ReadAction\",\"target\":[\"https:\/\/www.ferienwohnungen-garmischpartenkirchen.de\/de\/sehenswuerdigkeiten\/das-schloss-neuschwanstein\/\"]}]},{\"@type\":\"ImageObject\",\"inLanguage\":\"de\",\"@id\":\"https:\/\/www.ferienwohnungen-garmischpartenkirchen.de\/de\/sehenswuerdigkeiten\/das-schloss-neuschwanstein\/#primaryimage\",\"url\":\"https:\/\/www.ferienwohnungen-garmischpartenkirchen.de\/wp-content\/uploads\/2024\/06\/Neuschanstein-1.jpg\",\"contentUrl\":\"https:\/\/www.ferienwohnungen-garmischpartenkirchen.de\/wp-content\/uploads\/2024\/06\/Neuschanstein-1.jpg\",\"width\":550,\"height\":250,\"caption\":\"Das Schloss Neuschwanstein\"},{\"@type\":\"BreadcrumbList\",\"@id\":\"https:\/\/www.ferienwohnungen-garmischpartenkirchen.de\/de\/sehenswuerdigkeiten\/das-schloss-neuschwanstein\/#breadcrumb\",\"itemListElement\":[{\"@type\":\"ListItem\",\"position\":1,\"name\":\"Startseite\",\"item\":\"https:\/\/www.ferienwohnungen-garmischpartenkirchen.de\/de\/\"},{\"@type\":\"ListItem\",\"position\":2,\"name\":\"Sehensw\u00fcrdigkeiten\",\"item\":\"https:\/\/www.ferienwohnungen-garmischpartenkirchen.de\/de\/sehenswuerdigkeiten\/\"},{\"@type\":\"ListItem\",\"position\":3,\"name\":\"Das Schloss Neuschwanstein\"}]},{\"@type\":\"WebSite\",\"@id\":\"https:\/\/www.ferienwohnungen-garmischpartenkirchen.de\/de\/#website\",\"url\":\"https:\/\/www.ferienwohnungen-garmischpartenkirchen.de\/de\/\",\"name\":\"Mahr GmbH\",\"description\":\"\",\"publisher\":{\"@id\":\"https:\/\/www.ferienwohnungen-garmischpartenkirchen.de\/de\/#organization\"},\"potentialAction\":[{\"@type\":\"SearchAction\",\"target\":{\"@type\":\"EntryPoint\",\"urlTemplate\":\"https:\/\/www.ferienwohnungen-garmischpartenkirchen.de\/de\/?s={search_term_string}\"},\"query-input\":{\"@type\":\"PropertyValueSpecification\",\"valueRequired\":true,\"valueName\":\"search_term_string\"}}],\"inLanguage\":\"de\"},{\"@type\":\"Organization\",\"@id\":\"https:\/\/www.ferienwohnungen-garmischpartenkirchen.de\/de\/#organization\",\"name\":\"Mahr GmbH\",\"url\":\"https:\/\/www.ferienwohnungen-garmischpartenkirchen.de\/de\/\",\"logo\":{\"@type\":\"ImageObject\",\"inLanguage\":\"de\",\"@id\":\"https:\/\/www.ferienwohnungen-garmischpartenkirchen.de\/de\/#\/schema\/logo\/image\/\",\"url\":\"https:\/\/www.ferienwohnungen-garmischpartenkirchen.de\/wp-content\/uploads\/2024\/06\/Wortbildmarke_Negativ-1024x253-1.png\",\"contentUrl\":\"https:\/\/www.ferienwohnungen-garmischpartenkirchen.de\/wp-content\/uploads\/2024\/06\/Wortbildmarke_Negativ-1024x253-1.png\",\"width\":1024,\"height\":253,\"caption\":\"Mahr GmbH\"},\"image\":{\"@id\":\"https:\/\/www.ferienwohnungen-garmischpartenkirchen.de\/de\/#\/schema\/logo\/image\/\"}}]}<\/script>\n<!-- \/ Yoast SEO plugin. -->","yoast_head_json":{"title":"Das Schloss Neuschwanstein - Mahr GmbH","description":"Das Schloss Neuschwanstein in Garmisch-Partenkirchen ist weltweit bekannt. Hier erhalten Sie weitere Einblicke.","robots":{"index":"index","follow":"follow","max-snippet":"max-snippet:-1","max-image-preview":"max-image-preview:large","max-video-preview":"max-video-preview:-1"},"canonical":"https:\/\/www.ferienwohnungen-garmischpartenkirchen.de\/de\/sehenswuerdigkeiten\/das-schloss-neuschwanstein\/","og_locale":"de_DE","og_type":"article","og_title":"Das Schloss Neuschwanstein - Mahr GmbH","og_description":"Das Schloss Neuschwanstein in Garmisch-Partenkirchen ist weltweit bekannt. Hier erhalten Sie weitere Einblicke.","og_url":"https:\/\/www.ferienwohnungen-garmischpartenkirchen.de\/de\/sehenswuerdigkeiten\/das-schloss-neuschwanstein\/","og_site_name":"Mahr GmbH","article_modified_time":"2024-07-31T10:14:10+00:00","og_image":[{"width":550,"height":250,"url":"https:\/\/www.ferienwohnungen-garmischpartenkirchen.de\/wp-content\/uploads\/2024\/06\/Neuschanstein-1.jpg","type":"image\/jpeg"}],"twitter_card":"summary_large_image","twitter_misc":{"Gesch\u00e4tzte Lesezeit":"2\u00a0Minuten"},"schema":{"@context":"https:\/\/schema.org","@graph":[{"@type":"WebPage","@id":"https:\/\/www.ferienwohnungen-garmischpartenkirchen.de\/de\/sehenswuerdigkeiten\/das-schloss-neuschwanstein\/","url":"https:\/\/www.ferienwohnungen-garmischpartenkirchen.de\/de\/sehenswuerdigkeiten\/das-schloss-neuschwanstein\/","name":"Das Schloss Neuschwanstein - Mahr GmbH","isPartOf":{"@id":"https:\/\/www.ferienwohnungen-garmischpartenkirchen.de\/de\/#website"},"primaryImageOfPage":{"@id":"https:\/\/www.ferienwohnungen-garmischpartenkirchen.de\/de\/sehenswuerdigkeiten\/das-schloss-neuschwanstein\/#primaryimage"},"image":{"@id":"https:\/\/www.ferienwohnungen-garmischpartenkirchen.de\/de\/sehenswuerdigkeiten\/das-schloss-neuschwanstein\/#primaryimage"},"thumbnailUrl":"https:\/\/www.ferienwohnungen-garmischpartenkirchen.de\/wp-content\/uploads\/2024\/06\/Neuschanstein-1.jpg","datePublished":"2024-06-17T13:05:04+00:00","dateModified":"2024-07-31T10:14:10+00:00","description":"Das Schloss Neuschwanstein in Garmisch-Partenkirchen ist weltweit bekannt. Hier erhalten Sie weitere Einblicke.","breadcrumb":{"@id":"https:\/\/www.ferienwohnungen-garmischpartenkirchen.de\/de\/sehenswuerdigkeiten\/das-schloss-neuschwanstein\/#breadcrumb"},"inLanguage":"de","potentialAction":[{"@type":"ReadAction","target":["https:\/\/www.ferienwohnungen-garmischpartenkirchen.de\/de\/sehenswuerdigkeiten\/das-schloss-neuschwanstein\/"]}]},{"@type":"ImageObject","inLanguage":"de","@id":"https:\/\/www.ferienwohnungen-garmischpartenkirchen.de\/de\/sehenswuerdigkeiten\/das-schloss-neuschwanstein\/#primaryimage","url":"https:\/\/www.ferienwohnungen-garmischpartenkirchen.de\/wp-content\/uploads\/2024\/06\/Neuschanstein-1.jpg","contentUrl":"https:\/\/www.ferienwohnungen-garmischpartenkirchen.de\/wp-content\/uploads\/2024\/06\/Neuschanstein-1.jpg","width":550,"height":250,"caption":"Das Schloss Neuschwanstein"},{"@type":"BreadcrumbList","@id":"https:\/\/www.ferienwohnungen-garmischpartenkirchen.de\/de\/sehenswuerdigkeiten\/das-schloss-neuschwanstein\/#breadcrumb","itemListElement":[{"@type":"ListItem","position":1,"name":"Startseite","item":"https:\/\/www.ferienwohnungen-garmischpartenkirchen.de\/de\/"},{"@type":"ListItem","position":2,"name":"Sehensw\u00fcrdigkeiten","item":"https:\/\/www.ferienwohnungen-garmischpartenkirchen.de\/de\/sehenswuerdigkeiten\/"},{"@type":"ListItem","position":3,"name":"Das Schloss Neuschwanstein"}]},{"@type":"WebSite","@id":"https:\/\/www.ferienwohnungen-garmischpartenkirchen.de\/de\/#website","url":"https:\/\/www.ferienwohnungen-garmischpartenkirchen.de\/de\/","name":"Mahr GmbH","description":"","publisher":{"@id":"https:\/\/www.ferienwohnungen-garmischpartenkirchen.de\/de\/#organization"},"potentialAction":[{"@type":"SearchAction","target":{"@type":"EntryPoint","urlTemplate":"https:\/\/www.ferienwohnungen-garmischpartenkirchen.de\/de\/?s={search_term_string}"},"query-input":{"@type":"PropertyValueSpecification","valueRequired":true,"valueName":"search_term_string"}}],"inLanguage":"de"},{"@type":"Organization","@id":"https:\/\/www.ferienwohnungen-garmischpartenkirchen.de\/de\/#organization","name":"Mahr GmbH","url":"https:\/\/www.ferienwohnungen-garmischpartenkirchen.de\/de\/","logo":{"@type":"ImageObject","inLanguage":"de","@id":"https:\/\/www.ferienwohnungen-garmischpartenkirchen.de\/de\/#\/schema\/logo\/image\/","url":"https:\/\/www.ferienwohnungen-garmischpartenkirchen.de\/wp-content\/uploads\/2024\/06\/Wortbildmarke_Negativ-1024x253-1.png","contentUrl":"https:\/\/www.ferienwohnungen-garmischpartenkirchen.de\/wp-content\/uploads\/2024\/06\/Wortbildmarke_Negativ-1024x253-1.png","width":1024,"height":253,"caption":"Mahr GmbH"},"image":{"@id":"https:\/\/www.ferienwohnungen-garmischpartenkirchen.de\/de\/#\/schema\/logo\/image\/"}}]}},"_links":{"self":[{"href":"https:\/\/www.ferienwohnungen-garmischpartenkirchen.de\/de\/wp-json\/wp\/v2\/pages\/4644","targetHints":{"allow":["GET"]}}],"collection":[{"href":"https:\/\/www.ferienwohnungen-garmischpartenkirchen.de\/de\/wp-json\/wp\/v2\/pages"}],"about":[{"href":"https:\/\/www.ferienwohnungen-garmischpartenkirchen.de\/de\/wp-json\/wp\/v2\/types\/page"}],"author":[{"embeddable":true,"href":"https:\/\/www.ferienwohnungen-garmischpartenkirchen.de\/de\/wp-json\/wp\/v2\/users\/1"}],"replies":[{"embeddable":true,"href":"https:\/\/www.ferienwohnungen-garmischpartenkirchen.de\/de\/wp-json\/wp\/v2\/comments?post=4644"}],"version-history":[{"count":26,"href":"https:\/\/www.ferienwohnungen-garmischpartenkirchen.de\/de\/wp-json\/wp\/v2\/pages\/4644\/revisions"}],"predecessor-version":[{"id":9026,"href":"https:\/\/www.ferienwohnungen-garmischpartenkirchen.de\/de\/wp-json\/wp\/v2\/pages\/4644\/revisions\/9026"}],"up":[{"embeddable":true,"href":"https:\/\/www.ferienwohnungen-garmischpartenkirchen.de\/de\/wp-json\/wp\/v2\/pages\/4460"}],"wp:featuredmedia":[{"embeddable":true,"href":"https:\/\/www.ferienwohnungen-garmischpartenkirchen.de\/de\/wp-json\/wp\/v2\/media\/4645"}],"wp:attachment":[{"href":"https:\/\/www.ferienwohnungen-garmischpartenkirchen.de\/de\/wp-json\/wp\/v2\/media?parent=4644"}],"wp:term":[{"taxonomy":"seitenarte","embeddable":true,"href":"https:\/\/www.ferienwohnungen-garmischpartenkirchen.de\/de\/wp-json\/wp\/v2\/seitenarte?post=4644"}],"curies":[{"name":"wp","href":"https:\/\/api.w.org\/{rel}","templated":true}]}}