{"id":4803,"date":"2024-06-18T10:23:11","date_gmt":"2024-06-18T08:23:11","guid":{"rendered":"https:\/\/www.ferienwohnungen-garmischpartenkirchen.de\/?page_id=4803"},"modified":"2024-07-31T15:11:40","modified_gmt":"2024-07-31T13:11:40","slug":"sommerurlaub-garmischpartenkirchen","status":"publish","type":"page","link":"https:\/\/www.ferienwohnungen-garmischpartenkirchen.de\/de\/sommerurlaub-garmischpartenkirchen\/","title":{"rendered":"Sommerurlaub-Garmischpartenkirchen"},"content":{"rendered":"\t\t<div data-elementor-type=\"wp-page\" data-elementor-id=\"4803\" class=\"elementor elementor-4803\" data-elementor-post-type=\"page\">\n\t\t\t\t<div class=\"elementor-element elementor-element-07fe96f e-con-full e-flex e-con e-parent\" data-id=\"07fe96f\" data-element_type=\"container\">\n\t\t\t\t<div class=\"elementor-element elementor-element-1a61364 elementor-widget elementor-widget-template\" data-id=\"1a61364\" data-element_type=\"widget\" data-widget_type=\"template.default\">\n\t\t\t\t<div class=\"elementor-widget-container\">\n\t\t\t\t\t\t\t<div class=\"elementor-template\">\n\t\t\t\t\t<div data-elementor-type=\"container\" data-elementor-id=\"70\" class=\"elementor elementor-70\" data-elementor-post-type=\"elementor_library\">\n\t\t\t\t<div class=\"elementor-element elementor-element-1a03abe3 e-flex e-con-boxed e-con e-parent\" data-id=\"1a03abe3\" data-element_type=\"container\" data-settings=\"{&quot;background_background&quot;:&quot;classic&quot;}\">\n\t\t\t\t\t<div class=\"e-con-inner\">\n\t\t\t\t\t<\/div>\n\t\t\t\t<\/div>\n\t\t\t\t<\/div>\n\t\t\t\t<\/div>\n\t\t\t\t\t\t<\/div>\n\t\t\t\t<\/div>\n\t\t\t\t<\/div>\n\t\t<div class=\"elementor-element elementor-element-6984511 e-flex e-con-boxed e-con e-parent\" data-id=\"6984511\" data-element_type=\"container\">\n\t\t\t\t\t<div class=\"e-con-inner\">\n\t\t\t\t<div class=\"elementor-element elementor-element-15d5b89 elementor-widget__width-auto elementor-widget elementor-widget-heading\" data-id=\"15d5b89\" data-element_type=\"widget\" data-widget_type=\"heading.default\">\n\t\t\t\t<div class=\"elementor-widget-container\">\n\t\t\t\t\t<h2 class=\"elementor-heading-title elementor-size-default\"><p class=\"beon_heading\">Sommerurlaub <\/p>\n<span class=\"beon_subheading_h2\">\nin Garmisch Partenkirchen\n<\/span><\/h2>\t\t\t\t<\/div>\n\t\t\t\t<\/div>\n\t\t\t\t<div class=\"elementor-element elementor-element-3698b14 elementor-widget__width-initial elementor-widget-mobile__width-inherit elementor-widget elementor-widget-text-editor\" data-id=\"3698b14\" data-element_type=\"widget\" data-widget_type=\"text-editor.default\">\n\t\t\t\t<div class=\"elementor-widget-container\">\n\t\t\t\t\t\t\t\t\t<div class=\"sp\"><div class=\"inspectLayerContent block inspectRow\"><div class=\"content\"><div class=\"sp\"><div class=\"inspectLayerContent block inspectRow\"><div class=\"content\"><div class=\"sp\"><div class=\"inspectLayerContent block inspectRow\"><div class=\"content\"><p>Sommer, Sonne, Sonnenschein \u2013 Wer bei Urlaub in Garmisch nur an verschneite Berge oder die\u00a0<a href=\"https:\/\/www.ferienwohnungen-garmischpartenkirchen.de\/sehenswuerdigkeit\/zugspitze\">Zugspitze<\/a>\u00a0denkt, kennt noch nicht die facettenreiche Bergwelt, die Garmisch-Partenkirchen im Sommer zu bieten hat.\u00a0Denn Garmisch ist mehr als nur eine Olympiaschanze und aufregende Pisten. Auch im Sommer bietet die Region Garmisch-Partenkirchen unglaublich tolle Freizeitangebote und begr\u00fc\u00dft Ferieng\u00e4ste mit einer atemberaubenden Natur.<\/p><\/div><\/div><\/div><\/div><\/div><\/div><\/div><\/div><\/div>\t\t\t\t\t\t\t\t<\/div>\n\t\t\t\t<\/div>\n\t\t\t\t\t<\/div>\n\t\t\t\t<\/div>\n\t\t<div class=\"elementor-element elementor-element-1aa5a6f e-flex e-con-boxed e-con e-parent\" data-id=\"1aa5a6f\" data-element_type=\"container\" data-settings=\"{&quot;background_background&quot;:&quot;classic&quot;}\">\n\t\t\t\t\t<div class=\"e-con-inner\">\n\t\t\t\t<div class=\"elementor-element elementor-element-baaa45f elementor-widget__width-auto lastseen_icon elementor-widget elementor-widget-heading\" data-id=\"baaa45f\" data-element_type=\"widget\" data-widget_type=\"heading.default\">\n\t\t\t\t<div class=\"elementor-widget-container\">\n\t\t\t\t\t<h2 class=\"elementor-heading-title elementor-size-default\">Sehensw\u00fcrdigkeiten besuchen<br>\n<span class=\"beon_subheading_h2\">\nmit Mahr's Fewo-Vermittlung\n<\/span><\/h2>\t\t\t\t<\/div>\n\t\t\t\t<\/div>\n\t\t<div class=\"elementor-element elementor-element-e85310b e-flex e-con-boxed e-con e-child\" data-id=\"e85310b\" data-element_type=\"container\">\n\t\t\t\t\t<div class=\"e-con-inner\">\n\t\t<div class=\"elementor-element elementor-element-c2d7ed7 e-con-full e-flex e-con e-child\" data-id=\"c2d7ed7\" data-element_type=\"container\">\n\t\t\t\t<div class=\"elementor-element elementor-element-756904b elementor-widget-mobile__width-inherit elementor-widget elementor-widget-text-editor\" data-id=\"756904b\" data-element_type=\"widget\" data-widget_type=\"text-editor.default\">\n\t\t\t\t<div class=\"elementor-widget-container\">\n\t\t\t\t\t\t\t\t\t<div class=\"sp\"><div class=\"inspectLayerContent block inspectRow\"><div class=\"content\"><div class=\"sp\"><div class=\"inspectLayerContent block inspectRow\"><div class=\"content\"><div class=\"sp\"><div class=\"inspectLayerContent block inspectRow\"><div class=\"content\"><p>Die Region bieten zus\u00e4tzlich eine Menge wune\/ausdersch\u00f6ner und spannender\u00a0<a href=\"https:\/\/www.ferienwohnungen-garmischpartenkirchen.de\/sehenswuerdigkeiten\">Sehensw\u00fcrdigkeiten<\/a>\u00a0wie Kl\u00f6ster, Schl\u00f6sser und Ruinen, die ber\u00fchmte Olympiaskischanze, verschiedene Aussichtsplattformen aber auch die Fest- und Feiertage der Region laden ein, sich auf den Facettenreichtum dieser faszinierenden Region einzulassen. Auch\u00a0<a href=\"https:\/\/www.ferienwohnungen-garmischpartenkirchen.de\/staedte\">St\u00e4dtetouren<\/a>\u00a0bieten sich als abwechslungsreiches Tagesprogramm an. Starten Sie vormittags von einer unserer gem\u00fctlichen Ferienwohnungen aus und erleben Sie einen Tag lang eine der traditionsreichen und sehenswerten St\u00e4dte der Region.<\/p><p>Bevor es abends zur\u00fcck in die Ferienwohnung geht, empfehlen wir Ihnen den Besuch einer der vielseitigen Restaurants in unserer Region. Tipps f\u00fcr z\u00fcnftige Gaumenfreuden finden Sie unter\u00a0<a href=\"https:\/\/www.ferienwohnungen-garmischpartenkirchen.de\/essen-trinken\">Essen &amp; Trinken<\/a>. Weitere Inspirationen f\u00fcr Ihren Sommerurlaub in Garmisch finden Sie zudem unter unserer Rubrik\u00a0<a href=\"https:\/\/www.ferienwohnungen-garmischpartenkirchen.de\/ausflugsziele\">Ausflugsziele in Garmisch<\/a>.<\/p><\/div><\/div><\/div><\/div><\/div><\/div><\/div><\/div><\/div>\t\t\t\t\t\t\t\t<\/div>\n\t\t\t\t<\/div>\n\t\t\t\t<\/div>\n\t\t<div class=\"elementor-element elementor-element-acccae3 e-con-full e-flex e-con e-child\" data-id=\"acccae3\" data-element_type=\"container\">\n\t\t\t\t<div class=\"elementor-element elementor-element-01d73fb elementor-widget elementor-widget-image\" data-id=\"01d73fb\" data-element_type=\"widget\" data-widget_type=\"image.default\">\n\t\t\t\t<div class=\"elementor-widget-container\">\n\t\t\t\t\t\t\t\t\t\t\t\t\t\t\t<img fetchpriority=\"high\" decoding=\"async\" width=\"600\" height=\"450\" src=\"https:\/\/www.ferienwohnungen-garmischpartenkirchen.de\/wp-content\/uploads\/2024\/07\/Benediktbeuern_Dorf_600px-2.jpg\" class=\"attachment-large size-large wp-image-9225\" alt=\"\" srcset=\"https:\/\/www.ferienwohnungen-garmischpartenkirchen.de\/wp-content\/uploads\/2024\/07\/Benediktbeuern_Dorf_600px-2.jpg 600w, https:\/\/www.ferienwohnungen-garmischpartenkirchen.de\/wp-content\/uploads\/2024\/07\/Benediktbeuern_Dorf_600px-2-300x225.jpg 300w\" sizes=\"(max-width: 600px) 100vw, 600px\" \/>\t\t\t\t\t\t\t\t\t\t\t\t\t\t\t<\/div>\n\t\t\t\t<\/div>\n\t\t\t\t<\/div>\n\t\t\t\t\t<\/div>\n\t\t\t\t<\/div>\n\t\t\t\t\t<\/div>\n\t\t\t\t<\/div>\n\t\t<div class=\"elementor-element elementor-element-fba2d5b e-flex e-con-boxed e-con e-parent\" data-id=\"fba2d5b\" data-element_type=\"container\">\n\t\t\t\t\t<div class=\"e-con-inner\">\n\t\t\t\t<div class=\"elementor-element elementor-element-02cad13 elementor-widget__width-auto elementor-widget elementor-widget-heading\" data-id=\"02cad13\" data-element_type=\"widget\" data-widget_type=\"heading.default\">\n\t\t\t\t<div class=\"elementor-widget-container\">\n\t\t\t\t\t<h2 class=\"elementor-heading-title elementor-size-default\"><p class=\"beon_heading\">Entdecken Sie <\/p>\n<span class=\"beon_subheading_h2\">\nGarmisch im Sommer\n<\/span><\/h2>\t\t\t\t<\/div>\n\t\t\t\t<\/div>\n\t\t\t\t<div class=\"elementor-element elementor-element-d877c77 elementor-widget elementor-widget-image\" data-id=\"d877c77\" data-element_type=\"widget\" data-widget_type=\"image.default\">\n\t\t\t\t<div class=\"elementor-widget-container\">\n\t\t\t\t\t\t\t\t\t\t\t\t\t\t\t<img decoding=\"async\" width=\"800\" height=\"218\" src=\"https:\/\/www.ferienwohnungen-garmischpartenkirchen.de\/wp-content\/uploads\/2024\/07\/N_Seitenbild-1024x279.jpg\" class=\"attachment-large size-large wp-image-9236\" alt=\"\" srcset=\"https:\/\/www.ferienwohnungen-garmischpartenkirchen.de\/wp-content\/uploads\/2024\/07\/N_Seitenbild-1024x279.jpg 1024w, https:\/\/www.ferienwohnungen-garmischpartenkirchen.de\/wp-content\/uploads\/2024\/07\/N_Seitenbild-768x209.jpg 768w, https:\/\/www.ferienwohnungen-garmischpartenkirchen.de\/wp-content\/uploads\/2024\/07\/N_Seitenbild-1536x419.jpg 1536w, https:\/\/www.ferienwohnungen-garmischpartenkirchen.de\/wp-content\/uploads\/2024\/07\/N_Seitenbild-2048x559.jpg 2048w, https:\/\/www.ferienwohnungen-garmischpartenkirchen.de\/wp-content\/uploads\/2024\/07\/N_Seitenbild-300x82.jpg 300w\" sizes=\"(max-width: 800px) 100vw, 800px\" \/>\t\t\t\t\t\t\t\t\t\t\t\t\t\t\t<\/div>\n\t\t\t\t<\/div>\n\t\t\t\t<div class=\"elementor-element elementor-element-86671f6 elementor-widget__width-initial elementor-widget-mobile__width-inherit elementor-widget elementor-widget-text-editor\" data-id=\"86671f6\" data-element_type=\"widget\" data-widget_type=\"text-editor.default\">\n\t\t\t\t<div class=\"elementor-widget-container\">\n\t\t\t\t\t\t\t\t\t<div class=\"sp\"><div class=\"inspectLayerContent block inspectRow\"><div class=\"content\"><div class=\"sp\"><div class=\"inspectLayerContent block inspectRow\"><div class=\"content\"><div class=\"sp\"><div class=\"inspectLayerContent block inspectRow\"><div class=\"content\"><p>Wer sportlich an seine Grenzen gehen m\u00f6chte, findet in dieser abwechslungsreichen Region genau so viele Freizeitm\u00f6glichkeiten wie die G\u00e4ste, die sich im Sommerurlaub lieber entspannen und eine ruhige Kugel schieben oder einen\u00a0<a href=\"https:\/\/www.ferienwohnungen-garmischpartenkirchen.de\/s\">familienfreundlichen Urlaub<\/a>\u00a0in Garmisch verbringen m\u00f6chten. Inspirationen und Empfehlungen f\u00fcr den perfekten Sommerurlaub in der wundersch\u00f6nen Region Garmisch-Partenkirchen :<\/p><\/div><\/div><\/div><\/div><\/div><\/div><\/div><\/div><\/div>\t\t\t\t\t\t\t\t<\/div>\n\t\t\t\t<\/div>\n\t\t\t\t<div class=\"elementor-element elementor-element-258912c elementor-widget elementor-widget-spacer\" data-id=\"258912c\" data-element_type=\"widget\" data-widget_type=\"spacer.default\">\n\t\t\t\t<div class=\"elementor-widget-container\">\n\t\t\t\t\t\t\t<div class=\"elementor-spacer\">\n\t\t\t<div class=\"elementor-spacer-inner\"><\/div>\n\t\t<\/div>\n\t\t\t\t\t\t<\/div>\n\t\t\t\t<\/div>\n\t\t\t\t\t<\/div>\n\t\t\t\t<\/div>\n\t\t<div class=\"elementor-element elementor-element-9856f33 e-flex e-con-boxed e-con e-parent\" data-id=\"9856f33\" data-element_type=\"container\" data-settings=\"{&quot;background_background&quot;:&quot;classic&quot;}\">\n\t\t\t\t\t<div class=\"e-con-inner\">\n\t\t<div class=\"elementor-element elementor-element-1e01074 e-flex e-con-boxed e-con e-child\" data-id=\"1e01074\" data-element_type=\"container\" data-settings=\"{&quot;background_background&quot;:&quot;classic&quot;}\">\n\t\t\t\t\t<div class=\"e-con-inner\">\n\t\t\t\t<div class=\"elementor-element elementor-element-97a98a2 elementor-widget__width-inherit elementor-widget elementor-widget-heading\" data-id=\"97a98a2\" data-element_type=\"widget\" data-widget_type=\"heading.default\">\n\t\t\t\t<div class=\"elementor-widget-container\">\n\t\t\t\t\t<h2 class=\"elementor-heading-title elementor-size-default\">Wanderurlaub\nin Garmisch-Partenkirchen<\/h2>\t\t\t\t<\/div>\n\t\t\t\t<\/div>\n\t\t\t\t<div class=\"elementor-element elementor-element-3dd5c36 elementor-widget elementor-widget-text-editor\" data-id=\"3dd5c36\" data-element_type=\"widget\" data-widget_type=\"text-editor.default\">\n\t\t\t\t<div class=\"elementor-widget-container\">\n\t\t\t\t\t\t\t\t\t<p>F\u00fcr jedes Fitnesslevel finden Sie die passende Wandertour, wenn Sie\u00a0<a href=\"https:\/\/www.ferienwohnungen-garmischpartenkirchen.de\/wandern-in-garmisch\">im Sommer wandern<\/a>\u00a0m\u00f6chten in der Region um Garmisch \u2013 ganz gleich ob sch\u00f6ner Spaziergang, anspruchsvolle Alpintour oder aufregende Kletterpartie.<\/p><p>Wenn die Temperaturen vor allem im Juli und August stark ansteigen, empfehlen wir Ihnen eine Wandertour durch eine der Klamms wie zum Beispiel die\u00a0<a href=\"https:\/\/www.ferienwohnungen-garmischpartenkirchen.de\/sehenswuerdigkeit\/partnachklamm\">Partnachklamm<\/a>. Die bieten Ihnen nicht nur eine wunderbare Abk\u00fchlung, sondern auch ein spannendes Naturschauspiel.<\/p><p>Nat\u00fcrlich gibt es zahlreiche M\u00f6glichkeiten, den Sommerurlaub in Garmisch gem\u00fctlich anzugehen. Zum Beispiel mit entspannenden Berg- bzw. Seilbahnfahrten. Lehnen Sie sich in einer der unz\u00e4hligen Seilbahnen zur\u00fcck und genie\u00dfen Sie das unglaubliche Bergpanorama in Garmisch.<\/p>\t\t\t\t\t\t\t\t<\/div>\n\t\t\t\t<\/div>\n\t\t\t\t\t<\/div>\n\t\t\t\t<\/div>\n\t\t<div class=\"elementor-element elementor-element-2b40cd0 e-flex e-con-boxed e-con e-child\" data-id=\"2b40cd0\" data-element_type=\"container\" data-settings=\"{&quot;background_background&quot;:&quot;classic&quot;}\">\n\t\t\t\t\t<div class=\"e-con-inner\">\n\t\t\t\t<div class=\"elementor-element elementor-element-cc884db elementor-widget__width-inherit elementor-widget elementor-widget-heading\" data-id=\"cc884db\" data-element_type=\"widget\" data-widget_type=\"heading.default\">\n\t\t\t\t<div class=\"elementor-widget-container\">\n\t\t\t\t\t<h2 class=\"elementor-heading-title elementor-size-default\">Badeseen in der Region<\/h2>\t\t\t\t<\/div>\n\t\t\t\t<\/div>\n\t\t\t\t<div class=\"elementor-element elementor-element-5c62bb7 elementor-widget elementor-widget-text-editor\" data-id=\"5c62bb7\" data-element_type=\"widget\" data-widget_type=\"text-editor.default\">\n\t\t\t\t<div class=\"elementor-widget-container\">\n\t\t\t\t\t\t\t\t\t<p>Wenn die Temperaturen nach oben klettern, bietet ein Sprung ins k\u00fchle Nass die lang ersehnte Abk\u00fchlung. Die kristallklaren Badeseen unserer Regionen stellen nicht nur ein wundersch\u00f6nes Bild dar, sondern bieten Sommerurlaubern auch eine Menge Spa\u00df und Abwechslung zum Wandern. In dieser Region gibt es eine Vielzahl an herrlichen Badeseen wie beispielsweise der Walchensee, Riegsee oder der Pflegersee. F\u00fcr eine sch\u00f6ne Tagestour bietet sich auch die Fahrt zum Starnbergersee oder zum Chiemsee an. Von einer unserer komfortablen<a href=\"https:\/\/www.ferienwohnungen-garmischpartenkirchen.de\/s#\/Bayern\/Zugspitz.Region\/Garmisch-Partenkirchen\">\u00a0Ferienwohnungen in Garmisch-Partenkirchen<\/a>\u00a0ist es nicht weit bis dorthin.<\/p>\t\t\t\t\t\t\t\t<\/div>\n\t\t\t\t<\/div>\n\t\t\t\t\t<\/div>\n\t\t\t\t<\/div>\n\t\t<div class=\"elementor-element elementor-element-1667010 e-flex e-con-boxed e-con e-child\" data-id=\"1667010\" data-element_type=\"container\" data-settings=\"{&quot;background_background&quot;:&quot;classic&quot;}\">\n\t\t\t\t\t<div class=\"e-con-inner\">\n\t\t\t\t<div class=\"elementor-element elementor-element-9a5597a elementor-widget__width-inherit elementor-widget elementor-widget-heading\" data-id=\"9a5597a\" data-element_type=\"widget\" data-widget_type=\"heading.default\">\n\t\t\t\t<div class=\"elementor-widget-container\">\n\t\t\t\t\t<h2 class=\"elementor-heading-title elementor-size-default\">Radfahren in Garmisch<\/h2>\t\t\t\t<\/div>\n\t\t\t\t<\/div>\n\t\t\t\t<div class=\"elementor-element elementor-element-4f16318 elementor-widget elementor-widget-text-editor\" data-id=\"4f16318\" data-element_type=\"widget\" data-widget_type=\"text-editor.default\">\n\t\t\t\t<div class=\"elementor-widget-container\">\n\t\t\t\t\t\t\t\t\t<p>Besonders beliebt ist diese Region auch bei Mountainbikern. Denn dank des sehr weit erschlossenen Wegenetzes durch die Bergwelt, von dem ein beachtlicher Teil extra f\u00fcr Radtouren ausgelegt ist, k\u00f6nnen Sie hier mit Karacho die Berge hinunter brausen. \u00dcber 200 MTB-Touren hat unsere Region zu bieten. Spektakul\u00e4re Trails wie beispielsweise auf der Enningalm oder um den Wettertstein bringen Radsportfans zum Schwitzen. Wer etwas entspanntere Touren sucht, kann einen der sch\u00f6nen Bade- oder Bergseen umrunden.<\/p><p><strong>Unterkunft f\u00fcr Gruppen:<\/strong>\u00a0Viele Radsportfans reisen gern zusammen mit Freunden, um mit ihnen und ihren Bikes die Bergwelt zu erkunden. Bei uns haben Sie auch die M\u00f6glichkeit gr\u00f6\u00dfere Ferienwohnungen mit zum Beispiel 8 Betten zu buchen oder komplette\u00a0<a href=\"https:\/\/www.ferienwohnungen-garmischpartenkirchen.de\/s#\/Bayern\/Zugspitz.Region\/Garmisch-Partenkirchen\">Ferienh\u00e4user<\/a>, in denen Sie abends in geselliger Runde speisen und die spannende MTB-Tour des Tages Revue passieren lassen k\u00f6nnen.\u00a0<a href=\"https:\/\/www.ferienwohnungen-garmischpartenkirchen.de\/kontakt\">Kontaktieren Sie uns gern<\/a>\u00a0f\u00fcr weitere Infos.<\/p>\t\t\t\t\t\t\t\t<\/div>\n\t\t\t\t<\/div>\n\t\t\t\t\t<\/div>\n\t\t\t\t<\/div>\n\t\t\t\t\t<\/div>\n\t\t\t\t<\/div>\n\t\t<div class=\"elementor-element elementor-element-e6c9f9b e-flex e-con-boxed e-con e-parent\" data-id=\"e6c9f9b\" data-element_type=\"container\">\n\t\t\t\t\t<div class=\"e-con-inner\">\n\t\t\t\t<div class=\"elementor-element elementor-element-c316d50 elementor-widget elementor-widget-text-editor\" data-id=\"c316d50\" data-element_type=\"widget\" data-widget_type=\"text-editor.default\">\n\t\t\t\t<div class=\"elementor-widget-container\">\n\t\t\t\t\t\t\t\t\t<h5>Sommerurlaub in Mahr\u2018s Ferienwohnungen in Garmisch<\/h5><p>Haben wir Ihnen Lust auf mehr gemacht? Kommen Sie nach Garmisch-Partenkirchen und genie\u00dfen Sie die Vorz\u00fcge dieser traumhaften Region!<\/p>\t\t\t\t\t\t\t\t<\/div>\n\t\t\t\t<\/div>\n\t\t\t\t\t<\/div>\n\t\t\t\t<\/div>\n\t\t\t\t<\/div>\n\t\t","protected":false},"excerpt":{"rendered":"<p>Sommerurlaub in Garmisch Partenkirchen Sommer, Sonne, Sonnenschein \u2013 Wer bei Urlaub in Garmisch nur an verschneite Berge oder die\u00a0Zugspitze\u00a0denkt, kennt noch nicht die facettenreiche Bergwelt, die Garmisch-Partenkirchen im Sommer zu bieten hat.\u00a0Denn Garmisch ist mehr als nur eine Olympiaschanze und aufregende Pisten. Auch im Sommer bietet die Region Garmisch-Partenkirchen unglaublich tolle Freizeitangebote und begr\u00fc\u00dft Ferieng\u00e4ste [&hellip;]<\/p>\n","protected":false},"author":1,"featured_media":0,"parent":0,"menu_order":0,"comment_status":"closed","ping_status":"closed","template":"","meta":{"_acf_changed":false,"footnotes":""},"seitenarte":[],"class_list":["post-4803","page","type-page","status-publish","hentry"],"acf":[],"yoast_head":"<!-- This site is optimized with the Yoast SEO plugin v26.6 - https:\/\/yoast.com\/wordpress\/plugins\/seo\/ -->\n<title>Sommerurlaub-Garmischpartenkirchen - Mahr GmbH<\/title>\n<meta name=\"description\" content=\"Im Sommer zeigt Garmisch-Partenkirchen seine facettenreiche Bergwelt abseits der verschneiten Gipfel und der Zugspitze.\" \/>\n<meta name=\"robots\" content=\"index, follow, max-snippet:-1, max-image-preview:large, max-video-preview:-1\" \/>\n<link rel=\"canonical\" href=\"https:\/\/www.ferienwohnungen-garmischpartenkirchen.de\/de\/sommerurlaub-garmischpartenkirchen\/\" \/>\n<meta property=\"og:locale\" content=\"de_DE\" \/>\n<meta property=\"og:type\" content=\"article\" \/>\n<meta property=\"og:title\" content=\"Sommerurlaub-Garmischpartenkirchen - Mahr GmbH\" \/>\n<meta property=\"og:description\" content=\"Im Sommer zeigt Garmisch-Partenkirchen seine facettenreiche Bergwelt abseits der verschneiten Gipfel und der Zugspitze.\" \/>\n<meta property=\"og:url\" content=\"https:\/\/www.ferienwohnungen-garmischpartenkirchen.de\/de\/sommerurlaub-garmischpartenkirchen\/\" \/>\n<meta property=\"og:site_name\" content=\"Mahr GmbH\" \/>\n<meta property=\"article:modified_time\" content=\"2024-07-31T13:11:40+00:00\" \/>\n<meta property=\"og:image\" content=\"https:\/\/www.ferienwohnungen-garmischpartenkirchen.de\/wp-content\/uploads\/2024\/07\/Benediktbeuern_Dorf_600px-2.jpg\" \/>\n<meta name=\"twitter:card\" content=\"summary_large_image\" \/>\n<meta name=\"twitter:label1\" content=\"Gesch\u00e4tzte Lesezeit\" \/>\n\t<meta name=\"twitter:data1\" content=\"4\u00a0Minuten\" \/>\n<script type=\"application\/ld+json\" class=\"yoast-schema-graph\">{\"@context\":\"https:\/\/schema.org\",\"@graph\":[{\"@type\":\"WebPage\",\"@id\":\"https:\/\/www.ferienwohnungen-garmischpartenkirchen.de\/de\/sommerurlaub-garmischpartenkirchen\/\",\"url\":\"https:\/\/www.ferienwohnungen-garmischpartenkirchen.de\/de\/sommerurlaub-garmischpartenkirchen\/\",\"name\":\"Sommerurlaub-Garmischpartenkirchen - Mahr GmbH\",\"isPartOf\":{\"@id\":\"https:\/\/www.ferienwohnungen-garmischpartenkirchen.de\/de\/#website\"},\"primaryImageOfPage\":{\"@id\":\"https:\/\/www.ferienwohnungen-garmischpartenkirchen.de\/de\/sommerurlaub-garmischpartenkirchen\/#primaryimage\"},\"image\":{\"@id\":\"https:\/\/www.ferienwohnungen-garmischpartenkirchen.de\/de\/sommerurlaub-garmischpartenkirchen\/#primaryimage\"},\"thumbnailUrl\":\"https:\/\/www.ferienwohnungen-garmischpartenkirchen.de\/wp-content\/uploads\/2024\/07\/Benediktbeuern_Dorf_600px-2.jpg\",\"datePublished\":\"2024-06-18T08:23:11+00:00\",\"dateModified\":\"2024-07-31T13:11:40+00:00\",\"description\":\"Im Sommer zeigt Garmisch-Partenkirchen seine facettenreiche Bergwelt abseits der verschneiten Gipfel und der Zugspitze.\",\"breadcrumb\":{\"@id\":\"https:\/\/www.ferienwohnungen-garmischpartenkirchen.de\/de\/sommerurlaub-garmischpartenkirchen\/#breadcrumb\"},\"inLanguage\":\"de\",\"potentialAction\":[{\"@type\":\"ReadAction\",\"target\":[\"https:\/\/www.ferienwohnungen-garmischpartenkirchen.de\/de\/sommerurlaub-garmischpartenkirchen\/\"]}]},{\"@type\":\"ImageObject\",\"inLanguage\":\"de\",\"@id\":\"https:\/\/www.ferienwohnungen-garmischpartenkirchen.de\/de\/sommerurlaub-garmischpartenkirchen\/#primaryimage\",\"url\":\"https:\/\/www.ferienwohnungen-garmischpartenkirchen.de\/wp-content\/uploads\/2024\/07\/Benediktbeuern_Dorf_600px-2.jpg\",\"contentUrl\":\"https:\/\/www.ferienwohnungen-garmischpartenkirchen.de\/wp-content\/uploads\/2024\/07\/Benediktbeuern_Dorf_600px-2.jpg\"},{\"@type\":\"BreadcrumbList\",\"@id\":\"https:\/\/www.ferienwohnungen-garmischpartenkirchen.de\/de\/sommerurlaub-garmischpartenkirchen\/#breadcrumb\",\"itemListElement\":[{\"@type\":\"ListItem\",\"position\":1,\"name\":\"Startseite\",\"item\":\"https:\/\/www.ferienwohnungen-garmischpartenkirchen.de\/de\/\"},{\"@type\":\"ListItem\",\"position\":2,\"name\":\"Sommerurlaub-Garmischpartenkirchen\"}]},{\"@type\":\"WebSite\",\"@id\":\"https:\/\/www.ferienwohnungen-garmischpartenkirchen.de\/de\/#website\",\"url\":\"https:\/\/www.ferienwohnungen-garmischpartenkirchen.de\/de\/\",\"name\":\"Mahr GmbH\",\"description\":\"\",\"publisher\":{\"@id\":\"https:\/\/www.ferienwohnungen-garmischpartenkirchen.de\/de\/#organization\"},\"potentialAction\":[{\"@type\":\"SearchAction\",\"target\":{\"@type\":\"EntryPoint\",\"urlTemplate\":\"https:\/\/www.ferienwohnungen-garmischpartenkirchen.de\/de\/?s={search_term_string}\"},\"query-input\":{\"@type\":\"PropertyValueSpecification\",\"valueRequired\":true,\"valueName\":\"search_term_string\"}}],\"inLanguage\":\"de\"},{\"@type\":\"Organization\",\"@id\":\"https:\/\/www.ferienwohnungen-garmischpartenkirchen.de\/de\/#organization\",\"name\":\"Mahr GmbH\",\"url\":\"https:\/\/www.ferienwohnungen-garmischpartenkirchen.de\/de\/\",\"logo\":{\"@type\":\"ImageObject\",\"inLanguage\":\"de\",\"@id\":\"https:\/\/www.ferienwohnungen-garmischpartenkirchen.de\/de\/#\/schema\/logo\/image\/\",\"url\":\"https:\/\/www.ferienwohnungen-garmischpartenkirchen.de\/wp-content\/uploads\/2024\/06\/Wortbildmarke_Negativ-1024x253-1.png\",\"contentUrl\":\"https:\/\/www.ferienwohnungen-garmischpartenkirchen.de\/wp-content\/uploads\/2024\/06\/Wortbildmarke_Negativ-1024x253-1.png\",\"width\":1024,\"height\":253,\"caption\":\"Mahr GmbH\"},\"image\":{\"@id\":\"https:\/\/www.ferienwohnungen-garmischpartenkirchen.de\/de\/#\/schema\/logo\/image\/\"}}]}<\/script>\n<!-- \/ Yoast SEO plugin. -->","yoast_head_json":{"title":"Sommerurlaub-Garmischpartenkirchen - Mahr GmbH","description":"Im Sommer zeigt Garmisch-Partenkirchen seine facettenreiche Bergwelt abseits der verschneiten Gipfel und der Zugspitze.","robots":{"index":"index","follow":"follow","max-snippet":"max-snippet:-1","max-image-preview":"max-image-preview:large","max-video-preview":"max-video-preview:-1"},"canonical":"https:\/\/www.ferienwohnungen-garmischpartenkirchen.de\/de\/sommerurlaub-garmischpartenkirchen\/","og_locale":"de_DE","og_type":"article","og_title":"Sommerurlaub-Garmischpartenkirchen - Mahr GmbH","og_description":"Im Sommer zeigt Garmisch-Partenkirchen seine facettenreiche Bergwelt abseits der verschneiten Gipfel und der Zugspitze.","og_url":"https:\/\/www.ferienwohnungen-garmischpartenkirchen.de\/de\/sommerurlaub-garmischpartenkirchen\/","og_site_name":"Mahr GmbH","article_modified_time":"2024-07-31T13:11:40+00:00","og_image":[{"url":"https:\/\/www.ferienwohnungen-garmischpartenkirchen.de\/wp-content\/uploads\/2024\/07\/Benediktbeuern_Dorf_600px-2.jpg","type":"","width":"","height":""}],"twitter_card":"summary_large_image","twitter_misc":{"Gesch\u00e4tzte Lesezeit":"4\u00a0Minuten"},"schema":{"@context":"https:\/\/schema.org","@graph":[{"@type":"WebPage","@id":"https:\/\/www.ferienwohnungen-garmischpartenkirchen.de\/de\/sommerurlaub-garmischpartenkirchen\/","url":"https:\/\/www.ferienwohnungen-garmischpartenkirchen.de\/de\/sommerurlaub-garmischpartenkirchen\/","name":"Sommerurlaub-Garmischpartenkirchen - Mahr GmbH","isPartOf":{"@id":"https:\/\/www.ferienwohnungen-garmischpartenkirchen.de\/de\/#website"},"primaryImageOfPage":{"@id":"https:\/\/www.ferienwohnungen-garmischpartenkirchen.de\/de\/sommerurlaub-garmischpartenkirchen\/#primaryimage"},"image":{"@id":"https:\/\/www.ferienwohnungen-garmischpartenkirchen.de\/de\/sommerurlaub-garmischpartenkirchen\/#primaryimage"},"thumbnailUrl":"https:\/\/www.ferienwohnungen-garmischpartenkirchen.de\/wp-content\/uploads\/2024\/07\/Benediktbeuern_Dorf_600px-2.jpg","datePublished":"2024-06-18T08:23:11+00:00","dateModified":"2024-07-31T13:11:40+00:00","description":"Im Sommer zeigt Garmisch-Partenkirchen seine facettenreiche Bergwelt abseits der verschneiten Gipfel und der Zugspitze.","breadcrumb":{"@id":"https:\/\/www.ferienwohnungen-garmischpartenkirchen.de\/de\/sommerurlaub-garmischpartenkirchen\/#breadcrumb"},"inLanguage":"de","potentialAction":[{"@type":"ReadAction","target":["https:\/\/www.ferienwohnungen-garmischpartenkirchen.de\/de\/sommerurlaub-garmischpartenkirchen\/"]}]},{"@type":"ImageObject","inLanguage":"de","@id":"https:\/\/www.ferienwohnungen-garmischpartenkirchen.de\/de\/sommerurlaub-garmischpartenkirchen\/#primaryimage","url":"https:\/\/www.ferienwohnungen-garmischpartenkirchen.de\/wp-content\/uploads\/2024\/07\/Benediktbeuern_Dorf_600px-2.jpg","contentUrl":"https:\/\/www.ferienwohnungen-garmischpartenkirchen.de\/wp-content\/uploads\/2024\/07\/Benediktbeuern_Dorf_600px-2.jpg"},{"@type":"BreadcrumbList","@id":"https:\/\/www.ferienwohnungen-garmischpartenkirchen.de\/de\/sommerurlaub-garmischpartenkirchen\/#breadcrumb","itemListElement":[{"@type":"ListItem","position":1,"name":"Startseite","item":"https:\/\/www.ferienwohnungen-garmischpartenkirchen.de\/de\/"},{"@type":"ListItem","position":2,"name":"Sommerurlaub-Garmischpartenkirchen"}]},{"@type":"WebSite","@id":"https:\/\/www.ferienwohnungen-garmischpartenkirchen.de\/de\/#website","url":"https:\/\/www.ferienwohnungen-garmischpartenkirchen.de\/de\/","name":"Mahr GmbH","description":"","publisher":{"@id":"https:\/\/www.ferienwohnungen-garmischpartenkirchen.de\/de\/#organization"},"potentialAction":[{"@type":"SearchAction","target":{"@type":"EntryPoint","urlTemplate":"https:\/\/www.ferienwohnungen-garmischpartenkirchen.de\/de\/?s={search_term_string}"},"query-input":{"@type":"PropertyValueSpecification","valueRequired":true,"valueName":"search_term_string"}}],"inLanguage":"de"},{"@type":"Organization","@id":"https:\/\/www.ferienwohnungen-garmischpartenkirchen.de\/de\/#organization","name":"Mahr GmbH","url":"https:\/\/www.ferienwohnungen-garmischpartenkirchen.de\/de\/","logo":{"@type":"ImageObject","inLanguage":"de","@id":"https:\/\/www.ferienwohnungen-garmischpartenkirchen.de\/de\/#\/schema\/logo\/image\/","url":"https:\/\/www.ferienwohnungen-garmischpartenkirchen.de\/wp-content\/uploads\/2024\/06\/Wortbildmarke_Negativ-1024x253-1.png","contentUrl":"https:\/\/www.ferienwohnungen-garmischpartenkirchen.de\/wp-content\/uploads\/2024\/06\/Wortbildmarke_Negativ-1024x253-1.png","width":1024,"height":253,"caption":"Mahr GmbH"},"image":{"@id":"https:\/\/www.ferienwohnungen-garmischpartenkirchen.de\/de\/#\/schema\/logo\/image\/"}}]}},"_links":{"self":[{"href":"https:\/\/www.ferienwohnungen-garmischpartenkirchen.de\/de\/wp-json\/wp\/v2\/pages\/4803","targetHints":{"allow":["GET"]}}],"collection":[{"href":"https:\/\/www.ferienwohnungen-garmischpartenkirchen.de\/de\/wp-json\/wp\/v2\/pages"}],"about":[{"href":"https:\/\/www.ferienwohnungen-garmischpartenkirchen.de\/de\/wp-json\/wp\/v2\/types\/page"}],"author":[{"embeddable":true,"href":"https:\/\/www.ferienwohnungen-garmischpartenkirchen.de\/de\/wp-json\/wp\/v2\/users\/1"}],"replies":[{"embeddable":true,"href":"https:\/\/www.ferienwohnungen-garmischpartenkirchen.de\/de\/wp-json\/wp\/v2\/comments?post=4803"}],"version-history":[{"count":97,"href":"https:\/\/www.ferienwohnungen-garmischpartenkirchen.de\/de\/wp-json\/wp\/v2\/pages\/4803\/revisions"}],"predecessor-version":[{"id":9503,"href":"https:\/\/www.ferienwohnungen-garmischpartenkirchen.de\/de\/wp-json\/wp\/v2\/pages\/4803\/revisions\/9503"}],"wp:attachment":[{"href":"https:\/\/www.ferienwohnungen-garmischpartenkirchen.de\/de\/wp-json\/wp\/v2\/media?parent=4803"}],"wp:term":[{"taxonomy":"seitenarte","embeddable":true,"href":"https:\/\/www.ferienwohnungen-garmischpartenkirchen.de\/de\/wp-json\/wp\/v2\/seitenarte?post=4803"}],"curies":[{"name":"wp","href":"https:\/\/api.w.org\/{rel}","templated":true}]}}