{"id":6406,"date":"2024-07-05T12:06:33","date_gmt":"2024-07-05T10:06:33","guid":{"rendered":"https:\/\/www.ferienwohnungen-garmischpartenkirchen.de\/?page_id=6406"},"modified":"2024-07-29T13:11:13","modified_gmt":"2024-07-29T11:11:13","slug":"kloester-und-schloesser-rund-um-garmisch","status":"publish","type":"page","link":"https:\/\/www.ferienwohnungen-garmischpartenkirchen.de\/de\/kloester-und-schloesser-rund-um-garmisch\/","title":{"rendered":"Kl\u00f6ster und Schl\u00f6sser rund um Garmisch"},"content":{"rendered":"\t\t<div data-elementor-type=\"wp-page\" data-elementor-id=\"6406\" class=\"elementor elementor-6406\" data-elementor-post-type=\"page\">\n\t\t\t\t<div class=\"elementor-element elementor-element-5dcd03b e-con-full e-flex e-con e-parent\" data-id=\"5dcd03b\" data-element_type=\"container\">\n\t\t\t\t<div class=\"elementor-element elementor-element-6caf0b9 elementor-widget elementor-widget-template\" data-id=\"6caf0b9\" data-element_type=\"widget\" data-widget_type=\"template.default\">\n\t\t\t\t<div class=\"elementor-widget-container\">\n\t\t\t\t\t\t\t<div class=\"elementor-template\">\n\t\t\t\t\t<div data-elementor-type=\"container\" data-elementor-id=\"70\" class=\"elementor elementor-70\" data-elementor-post-type=\"elementor_library\">\n\t\t\t\t<div class=\"elementor-element elementor-element-1a03abe3 e-flex e-con-boxed e-con e-parent\" data-id=\"1a03abe3\" data-element_type=\"container\" data-settings=\"{&quot;background_background&quot;:&quot;classic&quot;}\">\n\t\t\t\t\t<div class=\"e-con-inner\">\n\t\t\t\t\t<\/div>\n\t\t\t\t<\/div>\n\t\t\t\t<\/div>\n\t\t\t\t<\/div>\n\t\t\t\t\t\t<\/div>\n\t\t\t\t<\/div>\n\t\t\t\t<\/div>\n\t\t<div class=\"elementor-element elementor-element-683ac3b e-flex e-con-boxed e-con e-parent\" data-id=\"683ac3b\" data-element_type=\"container\">\n\t\t\t\t\t<div class=\"e-con-inner\">\n\t\t\t\t<div class=\"elementor-element elementor-element-f2d9dc5 elementor-widget__width-auto elementor-widget elementor-widget-heading\" data-id=\"f2d9dc5\" data-element_type=\"widget\" data-widget_type=\"heading.default\">\n\t\t\t\t<div class=\"elementor-widget-container\">\n\t\t\t\t\t<h2 class=\"elementor-heading-title elementor-size-default\"><p class=\"beon_heading\">Kl\u00f6ster und Schl\u00f6sser <\/p>\n<span class=\"beon_subheading_h2\">\nIn Garmisch-Partenkirchen\u200b\n<\/span><\/h2>\t\t\t\t<\/div>\n\t\t\t\t<\/div>\n\t\t\t\t\t<\/div>\n\t\t\t\t<\/div>\n\t\t<div class=\"elementor-element elementor-element-9d514e1 e-flex e-con-boxed e-con e-parent\" data-id=\"9d514e1\" data-element_type=\"container\">\n\t\t\t\t\t<div class=\"e-con-inner\">\n\t\t<div class=\"elementor-element elementor-element-22f301d e-con-full e-flex e-con e-child\" data-id=\"22f301d\" data-element_type=\"container\">\n\t\t\t\t<div class=\"elementor-element elementor-element-a2874a3 elementor-widget elementor-widget-image\" data-id=\"a2874a3\" data-element_type=\"widget\" data-widget_type=\"image.default\">\n\t\t\t\t<div class=\"elementor-widget-container\">\n\t\t\t\t\t\t\t\t\t\t\t\t\t\t\t<img fetchpriority=\"high\" decoding=\"async\" width=\"600\" height=\"450\" src=\"https:\/\/www.ferienwohnungen-garmischpartenkirchen.de\/wp-content\/uploads\/2024\/07\/Benediktbeuern_Dorf_600px-1.jpg\" class=\"attachment-large size-large wp-image-6411\" alt=\"Benediktbeuern Dorf in Garmisch-Partenkirchen\" srcset=\"https:\/\/www.ferienwohnungen-garmischpartenkirchen.de\/wp-content\/uploads\/2024\/07\/Benediktbeuern_Dorf_600px-1.jpg 600w, https:\/\/www.ferienwohnungen-garmischpartenkirchen.de\/wp-content\/uploads\/2024\/07\/Benediktbeuern_Dorf_600px-1-300x225.jpg 300w\" sizes=\"(max-width: 600px) 100vw, 600px\" \/>\t\t\t\t\t\t\t\t\t\t\t\t\t\t\t<\/div>\n\t\t\t\t<\/div>\n\t\t<div class=\"elementor-element elementor-element-a56e4e4 e-con-full e-flex e-con e-child\" data-id=\"a56e4e4\" data-element_type=\"container\" data-settings=\"{&quot;background_background&quot;:&quot;classic&quot;}\">\n\t\t\t\t<div class=\"elementor-element elementor-element-4d967a9 elementor-widget elementor-widget-heading\" data-id=\"4d967a9\" data-element_type=\"widget\" data-widget_type=\"heading.default\">\n\t\t\t\t<div class=\"elementor-widget-container\">\n\t\t\t\t\t<h4 class=\"elementor-heading-title elementor-size-default\">Benediktbeuern<\/h4>\t\t\t\t<\/div>\n\t\t\t\t<\/div>\n\t\t\t\t<div class=\"elementor-element elementor-element-6cc91b0 elementor-widget elementor-widget-text-editor\" data-id=\"6cc91b0\" data-element_type=\"widget\" data-widget_type=\"text-editor.default\">\n\t\t\t\t<div class=\"elementor-widget-container\">\n\t\t\t\t\t\t\t\t\t<p>Im bayerischen Voralpenland in der N\u00e4he des Kochelsees liegt das Kloster Benediktbeuern, eines der \u00e4ltesten Benediktinerkl\u00f6ster Bayerns. 725 wurde die ehemalige Benediktinerabtei gegr\u00fcndet,1669 entstand die barocke Klosteranlage. 1803 wurde das Kloster im Zuge der S\u00e4kularisation aufgel\u00f6st, 1930 aber von den Salesianern Don Boscos wiederbelebt und zu einem Zentrum religi\u00f6ser Bildung, Wissenschaft und Erziehung ausgebaut.<\/p><p class=\"redirect-btn\"><a class=\"weiterlesen-btn2\" href=\"http:\/\/www.benediktbeuern.de\/\" target=\"_blank\" rel=\"noopener\">zur Webseite<\/a><br \/><a class=\"weiterlesen-btn2\" href=\"http:\/\/goo.gl\/maps\/mCFPZ\" target=\"_blank\" rel=\"noopener\">Kartenansicht<\/a><\/p>\t\t\t\t\t\t\t\t<\/div>\n\t\t\t\t<\/div>\n\t\t\t\t<\/div>\n\t\t\t\t<\/div>\n\t\t<div class=\"elementor-element elementor-element-475b3ec e-con-full e-flex e-con e-child\" data-id=\"475b3ec\" data-element_type=\"container\">\n\t\t\t\t<div class=\"elementor-element elementor-element-736444b elementor-widget elementor-widget-image\" data-id=\"736444b\" data-element_type=\"widget\" data-widget_type=\"image.default\">\n\t\t\t\t<div class=\"elementor-widget-container\">\n\t\t\t\t\t\t\t\t\t\t\t\t\t\t\t<img decoding=\"async\" width=\"550\" height=\"250\" src=\"https:\/\/www.ferienwohnungen-garmischpartenkirchen.de\/wp-content\/uploads\/2024\/07\/Kloster-Rottenbuch-1e7b5493.jpg\" class=\"attachment-large size-large wp-image-6415\" alt=\"Kloster Rottenbuch in Garmisch-Partenkirchen\" srcset=\"https:\/\/www.ferienwohnungen-garmischpartenkirchen.de\/wp-content\/uploads\/2024\/07\/Kloster-Rottenbuch-1e7b5493.jpg 550w, https:\/\/www.ferienwohnungen-garmischpartenkirchen.de\/wp-content\/uploads\/2024\/07\/Kloster-Rottenbuch-1e7b5493-300x136.jpg 300w\" sizes=\"(max-width: 550px) 100vw, 550px\" \/>\t\t\t\t\t\t\t\t\t\t\t\t\t\t\t<\/div>\n\t\t\t\t<\/div>\n\t\t<div class=\"elementor-element elementor-element-35670c0 e-con-full e-flex e-con e-child\" data-id=\"35670c0\" data-element_type=\"container\" data-settings=\"{&quot;background_background&quot;:&quot;classic&quot;}\">\n\t\t\t\t<div class=\"elementor-element elementor-element-c74f3d0 elementor-widget elementor-widget-heading\" data-id=\"c74f3d0\" data-element_type=\"widget\" data-widget_type=\"heading.default\">\n\t\t\t\t<div class=\"elementor-widget-container\">\n\t\t\t\t\t<h4 class=\"elementor-heading-title elementor-size-default\">Kloster Rottenbuch<\/h4>\t\t\t\t<\/div>\n\t\t\t\t<\/div>\n\t\t\t\t<div class=\"elementor-element elementor-element-eb919c3 elementor-widget elementor-widget-text-editor\" data-id=\"eb919c3\" data-element_type=\"widget\" data-widget_type=\"text-editor.default\">\n\t\t\t\t<div class=\"elementor-widget-container\">\n\t\t\t\t\t\t\t\t\t<p>Das Kloster Rottenbuch, unweit des Ammertals und der Wieskirche, wurde um 1073 von Herzog Welf I. von Bayern errichtet. Die urspr\u00fcnglich romanische Basilika wurde sp\u00e4ter im gotischen Stil erweitert und im 18. Jahrhundert im Rokokostil ausgeschm\u00fcckt. Im Zuge der S\u00e4kularisierung wurde das Kloster 1803 aufgel\u00f6st, 1963 aber von Don-Bosco-Schwestern \u00fcbernommen und bis heute gef\u00fchrt.<\/p><p class=\"redirect-btn\"><a class=\"weiterlesen-btn2\" href=\"http:\/\/rottenbuch.de\/\" target=\"_blank\" rel=\"noopener\">zur Webseite<\/a><br \/><a class=\"weiterlesen-btn2\" href=\"http:\/\/goo.gl\/maps\/IKkGq\" target=\"_blank\" rel=\"noopener\">Kartenansicht<\/a><\/p>\t\t\t\t\t\t\t\t<\/div>\n\t\t\t\t<\/div>\n\t\t\t\t<\/div>\n\t\t\t\t<\/div>\n\t\t<div class=\"elementor-element elementor-element-829b9f5 e-con-full e-flex e-con e-child\" data-id=\"829b9f5\" data-element_type=\"container\">\n\t\t\t\t<div class=\"elementor-element elementor-element-2646ca9 elementor-widget elementor-widget-image\" data-id=\"2646ca9\" data-element_type=\"widget\" data-widget_type=\"image.default\">\n\t\t\t\t<div class=\"elementor-widget-container\">\n\t\t\t\t\t\t\t\t\t\t\t\t\t\t\t<img decoding=\"async\" width=\"550\" height=\"250\" src=\"https:\/\/www.ferienwohnungen-garmischpartenkirchen.de\/wp-content\/uploads\/2024\/07\/Hohenschwangau-7d69dea0-1.jpg\" class=\"attachment-large size-large wp-image-6417\" alt=\"Hohenschwanhgau in Garmisch-Partenkirchen\" srcset=\"https:\/\/www.ferienwohnungen-garmischpartenkirchen.de\/wp-content\/uploads\/2024\/07\/Hohenschwangau-7d69dea0-1.jpg 550w, https:\/\/www.ferienwohnungen-garmischpartenkirchen.de\/wp-content\/uploads\/2024\/07\/Hohenschwangau-7d69dea0-1-300x136.jpg 300w\" sizes=\"(max-width: 550px) 100vw, 550px\" \/>\t\t\t\t\t\t\t\t\t\t\t\t\t\t\t<\/div>\n\t\t\t\t<\/div>\n\t\t<div class=\"elementor-element elementor-element-c98ce2d e-con-full e-flex e-con e-child\" data-id=\"c98ce2d\" data-element_type=\"container\" data-settings=\"{&quot;background_background&quot;:&quot;classic&quot;}\">\n\t\t\t\t<div class=\"elementor-element elementor-element-70bcbf3 elementor-widget elementor-widget-heading\" data-id=\"70bcbf3\" data-element_type=\"widget\" data-widget_type=\"heading.default\">\n\t\t\t\t<div class=\"elementor-widget-container\">\n\t\t\t\t\t<h4 class=\"elementor-heading-title elementor-size-default\">Schloss Hohenschwangau<\/h4>\t\t\t\t<\/div>\n\t\t\t\t<\/div>\n\t\t\t\t<div class=\"elementor-element elementor-element-1fc00b4 elementor-widget elementor-widget-text-editor\" data-id=\"1fc00b4\" data-element_type=\"widget\" data-widget_type=\"text-editor.default\">\n\t\t\t\t<div class=\"elementor-widget-container\">\n\t\t\t\t\t\t\t\t\t<p>Das Schloss Hohenschwangau liegt zu F\u00fc\u00dfen des Schlosses Neuschwanstein. Erbaut wurde es um 1832, aber nicht von K\u00f6nig Ludwig II., sondern von K\u00f6nig Maximilian von Bayern. Eine Besichtigung l\u00e4sst sich mit dem Besuch Neuschwansteins verbinden und ist lohnend f\u00fcr alle, die sich f\u00fcr Fresken der Deutschen Geschichte, Tafelschmuck und \u00c4hnliches interessieren.<\/p><p class=\"redirect-btn\"><a class=\"weiterlesen-btn2\" href=\"http:\/\/www.hohenschwangau.de\/\" target=\"_blank\" rel=\"noopener\">zur Webseite<\/a><br \/><a class=\"weiterlesen-btn2\" href=\"http:\/\/goo.gl\/maps\/UTgtI\" target=\"_blank\" rel=\"noopener\">Kartenansicht<\/a><\/p>\t\t\t\t\t\t\t\t<\/div>\n\t\t\t\t<\/div>\n\t\t\t\t<\/div>\n\t\t\t\t<\/div>\n\t\t\t\t\t<\/div>\n\t\t\t\t<\/div>\n\t\t\t\t<\/div>\n\t\t","protected":false},"excerpt":{"rendered":"<p>Kl\u00f6ster und Schl\u00f6sser In Garmisch-Partenkirchen\u200b Benediktbeuern Im bayerischen Voralpenland in der N\u00e4he des Kochelsees liegt das Kloster Benediktbeuern, eines der \u00e4ltesten Benediktinerkl\u00f6ster Bayerns. 725 wurde die ehemalige Benediktinerabtei gegr\u00fcndet,1669 entstand die barocke Klosteranlage. 1803 wurde das Kloster im Zuge der S\u00e4kularisation aufgel\u00f6st, 1930 aber von den Salesianern Don Boscos wiederbelebt und zu einem Zentrum religi\u00f6ser [&hellip;]<\/p>\n","protected":false},"author":1,"featured_media":0,"parent":0,"menu_order":0,"comment_status":"closed","ping_status":"closed","template":"","meta":{"_acf_changed":false,"footnotes":""},"seitenarte":[],"class_list":["post-6406","page","type-page","status-publish","hentry"],"acf":[],"yoast_head":"<!-- This site is optimized with the Yoast SEO plugin v26.6 - https:\/\/yoast.com\/wordpress\/plugins\/seo\/ -->\n<title>Kl\u00f6ster und Schl\u00f6sser rund um Garmisch - Mahr GmbH<\/title>\n<meta name=\"description\" content=\"Garmisch-Partenkirchen h\u00e4lt einige Sehensw\u00fcrdigkeiten f\u00fcr Sie bereit. Hier finden Sie eine Auswahl an Kl\u00f6ster und Schl\u00f6sser rund um Garmisch.\" \/>\n<meta name=\"robots\" content=\"index, follow, max-snippet:-1, max-image-preview:large, max-video-preview:-1\" \/>\n<link rel=\"canonical\" href=\"https:\/\/www.ferienwohnungen-garmischpartenkirchen.de\/de\/kloester-und-schloesser-rund-um-garmisch\/\" \/>\n<meta property=\"og:locale\" content=\"de_DE\" \/>\n<meta property=\"og:type\" content=\"article\" \/>\n<meta property=\"og:title\" content=\"Kl\u00f6ster und Schl\u00f6sser rund um Garmisch - Mahr GmbH\" \/>\n<meta property=\"og:description\" content=\"Garmisch-Partenkirchen h\u00e4lt einige Sehensw\u00fcrdigkeiten f\u00fcr Sie bereit. Hier finden Sie eine Auswahl an Kl\u00f6ster und Schl\u00f6sser rund um Garmisch.\" \/>\n<meta property=\"og:url\" content=\"https:\/\/www.ferienwohnungen-garmischpartenkirchen.de\/de\/kloester-und-schloesser-rund-um-garmisch\/\" \/>\n<meta property=\"og:site_name\" content=\"Mahr GmbH\" \/>\n<meta property=\"article:modified_time\" content=\"2024-07-29T11:11:13+00:00\" \/>\n<meta property=\"og:image\" content=\"https:\/\/www.ferienwohnungen-garmischpartenkirchen.de\/wp-content\/uploads\/2024\/07\/Benediktbeuern_Dorf_600px-1.jpg\" \/>\n<meta name=\"twitter:card\" content=\"summary_large_image\" \/>\n<meta name=\"twitter:label1\" content=\"Gesch\u00e4tzte Lesezeit\" \/>\n\t<meta name=\"twitter:data1\" content=\"2\u00a0Minuten\" \/>\n<script type=\"application\/ld+json\" class=\"yoast-schema-graph\">{\"@context\":\"https:\/\/schema.org\",\"@graph\":[{\"@type\":\"WebPage\",\"@id\":\"https:\/\/www.ferienwohnungen-garmischpartenkirchen.de\/de\/kloester-und-schloesser-rund-um-garmisch\/\",\"url\":\"https:\/\/www.ferienwohnungen-garmischpartenkirchen.de\/de\/kloester-und-schloesser-rund-um-garmisch\/\",\"name\":\"Kl\u00f6ster und Schl\u00f6sser rund um Garmisch - Mahr GmbH\",\"isPartOf\":{\"@id\":\"https:\/\/www.ferienwohnungen-garmischpartenkirchen.de\/de\/#website\"},\"primaryImageOfPage\":{\"@id\":\"https:\/\/www.ferienwohnungen-garmischpartenkirchen.de\/de\/kloester-und-schloesser-rund-um-garmisch\/#primaryimage\"},\"image\":{\"@id\":\"https:\/\/www.ferienwohnungen-garmischpartenkirchen.de\/de\/kloester-und-schloesser-rund-um-garmisch\/#primaryimage\"},\"thumbnailUrl\":\"https:\/\/www.ferienwohnungen-garmischpartenkirchen.de\/wp-content\/uploads\/2024\/07\/Benediktbeuern_Dorf_600px-1.jpg\",\"datePublished\":\"2024-07-05T10:06:33+00:00\",\"dateModified\":\"2024-07-29T11:11:13+00:00\",\"description\":\"Garmisch-Partenkirchen h\u00e4lt einige Sehensw\u00fcrdigkeiten f\u00fcr Sie bereit. Hier finden Sie eine Auswahl an Kl\u00f6ster und Schl\u00f6sser rund um Garmisch.\",\"breadcrumb\":{\"@id\":\"https:\/\/www.ferienwohnungen-garmischpartenkirchen.de\/de\/kloester-und-schloesser-rund-um-garmisch\/#breadcrumb\"},\"inLanguage\":\"de\",\"potentialAction\":[{\"@type\":\"ReadAction\",\"target\":[\"https:\/\/www.ferienwohnungen-garmischpartenkirchen.de\/de\/kloester-und-schloesser-rund-um-garmisch\/\"]}]},{\"@type\":\"ImageObject\",\"inLanguage\":\"de\",\"@id\":\"https:\/\/www.ferienwohnungen-garmischpartenkirchen.de\/de\/kloester-und-schloesser-rund-um-garmisch\/#primaryimage\",\"url\":\"https:\/\/www.ferienwohnungen-garmischpartenkirchen.de\/wp-content\/uploads\/2024\/07\/Benediktbeuern_Dorf_600px-1.jpg\",\"contentUrl\":\"https:\/\/www.ferienwohnungen-garmischpartenkirchen.de\/wp-content\/uploads\/2024\/07\/Benediktbeuern_Dorf_600px-1.jpg\"},{\"@type\":\"BreadcrumbList\",\"@id\":\"https:\/\/www.ferienwohnungen-garmischpartenkirchen.de\/de\/kloester-und-schloesser-rund-um-garmisch\/#breadcrumb\",\"itemListElement\":[{\"@type\":\"ListItem\",\"position\":1,\"name\":\"Startseite\",\"item\":\"https:\/\/www.ferienwohnungen-garmischpartenkirchen.de\/de\/\"},{\"@type\":\"ListItem\",\"position\":2,\"name\":\"Kl\u00f6ster und Schl\u00f6sser rund um Garmisch\"}]},{\"@type\":\"WebSite\",\"@id\":\"https:\/\/www.ferienwohnungen-garmischpartenkirchen.de\/de\/#website\",\"url\":\"https:\/\/www.ferienwohnungen-garmischpartenkirchen.de\/de\/\",\"name\":\"Mahr GmbH\",\"description\":\"\",\"publisher\":{\"@id\":\"https:\/\/www.ferienwohnungen-garmischpartenkirchen.de\/de\/#organization\"},\"potentialAction\":[{\"@type\":\"SearchAction\",\"target\":{\"@type\":\"EntryPoint\",\"urlTemplate\":\"https:\/\/www.ferienwohnungen-garmischpartenkirchen.de\/de\/?s={search_term_string}\"},\"query-input\":{\"@type\":\"PropertyValueSpecification\",\"valueRequired\":true,\"valueName\":\"search_term_string\"}}],\"inLanguage\":\"de\"},{\"@type\":\"Organization\",\"@id\":\"https:\/\/www.ferienwohnungen-garmischpartenkirchen.de\/de\/#organization\",\"name\":\"Mahr GmbH\",\"url\":\"https:\/\/www.ferienwohnungen-garmischpartenkirchen.de\/de\/\",\"logo\":{\"@type\":\"ImageObject\",\"inLanguage\":\"de\",\"@id\":\"https:\/\/www.ferienwohnungen-garmischpartenkirchen.de\/de\/#\/schema\/logo\/image\/\",\"url\":\"https:\/\/www.ferienwohnungen-garmischpartenkirchen.de\/wp-content\/uploads\/2024\/06\/Wortbildmarke_Negativ-1024x253-1.png\",\"contentUrl\":\"https:\/\/www.ferienwohnungen-garmischpartenkirchen.de\/wp-content\/uploads\/2024\/06\/Wortbildmarke_Negativ-1024x253-1.png\",\"width\":1024,\"height\":253,\"caption\":\"Mahr GmbH\"},\"image\":{\"@id\":\"https:\/\/www.ferienwohnungen-garmischpartenkirchen.de\/de\/#\/schema\/logo\/image\/\"}}]}<\/script>\n<!-- \/ Yoast SEO plugin. -->","yoast_head_json":{"title":"Kl\u00f6ster und Schl\u00f6sser rund um Garmisch - Mahr GmbH","description":"Garmisch-Partenkirchen h\u00e4lt einige Sehensw\u00fcrdigkeiten f\u00fcr Sie bereit. Hier finden Sie eine Auswahl an Kl\u00f6ster und Schl\u00f6sser rund um Garmisch.","robots":{"index":"index","follow":"follow","max-snippet":"max-snippet:-1","max-image-preview":"max-image-preview:large","max-video-preview":"max-video-preview:-1"},"canonical":"https:\/\/www.ferienwohnungen-garmischpartenkirchen.de\/de\/kloester-und-schloesser-rund-um-garmisch\/","og_locale":"de_DE","og_type":"article","og_title":"Kl\u00f6ster und Schl\u00f6sser rund um Garmisch - Mahr GmbH","og_description":"Garmisch-Partenkirchen h\u00e4lt einige Sehensw\u00fcrdigkeiten f\u00fcr Sie bereit. Hier finden Sie eine Auswahl an Kl\u00f6ster und Schl\u00f6sser rund um Garmisch.","og_url":"https:\/\/www.ferienwohnungen-garmischpartenkirchen.de\/de\/kloester-und-schloesser-rund-um-garmisch\/","og_site_name":"Mahr GmbH","article_modified_time":"2024-07-29T11:11:13+00:00","og_image":[{"url":"https:\/\/www.ferienwohnungen-garmischpartenkirchen.de\/wp-content\/uploads\/2024\/07\/Benediktbeuern_Dorf_600px-1.jpg","type":"","width":"","height":""}],"twitter_card":"summary_large_image","twitter_misc":{"Gesch\u00e4tzte Lesezeit":"2\u00a0Minuten"},"schema":{"@context":"https:\/\/schema.org","@graph":[{"@type":"WebPage","@id":"https:\/\/www.ferienwohnungen-garmischpartenkirchen.de\/de\/kloester-und-schloesser-rund-um-garmisch\/","url":"https:\/\/www.ferienwohnungen-garmischpartenkirchen.de\/de\/kloester-und-schloesser-rund-um-garmisch\/","name":"Kl\u00f6ster und Schl\u00f6sser rund um Garmisch - Mahr GmbH","isPartOf":{"@id":"https:\/\/www.ferienwohnungen-garmischpartenkirchen.de\/de\/#website"},"primaryImageOfPage":{"@id":"https:\/\/www.ferienwohnungen-garmischpartenkirchen.de\/de\/kloester-und-schloesser-rund-um-garmisch\/#primaryimage"},"image":{"@id":"https:\/\/www.ferienwohnungen-garmischpartenkirchen.de\/de\/kloester-und-schloesser-rund-um-garmisch\/#primaryimage"},"thumbnailUrl":"https:\/\/www.ferienwohnungen-garmischpartenkirchen.de\/wp-content\/uploads\/2024\/07\/Benediktbeuern_Dorf_600px-1.jpg","datePublished":"2024-07-05T10:06:33+00:00","dateModified":"2024-07-29T11:11:13+00:00","description":"Garmisch-Partenkirchen h\u00e4lt einige Sehensw\u00fcrdigkeiten f\u00fcr Sie bereit. Hier finden Sie eine Auswahl an Kl\u00f6ster und Schl\u00f6sser rund um Garmisch.","breadcrumb":{"@id":"https:\/\/www.ferienwohnungen-garmischpartenkirchen.de\/de\/kloester-und-schloesser-rund-um-garmisch\/#breadcrumb"},"inLanguage":"de","potentialAction":[{"@type":"ReadAction","target":["https:\/\/www.ferienwohnungen-garmischpartenkirchen.de\/de\/kloester-und-schloesser-rund-um-garmisch\/"]}]},{"@type":"ImageObject","inLanguage":"de","@id":"https:\/\/www.ferienwohnungen-garmischpartenkirchen.de\/de\/kloester-und-schloesser-rund-um-garmisch\/#primaryimage","url":"https:\/\/www.ferienwohnungen-garmischpartenkirchen.de\/wp-content\/uploads\/2024\/07\/Benediktbeuern_Dorf_600px-1.jpg","contentUrl":"https:\/\/www.ferienwohnungen-garmischpartenkirchen.de\/wp-content\/uploads\/2024\/07\/Benediktbeuern_Dorf_600px-1.jpg"},{"@type":"BreadcrumbList","@id":"https:\/\/www.ferienwohnungen-garmischpartenkirchen.de\/de\/kloester-und-schloesser-rund-um-garmisch\/#breadcrumb","itemListElement":[{"@type":"ListItem","position":1,"name":"Startseite","item":"https:\/\/www.ferienwohnungen-garmischpartenkirchen.de\/de\/"},{"@type":"ListItem","position":2,"name":"Kl\u00f6ster und Schl\u00f6sser rund um Garmisch"}]},{"@type":"WebSite","@id":"https:\/\/www.ferienwohnungen-garmischpartenkirchen.de\/de\/#website","url":"https:\/\/www.ferienwohnungen-garmischpartenkirchen.de\/de\/","name":"Mahr GmbH","description":"","publisher":{"@id":"https:\/\/www.ferienwohnungen-garmischpartenkirchen.de\/de\/#organization"},"potentialAction":[{"@type":"SearchAction","target":{"@type":"EntryPoint","urlTemplate":"https:\/\/www.ferienwohnungen-garmischpartenkirchen.de\/de\/?s={search_term_string}"},"query-input":{"@type":"PropertyValueSpecification","valueRequired":true,"valueName":"search_term_string"}}],"inLanguage":"de"},{"@type":"Organization","@id":"https:\/\/www.ferienwohnungen-garmischpartenkirchen.de\/de\/#organization","name":"Mahr GmbH","url":"https:\/\/www.ferienwohnungen-garmischpartenkirchen.de\/de\/","logo":{"@type":"ImageObject","inLanguage":"de","@id":"https:\/\/www.ferienwohnungen-garmischpartenkirchen.de\/de\/#\/schema\/logo\/image\/","url":"https:\/\/www.ferienwohnungen-garmischpartenkirchen.de\/wp-content\/uploads\/2024\/06\/Wortbildmarke_Negativ-1024x253-1.png","contentUrl":"https:\/\/www.ferienwohnungen-garmischpartenkirchen.de\/wp-content\/uploads\/2024\/06\/Wortbildmarke_Negativ-1024x253-1.png","width":1024,"height":253,"caption":"Mahr GmbH"},"image":{"@id":"https:\/\/www.ferienwohnungen-garmischpartenkirchen.de\/de\/#\/schema\/logo\/image\/"}}]}},"_links":{"self":[{"href":"https:\/\/www.ferienwohnungen-garmischpartenkirchen.de\/de\/wp-json\/wp\/v2\/pages\/6406","targetHints":{"allow":["GET"]}}],"collection":[{"href":"https:\/\/www.ferienwohnungen-garmischpartenkirchen.de\/de\/wp-json\/wp\/v2\/pages"}],"about":[{"href":"https:\/\/www.ferienwohnungen-garmischpartenkirchen.de\/de\/wp-json\/wp\/v2\/types\/page"}],"author":[{"embeddable":true,"href":"https:\/\/www.ferienwohnungen-garmischpartenkirchen.de\/de\/wp-json\/wp\/v2\/users\/1"}],"replies":[{"embeddable":true,"href":"https:\/\/www.ferienwohnungen-garmischpartenkirchen.de\/de\/wp-json\/wp\/v2\/comments?post=6406"}],"version-history":[{"count":13,"href":"https:\/\/www.ferienwohnungen-garmischpartenkirchen.de\/de\/wp-json\/wp\/v2\/pages\/6406\/revisions"}],"predecessor-version":[{"id":8533,"href":"https:\/\/www.ferienwohnungen-garmischpartenkirchen.de\/de\/wp-json\/wp\/v2\/pages\/6406\/revisions\/8533"}],"wp:attachment":[{"href":"https:\/\/www.ferienwohnungen-garmischpartenkirchen.de\/de\/wp-json\/wp\/v2\/media?parent=6406"}],"wp:term":[{"taxonomy":"seitenarte","embeddable":true,"href":"https:\/\/www.ferienwohnungen-garmischpartenkirchen.de\/de\/wp-json\/wp\/v2\/seitenarte?post=6406"}],"curies":[{"name":"wp","href":"https:\/\/api.w.org\/{rel}","templated":true}]}}