{"id":6606,"date":"2024-06-17T13:33:03","date_gmt":"2024-06-17T11:33:03","guid":{"rendered":"https:\/\/www.ferienwohnungen-garmischpartenkirchen.de\/from-the-alpspix-viewing-platform\/"},"modified":"2024-08-07T11:39:49","modified_gmt":"2024-08-07T09:39:49","slug":"from-the-alpspix-viewing-platform","status":"publish","type":"page","link":"https:\/\/www.ferienwohnungen-garmischpartenkirchen.de\/en\/sightseeing\/from-the-alpspix-viewing-platform\/","title":{"rendered":"From the AlpspiX viewing platform"},"content":{"rendered":"\t\t<div data-elementor-type=\"wp-page\" data-elementor-id=\"6606\" class=\"elementor elementor-6606 elementor-4537\" data-elementor-post-type=\"page\">\n\t\t\t\t<div class=\"elementor-element elementor-element-8a741ef e-con-full e-flex e-con e-parent\" data-id=\"8a741ef\" data-element_type=\"container\">\n\t\t\t\t<div class=\"elementor-element elementor-element-50e0f62 elementor-widget elementor-widget-template\" data-id=\"50e0f62\" data-element_type=\"widget\" data-widget_type=\"template.default\">\n\t\t\t\t<div class=\"elementor-widget-container\">\n\t\t\t\t\t\t\t<div class=\"elementor-template\">\n\t\t\t\t\t<div data-elementor-type=\"container\" data-elementor-id=\"9190\" class=\"elementor elementor-9190 elementor-70\" data-elementor-post-type=\"elementor_library\">\n\t\t\t\t<div class=\"elementor-element elementor-element-1a03abe3 e-flex e-con-boxed e-con e-parent\" data-id=\"1a03abe3\" data-element_type=\"container\" data-settings=\"{&quot;background_background&quot;:&quot;classic&quot;}\">\n\t\t\t\t\t<div class=\"e-con-inner\">\n\t\t\t\t\t<\/div>\n\t\t\t\t<\/div>\n\t\t\t\t<\/div>\n\t\t\t\t<\/div>\n\t\t\t\t\t\t<\/div>\n\t\t\t\t<\/div>\n\t\t\t\t<\/div>\n\t\t<div class=\"elementor-element elementor-element-f5bc58b e-flex e-con-boxed e-con e-parent\" data-id=\"f5bc58b\" data-element_type=\"container\">\n\t\t\t\t\t<div class=\"e-con-inner\">\n\t\t\t\t<div class=\"elementor-element elementor-element-d482bc8 elementor-widget__width-auto elementor-widget-mobile__width-inherit elementor-widget elementor-widget-heading\" data-id=\"d482bc8\" data-element_type=\"widget\" data-widget_type=\"heading.default\">\n\t\t\t\t<div class=\"elementor-widget-container\">\n\t\t\t\t\t<h2 class=\"elementor-heading-title elementor-size-default\"><p class=\"beon_heading\">The viewing platform AlpspiX <\/p>\n<span class=\"beon_subheading_h2\"> in Garmisch-Partenkirchen <\/span><\/h2>\t\t\t\t<\/div>\n\t\t\t\t<\/div>\n\t\t\t\t<div class=\"elementor-element elementor-element-328d790 elementor-widget__width-initial elementor-widget-mobile__width-inherit elementor-widget elementor-widget-text-editor\" data-id=\"328d790\" data-element_type=\"widget\" data-widget_type=\"text-editor.default\">\n\t\t\t\t<div class=\"elementor-widget-container\">\n\t\t\t\t\t\t\t\t\t<div class=\"sp\">\n<div class=\"inspectLayerContent block inspectRow\">\n<div class=\"content\">\n<p><strong>Panoramic view guaranteed!<\/strong><\/p>\n<p>The AlpspiX &#8211; a steel viewing platform &#8211; is located at an altitude of 2050 meters on the Osterfelderkopf. The free-floating arms of the extraordinary steel construction are accessible and offer a breathtaking view of the approximately 1000-metre deep H\u00f6llental valley. The Zugspitze and the north face of the Alpspitz also leave unforgettable impressions. At the front end of the footbridges there is a floor glazing so that you have an impressive view of the massif below. The \u201cAlpspix\u201d towers 13 meters above the rocky outcrop and provides a little adrenaline kick when you step onto it. The platform is located just above the mountain station and is therefore also easily accessible for children and older people. Admission is free!      <\/p>\n<\/div>\n<\/div>\n<\/div>\n\t\t\t\t\t\t\t\t<\/div>\n\t\t\t\t<\/div>\n\t\t\t\t\t<\/div>\n\t\t\t\t<\/div>\n\t\t<div class=\"elementor-element elementor-element-f4858de e-flex e-con-boxed e-con e-parent\" data-id=\"f4858de\" data-element_type=\"container\">\n\t\t\t\t\t<div class=\"e-con-inner\">\n\t\t\t\t<div class=\"elementor-element elementor-element-fb26d27 elementor-widget elementor-widget-template\" data-id=\"fb26d27\" data-element_type=\"widget\" data-widget_type=\"template.default\">\n\t\t\t\t<div class=\"elementor-widget-container\">\n\t\t\t\t\t\t\t<div class=\"elementor-template\">\n\t\t\t\t\t<div data-elementor-type=\"container\" data-elementor-id=\"9150\" class=\"elementor elementor-9150 elementor-8977\" data-elementor-post-type=\"elementor_library\">\n\t\t\t\t<div class=\"elementor-element elementor-element-b681446 e-flex e-con-boxed e-con e-parent\" data-id=\"b681446\" data-element_type=\"container\">\n\t\t\t\t\t<div class=\"e-con-inner\">\n\t\t\t\t\t<\/div>\n\t\t\t\t<\/div>\n\t\t\t\t<\/div>\n\t\t\t\t<\/div>\n\t\t\t\t\t\t<\/div>\n\t\t\t\t<\/div>\n\t\t\t\t\t<\/div>\n\t\t\t\t<\/div>\n\t\t<div class=\"elementor-element elementor-element-dd7393c beon_hyphen_text e-flex e-con-boxed e-con e-parent\" data-id=\"dd7393c\" data-element_type=\"container\">\n\t\t\t\t\t<div class=\"e-con-inner\">\n\t\t\t\t<div class=\"elementor-element elementor-element-9d72e29 elementor-widget__width-initial elementor-widget elementor-widget-text-editor\" data-id=\"9d72e29\" data-element_type=\"widget\" data-widget_type=\"text-editor.default\">\n\t\t\t\t<div class=\"elementor-widget-container\">\n\t\t\t\t\t\t\t\t\t<div class=\"row\">\n<div class=\"grid-box-area mb-0 pb-0 border-0\">\n<p>Thanks to the good cable car connection, this experience is accessible to everyone all year round. Take the Alpspitzbahn gondola, which will take you to the mountain station in 9 minutes. From there, it is about a 5-minute walk to the viewing platform. Parking is available directly at the valley station, the ascent and descent costs 30 euros (in summer). Reduced prices apply for young people and children.    <\/p>\n<p><a href=\"https:\/\/zugspitze.de\/de\/Preise\/Sommer\/Garmisch-Classic-Tickets-Sommer\">https:\/\/zugspitze.de\/de\/Preise\/Sommer\/<\/a><a href=\"https:\/\/zugspitze.de\/de\/Preise\/Sommer\/Garmisch-Classic-Tickets-Sommer\">Garmisch-Classic-Tickets-Sommer<\/a><\/p>\n<h5> <\/h5>\n<h5>Opening hours of the cable car<\/h5>\n<p>The operating times of the Alpspitzbahn are October to February: 08:30 &#8211; 16:30<\/p>\n<p>March &#8211; June: 08:30 &#8211; 17:00 and July &#8211; September 08:00 &#8211; 17:30<\/p>\n<h2> <\/h2>\n<h5>Pure nature around the Alpspix viewing platform!<\/h5>\n<p>Combine this wonderful experience with a short hike. The pleasure adventure trail is particularly popular with families! It starts directly at the AlpspiX and stretches for almost 3 km to the Kreuzeckbahn mountain station. 18 child-friendly stations show even the youngest children the mountain world from its most beautiful side. Relax loungers and swinging elements provide variety and fun!    <\/p>\n<\/div>\n<div class=\"inner-page-content attractions-page\">\n<div class=\"row\">\n<div>\n<p><a href=\"https:\/\/www.grainau.de\/genuss-erlebnisweg-alpspitze-kreuzeck\">https:\/\/www.grainau.de\/genuss-erlebnisweg-alpspitze-kreuzeck<\/a><\/p>\n<h5> <\/h5>\n<h5>The Alpspitze Restaurant &#8211; Culinary delights at its best<\/h5>\n<p>If you would like to fortify yourself on your excursion, the \u201cRestaurant Alpspitz\u201d is the perfect place. It is located directly at the mountain station and offers everything your heart desires with Bavarian delicacies and various snacks. There is also a sun terrace with sun loungers where you can enjoy the fantastic view of the surrounding mountain massif.  <\/p>\n<p><a href=\"https:\/\/www.restaurant-alpspitze.de\/\">https:\/\/www.restaurant-alpspitze.de\/<\/a><\/p>\n<h5> <\/h5>\n<h5>Prices of the AlpspiX viewing platform<\/h5>\n<p>The viewing platform can be accessed <strong>free of charge<\/strong> and is located 50 meters above the Alpspitzbahn mountain station. The ascent and descent with the Garmisch-Classic Ticket costs \u20ac30 per adult and \u20ac15.50 for a child aged between 6 and 15. <\/p>\n<p class=\"redirect-btn\"><a class=\"weiterlesen-btn2\" title=\" \" href=\"https:\/\/zugspitze.de\/de\/Garmisch-Classic\/Sommer\/AlpspiX\" target=\"_blank\" rel=\"nofollow noopener\">More information<\/a><br \/><a class=\"weiterlesen-btn2\" title=\" \" href=\"http:\/\/goo.gl\/maps\/BfQrc\" target=\"_blank\" rel=\"noopener\">Map view<\/a><\/p>\n<\/div>\n<\/div>\n<\/div>\n<div class=\"back-btn\"> <\/div>\n<\/div>\n\t\t\t\t\t\t\t\t<\/div>\n\t\t\t\t<\/div>\n\t\t\t\t\t<\/div>\n\t\t\t\t<\/div>\n\t\t<div class=\"elementor-element elementor-element-1063648 e-con-full e-flex e-con e-parent\" data-id=\"1063648\" data-element_type=\"container\" data-settings=\"{&quot;background_background&quot;:&quot;classic&quot;}\">\n\t\t\t\t<div class=\"elementor-element elementor-element-4ec6b7d elementor-widget elementor-widget-template\" data-id=\"4ec6b7d\" data-element_type=\"widget\" data-widget_type=\"template.default\">\n\t\t\t\t<div class=\"elementor-widget-container\">\n\t\t\t\t\t\t\t<div class=\"elementor-template\">\n\t\t\t\t\t<div data-elementor-type=\"container\" data-elementor-id=\"9157\" class=\"elementor elementor-9157 elementor-6735\" data-elementor-post-type=\"elementor_library\">\n\t\t\t\t<div class=\"elementor-element elementor-element-6fb438b e-con-full e-flex e-con e-parent\" data-id=\"6fb438b\" data-element_type=\"container\" data-settings=\"{&quot;background_background&quot;:&quot;classic&quot;}\">\n\t\t<div class=\"elementor-element elementor-element-c30cb13 e-flex e-con-boxed e-con e-child\" data-id=\"c30cb13\" data-element_type=\"container\">\n\t\t\t\t\t<div class=\"e-con-inner\">\n\t\t\t\t<div class=\"elementor-element elementor-element-6d3bb38 elementor-widget elementor-widget-spacer\" data-id=\"6d3bb38\" data-element_type=\"widget\" data-widget_type=\"spacer.default\">\n\t\t\t\t<div class=\"elementor-widget-container\">\n\t\t\t\t\t\t\t<div class=\"elementor-spacer\">\n\t\t\t<div class=\"elementor-spacer-inner\"><\/div>\n\t\t<\/div>\n\t\t\t\t\t\t<\/div>\n\t\t\t\t<\/div>\n\t\t\t\t<div class=\"elementor-element elementor-element-05e4bc1 title-icon2 elementor-widget elementor-widget-heading\" data-id=\"05e4bc1\" data-element_type=\"widget\" data-widget_type=\"heading.default\">\n\t\t\t\t<div class=\"elementor-widget-container\">\n\t\t\t\t\t<h2 class=\"elementor-heading-title elementor-size-default\">Discover<br><span class=\"beon_subheading_h2\">our apartments<\/span><\/h2>\t\t\t\t<\/div>\n\t\t\t\t<\/div>\n\t\t\t\t<div class=\"elementor-element elementor-element-47bf38d elementor-widget__width-initial elementor-widget-mobile__width-inherit elementor-widget elementor-widget-text-editor\" data-id=\"47bf38d\" data-element_type=\"widget\" data-widget_type=\"text-editor.default\">\n\t\t\t\t<div class=\"elementor-widget-container\">\n\t\t\t\t\t\t\t\t\t<div class=\"sp\">\n<div class=\"inspectLayerContent block inspectRow\">\n<div class=\"content\">\n<p>Benefit from the best conditions when booking and during your stay. Enjoy full service and quality accommodations.<\/p>\n<\/div>\n<\/div>\n<\/div>\n\t\t\t\t\t\t\t\t<\/div>\n\t\t\t\t<\/div>\n\t\t\t\t\t<\/div>\n\t\t\t\t<\/div>\n\t\t<div class=\"elementor-element elementor-element-b0d6837 e-flex e-con-boxed e-con e-child\" data-id=\"b0d6837\" data-element_type=\"container\">\n\t\t\t\t\t<div class=\"e-con-inner\">\n\t\t\t\t<div class=\"elementor-element elementor-element-6e6f1b3 elementor-widget elementor-widget-shortcode\" data-id=\"6e6f1b3\" data-element_type=\"widget\" data-widget_type=\"shortcode.default\">\n\t\t\t\t<div class=\"elementor-widget-container\">\n\t\t\t\t\t\t\t<div class=\"elementor-shortcode\"><div class=\"unitslider-wrapper\"><div class=\"swiper beon-unit-slider\"><div class=\"swiper-wrapper\"><div class=\"swiper-slide\"><div class=\"swiperlisting\"><div class=\"\">\n\t\t\t<div id=\"slider\" class=\"flexslider\">\n\t\t\t<ul class=\"slides\">\n\t\t\t\t\t\t\t\t\t<li>\n\t\t\t\t\t\t<img\n\t\t\t\t\t\t\tclass=\"lazy\"\n\t\t\t\t\t\t\tsrc=\"\"\n\t\t\t\t\t\t\tdata-src=\"https:\/\/www.ferienwohnungen-garmischpartenkirchen.de\/wp-content\/uploads\/2024\/06\/mf3709239-768x512.jpg\"\n\t\t\t\t\t\t\talt=\"Wohnzimmer mit Sofa und Kamin in Ferienwohnung in Garmisch-Partenkirchen\"\n\t\t\t\t\t\t\tloading=\"lazy\"\n\t\t\t\t\t\t\tdecoding=\"async\">\n\t\t\t\t\t\t<!-- <li>\n\t\t\t\t\t\t\t<img decoding=\"async\" class=\"lazy\" src=\"\" data-src=\"\" alt=\"\" loading=\"lazy\"\/>\n\t\t\t\t\t\t<\/li> -->\n\t\t\t\t\t\t<!-- <div class=\"swiper-lazy-preloader\"><\/div> -->\n\t\t\t\t\t\t\t\t\t\t<li>\n\t\t\t\t\t\t<img\n\t\t\t\t\t\t\tclass=\"lazy\"\n\t\t\t\t\t\t\tsrc=\"\"\n\t\t\t\t\t\t\tdata-src=\"https:\/\/www.ferienwohnungen-garmischpartenkirchen.de\/wp-content\/uploads\/2025\/09\/mf23887922-768x512.jpg\"\n\t\t\t\t\t\t\talt=\"\"\n\t\t\t\t\t\t\tloading=\"lazy\"\n\t\t\t\t\t\t\tdecoding=\"async\">\n\t\t\t\t\t\t<!-- <li>\n\t\t\t\t\t\t\t<img decoding=\"async\" class=\"lazy\" src=\"\" data-src=\"\" alt=\"\" loading=\"lazy\"\/>\n\t\t\t\t\t\t<\/li> -->\n\t\t\t\t\t\t<!-- <div class=\"swiper-lazy-preloader\"><\/div> -->\n\t\t\t\t\t\t\t\t\t\t<li>\n\t\t\t\t\t\t<img\n\t\t\t\t\t\t\tclass=\"lazy\"\n\t\t\t\t\t\t\tsrc=\"\"\n\t\t\t\t\t\t\tdata-src=\"https:\/\/www.ferienwohnungen-garmischpartenkirchen.de\/wp-content\/uploads\/2024\/06\/mf3709245-768x512.jpg\"\n\t\t\t\t\t\t\talt=\"Badezimmer mit Dachschr\u00e4ge und Fenster in Ferienwohnung in Garmisch-Partenkirchen\"\n\t\t\t\t\t\t\tloading=\"lazy\"\n\t\t\t\t\t\t\tdecoding=\"async\">\n\t\t\t\t\t\t<!-- <li>\n\t\t\t\t\t\t\t<img decoding=\"async\" class=\"lazy\" src=\"\" data-src=\"\" alt=\"\" loading=\"lazy\"\/>\n\t\t\t\t\t\t<\/li> -->\n\t\t\t\t\t\t<!-- <div class=\"swiper-lazy-preloader\"><\/div> -->\n\t\t\t\t\t\t\t\t\t\t<li>\n\t\t\t\t\t\t<img\n\t\t\t\t\t\t\tclass=\"lazy\"\n\t\t\t\t\t\t\tsrc=\"\"\n\t\t\t\t\t\t\tdata-src=\"https:\/\/www.ferienwohnungen-garmischpartenkirchen.de\/wp-content\/uploads\/2024\/06\/mf3709223-768x512.jpg\"\n\t\t\t\t\t\t\talt=\"Doppelbett mit Gardienen in Ferienwohnung in Garmisch-Partenkirchen\"\n\t\t\t\t\t\t\tloading=\"lazy\"\n\t\t\t\t\t\t\tdecoding=\"async\">\n\t\t\t\t\t\t<!-- <li>\n\t\t\t\t\t\t\t<img decoding=\"async\" class=\"lazy\" src=\"\" data-src=\"\" alt=\"\" loading=\"lazy\"\/>\n\t\t\t\t\t\t<\/li> -->\n\t\t\t\t\t\t<!-- <div class=\"swiper-lazy-preloader\"><\/div> -->\n\t\t\t\t\t\t\t\t\t\t<li>\n\t\t\t\t\t\t<img\n\t\t\t\t\t\t\tclass=\"lazy\"\n\t\t\t\t\t\t\tsrc=\"\"\n\t\t\t\t\t\t\tdata-src=\"https:\/\/www.ferienwohnungen-garmischpartenkirchen.de\/wp-content\/uploads\/2024\/06\/mf3709255-768x512.jpg\"\n\t\t\t\t\t\t\talt=\"Balkon mit Tisch in Ferienwohnung in Garmisch-Partenkirchen\"\n\t\t\t\t\t\t\tloading=\"lazy\"\n\t\t\t\t\t\t\tdecoding=\"async\">\n\t\t\t\t\t\t<!-- <li>\n\t\t\t\t\t\t\t<img decoding=\"async\" class=\"lazy\" src=\"\" data-src=\"\" alt=\"\" loading=\"lazy\"\/>\n\t\t\t\t\t\t<\/li> -->\n\t\t\t\t\t\t<!-- <div class=\"swiper-lazy-preloader\"><\/div> -->\n\t\t\t\t\t\t\t\t<\/ul>\n\t\t<\/div>\n\t\n\t<div class=\"info-wrapper\">\n\t\t<div class=\"info-body\">\n\t\t\t<!-- <span class=\"favouritebtn\"> <\/span> -->\n\t\t\t<div class=\"flex heading-wrapper\">\n\t\t\t\t<h4 class=\"unit-title\"><span><a href=\"https:\/\/www.ferienwohnungen-garmischpartenkirchen.de\/en\/unterkuenfte\/bergzeit-2\/\">Bergzeit<\/a><\/span><\/h4>\n\t\t\t\t<div class=\"wrap-classification\">\n\t\t\t\t\t<p class=\"unit-region\">\n\t\t\t\t\t\tGarmisch-Partenkirchen\t\t\t\t\t<\/p>\n\t\t\t\t<\/div>\n\t\t\t<\/div>\n\t\t\t<div class=\"details-wrapper\">\n\t\t\t\t<ul>\n\t\t\t\t\t<li><span class=\"wrap-value\">5  Guests<\/span><\/li>\n\t\t\t\t\t<span class=\"saperator\"><\/span>\n\t\t\t\t\t<li><span class=\"wrap-value\">3 Bedroom<\/span><\/li>\n\t\t\t\t\t<span class=\"saperator\"><\/span>\n\t\t\t\t\t<li>\n\t\t\t\t\t\t<span class=\"price\" data-price=\"7900\">79,00<\/span> <span class=\"currency\">&euro;<\/span> \t\t\t\t\t<\/li>\n\t\t\t\t<\/ul>\n\t\t\t<\/div>\n\t\t<\/div>\n\t<\/div>\n<\/div><\/div><\/div><div class=\"swiper-slide\"><div class=\"swiperlisting\"><div class=\"\">\n\t\t\t<div id=\"slider\" class=\"flexslider\">\n\t\t\t<ul class=\"slides\">\n\t\t\t\t\t\t\t\t\t<li>\n\t\t\t\t\t\t<img\n\t\t\t\t\t\t\tclass=\"lazy\"\n\t\t\t\t\t\t\tsrc=\"\"\n\t\t\t\t\t\t\tdata-src=\"https:\/\/www.ferienwohnungen-garmischpartenkirchen.de\/wp-content\/uploads\/2024\/06\/mf3625512-768x512.jpg\"\n\t\t\t\t\t\t\talt=\"Wohnzimmer mit Sessel in Ferienwohnung in Garmisch-Partenkirchen\"\n\t\t\t\t\t\t\tloading=\"lazy\"\n\t\t\t\t\t\t\tdecoding=\"async\">\n\t\t\t\t\t\t<!-- <li>\n\t\t\t\t\t\t\t<img decoding=\"async\" class=\"lazy\" src=\"\" data-src=\"\" alt=\"\" loading=\"lazy\"\/>\n\t\t\t\t\t\t<\/li> -->\n\t\t\t\t\t\t<!-- <div class=\"swiper-lazy-preloader\"><\/div> -->\n\t\t\t\t\t\t\t\t\t\t<li>\n\t\t\t\t\t\t<img\n\t\t\t\t\t\t\tclass=\"lazy\"\n\t\t\t\t\t\t\tsrc=\"\"\n\t\t\t\t\t\t\tdata-src=\"https:\/\/www.ferienwohnungen-garmischpartenkirchen.de\/wp-content\/uploads\/2024\/06\/mf3625495-768x512.jpg\"\n\t\t\t\t\t\t\talt=\"Doppelbett mit Schr\u00e4ge in Ferienwohnung in Garmisch-Partenkirchen\"\n\t\t\t\t\t\t\tloading=\"lazy\"\n\t\t\t\t\t\t\tdecoding=\"async\">\n\t\t\t\t\t\t<!-- <li>\n\t\t\t\t\t\t\t<img decoding=\"async\" class=\"lazy\" src=\"\" data-src=\"\" alt=\"\" loading=\"lazy\"\/>\n\t\t\t\t\t\t<\/li> -->\n\t\t\t\t\t\t<!-- <div class=\"swiper-lazy-preloader\"><\/div> -->\n\t\t\t\t\t\t\t\t\t\t<li>\n\t\t\t\t\t\t<img\n\t\t\t\t\t\t\tclass=\"lazy\"\n\t\t\t\t\t\t\tsrc=\"\"\n\t\t\t\t\t\t\tdata-src=\"https:\/\/www.ferienwohnungen-garmischpartenkirchen.de\/wp-content\/uploads\/2024\/06\/mf3625511-768x512.jpg\"\n\t\t\t\t\t\t\talt=\"Wohnzimmer mit Hockern und Fernsehre in Ferienwohnung in Garmisch-Partenkirchen\"\n\t\t\t\t\t\t\tloading=\"lazy\"\n\t\t\t\t\t\t\tdecoding=\"async\">\n\t\t\t\t\t\t<!-- <li>\n\t\t\t\t\t\t\t<img decoding=\"async\" class=\"lazy\" src=\"\" data-src=\"\" alt=\"\" loading=\"lazy\"\/>\n\t\t\t\t\t\t<\/li> -->\n\t\t\t\t\t\t<!-- <div class=\"swiper-lazy-preloader\"><\/div> -->\n\t\t\t\t\t\t\t\t\t\t<li>\n\t\t\t\t\t\t<img\n\t\t\t\t\t\t\tclass=\"lazy\"\n\t\t\t\t\t\t\tsrc=\"\"\n\t\t\t\t\t\t\tdata-src=\"https:\/\/www.ferienwohnungen-garmischpartenkirchen.de\/wp-content\/uploads\/2024\/06\/mf3625528-768x576.jpg\"\n\t\t\t\t\t\t\talt=\"Aussicht in Ferienwohnung in Garmisch-Partenkirchen\"\n\t\t\t\t\t\t\tloading=\"lazy\"\n\t\t\t\t\t\t\tdecoding=\"async\">\n\t\t\t\t\t\t<!-- <li>\n\t\t\t\t\t\t\t<img decoding=\"async\" class=\"lazy\" src=\"\" data-src=\"\" alt=\"\" loading=\"lazy\"\/>\n\t\t\t\t\t\t<\/li> -->\n\t\t\t\t\t\t<!-- <div class=\"swiper-lazy-preloader\"><\/div> -->\n\t\t\t\t\t\t\t\t\t\t<li>\n\t\t\t\t\t\t<img\n\t\t\t\t\t\t\tclass=\"lazy\"\n\t\t\t\t\t\t\tsrc=\"\"\n\t\t\t\t\t\t\tdata-src=\"https:\/\/www.ferienwohnungen-garmischpartenkirchen.de\/wp-content\/uploads\/2024\/06\/mf3625517-768x512.jpg\"\n\t\t\t\t\t\t\talt=\"Sauna in Ferienwohnung in Garmisch-Partenkirchen\"\n\t\t\t\t\t\t\tloading=\"lazy\"\n\t\t\t\t\t\t\tdecoding=\"async\">\n\t\t\t\t\t\t<!-- <li>\n\t\t\t\t\t\t\t<img decoding=\"async\" class=\"lazy\" src=\"\" data-src=\"\" alt=\"\" loading=\"lazy\"\/>\n\t\t\t\t\t\t<\/li> -->\n\t\t\t\t\t\t<!-- <div class=\"swiper-lazy-preloader\"><\/div> -->\n\t\t\t\t\t\t\t\t<\/ul>\n\t\t<\/div>\n\t\n\t<div class=\"info-wrapper\">\n\t\t<div class=\"info-body\">\n\t\t\t<!-- <span class=\"favouritebtn\"> <\/span> -->\n\t\t\t<div class=\"flex heading-wrapper\">\n\t\t\t\t<h4 class=\"unit-title\"><span><a href=\"https:\/\/www.ferienwohnungen-garmischpartenkirchen.de\/en\/unterkuenfte\/alpenblick-2\/\">Alpenblick<\/a><\/span><\/h4>\n\t\t\t\t<div class=\"wrap-classification\">\n\t\t\t\t\t<p class=\"unit-region\">\n\t\t\t\t\t\tGarmisch-Partenkirchen\t\t\t\t\t<\/p>\n\t\t\t\t<\/div>\n\t\t\t<\/div>\n\t\t\t<div class=\"details-wrapper\">\n\t\t\t\t<ul>\n\t\t\t\t\t<li><span class=\"wrap-value\">6  Guests<\/span><\/li>\n\t\t\t\t\t<span class=\"saperator\"><\/span>\n\t\t\t\t\t<li><span class=\"wrap-value\">3 Bedroom<\/span><\/li>\n\t\t\t\t\t<span class=\"saperator\"><\/span>\n\t\t\t\t\t<li>\n\t\t\t\t\t\t<span class=\"price\" data-price=\"14900\">149,00<\/span> <span class=\"currency\">&euro;<\/span> \t\t\t\t\t<\/li>\n\t\t\t\t<\/ul>\n\t\t\t<\/div>\n\t\t<\/div>\n\t<\/div>\n<\/div><\/div><\/div><div class=\"swiper-slide\"><div class=\"swiperlisting\"><div class=\"\">\n\t\t\t<div id=\"slider\" class=\"flexslider\">\n\t\t\t<ul class=\"slides\">\n\t\t\t\t\t\t\t\t\t<li>\n\t\t\t\t\t\t<img\n\t\t\t\t\t\t\tclass=\"lazy\"\n\t\t\t\t\t\t\tsrc=\"\"\n\t\t\t\t\t\t\tdata-src=\"https:\/\/www.ferienwohnungen-garmischpartenkirchen.de\/wp-content\/uploads\/2025\/09\/mf23961932-768x512.jpg\"\n\t\t\t\t\t\t\talt=\"\"\n\t\t\t\t\t\t\tloading=\"lazy\"\n\t\t\t\t\t\t\tdecoding=\"async\">\n\t\t\t\t\t\t<!-- <li>\n\t\t\t\t\t\t\t<img decoding=\"async\" class=\"lazy\" src=\"\" data-src=\"\" alt=\"\" loading=\"lazy\"\/>\n\t\t\t\t\t\t<\/li> -->\n\t\t\t\t\t\t<!-- <div class=\"swiper-lazy-preloader\"><\/div> -->\n\t\t\t\t\t\t\t\t\t\t<li>\n\t\t\t\t\t\t<img\n\t\t\t\t\t\t\tclass=\"lazy\"\n\t\t\t\t\t\t\tsrc=\"\"\n\t\t\t\t\t\t\tdata-src=\"https:\/\/www.ferienwohnungen-garmischpartenkirchen.de\/wp-content\/uploads\/2025\/09\/mf23961936-768x512.jpg\"\n\t\t\t\t\t\t\talt=\"\"\n\t\t\t\t\t\t\tloading=\"lazy\"\n\t\t\t\t\t\t\tdecoding=\"async\">\n\t\t\t\t\t\t<!-- <li>\n\t\t\t\t\t\t\t<img decoding=\"async\" class=\"lazy\" src=\"\" data-src=\"\" alt=\"\" loading=\"lazy\"\/>\n\t\t\t\t\t\t<\/li> -->\n\t\t\t\t\t\t<!-- <div class=\"swiper-lazy-preloader\"><\/div> -->\n\t\t\t\t\t\t\t\t\t\t<li>\n\t\t\t\t\t\t<img\n\t\t\t\t\t\t\tclass=\"lazy\"\n\t\t\t\t\t\t\tsrc=\"\"\n\t\t\t\t\t\t\tdata-src=\"https:\/\/www.ferienwohnungen-garmischpartenkirchen.de\/wp-content\/uploads\/2026\/02\/mf26387797-768x512.jpg\"\n\t\t\t\t\t\t\talt=\"\"\n\t\t\t\t\t\t\tloading=\"lazy\"\n\t\t\t\t\t\t\tdecoding=\"async\">\n\t\t\t\t\t\t<!-- <li>\n\t\t\t\t\t\t\t<img decoding=\"async\" class=\"lazy\" src=\"\" data-src=\"\" alt=\"\" loading=\"lazy\"\/>\n\t\t\t\t\t\t<\/li> -->\n\t\t\t\t\t\t<!-- <div class=\"swiper-lazy-preloader\"><\/div> -->\n\t\t\t\t\t\t\t\t\t\t<li>\n\t\t\t\t\t\t<img\n\t\t\t\t\t\t\tclass=\"lazy\"\n\t\t\t\t\t\t\tsrc=\"\"\n\t\t\t\t\t\t\tdata-src=\"https:\/\/www.ferienwohnungen-garmischpartenkirchen.de\/wp-content\/uploads\/2025\/09\/mf23961901-768x512.jpg\"\n\t\t\t\t\t\t\talt=\"\"\n\t\t\t\t\t\t\tloading=\"lazy\"\n\t\t\t\t\t\t\tdecoding=\"async\">\n\t\t\t\t\t\t<!-- <li>\n\t\t\t\t\t\t\t<img decoding=\"async\" class=\"lazy\" src=\"\" data-src=\"\" alt=\"\" loading=\"lazy\"\/>\n\t\t\t\t\t\t<\/li> -->\n\t\t\t\t\t\t<!-- <div class=\"swiper-lazy-preloader\"><\/div> -->\n\t\t\t\t\t\t\t\t\t\t<li>\n\t\t\t\t\t\t<img\n\t\t\t\t\t\t\tclass=\"lazy\"\n\t\t\t\t\t\t\tsrc=\"\"\n\t\t\t\t\t\t\tdata-src=\"https:\/\/www.ferienwohnungen-garmischpartenkirchen.de\/wp-content\/uploads\/2026\/02\/mf26387795-768x512.jpg\"\n\t\t\t\t\t\t\talt=\"\"\n\t\t\t\t\t\t\tloading=\"lazy\"\n\t\t\t\t\t\t\tdecoding=\"async\">\n\t\t\t\t\t\t<!-- <li>\n\t\t\t\t\t\t\t<img decoding=\"async\" class=\"lazy\" src=\"\" data-src=\"\" alt=\"\" loading=\"lazy\"\/>\n\t\t\t\t\t\t<\/li> -->\n\t\t\t\t\t\t<!-- <div class=\"swiper-lazy-preloader\"><\/div> -->\n\t\t\t\t\t\t\t\t<\/ul>\n\t\t<\/div>\n\t\n\t<div class=\"info-wrapper\">\n\t\t<div class=\"info-body\">\n\t\t\t<!-- <span class=\"favouritebtn\"> <\/span> -->\n\t\t\t<div class=\"flex heading-wrapper\">\n\t\t\t\t<h4 class=\"unit-title\"><span><a href=\"https:\/\/www.ferienwohnungen-garmischpartenkirchen.de\/en\/unterkuenfte\/gipfelkind-2\/\">Gipfelkind<\/a><\/span><\/h4>\n\t\t\t\t<div class=\"wrap-classification\">\n\t\t\t\t\t<p class=\"unit-region\">\n\t\t\t\t\t\tGarmisch-Partenkirchen\t\t\t\t\t<\/p>\n\t\t\t\t<\/div>\n\t\t\t<\/div>\n\t\t\t<div class=\"details-wrapper\">\n\t\t\t\t<ul>\n\t\t\t\t\t<li><span class=\"wrap-value\">4  Guests<\/span><\/li>\n\t\t\t\t\t<span class=\"saperator\"><\/span>\n\t\t\t\t\t<li><span class=\"wrap-value\">2 Bedroom<\/span><\/li>\n\t\t\t\t\t<span class=\"saperator\"><\/span>\n\t\t\t\t\t<li>\n\t\t\t\t\t\t<span class=\"price\" data-price=\"6900\">69,00<\/span> <span class=\"currency\">&euro;<\/span> \t\t\t\t\t<\/li>\n\t\t\t\t<\/ul>\n\t\t\t<\/div>\n\t\t<\/div>\n\t<\/div>\n<\/div><\/div><\/div><div class=\"swiper-slide\"><div class=\"swiperlisting\"><div class=\"\">\n\t\t\t<div id=\"slider\" class=\"flexslider\">\n\t\t\t<ul class=\"slides\">\n\t\t\t\t\t\t\t\t\t<li>\n\t\t\t\t\t\t<img\n\t\t\t\t\t\t\tclass=\"lazy\"\n\t\t\t\t\t\t\tsrc=\"\"\n\t\t\t\t\t\t\tdata-src=\"https:\/\/www.ferienwohnungen-garmischpartenkirchen.de\/wp-content\/uploads\/2024\/06\/mf7541827-768x512.jpg\"\n\t\t\t\t\t\t\talt=\"Wohnbereich mit einem roten Sofa  in Ferienwohnung in Garmisch-Partenkirchen\"\n\t\t\t\t\t\t\tloading=\"lazy\"\n\t\t\t\t\t\t\tdecoding=\"async\">\n\t\t\t\t\t\t<!-- <li>\n\t\t\t\t\t\t\t<img decoding=\"async\" class=\"lazy\" src=\"\" data-src=\"\" alt=\"\" loading=\"lazy\"\/>\n\t\t\t\t\t\t<\/li> -->\n\t\t\t\t\t\t<!-- <div class=\"swiper-lazy-preloader\"><\/div> -->\n\t\t\t\t\t\t\t\t\t\t<li>\n\t\t\t\t\t\t<img\n\t\t\t\t\t\t\tclass=\"lazy\"\n\t\t\t\t\t\t\tsrc=\"\"\n\t\t\t\t\t\t\tdata-src=\"https:\/\/www.ferienwohnungen-garmischpartenkirchen.de\/wp-content\/uploads\/2024\/06\/mf7541842-768x512.jpg\"\n\t\t\t\t\t\t\talt=\"Sitzecke mit einem runden Tisch aus Holz  in Ferienwohnung in Garmisch-Partenkirchen\"\n\t\t\t\t\t\t\tloading=\"lazy\"\n\t\t\t\t\t\t\tdecoding=\"async\">\n\t\t\t\t\t\t<!-- <li>\n\t\t\t\t\t\t\t<img decoding=\"async\" class=\"lazy\" src=\"\" data-src=\"\" alt=\"\" loading=\"lazy\"\/>\n\t\t\t\t\t\t<\/li> -->\n\t\t\t\t\t\t<!-- <div class=\"swiper-lazy-preloader\"><\/div> -->\n\t\t\t\t\t\t\t\t\t\t<li>\n\t\t\t\t\t\t<img\n\t\t\t\t\t\t\tclass=\"lazy\"\n\t\t\t\t\t\t\tsrc=\"\"\n\t\t\t\t\t\t\tdata-src=\"https:\/\/www.ferienwohnungen-garmischpartenkirchen.de\/wp-content\/uploads\/2024\/06\/mf7541856-768x512.jpg\"\n\t\t\t\t\t\t\talt=\"Schlafbereich mit einem gro\u00dfen Bett  in Ferienwohnung in Garmisch-Partenkirchen\"\n\t\t\t\t\t\t\tloading=\"lazy\"\n\t\t\t\t\t\t\tdecoding=\"async\">\n\t\t\t\t\t\t<!-- <li>\n\t\t\t\t\t\t\t<img decoding=\"async\" class=\"lazy\" src=\"\" data-src=\"\" alt=\"\" loading=\"lazy\"\/>\n\t\t\t\t\t\t<\/li> -->\n\t\t\t\t\t\t<!-- <div class=\"swiper-lazy-preloader\"><\/div> -->\n\t\t\t\t\t\t\t\t\t\t<li>\n\t\t\t\t\t\t<img\n\t\t\t\t\t\t\tclass=\"lazy\"\n\t\t\t\t\t\t\tsrc=\"\"\n\t\t\t\t\t\t\tdata-src=\"https:\/\/www.ferienwohnungen-garmischpartenkirchen.de\/wp-content\/uploads\/2024\/06\/mf7541871-768x512.jpg\"\n\t\t\t\t\t\t\talt=\"Badezimmer mit wei\u00dfen Fliesen  in Ferienwohnung in Garmisch-Partenkirchen \"\n\t\t\t\t\t\t\tloading=\"lazy\"\n\t\t\t\t\t\t\tdecoding=\"async\">\n\t\t\t\t\t\t<!-- <li>\n\t\t\t\t\t\t\t<img decoding=\"async\" class=\"lazy\" src=\"\" data-src=\"\" alt=\"\" loading=\"lazy\"\/>\n\t\t\t\t\t\t<\/li> -->\n\t\t\t\t\t\t<!-- <div class=\"swiper-lazy-preloader\"><\/div> -->\n\t\t\t\t\t\t\t\t\t\t<li>\n\t\t\t\t\t\t<img\n\t\t\t\t\t\t\tclass=\"lazy\"\n\t\t\t\t\t\t\tsrc=\"\"\n\t\t\t\t\t\t\tdata-src=\"https:\/\/www.ferienwohnungen-garmischpartenkirchen.de\/wp-content\/uploads\/2024\/06\/mf7541874-768x512.jpg\"\n\t\t\t\t\t\t\talt=\"Ausblick  in Ferienwohnung in Garmisch-Partenkirchen\"\n\t\t\t\t\t\t\tloading=\"lazy\"\n\t\t\t\t\t\t\tdecoding=\"async\">\n\t\t\t\t\t\t<!-- <li>\n\t\t\t\t\t\t\t<img decoding=\"async\" class=\"lazy\" src=\"\" data-src=\"\" alt=\"\" loading=\"lazy\"\/>\n\t\t\t\t\t\t<\/li> -->\n\t\t\t\t\t\t<!-- <div class=\"swiper-lazy-preloader\"><\/div> -->\n\t\t\t\t\t\t\t\t<\/ul>\n\t\t<\/div>\n\t\n\t<div class=\"info-wrapper\">\n\t\t<div class=\"info-body\">\n\t\t\t<!-- <span class=\"favouritebtn\"> <\/span> -->\n\t\t\t<div class=\"flex heading-wrapper\">\n\t\t\t\t<h4 class=\"unit-title\"><span><a href=\"https:\/\/www.ferienwohnungen-garmischpartenkirchen.de\/en\/unterkuenfte\/kreuzeck-2\/\">Kreuzeck<\/a><\/span><\/h4>\n\t\t\t\t<div class=\"wrap-classification\">\n\t\t\t\t\t<p class=\"unit-region\">\n\t\t\t\t\t\tGarmisch-Partenkirchen\t\t\t\t\t<\/p>\n\t\t\t\t<\/div>\n\t\t\t<\/div>\n\t\t\t<div class=\"details-wrapper\">\n\t\t\t\t<ul>\n\t\t\t\t\t<li><span class=\"wrap-value\">4  Guests<\/span><\/li>\n\t\t\t\t\t<span class=\"saperator\"><\/span>\n\t\t\t\t\t<li><span class=\"wrap-value\">1 Bedroom<\/span><\/li>\n\t\t\t\t\t<span class=\"saperator\"><\/span>\n\t\t\t\t\t<li>\n\t\t\t\t\t\t<span class=\"price\" data-price=\"6900\">69,00<\/span> <span class=\"currency\">&euro;<\/span> \t\t\t\t\t<\/li>\n\t\t\t\t<\/ul>\n\t\t\t<\/div>\n\t\t<\/div>\n\t<\/div>\n<\/div><\/div><\/div><div class=\"swiper-slide\"><div class=\"swiperlisting\"><div class=\"\">\n\t\t\t<div id=\"slider\" class=\"flexslider\">\n\t\t\t<ul class=\"slides\">\n\t\t\t\t\t\t\t\t\t<li>\n\t\t\t\t\t\t<img\n\t\t\t\t\t\t\tclass=\"lazy\"\n\t\t\t\t\t\t\tsrc=\"\"\n\t\t\t\t\t\t\tdata-src=\"https:\/\/www.ferienwohnungen-garmischpartenkirchen.de\/wp-content\/uploads\/2026\/02\/mf26125131-768x512.jpg\"\n\t\t\t\t\t\t\talt=\"\"\n\t\t\t\t\t\t\tloading=\"lazy\"\n\t\t\t\t\t\t\tdecoding=\"async\">\n\t\t\t\t\t\t<!-- <li>\n\t\t\t\t\t\t\t<img decoding=\"async\" class=\"lazy\" src=\"\" data-src=\"\" alt=\"\" loading=\"lazy\"\/>\n\t\t\t\t\t\t<\/li> -->\n\t\t\t\t\t\t<!-- <div class=\"swiper-lazy-preloader\"><\/div> -->\n\t\t\t\t\t\t\t\t\t\t<li>\n\t\t\t\t\t\t<img\n\t\t\t\t\t\t\tclass=\"lazy\"\n\t\t\t\t\t\t\tsrc=\"\"\n\t\t\t\t\t\t\tdata-src=\"https:\/\/www.ferienwohnungen-garmischpartenkirchen.de\/wp-content\/uploads\/2026\/02\/mf26125130-768x512.jpg\"\n\t\t\t\t\t\t\talt=\"\"\n\t\t\t\t\t\t\tloading=\"lazy\"\n\t\t\t\t\t\t\tdecoding=\"async\">\n\t\t\t\t\t\t<!-- <li>\n\t\t\t\t\t\t\t<img decoding=\"async\" class=\"lazy\" src=\"\" data-src=\"\" alt=\"\" loading=\"lazy\"\/>\n\t\t\t\t\t\t<\/li> -->\n\t\t\t\t\t\t<!-- <div class=\"swiper-lazy-preloader\"><\/div> -->\n\t\t\t\t\t\t\t\t\t\t<li>\n\t\t\t\t\t\t<img\n\t\t\t\t\t\t\tclass=\"lazy\"\n\t\t\t\t\t\t\tsrc=\"\"\n\t\t\t\t\t\t\tdata-src=\"https:\/\/www.ferienwohnungen-garmischpartenkirchen.de\/wp-content\/uploads\/2026\/02\/mf26125137-768x512.jpg\"\n\t\t\t\t\t\t\talt=\"\"\n\t\t\t\t\t\t\tloading=\"lazy\"\n\t\t\t\t\t\t\tdecoding=\"async\">\n\t\t\t\t\t\t<!-- <li>\n\t\t\t\t\t\t\t<img decoding=\"async\" class=\"lazy\" src=\"\" data-src=\"\" alt=\"\" loading=\"lazy\"\/>\n\t\t\t\t\t\t<\/li> -->\n\t\t\t\t\t\t<!-- <div class=\"swiper-lazy-preloader\"><\/div> -->\n\t\t\t\t\t\t\t\t\t\t<li>\n\t\t\t\t\t\t<img\n\t\t\t\t\t\t\tclass=\"lazy\"\n\t\t\t\t\t\t\tsrc=\"\"\n\t\t\t\t\t\t\tdata-src=\"https:\/\/www.ferienwohnungen-garmischpartenkirchen.de\/wp-content\/uploads\/2026\/02\/mf26125136-768x512.jpg\"\n\t\t\t\t\t\t\talt=\"\"\n\t\t\t\t\t\t\tloading=\"lazy\"\n\t\t\t\t\t\t\tdecoding=\"async\">\n\t\t\t\t\t\t<!-- <li>\n\t\t\t\t\t\t\t<img decoding=\"async\" class=\"lazy\" src=\"\" data-src=\"\" alt=\"\" loading=\"lazy\"\/>\n\t\t\t\t\t\t<\/li> -->\n\t\t\t\t\t\t<!-- <div class=\"swiper-lazy-preloader\"><\/div> -->\n\t\t\t\t\t\t\t\t\t\t<li>\n\t\t\t\t\t\t<img\n\t\t\t\t\t\t\tclass=\"lazy\"\n\t\t\t\t\t\t\tsrc=\"\"\n\t\t\t\t\t\t\tdata-src=\"https:\/\/www.ferienwohnungen-garmischpartenkirchen.de\/wp-content\/uploads\/2026\/02\/mf26125140-768x512.jpg\"\n\t\t\t\t\t\t\talt=\"\"\n\t\t\t\t\t\t\tloading=\"lazy\"\n\t\t\t\t\t\t\tdecoding=\"async\">\n\t\t\t\t\t\t<!-- <li>\n\t\t\t\t\t\t\t<img decoding=\"async\" class=\"lazy\" src=\"\" data-src=\"\" alt=\"\" loading=\"lazy\"\/>\n\t\t\t\t\t\t<\/li> -->\n\t\t\t\t\t\t<!-- <div class=\"swiper-lazy-preloader\"><\/div> -->\n\t\t\t\t\t\t\t\t<\/ul>\n\t\t<\/div>\n\t\n\t<div class=\"info-wrapper\">\n\t\t<div class=\"info-body\">\n\t\t\t<!-- <span class=\"favouritebtn\"> <\/span> -->\n\t\t\t<div class=\"flex heading-wrapper\">\n\t\t\t\t<h4 class=\"unit-title\"><span><a href=\"https:\/\/www.ferienwohnungen-garmischpartenkirchen.de\/en\/unterkuenfte\/bergpanorama-2\/\">Bergpanorama<\/a><\/span><\/h4>\n\t\t\t\t<div class=\"wrap-classification\">\n\t\t\t\t\t<p class=\"unit-region\">\n\t\t\t\t\t\tGarmisch-Partenkirchen\t\t\t\t\t<\/p>\n\t\t\t\t<\/div>\n\t\t\t<\/div>\n\t\t\t<div class=\"details-wrapper\">\n\t\t\t\t<ul>\n\t\t\t\t\t<li><span class=\"wrap-value\">4  Guests<\/span><\/li>\n\t\t\t\t\t<span class=\"saperator\"><\/span>\n\t\t\t\t\t<li><span class=\"wrap-value\">1 Bedroom<\/span><\/li>\n\t\t\t\t\t<span class=\"saperator\"><\/span>\n\t\t\t\t\t<li>\n\t\t\t\t\t\t<span class=\"price\" data-price=\"5900\">59,00<\/span> <span class=\"currency\">&euro;<\/span> \t\t\t\t\t<\/li>\n\t\t\t\t<\/ul>\n\t\t\t<\/div>\n\t\t<\/div>\n\t<\/div>\n<\/div><\/div><\/div><div class=\"swiper-slide\"><div class=\"swiperlisting\"><div class=\"\">\n\t\t\t<div id=\"slider\" class=\"flexslider\">\n\t\t\t<ul class=\"slides\">\n\t\t\t\t\t\t\t\t\t<li>\n\t\t\t\t\t\t<img\n\t\t\t\t\t\t\tclass=\"lazy\"\n\t\t\t\t\t\t\tsrc=\"\"\n\t\t\t\t\t\t\tdata-src=\"https:\/\/www.ferienwohnungen-garmischpartenkirchen.de\/wp-content\/uploads\/2024\/06\/mf6890430-768x512.jpg\"\n\t\t\t\t\t\t\talt=\"Wohnzimmer mit wei\u00dfen W\u00e4nden  in Ferienwohnung in Garmisch-Partenkirchen\"\n\t\t\t\t\t\t\tloading=\"lazy\"\n\t\t\t\t\t\t\tdecoding=\"async\">\n\t\t\t\t\t\t<!-- <li>\n\t\t\t\t\t\t\t<img decoding=\"async\" class=\"lazy\" src=\"\" data-src=\"\" alt=\"\" loading=\"lazy\"\/>\n\t\t\t\t\t\t<\/li> -->\n\t\t\t\t\t\t<!-- <div class=\"swiper-lazy-preloader\"><\/div> -->\n\t\t\t\t\t\t\t\t\t\t<li>\n\t\t\t\t\t\t<img\n\t\t\t\t\t\t\tclass=\"lazy\"\n\t\t\t\t\t\t\tsrc=\"\"\n\t\t\t\t\t\t\tdata-src=\"https:\/\/www.ferienwohnungen-garmischpartenkirchen.de\/wp-content\/uploads\/2024\/06\/mf6890445-768x512.jpg\"\n\t\t\t\t\t\t\talt=\"Essbereich mit einer gro\u00dfen Lampe  in Ferienwohnung in Garmisch-Partenkirchen\"\n\t\t\t\t\t\t\tloading=\"lazy\"\n\t\t\t\t\t\t\tdecoding=\"async\">\n\t\t\t\t\t\t<!-- <li>\n\t\t\t\t\t\t\t<img decoding=\"async\" class=\"lazy\" src=\"\" data-src=\"\" alt=\"\" loading=\"lazy\"\/>\n\t\t\t\t\t\t<\/li> -->\n\t\t\t\t\t\t<!-- <div class=\"swiper-lazy-preloader\"><\/div> -->\n\t\t\t\t\t\t\t\t\t\t<li>\n\t\t\t\t\t\t<img\n\t\t\t\t\t\t\tclass=\"lazy\"\n\t\t\t\t\t\t\tsrc=\"\"\n\t\t\t\t\t\t\tdata-src=\"https:\/\/www.ferienwohnungen-garmischpartenkirchen.de\/wp-content\/uploads\/2024\/06\/mf6890455-768x512.jpg\"\n\t\t\t\t\t\t\talt=\"Schlafzimmer mit zwei Fenstern  in Ferienwohnung in Garmisch-Partenkirchen\"\n\t\t\t\t\t\t\tloading=\"lazy\"\n\t\t\t\t\t\t\tdecoding=\"async\">\n\t\t\t\t\t\t<!-- <li>\n\t\t\t\t\t\t\t<img decoding=\"async\" class=\"lazy\" src=\"\" data-src=\"\" alt=\"\" loading=\"lazy\"\/>\n\t\t\t\t\t\t<\/li> -->\n\t\t\t\t\t\t<!-- <div class=\"swiper-lazy-preloader\"><\/div> -->\n\t\t\t\t\t\t\t\t\t\t<li>\n\t\t\t\t\t\t<img\n\t\t\t\t\t\t\tclass=\"lazy\"\n\t\t\t\t\t\t\tsrc=\"\"\n\t\t\t\t\t\t\tdata-src=\"https:\/\/www.ferienwohnungen-garmischpartenkirchen.de\/wp-content\/uploads\/2024\/06\/mf6890462-768x512.jpg\"\n\t\t\t\t\t\t\talt=\"wei\u00df gefliestes Badezimmer  in Ferienwohnung in Garmisch-Partenkirchen\"\n\t\t\t\t\t\t\tloading=\"lazy\"\n\t\t\t\t\t\t\tdecoding=\"async\">\n\t\t\t\t\t\t<!-- <li>\n\t\t\t\t\t\t\t<img decoding=\"async\" class=\"lazy\" src=\"\" data-src=\"\" alt=\"\" loading=\"lazy\"\/>\n\t\t\t\t\t\t<\/li> -->\n\t\t\t\t\t\t<!-- <div class=\"swiper-lazy-preloader\"><\/div> -->\n\t\t\t\t\t\t\t\t\t\t<li>\n\t\t\t\t\t\t<img\n\t\t\t\t\t\t\tclass=\"lazy\"\n\t\t\t\t\t\t\tsrc=\"\"\n\t\t\t\t\t\t\tdata-src=\"https:\/\/www.ferienwohnungen-garmischpartenkirchen.de\/wp-content\/uploads\/2024\/06\/mf6890474-768x512.jpg\"\n\t\t\t\t\t\t\talt=\"Balkonaussicht  in Ferienwohnung in Garmisch-Partenkirchen\"\n\t\t\t\t\t\t\tloading=\"lazy\"\n\t\t\t\t\t\t\tdecoding=\"async\">\n\t\t\t\t\t\t<!-- <li>\n\t\t\t\t\t\t\t<img decoding=\"async\" class=\"lazy\" src=\"\" data-src=\"\" alt=\"\" loading=\"lazy\"\/>\n\t\t\t\t\t\t<\/li> -->\n\t\t\t\t\t\t<!-- <div class=\"swiper-lazy-preloader\"><\/div> -->\n\t\t\t\t\t\t\t\t<\/ul>\n\t\t<\/div>\n\t\n\t<div class=\"info-wrapper\">\n\t\t<div class=\"info-body\">\n\t\t\t<!-- <span class=\"favouritebtn\"> <\/span> -->\n\t\t\t<div class=\"flex heading-wrapper\">\n\t\t\t\t<h4 class=\"unit-title\"><span><a href=\"https:\/\/www.ferienwohnungen-garmischpartenkirchen.de\/en\/unterkuenfte\/bernadein-2\/\">Bernadein<\/a><\/span><\/h4>\n\t\t\t\t<div class=\"wrap-classification\">\n\t\t\t\t\t<p class=\"unit-region\">\n\t\t\t\t\t\tGarmisch-Partenkirchen\t\t\t\t\t<\/p>\n\t\t\t\t<\/div>\n\t\t\t<\/div>\n\t\t\t<div class=\"details-wrapper\">\n\t\t\t\t<ul>\n\t\t\t\t\t<li><span class=\"wrap-value\">4  Guests<\/span><\/li>\n\t\t\t\t\t<span class=\"saperator\"><\/span>\n\t\t\t\t\t<li><span class=\"wrap-value\">1 Bedroom<\/span><\/li>\n\t\t\t\t\t<span class=\"saperator\"><\/span>\n\t\t\t\t\t<li>\n\t\t\t\t\t\t<span class=\"price\" data-price=\"5900\">59,00<\/span> <span class=\"currency\">&euro;<\/span> \t\t\t\t\t<\/li>\n\t\t\t\t<\/ul>\n\t\t\t<\/div>\n\t\t<\/div>\n\t<\/div>\n<\/div><\/div><\/div><div class=\"swiper-slide\"><div class=\"swiperlisting\"><div class=\"\">\n\t\t\t<div id=\"slider\" class=\"flexslider\">\n\t\t\t<ul class=\"slides\">\n\t\t\t\t\t\t\t\t\t<li>\n\t\t\t\t\t\t<img\n\t\t\t\t\t\t\tclass=\"lazy\"\n\t\t\t\t\t\t\tsrc=\"\"\n\t\t\t\t\t\t\tdata-src=\"https:\/\/www.ferienwohnungen-garmischpartenkirchen.de\/wp-content\/uploads\/2024\/09\/mf18246858-768x512.jpg\"\n\t\t\t\t\t\t\talt=\"\"\n\t\t\t\t\t\t\tloading=\"lazy\"\n\t\t\t\t\t\t\tdecoding=\"async\">\n\t\t\t\t\t\t<!-- <li>\n\t\t\t\t\t\t\t<img decoding=\"async\" class=\"lazy\" src=\"\" data-src=\"\" alt=\"\" loading=\"lazy\"\/>\n\t\t\t\t\t\t<\/li> -->\n\t\t\t\t\t\t<!-- <div class=\"swiper-lazy-preloader\"><\/div> -->\n\t\t\t\t\t\t\t\t\t\t<li>\n\t\t\t\t\t\t<img\n\t\t\t\t\t\t\tclass=\"lazy\"\n\t\t\t\t\t\t\tsrc=\"\"\n\t\t\t\t\t\t\tdata-src=\"https:\/\/www.ferienwohnungen-garmischpartenkirchen.de\/wp-content\/uploads\/2024\/09\/mf18246832-768x512.jpg\"\n\t\t\t\t\t\t\talt=\"\"\n\t\t\t\t\t\t\tloading=\"lazy\"\n\t\t\t\t\t\t\tdecoding=\"async\">\n\t\t\t\t\t\t<!-- <li>\n\t\t\t\t\t\t\t<img decoding=\"async\" class=\"lazy\" src=\"\" data-src=\"\" alt=\"\" loading=\"lazy\"\/>\n\t\t\t\t\t\t<\/li> -->\n\t\t\t\t\t\t<!-- <div class=\"swiper-lazy-preloader\"><\/div> -->\n\t\t\t\t\t\t\t\t\t\t<li>\n\t\t\t\t\t\t<img\n\t\t\t\t\t\t\tclass=\"lazy\"\n\t\t\t\t\t\t\tsrc=\"\"\n\t\t\t\t\t\t\tdata-src=\"https:\/\/www.ferienwohnungen-garmischpartenkirchen.de\/wp-content\/uploads\/2026\/04\/mf27058894-768x512.jpg\"\n\t\t\t\t\t\t\talt=\"\"\n\t\t\t\t\t\t\tloading=\"lazy\"\n\t\t\t\t\t\t\tdecoding=\"async\">\n\t\t\t\t\t\t<!-- <li>\n\t\t\t\t\t\t\t<img decoding=\"async\" class=\"lazy\" src=\"\" data-src=\"\" alt=\"\" loading=\"lazy\"\/>\n\t\t\t\t\t\t<\/li> -->\n\t\t\t\t\t\t<!-- <div class=\"swiper-lazy-preloader\"><\/div> -->\n\t\t\t\t\t\t\t\t\t\t<li>\n\t\t\t\t\t\t<img\n\t\t\t\t\t\t\tclass=\"lazy\"\n\t\t\t\t\t\t\tsrc=\"\"\n\t\t\t\t\t\t\tdata-src=\"https:\/\/www.ferienwohnungen-garmischpartenkirchen.de\/wp-content\/uploads\/2024\/09\/mf18246833-768x512.jpg\"\n\t\t\t\t\t\t\talt=\"\"\n\t\t\t\t\t\t\tloading=\"lazy\"\n\t\t\t\t\t\t\tdecoding=\"async\">\n\t\t\t\t\t\t<!-- <li>\n\t\t\t\t\t\t\t<img decoding=\"async\" class=\"lazy\" src=\"\" data-src=\"\" alt=\"\" loading=\"lazy\"\/>\n\t\t\t\t\t\t<\/li> -->\n\t\t\t\t\t\t<!-- <div class=\"swiper-lazy-preloader\"><\/div> -->\n\t\t\t\t\t\t\t\t\t\t<li>\n\t\t\t\t\t\t<img\n\t\t\t\t\t\t\tclass=\"lazy\"\n\t\t\t\t\t\t\tsrc=\"\"\n\t\t\t\t\t\t\tdata-src=\"https:\/\/www.ferienwohnungen-garmischpartenkirchen.de\/wp-content\/uploads\/2024\/09\/mf18246834-768x512.jpg\"\n\t\t\t\t\t\t\talt=\"\"\n\t\t\t\t\t\t\tloading=\"lazy\"\n\t\t\t\t\t\t\tdecoding=\"async\">\n\t\t\t\t\t\t<!-- <li>\n\t\t\t\t\t\t\t<img decoding=\"async\" class=\"lazy\" src=\"\" data-src=\"\" alt=\"\" loading=\"lazy\"\/>\n\t\t\t\t\t\t<\/li> -->\n\t\t\t\t\t\t<!-- <div class=\"swiper-lazy-preloader\"><\/div> -->\n\t\t\t\t\t\t\t\t<\/ul>\n\t\t<\/div>\n\t\n\t<div class=\"info-wrapper\">\n\t\t<div class=\"info-body\">\n\t\t\t<!-- <span class=\"favouritebtn\"> <\/span> -->\n\t\t\t<div class=\"flex heading-wrapper\">\n\t\t\t\t<h4 class=\"unit-title\"><span><a href=\"https:\/\/www.ferienwohnungen-garmischpartenkirchen.de\/en\/unterkuenfte\/lexn-lodge-2\/\">Lex&#8217;n Lodge<\/a><\/span><\/h4>\n\t\t\t\t<div class=\"wrap-classification\">\n\t\t\t\t\t<p class=\"unit-region\">\n\t\t\t\t\t\tGarmisch-Partenkirchen\t\t\t\t\t<\/p>\n\t\t\t\t<\/div>\n\t\t\t<\/div>\n\t\t\t<div class=\"details-wrapper\">\n\t\t\t\t<ul>\n\t\t\t\t\t<li><span class=\"wrap-value\">4  Guests<\/span><\/li>\n\t\t\t\t\t<span class=\"saperator\"><\/span>\n\t\t\t\t\t<li><span class=\"wrap-value\">1 Bedroom<\/span><\/li>\n\t\t\t\t\t<span class=\"saperator\"><\/span>\n\t\t\t\t\t<li>\n\t\t\t\t\t\t<span class=\"price\" data-price=\"8900\">89,00<\/span> <span class=\"currency\">&euro;<\/span> \t\t\t\t\t<\/li>\n\t\t\t\t<\/ul>\n\t\t\t<\/div>\n\t\t<\/div>\n\t<\/div>\n<\/div><\/div><\/div><div class=\"swiper-slide\"><div class=\"swiperlisting\"><div class=\"\">\n\t\t\t<div id=\"slider\" class=\"flexslider\">\n\t\t\t<ul class=\"slides\">\n\t\t\t\t\t\t\t\t\t<li>\n\t\t\t\t\t\t<img\n\t\t\t\t\t\t\tclass=\"lazy\"\n\t\t\t\t\t\t\tsrc=\"\"\n\t\t\t\t\t\t\tdata-src=\"https:\/\/www.ferienwohnungen-garmischpartenkirchen.de\/wp-content\/uploads\/2024\/06\/mf3722547-768x512.jpg\"\n\t\t\t\t\t\t\talt=\"Wohnzimmer mit einem Sessel einem Sofa und einen tollen Ausblick auf die Berge in Ferienwohnung in Garmisch-Partenkirchen\"\n\t\t\t\t\t\t\tloading=\"lazy\"\n\t\t\t\t\t\t\tdecoding=\"async\">\n\t\t\t\t\t\t<!-- <li>\n\t\t\t\t\t\t\t<img decoding=\"async\" class=\"lazy\" src=\"\" data-src=\"\" alt=\"\" loading=\"lazy\"\/>\n\t\t\t\t\t\t<\/li> -->\n\t\t\t\t\t\t<!-- <div class=\"swiper-lazy-preloader\"><\/div> -->\n\t\t\t\t\t\t\t\t\t\t<li>\n\t\t\t\t\t\t<img\n\t\t\t\t\t\t\tclass=\"lazy\"\n\t\t\t\t\t\t\tsrc=\"\"\n\t\t\t\t\t\t\tdata-src=\"https:\/\/www.ferienwohnungen-garmischpartenkirchen.de\/wp-content\/uploads\/2024\/06\/mf3722557-768x512.jpg\"\n\t\t\t\t\t\t\talt=\"K\u00fcche mit verschiedenen K\u00fcchengr\u00e4ten in Ferienwohnung in Garmisch-Partenkirchen\"\n\t\t\t\t\t\t\tloading=\"lazy\"\n\t\t\t\t\t\t\tdecoding=\"async\">\n\t\t\t\t\t\t<!-- <li>\n\t\t\t\t\t\t\t<img decoding=\"async\" class=\"lazy\" src=\"\" data-src=\"\" alt=\"\" loading=\"lazy\"\/>\n\t\t\t\t\t\t<\/li> -->\n\t\t\t\t\t\t<!-- <div class=\"swiper-lazy-preloader\"><\/div> -->\n\t\t\t\t\t\t\t\t\t\t<li>\n\t\t\t\t\t\t<img\n\t\t\t\t\t\t\tclass=\"lazy\"\n\t\t\t\t\t\t\tsrc=\"\"\n\t\t\t\t\t\t\tdata-src=\"https:\/\/www.ferienwohnungen-garmischpartenkirchen.de\/wp-content\/uploads\/2024\/06\/mf3722568-768x512.jpg\"\n\t\t\t\t\t\t\talt=\"ger\u00e4umiges Schlafzimmer mit einem Doppelbett und Schreibtisch, au\u00dferdem mit einem tollen Ausblick in Ferienwohnung in Garmisch-Partenkirchen\"\n\t\t\t\t\t\t\tloading=\"lazy\"\n\t\t\t\t\t\t\tdecoding=\"async\">\n\t\t\t\t\t\t<!-- <li>\n\t\t\t\t\t\t\t<img decoding=\"async\" class=\"lazy\" src=\"\" data-src=\"\" alt=\"\" loading=\"lazy\"\/>\n\t\t\t\t\t\t<\/li> -->\n\t\t\t\t\t\t<!-- <div class=\"swiper-lazy-preloader\"><\/div> -->\n\t\t\t\t\t\t\t\t\t\t<li>\n\t\t\t\t\t\t<img\n\t\t\t\t\t\t\tclass=\"lazy\"\n\t\t\t\t\t\t\tsrc=\"\"\n\t\t\t\t\t\t\tdata-src=\"https:\/\/www.ferienwohnungen-garmischpartenkirchen.de\/wp-content\/uploads\/2024\/06\/mf3722571-768x512.jpg\"\n\t\t\t\t\t\t\talt=\"Badezimmer mit dunklen Fliesen und einer gro\u00dfen Dusche in Ferienwohnung in Garmisch-Partenkirchen\"\n\t\t\t\t\t\t\tloading=\"lazy\"\n\t\t\t\t\t\t\tdecoding=\"async\">\n\t\t\t\t\t\t<!-- <li>\n\t\t\t\t\t\t\t<img decoding=\"async\" class=\"lazy\" src=\"\" data-src=\"\" alt=\"\" loading=\"lazy\"\/>\n\t\t\t\t\t\t<\/li> -->\n\t\t\t\t\t\t<!-- <div class=\"swiper-lazy-preloader\"><\/div> -->\n\t\t\t\t\t\t\t\t\t\t<li>\n\t\t\t\t\t\t<img\n\t\t\t\t\t\t\tclass=\"lazy\"\n\t\t\t\t\t\t\tsrc=\"\"\n\t\t\t\t\t\t\tdata-src=\"https:\/\/www.ferienwohnungen-garmischpartenkirchen.de\/wp-content\/uploads\/2024\/06\/mf3722542-768x512.jpg\"\n\t\t\t\t\t\t\talt=\"Balkon mit Aussicht auf die Berge und Sitzm\u00f6glichkeiten mit einem kleinen Tisch in Ferienwohnung in Garmisch-Partenkirchen\"\n\t\t\t\t\t\t\tloading=\"lazy\"\n\t\t\t\t\t\t\tdecoding=\"async\">\n\t\t\t\t\t\t<!-- <li>\n\t\t\t\t\t\t\t<img decoding=\"async\" class=\"lazy\" src=\"\" data-src=\"\" alt=\"\" loading=\"lazy\"\/>\n\t\t\t\t\t\t<\/li> -->\n\t\t\t\t\t\t<!-- <div class=\"swiper-lazy-preloader\"><\/div> -->\n\t\t\t\t\t\t\t\t<\/ul>\n\t\t<\/div>\n\t\n\t<div class=\"info-wrapper\">\n\t\t<div class=\"info-body\">\n\t\t\t<!-- <span class=\"favouritebtn\"> <\/span> -->\n\t\t\t<div class=\"flex heading-wrapper\">\n\t\t\t\t<h4 class=\"unit-title\"><span><a href=\"https:\/\/www.ferienwohnungen-garmischpartenkirchen.de\/en\/unterkuenfte\/weitblick-2\/\">Weitblick<\/a><\/span><\/h4>\n\t\t\t\t<div class=\"wrap-classification\">\n\t\t\t\t\t<p class=\"unit-region\">\n\t\t\t\t\t\tGarmisch-Partenkirchen\t\t\t\t\t<\/p>\n\t\t\t\t<\/div>\n\t\t\t<\/div>\n\t\t\t<div class=\"details-wrapper\">\n\t\t\t\t<ul>\n\t\t\t\t\t<li><span class=\"wrap-value\">4  Guests<\/span><\/li>\n\t\t\t\t\t<span class=\"saperator\"><\/span>\n\t\t\t\t\t<li><span class=\"wrap-value\">1 Bedroom<\/span><\/li>\n\t\t\t\t\t<span class=\"saperator\"><\/span>\n\t\t\t\t\t<li>\n\t\t\t\t\t\t<span class=\"price\" data-price=\"5900\">59,00<\/span> <span class=\"currency\">&euro;<\/span> \t\t\t\t\t<\/li>\n\t\t\t\t<\/ul>\n\t\t\t<\/div>\n\t\t<\/div>\n\t<\/div>\n<\/div><\/div><\/div><div class=\"swiper-slide\"><div class=\"swiperlisting\"><div class=\"\">\n\t\t\t<div id=\"slider\" class=\"flexslider\">\n\t\t\t<ul class=\"slides\">\n\t\t\t\t\t\t\t\t\t<li>\n\t\t\t\t\t\t<img\n\t\t\t\t\t\t\tclass=\"lazy\"\n\t\t\t\t\t\t\tsrc=\"\"\n\t\t\t\t\t\t\tdata-src=\"https:\/\/www.ferienwohnungen-garmischpartenkirchen.de\/wp-content\/uploads\/2025\/12\/mf25268616-768x512.jpg\"\n\t\t\t\t\t\t\talt=\"\"\n\t\t\t\t\t\t\tloading=\"lazy\"\n\t\t\t\t\t\t\tdecoding=\"async\">\n\t\t\t\t\t\t<!-- <li>\n\t\t\t\t\t\t\t<img decoding=\"async\" class=\"lazy\" src=\"\" data-src=\"\" alt=\"\" loading=\"lazy\"\/>\n\t\t\t\t\t\t<\/li> -->\n\t\t\t\t\t\t<!-- <div class=\"swiper-lazy-preloader\"><\/div> -->\n\t\t\t\t\t\t\t\t\t\t<li>\n\t\t\t\t\t\t<img\n\t\t\t\t\t\t\tclass=\"lazy\"\n\t\t\t\t\t\t\tsrc=\"\"\n\t\t\t\t\t\t\tdata-src=\"https:\/\/www.ferienwohnungen-garmischpartenkirchen.de\/wp-content\/uploads\/2025\/12\/mf25268617-768x512.jpg\"\n\t\t\t\t\t\t\talt=\"\"\n\t\t\t\t\t\t\tloading=\"lazy\"\n\t\t\t\t\t\t\tdecoding=\"async\">\n\t\t\t\t\t\t<!-- <li>\n\t\t\t\t\t\t\t<img decoding=\"async\" class=\"lazy\" src=\"\" data-src=\"\" alt=\"\" loading=\"lazy\"\/>\n\t\t\t\t\t\t<\/li> -->\n\t\t\t\t\t\t<!-- <div class=\"swiper-lazy-preloader\"><\/div> -->\n\t\t\t\t\t\t\t\t\t\t<li>\n\t\t\t\t\t\t<img\n\t\t\t\t\t\t\tclass=\"lazy\"\n\t\t\t\t\t\t\tsrc=\"\"\n\t\t\t\t\t\t\tdata-src=\"https:\/\/www.ferienwohnungen-garmischpartenkirchen.de\/wp-content\/uploads\/2025\/12\/mf25268620-768x512.jpg\"\n\t\t\t\t\t\t\talt=\"\"\n\t\t\t\t\t\t\tloading=\"lazy\"\n\t\t\t\t\t\t\tdecoding=\"async\">\n\t\t\t\t\t\t<!-- <li>\n\t\t\t\t\t\t\t<img decoding=\"async\" class=\"lazy\" src=\"\" data-src=\"\" alt=\"\" loading=\"lazy\"\/>\n\t\t\t\t\t\t<\/li> -->\n\t\t\t\t\t\t<!-- <div class=\"swiper-lazy-preloader\"><\/div> -->\n\t\t\t\t\t\t\t\t\t\t<li>\n\t\t\t\t\t\t<img\n\t\t\t\t\t\t\tclass=\"lazy\"\n\t\t\t\t\t\t\tsrc=\"\"\n\t\t\t\t\t\t\tdata-src=\"https:\/\/www.ferienwohnungen-garmischpartenkirchen.de\/wp-content\/uploads\/2025\/12\/mf25268619-768x512.jpg\"\n\t\t\t\t\t\t\talt=\"\"\n\t\t\t\t\t\t\tloading=\"lazy\"\n\t\t\t\t\t\t\tdecoding=\"async\">\n\t\t\t\t\t\t<!-- <li>\n\t\t\t\t\t\t\t<img decoding=\"async\" class=\"lazy\" src=\"\" data-src=\"\" alt=\"\" loading=\"lazy\"\/>\n\t\t\t\t\t\t<\/li> -->\n\t\t\t\t\t\t<!-- <div class=\"swiper-lazy-preloader\"><\/div> -->\n\t\t\t\t\t\t\t\t\t\t<li>\n\t\t\t\t\t\t<img\n\t\t\t\t\t\t\tclass=\"lazy\"\n\t\t\t\t\t\t\tsrc=\"\"\n\t\t\t\t\t\t\tdata-src=\"https:\/\/www.ferienwohnungen-garmischpartenkirchen.de\/wp-content\/uploads\/2025\/12\/mf25268621-768x512.jpg\"\n\t\t\t\t\t\t\talt=\"\"\n\t\t\t\t\t\t\tloading=\"lazy\"\n\t\t\t\t\t\t\tdecoding=\"async\">\n\t\t\t\t\t\t<!-- <li>\n\t\t\t\t\t\t\t<img decoding=\"async\" class=\"lazy\" src=\"\" data-src=\"\" alt=\"\" loading=\"lazy\"\/>\n\t\t\t\t\t\t<\/li> -->\n\t\t\t\t\t\t<!-- <div class=\"swiper-lazy-preloader\"><\/div> -->\n\t\t\t\t\t\t\t\t<\/ul>\n\t\t<\/div>\n\t\n\t<div class=\"info-wrapper\">\n\t\t<div class=\"info-body\">\n\t\t\t<!-- <span class=\"favouritebtn\"> <\/span> -->\n\t\t\t<div class=\"flex heading-wrapper\">\n\t\t\t\t<h4 class=\"unit-title\"><span><a href=\"https:\/\/www.ferienwohnungen-garmischpartenkirchen.de\/en\/unterkuenfte\/herbstgold-2\/\">Herbstgold<\/a><\/span><\/h4>\n\t\t\t\t<div class=\"wrap-classification\">\n\t\t\t\t\t<p class=\"unit-region\">\n\t\t\t\t\t\tFarchant\t\t\t\t\t<\/p>\n\t\t\t\t<\/div>\n\t\t\t<\/div>\n\t\t\t<div class=\"details-wrapper\">\n\t\t\t\t<ul>\n\t\t\t\t\t<li><span class=\"wrap-value\">2  Guests<\/span><\/li>\n\t\t\t\t\t<span class=\"saperator\"><\/span>\n\t\t\t\t\t<li><span class=\"wrap-value\">1 Bedroom<\/span><\/li>\n\t\t\t\t\t<span class=\"saperator\"><\/span>\n\t\t\t\t\t<li>\n\t\t\t\t\t\t<span class=\"price\" data-price=\"2500\">25,00<\/span> <span class=\"currency\">&euro;<\/span> \t\t\t\t\t<\/li>\n\t\t\t\t<\/ul>\n\t\t\t<\/div>\n\t\t<\/div>\n\t<\/div>\n<\/div><\/div><\/div><\/div><\/div><div class=\"swiper-button-prev\"><\/div><div class=\"swiper-button-next\"><\/div><\/div><\/div>\n\t\t\t\t\t\t<\/div>\n\t\t\t\t<\/div>\n\t\t\t\t\t<\/div>\n\t\t\t\t<\/div>\n\t\t\t\t<\/div>\n\t\t\t\t<\/div>\n\t\t\t\t<\/div>\n\t\t\t\t\t\t<\/div>\n\t\t\t\t<\/div>\n\t\t\t\t<\/div>\n\t\t\t\t<\/div>\n\t\t","protected":false},"excerpt":{"rendered":"<p>The viewing platform AlpspiX in Garmisch-Partenkirchen Panoramic view guaranteed! The AlpspiX &#8211; a steel viewing platform &#8211; is located at an altitude of 2050 meters on the Osterfelderkopf. The free-floating arms of the extraordinary steel construction are accessible and offer a breathtaking view of the approximately 1000-metre deep H\u00f6llental valley. The Zugspitze and the north [&hellip;]<\/p>\n","protected":false},"author":1,"featured_media":6607,"parent":6866,"menu_order":0,"comment_status":"closed","ping_status":"closed","template":"","meta":{"_acf_changed":false,"footnotes":""},"seitenarte":[26],"class_list":["post-6606","page","type-page","status-publish","has-post-thumbnail","hentry","seitenarte-sehenswuerdigkeiten_item-en"],"acf":[],"yoast_head":"<!-- This site is optimized with the Yoast SEO plugin v26.6 - https:\/\/yoast.com\/wordpress\/plugins\/seo\/ -->\n<title>From the AlpspiX viewing platform - Mahr GmbH<\/title>\n<meta name=\"description\" content=\"From the AlpspiX viewing platform, you have an excellent view of the idyllic mountains of Garmisch.\" \/>\n<meta name=\"robots\" content=\"index, follow, max-snippet:-1, max-image-preview:large, max-video-preview:-1\" \/>\n<link rel=\"canonical\" href=\"https:\/\/www.ferienwohnungen-garmischpartenkirchen.de\/en\/sightseeing\/from-the-alpspix-viewing-platform\/\" \/>\n<meta property=\"og:locale\" content=\"en_US\" \/>\n<meta property=\"og:type\" content=\"article\" \/>\n<meta property=\"og:title\" content=\"From the AlpspiX viewing platform - Mahr GmbH\" \/>\n<meta property=\"og:description\" content=\"From the AlpspiX viewing platform, you have an excellent view of the idyllic mountains of Garmisch.\" \/>\n<meta property=\"og:url\" content=\"https:\/\/www.ferienwohnungen-garmischpartenkirchen.de\/en\/sightseeing\/from-the-alpspix-viewing-platform\/\" \/>\n<meta property=\"og:site_name\" content=\"Mahr GmbH\" \/>\n<meta property=\"article:modified_time\" content=\"2024-08-07T09:39:49+00:00\" \/>\n<meta property=\"og:image\" content=\"https:\/\/www.ferienwohnungen-garmischpartenkirchen.de\/wp-content\/uploads\/2024\/06\/aussichtsplattform-albspix-garmisch-1.jpg\" \/>\n\t<meta property=\"og:image:width\" content=\"550\" \/>\n\t<meta property=\"og:image:height\" content=\"250\" \/>\n\t<meta property=\"og:image:type\" content=\"image\/jpeg\" \/>\n<meta name=\"twitter:card\" content=\"summary_large_image\" \/>\n<meta name=\"twitter:label1\" content=\"Est. reading time\" \/>\n\t<meta name=\"twitter:data1\" content=\"2 minutes\" \/>\n<script type=\"application\/ld+json\" class=\"yoast-schema-graph\">{\"@context\":\"https:\/\/schema.org\",\"@graph\":[{\"@type\":\"WebPage\",\"@id\":\"https:\/\/www.ferienwohnungen-garmischpartenkirchen.de\/en\/sightseeing\/from-the-alpspix-viewing-platform\/\",\"url\":\"https:\/\/www.ferienwohnungen-garmischpartenkirchen.de\/en\/sightseeing\/from-the-alpspix-viewing-platform\/\",\"name\":\"From the AlpspiX viewing platform - Mahr GmbH\",\"isPartOf\":{\"@id\":\"https:\/\/www.ferienwohnungen-garmischpartenkirchen.de\/en\/#website\"},\"primaryImageOfPage\":{\"@id\":\"https:\/\/www.ferienwohnungen-garmischpartenkirchen.de\/en\/sightseeing\/from-the-alpspix-viewing-platform\/#primaryimage\"},\"image\":{\"@id\":\"https:\/\/www.ferienwohnungen-garmischpartenkirchen.de\/en\/sightseeing\/from-the-alpspix-viewing-platform\/#primaryimage\"},\"thumbnailUrl\":\"https:\/\/www.ferienwohnungen-garmischpartenkirchen.de\/wp-content\/uploads\/2024\/06\/aussichtsplattform-albspix-garmisch-1.jpg\",\"datePublished\":\"2024-06-17T11:33:03+00:00\",\"dateModified\":\"2024-08-07T09:39:49+00:00\",\"description\":\"From the AlpspiX viewing platform, you have an excellent view of the idyllic mountains of Garmisch.\",\"breadcrumb\":{\"@id\":\"https:\/\/www.ferienwohnungen-garmischpartenkirchen.de\/en\/sightseeing\/from-the-alpspix-viewing-platform\/#breadcrumb\"},\"inLanguage\":\"en-US\",\"potentialAction\":[{\"@type\":\"ReadAction\",\"target\":[\"https:\/\/www.ferienwohnungen-garmischpartenkirchen.de\/en\/sightseeing\/from-the-alpspix-viewing-platform\/\"]}]},{\"@type\":\"ImageObject\",\"inLanguage\":\"en-US\",\"@id\":\"https:\/\/www.ferienwohnungen-garmischpartenkirchen.de\/en\/sightseeing\/from-the-alpspix-viewing-platform\/#primaryimage\",\"url\":\"https:\/\/www.ferienwohnungen-garmischpartenkirchen.de\/wp-content\/uploads\/2024\/06\/aussichtsplattform-albspix-garmisch-1.jpg\",\"contentUrl\":\"https:\/\/www.ferienwohnungen-garmischpartenkirchen.de\/wp-content\/uploads\/2024\/06\/aussichtsplattform-albspix-garmisch-1.jpg\",\"width\":550,\"height\":250,\"caption\":\"Aussichtsplattform AlpspiX\"},{\"@type\":\"BreadcrumbList\",\"@id\":\"https:\/\/www.ferienwohnungen-garmischpartenkirchen.de\/en\/sightseeing\/from-the-alpspix-viewing-platform\/#breadcrumb\",\"itemListElement\":[{\"@type\":\"ListItem\",\"position\":1,\"name\":\"Homepage\",\"item\":\"https:\/\/www.ferienwohnungen-garmischpartenkirchen.de\/en\/\"},{\"@type\":\"ListItem\",\"position\":2,\"name\":\"Sightseeing\",\"item\":\"https:\/\/www.ferienwohnungen-garmischpartenkirchen.de\/en\/sehenswuerdigkeiten\/\"},{\"@type\":\"ListItem\",\"position\":3,\"name\":\"From the AlpspiX viewing platform\"}]},{\"@type\":\"WebSite\",\"@id\":\"https:\/\/www.ferienwohnungen-garmischpartenkirchen.de\/en\/#website\",\"url\":\"https:\/\/www.ferienwohnungen-garmischpartenkirchen.de\/en\/\",\"name\":\"Mahr GmbH\",\"description\":\"\",\"publisher\":{\"@id\":\"https:\/\/www.ferienwohnungen-garmischpartenkirchen.de\/en\/#organization\"},\"potentialAction\":[{\"@type\":\"SearchAction\",\"target\":{\"@type\":\"EntryPoint\",\"urlTemplate\":\"https:\/\/www.ferienwohnungen-garmischpartenkirchen.de\/en\/?s={search_term_string}\"},\"query-input\":{\"@type\":\"PropertyValueSpecification\",\"valueRequired\":true,\"valueName\":\"search_term_string\"}}],\"inLanguage\":\"en-US\"},{\"@type\":\"Organization\",\"@id\":\"https:\/\/www.ferienwohnungen-garmischpartenkirchen.de\/en\/#organization\",\"name\":\"Mahr GmbH\",\"url\":\"https:\/\/www.ferienwohnungen-garmischpartenkirchen.de\/en\/\",\"logo\":{\"@type\":\"ImageObject\",\"inLanguage\":\"en-US\",\"@id\":\"https:\/\/www.ferienwohnungen-garmischpartenkirchen.de\/en\/#\/schema\/logo\/image\/\",\"url\":\"https:\/\/www.ferienwohnungen-garmischpartenkirchen.de\/wp-content\/uploads\/2024\/06\/Wortbildmarke_Negativ-1024x253-1.png\",\"contentUrl\":\"https:\/\/www.ferienwohnungen-garmischpartenkirchen.de\/wp-content\/uploads\/2024\/06\/Wortbildmarke_Negativ-1024x253-1.png\",\"width\":1024,\"height\":253,\"caption\":\"Mahr GmbH\"},\"image\":{\"@id\":\"https:\/\/www.ferienwohnungen-garmischpartenkirchen.de\/en\/#\/schema\/logo\/image\/\"}}]}<\/script>\n<!-- \/ Yoast SEO plugin. -->","yoast_head_json":{"title":"From the AlpspiX viewing platform - Mahr GmbH","description":"From the AlpspiX viewing platform, you have an excellent view of the idyllic mountains of Garmisch.","robots":{"index":"index","follow":"follow","max-snippet":"max-snippet:-1","max-image-preview":"max-image-preview:large","max-video-preview":"max-video-preview:-1"},"canonical":"https:\/\/www.ferienwohnungen-garmischpartenkirchen.de\/en\/sightseeing\/from-the-alpspix-viewing-platform\/","og_locale":"en_US","og_type":"article","og_title":"From the AlpspiX viewing platform - Mahr GmbH","og_description":"From the AlpspiX viewing platform, you have an excellent view of the idyllic mountains of Garmisch.","og_url":"https:\/\/www.ferienwohnungen-garmischpartenkirchen.de\/en\/sightseeing\/from-the-alpspix-viewing-platform\/","og_site_name":"Mahr GmbH","article_modified_time":"2024-08-07T09:39:49+00:00","og_image":[{"width":550,"height":250,"url":"https:\/\/www.ferienwohnungen-garmischpartenkirchen.de\/wp-content\/uploads\/2024\/06\/aussichtsplattform-albspix-garmisch-1.jpg","type":"image\/jpeg"}],"twitter_card":"summary_large_image","twitter_misc":{"Est. reading time":"2 minutes"},"schema":{"@context":"https:\/\/schema.org","@graph":[{"@type":"WebPage","@id":"https:\/\/www.ferienwohnungen-garmischpartenkirchen.de\/en\/sightseeing\/from-the-alpspix-viewing-platform\/","url":"https:\/\/www.ferienwohnungen-garmischpartenkirchen.de\/en\/sightseeing\/from-the-alpspix-viewing-platform\/","name":"From the AlpspiX viewing platform - Mahr GmbH","isPartOf":{"@id":"https:\/\/www.ferienwohnungen-garmischpartenkirchen.de\/en\/#website"},"primaryImageOfPage":{"@id":"https:\/\/www.ferienwohnungen-garmischpartenkirchen.de\/en\/sightseeing\/from-the-alpspix-viewing-platform\/#primaryimage"},"image":{"@id":"https:\/\/www.ferienwohnungen-garmischpartenkirchen.de\/en\/sightseeing\/from-the-alpspix-viewing-platform\/#primaryimage"},"thumbnailUrl":"https:\/\/www.ferienwohnungen-garmischpartenkirchen.de\/wp-content\/uploads\/2024\/06\/aussichtsplattform-albspix-garmisch-1.jpg","datePublished":"2024-06-17T11:33:03+00:00","dateModified":"2024-08-07T09:39:49+00:00","description":"From the AlpspiX viewing platform, you have an excellent view of the idyllic mountains of Garmisch.","breadcrumb":{"@id":"https:\/\/www.ferienwohnungen-garmischpartenkirchen.de\/en\/sightseeing\/from-the-alpspix-viewing-platform\/#breadcrumb"},"inLanguage":"en-US","potentialAction":[{"@type":"ReadAction","target":["https:\/\/www.ferienwohnungen-garmischpartenkirchen.de\/en\/sightseeing\/from-the-alpspix-viewing-platform\/"]}]},{"@type":"ImageObject","inLanguage":"en-US","@id":"https:\/\/www.ferienwohnungen-garmischpartenkirchen.de\/en\/sightseeing\/from-the-alpspix-viewing-platform\/#primaryimage","url":"https:\/\/www.ferienwohnungen-garmischpartenkirchen.de\/wp-content\/uploads\/2024\/06\/aussichtsplattform-albspix-garmisch-1.jpg","contentUrl":"https:\/\/www.ferienwohnungen-garmischpartenkirchen.de\/wp-content\/uploads\/2024\/06\/aussichtsplattform-albspix-garmisch-1.jpg","width":550,"height":250,"caption":"Aussichtsplattform AlpspiX"},{"@type":"BreadcrumbList","@id":"https:\/\/www.ferienwohnungen-garmischpartenkirchen.de\/en\/sightseeing\/from-the-alpspix-viewing-platform\/#breadcrumb","itemListElement":[{"@type":"ListItem","position":1,"name":"Homepage","item":"https:\/\/www.ferienwohnungen-garmischpartenkirchen.de\/en\/"},{"@type":"ListItem","position":2,"name":"Sightseeing","item":"https:\/\/www.ferienwohnungen-garmischpartenkirchen.de\/en\/sehenswuerdigkeiten\/"},{"@type":"ListItem","position":3,"name":"From the AlpspiX viewing platform"}]},{"@type":"WebSite","@id":"https:\/\/www.ferienwohnungen-garmischpartenkirchen.de\/en\/#website","url":"https:\/\/www.ferienwohnungen-garmischpartenkirchen.de\/en\/","name":"Mahr GmbH","description":"","publisher":{"@id":"https:\/\/www.ferienwohnungen-garmischpartenkirchen.de\/en\/#organization"},"potentialAction":[{"@type":"SearchAction","target":{"@type":"EntryPoint","urlTemplate":"https:\/\/www.ferienwohnungen-garmischpartenkirchen.de\/en\/?s={search_term_string}"},"query-input":{"@type":"PropertyValueSpecification","valueRequired":true,"valueName":"search_term_string"}}],"inLanguage":"en-US"},{"@type":"Organization","@id":"https:\/\/www.ferienwohnungen-garmischpartenkirchen.de\/en\/#organization","name":"Mahr GmbH","url":"https:\/\/www.ferienwohnungen-garmischpartenkirchen.de\/en\/","logo":{"@type":"ImageObject","inLanguage":"en-US","@id":"https:\/\/www.ferienwohnungen-garmischpartenkirchen.de\/en\/#\/schema\/logo\/image\/","url":"https:\/\/www.ferienwohnungen-garmischpartenkirchen.de\/wp-content\/uploads\/2024\/06\/Wortbildmarke_Negativ-1024x253-1.png","contentUrl":"https:\/\/www.ferienwohnungen-garmischpartenkirchen.de\/wp-content\/uploads\/2024\/06\/Wortbildmarke_Negativ-1024x253-1.png","width":1024,"height":253,"caption":"Mahr GmbH"},"image":{"@id":"https:\/\/www.ferienwohnungen-garmischpartenkirchen.de\/en\/#\/schema\/logo\/image\/"}}]}},"_links":{"self":[{"href":"https:\/\/www.ferienwohnungen-garmischpartenkirchen.de\/en\/wp-json\/wp\/v2\/pages\/6606","targetHints":{"allow":["GET"]}}],"collection":[{"href":"https:\/\/www.ferienwohnungen-garmischpartenkirchen.de\/en\/wp-json\/wp\/v2\/pages"}],"about":[{"href":"https:\/\/www.ferienwohnungen-garmischpartenkirchen.de\/en\/wp-json\/wp\/v2\/types\/page"}],"author":[{"embeddable":true,"href":"https:\/\/www.ferienwohnungen-garmischpartenkirchen.de\/en\/wp-json\/wp\/v2\/users\/1"}],"replies":[{"embeddable":true,"href":"https:\/\/www.ferienwohnungen-garmischpartenkirchen.de\/en\/wp-json\/wp\/v2\/comments?post=6606"}],"version-history":[{"count":9,"href":"https:\/\/www.ferienwohnungen-garmischpartenkirchen.de\/en\/wp-json\/wp\/v2\/pages\/6606\/revisions"}],"predecessor-version":[{"id":11645,"href":"https:\/\/www.ferienwohnungen-garmischpartenkirchen.de\/en\/wp-json\/wp\/v2\/pages\/6606\/revisions\/11645"}],"up":[{"embeddable":true,"href":"https:\/\/www.ferienwohnungen-garmischpartenkirchen.de\/en\/wp-json\/wp\/v2\/pages\/6866"}],"wp:featuredmedia":[{"embeddable":true,"href":"https:\/\/www.ferienwohnungen-garmischpartenkirchen.de\/en\/wp-json\/wp\/v2\/media\/6607"}],"wp:attachment":[{"href":"https:\/\/www.ferienwohnungen-garmischpartenkirchen.de\/en\/wp-json\/wp\/v2\/media?parent=6606"}],"wp:term":[{"taxonomy":"seitenarte","embeddable":true,"href":"https:\/\/www.ferienwohnungen-garmischpartenkirchen.de\/en\/wp-json\/wp\/v2\/seitenarte?post=6606"}],"curies":[{"name":"wp","href":"https:\/\/api.w.org\/{rel}","templated":true}]}}