{"id":6888,"date":"2024-06-17T13:42:46","date_gmt":"2024-06-17T11:42:46","guid":{"rendered":"https:\/\/www.ferienwohnungen-garmischpartenkirchen.de\/sightseeing\/the-michael-ende-kurpark-in-garmisch-partenkirchen\/"},"modified":"2024-08-07T11:38:07","modified_gmt":"2024-08-07T09:38:07","slug":"the-michael-ende-kurpark-in-garmisch-partenkirchen","status":"publish","type":"page","link":"https:\/\/www.ferienwohnungen-garmischpartenkirchen.de\/en\/sightseeing\/the-michael-ende-kurpark-in-garmisch-partenkirchen\/","title":{"rendered":"The Michael-Ende Kurpark in Garmisch-Partenkirchen"},"content":{"rendered":"\t\t<div data-elementor-type=\"wp-page\" data-elementor-id=\"6888\" class=\"elementor elementor-6888 elementor-4552\" data-elementor-post-type=\"page\">\n\t\t\t\t<div class=\"elementor-element elementor-element-65a8e56 e-con-full e-flex e-con e-parent\" data-id=\"65a8e56\" data-element_type=\"container\">\n\t\t\t\t<div class=\"elementor-element elementor-element-a5918e4 elementor-widget elementor-widget-template\" data-id=\"a5918e4\" data-element_type=\"widget\" data-widget_type=\"template.default\">\n\t\t\t\t<div class=\"elementor-widget-container\">\n\t\t\t\t\t\t\t<div class=\"elementor-template\">\n\t\t\t\t\t<div data-elementor-type=\"container\" data-elementor-id=\"9190\" class=\"elementor elementor-9190 elementor-70\" data-elementor-post-type=\"elementor_library\">\n\t\t\t\t<div class=\"elementor-element elementor-element-1a03abe3 e-flex e-con-boxed e-con e-parent\" data-id=\"1a03abe3\" data-element_type=\"container\" data-settings=\"{&quot;background_background&quot;:&quot;classic&quot;}\">\n\t\t\t\t\t<div class=\"e-con-inner\">\n\t\t\t\t\t<\/div>\n\t\t\t\t<\/div>\n\t\t\t\t<\/div>\n\t\t\t\t<\/div>\n\t\t\t\t\t\t<\/div>\n\t\t\t\t<\/div>\n\t\t\t\t<\/div>\n\t\t<div class=\"elementor-element elementor-element-c5ea73e e-flex e-con-boxed e-con e-parent\" data-id=\"c5ea73e\" data-element_type=\"container\">\n\t\t\t\t\t<div class=\"e-con-inner\">\n\t\t\t\t<div class=\"elementor-element elementor-element-29fa7c9 elementor-widget__width-auto elementor-widget-mobile__width-inherit elementor-widget elementor-widget-heading\" data-id=\"29fa7c9\" data-element_type=\"widget\" data-widget_type=\"heading.default\">\n\t\t\t\t<div class=\"elementor-widget-container\">\n\t\t\t\t\t<h2 class=\"elementor-heading-title elementor-size-default\"><p class=\"beon_heading\">The Michael-Ende-Kurpark <\/p>\n<span class=\"beon_subheading_h2\"> in Garmisch-Partenkirchen <\/span><\/h2>\t\t\t\t<\/div>\n\t\t\t\t<\/div>\n\t\t\t\t<div class=\"elementor-element elementor-element-e42158e elementor-widget__width-initial elementor-widget-mobile__width-inherit elementor-widget elementor-widget-text-editor\" data-id=\"e42158e\" data-element_type=\"widget\" data-widget_type=\"text-editor.default\">\n\t\t\t\t<div class=\"elementor-widget-container\">\n\t\t\t\t\t\t\t\t\t<div class=\"sp\">\n<div class=\"inspectLayerContent block inspectRow\">\n<div class=\"content\">\n<p>In Garmisch-Partenkirchen, you can treat yourself to a visit to the Michael-Ende-Kurpark after a stroll through the town. The old trees make it worthwhile to linger, and the barefoot path offers a sensory and recreational experience for feet that are tired of hiking or walking. In summer, music lovers will also find a rich concert program here.<\/p>\n<\/div>\n<\/div>\n<\/div>\n\t\t\t\t\t\t\t\t<\/div>\n\t\t\t\t<\/div>\n\t\t\t\t\t<\/div>\n\t\t\t\t<\/div>\n\t\t<div class=\"elementor-element elementor-element-1acff12 e-flex e-con-boxed e-con e-parent\" data-id=\"1acff12\" data-element_type=\"container\">\n\t\t\t\t\t<div class=\"e-con-inner\">\n\t\t\t\t<div class=\"elementor-element elementor-element-ab9df31 elementor-widget elementor-widget-template\" data-id=\"ab9df31\" data-element_type=\"widget\" data-widget_type=\"template.default\">\n\t\t\t\t<div class=\"elementor-widget-container\">\n\t\t\t\t\t\t\t<div class=\"elementor-template\">\n\t\t\t\t\t<div data-elementor-type=\"container\" data-elementor-id=\"9150\" class=\"elementor elementor-9150 elementor-8977\" data-elementor-post-type=\"elementor_library\">\n\t\t\t\t<div class=\"elementor-element elementor-element-b681446 e-flex e-con-boxed e-con e-parent\" data-id=\"b681446\" data-element_type=\"container\">\n\t\t\t\t\t<div class=\"e-con-inner\">\n\t\t\t\t\t<\/div>\n\t\t\t\t<\/div>\n\t\t\t\t<\/div>\n\t\t\t\t<\/div>\n\t\t\t\t\t\t<\/div>\n\t\t\t\t<\/div>\n\t\t\t\t\t<\/div>\n\t\t\t\t<\/div>\n\t\t<div class=\"elementor-element elementor-element-83990b5 e-flex e-con-boxed e-con e-parent\" data-id=\"83990b5\" data-element_type=\"container\">\n\t\t\t\t\t<div class=\"e-con-inner\">\n\t\t\t\t<div class=\"elementor-element elementor-element-6126c53 elementor-widget__width-initial elementor-widget-mobile__width-inherit elementor-widget elementor-widget-text-editor\" data-id=\"6126c53\" data-element_type=\"widget\" data-widget_type=\"text-editor.default\">\n\t\t\t\t<div class=\"elementor-widget-container\">\n\t\t\t\t\t\t\t\t\t<div class=\"row\">\n<div class=\"grid-box-area mb-0 pb-0 border-0\">\n<div class=\"row\">\n<div class=\"grid-box-area mb-0 pb-0 border-0\">\n<div class=\"col-lg-6 col-md-6 col-sm-6 col-xs-12 right\">\n<h5>A large park to relax in Garmisch-Partenkirchen<\/h5>\n<p>There is room for everyone here, as the Michael-Ende Kurpark covers a good 35,000 square meters and is the perfect place to relax and put your feet up thanks to its more than 40,000 plants.<\/p>\n<p class=\"redirect-btn\"><a class=\"weiterlesen-btn2\" title=\" \" href=\"https:\/\/www.gapa.de\/de\/GaPa-vor-Ort\/Garmisch-Partenkirchen\/GaPa-A-Z\/Michael-Ende-Kurpark_isd_48233\" target=\"_blank\" rel=\"nofollow noopener\">Website<\/a><\/p>\n<\/div>\n<\/div>\n<\/div>\n<\/div>\n<\/div>\n\t\t\t\t\t\t\t\t<\/div>\n\t\t\t\t<\/div>\n\t\t\t\t\t<\/div>\n\t\t\t\t<\/div>\n\t\t<div class=\"elementor-element elementor-element-1246877 e-con-full e-flex e-con e-parent\" data-id=\"1246877\" data-element_type=\"container\" data-settings=\"{&quot;background_background&quot;:&quot;classic&quot;}\">\n\t\t\t\t<div class=\"elementor-element elementor-element-2ce2beb elementor-widget elementor-widget-template\" data-id=\"2ce2beb\" data-element_type=\"widget\" data-widget_type=\"template.default\">\n\t\t\t\t<div class=\"elementor-widget-container\">\n\t\t\t\t\t\t\t<div class=\"elementor-template\">\n\t\t\t\t\t<div data-elementor-type=\"container\" data-elementor-id=\"9157\" class=\"elementor elementor-9157 elementor-6735\" data-elementor-post-type=\"elementor_library\">\n\t\t\t\t<div class=\"elementor-element elementor-element-6fb438b e-con-full e-flex e-con e-parent\" data-id=\"6fb438b\" data-element_type=\"container\" data-settings=\"{&quot;background_background&quot;:&quot;classic&quot;}\">\n\t\t<div class=\"elementor-element elementor-element-c30cb13 e-flex e-con-boxed e-con e-child\" data-id=\"c30cb13\" data-element_type=\"container\">\n\t\t\t\t\t<div class=\"e-con-inner\">\n\t\t\t\t<div class=\"elementor-element elementor-element-6d3bb38 elementor-widget elementor-widget-spacer\" data-id=\"6d3bb38\" data-element_type=\"widget\" data-widget_type=\"spacer.default\">\n\t\t\t\t<div class=\"elementor-widget-container\">\n\t\t\t\t\t\t\t<div class=\"elementor-spacer\">\n\t\t\t<div class=\"elementor-spacer-inner\"><\/div>\n\t\t<\/div>\n\t\t\t\t\t\t<\/div>\n\t\t\t\t<\/div>\n\t\t\t\t<div class=\"elementor-element elementor-element-05e4bc1 title-icon2 elementor-widget elementor-widget-heading\" data-id=\"05e4bc1\" data-element_type=\"widget\" data-widget_type=\"heading.default\">\n\t\t\t\t<div class=\"elementor-widget-container\">\n\t\t\t\t\t<h2 class=\"elementor-heading-title elementor-size-default\">Discover<br><span class=\"beon_subheading_h2\">our apartments<\/span><\/h2>\t\t\t\t<\/div>\n\t\t\t\t<\/div>\n\t\t\t\t<div class=\"elementor-element elementor-element-47bf38d elementor-widget__width-initial elementor-widget-mobile__width-inherit elementor-widget elementor-widget-text-editor\" data-id=\"47bf38d\" data-element_type=\"widget\" data-widget_type=\"text-editor.default\">\n\t\t\t\t<div class=\"elementor-widget-container\">\n\t\t\t\t\t\t\t\t\t<div class=\"sp\">\n<div class=\"inspectLayerContent block inspectRow\">\n<div class=\"content\">\n<p>Benefit from the best conditions when booking and during your stay. Enjoy full service and quality accommodations.<\/p>\n<\/div>\n<\/div>\n<\/div>\n\t\t\t\t\t\t\t\t<\/div>\n\t\t\t\t<\/div>\n\t\t\t\t\t<\/div>\n\t\t\t\t<\/div>\n\t\t<div class=\"elementor-element elementor-element-b0d6837 e-flex e-con-boxed e-con e-child\" data-id=\"b0d6837\" data-element_type=\"container\">\n\t\t\t\t\t<div class=\"e-con-inner\">\n\t\t\t\t<div class=\"elementor-element elementor-element-6e6f1b3 elementor-widget elementor-widget-shortcode\" data-id=\"6e6f1b3\" data-element_type=\"widget\" data-widget_type=\"shortcode.default\">\n\t\t\t\t<div class=\"elementor-widget-container\">\n\t\t\t\t\t\t\t<div class=\"elementor-shortcode\"><div class=\"unitslider-wrapper\"><div class=\"swiper beon-unit-slider\"><div class=\"swiper-wrapper\"><div class=\"swiper-slide\"><div class=\"swiperlisting\"><div class=\"\">\n\t\t\t<div id=\"slider\" class=\"flexslider\">\n\t\t\t<ul class=\"slides\">\n\t\t\t\t\t\t\t\t\t<li>\n\t\t\t\t\t\t<img\n\t\t\t\t\t\t\tclass=\"lazy\"\n\t\t\t\t\t\t\tsrc=\"\"\n\t\t\t\t\t\t\tdata-src=\"https:\/\/www.ferienwohnungen-garmischpartenkirchen.de\/wp-content\/uploads\/2024\/06\/mf8271041-768x512.jpg\"\n\t\t\t\t\t\t\talt=\"Sessel, Sitzbank und Schafsbild in Ferienwohnung in Garmisch-Patenkirchen\"\n\t\t\t\t\t\t\tloading=\"lazy\"\n\t\t\t\t\t\t\tdecoding=\"async\">\n\t\t\t\t\t\t<!-- <li>\n\t\t\t\t\t\t\t<img decoding=\"async\" class=\"lazy\" src=\"\" data-src=\"\" alt=\"\" loading=\"lazy\"\/>\n\t\t\t\t\t\t<\/li> -->\n\t\t\t\t\t\t<!-- <div class=\"swiper-lazy-preloader\"><\/div> -->\n\t\t\t\t\t\t\t\t\t\t<li>\n\t\t\t\t\t\t<img\n\t\t\t\t\t\t\tclass=\"lazy\"\n\t\t\t\t\t\t\tsrc=\"\"\n\t\t\t\t\t\t\tdata-src=\"https:\/\/www.ferienwohnungen-garmischpartenkirchen.de\/wp-content\/uploads\/2024\/06\/mf8271029-768x512.jpg\"\n\t\t\t\t\t\t\talt=\"Kleines Sofa mit weichen Kissen in Ferienwohnung in Garmisch-Patenkirchen\"\n\t\t\t\t\t\t\tloading=\"lazy\"\n\t\t\t\t\t\t\tdecoding=\"async\">\n\t\t\t\t\t\t<!-- <li>\n\t\t\t\t\t\t\t<img decoding=\"async\" class=\"lazy\" src=\"\" data-src=\"\" alt=\"\" loading=\"lazy\"\/>\n\t\t\t\t\t\t<\/li> -->\n\t\t\t\t\t\t<!-- <div class=\"swiper-lazy-preloader\"><\/div> -->\n\t\t\t\t\t\t\t\t\t\t<li>\n\t\t\t\t\t\t<img\n\t\t\t\t\t\t\tclass=\"lazy\"\n\t\t\t\t\t\t\tsrc=\"\"\n\t\t\t\t\t\t\tdata-src=\"https:\/\/www.ferienwohnungen-garmischpartenkirchen.de\/wp-content\/uploads\/2024\/06\/mf8271043-768x512.jpg\"\n\t\t\t\t\t\t\talt=\"K\u00fcchenzeile mit beleuchtetem Bild in Ferienwohnung in Garmisch-Patenkirchen\"\n\t\t\t\t\t\t\tloading=\"lazy\"\n\t\t\t\t\t\t\tdecoding=\"async\">\n\t\t\t\t\t\t<!-- <li>\n\t\t\t\t\t\t\t<img decoding=\"async\" class=\"lazy\" src=\"\" data-src=\"\" alt=\"\" loading=\"lazy\"\/>\n\t\t\t\t\t\t<\/li> -->\n\t\t\t\t\t\t<!-- <div class=\"swiper-lazy-preloader\"><\/div> -->\n\t\t\t\t\t\t\t\t\t\t<li>\n\t\t\t\t\t\t<img\n\t\t\t\t\t\t\tclass=\"lazy\"\n\t\t\t\t\t\t\tsrc=\"\"\n\t\t\t\t\t\t\tdata-src=\"https:\/\/www.ferienwohnungen-garmischpartenkirchen.de\/wp-content\/uploads\/2024\/06\/mf8271063-768x512.jpg\"\n\t\t\t\t\t\t\talt=\"Boxspringbett mit rotem Stuhl in Ferienwohnung in Garmisch-Patenkirchen\"\n\t\t\t\t\t\t\tloading=\"lazy\"\n\t\t\t\t\t\t\tdecoding=\"async\">\n\t\t\t\t\t\t<!-- <li>\n\t\t\t\t\t\t\t<img decoding=\"async\" class=\"lazy\" src=\"\" data-src=\"\" alt=\"\" loading=\"lazy\"\/>\n\t\t\t\t\t\t<\/li> -->\n\t\t\t\t\t\t<!-- <div class=\"swiper-lazy-preloader\"><\/div> -->\n\t\t\t\t\t\t\t\t\t\t<li>\n\t\t\t\t\t\t<img\n\t\t\t\t\t\t\tclass=\"lazy\"\n\t\t\t\t\t\t\tsrc=\"\"\n\t\t\t\t\t\t\tdata-src=\"https:\/\/www.ferienwohnungen-garmischpartenkirchen.de\/wp-content\/uploads\/2024\/06\/mf8271075-768x512.jpg\"\n\t\t\t\t\t\t\talt=\"Wasserhahn im Bad in Ferienwohnung in Garmisch-Patenkirchen\"\n\t\t\t\t\t\t\tloading=\"lazy\"\n\t\t\t\t\t\t\tdecoding=\"async\">\n\t\t\t\t\t\t<!-- <li>\n\t\t\t\t\t\t\t<img decoding=\"async\" class=\"lazy\" src=\"\" data-src=\"\" alt=\"\" loading=\"lazy\"\/>\n\t\t\t\t\t\t<\/li> -->\n\t\t\t\t\t\t<!-- <div class=\"swiper-lazy-preloader\"><\/div> -->\n\t\t\t\t\t\t\t\t<\/ul>\n\t\t<\/div>\n\t\n\t<div class=\"info-wrapper\">\n\t\t<div class=\"info-body\">\n\t\t\t<!-- <span class=\"favouritebtn\"> <\/span> -->\n\t\t\t<div class=\"flex heading-wrapper\">\n\t\t\t\t<h4 class=\"unit-title\"><span><a href=\"https:\/\/www.ferienwohnungen-garmischpartenkirchen.de\/en\/unterkuenfte\/gluecksgriff-2\/\">Gl\u00fccksgriff<\/a><\/span><\/h4>\n\t\t\t\t<div class=\"wrap-classification\">\n\t\t\t\t\t<p class=\"unit-region\">\n\t\t\t\t\t\tGarmisch-Partenkirchen\t\t\t\t\t<\/p>\n\t\t\t\t<\/div>\n\t\t\t<\/div>\n\t\t\t<div class=\"details-wrapper\">\n\t\t\t\t<ul>\n\t\t\t\t\t<li><span class=\"wrap-value\">3  Guests<\/span><\/li>\n\t\t\t\t\t<span class=\"saperator\"><\/span>\n\t\t\t\t\t<li><span class=\"wrap-value\">1 Bedroom<\/span><\/li>\n\t\t\t\t\t<span class=\"saperator\"><\/span>\n\t\t\t\t\t<li>\n\t\t\t\t\t\t<span class=\"price\" data-price=\"5500\">55,00<\/span> <span class=\"currency\">&euro;<\/span> \t\t\t\t\t<\/li>\n\t\t\t\t<\/ul>\n\t\t\t<\/div>\n\t\t<\/div>\n\t<\/div>\n<\/div><\/div><\/div><div class=\"swiper-slide\"><div class=\"swiperlisting\"><div class=\"\">\n\t\t\t<div id=\"slider\" class=\"flexslider\">\n\t\t\t<ul class=\"slides\">\n\t\t\t\t\t\t\t\t\t<li>\n\t\t\t\t\t\t<img\n\t\t\t\t\t\t\tclass=\"lazy\"\n\t\t\t\t\t\t\tsrc=\"\"\n\t\t\t\t\t\t\tdata-src=\"https:\/\/www.ferienwohnungen-garmischpartenkirchen.de\/wp-content\/uploads\/2024\/06\/mf10292805-768x512.jpg\"\n\t\t\t\t\t\t\talt=\"Wohnbereich mit Sofas und Tisch in Ferienwohnung in Garmisch-Partenkirchen\"\n\t\t\t\t\t\t\tloading=\"lazy\"\n\t\t\t\t\t\t\tdecoding=\"async\">\n\t\t\t\t\t\t<!-- <li>\n\t\t\t\t\t\t\t<img decoding=\"async\" class=\"lazy\" src=\"\" data-src=\"\" alt=\"\" loading=\"lazy\"\/>\n\t\t\t\t\t\t<\/li> -->\n\t\t\t\t\t\t<!-- <div class=\"swiper-lazy-preloader\"><\/div> -->\n\t\t\t\t\t\t\t\t\t\t<li>\n\t\t\t\t\t\t<img\n\t\t\t\t\t\t\tclass=\"lazy\"\n\t\t\t\t\t\t\tsrc=\"\"\n\t\t\t\t\t\t\tdata-src=\"https:\/\/www.ferienwohnungen-garmischpartenkirchen.de\/wp-content\/uploads\/2024\/06\/mf10126667-768x512.jpg\"\n\t\t\t\t\t\t\talt=\"Schlafzimmer mit ein Doppelt- und ein Einzelbett in Ferienwohnung in Garmisch-Partenkirchen\"\n\t\t\t\t\t\t\tloading=\"lazy\"\n\t\t\t\t\t\t\tdecoding=\"async\">\n\t\t\t\t\t\t<!-- <li>\n\t\t\t\t\t\t\t<img decoding=\"async\" class=\"lazy\" src=\"\" data-src=\"\" alt=\"\" loading=\"lazy\"\/>\n\t\t\t\t\t\t<\/li> -->\n\t\t\t\t\t\t<!-- <div class=\"swiper-lazy-preloader\"><\/div> -->\n\t\t\t\t\t\t\t\t\t\t<li>\n\t\t\t\t\t\t<img\n\t\t\t\t\t\t\tclass=\"lazy\"\n\t\t\t\t\t\t\tsrc=\"\"\n\t\t\t\t\t\t\tdata-src=\"https:\/\/www.ferienwohnungen-garmischpartenkirchen.de\/wp-content\/uploads\/2024\/06\/mf10292812-768x512.jpg\"\n\t\t\t\t\t\t\talt=\"K\u00fcche mit T\u00fcr zum Flur in wei\u00df in Ferienwohnung in Garmisch-Partenkirchen\"\n\t\t\t\t\t\t\tloading=\"lazy\"\n\t\t\t\t\t\t\tdecoding=\"async\">\n\t\t\t\t\t\t<!-- <li>\n\t\t\t\t\t\t\t<img decoding=\"async\" class=\"lazy\" src=\"\" data-src=\"\" alt=\"\" loading=\"lazy\"\/>\n\t\t\t\t\t\t<\/li> -->\n\t\t\t\t\t\t<!-- <div class=\"swiper-lazy-preloader\"><\/div> -->\n\t\t\t\t\t\t\t\t\t\t<li>\n\t\t\t\t\t\t<img\n\t\t\t\t\t\t\tclass=\"lazy\"\n\t\t\t\t\t\t\tsrc=\"\"\n\t\t\t\t\t\t\tdata-src=\"https:\/\/www.ferienwohnungen-garmischpartenkirchen.de\/wp-content\/uploads\/2024\/06\/mf10126681-768x512.jpg\"\n\t\t\t\t\t\t\talt=\"Badezimmer mit Schr\u00e4ge und Badewanne in Ferienwohnung in Garmisch-Partenkirchen\"\n\t\t\t\t\t\t\tloading=\"lazy\"\n\t\t\t\t\t\t\tdecoding=\"async\">\n\t\t\t\t\t\t<!-- <li>\n\t\t\t\t\t\t\t<img decoding=\"async\" class=\"lazy\" src=\"\" data-src=\"\" alt=\"\" loading=\"lazy\"\/>\n\t\t\t\t\t\t<\/li> -->\n\t\t\t\t\t\t<!-- <div class=\"swiper-lazy-preloader\"><\/div> -->\n\t\t\t\t\t\t\t\t\t\t<li>\n\t\t\t\t\t\t<img\n\t\t\t\t\t\t\tclass=\"lazy\"\n\t\t\t\t\t\t\tsrc=\"\"\n\t\t\t\t\t\t\tdata-src=\"https:\/\/www.ferienwohnungen-garmischpartenkirchen.de\/wp-content\/uploads\/2024\/06\/mf10292808-768x512.jpg\"\n\t\t\t\t\t\t\talt=\"Ausblick auf Wiese und B\u00e4ume in Ferienwohnung in Garmisch-Partenkirchen\"\n\t\t\t\t\t\t\tloading=\"lazy\"\n\t\t\t\t\t\t\tdecoding=\"async\">\n\t\t\t\t\t\t<!-- <li>\n\t\t\t\t\t\t\t<img decoding=\"async\" class=\"lazy\" src=\"\" data-src=\"\" alt=\"\" loading=\"lazy\"\/>\n\t\t\t\t\t\t<\/li> -->\n\t\t\t\t\t\t<!-- <div class=\"swiper-lazy-preloader\"><\/div> -->\n\t\t\t\t\t\t\t\t<\/ul>\n\t\t<\/div>\n\t\n\t<div class=\"info-wrapper\">\n\t\t<div class=\"info-body\">\n\t\t\t<!-- <span class=\"favouritebtn\"> <\/span> -->\n\t\t\t<div class=\"flex heading-wrapper\">\n\t\t\t\t<h4 class=\"unit-title\"><span><a href=\"https:\/\/www.ferienwohnungen-garmischpartenkirchen.de\/en\/unterkuenfte\/himmelreich-2\/\">Himmelreich<\/a><\/span><\/h4>\n\t\t\t\t<div class=\"wrap-classification\">\n\t\t\t\t\t<p class=\"unit-region\">\n\t\t\t\t\t\tGarmisch-Partenkirchen\t\t\t\t\t<\/p>\n\t\t\t\t<\/div>\n\t\t\t<\/div>\n\t\t\t<div class=\"details-wrapper\">\n\t\t\t\t<ul>\n\t\t\t\t\t<li><span class=\"wrap-value\">7  Guests<\/span><\/li>\n\t\t\t\t\t<span class=\"saperator\"><\/span>\n\t\t\t\t\t<li><span class=\"wrap-value\">3 Bedroom<\/span><\/li>\n\t\t\t\t\t<span class=\"saperator\"><\/span>\n\t\t\t\t\t<li>\n\t\t\t\t\t\t<span class=\"price\" data-price=\"11900\">119,00<\/span> <span class=\"currency\">&euro;<\/span> \t\t\t\t\t<\/li>\n\t\t\t\t<\/ul>\n\t\t\t<\/div>\n\t\t<\/div>\n\t<\/div>\n<\/div><\/div><\/div><div class=\"swiper-slide\"><div class=\"swiperlisting\"><div class=\"\">\n\t\t\t<div id=\"slider\" class=\"flexslider\">\n\t\t\t<ul class=\"slides\">\n\t\t\t\t\t\t\t\t\t<li>\n\t\t\t\t\t\t<img\n\t\t\t\t\t\t\tclass=\"lazy\"\n\t\t\t\t\t\t\tsrc=\"\"\n\t\t\t\t\t\t\tdata-src=\"https:\/\/www.ferienwohnungen-garmischpartenkirchen.de\/wp-content\/uploads\/2024\/06\/mf3699858-768x512.jpg\"\n\t\t\t\t\t\t\talt=\"Sofas mit Fernseher in Ferienwohnung in Garmisch-Partenkirchen\"\n\t\t\t\t\t\t\tloading=\"lazy\"\n\t\t\t\t\t\t\tdecoding=\"async\">\n\t\t\t\t\t\t<!-- <li>\n\t\t\t\t\t\t\t<img decoding=\"async\" class=\"lazy\" src=\"\" data-src=\"\" alt=\"\" loading=\"lazy\"\/>\n\t\t\t\t\t\t<\/li> -->\n\t\t\t\t\t\t<!-- <div class=\"swiper-lazy-preloader\"><\/div> -->\n\t\t\t\t\t\t\t\t\t\t<li>\n\t\t\t\t\t\t<img\n\t\t\t\t\t\t\tclass=\"lazy\"\n\t\t\t\t\t\t\tsrc=\"\"\n\t\t\t\t\t\t\tdata-src=\"https:\/\/www.ferienwohnungen-garmischpartenkirchen.de\/wp-content\/uploads\/2024\/06\/mf3699882-768x512.jpg\"\n\t\t\t\t\t\t\talt=\"Esstisch mit K\u00fcche in Ferienwohnung in Garmisch-Partenkirchen\"\n\t\t\t\t\t\t\tloading=\"lazy\"\n\t\t\t\t\t\t\tdecoding=\"async\">\n\t\t\t\t\t\t<!-- <li>\n\t\t\t\t\t\t\t<img decoding=\"async\" class=\"lazy\" src=\"\" data-src=\"\" alt=\"\" loading=\"lazy\"\/>\n\t\t\t\t\t\t<\/li> -->\n\t\t\t\t\t\t<!-- <div class=\"swiper-lazy-preloader\"><\/div> -->\n\t\t\t\t\t\t\t\t\t\t<li>\n\t\t\t\t\t\t<img\n\t\t\t\t\t\t\tclass=\"lazy\"\n\t\t\t\t\t\t\tsrc=\"\"\n\t\t\t\t\t\t\tdata-src=\"https:\/\/www.ferienwohnungen-garmischpartenkirchen.de\/wp-content\/uploads\/2024\/06\/mf3699910-768x512.jpg\"\n\t\t\t\t\t\t\talt=\"Dusche mit Badewanne in Ferienwohnung in Garmisch-Partenkirchen\"\n\t\t\t\t\t\t\tloading=\"lazy\"\n\t\t\t\t\t\t\tdecoding=\"async\">\n\t\t\t\t\t\t<!-- <li>\n\t\t\t\t\t\t\t<img decoding=\"async\" class=\"lazy\" src=\"\" data-src=\"\" alt=\"\" loading=\"lazy\"\/>\n\t\t\t\t\t\t<\/li> -->\n\t\t\t\t\t\t<!-- <div class=\"swiper-lazy-preloader\"><\/div> -->\n\t\t\t\t\t\t\t\t\t\t<li>\n\t\t\t\t\t\t<img\n\t\t\t\t\t\t\tclass=\"lazy\"\n\t\t\t\t\t\t\tsrc=\"\"\n\t\t\t\t\t\t\tdata-src=\"https:\/\/www.ferienwohnungen-garmischpartenkirchen.de\/wp-content\/uploads\/2024\/06\/mf3699901-768x512.jpg\"\n\t\t\t\t\t\t\talt=\"Doppelbett mit \"\n\t\t\t\t\t\t\tloading=\"lazy\"\n\t\t\t\t\t\t\tdecoding=\"async\">\n\t\t\t\t\t\t<!-- <li>\n\t\t\t\t\t\t\t<img decoding=\"async\" class=\"lazy\" src=\"\" data-src=\"\" alt=\"\" loading=\"lazy\"\/>\n\t\t\t\t\t\t<\/li> -->\n\t\t\t\t\t\t<!-- <div class=\"swiper-lazy-preloader\"><\/div> -->\n\t\t\t\t\t\t\t\t\t\t<li>\n\t\t\t\t\t\t<img\n\t\t\t\t\t\t\tclass=\"lazy\"\n\t\t\t\t\t\t\tsrc=\"\"\n\t\t\t\t\t\t\tdata-src=\"https:\/\/www.ferienwohnungen-garmischpartenkirchen.de\/wp-content\/uploads\/2024\/06\/mf3699914-768x512.jpg\"\n\t\t\t\t\t\t\talt=\"Tisch auf dem Balkon in Ferienwohnung in Garmisch-Partenkirchen\"\n\t\t\t\t\t\t\tloading=\"lazy\"\n\t\t\t\t\t\t\tdecoding=\"async\">\n\t\t\t\t\t\t<!-- <li>\n\t\t\t\t\t\t\t<img decoding=\"async\" class=\"lazy\" src=\"\" data-src=\"\" alt=\"\" loading=\"lazy\"\/>\n\t\t\t\t\t\t<\/li> -->\n\t\t\t\t\t\t<!-- <div class=\"swiper-lazy-preloader\"><\/div> -->\n\t\t\t\t\t\t\t\t<\/ul>\n\t\t<\/div>\n\t\n\t<div class=\"info-wrapper\">\n\t\t<div class=\"info-body\">\n\t\t\t<!-- <span class=\"favouritebtn\"> <\/span> -->\n\t\t\t<div class=\"flex heading-wrapper\">\n\t\t\t\t<h4 class=\"unit-title\"><span><a href=\"https:\/\/www.ferienwohnungen-garmischpartenkirchen.de\/en\/unterkuenfte\/bergzauber-2\/\">Bergzauber<\/a><\/span><\/h4>\n\t\t\t\t<div class=\"wrap-classification\">\n\t\t\t\t\t<p class=\"unit-region\">\n\t\t\t\t\t\tGarmisch-Partenkirchen\t\t\t\t\t<\/p>\n\t\t\t\t<\/div>\n\t\t\t<\/div>\n\t\t\t<div class=\"details-wrapper\">\n\t\t\t\t<ul>\n\t\t\t\t\t<li><span class=\"wrap-value\">6  Guests<\/span><\/li>\n\t\t\t\t\t<span class=\"saperator\"><\/span>\n\t\t\t\t\t<li><span class=\"wrap-value\">3 Bedroom<\/span><\/li>\n\t\t\t\t\t<span class=\"saperator\"><\/span>\n\t\t\t\t\t<li>\n\t\t\t\t\t\t<span class=\"price\" data-price=\"11900\">119,00<\/span> <span class=\"currency\">&euro;<\/span> \t\t\t\t\t<\/li>\n\t\t\t\t<\/ul>\n\t\t\t<\/div>\n\t\t<\/div>\n\t<\/div>\n<\/div><\/div><\/div><div class=\"swiper-slide\"><div class=\"swiperlisting\"><div class=\"\">\n\t\t\t<div id=\"slider\" class=\"flexslider\">\n\t\t\t<ul class=\"slides\">\n\t\t\t\t\t\t\t\t\t<li>\n\t\t\t\t\t\t<img\n\t\t\t\t\t\t\tclass=\"lazy\"\n\t\t\t\t\t\t\tsrc=\"\"\n\t\t\t\t\t\t\tdata-src=\"https:\/\/www.ferienwohnungen-garmischpartenkirchen.de\/wp-content\/uploads\/2025\/04\/mf21172953-768x512.jpg\"\n\t\t\t\t\t\t\talt=\"\"\n\t\t\t\t\t\t\tloading=\"lazy\"\n\t\t\t\t\t\t\tdecoding=\"async\">\n\t\t\t\t\t\t<!-- <li>\n\t\t\t\t\t\t\t<img decoding=\"async\" class=\"lazy\" src=\"\" data-src=\"\" alt=\"\" loading=\"lazy\"\/>\n\t\t\t\t\t\t<\/li> -->\n\t\t\t\t\t\t<!-- <div class=\"swiper-lazy-preloader\"><\/div> -->\n\t\t\t\t\t\t\t\t\t\t<li>\n\t\t\t\t\t\t<img\n\t\t\t\t\t\t\tclass=\"lazy\"\n\t\t\t\t\t\t\tsrc=\"\"\n\t\t\t\t\t\t\tdata-src=\"https:\/\/www.ferienwohnungen-garmischpartenkirchen.de\/wp-content\/uploads\/2025\/04\/mf21172937-768x512.jpg\"\n\t\t\t\t\t\t\talt=\"\"\n\t\t\t\t\t\t\tloading=\"lazy\"\n\t\t\t\t\t\t\tdecoding=\"async\">\n\t\t\t\t\t\t<!-- <li>\n\t\t\t\t\t\t\t<img decoding=\"async\" class=\"lazy\" src=\"\" data-src=\"\" alt=\"\" loading=\"lazy\"\/>\n\t\t\t\t\t\t<\/li> -->\n\t\t\t\t\t\t<!-- <div class=\"swiper-lazy-preloader\"><\/div> -->\n\t\t\t\t\t\t\t\t\t\t<li>\n\t\t\t\t\t\t<img\n\t\t\t\t\t\t\tclass=\"lazy\"\n\t\t\t\t\t\t\tsrc=\"\"\n\t\t\t\t\t\t\tdata-src=\"https:\/\/www.ferienwohnungen-garmischpartenkirchen.de\/wp-content\/uploads\/2025\/04\/mf21172939-768x512.jpg\"\n\t\t\t\t\t\t\talt=\"\"\n\t\t\t\t\t\t\tloading=\"lazy\"\n\t\t\t\t\t\t\tdecoding=\"async\">\n\t\t\t\t\t\t<!-- <li>\n\t\t\t\t\t\t\t<img decoding=\"async\" class=\"lazy\" src=\"\" data-src=\"\" alt=\"\" loading=\"lazy\"\/>\n\t\t\t\t\t\t<\/li> -->\n\t\t\t\t\t\t<!-- <div class=\"swiper-lazy-preloader\"><\/div> -->\n\t\t\t\t\t\t\t\t\t\t<li>\n\t\t\t\t\t\t<img\n\t\t\t\t\t\t\tclass=\"lazy\"\n\t\t\t\t\t\t\tsrc=\"\"\n\t\t\t\t\t\t\tdata-src=\"https:\/\/www.ferienwohnungen-garmischpartenkirchen.de\/wp-content\/uploads\/2025\/04\/mf21172964-768x512.jpg\"\n\t\t\t\t\t\t\talt=\"\"\n\t\t\t\t\t\t\tloading=\"lazy\"\n\t\t\t\t\t\t\tdecoding=\"async\">\n\t\t\t\t\t\t<!-- <li>\n\t\t\t\t\t\t\t<img decoding=\"async\" class=\"lazy\" src=\"\" data-src=\"\" alt=\"\" loading=\"lazy\"\/>\n\t\t\t\t\t\t<\/li> -->\n\t\t\t\t\t\t<!-- <div class=\"swiper-lazy-preloader\"><\/div> -->\n\t\t\t\t\t\t\t\t\t\t<li>\n\t\t\t\t\t\t<img\n\t\t\t\t\t\t\tclass=\"lazy\"\n\t\t\t\t\t\t\tsrc=\"\"\n\t\t\t\t\t\t\tdata-src=\"https:\/\/www.ferienwohnungen-garmischpartenkirchen.de\/wp-content\/uploads\/2025\/04\/mf21172971-768x512.jpg\"\n\t\t\t\t\t\t\talt=\"\"\n\t\t\t\t\t\t\tloading=\"lazy\"\n\t\t\t\t\t\t\tdecoding=\"async\">\n\t\t\t\t\t\t<!-- <li>\n\t\t\t\t\t\t\t<img decoding=\"async\" class=\"lazy\" src=\"\" data-src=\"\" alt=\"\" loading=\"lazy\"\/>\n\t\t\t\t\t\t<\/li> -->\n\t\t\t\t\t\t<!-- <div class=\"swiper-lazy-preloader\"><\/div> -->\n\t\t\t\t\t\t\t\t<\/ul>\n\t\t<\/div>\n\t\n\t<div class=\"info-wrapper\">\n\t\t<div class=\"info-body\">\n\t\t\t<!-- <span class=\"favouritebtn\"> <\/span> -->\n\t\t\t<div class=\"flex heading-wrapper\">\n\t\t\t\t<h4 class=\"unit-title\"><span><a href=\"https:\/\/www.ferienwohnungen-garmischpartenkirchen.de\/en\/unterkuenfte\/horn-2\/\">Horn<\/a><\/span><\/h4>\n\t\t\t\t<div class=\"wrap-classification\">\n\t\t\t\t\t<p class=\"unit-region\">\n\t\t\t\t\t\tGarmisch-Partenkirchen\t\t\t\t\t<\/p>\n\t\t\t\t<\/div>\n\t\t\t<\/div>\n\t\t\t<div class=\"details-wrapper\">\n\t\t\t\t<ul>\n\t\t\t\t\t<li><span class=\"wrap-value\">4  Guests<\/span><\/li>\n\t\t\t\t\t<span class=\"saperator\"><\/span>\n\t\t\t\t\t<li><span class=\"wrap-value\">2 Bedroom<\/span><\/li>\n\t\t\t\t\t<span class=\"saperator\"><\/span>\n\t\t\t\t\t<li>\n\t\t\t\t\t\t<span class=\"price\" data-price=\"7900\">79,00<\/span> <span class=\"currency\">&euro;<\/span> \t\t\t\t\t<\/li>\n\t\t\t\t<\/ul>\n\t\t\t<\/div>\n\t\t<\/div>\n\t<\/div>\n<\/div><\/div><\/div><div class=\"swiper-slide\"><div class=\"swiperlisting\"><div class=\"\">\n\t\t\t<div id=\"slider\" class=\"flexslider\">\n\t\t\t<ul class=\"slides\">\n\t\t\t\t\t\t\t\t\t<li>\n\t\t\t\t\t\t<img\n\t\t\t\t\t\t\tclass=\"lazy\"\n\t\t\t\t\t\t\tsrc=\"\"\n\t\t\t\t\t\t\tdata-src=\"https:\/\/www.ferienwohnungen-garmischpartenkirchen.de\/wp-content\/uploads\/2025\/06\/mf22520930-768x512.jpg\"\n\t\t\t\t\t\t\talt=\"\"\n\t\t\t\t\t\t\tloading=\"lazy\"\n\t\t\t\t\t\t\tdecoding=\"async\">\n\t\t\t\t\t\t<!-- <li>\n\t\t\t\t\t\t\t<img decoding=\"async\" class=\"lazy\" src=\"\" data-src=\"\" alt=\"\" loading=\"lazy\"\/>\n\t\t\t\t\t\t<\/li> -->\n\t\t\t\t\t\t<!-- <div class=\"swiper-lazy-preloader\"><\/div> -->\n\t\t\t\t\t\t\t\t\t\t<li>\n\t\t\t\t\t\t<img\n\t\t\t\t\t\t\tclass=\"lazy\"\n\t\t\t\t\t\t\tsrc=\"\"\n\t\t\t\t\t\t\tdata-src=\"https:\/\/www.ferienwohnungen-garmischpartenkirchen.de\/wp-content\/uploads\/2025\/06\/mf22520958-768x512.jpg\"\n\t\t\t\t\t\t\talt=\"\"\n\t\t\t\t\t\t\tloading=\"lazy\"\n\t\t\t\t\t\t\tdecoding=\"async\">\n\t\t\t\t\t\t<!-- <li>\n\t\t\t\t\t\t\t<img decoding=\"async\" class=\"lazy\" src=\"\" data-src=\"\" alt=\"\" loading=\"lazy\"\/>\n\t\t\t\t\t\t<\/li> -->\n\t\t\t\t\t\t<!-- <div class=\"swiper-lazy-preloader\"><\/div> -->\n\t\t\t\t\t\t\t\t\t\t<li>\n\t\t\t\t\t\t<img\n\t\t\t\t\t\t\tclass=\"lazy\"\n\t\t\t\t\t\t\tsrc=\"\"\n\t\t\t\t\t\t\tdata-src=\"https:\/\/www.ferienwohnungen-garmischpartenkirchen.de\/wp-content\/uploads\/2025\/06\/mf22520942-768x512.jpg\"\n\t\t\t\t\t\t\talt=\"\"\n\t\t\t\t\t\t\tloading=\"lazy\"\n\t\t\t\t\t\t\tdecoding=\"async\">\n\t\t\t\t\t\t<!-- <li>\n\t\t\t\t\t\t\t<img decoding=\"async\" class=\"lazy\" src=\"\" data-src=\"\" alt=\"\" loading=\"lazy\"\/>\n\t\t\t\t\t\t<\/li> -->\n\t\t\t\t\t\t<!-- <div class=\"swiper-lazy-preloader\"><\/div> -->\n\t\t\t\t\t\t\t\t\t\t<li>\n\t\t\t\t\t\t<img\n\t\t\t\t\t\t\tclass=\"lazy\"\n\t\t\t\t\t\t\tsrc=\"\"\n\t\t\t\t\t\t\tdata-src=\"https:\/\/www.ferienwohnungen-garmischpartenkirchen.de\/wp-content\/uploads\/2025\/06\/mf22520948-768x512.jpg\"\n\t\t\t\t\t\t\talt=\"\"\n\t\t\t\t\t\t\tloading=\"lazy\"\n\t\t\t\t\t\t\tdecoding=\"async\">\n\t\t\t\t\t\t<!-- <li>\n\t\t\t\t\t\t\t<img decoding=\"async\" class=\"lazy\" src=\"\" data-src=\"\" alt=\"\" loading=\"lazy\"\/>\n\t\t\t\t\t\t<\/li> -->\n\t\t\t\t\t\t<!-- <div class=\"swiper-lazy-preloader\"><\/div> -->\n\t\t\t\t\t\t\t\t\t\t<li>\n\t\t\t\t\t\t<img\n\t\t\t\t\t\t\tclass=\"lazy\"\n\t\t\t\t\t\t\tsrc=\"\"\n\t\t\t\t\t\t\tdata-src=\"https:\/\/www.ferienwohnungen-garmischpartenkirchen.de\/wp-content\/uploads\/2025\/06\/mf22520969-768x512.jpg\"\n\t\t\t\t\t\t\talt=\"\"\n\t\t\t\t\t\t\tloading=\"lazy\"\n\t\t\t\t\t\t\tdecoding=\"async\">\n\t\t\t\t\t\t<!-- <li>\n\t\t\t\t\t\t\t<img decoding=\"async\" class=\"lazy\" src=\"\" data-src=\"\" alt=\"\" loading=\"lazy\"\/>\n\t\t\t\t\t\t<\/li> -->\n\t\t\t\t\t\t<!-- <div class=\"swiper-lazy-preloader\"><\/div> -->\n\t\t\t\t\t\t\t\t<\/ul>\n\t\t<\/div>\n\t\n\t<div class=\"info-wrapper\">\n\t\t<div class=\"info-body\">\n\t\t\t<!-- <span class=\"favouritebtn\"> <\/span> -->\n\t\t\t<div class=\"flex heading-wrapper\">\n\t\t\t\t<h4 class=\"unit-title\"><span><a href=\"https:\/\/www.ferienwohnungen-garmischpartenkirchen.de\/en\/unterkuenfte\/alpspitzstubn-2\/\">AlpspitzStubn<\/a><\/span><\/h4>\n\t\t\t\t<div class=\"wrap-classification\">\n\t\t\t\t\t<p class=\"unit-region\">\n\t\t\t\t\t\tGrainau\t\t\t\t\t<\/p>\n\t\t\t\t<\/div>\n\t\t\t<\/div>\n\t\t\t<div class=\"details-wrapper\">\n\t\t\t\t<ul>\n\t\t\t\t\t<li><span class=\"wrap-value\">4  Guests<\/span><\/li>\n\t\t\t\t\t<span class=\"saperator\"><\/span>\n\t\t\t\t\t<li><span class=\"wrap-value\">1 Bedroom<\/span><\/li>\n\t\t\t\t\t<span class=\"saperator\"><\/span>\n\t\t\t\t\t<li>\n\t\t\t\t\t\t<span class=\"price\" data-price=\"6900\">69,00<\/span> <span class=\"currency\">&euro;<\/span> \t\t\t\t\t<\/li>\n\t\t\t\t<\/ul>\n\t\t\t<\/div>\n\t\t<\/div>\n\t<\/div>\n<\/div><\/div><\/div><div class=\"swiper-slide\"><div class=\"swiperlisting\"><div class=\"\">\n\t\t\t<div id=\"slider\" class=\"flexslider\">\n\t\t\t<ul class=\"slides\">\n\t\t\t\t\t\t\t\t\t<li>\n\t\t\t\t\t\t<img\n\t\t\t\t\t\t\tclass=\"lazy\"\n\t\t\t\t\t\t\tsrc=\"\"\n\t\t\t\t\t\t\tdata-src=\"https:\/\/www.ferienwohnungen-garmischpartenkirchen.de\/wp-content\/uploads\/2024\/06\/mf3721853-768x512.jpg\"\n\t\t\t\t\t\t\talt=\"Sofa mit Fernseher in Ferienwohnung in Garmisch-Partenkirchen\"\n\t\t\t\t\t\t\tloading=\"lazy\"\n\t\t\t\t\t\t\tdecoding=\"async\">\n\t\t\t\t\t\t<!-- <li>\n\t\t\t\t\t\t\t<img decoding=\"async\" class=\"lazy\" src=\"\" data-src=\"\" alt=\"\" loading=\"lazy\"\/>\n\t\t\t\t\t\t<\/li> -->\n\t\t\t\t\t\t<!-- <div class=\"swiper-lazy-preloader\"><\/div> -->\n\t\t\t\t\t\t\t\t\t\t<li>\n\t\t\t\t\t\t<img\n\t\t\t\t\t\t\tclass=\"lazy\"\n\t\t\t\t\t\t\tsrc=\"\"\n\t\t\t\t\t\t\tdata-src=\"https:\/\/www.ferienwohnungen-garmischpartenkirchen.de\/wp-content\/uploads\/2024\/06\/mf3721848-768x512.jpg\"\n\t\t\t\t\t\t\talt=\"K\u00fcche mit Mikrowelle in Ferienwohnung in Garmisch-Partenkirchen\"\n\t\t\t\t\t\t\tloading=\"lazy\"\n\t\t\t\t\t\t\tdecoding=\"async\">\n\t\t\t\t\t\t<!-- <li>\n\t\t\t\t\t\t\t<img decoding=\"async\" class=\"lazy\" src=\"\" data-src=\"\" alt=\"\" loading=\"lazy\"\/>\n\t\t\t\t\t\t<\/li> -->\n\t\t\t\t\t\t<!-- <div class=\"swiper-lazy-preloader\"><\/div> -->\n\t\t\t\t\t\t\t\t\t\t<li>\n\t\t\t\t\t\t<img\n\t\t\t\t\t\t\tclass=\"lazy\"\n\t\t\t\t\t\t\tsrc=\"\"\n\t\t\t\t\t\t\tdata-src=\"https:\/\/www.ferienwohnungen-garmischpartenkirchen.de\/wp-content\/uploads\/2024\/06\/mf10984345-768x512.jpg\"\n\t\t\t\t\t\t\talt=\"Doppelbett \"\n\t\t\t\t\t\t\tloading=\"lazy\"\n\t\t\t\t\t\t\tdecoding=\"async\">\n\t\t\t\t\t\t<!-- <li>\n\t\t\t\t\t\t\t<img decoding=\"async\" class=\"lazy\" src=\"\" data-src=\"\" alt=\"\" loading=\"lazy\"\/>\n\t\t\t\t\t\t<\/li> -->\n\t\t\t\t\t\t<!-- <div class=\"swiper-lazy-preloader\"><\/div> -->\n\t\t\t\t\t\t\t\t\t\t<li>\n\t\t\t\t\t\t<img\n\t\t\t\t\t\t\tclass=\"lazy\"\n\t\t\t\t\t\t\tsrc=\"\"\n\t\t\t\t\t\t\tdata-src=\"https:\/\/www.ferienwohnungen-garmischpartenkirchen.de\/wp-content\/uploads\/2024\/06\/mf3721844-768x512.jpg\"\n\t\t\t\t\t\t\talt=\"Badezimmer mit Waschbecken in Ferienwohnung in Garmisch-Partenkirchen\"\n\t\t\t\t\t\t\tloading=\"lazy\"\n\t\t\t\t\t\t\tdecoding=\"async\">\n\t\t\t\t\t\t<!-- <li>\n\t\t\t\t\t\t\t<img decoding=\"async\" class=\"lazy\" src=\"\" data-src=\"\" alt=\"\" loading=\"lazy\"\/>\n\t\t\t\t\t\t<\/li> -->\n\t\t\t\t\t\t<!-- <div class=\"swiper-lazy-preloader\"><\/div> -->\n\t\t\t\t\t\t\t\t\t\t<li>\n\t\t\t\t\t\t<img\n\t\t\t\t\t\t\tclass=\"lazy\"\n\t\t\t\t\t\t\tsrc=\"\"\n\t\t\t\t\t\t\tdata-src=\"https:\/\/www.ferienwohnungen-garmischpartenkirchen.de\/wp-content\/uploads\/2024\/06\/mf3721870-768x1152.jpg\"\n\t\t\t\t\t\t\talt=\"Terrasse mit Tisch in Ferienwohnung in Garmisch-Partenkirchen\"\n\t\t\t\t\t\t\tloading=\"lazy\"\n\t\t\t\t\t\t\tdecoding=\"async\">\n\t\t\t\t\t\t<!-- <li>\n\t\t\t\t\t\t\t<img decoding=\"async\" class=\"lazy\" src=\"\" data-src=\"\" alt=\"\" loading=\"lazy\"\/>\n\t\t\t\t\t\t<\/li> -->\n\t\t\t\t\t\t<!-- <div class=\"swiper-lazy-preloader\"><\/div> -->\n\t\t\t\t\t\t\t\t<\/ul>\n\t\t<\/div>\n\t\n\t<div class=\"info-wrapper\">\n\t\t<div class=\"info-body\">\n\t\t\t<!-- <span class=\"favouritebtn\"> <\/span> -->\n\t\t\t<div class=\"flex heading-wrapper\">\n\t\t\t\t<h4 class=\"unit-title\"><span><a href=\"https:\/\/www.ferienwohnungen-garmischpartenkirchen.de\/en\/unterkuenfte\/loewenzahn-2\/\">L\u00f6wenzahn<\/a><\/span><\/h4>\n\t\t\t\t<div class=\"wrap-classification\">\n\t\t\t\t\t<p class=\"unit-region\">\n\t\t\t\t\t\tGrainau\t\t\t\t\t<\/p>\n\t\t\t\t<\/div>\n\t\t\t<\/div>\n\t\t\t<div class=\"details-wrapper\">\n\t\t\t\t<ul>\n\t\t\t\t\t<li><span class=\"wrap-value\">3  Guests<\/span><\/li>\n\t\t\t\t\t<span class=\"saperator\"><\/span>\n\t\t\t\t\t<li><span class=\"wrap-value\">2 Bedroom<\/span><\/li>\n\t\t\t\t\t<span class=\"saperator\"><\/span>\n\t\t\t\t\t<li>\n\t\t\t\t\t\t<span class=\"price\" data-price=\"8900\">89,00<\/span> <span class=\"currency\">&euro;<\/span> \t\t\t\t\t<\/li>\n\t\t\t\t<\/ul>\n\t\t\t<\/div>\n\t\t<\/div>\n\t<\/div>\n<\/div><\/div><\/div><div class=\"swiper-slide\"><div class=\"swiperlisting\"><div class=\"\">\n\t\t\t<div id=\"slider\" class=\"flexslider\">\n\t\t\t<ul class=\"slides\">\n\t\t\t\t\t\t\t\t\t<li>\n\t\t\t\t\t\t<img\n\t\t\t\t\t\t\tclass=\"lazy\"\n\t\t\t\t\t\t\tsrc=\"\"\n\t\t\t\t\t\t\tdata-src=\"https:\/\/www.ferienwohnungen-garmischpartenkirchen.de\/wp-content\/uploads\/2024\/06\/mf3846444-768x512.jpg\"\n\t\t\t\t\t\t\talt=\"Wohnzimmer mit Lila Sofa und gr\u00fcnen St\u00fchlen in Ferienwohnung in Garmisch-Partenkirchen\"\n\t\t\t\t\t\t\tloading=\"lazy\"\n\t\t\t\t\t\t\tdecoding=\"async\">\n\t\t\t\t\t\t<!-- <li>\n\t\t\t\t\t\t\t<img decoding=\"async\" class=\"lazy\" src=\"\" data-src=\"\" alt=\"\" loading=\"lazy\"\/>\n\t\t\t\t\t\t<\/li> -->\n\t\t\t\t\t\t<!-- <div class=\"swiper-lazy-preloader\"><\/div> -->\n\t\t\t\t\t\t\t\t\t\t<li>\n\t\t\t\t\t\t<img\n\t\t\t\t\t\t\tclass=\"lazy\"\n\t\t\t\t\t\t\tsrc=\"\"\n\t\t\t\t\t\t\tdata-src=\"https:\/\/www.ferienwohnungen-garmischpartenkirchen.de\/wp-content\/uploads\/2024\/06\/mf3846478-768x512.jpg\"\n\t\t\t\t\t\t\talt=\"Schlafzimmer mit grauer Kommode in Ferienwohnung in Garmisch-Partenkirchen\"\n\t\t\t\t\t\t\tloading=\"lazy\"\n\t\t\t\t\t\t\tdecoding=\"async\">\n\t\t\t\t\t\t<!-- <li>\n\t\t\t\t\t\t\t<img decoding=\"async\" class=\"lazy\" src=\"\" data-src=\"\" alt=\"\" loading=\"lazy\"\/>\n\t\t\t\t\t\t<\/li> -->\n\t\t\t\t\t\t<!-- <div class=\"swiper-lazy-preloader\"><\/div> -->\n\t\t\t\t\t\t\t\t\t\t<li>\n\t\t\t\t\t\t<img\n\t\t\t\t\t\t\tclass=\"lazy\"\n\t\t\t\t\t\t\tsrc=\"\"\n\t\t\t\t\t\t\tdata-src=\"https:\/\/www.ferienwohnungen-garmischpartenkirchen.de\/wp-content\/uploads\/2024\/06\/mf3846432-768x1152.jpg\"\n\t\t\t\t\t\t\talt=\"Badezimmer mit wei\u00dfem Waschbecken und gro\u00dfen Spiegel in Ferienwohnung in Garmisch-Partenkirchen\"\n\t\t\t\t\t\t\tloading=\"lazy\"\n\t\t\t\t\t\t\tdecoding=\"async\">\n\t\t\t\t\t\t<!-- <li>\n\t\t\t\t\t\t\t<img decoding=\"async\" class=\"lazy\" src=\"\" data-src=\"\" alt=\"\" loading=\"lazy\"\/>\n\t\t\t\t\t\t<\/li> -->\n\t\t\t\t\t\t<!-- <div class=\"swiper-lazy-preloader\"><\/div> -->\n\t\t\t\t\t\t\t\t\t\t<li>\n\t\t\t\t\t\t<img\n\t\t\t\t\t\t\tclass=\"lazy\"\n\t\t\t\t\t\t\tsrc=\"\"\n\t\t\t\t\t\t\tdata-src=\"https:\/\/www.ferienwohnungen-garmischpartenkirchen.de\/wp-content\/uploads\/2024\/06\/mf3846461-768x512.jpg\"\n\t\t\t\t\t\t\talt=\"Schreibtisch mit wei\u00dfem Stuhl in Ferienwohnung in Garmisch-Partenkirchen\"\n\t\t\t\t\t\t\tloading=\"lazy\"\n\t\t\t\t\t\t\tdecoding=\"async\">\n\t\t\t\t\t\t<!-- <li>\n\t\t\t\t\t\t\t<img decoding=\"async\" class=\"lazy\" src=\"\" data-src=\"\" alt=\"\" loading=\"lazy\"\/>\n\t\t\t\t\t\t<\/li> -->\n\t\t\t\t\t\t<!-- <div class=\"swiper-lazy-preloader\"><\/div> -->\n\t\t\t\t\t\t\t\t\t\t<li>\n\t\t\t\t\t\t<img\n\t\t\t\t\t\t\tclass=\"lazy\"\n\t\t\t\t\t\t\tsrc=\"\"\n\t\t\t\t\t\t\tdata-src=\"https:\/\/www.ferienwohnungen-garmischpartenkirchen.de\/wp-content\/uploads\/2024\/06\/mf3846466-768x512.jpg\"\n\t\t\t\t\t\t\talt=\"Aussicht auf die Berge in Ferienwohnung in Garmisch-Partenkirchen\"\n\t\t\t\t\t\t\tloading=\"lazy\"\n\t\t\t\t\t\t\tdecoding=\"async\">\n\t\t\t\t\t\t<!-- <li>\n\t\t\t\t\t\t\t<img decoding=\"async\" class=\"lazy\" src=\"\" data-src=\"\" alt=\"\" loading=\"lazy\"\/>\n\t\t\t\t\t\t<\/li> -->\n\t\t\t\t\t\t<!-- <div class=\"swiper-lazy-preloader\"><\/div> -->\n\t\t\t\t\t\t\t\t<\/ul>\n\t\t<\/div>\n\t\n\t<div class=\"info-wrapper\">\n\t\t<div class=\"info-body\">\n\t\t\t<!-- <span class=\"favouritebtn\"> <\/span> -->\n\t\t\t<div class=\"flex heading-wrapper\">\n\t\t\t\t<h4 class=\"unit-title\"><span><a href=\"https:\/\/www.ferienwohnungen-garmischpartenkirchen.de\/en\/unterkuenfte\/ueberflieger-2\/\">\u00dcberflieger<\/a><\/span><\/h4>\n\t\t\t\t<div class=\"wrap-classification\">\n\t\t\t\t\t<p class=\"unit-region\">\n\t\t\t\t\t\tGarmisch-Partenkirchen\t\t\t\t\t<\/p>\n\t\t\t\t<\/div>\n\t\t\t<\/div>\n\t\t\t<div class=\"details-wrapper\">\n\t\t\t\t<ul>\n\t\t\t\t\t<li><span class=\"wrap-value\">4  Guests<\/span><\/li>\n\t\t\t\t\t<span class=\"saperator\"><\/span>\n\t\t\t\t\t<li><span class=\"wrap-value\">1 Bedroom<\/span><\/li>\n\t\t\t\t\t<span class=\"saperator\"><\/span>\n\t\t\t\t\t<li>\n\t\t\t\t\t\t<span class=\"price\" data-price=\"4900\">49,00<\/span> <span class=\"currency\">&euro;<\/span> \t\t\t\t\t<\/li>\n\t\t\t\t<\/ul>\n\t\t\t<\/div>\n\t\t<\/div>\n\t<\/div>\n<\/div><\/div><\/div><div class=\"swiper-slide\"><div class=\"swiperlisting\"><div class=\"\">\n\t\t\t<div id=\"slider\" class=\"flexslider\">\n\t\t\t<ul class=\"slides\">\n\t\t\t\t\t\t\t\t\t<li>\n\t\t\t\t\t\t<img\n\t\t\t\t\t\t\tclass=\"lazy\"\n\t\t\t\t\t\t\tsrc=\"\"\n\t\t\t\t\t\t\tdata-src=\"https:\/\/www.ferienwohnungen-garmischpartenkirchen.de\/wp-content\/uploads\/2024\/06\/mf14291555-768x512.jpg\"\n\t\t\t\t\t\t\talt=\"Wei\u00dfes Sofa in Ferienwohnung in Garmisch-Partenkirchen \"\n\t\t\t\t\t\t\tloading=\"lazy\"\n\t\t\t\t\t\t\tdecoding=\"async\">\n\t\t\t\t\t\t<!-- <li>\n\t\t\t\t\t\t\t<img decoding=\"async\" class=\"lazy\" src=\"\" data-src=\"\" alt=\"\" loading=\"lazy\"\/>\n\t\t\t\t\t\t<\/li> -->\n\t\t\t\t\t\t<!-- <div class=\"swiper-lazy-preloader\"><\/div> -->\n\t\t\t\t\t\t\t\t\t\t<li>\n\t\t\t\t\t\t<img\n\t\t\t\t\t\t\tclass=\"lazy\"\n\t\t\t\t\t\t\tsrc=\"\"\n\t\t\t\t\t\t\tdata-src=\"https:\/\/www.ferienwohnungen-garmischpartenkirchen.de\/wp-content\/uploads\/2024\/06\/mf14291568-768x512.jpg\"\n\t\t\t\t\t\t\talt=\"Holzk\u00fcche in Ferienwohnung in Garmisch-Partenkirchen \"\n\t\t\t\t\t\t\tloading=\"lazy\"\n\t\t\t\t\t\t\tdecoding=\"async\">\n\t\t\t\t\t\t<!-- <li>\n\t\t\t\t\t\t\t<img decoding=\"async\" class=\"lazy\" src=\"\" data-src=\"\" alt=\"\" loading=\"lazy\"\/>\n\t\t\t\t\t\t<\/li> -->\n\t\t\t\t\t\t<!-- <div class=\"swiper-lazy-preloader\"><\/div> -->\n\t\t\t\t\t\t\t\t\t\t<li>\n\t\t\t\t\t\t<img\n\t\t\t\t\t\t\tclass=\"lazy\"\n\t\t\t\t\t\t\tsrc=\"\"\n\t\t\t\t\t\t\tdata-src=\"https:\/\/www.ferienwohnungen-garmischpartenkirchen.de\/wp-content\/uploads\/2024\/06\/mf14291579-768x512.jpg\"\n\t\t\t\t\t\t\talt=\"Doppelbett mit kleinen Nachttischlampen in Ferienwohnung in Garmisch-Partenkirchen \"\n\t\t\t\t\t\t\tloading=\"lazy\"\n\t\t\t\t\t\t\tdecoding=\"async\">\n\t\t\t\t\t\t<!-- <li>\n\t\t\t\t\t\t\t<img decoding=\"async\" class=\"lazy\" src=\"\" data-src=\"\" alt=\"\" loading=\"lazy\"\/>\n\t\t\t\t\t\t<\/li> -->\n\t\t\t\t\t\t<!-- <div class=\"swiper-lazy-preloader\"><\/div> -->\n\t\t\t\t\t\t\t\t\t\t<li>\n\t\t\t\t\t\t<img\n\t\t\t\t\t\t\tclass=\"lazy\"\n\t\t\t\t\t\t\tsrc=\"\"\n\t\t\t\t\t\t\tdata-src=\"https:\/\/www.ferienwohnungen-garmischpartenkirchen.de\/wp-content\/uploads\/2024\/06\/mf14291581-768x512.jpg\"\n\t\t\t\t\t\t\talt=\"Braun gefliestes Badezimmer in Ferienwohnung in Garmisch-Partenkirchen \"\n\t\t\t\t\t\t\tloading=\"lazy\"\n\t\t\t\t\t\t\tdecoding=\"async\">\n\t\t\t\t\t\t<!-- <li>\n\t\t\t\t\t\t\t<img decoding=\"async\" class=\"lazy\" src=\"\" data-src=\"\" alt=\"\" loading=\"lazy\"\/>\n\t\t\t\t\t\t<\/li> -->\n\t\t\t\t\t\t<!-- <div class=\"swiper-lazy-preloader\"><\/div> -->\n\t\t\t\t\t\t\t\t\t\t<li>\n\t\t\t\t\t\t<img\n\t\t\t\t\t\t\tclass=\"lazy\"\n\t\t\t\t\t\t\tsrc=\"\"\n\t\t\t\t\t\t\tdata-src=\"https:\/\/www.ferienwohnungen-garmischpartenkirchen.de\/wp-content\/uploads\/2024\/06\/mf14291590-768x512.jpg\"\n\t\t\t\t\t\t\talt=\"Schmaler Balkon an Ferienwohnung in Garmisch-Partenkirchen \"\n\t\t\t\t\t\t\tloading=\"lazy\"\n\t\t\t\t\t\t\tdecoding=\"async\">\n\t\t\t\t\t\t<!-- <li>\n\t\t\t\t\t\t\t<img decoding=\"async\" class=\"lazy\" src=\"\" data-src=\"\" alt=\"\" loading=\"lazy\"\/>\n\t\t\t\t\t\t<\/li> -->\n\t\t\t\t\t\t<!-- <div class=\"swiper-lazy-preloader\"><\/div> -->\n\t\t\t\t\t\t\t\t<\/ul>\n\t\t<\/div>\n\t\n\t<div class=\"info-wrapper\">\n\t\t<div class=\"info-body\">\n\t\t\t<!-- <span class=\"favouritebtn\"> <\/span> -->\n\t\t\t<div class=\"flex heading-wrapper\">\n\t\t\t\t<h4 class=\"unit-title\"><span><a href=\"https:\/\/www.ferienwohnungen-garmischpartenkirchen.de\/en\/unterkuenfte\/bergjuwel-2\/\">Bergjuwel<\/a><\/span><\/h4>\n\t\t\t\t<div class=\"wrap-classification\">\n\t\t\t\t\t<p class=\"unit-region\">\n\t\t\t\t\t\tGarmisch-Partenkirchen\t\t\t\t\t<\/p>\n\t\t\t\t<\/div>\n\t\t\t<\/div>\n\t\t\t<div class=\"details-wrapper\">\n\t\t\t\t<ul>\n\t\t\t\t\t<li><span class=\"wrap-value\">3  Guests<\/span><\/li>\n\t\t\t\t\t<span class=\"saperator\"><\/span>\n\t\t\t\t\t<li><span class=\"wrap-value\">1 Bedroom<\/span><\/li>\n\t\t\t\t\t<span class=\"saperator\"><\/span>\n\t\t\t\t\t<li>\n\t\t\t\t\t\t<span class=\"price\" data-price=\"5900\">59,00<\/span> <span class=\"currency\">&euro;<\/span> \t\t\t\t\t<\/li>\n\t\t\t\t<\/ul>\n\t\t\t<\/div>\n\t\t<\/div>\n\t<\/div>\n<\/div><\/div><\/div><div class=\"swiper-slide\"><div class=\"swiperlisting\"><div class=\"\">\n\t\t\t<div id=\"slider\" class=\"flexslider\">\n\t\t\t<ul class=\"slides\">\n\t\t\t\t\t\t\t\t\t<li>\n\t\t\t\t\t\t<img\n\t\t\t\t\t\t\tclass=\"lazy\"\n\t\t\t\t\t\t\tsrc=\"\"\n\t\t\t\t\t\t\tdata-src=\"https:\/\/www.ferienwohnungen-garmischpartenkirchen.de\/wp-content\/uploads\/2025\/10\/mf24314111-768x512.jpg\"\n\t\t\t\t\t\t\talt=\"\"\n\t\t\t\t\t\t\tloading=\"lazy\"\n\t\t\t\t\t\t\tdecoding=\"async\">\n\t\t\t\t\t\t<!-- <li>\n\t\t\t\t\t\t\t<img decoding=\"async\" class=\"lazy\" src=\"\" data-src=\"\" alt=\"\" loading=\"lazy\"\/>\n\t\t\t\t\t\t<\/li> -->\n\t\t\t\t\t\t<!-- <div class=\"swiper-lazy-preloader\"><\/div> -->\n\t\t\t\t\t\t\t\t\t\t<li>\n\t\t\t\t\t\t<img\n\t\t\t\t\t\t\tclass=\"lazy\"\n\t\t\t\t\t\t\tsrc=\"\"\n\t\t\t\t\t\t\tdata-src=\"https:\/\/www.ferienwohnungen-garmischpartenkirchen.de\/wp-content\/uploads\/2025\/10\/mf24314127-768x512.jpg\"\n\t\t\t\t\t\t\talt=\"\"\n\t\t\t\t\t\t\tloading=\"lazy\"\n\t\t\t\t\t\t\tdecoding=\"async\">\n\t\t\t\t\t\t<!-- <li>\n\t\t\t\t\t\t\t<img decoding=\"async\" class=\"lazy\" src=\"\" data-src=\"\" alt=\"\" loading=\"lazy\"\/>\n\t\t\t\t\t\t<\/li> -->\n\t\t\t\t\t\t<!-- <div class=\"swiper-lazy-preloader\"><\/div> -->\n\t\t\t\t\t\t\t\t\t\t<li>\n\t\t\t\t\t\t<img\n\t\t\t\t\t\t\tclass=\"lazy\"\n\t\t\t\t\t\t\tsrc=\"\"\n\t\t\t\t\t\t\tdata-src=\"https:\/\/www.ferienwohnungen-garmischpartenkirchen.de\/wp-content\/uploads\/2024\/06\/mf5653295-768x512.jpg\"\n\t\t\t\t\t\t\talt=\"Badezimmer mit gro\u00dfer Dusche in Ferienwohnung in Garmisch-Partenkirchen\"\n\t\t\t\t\t\t\tloading=\"lazy\"\n\t\t\t\t\t\t\tdecoding=\"async\">\n\t\t\t\t\t\t<!-- <li>\n\t\t\t\t\t\t\t<img decoding=\"async\" class=\"lazy\" src=\"\" data-src=\"\" alt=\"\" loading=\"lazy\"\/>\n\t\t\t\t\t\t<\/li> -->\n\t\t\t\t\t\t<!-- <div class=\"swiper-lazy-preloader\"><\/div> -->\n\t\t\t\t\t\t\t\t\t\t<li>\n\t\t\t\t\t\t<img\n\t\t\t\t\t\t\tclass=\"lazy\"\n\t\t\t\t\t\t\tsrc=\"\"\n\t\t\t\t\t\t\tdata-src=\"https:\/\/www.ferienwohnungen-garmischpartenkirchen.de\/wp-content\/uploads\/2025\/10\/mf24314116-768x512.jpg\"\n\t\t\t\t\t\t\talt=\"\"\n\t\t\t\t\t\t\tloading=\"lazy\"\n\t\t\t\t\t\t\tdecoding=\"async\">\n\t\t\t\t\t\t<!-- <li>\n\t\t\t\t\t\t\t<img decoding=\"async\" class=\"lazy\" src=\"\" data-src=\"\" alt=\"\" loading=\"lazy\"\/>\n\t\t\t\t\t\t<\/li> -->\n\t\t\t\t\t\t<!-- <div class=\"swiper-lazy-preloader\"><\/div> -->\n\t\t\t\t\t\t\t\t\t\t<li>\n\t\t\t\t\t\t<img\n\t\t\t\t\t\t\tclass=\"lazy\"\n\t\t\t\t\t\t\tsrc=\"\"\n\t\t\t\t\t\t\tdata-src=\"https:\/\/www.ferienwohnungen-garmischpartenkirchen.de\/wp-content\/uploads\/2024\/06\/mf5230573-768x512.jpg\"\n\t\t\t\t\t\t\talt=\"Ausblick in Ferienwohnung in Garmisch-Partenkirchen\"\n\t\t\t\t\t\t\tloading=\"lazy\"\n\t\t\t\t\t\t\tdecoding=\"async\">\n\t\t\t\t\t\t<!-- <li>\n\t\t\t\t\t\t\t<img decoding=\"async\" class=\"lazy\" src=\"\" data-src=\"\" alt=\"\" loading=\"lazy\"\/>\n\t\t\t\t\t\t<\/li> -->\n\t\t\t\t\t\t<!-- <div class=\"swiper-lazy-preloader\"><\/div> -->\n\t\t\t\t\t\t\t\t<\/ul>\n\t\t<\/div>\n\t\n\t<div class=\"info-wrapper\">\n\t\t<div class=\"info-body\">\n\t\t\t<!-- <span class=\"favouritebtn\"> <\/span> -->\n\t\t\t<div class=\"flex heading-wrapper\">\n\t\t\t\t<h4 class=\"unit-title\"><span><a href=\"https:\/\/www.ferienwohnungen-garmischpartenkirchen.de\/en\/unterkuenfte\/amici-2\/\">Amici<\/a><\/span><\/h4>\n\t\t\t\t<div class=\"wrap-classification\">\n\t\t\t\t\t<p class=\"unit-region\">\n\t\t\t\t\t\tGarmisch-Partenkirchen\t\t\t\t\t<\/p>\n\t\t\t\t<\/div>\n\t\t\t<\/div>\n\t\t\t<div class=\"details-wrapper\">\n\t\t\t\t<ul>\n\t\t\t\t\t<li><span class=\"wrap-value\">4  Guests<\/span><\/li>\n\t\t\t\t\t<span class=\"saperator\"><\/span>\n\t\t\t\t\t<li><span class=\"wrap-value\">1 Bedroom<\/span><\/li>\n\t\t\t\t\t<span class=\"saperator\"><\/span>\n\t\t\t\t\t<li>\n\t\t\t\t\t\t<span class=\"price\" data-price=\"5900\">59,00<\/span> <span class=\"currency\">&euro;<\/span> \t\t\t\t\t<\/li>\n\t\t\t\t<\/ul>\n\t\t\t<\/div>\n\t\t<\/div>\n\t<\/div>\n<\/div><\/div><\/div><\/div><\/div><div class=\"swiper-button-prev\"><\/div><div class=\"swiper-button-next\"><\/div><\/div><\/div>\n\t\t\t\t\t\t<\/div>\n\t\t\t\t<\/div>\n\t\t\t\t\t<\/div>\n\t\t\t\t<\/div>\n\t\t\t\t<\/div>\n\t\t\t\t<\/div>\n\t\t\t\t<\/div>\n\t\t\t\t\t\t<\/div>\n\t\t\t\t<\/div>\n\t\t\t\t<\/div>\n\t\t\t\t<\/div>\n\t\t","protected":false},"excerpt":{"rendered":"<p>The Michael-Ende-Kurpark in Garmisch-Partenkirchen In Garmisch-Partenkirchen, you can treat yourself to a visit to the Michael-Ende-Kurpark after a stroll through the town. The old trees make it worthwhile to linger, and the barefoot path offers a sensory and recreational experience for feet that are tired of hiking or walking. In summer, music lovers will also [&hellip;]<\/p>\n","protected":false},"author":1,"featured_media":6889,"parent":6866,"menu_order":0,"comment_status":"closed","ping_status":"closed","template":"","meta":{"_acf_changed":false,"footnotes":""},"seitenarte":[26],"class_list":["post-6888","page","type-page","status-publish","has-post-thumbnail","hentry","seitenarte-sehenswuerdigkeiten_item-en"],"acf":[],"yoast_head":"<!-- This site is optimized with the Yoast SEO plugin v26.6 - https:\/\/yoast.com\/wordpress\/plugins\/seo\/ -->\n<title>The Michael-Ende Kurpark in Garmisch-Partenkirchen - Mahr GmbH<\/title>\n<meta name=\"description\" content=\"The Michael-Ende Kurpark in Garmisch-Partenkirchen is a clear highlight on any sightseeing tour. Click here for more information.\" \/>\n<meta name=\"robots\" content=\"index, follow, max-snippet:-1, max-image-preview:large, max-video-preview:-1\" \/>\n<link rel=\"canonical\" href=\"https:\/\/www.ferienwohnungen-garmischpartenkirchen.de\/en\/sightseeing\/the-michael-ende-kurpark-in-garmisch-partenkirchen\/\" \/>\n<meta property=\"og:locale\" content=\"en_US\" \/>\n<meta property=\"og:type\" content=\"article\" \/>\n<meta property=\"og:title\" content=\"The Michael-Ende Kurpark in Garmisch-Partenkirchen - Mahr GmbH\" \/>\n<meta property=\"og:description\" content=\"The Michael-Ende Kurpark in Garmisch-Partenkirchen is a clear highlight on any sightseeing tour. Click here for more information.\" \/>\n<meta property=\"og:url\" content=\"https:\/\/www.ferienwohnungen-garmischpartenkirchen.de\/en\/sightseeing\/the-michael-ende-kurpark-in-garmisch-partenkirchen\/\" \/>\n<meta property=\"og:site_name\" content=\"Mahr GmbH\" \/>\n<meta property=\"article:modified_time\" content=\"2024-08-07T09:38:07+00:00\" \/>\n<meta property=\"og:image\" content=\"https:\/\/www.ferienwohnungen-garmischpartenkirchen.de\/wp-content\/uploads\/2024\/06\/Kurhaus-im-Michael-Ende-Kurpark-1.jpg\" \/>\n\t<meta property=\"og:image:width\" content=\"550\" \/>\n\t<meta property=\"og:image:height\" content=\"250\" \/>\n\t<meta property=\"og:image:type\" content=\"image\/jpeg\" \/>\n<meta name=\"twitter:card\" content=\"summary_large_image\" \/>\n<meta name=\"twitter:label1\" content=\"Est. reading time\" \/>\n\t<meta name=\"twitter:data1\" content=\"1 minute\" \/>\n<script type=\"application\/ld+json\" class=\"yoast-schema-graph\">{\"@context\":\"https:\/\/schema.org\",\"@graph\":[{\"@type\":\"WebPage\",\"@id\":\"https:\/\/www.ferienwohnungen-garmischpartenkirchen.de\/en\/sightseeing\/the-michael-ende-kurpark-in-garmisch-partenkirchen\/\",\"url\":\"https:\/\/www.ferienwohnungen-garmischpartenkirchen.de\/en\/sightseeing\/the-michael-ende-kurpark-in-garmisch-partenkirchen\/\",\"name\":\"The Michael-Ende Kurpark in Garmisch-Partenkirchen - Mahr GmbH\",\"isPartOf\":{\"@id\":\"https:\/\/www.ferienwohnungen-garmischpartenkirchen.de\/en\/#website\"},\"primaryImageOfPage\":{\"@id\":\"https:\/\/www.ferienwohnungen-garmischpartenkirchen.de\/en\/sightseeing\/the-michael-ende-kurpark-in-garmisch-partenkirchen\/#primaryimage\"},\"image\":{\"@id\":\"https:\/\/www.ferienwohnungen-garmischpartenkirchen.de\/en\/sightseeing\/the-michael-ende-kurpark-in-garmisch-partenkirchen\/#primaryimage\"},\"thumbnailUrl\":\"https:\/\/www.ferienwohnungen-garmischpartenkirchen.de\/wp-content\/uploads\/2024\/06\/Kurhaus-im-Michael-Ende-Kurpark-1.jpg\",\"datePublished\":\"2024-06-17T11:42:46+00:00\",\"dateModified\":\"2024-08-07T09:38:07+00:00\",\"description\":\"The Michael-Ende Kurpark in Garmisch-Partenkirchen is a clear highlight on any sightseeing tour. Click here for more information.\",\"breadcrumb\":{\"@id\":\"https:\/\/www.ferienwohnungen-garmischpartenkirchen.de\/en\/sightseeing\/the-michael-ende-kurpark-in-garmisch-partenkirchen\/#breadcrumb\"},\"inLanguage\":\"en-US\",\"potentialAction\":[{\"@type\":\"ReadAction\",\"target\":[\"https:\/\/www.ferienwohnungen-garmischpartenkirchen.de\/en\/sightseeing\/the-michael-ende-kurpark-in-garmisch-partenkirchen\/\"]}]},{\"@type\":\"ImageObject\",\"inLanguage\":\"en-US\",\"@id\":\"https:\/\/www.ferienwohnungen-garmischpartenkirchen.de\/en\/sightseeing\/the-michael-ende-kurpark-in-garmisch-partenkirchen\/#primaryimage\",\"url\":\"https:\/\/www.ferienwohnungen-garmischpartenkirchen.de\/wp-content\/uploads\/2024\/06\/Kurhaus-im-Michael-Ende-Kurpark-1.jpg\",\"contentUrl\":\"https:\/\/www.ferienwohnungen-garmischpartenkirchen.de\/wp-content\/uploads\/2024\/06\/Kurhaus-im-Michael-Ende-Kurpark-1.jpg\",\"width\":550,\"height\":250,\"caption\":\"Der Michael-Ende Kurpark in Garmisch-Partenkirchen\"},{\"@type\":\"BreadcrumbList\",\"@id\":\"https:\/\/www.ferienwohnungen-garmischpartenkirchen.de\/en\/sightseeing\/the-michael-ende-kurpark-in-garmisch-partenkirchen\/#breadcrumb\",\"itemListElement\":[{\"@type\":\"ListItem\",\"position\":1,\"name\":\"Homepage\",\"item\":\"https:\/\/www.ferienwohnungen-garmischpartenkirchen.de\/en\/\"},{\"@type\":\"ListItem\",\"position\":2,\"name\":\"Sightseeing\",\"item\":\"https:\/\/www.ferienwohnungen-garmischpartenkirchen.de\/en\/sehenswuerdigkeiten\/\"},{\"@type\":\"ListItem\",\"position\":3,\"name\":\"The Michael-Ende Kurpark in Garmisch-Partenkirchen\"}]},{\"@type\":\"WebSite\",\"@id\":\"https:\/\/www.ferienwohnungen-garmischpartenkirchen.de\/en\/#website\",\"url\":\"https:\/\/www.ferienwohnungen-garmischpartenkirchen.de\/en\/\",\"name\":\"Mahr GmbH\",\"description\":\"\",\"publisher\":{\"@id\":\"https:\/\/www.ferienwohnungen-garmischpartenkirchen.de\/en\/#organization\"},\"potentialAction\":[{\"@type\":\"SearchAction\",\"target\":{\"@type\":\"EntryPoint\",\"urlTemplate\":\"https:\/\/www.ferienwohnungen-garmischpartenkirchen.de\/en\/?s={search_term_string}\"},\"query-input\":{\"@type\":\"PropertyValueSpecification\",\"valueRequired\":true,\"valueName\":\"search_term_string\"}}],\"inLanguage\":\"en-US\"},{\"@type\":\"Organization\",\"@id\":\"https:\/\/www.ferienwohnungen-garmischpartenkirchen.de\/en\/#organization\",\"name\":\"Mahr GmbH\",\"url\":\"https:\/\/www.ferienwohnungen-garmischpartenkirchen.de\/en\/\",\"logo\":{\"@type\":\"ImageObject\",\"inLanguage\":\"en-US\",\"@id\":\"https:\/\/www.ferienwohnungen-garmischpartenkirchen.de\/en\/#\/schema\/logo\/image\/\",\"url\":\"https:\/\/www.ferienwohnungen-garmischpartenkirchen.de\/wp-content\/uploads\/2024\/06\/Wortbildmarke_Negativ-1024x253-1.png\",\"contentUrl\":\"https:\/\/www.ferienwohnungen-garmischpartenkirchen.de\/wp-content\/uploads\/2024\/06\/Wortbildmarke_Negativ-1024x253-1.png\",\"width\":1024,\"height\":253,\"caption\":\"Mahr GmbH\"},\"image\":{\"@id\":\"https:\/\/www.ferienwohnungen-garmischpartenkirchen.de\/en\/#\/schema\/logo\/image\/\"}}]}<\/script>\n<!-- \/ Yoast SEO plugin. -->","yoast_head_json":{"title":"The Michael-Ende Kurpark in Garmisch-Partenkirchen - Mahr GmbH","description":"The Michael-Ende Kurpark in Garmisch-Partenkirchen is a clear highlight on any sightseeing tour. Click here for more information.","robots":{"index":"index","follow":"follow","max-snippet":"max-snippet:-1","max-image-preview":"max-image-preview:large","max-video-preview":"max-video-preview:-1"},"canonical":"https:\/\/www.ferienwohnungen-garmischpartenkirchen.de\/en\/sightseeing\/the-michael-ende-kurpark-in-garmisch-partenkirchen\/","og_locale":"en_US","og_type":"article","og_title":"The Michael-Ende Kurpark in Garmisch-Partenkirchen - Mahr GmbH","og_description":"The Michael-Ende Kurpark in Garmisch-Partenkirchen is a clear highlight on any sightseeing tour. Click here for more information.","og_url":"https:\/\/www.ferienwohnungen-garmischpartenkirchen.de\/en\/sightseeing\/the-michael-ende-kurpark-in-garmisch-partenkirchen\/","og_site_name":"Mahr GmbH","article_modified_time":"2024-08-07T09:38:07+00:00","og_image":[{"width":550,"height":250,"url":"https:\/\/www.ferienwohnungen-garmischpartenkirchen.de\/wp-content\/uploads\/2024\/06\/Kurhaus-im-Michael-Ende-Kurpark-1.jpg","type":"image\/jpeg"}],"twitter_card":"summary_large_image","twitter_misc":{"Est. reading time":"1 minute"},"schema":{"@context":"https:\/\/schema.org","@graph":[{"@type":"WebPage","@id":"https:\/\/www.ferienwohnungen-garmischpartenkirchen.de\/en\/sightseeing\/the-michael-ende-kurpark-in-garmisch-partenkirchen\/","url":"https:\/\/www.ferienwohnungen-garmischpartenkirchen.de\/en\/sightseeing\/the-michael-ende-kurpark-in-garmisch-partenkirchen\/","name":"The Michael-Ende Kurpark in Garmisch-Partenkirchen - Mahr GmbH","isPartOf":{"@id":"https:\/\/www.ferienwohnungen-garmischpartenkirchen.de\/en\/#website"},"primaryImageOfPage":{"@id":"https:\/\/www.ferienwohnungen-garmischpartenkirchen.de\/en\/sightseeing\/the-michael-ende-kurpark-in-garmisch-partenkirchen\/#primaryimage"},"image":{"@id":"https:\/\/www.ferienwohnungen-garmischpartenkirchen.de\/en\/sightseeing\/the-michael-ende-kurpark-in-garmisch-partenkirchen\/#primaryimage"},"thumbnailUrl":"https:\/\/www.ferienwohnungen-garmischpartenkirchen.de\/wp-content\/uploads\/2024\/06\/Kurhaus-im-Michael-Ende-Kurpark-1.jpg","datePublished":"2024-06-17T11:42:46+00:00","dateModified":"2024-08-07T09:38:07+00:00","description":"The Michael-Ende Kurpark in Garmisch-Partenkirchen is a clear highlight on any sightseeing tour. Click here for more information.","breadcrumb":{"@id":"https:\/\/www.ferienwohnungen-garmischpartenkirchen.de\/en\/sightseeing\/the-michael-ende-kurpark-in-garmisch-partenkirchen\/#breadcrumb"},"inLanguage":"en-US","potentialAction":[{"@type":"ReadAction","target":["https:\/\/www.ferienwohnungen-garmischpartenkirchen.de\/en\/sightseeing\/the-michael-ende-kurpark-in-garmisch-partenkirchen\/"]}]},{"@type":"ImageObject","inLanguage":"en-US","@id":"https:\/\/www.ferienwohnungen-garmischpartenkirchen.de\/en\/sightseeing\/the-michael-ende-kurpark-in-garmisch-partenkirchen\/#primaryimage","url":"https:\/\/www.ferienwohnungen-garmischpartenkirchen.de\/wp-content\/uploads\/2024\/06\/Kurhaus-im-Michael-Ende-Kurpark-1.jpg","contentUrl":"https:\/\/www.ferienwohnungen-garmischpartenkirchen.de\/wp-content\/uploads\/2024\/06\/Kurhaus-im-Michael-Ende-Kurpark-1.jpg","width":550,"height":250,"caption":"Der Michael-Ende Kurpark in Garmisch-Partenkirchen"},{"@type":"BreadcrumbList","@id":"https:\/\/www.ferienwohnungen-garmischpartenkirchen.de\/en\/sightseeing\/the-michael-ende-kurpark-in-garmisch-partenkirchen\/#breadcrumb","itemListElement":[{"@type":"ListItem","position":1,"name":"Homepage","item":"https:\/\/www.ferienwohnungen-garmischpartenkirchen.de\/en\/"},{"@type":"ListItem","position":2,"name":"Sightseeing","item":"https:\/\/www.ferienwohnungen-garmischpartenkirchen.de\/en\/sehenswuerdigkeiten\/"},{"@type":"ListItem","position":3,"name":"The Michael-Ende Kurpark in Garmisch-Partenkirchen"}]},{"@type":"WebSite","@id":"https:\/\/www.ferienwohnungen-garmischpartenkirchen.de\/en\/#website","url":"https:\/\/www.ferienwohnungen-garmischpartenkirchen.de\/en\/","name":"Mahr GmbH","description":"","publisher":{"@id":"https:\/\/www.ferienwohnungen-garmischpartenkirchen.de\/en\/#organization"},"potentialAction":[{"@type":"SearchAction","target":{"@type":"EntryPoint","urlTemplate":"https:\/\/www.ferienwohnungen-garmischpartenkirchen.de\/en\/?s={search_term_string}"},"query-input":{"@type":"PropertyValueSpecification","valueRequired":true,"valueName":"search_term_string"}}],"inLanguage":"en-US"},{"@type":"Organization","@id":"https:\/\/www.ferienwohnungen-garmischpartenkirchen.de\/en\/#organization","name":"Mahr GmbH","url":"https:\/\/www.ferienwohnungen-garmischpartenkirchen.de\/en\/","logo":{"@type":"ImageObject","inLanguage":"en-US","@id":"https:\/\/www.ferienwohnungen-garmischpartenkirchen.de\/en\/#\/schema\/logo\/image\/","url":"https:\/\/www.ferienwohnungen-garmischpartenkirchen.de\/wp-content\/uploads\/2024\/06\/Wortbildmarke_Negativ-1024x253-1.png","contentUrl":"https:\/\/www.ferienwohnungen-garmischpartenkirchen.de\/wp-content\/uploads\/2024\/06\/Wortbildmarke_Negativ-1024x253-1.png","width":1024,"height":253,"caption":"Mahr GmbH"},"image":{"@id":"https:\/\/www.ferienwohnungen-garmischpartenkirchen.de\/en\/#\/schema\/logo\/image\/"}}]}},"_links":{"self":[{"href":"https:\/\/www.ferienwohnungen-garmischpartenkirchen.de\/en\/wp-json\/wp\/v2\/pages\/6888","targetHints":{"allow":["GET"]}}],"collection":[{"href":"https:\/\/www.ferienwohnungen-garmischpartenkirchen.de\/en\/wp-json\/wp\/v2\/pages"}],"about":[{"href":"https:\/\/www.ferienwohnungen-garmischpartenkirchen.de\/en\/wp-json\/wp\/v2\/types\/page"}],"author":[{"embeddable":true,"href":"https:\/\/www.ferienwohnungen-garmischpartenkirchen.de\/en\/wp-json\/wp\/v2\/users\/1"}],"replies":[{"embeddable":true,"href":"https:\/\/www.ferienwohnungen-garmischpartenkirchen.de\/en\/wp-json\/wp\/v2\/comments?post=6888"}],"version-history":[{"count":3,"href":"https:\/\/www.ferienwohnungen-garmischpartenkirchen.de\/en\/wp-json\/wp\/v2\/pages\/6888\/revisions"}],"predecessor-version":[{"id":11644,"href":"https:\/\/www.ferienwohnungen-garmischpartenkirchen.de\/en\/wp-json\/wp\/v2\/pages\/6888\/revisions\/11644"}],"up":[{"embeddable":true,"href":"https:\/\/www.ferienwohnungen-garmischpartenkirchen.de\/en\/wp-json\/wp\/v2\/pages\/6866"}],"wp:featuredmedia":[{"embeddable":true,"href":"https:\/\/www.ferienwohnungen-garmischpartenkirchen.de\/en\/wp-json\/wp\/v2\/media\/6889"}],"wp:attachment":[{"href":"https:\/\/www.ferienwohnungen-garmischpartenkirchen.de\/en\/wp-json\/wp\/v2\/media?parent=6888"}],"wp:term":[{"taxonomy":"seitenarte","embeddable":true,"href":"https:\/\/www.ferienwohnungen-garmischpartenkirchen.de\/en\/wp-json\/wp\/v2\/seitenarte?post=6888"}],"curies":[{"name":"wp","href":"https:\/\/api.w.org\/{rel}","templated":true}]}}